{"id":55,"date":"2019-05-16T17:40:34","date_gmt":"2019-05-16T16:40:34","guid":{"rendered":"https:\/\/www.cptf.it\/it\/?page_id=55"},"modified":"2020-05-19T14:46:33","modified_gmt":"2020-05-19T13:46:33","slug":"fondatori","status":"publish","type":"page","link":"https:\/\/www.cptf.it\/it\/fondatori\/","title":{"rendered":"Fondatori"},"content":{"rendered":"<div class=\"wpb-content-wrapper\"><p>[vc_row css_animation=&#8221;&#8221; row_type=&#8221;row&#8221; use_row_as_full_screen_section=&#8221;no&#8221; type=&#8221;grid&#8221; angled_section=&#8221;no&#8221; text_align=&#8221;left&#8221; background_image_as_pattern=&#8221;without_pattern&#8221; z_index=&#8221;&#8221; padding_top=&#8221;30&#8243;][vc_column][vc_column_text]<\/p>\n<h2>CMTF &#8211; Centro Milanese di Terapia della famiglia<\/h2>\n<p>[\/vc_column_text][vc_empty_space][\/vc_column][\/vc_row][vc_row css_animation=&#8221;&#8221; row_type=&#8221;row&#8221; use_row_as_full_screen_section=&#8221;no&#8221; type=&#8221;grid&#8221; angled_section=&#8221;no&#8221; text_align=&#8221;left&#8221; background_image_as_pattern=&#8221;without_pattern&#8221; z_index=&#8221;&#8221; padding_bottom=&#8221;30&#8243;][vc_column width=&#8221;1\/2&#8243;][vc_single_image image=&#8221;57&#8243; img_size=&#8221;full&#8221; style=&#8221;vc_box_circle_2&#8243; qode_css_animation=&#8221;&#8221;][vc_empty_space height=&#8221;12px&#8221;][vc_column_text]<\/p>\n<h3>Luigi Boscolo<\/h3>\n<p>(27 marzo 1932 &#8211; 12 gennaio 2015)<\/p>\n<p>psichiatra, psicoterapeuta, fondatore del Centro Milanese di Terapia della Famiglia[\/vc_column_text][\/vc_column][vc_column width=&#8221;1\/2&#8243;][vc_single_image image=&#8221;56&#8243; img_size=&#8221;full&#8221; style=&#8221;vc_box_circle_2&#8243; qode_css_animation=&#8221;&#8221;][vc_empty_space height=&#8221;12px&#8221;][vc_column_text]<\/p>\n<h3>Gianfranco Cecchin<\/h3>\n<p>(22 agosto 1938 &#8211; 2 febbraio 2004)<\/p>\n<p>psichiatra, psicoterapeuta, fondatore del Centro Milanese di Terapia della Famiglia[\/vc_column_text][\/vc_column][\/vc_row][vc_row css_animation=&#8221;&#8221; row_type=&#8221;row&#8221; use_row_as_full_screen_section=&#8221;no&#8221; type=&#8221;grid&#8221; angled_section=&#8221;no&#8221; text_align=&#8221;left&#8221; background_image_as_pattern=&#8221;without_pattern&#8221; z_index=&#8221;&#8221; background_color=&#8221;#d8d8d8&#8243; padding_top=&#8221;30&#8243;][vc_column][vc_column_text]<\/p>\n<h2>CPTF &#8211; Centro Padovano di Terapia della famiglia<\/h2>\n<p>[\/vc_column_text][vc_empty_space][\/vc_column][\/vc_row][vc_row css_animation=&#8221;&#8221; row_type=&#8221;row&#8221; use_row_as_full_screen_section=&#8221;no&#8221; type=&#8221;grid&#8221; angled_section=&#8221;no&#8221; text_align=&#8221;left&#8221; background_image_as_pattern=&#8221;without_pattern&#8221; z_index=&#8221;&#8221; background_color=&#8221;#d8d8d8&#8243; padding_bottom=&#8221;30&#8243;][vc_column width=&#8221;1\/2&#8243;][vc_single_image image=&#8221;63&#8243; img_size=&#8221;full&#8221; style=&#8221;vc_box_circle_2&#8243; qode_css_animation=&#8221;&#8221;][vc_empty_space height=&#8221;12px&#8221;][vc_column_text]<\/p>\n<h3>Andrea Mosconi<\/h3>\n<p style=\"text-align: justify;\">Andrea Mosconi<br \/>\npsichiatra, psicoterapeuta, didatta del Centro Milanese di Terapia della Famiglia, co-fondatore e direttore del Centro Padovano di Terapia della Famiglia, socio ordinario didatta e gi\u00e0 membro del Consiglio Direttivo della Societ\u00e0 Italiana di Psicologia e Psicoterapia Relazionale (SIPPR), socio didatta della Societ\u00e0 Italiana di Ricerca e Terapia Sistemica (SIRTS), socio formatore della Associazione Internazionale Mediatori Sistemici (AIMS), gi\u00e0 direttore della Macroregione Nord Est AIMS, socio formatore del Coordinamento Nazionale Counsellor Professionisti (CNCP), Master in Ipnosi, Accredited Consultant in EMDR.<\/p>\n<p>[\/vc_column_text][\/vc_column][vc_column width=&#8221;1\/2&#8243;][vc_single_image image=&#8221;62&#8243; img_size=&#8221;full&#8221; style=&#8221;vc_box_circle_2&#8243; qode_css_animation=&#8221;&#8221;][vc_empty_space height=&#8221;12px&#8221;][vc_column_text]<\/p>\n<h3>Pio Peruzzi<\/h3>\n<p>(17 marzo 1950 &#8211; 30 giugno 2012)<\/p>\n<p style=\"text-align: justify;\">psichiatra, psicoterapeuta, didatta del Centro Milanese di Terapia della Famiglia, co-fondatore del Centro Padovano di Terapia della Famiglia, gi\u00e0 direttore del Dipartimento di Salute Mentale ULSS 16 di Padova &#8211; Regione Veneto, socio ordinario della European Family Therapy Association (EFTA), socio ordinario didatta e membro del Consiglio Direttivo della Societ\u00e0 Italiana di Psicologia e Psicoterapia Relazionale (SIPPR), socio didatta della Societ\u00e0 Italiana di Ricerca e Terapia Sistemica (SIRTS), socio fondatore della Societ\u00e0 Italiana di Ricerca e Intervento sulla Famiglia (SIRIF), Sezione Speciale della Societ\u00e0 Italiana di Psichiatria (SIP), socio formatore dell\u2019Associazione Internazionale Mediatori Sistemici (AIMS), socio formatore del Coordinamento Nazionale Counsellor Professionisti (CNCP)<\/p>\n<p>[\/vc_column_text][vc_empty_space height=&#8221;20px&#8221;][vc_column_text]A. Mosconi ricorda Pio Peruzzi<br \/>\n<a  data-e-Disable-Page-Transition=\"true\" class=\"download-link filetype-icon filetype-pdf\" title=\"\" href=\"https:\/\/www.cptf.it\/it\/download\/8896\/?tmstv=1777430953\" rel=\"nofollow\" id=\"download-link-8896\" data-redirect=\"false\" >\n\tA.-Mosconi-ricorda-Pio-Peruzzi-Connessioni-29.pdf\t(677 download\t)\n<\/a>\n<\/p>\n<p>M. Viaro ricorda Pio Peruzzi<br \/>\n<a  data-e-Disable-Page-Transition=\"true\" class=\"download-link filetype-icon filetype-pdf\" title=\"\" href=\"https:\/\/www.cptf.it\/it\/download\/8893\/?tmstv=1777430953\" rel=\"nofollow\" id=\"download-link-8893\" data-redirect=\"false\" >\n\tM_Viaro-ricorda-Pio-Peruzzi-Ecologia-della-mente-1.2013.pdf\t(715 download\t)\n<\/a>\n[\/vc_column_text][\/vc_column][\/vc_row]<\/p>\n<\/div>","protected":false},"excerpt":{"rendered":"<p>[vc_row css_animation=&#8221;&#8221; row_type=&#8221;row&#8221; use_row_as_full_screen_section=&#8221;no&#8221; type=&#8221;grid&#8221; angled_section=&#8221;no&#8221; text_align=&#8221;left&#8221; background_image_as_pattern=&#8221;without_pattern&#8221; z_index=&#8221;&#8221; padding_top=&#8221;30&#8243;][vc_column][vc_column_text] CMTF &#8211; Centro Milanese di Terapia della famiglia [\/vc_column_text][vc_empty_space][\/vc_column][\/vc_row][vc_row css_animation=&#8221;&#8221; row_type=&#8221;row&#8221; use_row_as_full_screen_section=&#8221;no&#8221; type=&#8221;grid&#8221; angled_section=&#8221;no&#8221; text_align=&#8221;left&#8221; background_image_as_pattern=&#8221;without_pattern&#8221; z_index=&#8221;&#8221; padding_bottom=&#8221;30&#8243;][vc_column width=&#8221;1\/2&#8243;][vc_single_image image=&#8221;57&#8243; img_size=&#8221;full&#8221; style=&#8221;vc_box_circle_2&#8243; qode_css_animation=&#8221;&#8221;][vc_empty_space height=&#8221;12px&#8221;][vc_column_text] Luigi Boscolo (27 marzo 1932 &#8211; 12 gennaio 2015) psichiatra, psicoterapeuta, fondatore del Centro Milanese di&#8230;<\/p>\n","protected":false},"author":1,"featured_media":0,"parent":0,"menu_order":0,"comment_status":"closed","ping_status":"closed","template":"full_width.php","meta":{"footnotes":""},"class_list":["post-55","page","type-page","status-publish","hentry"],"yoast_head":"<!-- This site is optimized with the Yoast SEO plugin v27.3 - https:\/\/yoast.com\/product\/yoast-seo-wordpress\/ -->\n<title>Fondatori - CPTF<\/title>\n<meta name=\"robots\" content=\"index, follow, max-snippet:-1, max-image-preview:large, max-video-preview:-1\" \/>\n<link rel=\"canonical\" href=\"https:\/\/www.cptf.it\/it\/fondatori\/\" \/>\n<meta property=\"og:locale\" content=\"it_IT\" \/>\n<meta property=\"og:type\" content=\"article\" \/>\n<meta property=\"og:title\" content=\"Fondatori - CPTF\" \/>\n<meta property=\"og:description\" content=\"[vc_row css_animation=&#8221;&#8221; row_type=&#8221;row&#8221; use_row_as_full_screen_section=&#8221;no&#8221; type=&#8221;grid&#8221; angled_section=&#8221;no&#8221; text_align=&#8221;left&#8221; background_image_as_pattern=&#8221;without_pattern&#8221; z_index=&#8221;&#8221; padding_top=&#8221;30&#8243;][vc_column][vc_column_text] CMTF &#8211; Centro Milanese di Terapia della famiglia [\/vc_column_text][vc_empty_space][\/vc_column][\/vc_row][vc_row css_animation=&#8221;&#8221; row_type=&#8221;row&#8221; use_row_as_full_screen_section=&#8221;no&#8221; type=&#8221;grid&#8221; angled_section=&#8221;no&#8221; text_align=&#8221;left&#8221; background_image_as_pattern=&#8221;without_pattern&#8221; z_index=&#8221;&#8221; padding_bottom=&#8221;30&#8243;][vc_column width=&#8221;1\/2&#8243;][vc_single_image image=&#8221;57&#8243; img_size=&#8221;full&#8221; style=&#8221;vc_box_circle_2&#8243; qode_css_animation=&#8221;&#8221;][vc_empty_space height=&#8221;12px&#8221;][vc_column_text] Luigi Boscolo (27 marzo 1932 &#8211; 12 gennaio 2015) psichiatra, psicoterapeuta, fondatore del Centro Milanese di...\" \/>\n<meta property=\"og:url\" content=\"https:\/\/www.cptf.it\/it\/fondatori\/\" \/>\n<meta property=\"og:site_name\" content=\"CPTF\" \/>\n<meta property=\"article:modified_time\" content=\"2020-05-19T13:46:33+00:00\" \/>\n<meta name=\"twitter:card\" content=\"summary_large_image\" \/>\n<meta name=\"twitter:label1\" content=\"Tempo di lettura stimato\" \/>\n\t<meta name=\"twitter:data1\" content=\"3 minuti\" \/>\n<script type=\"application\/ld+json\" class=\"yoast-schema-graph\">{\"@context\":\"https:\\\/\\\/schema.org\",\"@graph\":[{\"@type\":\"WebPage\",\"@id\":\"https:\\\/\\\/www.cptf.it\\\/it\\\/fondatori\\\/\",\"url\":\"https:\\\/\\\/www.cptf.it\\\/it\\\/fondatori\\\/\",\"name\":\"Fondatori - CPTF\",\"isPartOf\":{\"@id\":\"https:\\\/\\\/www.cptf.it\\\/it\\\/#website\"},\"datePublished\":\"2019-05-16T16:40:34+00:00\",\"dateModified\":\"2020-05-19T13:46:33+00:00\",\"breadcrumb\":{\"@id\":\"https:\\\/\\\/www.cptf.it\\\/it\\\/fondatori\\\/#breadcrumb\"},\"inLanguage\":\"it-IT\",\"potentialAction\":[{\"@type\":\"ReadAction\",\"target\":[\"https:\\\/\\\/www.cptf.it\\\/it\\\/fondatori\\\/\"]}]},{\"@type\":\"BreadcrumbList\",\"@id\":\"https:\\\/\\\/www.cptf.it\\\/it\\\/fondatori\\\/#breadcrumb\",\"itemListElement\":[{\"@type\":\"ListItem\",\"position\":1,\"name\":\"Home\",\"item\":\"https:\\\/\\\/www.cptf.it\\\/it\\\/\"},{\"@type\":\"ListItem\",\"position\":2,\"name\":\"Fondatori\"}]},{\"@type\":\"WebSite\",\"@id\":\"https:\\\/\\\/www.cptf.it\\\/it\\\/#website\",\"url\":\"https:\\\/\\\/www.cptf.it\\\/it\\\/\",\"name\":\"CPTF\",\"description\":\"Centro Padovano di Terapia della famiglia\",\"potentialAction\":[{\"@type\":\"SearchAction\",\"target\":{\"@type\":\"EntryPoint\",\"urlTemplate\":\"https:\\\/\\\/www.cptf.it\\\/it\\\/?s={search_term_string}\"},\"query-input\":{\"@type\":\"PropertyValueSpecification\",\"valueRequired\":true,\"valueName\":\"search_term_string\"}}],\"inLanguage\":\"it-IT\"}]}<\/script>\n<!-- \/ Yoast SEO plugin. -->","yoast_head_json":{"title":"Fondatori - CPTF","robots":{"index":"index","follow":"follow","max-snippet":"max-snippet:-1","max-image-preview":"max-image-preview:large","max-video-preview":"max-video-preview:-1"},"canonical":"https:\/\/www.cptf.it\/it\/fondatori\/","og_locale":"it_IT","og_type":"article","og_title":"Fondatori - CPTF","og_description":"[vc_row css_animation=&#8221;&#8221; row_type=&#8221;row&#8221; use_row_as_full_screen_section=&#8221;no&#8221; type=&#8221;grid&#8221; angled_section=&#8221;no&#8221; text_align=&#8221;left&#8221; background_image_as_pattern=&#8221;without_pattern&#8221; z_index=&#8221;&#8221; padding_top=&#8221;30&#8243;][vc_column][vc_column_text] CMTF &#8211; Centro Milanese di Terapia della famiglia [\/vc_column_text][vc_empty_space][\/vc_column][\/vc_row][vc_row css_animation=&#8221;&#8221; row_type=&#8221;row&#8221; use_row_as_full_screen_section=&#8221;no&#8221; type=&#8221;grid&#8221; angled_section=&#8221;no&#8221; text_align=&#8221;left&#8221; background_image_as_pattern=&#8221;without_pattern&#8221; z_index=&#8221;&#8221; padding_bottom=&#8221;30&#8243;][vc_column width=&#8221;1\/2&#8243;][vc_single_image image=&#8221;57&#8243; img_size=&#8221;full&#8221; style=&#8221;vc_box_circle_2&#8243; qode_css_animation=&#8221;&#8221;][vc_empty_space height=&#8221;12px&#8221;][vc_column_text] Luigi Boscolo (27 marzo 1932 &#8211; 12 gennaio 2015) psichiatra, psicoterapeuta, fondatore del Centro Milanese di...","og_url":"https:\/\/www.cptf.it\/it\/fondatori\/","og_site_name":"CPTF","article_modified_time":"2020-05-19T13:46:33+00:00","twitter_card":"summary_large_image","twitter_misc":{"Tempo di lettura stimato":"3 minuti"},"schema":{"@context":"https:\/\/schema.org","@graph":[{"@type":"WebPage","@id":"https:\/\/www.cptf.it\/it\/fondatori\/","url":"https:\/\/www.cptf.it\/it\/fondatori\/","name":"Fondatori - CPTF","isPartOf":{"@id":"https:\/\/www.cptf.it\/it\/#website"},"datePublished":"2019-05-16T16:40:34+00:00","dateModified":"2020-05-19T13:46:33+00:00","breadcrumb":{"@id":"https:\/\/www.cptf.it\/it\/fondatori\/#breadcrumb"},"inLanguage":"it-IT","potentialAction":[{"@type":"ReadAction","target":["https:\/\/www.cptf.it\/it\/fondatori\/"]}]},{"@type":"BreadcrumbList","@id":"https:\/\/www.cptf.it\/it\/fondatori\/#breadcrumb","itemListElement":[{"@type":"ListItem","position":1,"name":"Home","item":"https:\/\/www.cptf.it\/it\/"},{"@type":"ListItem","position":2,"name":"Fondatori"}]},{"@type":"WebSite","@id":"https:\/\/www.cptf.it\/it\/#website","url":"https:\/\/www.cptf.it\/it\/","name":"CPTF","description":"Centro Padovano di Terapia della famiglia","potentialAction":[{"@type":"SearchAction","target":{"@type":"EntryPoint","urlTemplate":"https:\/\/www.cptf.it\/it\/?s={search_term_string}"},"query-input":{"@type":"PropertyValueSpecification","valueRequired":true,"valueName":"search_term_string"}}],"inLanguage":"it-IT"}]}},"_links":{"self":[{"href":"https:\/\/www.cptf.it\/it\/wp-json\/wp\/v2\/pages\/55","targetHints":{"allow":["GET"]}}],"collection":[{"href":"https:\/\/www.cptf.it\/it\/wp-json\/wp\/v2\/pages"}],"about":[{"href":"https:\/\/www.cptf.it\/it\/wp-json\/wp\/v2\/types\/page"}],"author":[{"embeddable":true,"href":"https:\/\/www.cptf.it\/it\/wp-json\/wp\/v2\/users\/1"}],"replies":[{"embeddable":true,"href":"https:\/\/www.cptf.it\/it\/wp-json\/wp\/v2\/comments?post=55"}],"version-history":[{"count":29,"href":"https:\/\/www.cptf.it\/it\/wp-json\/wp\/v2\/pages\/55\/revisions"}],"predecessor-version":[{"id":8951,"href":"https:\/\/www.cptf.it\/it\/wp-json\/wp\/v2\/pages\/55\/revisions\/8951"}],"wp:attachment":[{"href":"https:\/\/www.cptf.it\/it\/wp-json\/wp\/v2\/media?parent=55"}],"curies":[{"name":"wp","href":"https:\/\/api.w.org\/{rel}","templated":true}]}}