{"id":6474,"date":"2019-06-04T18:16:09","date_gmt":"2019-06-04T17:16:09","guid":{"rendered":"https:\/\/www.cptf.it\/it\/?page_id=6474"},"modified":"2020-11-25T17:06:33","modified_gmt":"2020-11-25T16:06:33","slug":"news-ed-eventi","status":"publish","type":"page","link":"https:\/\/www.cptf.it\/it\/news-ed-eventi\/","title":{"rendered":"News ed Eventi"},"content":{"rendered":"<div class=\"wpb-content-wrapper\"><p>[vc_row css_animation=&#8221;&#8221; row_type=&#8221;row&#8221; use_row_as_full_screen_section=&#8221;no&#8221; type=&#8221;grid&#8221; angled_section=&#8221;no&#8221; text_align=&#8221;left&#8221; background_image_as_pattern=&#8221;without_pattern&#8221; z_index=&#8221;&#8221; background_color=&#8221;#1e73be&#8221; padding_top=&#8221;10&#8243; padding_bottom=&#8221;10&#8243;][vc_column][vc_column_text]<\/p>\n<h2 style=\"text-align: center;\"><span style=\"color: #ffffff;\">LE NEWS DEL CPTF<\/span><\/h2>\n<p>[\/vc_column_text][\/vc_column][\/vc_row][vc_row css_animation=&#8221;&#8221; row_type=&#8221;row&#8221; use_row_as_full_screen_section=&#8221;no&#8221; type=&#8221;grid&#8221; angled_section=&#8221;no&#8221; text_align=&#8221;left&#8221; background_image_as_pattern=&#8221;without_pattern&#8221; z_index=&#8221;&#8221; padding_top=&#8221;20&#8243; padding_bottom=&#8221;50&#8243;][vc_column width=&#8221;1\/4&#8243;][vc_single_image image=&#8221;6895&#8243; img_size=&#8221;full&#8221; qode_css_animation=&#8221;&#8221;][vc_empty_space height=&#8221;20px&#8221;]<a  itemprop=\"url\" href=\"https:\/\/www.cptf.it\/it\/elenco-completo-news\/\" target=\"_self\" data-hover-color=\"#1e73be\" class=\"qbutton  center default\" style=\"border-radius: 4px;-moz-border-radius: 4px;-webkit-border-radius: 4px; \">visualizza l'elenco completo delle news<\/a>[\/vc_column][vc_column width=&#8221;3\/4&#8243;]<div class=\"qode-blog-carousel-titled\" data-posts-shown=\"3\">\n\t<div class=\"qode-bct-title-holder\" >\n\t\t<a class=\"qode-bct-caroufredsel-prev\" href=\"#\">\n\t\t\t<span class=\"qode-bct-caroufredsel-nav-inner\">\n\t\t\t\t<span class=\"qode-bct-caroufredsel-nav-icon-holder\">\n\t\t\t\t\t<span class=\"arrow_carrot-left\"><\/span>\n\t\t\t\t<\/span>\n\t\t\t<\/span>\n\t\t<\/a>\n\t\t\t\t\t\t\t\t<h3>\n\t\t\t\t\t\tNews\t\t\t\t\t<\/h3>\n\t\t\t\t<a class=\"qode-bct-caroufredsel-next\" href=\"#\">\n\t\t<span class=\"qode-bct-caroufredsel-nav-inner\">\n\t\t\t<span class=\"qode-bct-caroufredsel-nav-icon-holder\">\n\t\t\t\t<span class=\"arrow_carrot-right\"><\/span>\n\t\t\t<\/span>\n\t\t<\/span>\n\t<\/a>\n\t<\/div>\n\t\t\t<div class=\"qode-bct-posts-holder\">\n\t\t<div class=\"qode-bct-posts\">\n\t\t\t\t\t\t\t\t\t\t\t\t<div class=\"qode-bct-post\">\n\t\t\t\t\t\t\t\t\t\t\t\t\t<div class=\"qode-bct-post-image\">\n\t\t\t\t\t\t\t\t<a href=\"https:\/\/www.cptf.it\/it\/%f0%9f%93%8c-corso-di-formazione-in-mediazione-sistemica-iscrizioni-aperte-a-padova\/\" itemprop=\"url\">\n\t\t\t\t\t\t\t\t\t<img fetchpriority=\"high\" decoding=\"async\" width=\"2000\" height=\"1414\" src=\"https:\/\/www.cptf.it\/it\/wp-content\/uploads\/ALICE-ZATTA-2.png\" class=\"attachment-full size-full wp-post-image\" alt=\"\" srcset=\"https:\/\/www.cptf.it\/it\/wp-content\/uploads\/ALICE-ZATTA-2.png 2000w, https:\/\/www.cptf.it\/it\/wp-content\/uploads\/ALICE-ZATTA-2-300x212.png 300w, https:\/\/www.cptf.it\/it\/wp-content\/uploads\/ALICE-ZATTA-2-1200x848.png 1200w, https:\/\/www.cptf.it\/it\/wp-content\/uploads\/ALICE-ZATTA-2-768x543.png 768w, https:\/\/www.cptf.it\/it\/wp-content\/uploads\/ALICE-ZATTA-2-1536x1086.png 1536w, https:\/\/www.cptf.it\/it\/wp-content\/uploads\/ALICE-ZATTA-2-700x495.png 700w\" sizes=\"(max-width: 2000px) 100vw, 2000px\" \/>\t\t\t\t\t\t\t\t<\/a>\n\t\t\t\t\t\t\t<\/div>\n\t\t\t\t\t\t\t\t\t\t\t\t<div class=\"qode-bct-post-text\">\n\t\t\t\t\t\t\t<h3 class=\"qode-bct-post-title entry_title\" itemprop=\"name\">\n\t\t\t\t\t\t\t\t<a href=\"https:\/\/www.cptf.it\/it\/%f0%9f%93%8c-corso-di-formazione-in-mediazione-sistemica-iscrizioni-aperte-a-padova\/\" itemprop=\"url\">&#x1f4cc; CORSO DI FORMAZIONE IN MEDIAZIONE SISTEMICA \u2013 Iscrizioni aperte a Padova.<\/a>\n\t\t\t\t\t\t\t<\/h3>\n\t\t\t\t\t\t\t\t\t\t\t\t\t\t<p itemprop=\"description\" class = \"qode-bct-post-excerpt\"> Sono aperte le iscrizioni al\u00a0CORSO DI FORMAZIONE IN MEDIAZIONE SISTEMICA\u00a0in partenza a Febbraio 2026<\/p>\n\t\t\t\t\t\t\t<div class=\"qode-bct-post-date entry_date updated\" itemprop=\"dateCreated\">\n\t\t\t\t\t\t\t\t13\/11\/2025\t\t\t\t\t\t\t\t<meta itemprop=\"interactionCount\" content=\"UserComments: 0\"\/>\n\t\t\t\t\t\t\t<\/div>\n\t\t\t\t\t\t<\/div>\n\t\t\t\t\t<\/div>\n\t\t\t\t\t\t\t\t\t\t\t\t<div class=\"qode-bct-post\">\n\t\t\t\t\t\t\t\t\t\t\t\t\t<div class=\"qode-bct-post-image\">\n\t\t\t\t\t\t\t\t<a href=\"https:\/\/www.cptf.it\/it\/supervisioni-2026-a-partire-da-febbraio\/\" itemprop=\"url\">\n\t\t\t\t\t\t\t\t\t<img decoding=\"async\" width=\"2000\" height=\"1414\" src=\"https:\/\/www.cptf.it\/it\/wp-content\/uploads\/SUPERVISIONI-2026.png\" class=\"attachment-full size-full wp-post-image\" alt=\"\" srcset=\"https:\/\/www.cptf.it\/it\/wp-content\/uploads\/SUPERVISIONI-2026.png 2000w, https:\/\/www.cptf.it\/it\/wp-content\/uploads\/SUPERVISIONI-2026-300x212.png 300w, https:\/\/www.cptf.it\/it\/wp-content\/uploads\/SUPERVISIONI-2026-1200x848.png 1200w, https:\/\/www.cptf.it\/it\/wp-content\/uploads\/SUPERVISIONI-2026-768x543.png 768w, https:\/\/www.cptf.it\/it\/wp-content\/uploads\/SUPERVISIONI-2026-1536x1086.png 1536w, https:\/\/www.cptf.it\/it\/wp-content\/uploads\/SUPERVISIONI-2026-700x495.png 700w\" sizes=\"(max-width: 2000px) 100vw, 2000px\" \/>\t\t\t\t\t\t\t\t<\/a>\n\t\t\t\t\t\t\t<\/div>\n\t\t\t\t\t\t\t\t\t\t\t\t<div class=\"qode-bct-post-text\">\n\t\t\t\t\t\t\t<h3 class=\"qode-bct-post-title entry_title\" itemprop=\"name\">\n\t\t\t\t\t\t\t\t<a href=\"https:\/\/www.cptf.it\/it\/supervisioni-2026-a-partire-da-febbraio\/\" itemprop=\"url\">SUPERVISIONI 2026 &#8211; A partire da febbraio<\/a>\n\t\t\t\t\t\t\t<\/h3>\n\t\t\t\t\t\t\t\t\t\t\t\t\t\t<p itemprop=\"description\" class = \"qode-bct-post-excerpt\"> [vc_row css_animation=&#8221;&#8221; row_type=&#8221;row&#8221; use_row_as_full_screen_section=&#8221;no&#8221; type=&#8221;full_width&#8221; angled_section=&#8221;no&#8221; text_align=&#8221;left&#8221; background_image_as_pattern=&#8221;without_pattern&#8221;][vc_column][vc_column_text css=&#8221;&#8221;] Supervisioni condotte dal dott. Andrea Mosconi Vuoi accrescere la tua capacit\u00e0 di gestione delle situazioni cliniche? SUPERVISIONI CLINICHE E EMDR 2026 La\u00a0Supervisione Clinica\u00a0prevede incontri periodici del gruppo di professionisti e permette una partecipazione attiva ed un coinvolgimento personale favorito proprio dal...<\/p>\n\t\t\t\t\t\t\t<div class=\"qode-bct-post-date entry_date updated\" itemprop=\"dateCreated\">\n\t\t\t\t\t\t\t\t27\/10\/2025\t\t\t\t\t\t\t\t<meta itemprop=\"interactionCount\" content=\"UserComments: 0\"\/>\n\t\t\t\t\t\t\t<\/div>\n\t\t\t\t\t\t<\/div>\n\t\t\t\t\t<\/div>\n\t\t\t\t\t\t\t\t\t\t\t\t<div class=\"qode-bct-post\">\n\t\t\t\t\t\t\t\t\t\t\t\t\t<div class=\"qode-bct-post-image\">\n\t\t\t\t\t\t\t\t<a href=\"https:\/\/www.cptf.it\/it\/convegno-la-neurodivergenze-in-eta-adulta-14-novembre-2025-padova\/\" itemprop=\"url\">\n\t\t\t\t\t\t\t\t\t<img decoding=\"async\" width=\"820\" height=\"820\" src=\"https:\/\/www.cptf.it\/it\/wp-content\/uploads\/Senza-titolo.png\" class=\"attachment-full size-full wp-post-image\" alt=\"\" srcset=\"https:\/\/www.cptf.it\/it\/wp-content\/uploads\/Senza-titolo.png 820w, https:\/\/www.cptf.it\/it\/wp-content\/uploads\/Senza-titolo-300x300.png 300w, https:\/\/www.cptf.it\/it\/wp-content\/uploads\/Senza-titolo-150x150.png 150w, https:\/\/www.cptf.it\/it\/wp-content\/uploads\/Senza-titolo-768x768.png 768w, https:\/\/www.cptf.it\/it\/wp-content\/uploads\/Senza-titolo-570x570.png 570w, https:\/\/www.cptf.it\/it\/wp-content\/uploads\/Senza-titolo-500x500.png 500w, https:\/\/www.cptf.it\/it\/wp-content\/uploads\/Senza-titolo-700x700.png 700w\" sizes=\"(max-width: 820px) 100vw, 820px\" \/>\t\t\t\t\t\t\t\t<\/a>\n\t\t\t\t\t\t\t<\/div>\n\t\t\t\t\t\t\t\t\t\t\t\t<div class=\"qode-bct-post-text\">\n\t\t\t\t\t\t\t<h3 class=\"qode-bct-post-title entry_title\" itemprop=\"name\">\n\t\t\t\t\t\t\t\t<a href=\"https:\/\/www.cptf.it\/it\/convegno-la-neurodivergenze-in-eta-adulta-14-novembre-2025-padova\/\" itemprop=\"url\">Convegno | La neurodivergenze in et\u00e0 adulta | 14 novembre 2025 | Padova<\/a>\n\t\t\t\t\t\t\t<\/h3>\n\t\t\t\t\t\t\t\t\t\t\t\t\t\t<p itemprop=\"description\" class = \"qode-bct-post-excerpt\"> Presentazione Online per conoscere il modello formativo Sistemico Relazionale e la Scuola di Specializzazione del CMTF <\/p>\n\t\t\t\t\t\t\t<div class=\"qode-bct-post-date entry_date updated\" itemprop=\"dateCreated\">\n\t\t\t\t\t\t\t\t23\/10\/2025\t\t\t\t\t\t\t\t<meta itemprop=\"interactionCount\" content=\"UserComments: 0\"\/>\n\t\t\t\t\t\t\t<\/div>\n\t\t\t\t\t\t<\/div>\n\t\t\t\t\t<\/div>\n\t\t\t\t\t\t\t\t\t\t\t\t<div class=\"qode-bct-post\">\n\t\t\t\t\t\t\t\t\t\t\t\t\t<div class=\"qode-bct-post-image\">\n\t\t\t\t\t\t\t\t<a href=\"https:\/\/www.cptf.it\/it\/corso-di-formazione-in-mediazione-sistemica-2026-incontro-di-sensibilizzazione\/\" itemprop=\"url\">\n\t\t\t\t\t\t\t\t\t<img loading=\"lazy\" decoding=\"async\" width=\"806\" height=\"344\" src=\"https:\/\/www.cptf.it\/it\/wp-content\/uploads\/Screenshot-2025-10-14-120702.png\" class=\"attachment-full size-full wp-post-image\" alt=\"\" srcset=\"https:\/\/www.cptf.it\/it\/wp-content\/uploads\/Screenshot-2025-10-14-120702.png 806w, https:\/\/www.cptf.it\/it\/wp-content\/uploads\/Screenshot-2025-10-14-120702-300x128.png 300w, https:\/\/www.cptf.it\/it\/wp-content\/uploads\/Screenshot-2025-10-14-120702-768x328.png 768w, https:\/\/www.cptf.it\/it\/wp-content\/uploads\/Screenshot-2025-10-14-120702-700x299.png 700w\" sizes=\"(max-width: 806px) 100vw, 806px\" \/>\t\t\t\t\t\t\t\t<\/a>\n\t\t\t\t\t\t\t<\/div>\n\t\t\t\t\t\t\t\t\t\t\t\t<div class=\"qode-bct-post-text\">\n\t\t\t\t\t\t\t<h3 class=\"qode-bct-post-title entry_title\" itemprop=\"name\">\n\t\t\t\t\t\t\t\t<a href=\"https:\/\/www.cptf.it\/it\/corso-di-formazione-in-mediazione-sistemica-2026-incontro-di-sensibilizzazione\/\" itemprop=\"url\">Corso di formazione in Mediazione Sistemica 2026 | Incontro di sensibilizzazione<\/a>\n\t\t\t\t\t\t\t<\/h3>\n\t\t\t\t\t\t\t\t\t\t\t\t\t\t<p itemprop=\"description\" class = \"qode-bct-post-excerpt\"> Presentazione Online per conoscere il modello formativo Sistemico Relazionale e la Scuola di Specializzazione del CMTF <\/p>\n\t\t\t\t\t\t\t<div class=\"qode-bct-post-date entry_date updated\" itemprop=\"dateCreated\">\n\t\t\t\t\t\t\t\t14\/10\/2025\t\t\t\t\t\t\t\t<meta itemprop=\"interactionCount\" content=\"UserComments: 0\"\/>\n\t\t\t\t\t\t\t<\/div>\n\t\t\t\t\t\t<\/div>\n\t\t\t\t\t<\/div>\n\t\t\t\t\t\t\t\t\t\t\t\t<div class=\"qode-bct-post\">\n\t\t\t\t\t\t\t\t\t\t\t\t\t<div class=\"qode-bct-post-image\">\n\t\t\t\t\t\t\t\t<a href=\"https:\/\/www.cptf.it\/it\/4-ottobre-2025-convegno-fipsis-la-mente-in-gioco-fipsis-veneto\/\" itemprop=\"url\">\n\t\t\t\t\t\t\t\t\t<img loading=\"lazy\" decoding=\"async\" width=\"644\" height=\"930\" src=\"https:\/\/www.cptf.it\/it\/wp-content\/uploads\/Screenshot-2025-09-05-164328.png\" class=\"attachment-full size-full wp-post-image\" alt=\"\" srcset=\"https:\/\/www.cptf.it\/it\/wp-content\/uploads\/Screenshot-2025-09-05-164328.png 644w, https:\/\/www.cptf.it\/it\/wp-content\/uploads\/Screenshot-2025-09-05-164328-208x300.png 208w\" sizes=\"(max-width: 644px) 100vw, 644px\" \/>\t\t\t\t\t\t\t\t<\/a>\n\t\t\t\t\t\t\t<\/div>\n\t\t\t\t\t\t\t\t\t\t\t\t<div class=\"qode-bct-post-text\">\n\t\t\t\t\t\t\t<h3 class=\"qode-bct-post-title entry_title\" itemprop=\"name\">\n\t\t\t\t\t\t\t\t<a href=\"https:\/\/www.cptf.it\/it\/4-ottobre-2025-convegno-fipsis-la-mente-in-gioco-fipsis-veneto\/\" itemprop=\"url\">4 ottobre 2025 &#8211; CONVEGNO FIPSIS &#8220;LA MENTE IN GIOCO&#8221; &#8211; FIPSIS VENETO<\/a>\n\t\t\t\t\t\t\t<\/h3>\n\t\t\t\t\t\t\t\t\t\t\t\t\t\t<p itemprop=\"description\" class = \"qode-bct-post-excerpt\"> Presentazione Online per conoscere il modello formativo Sistemico Relazionale e la Scuola di Specializzazione del CMTF <\/p>\n\t\t\t\t\t\t\t<div class=\"qode-bct-post-date entry_date updated\" itemprop=\"dateCreated\">\n\t\t\t\t\t\t\t\t05\/09\/2025\t\t\t\t\t\t\t\t<meta itemprop=\"interactionCount\" content=\"UserComments: 0\"\/>\n\t\t\t\t\t\t\t<\/div>\n\t\t\t\t\t\t<\/div>\n\t\t\t\t\t<\/div>\n\t\t\t\t\t\t\t\t\t\t\t\t<div class=\"qode-bct-post\">\n\t\t\t\t\t\t\t\t\t\t\t\t\t<div class=\"qode-bct-post-image\">\n\t\t\t\t\t\t\t\t<a href=\"https:\/\/www.cptf.it\/it\/%f0%9f%93%8c-corso-triennale-di-counselling-sistemico-relazionale-iscrizioni-aperte-a-padova\/\" itemprop=\"url\">\n\t\t\t\t\t\t\t\t\t<img loading=\"lazy\" decoding=\"async\" width=\"2000\" height=\"1414\" src=\"https:\/\/www.cptf.it\/it\/wp-content\/uploads\/ALICE-ZATTA.jpg\" class=\"attachment-full size-full wp-post-image\" alt=\"\" srcset=\"https:\/\/www.cptf.it\/it\/wp-content\/uploads\/ALICE-ZATTA.jpg 2000w, https:\/\/www.cptf.it\/it\/wp-content\/uploads\/ALICE-ZATTA-300x212.jpg 300w, https:\/\/www.cptf.it\/it\/wp-content\/uploads\/ALICE-ZATTA-1200x848.jpg 1200w, https:\/\/www.cptf.it\/it\/wp-content\/uploads\/ALICE-ZATTA-768x543.jpg 768w, https:\/\/www.cptf.it\/it\/wp-content\/uploads\/ALICE-ZATTA-1536x1086.jpg 1536w, https:\/\/www.cptf.it\/it\/wp-content\/uploads\/ALICE-ZATTA-700x495.jpg 700w\" sizes=\"(max-width: 2000px) 100vw, 2000px\" \/>\t\t\t\t\t\t\t\t<\/a>\n\t\t\t\t\t\t\t<\/div>\n\t\t\t\t\t\t\t\t\t\t\t\t<div class=\"qode-bct-post-text\">\n\t\t\t\t\t\t\t<h3 class=\"qode-bct-post-title entry_title\" itemprop=\"name\">\n\t\t\t\t\t\t\t\t<a href=\"https:\/\/www.cptf.it\/it\/%f0%9f%93%8c-corso-triennale-di-counselling-sistemico-relazionale-iscrizioni-aperte-a-padova\/\" itemprop=\"url\">&#x1f4cc; CORSO TRIENNALE DI COUNSELLING SISTEMICO-RELAZIONALE \u2013 Iscrizioni aperte a Padova!<\/a>\n\t\t\t\t\t\t\t<\/h3>\n\t\t\t\t\t\t\t\t\t\t\t\t\t\t<p itemprop=\"description\" class = \"qode-bct-post-excerpt\"> Master in Ipnosi Ericksoniana \u2013 Iscrizioni aperte a Padova!<\/p>\n\t\t\t\t\t\t\t<div class=\"qode-bct-post-date entry_date updated\" itemprop=\"dateCreated\">\n\t\t\t\t\t\t\t\t31\/07\/2025\t\t\t\t\t\t\t\t<meta itemprop=\"interactionCount\" content=\"UserComments: 0\"\/>\n\t\t\t\t\t\t\t<\/div>\n\t\t\t\t\t\t<\/div>\n\t\t\t\t\t<\/div>\n\t\t\t\t\t<\/div>\n\t\t<\/div>\n\t<\/div>[\/vc_column][\/vc_row][vc_row css_animation=&#8221;&#8221; row_type=&#8221;row&#8221; use_row_as_full_screen_section=&#8221;no&#8221; type=&#8221;grid&#8221; angled_section=&#8221;no&#8221; text_align=&#8221;left&#8221; background_image_as_pattern=&#8221;without_pattern&#8221; z_index=&#8221;&#8221; background_color=&#8221;#ff7f30&#8243;][vc_column width=&#8221;1\/4&#8243;][vc_single_image image=&#8221;7078&#8243; img_size=&#8221;full&#8221; qode_css_animation=&#8221;&#8221;][\/vc_column][vc_column width=&#8221;3\/4&#8243;]<div class=\"qode-blog-carousel-titled\" data-posts-shown=\"3\">\n\t<div class=\"qode-bct-title-holder\" >\n\t\t<a class=\"qode-bct-caroufredsel-prev\" href=\"#\">\n\t\t\t<span class=\"qode-bct-caroufredsel-nav-inner\">\n\t\t\t\t<span class=\"qode-bct-caroufredsel-nav-icon-holder\">\n\t\t\t\t\t<span class=\"arrow_carrot-left\"><\/span>\n\t\t\t\t<\/span>\n\t\t\t<\/span>\n\t\t<\/a>\n\t\t\t\t\t\t\t\t<h3>\n\t\t\t\t\t\tEventi intorno a noi\t\t\t\t\t<\/h3>\n\t\t\t\t<a class=\"qode-bct-caroufredsel-next\" href=\"#\">\n\t\t<span class=\"qode-bct-caroufredsel-nav-inner\">\n\t\t\t<span class=\"qode-bct-caroufredsel-nav-icon-holder\">\n\t\t\t\t<span class=\"arrow_carrot-right\"><\/span>\n\t\t\t<\/span>\n\t\t<\/span>\n\t<\/a>\n\t<\/div>\n\t\t\t<div class=\"qode-bct-posts-holder\">\n\t\t<div class=\"qode-bct-posts\">\n\t\t\t\t\t\t\t\t\t\t\t\t<div class=\"qode-bct-post\">\n\t\t\t\t\t\t\t\t\t\t\t\t\t<div class=\"qode-bct-post-image\">\n\t\t\t\t\t\t\t\t<a href=\"https:\/\/www.cptf.it\/it\/%f0%9f%93%8c-corso-di-formazione-in-mediazione-sistemica-iscrizioni-aperte-a-padova\/\" itemprop=\"url\">\n\t\t\t\t\t\t\t\t\t<img fetchpriority=\"high\" decoding=\"async\" width=\"2000\" height=\"1414\" src=\"https:\/\/www.cptf.it\/it\/wp-content\/uploads\/ALICE-ZATTA-2.png\" class=\"attachment-full size-full wp-post-image\" alt=\"\" srcset=\"https:\/\/www.cptf.it\/it\/wp-content\/uploads\/ALICE-ZATTA-2.png 2000w, https:\/\/www.cptf.it\/it\/wp-content\/uploads\/ALICE-ZATTA-2-300x212.png 300w, https:\/\/www.cptf.it\/it\/wp-content\/uploads\/ALICE-ZATTA-2-1200x848.png 1200w, https:\/\/www.cptf.it\/it\/wp-content\/uploads\/ALICE-ZATTA-2-768x543.png 768w, https:\/\/www.cptf.it\/it\/wp-content\/uploads\/ALICE-ZATTA-2-1536x1086.png 1536w, https:\/\/www.cptf.it\/it\/wp-content\/uploads\/ALICE-ZATTA-2-700x495.png 700w\" sizes=\"(max-width: 2000px) 100vw, 2000px\" \/>\t\t\t\t\t\t\t\t<\/a>\n\t\t\t\t\t\t\t<\/div>\n\t\t\t\t\t\t\t\t\t\t\t\t<div class=\"qode-bct-post-text\">\n\t\t\t\t\t\t\t<h3 class=\"qode-bct-post-title entry_title\" itemprop=\"name\">\n\t\t\t\t\t\t\t\t<a href=\"https:\/\/www.cptf.it\/it\/%f0%9f%93%8c-corso-di-formazione-in-mediazione-sistemica-iscrizioni-aperte-a-padova\/\" itemprop=\"url\">&#x1f4cc; CORSO DI FORMAZIONE IN MEDIAZIONE SISTEMICA \u2013 Iscrizioni aperte a Padova.<\/a>\n\t\t\t\t\t\t\t<\/h3>\n\t\t\t\t\t\t\t\t\t\t\t\t\t\t<p itemprop=\"description\" class = \"qode-bct-post-excerpt\"> Sono aperte le iscrizioni al\u00a0CORSO DI FORMAZIONE IN MEDIAZIONE SISTEMICA\u00a0in partenza a Febbraio 2026<\/p>\n\t\t\t\t\t\t\t<div class=\"qode-bct-post-date entry_date updated\" itemprop=\"dateCreated\">\n\t\t\t\t\t\t\t\t13\/11\/2025\t\t\t\t\t\t\t\t<meta itemprop=\"interactionCount\" content=\"UserComments: 0\"\/>\n\t\t\t\t\t\t\t<\/div>\n\t\t\t\t\t\t<\/div>\n\t\t\t\t\t<\/div>\n\t\t\t\t\t\t\t\t\t\t\t\t<div class=\"qode-bct-post\">\n\t\t\t\t\t\t\t\t\t\t\t\t\t<div class=\"qode-bct-post-image\">\n\t\t\t\t\t\t\t\t<a href=\"https:\/\/www.cptf.it\/it\/convegno-la-neurodivergenze-in-eta-adulta-14-novembre-2025-padova\/\" itemprop=\"url\">\n\t\t\t\t\t\t\t\t\t<img decoding=\"async\" width=\"820\" height=\"820\" src=\"https:\/\/www.cptf.it\/it\/wp-content\/uploads\/Senza-titolo.png\" class=\"attachment-full size-full wp-post-image\" alt=\"\" srcset=\"https:\/\/www.cptf.it\/it\/wp-content\/uploads\/Senza-titolo.png 820w, https:\/\/www.cptf.it\/it\/wp-content\/uploads\/Senza-titolo-300x300.png 300w, https:\/\/www.cptf.it\/it\/wp-content\/uploads\/Senza-titolo-150x150.png 150w, https:\/\/www.cptf.it\/it\/wp-content\/uploads\/Senza-titolo-768x768.png 768w, https:\/\/www.cptf.it\/it\/wp-content\/uploads\/Senza-titolo-570x570.png 570w, https:\/\/www.cptf.it\/it\/wp-content\/uploads\/Senza-titolo-500x500.png 500w, https:\/\/www.cptf.it\/it\/wp-content\/uploads\/Senza-titolo-700x700.png 700w\" sizes=\"(max-width: 820px) 100vw, 820px\" \/>\t\t\t\t\t\t\t\t<\/a>\n\t\t\t\t\t\t\t<\/div>\n\t\t\t\t\t\t\t\t\t\t\t\t<div class=\"qode-bct-post-text\">\n\t\t\t\t\t\t\t<h3 class=\"qode-bct-post-title entry_title\" itemprop=\"name\">\n\t\t\t\t\t\t\t\t<a href=\"https:\/\/www.cptf.it\/it\/convegno-la-neurodivergenze-in-eta-adulta-14-novembre-2025-padova\/\" itemprop=\"url\">Convegno | La neurodivergenze in et\u00e0 adulta | 14 novembre 2025 | Padova<\/a>\n\t\t\t\t\t\t\t<\/h3>\n\t\t\t\t\t\t\t\t\t\t\t\t\t\t<p itemprop=\"description\" class = \"qode-bct-post-excerpt\"> Presentazione Online per conoscere il modello formativo Sistemico Relazionale e la Scuola di Specializzazione del CMTF <\/p>\n\t\t\t\t\t\t\t<div class=\"qode-bct-post-date entry_date updated\" itemprop=\"dateCreated\">\n\t\t\t\t\t\t\t\t23\/10\/2025\t\t\t\t\t\t\t\t<meta itemprop=\"interactionCount\" content=\"UserComments: 0\"\/>\n\t\t\t\t\t\t\t<\/div>\n\t\t\t\t\t\t<\/div>\n\t\t\t\t\t<\/div>\n\t\t\t\t\t\t\t\t\t\t\t\t<div class=\"qode-bct-post\">\n\t\t\t\t\t\t\t\t\t\t\t\t\t<div class=\"qode-bct-post-image\">\n\t\t\t\t\t\t\t\t<a href=\"https:\/\/www.cptf.it\/it\/corso-di-formazione-in-mediazione-sistemica-2026-incontro-di-sensibilizzazione\/\" itemprop=\"url\">\n\t\t\t\t\t\t\t\t\t<img loading=\"lazy\" decoding=\"async\" width=\"806\" height=\"344\" src=\"https:\/\/www.cptf.it\/it\/wp-content\/uploads\/Screenshot-2025-10-14-120702.png\" class=\"attachment-full size-full wp-post-image\" alt=\"\" srcset=\"https:\/\/www.cptf.it\/it\/wp-content\/uploads\/Screenshot-2025-10-14-120702.png 806w, https:\/\/www.cptf.it\/it\/wp-content\/uploads\/Screenshot-2025-10-14-120702-300x128.png 300w, https:\/\/www.cptf.it\/it\/wp-content\/uploads\/Screenshot-2025-10-14-120702-768x328.png 768w, https:\/\/www.cptf.it\/it\/wp-content\/uploads\/Screenshot-2025-10-14-120702-700x299.png 700w\" sizes=\"(max-width: 806px) 100vw, 806px\" \/>\t\t\t\t\t\t\t\t<\/a>\n\t\t\t\t\t\t\t<\/div>\n\t\t\t\t\t\t\t\t\t\t\t\t<div class=\"qode-bct-post-text\">\n\t\t\t\t\t\t\t<h3 class=\"qode-bct-post-title entry_title\" itemprop=\"name\">\n\t\t\t\t\t\t\t\t<a href=\"https:\/\/www.cptf.it\/it\/corso-di-formazione-in-mediazione-sistemica-2026-incontro-di-sensibilizzazione\/\" itemprop=\"url\">Corso di formazione in Mediazione Sistemica 2026 | Incontro di sensibilizzazione<\/a>\n\t\t\t\t\t\t\t<\/h3>\n\t\t\t\t\t\t\t\t\t\t\t\t\t\t<p itemprop=\"description\" class = \"qode-bct-post-excerpt\"> Presentazione Online per conoscere il modello formativo Sistemico Relazionale e la Scuola di Specializzazione del CMTF <\/p>\n\t\t\t\t\t\t\t<div class=\"qode-bct-post-date entry_date updated\" itemprop=\"dateCreated\">\n\t\t\t\t\t\t\t\t14\/10\/2025\t\t\t\t\t\t\t\t<meta itemprop=\"interactionCount\" content=\"UserComments: 0\"\/>\n\t\t\t\t\t\t\t<\/div>\n\t\t\t\t\t\t<\/div>\n\t\t\t\t\t<\/div>\n\t\t\t\t\t\t\t\t\t\t\t\t<div class=\"qode-bct-post\">\n\t\t\t\t\t\t\t\t\t\t\t\t\t<div class=\"qode-bct-post-image\">\n\t\t\t\t\t\t\t\t<a href=\"https:\/\/www.cptf.it\/it\/%f0%9f%93%8c-corso-triennale-di-counselling-sistemico-relazionale-iscrizioni-aperte-a-padova\/\" itemprop=\"url\">\n\t\t\t\t\t\t\t\t\t<img loading=\"lazy\" decoding=\"async\" width=\"2000\" height=\"1414\" src=\"https:\/\/www.cptf.it\/it\/wp-content\/uploads\/ALICE-ZATTA.jpg\" class=\"attachment-full size-full wp-post-image\" alt=\"\" srcset=\"https:\/\/www.cptf.it\/it\/wp-content\/uploads\/ALICE-ZATTA.jpg 2000w, https:\/\/www.cptf.it\/it\/wp-content\/uploads\/ALICE-ZATTA-300x212.jpg 300w, https:\/\/www.cptf.it\/it\/wp-content\/uploads\/ALICE-ZATTA-1200x848.jpg 1200w, https:\/\/www.cptf.it\/it\/wp-content\/uploads\/ALICE-ZATTA-768x543.jpg 768w, https:\/\/www.cptf.it\/it\/wp-content\/uploads\/ALICE-ZATTA-1536x1086.jpg 1536w, https:\/\/www.cptf.it\/it\/wp-content\/uploads\/ALICE-ZATTA-700x495.jpg 700w\" sizes=\"(max-width: 2000px) 100vw, 2000px\" \/>\t\t\t\t\t\t\t\t<\/a>\n\t\t\t\t\t\t\t<\/div>\n\t\t\t\t\t\t\t\t\t\t\t\t<div class=\"qode-bct-post-text\">\n\t\t\t\t\t\t\t<h3 class=\"qode-bct-post-title entry_title\" itemprop=\"name\">\n\t\t\t\t\t\t\t\t<a href=\"https:\/\/www.cptf.it\/it\/%f0%9f%93%8c-corso-triennale-di-counselling-sistemico-relazionale-iscrizioni-aperte-a-padova\/\" itemprop=\"url\">&#x1f4cc; CORSO TRIENNALE DI COUNSELLING SISTEMICO-RELAZIONALE \u2013 Iscrizioni aperte a Padova!<\/a>\n\t\t\t\t\t\t\t<\/h3>\n\t\t\t\t\t\t\t\t\t\t\t\t\t\t<p itemprop=\"description\" class = \"qode-bct-post-excerpt\"> Master in Ipnosi Ericksoniana \u2013 Iscrizioni aperte a Padova!<\/p>\n\t\t\t\t\t\t\t<div class=\"qode-bct-post-date entry_date updated\" itemprop=\"dateCreated\">\n\t\t\t\t\t\t\t\t31\/07\/2025\t\t\t\t\t\t\t\t<meta itemprop=\"interactionCount\" content=\"UserComments: 0\"\/>\n\t\t\t\t\t\t\t<\/div>\n\t\t\t\t\t\t<\/div>\n\t\t\t\t\t<\/div>\n\t\t\t\t\t\t\t\t\t\t\t\t<div class=\"qode-bct-post\">\n\t\t\t\t\t\t\t\t\t\t\t\t\t<div class=\"qode-bct-post-image\">\n\t\t\t\t\t\t\t\t<a href=\"https:\/\/www.cptf.it\/it\/i-dialoghi-sirts-25-settembre-2025\/\" itemprop=\"url\">\n\t\t\t\t\t\t\t\t\t<img loading=\"lazy\" decoding=\"async\" width=\"900\" height=\"1600\" src=\"https:\/\/www.cptf.it\/it\/wp-content\/uploads\/PHOTO-2025-07-28-13-42-31.jpg\" class=\"attachment-full size-full wp-post-image\" alt=\"\" srcset=\"https:\/\/www.cptf.it\/it\/wp-content\/uploads\/PHOTO-2025-07-28-13-42-31.jpg 900w, https:\/\/www.cptf.it\/it\/wp-content\/uploads\/PHOTO-2025-07-28-13-42-31-169x300.jpg 169w, https:\/\/www.cptf.it\/it\/wp-content\/uploads\/PHOTO-2025-07-28-13-42-31-608x1080.jpg 608w, https:\/\/www.cptf.it\/it\/wp-content\/uploads\/PHOTO-2025-07-28-13-42-31-768x1365.jpg 768w, https:\/\/www.cptf.it\/it\/wp-content\/uploads\/PHOTO-2025-07-28-13-42-31-864x1536.jpg 864w, https:\/\/www.cptf.it\/it\/wp-content\/uploads\/PHOTO-2025-07-28-13-42-31-700x1244.jpg 700w\" sizes=\"(max-width: 900px) 100vw, 900px\" \/>\t\t\t\t\t\t\t\t<\/a>\n\t\t\t\t\t\t\t<\/div>\n\t\t\t\t\t\t\t\t\t\t\t\t<div class=\"qode-bct-post-text\">\n\t\t\t\t\t\t\t<h3 class=\"qode-bct-post-title entry_title\" itemprop=\"name\">\n\t\t\t\t\t\t\t\t<a href=\"https:\/\/www.cptf.it\/it\/i-dialoghi-sirts-25-settembre-2025\/\" itemprop=\"url\">i Dialoghi SIRTS &#8211; 25 settembre 2025<\/a>\n\t\t\t\t\t\t\t<\/h3>\n\t\t\t\t\t\t\t\t\t\t\t\t\t\t<p itemprop=\"description\" class = \"qode-bct-post-excerpt\"> [vc_row css_animation=&#8221;&#8221; row_type=&#8221;row&#8221; use_row_as_full_screen_section=&#8221;no&#8221; type=&#8221;full_width&#8221; angled_section=&#8221;no&#8221; text_align=&#8221;left&#8221; background_image_as_pattern=&#8221;without_pattern&#8221;][vc_column][vc_separator type=&#8221;normal&#8221;][\/vc_column][\/vc_row][vc_row css_animation=&#8221;&#8221; row_type=&#8221;row&#8221; use_row_as_full_screen_section=&#8221;no&#8221; type=&#8221;full_width&#8221; angled_section=&#8221;no&#8221; text_align=&#8221;left&#8221; background_image_as_pattern=&#8221;without_pattern&#8221;][vc_column][vc_separator type=&#8221;normal&#8221;][\/vc_column][\/vc_row][vc_row css_animation=&#8221;&#8221; row_type=&#8221;row&#8221; use_row_as_full_screen_section=&#8221;no&#8221; type=&#8221;full_width&#8221; angled_section=&#8221;no&#8221; text_align=&#8221;left&#8221; background_image_as_pattern=&#8221;without_pattern&#8221;][vc_column][vc_separator type=&#8221;normal&#8221;][\/vc_column][\/vc_row][vc_row css_animation=&#8221;&#8221; row_type=&#8221;row&#8221; use_row_as_full_screen_section=&#8221;no&#8221; type=&#8221;full_width&#8221; angled_section=&#8221;no&#8221; text_align=&#8221;left&#8221; background_image_as_pattern=&#8221;without_pattern&#8221;][vc_column][vc_column_text css=&#8221;&#8221;]i Dialoghi SIRTS Il nuovo appuntamento online di SIRTS. Un ciclo di serate unico. Ad ogni incontro un...<\/p>\n\t\t\t\t\t\t\t<div class=\"qode-bct-post-date entry_date updated\" itemprop=\"dateCreated\">\n\t\t\t\t\t\t\t\t28\/07\/2025\t\t\t\t\t\t\t\t<meta itemprop=\"interactionCount\" content=\"UserComments: 0\"\/>\n\t\t\t\t\t\t\t<\/div>\n\t\t\t\t\t\t<\/div>\n\t\t\t\t\t<\/div>\n\t\t\t\t\t\t\t\t\t\t\t\t<div class=\"qode-bct-post\">\n\t\t\t\t\t\t\t\t\t\t\t\t\t<div class=\"qode-bct-post-image\">\n\t\t\t\t\t\t\t\t<a href=\"https:\/\/www.cptf.it\/it\/master-in-ipnosi-ericksoniana-iscrizioni-aperte-a-padova\/\" itemprop=\"url\">\n\t\t\t\t\t\t\t\t\t<img loading=\"lazy\" decoding=\"async\" width=\"595\" height=\"841\" src=\"https:\/\/www.cptf.it\/it\/wp-content\/uploads\/Locandina-Master-PADOVA-2026-CPTF.png\" class=\"attachment-full size-full wp-post-image\" alt=\"\" srcset=\"https:\/\/www.cptf.it\/it\/wp-content\/uploads\/Locandina-Master-PADOVA-2026-CPTF.png 595w, https:\/\/www.cptf.it\/it\/wp-content\/uploads\/Locandina-Master-PADOVA-2026-CPTF-212x300.png 212w\" sizes=\"(max-width: 595px) 100vw, 595px\" \/>\t\t\t\t\t\t\t\t<\/a>\n\t\t\t\t\t\t\t<\/div>\n\t\t\t\t\t\t\t\t\t\t\t\t<div class=\"qode-bct-post-text\">\n\t\t\t\t\t\t\t<h3 class=\"qode-bct-post-title entry_title\" itemprop=\"name\">\n\t\t\t\t\t\t\t\t<a href=\"https:\/\/www.cptf.it\/it\/master-in-ipnosi-ericksoniana-iscrizioni-aperte-a-padova\/\" itemprop=\"url\">&#x1f4cc; Master in Ipnosi Ericksoniana \u2013 Iscrizioni aperte a Padova!<\/a>\n\t\t\t\t\t\t\t<\/h3>\n\t\t\t\t\t\t\t\t\t\t\t\t\t\t<p itemprop=\"description\" class = \"qode-bct-post-excerpt\"> Master in Ipnosi Ericksoniana \u2013 Iscrizioni aperte a Padova!<\/p>\n\t\t\t\t\t\t\t<div class=\"qode-bct-post-date entry_date updated\" itemprop=\"dateCreated\">\n\t\t\t\t\t\t\t\t24\/06\/2025\t\t\t\t\t\t\t\t<meta itemprop=\"interactionCount\" content=\"UserComments: 0\"\/>\n\t\t\t\t\t\t\t<\/div>\n\t\t\t\t\t\t<\/div>\n\t\t\t\t\t<\/div>\n\t\t\t\t\t\t\t\t\t\t\t\t<div class=\"qode-bct-post\">\n\t\t\t\t\t\t\t\t\t\t\t\t\t<div class=\"qode-bct-post-image\">\n\t\t\t\t\t\t\t\t<a href=\"https:\/\/www.cptf.it\/it\/padova-alcologia-tra-normalita-e-devianza-la-cura-a-caro-prezzo-14-giugno-2025\/\" itemprop=\"url\">\n\t\t\t\t\t\t\t\t\t<img loading=\"lazy\" decoding=\"async\" width=\"689\" height=\"736\" src=\"https:\/\/www.cptf.it\/it\/wp-content\/uploads\/Alcologia.png\" class=\"attachment-full size-full wp-post-image\" alt=\"\" srcset=\"https:\/\/www.cptf.it\/it\/wp-content\/uploads\/Alcologia.png 689w, https:\/\/www.cptf.it\/it\/wp-content\/uploads\/Alcologia-281x300.png 281w\" sizes=\"(max-width: 689px) 100vw, 689px\" \/>\t\t\t\t\t\t\t\t<\/a>\n\t\t\t\t\t\t\t<\/div>\n\t\t\t\t\t\t\t\t\t\t\t\t<div class=\"qode-bct-post-text\">\n\t\t\t\t\t\t\t<h3 class=\"qode-bct-post-title entry_title\" itemprop=\"name\">\n\t\t\t\t\t\t\t\t<a href=\"https:\/\/www.cptf.it\/it\/padova-alcologia-tra-normalita-e-devianza-la-cura-a-caro-prezzo-14-giugno-2025\/\" itemprop=\"url\">Padova &#8211; Alcologia tra normalit\u00e0 e devianza \u2013 La cura a caro prezzo &#8211; 14 giugno 2025<\/a>\n\t\t\t\t\t\t\t<\/h3>\n\t\t\t\t\t\t\t\t\t\t\t\t\t\t<p itemprop=\"description\" class = \"qode-bct-post-excerpt\"> [vc_row css_animation=&#8221;&#8221; row_type=&#8221;row&#8221; use_row_as_full_screen_section=&#8221;no&#8221; type=&#8221;full_width&#8221; angled_section=&#8221;no&#8221; text_align=&#8221;left&#8221; background_image_as_pattern=&#8221;without_pattern&#8221;][vc_column][vc_separator type=&#8221;normal&#8221;][\/vc_column][\/vc_row][vc_row css_animation=&#8221;&#8221; row_type=&#8221;row&#8221; use_row_as_full_screen_section=&#8221;no&#8221; type=&#8221;full_width&#8221; angled_section=&#8221;no&#8221; text_align=&#8221;left&#8221; background_image_as_pattern=&#8221;without_pattern&#8221;][vc_column][vc_separator type=&#8221;normal&#8221;][\/vc_column][\/vc_row][vc_row css_animation=&#8221;&#8221; row_type=&#8221;row&#8221; use_row_as_full_screen_section=&#8221;no&#8221; type=&#8221;full_width&#8221; angled_section=&#8221;no&#8221; text_align=&#8221;left&#8221; background_image_as_pattern=&#8221;without_pattern&#8221;][vc_column][vc_separator type=&#8221;normal&#8221;][\/vc_column][\/vc_row][vc_row css_animation=&#8221;&#8221; row_type=&#8221;row&#8221; use_row_as_full_screen_section=&#8221;no&#8221; type=&#8221;full_width&#8221; angled_section=&#8221;no&#8221; text_align=&#8221;left&#8221; background_image_as_pattern=&#8221;without_pattern&#8221;][vc_column][vc_column_text css=&#8221;&#8221;]Il 14 giugno 2025 presso il Centro Universitario di Via Zabarella a Padova, si terr\u00e0 la terza edizione...<\/p>\n\t\t\t\t\t\t\t<div class=\"qode-bct-post-date entry_date updated\" itemprop=\"dateCreated\">\n\t\t\t\t\t\t\t\t13\/05\/2025\t\t\t\t\t\t\t\t<meta itemprop=\"interactionCount\" content=\"UserComments: 0\"\/>\n\t\t\t\t\t\t\t<\/div>\n\t\t\t\t\t\t<\/div>\n\t\t\t\t\t<\/div>\n\t\t\t\t\t\t\t\t\t\t\t\t<div class=\"qode-bct-post\">\n\t\t\t\t\t\t\t\t\t\t\t\t\t<div class=\"qode-bct-post-image\">\n\t\t\t\t\t\t\t\t<a href=\"https:\/\/www.cptf.it\/it\/muggia-trieste-festival-pari-opportunita\/\" itemprop=\"url\">\n\t\t\t\t\t\t\t\t\t<img loading=\"lazy\" decoding=\"async\" width=\"702\" height=\"943\" src=\"https:\/\/www.cptf.it\/it\/wp-content\/uploads\/Screenshot-2025-05-06-123005.png\" class=\"attachment-full size-full wp-post-image\" alt=\"\" srcset=\"https:\/\/www.cptf.it\/it\/wp-content\/uploads\/Screenshot-2025-05-06-123005.png 702w, https:\/\/www.cptf.it\/it\/wp-content\/uploads\/Screenshot-2025-05-06-123005-223x300.png 223w, https:\/\/www.cptf.it\/it\/wp-content\/uploads\/Screenshot-2025-05-06-123005-700x940.png 700w\" sizes=\"(max-width: 702px) 100vw, 702px\" \/>\t\t\t\t\t\t\t\t<\/a>\n\t\t\t\t\t\t\t<\/div>\n\t\t\t\t\t\t\t\t\t\t\t\t<div class=\"qode-bct-post-text\">\n\t\t\t\t\t\t\t<h3 class=\"qode-bct-post-title entry_title\" itemprop=\"name\">\n\t\t\t\t\t\t\t\t<a href=\"https:\/\/www.cptf.it\/it\/muggia-trieste-festival-pari-opportunita\/\" itemprop=\"url\">Muggia &#8211; Trieste &#8211; Festival Pari Opportunit\u00e0<\/a>\n\t\t\t\t\t\t\t<\/h3>\n\t\t\t\t\t\t\t\t\t\t\t\t\t\t<p itemprop=\"description\" class = \"qode-bct-post-excerpt\"> [vc_row css_animation=&#8221;&#8221; row_type=&#8221;row&#8221; use_row_as_full_screen_section=&#8221;no&#8221; type=&#8221;full_width&#8221; angled_section=&#8221;no&#8221; text_align=&#8221;left&#8221; background_image_as_pattern=&#8221;without_pattern&#8221;][vc_column][vc_separator type=&#8221;normal&#8221;][\/vc_column][\/vc_row][vc_row css_animation=&#8221;&#8221; row_type=&#8221;row&#8221; use_row_as_full_screen_section=&#8221;no&#8221; type=&#8221;full_width&#8221; angled_section=&#8221;no&#8221; text_align=&#8221;left&#8221; background_image_as_pattern=&#8221;without_pattern&#8221;][vc_column][vc_separator type=&#8221;normal&#8221;][\/vc_column][\/vc_row][vc_row css_animation=&#8221;&#8221; row_type=&#8221;row&#8221; use_row_as_full_screen_section=&#8221;no&#8221; type=&#8221;full_width&#8221; angled_section=&#8221;no&#8221; text_align=&#8221;left&#8221; background_image_as_pattern=&#8221;without_pattern&#8221;][vc_column][vc_separator type=&#8221;normal&#8221;][\/vc_column][\/vc_row]<\/p>\n\t\t\t\t\t\t\t<div class=\"qode-bct-post-date entry_date updated\" itemprop=\"dateCreated\">\n\t\t\t\t\t\t\t\t06\/05\/2025\t\t\t\t\t\t\t\t<meta itemprop=\"interactionCount\" content=\"UserComments: 0\"\/>\n\t\t\t\t\t\t\t<\/div>\n\t\t\t\t\t\t<\/div>\n\t\t\t\t\t<\/div>\n\t\t\t\t\t\t\t\t\t\t\t\t<div class=\"qode-bct-post\">\n\t\t\t\t\t\t\t\t\t\t\t\t\t<div class=\"qode-bct-post-image\">\n\t\t\t\t\t\t\t\t<a href=\"https:\/\/www.cptf.it\/it\/trieste-seminario-sullo-stress-lavorativo-in-ambito-credito-assicurativo\/\" itemprop=\"url\">\n\t\t\t\t\t\t\t\t\t<img loading=\"lazy\" decoding=\"async\" width=\"960\" height=\"540\" src=\"https:\/\/www.cptf.it\/it\/wp-content\/uploads\/131AD90E-85F3-403C-BD12-ACCF4AF36A04.jpg\" class=\"attachment-full size-full wp-post-image\" alt=\"\" srcset=\"https:\/\/www.cptf.it\/it\/wp-content\/uploads\/131AD90E-85F3-403C-BD12-ACCF4AF36A04.jpg 960w, https:\/\/www.cptf.it\/it\/wp-content\/uploads\/131AD90E-85F3-403C-BD12-ACCF4AF36A04-300x169.jpg 300w, https:\/\/www.cptf.it\/it\/wp-content\/uploads\/131AD90E-85F3-403C-BD12-ACCF4AF36A04-768x432.jpg 768w, https:\/\/www.cptf.it\/it\/wp-content\/uploads\/131AD90E-85F3-403C-BD12-ACCF4AF36A04-700x394.jpg 700w, https:\/\/www.cptf.it\/it\/wp-content\/uploads\/131AD90E-85F3-403C-BD12-ACCF4AF36A04-539x303.jpg 539w\" sizes=\"(max-width: 960px) 100vw, 960px\" \/>\t\t\t\t\t\t\t\t<\/a>\n\t\t\t\t\t\t\t<\/div>\n\t\t\t\t\t\t\t\t\t\t\t\t<div class=\"qode-bct-post-text\">\n\t\t\t\t\t\t\t<h3 class=\"qode-bct-post-title entry_title\" itemprop=\"name\">\n\t\t\t\t\t\t\t\t<a href=\"https:\/\/www.cptf.it\/it\/trieste-seminario-sullo-stress-lavorativo-in-ambito-credito-assicurativo\/\" itemprop=\"url\">Trieste &#8211; Seminario sullo stress lavorativo in ambito credito &#8211; assicurativo<\/a>\n\t\t\t\t\t\t\t<\/h3>\n\t\t\t\t\t\t\t\t\t\t\t\t\t\t<p itemprop=\"description\" class = \"qode-bct-post-excerpt\"> [vc_row css_animation=&#8221;&#8221; row_type=&#8221;row&#8221; use_row_as_full_screen_section=&#8221;no&#8221; type=&#8221;full_width&#8221; angled_section=&#8221;no&#8221; text_align=&#8221;left&#8221; background_image_as_pattern=&#8221;without_pattern&#8221;][vc_column][vc_separator type=&#8221;normal&#8221;][\/vc_column][\/vc_row][vc_row css_animation=&#8221;&#8221; row_type=&#8221;row&#8221; use_row_as_full_screen_section=&#8221;no&#8221; type=&#8221;full_width&#8221; angled_section=&#8221;no&#8221; text_align=&#8221;left&#8221; background_image_as_pattern=&#8221;without_pattern&#8221;][vc_column][vc_separator type=&#8221;normal&#8221;][\/vc_column][\/vc_row][vc_row css_animation=&#8221;&#8221; row_type=&#8221;row&#8221; use_row_as_full_screen_section=&#8221;no&#8221; type=&#8221;full_width&#8221; angled_section=&#8221;no&#8221; text_align=&#8221;left&#8221; background_image_as_pattern=&#8221;without_pattern&#8221;][vc_column][vc_column_text css=&#8221;&#8221;] Seminario sullo stress lavorativo in ambito credito &#8211; assicurativo La conferenza si propone di trattare il tema dello stress lavoro correlato da un punto di...<\/p>\n\t\t\t\t\t\t\t<div class=\"qode-bct-post-date entry_date updated\" itemprop=\"dateCreated\">\n\t\t\t\t\t\t\t\t10\/04\/2025\t\t\t\t\t\t\t\t<meta itemprop=\"interactionCount\" content=\"UserComments: 0\"\/>\n\t\t\t\t\t\t\t<\/div>\n\t\t\t\t\t\t<\/div>\n\t\t\t\t\t<\/div>\n\t\t\t\t\t\t\t\t\t\t\t\t<div class=\"qode-bct-post\">\n\t\t\t\t\t\t\t\t\t\t\t\t\t<div class=\"qode-bct-post-image\">\n\t\t\t\t\t\t\t\t<a href=\"https:\/\/www.cptf.it\/it\/64-convegno-di-studio-guerra-e-migrazioni-forzate-roma\/\" itemprop=\"url\">\n\t\t\t\t\t\t\t\t\t<img loading=\"lazy\" decoding=\"async\" width=\"1276\" height=\"631\" src=\"https:\/\/www.cptf.it\/it\/wp-content\/uploads\/Guerra-e-migrazioni.png\" class=\"attachment-full size-full wp-post-image\" alt=\"\" srcset=\"https:\/\/www.cptf.it\/it\/wp-content\/uploads\/Guerra-e-migrazioni.png 1276w, https:\/\/www.cptf.it\/it\/wp-content\/uploads\/Guerra-e-migrazioni-300x148.png 300w, https:\/\/www.cptf.it\/it\/wp-content\/uploads\/Guerra-e-migrazioni-1200x593.png 1200w, https:\/\/www.cptf.it\/it\/wp-content\/uploads\/Guerra-e-migrazioni-768x380.png 768w, https:\/\/www.cptf.it\/it\/wp-content\/uploads\/Guerra-e-migrazioni-700x346.png 700w\" sizes=\"(max-width: 1276px) 100vw, 1276px\" \/>\t\t\t\t\t\t\t\t<\/a>\n\t\t\t\t\t\t\t<\/div>\n\t\t\t\t\t\t\t\t\t\t\t\t<div class=\"qode-bct-post-text\">\n\t\t\t\t\t\t\t<h3 class=\"qode-bct-post-title entry_title\" itemprop=\"name\">\n\t\t\t\t\t\t\t\t<a href=\"https:\/\/www.cptf.it\/it\/64-convegno-di-studio-guerra-e-migrazioni-forzate-roma\/\" itemprop=\"url\">64\u00b0 CONVEGNO DI STUDIO &#8211; GUERRA E MIGRAZIONI FORZATE &#8211; ROMA<\/a>\n\t\t\t\t\t\t\t<\/h3>\n\t\t\t\t\t\t\t\t\t\t\t\t\t\t<p itemprop=\"description\" class = \"qode-bct-post-excerpt\"> [vc_row css_animation=&#8221;&#8221; row_type=&#8221;row&#8221; use_row_as_full_screen_section=&#8221;no&#8221; type=&#8221;full_width&#8221; angled_section=&#8221;no&#8221; text_align=&#8221;left&#8221; background_image_as_pattern=&#8221;without_pattern&#8221;][vc_column][vc_separator type=&#8221;normal&#8221;][\/vc_column][\/vc_row][vc_row css_animation=&#8221;&#8221; row_type=&#8221;row&#8221; use_row_as_full_screen_section=&#8221;no&#8221; type=&#8221;full_width&#8221; angled_section=&#8221;no&#8221; text_align=&#8221;left&#8221; background_image_as_pattern=&#8221;without_pattern&#8221;][vc_column][vc_separator type=&#8221;normal&#8221;][\/vc_column][\/vc_row][vc_row css_animation=&#8221;&#8221; row_type=&#8221;row&#8221; use_row_as_full_screen_section=&#8221;no&#8221; type=&#8221;full_width&#8221; angled_section=&#8221;no&#8221; text_align=&#8221;left&#8221; background_image_as_pattern=&#8221;without_pattern&#8221;][vc_column][vc_column_text css=&#8221;&#8221;] 64\u00b0 Convegno di studio 4 &#8211; 5 luglio 2025 c\/o auditorium del Seraphicum, Roma OBIETTIVI: Il recente convegno internazionale di Assisi, seguito dal Manifesto di...<\/p>\n\t\t\t\t\t\t\t<div class=\"qode-bct-post-date entry_date updated\" itemprop=\"dateCreated\">\n\t\t\t\t\t\t\t\t31\/03\/2025\t\t\t\t\t\t\t\t<meta itemprop=\"interactionCount\" content=\"UserComments: 0\"\/>\n\t\t\t\t\t\t\t<\/div>\n\t\t\t\t\t\t<\/div>\n\t\t\t\t\t<\/div>\n\t\t\t\t\t\t\t\t\t\t\t\t<div class=\"qode-bct-post\">\n\t\t\t\t\t\t\t\t\t\t\t\t\t<div class=\"qode-bct-post-image\">\n\t\t\t\t\t\t\t\t<a href=\"https:\/\/www.cptf.it\/it\/ipnosi-tra-mito-e-realta-cose-lipnosi-e-quali-sono-le-sue-applicazioni-nellambito-sanitario\/\" itemprop=\"url\">\n\t\t\t\t\t\t\t\t\t<img loading=\"lazy\" decoding=\"async\" width=\"992\" height=\"682\" src=\"https:\/\/www.cptf.it\/it\/wp-content\/uploads\/padova-2025-ipnosi-locandina-002.png\" class=\"attachment-full size-full wp-post-image\" alt=\"\" srcset=\"https:\/\/www.cptf.it\/it\/wp-content\/uploads\/padova-2025-ipnosi-locandina-002.png 992w, https:\/\/www.cptf.it\/it\/wp-content\/uploads\/padova-2025-ipnosi-locandina-002-300x206.png 300w, https:\/\/www.cptf.it\/it\/wp-content\/uploads\/padova-2025-ipnosi-locandina-002-768x528.png 768w, https:\/\/www.cptf.it\/it\/wp-content\/uploads\/padova-2025-ipnosi-locandina-002-700x481.png 700w\" sizes=\"(max-width: 992px) 100vw, 992px\" \/>\t\t\t\t\t\t\t\t<\/a>\n\t\t\t\t\t\t\t<\/div>\n\t\t\t\t\t\t\t\t\t\t\t\t<div class=\"qode-bct-post-text\">\n\t\t\t\t\t\t\t<h3 class=\"qode-bct-post-title entry_title\" itemprop=\"name\">\n\t\t\t\t\t\t\t\t<a href=\"https:\/\/www.cptf.it\/it\/ipnosi-tra-mito-e-realta-cose-lipnosi-e-quali-sono-le-sue-applicazioni-nellambito-sanitario\/\" itemprop=\"url\">IPNOSI TRA MITO E REALTA&#8217; &#8211; COS&#8217;E&#8217; L&#8217;IPNOSI E QUALI SONO LE SUE APPLICAZIONI NELL&#8217;AMBITO SANITARIO<\/a>\n\t\t\t\t\t\t\t<\/h3>\n\t\t\t\t\t\t\t\t\t\t\t\t\t\t<p itemprop=\"description\" class = \"qode-bct-post-excerpt\"> <\/p>\n\t\t\t\t\t\t\t<div class=\"qode-bct-post-date entry_date updated\" itemprop=\"dateCreated\">\n\t\t\t\t\t\t\t\t25\/02\/2025\t\t\t\t\t\t\t\t<meta itemprop=\"interactionCount\" content=\"UserComments: 0\"\/>\n\t\t\t\t\t\t\t<\/div>\n\t\t\t\t\t\t<\/div>\n\t\t\t\t\t<\/div>\n\t\t\t\t\t\t\t\t\t\t\t\t<div class=\"qode-bct-post\">\n\t\t\t\t\t\t\t\t\t\t\t\t\t<div class=\"qode-bct-post-image\">\n\t\t\t\t\t\t\t\t<a href=\"https:\/\/www.cptf.it\/it\/congresso-internazionale-sirts-clinica-sistemica-e-frammentazione-dei-contesti-cura-dei-legami-e-nuove-complessita\/\" itemprop=\"url\">\n\t\t\t\t\t\t\t\t\t<img loading=\"lazy\" decoding=\"async\" width=\"755\" height=\"286\" src=\"https:\/\/www.cptf.it\/it\/wp-content\/uploads\/intestazione.png\" class=\"attachment-full size-full wp-post-image\" alt=\"\" srcset=\"https:\/\/www.cptf.it\/it\/wp-content\/uploads\/intestazione.png 755w, https:\/\/www.cptf.it\/it\/wp-content\/uploads\/intestazione-300x114.png 300w, https:\/\/www.cptf.it\/it\/wp-content\/uploads\/intestazione-700x265.png 700w\" sizes=\"(max-width: 755px) 100vw, 755px\" \/>\t\t\t\t\t\t\t\t<\/a>\n\t\t\t\t\t\t\t<\/div>\n\t\t\t\t\t\t\t\t\t\t\t\t<div class=\"qode-bct-post-text\">\n\t\t\t\t\t\t\t<h3 class=\"qode-bct-post-title entry_title\" itemprop=\"name\">\n\t\t\t\t\t\t\t\t<a href=\"https:\/\/www.cptf.it\/it\/congresso-internazionale-sirts-clinica-sistemica-e-frammentazione-dei-contesti-cura-dei-legami-e-nuove-complessita\/\" itemprop=\"url\">CONGRESSO INTERNAZIONALE SIRTS &#8211; CLINICA SISTEMICA E FRAMMENTAZIONE DEI CONTESTI &#8211; &#8220;Cura dei legami e nuove complessit\u00e0&#8221;<\/a>\n\t\t\t\t\t\t\t<\/h3>\n\t\t\t\t\t\t\t\t\t\t\t\t\t\t<p itemprop=\"description\" class = \"qode-bct-post-excerpt\"> [vc_row css_animation=&#8221;&#8221; row_type=&#8221;row&#8221; use_row_as_full_screen_section=&#8221;no&#8221; type=&#8221;full_width&#8221; angled_section=&#8221;no&#8221; text_align=&#8221;left&#8221; background_image_as_pattern=&#8221;without_pattern&#8221;][vc_column][vc_column_text css=&#8221;&#8221;] WORKSHOP POST- CONGRESSO Domenica 18 maggio 2025 h.9,30-13,00 Integrazione, Neuroscienze, Terapia Sistemica, EMDR Iseolagohotel \u2013 Sala Torbiere \u2013 via Colombera, 2, Iseo (BS) Relatori: Andrea Mosconi, psichiatra, psicoterapeuta, didatta del Centro Milanese di Terapia della Famiglia, Direttore del Centro Padovano di...<\/p>\n\t\t\t\t\t\t\t<div class=\"qode-bct-post-date entry_date updated\" itemprop=\"dateCreated\">\n\t\t\t\t\t\t\t\t04\/02\/2025\t\t\t\t\t\t\t\t<meta itemprop=\"interactionCount\" content=\"UserComments: 0\"\/>\n\t\t\t\t\t\t\t<\/div>\n\t\t\t\t\t\t<\/div>\n\t\t\t\t\t<\/div>\n\t\t\t\t\t\t\t\t\t\t\t\t<div class=\"qode-bct-post\">\n\t\t\t\t\t\t\t\t\t\t\t\t\t<div class=\"qode-bct-post-image\">\n\t\t\t\t\t\t\t\t<a href=\"https:\/\/www.cptf.it\/it\/corso-sguardi-inclusivi-stereotipi-identita-e-benessere-nella-relazione-di-cura\/\" itemprop=\"url\">\n\t\t\t\t\t\t\t\t\t<img loading=\"lazy\" decoding=\"async\" width=\"722\" height=\"1024\" src=\"https:\/\/www.cptf.it\/it\/wp-content\/uploads\/1731941709021-8e93c6d3-b1cd-4d56-9185-71d7e3f134d9_1.jpg\" class=\"attachment-full size-full wp-post-image\" alt=\"\" srcset=\"https:\/\/www.cptf.it\/it\/wp-content\/uploads\/1731941709021-8e93c6d3-b1cd-4d56-9185-71d7e3f134d9_1.jpg 722w, https:\/\/www.cptf.it\/it\/wp-content\/uploads\/1731941709021-8e93c6d3-b1cd-4d56-9185-71d7e3f134d9_1-212x300.jpg 212w, https:\/\/www.cptf.it\/it\/wp-content\/uploads\/1731941709021-8e93c6d3-b1cd-4d56-9185-71d7e3f134d9_1-700x993.jpg 700w\" sizes=\"(max-width: 722px) 100vw, 722px\" \/>\t\t\t\t\t\t\t\t<\/a>\n\t\t\t\t\t\t\t<\/div>\n\t\t\t\t\t\t\t\t\t\t\t\t<div class=\"qode-bct-post-text\">\n\t\t\t\t\t\t\t<h3 class=\"qode-bct-post-title entry_title\" itemprop=\"name\">\n\t\t\t\t\t\t\t\t<a href=\"https:\/\/www.cptf.it\/it\/corso-sguardi-inclusivi-stereotipi-identita-e-benessere-nella-relazione-di-cura\/\" itemprop=\"url\">Corso &#8220;Sguardi inclusivi: Stereotipi, Identit\u00e0 e Benessere nella Relazione di Cura&#8221;&#8221;<\/a>\n\t\t\t\t\t\t\t<\/h3>\n\t\t\t\t\t\t\t\t\t\t\t\t\t\t<p itemprop=\"description\" class = \"qode-bct-post-excerpt\"> [vc_row css_animation=&#8221;&#8221; row_type=&#8221;row&#8221; use_row_as_full_screen_section=&#8221;no&#8221; type=&#8221;full_width&#8221; angled_section=&#8221;no&#8221; text_align=&#8221;left&#8221; background_image_as_pattern=&#8221;without_pattern&#8221;][vc_column][vc_column_text css=&#8221;&#8221;] Informazioni Referente: Serena Da Ros ecm@itaca.coopsoc.it Tel. 0434 504000 &#8211; int. 2[\/vc_column_text][\/vc_column][\/vc_row]<\/p>\n\t\t\t\t\t\t\t<div class=\"qode-bct-post-date entry_date updated\" itemprop=\"dateCreated\">\n\t\t\t\t\t\t\t\t18\/11\/2024\t\t\t\t\t\t\t\t<meta itemprop=\"interactionCount\" content=\"UserComments: 0\"\/>\n\t\t\t\t\t\t\t<\/div>\n\t\t\t\t\t\t<\/div>\n\t\t\t\t\t<\/div>\n\t\t\t\t\t\t\t\t\t\t\t\t<div class=\"qode-bct-post\">\n\t\t\t\t\t\t\t\t\t\t\t\t\t<div class=\"qode-bct-post-image\">\n\t\t\t\t\t\t\t\t<a href=\"https:\/\/www.cptf.it\/it\/convegno-adolescenze-difficili-questioni-emergenti-e-dispositivi-di-cura\/\" itemprop=\"url\">\n\t\t\t\t\t\t\t\t\t<img loading=\"lazy\" decoding=\"async\" width=\"602\" height=\"855\" src=\"https:\/\/www.cptf.it\/it\/wp-content\/uploads\/Convegno-Adolescenze-difficili.png\" class=\"attachment-full size-full wp-post-image\" alt=\"\" srcset=\"https:\/\/www.cptf.it\/it\/wp-content\/uploads\/Convegno-Adolescenze-difficili.png 602w, https:\/\/www.cptf.it\/it\/wp-content\/uploads\/Convegno-Adolescenze-difficili-211x300.png 211w\" sizes=\"(max-width: 602px) 100vw, 602px\" \/>\t\t\t\t\t\t\t\t<\/a>\n\t\t\t\t\t\t\t<\/div>\n\t\t\t\t\t\t\t\t\t\t\t\t<div class=\"qode-bct-post-text\">\n\t\t\t\t\t\t\t<h3 class=\"qode-bct-post-title entry_title\" itemprop=\"name\">\n\t\t\t\t\t\t\t\t<a href=\"https:\/\/www.cptf.it\/it\/convegno-adolescenze-difficili-questioni-emergenti-e-dispositivi-di-cura\/\" itemprop=\"url\">Convegno &#8220;Adolescenze difficili: questioni emergenti e dispositivi di cura&#8221;<\/a>\n\t\t\t\t\t\t\t<\/h3>\n\t\t\t\t\t\t\t\t\t\t\t\t\t\t<p itemprop=\"description\" class = \"qode-bct-post-excerpt\"> [vc_row css_animation=&#8221;&#8221; row_type=&#8221;row&#8221; use_row_as_full_screen_section=&#8221;no&#8221; type=&#8221;full_width&#8221; angled_section=&#8221;no&#8221; text_align=&#8221;left&#8221; background_image_as_pattern=&#8221;without_pattern&#8221;][vc_column][vc_column_text] &nbsp; Per maggiori Informazioni: GIAP AEPEA: infoconvegnogiap@gmail.com[\/vc_column_text][\/vc_column][\/vc_row]<\/p>\n\t\t\t\t\t\t\t<div class=\"qode-bct-post-date entry_date updated\" itemprop=\"dateCreated\">\n\t\t\t\t\t\t\t\t20\/09\/2024\t\t\t\t\t\t\t\t<meta itemprop=\"interactionCount\" content=\"UserComments: 0\"\/>\n\t\t\t\t\t\t\t<\/div>\n\t\t\t\t\t\t<\/div>\n\t\t\t\t\t<\/div>\n\t\t\t\t\t\t\t\t\t\t\t\t<div class=\"qode-bct-post\">\n\t\t\t\t\t\t\t\t\t\t\t\t\t<div class=\"qode-bct-post-image\">\n\t\t\t\t\t\t\t\t<a href=\"https:\/\/www.cptf.it\/it\/congresso-internazionale-sirts\/\" itemprop=\"url\">\n\t\t\t\t\t\t\t\t\t<img loading=\"lazy\" decoding=\"async\" width=\"611\" height=\"894\" src=\"https:\/\/www.cptf.it\/it\/wp-content\/uploads\/SIRT.png\" class=\"attachment-full size-full wp-post-image\" alt=\"\" srcset=\"https:\/\/www.cptf.it\/it\/wp-content\/uploads\/SIRT.png 611w, https:\/\/www.cptf.it\/it\/wp-content\/uploads\/SIRT-205x300.png 205w\" sizes=\"(max-width: 611px) 100vw, 611px\" \/>\t\t\t\t\t\t\t\t<\/a>\n\t\t\t\t\t\t\t<\/div>\n\t\t\t\t\t\t\t\t\t\t\t\t<div class=\"qode-bct-post-text\">\n\t\t\t\t\t\t\t<h3 class=\"qode-bct-post-title entry_title\" itemprop=\"name\">\n\t\t\t\t\t\t\t\t<a href=\"https:\/\/www.cptf.it\/it\/congresso-internazionale-sirts\/\" itemprop=\"url\">Congresso Internazionale SIRTS<\/a>\n\t\t\t\t\t\t\t<\/h3>\n\t\t\t\t\t\t\t\t\t\t\t\t\t\t<p itemprop=\"description\" class = \"qode-bct-post-excerpt\"> [vc_row css_animation=&#8221;&#8221; row_type=&#8221;row&#8221; use_row_as_full_screen_section=&#8221;no&#8221; type=&#8221;full_width&#8221; angled_section=&#8221;no&#8221; text_align=&#8221;left&#8221; background_image_as_pattern=&#8221;without_pattern&#8221;][vc_column][vc_column_text] Clinica sistemica e frammentazione dei contesti &#8211; Cura dei legami e nuove complessit\u00e0 Data:\u00a016\u00a0Maggio\u00a02025\u00a0&#8211;\u00a017\u00a0Maggio\u00a02025 &nbsp; Clinica sistemica e frammentazione dei contesti Cura dei legami e nuove complessit\u00e0 Cliniques syst\u00e9miques et fragmentation des contextes Soin des liens et nouvelles complexit\u00e9s Systemic clinical practice...<\/p>\n\t\t\t\t\t\t\t<div class=\"qode-bct-post-date entry_date updated\" itemprop=\"dateCreated\">\n\t\t\t\t\t\t\t\t20\/09\/2024\t\t\t\t\t\t\t\t<meta itemprop=\"interactionCount\" content=\"UserComments: 0\"\/>\n\t\t\t\t\t\t\t<\/div>\n\t\t\t\t\t\t<\/div>\n\t\t\t\t\t<\/div>\n\t\t\t\t\t\t\t\t\t\t\t\t<div class=\"qode-bct-post\">\n\t\t\t\t\t\t\t\t\t\t\t\t\t<div class=\"qode-bct-post-image\">\n\t\t\t\t\t\t\t\t<a href=\"https:\/\/www.cptf.it\/it\/congresso-intermedio-sippr-2024-lattualita-del-modello-relazionale-in-clinica-didattica-e-ricerca\/\" itemprop=\"url\">\n\t\t\t\t\t\t\t\t\t<img loading=\"lazy\" decoding=\"async\" width=\"774\" height=\"779\" src=\"https:\/\/www.cptf.it\/it\/wp-content\/uploads\/SIPPR.png\" class=\"attachment-full size-full wp-post-image\" alt=\"\" srcset=\"https:\/\/www.cptf.it\/it\/wp-content\/uploads\/SIPPR.png 774w, https:\/\/www.cptf.it\/it\/wp-content\/uploads\/SIPPR-298x300.png 298w, https:\/\/www.cptf.it\/it\/wp-content\/uploads\/SIPPR-150x150.png 150w, https:\/\/www.cptf.it\/it\/wp-content\/uploads\/SIPPR-768x773.png 768w, https:\/\/www.cptf.it\/it\/wp-content\/uploads\/SIPPR-700x705.png 700w\" sizes=\"(max-width: 774px) 100vw, 774px\" \/>\t\t\t\t\t\t\t\t<\/a>\n\t\t\t\t\t\t\t<\/div>\n\t\t\t\t\t\t\t\t\t\t\t\t<div class=\"qode-bct-post-text\">\n\t\t\t\t\t\t\t<h3 class=\"qode-bct-post-title entry_title\" itemprop=\"name\">\n\t\t\t\t\t\t\t\t<a href=\"https:\/\/www.cptf.it\/it\/congresso-intermedio-sippr-2024-lattualita-del-modello-relazionale-in-clinica-didattica-e-ricerca\/\" itemprop=\"url\">Congresso Intermedio SIPPR 2024 &#8211; \u201cL\u2019ATTUALIT\u00c1 DEL MODELLO RELAZIONALE IN CLINICA, DIDATTICA E RICERCA\u201d<\/a>\n\t\t\t\t\t\t\t<\/h3>\n\t\t\t\t\t\t\t\t\t\t\t\t\t\t<p itemprop=\"description\" class = \"qode-bct-post-excerpt\"> [vc_row css_animation=&#8221;&#8221; row_type=&#8221;row&#8221; use_row_as_full_screen_section=&#8221;no&#8221; type=&#8221;full_width&#8221; angled_section=&#8221;no&#8221; text_align=&#8221;left&#8221; background_image_as_pattern=&#8221;without_pattern&#8221;][vc_column][vc_column_text]Carissimi si comunica che il Congresso Intermedio SIPPR 2024 del 15 e 16 novembre 2024 dal titolo \u201cL\u2019ATTUALIT\u00c1 DEL MODELLO RELAZIONALE IN CLINICA, DIDATTICA E RICERCA\u201d, si svolger\u00e0 a Milano in modalit\u00e0 blended (sincrona in presenza e online), il programma dettagliato del seminario...<\/p>\n\t\t\t\t\t\t\t<div class=\"qode-bct-post-date entry_date updated\" itemprop=\"dateCreated\">\n\t\t\t\t\t\t\t\t20\/09\/2024\t\t\t\t\t\t\t\t<meta itemprop=\"interactionCount\" content=\"UserComments: 0\"\/>\n\t\t\t\t\t\t\t<\/div>\n\t\t\t\t\t\t<\/div>\n\t\t\t\t\t<\/div>\n\t\t\t\t\t\t\t\t\t\t\t\t<div class=\"qode-bct-post\">\n\t\t\t\t\t\t\t\t\t\t\t\t\t<div class=\"qode-bct-post-image\">\n\t\t\t\t\t\t\t\t<a href=\"https:\/\/www.cptf.it\/it\/congresso-efta-cim-bordeaux-violences-sexuelles-intrafamiliares-sortir-ensemble-du-deni\/\" itemprop=\"url\">\n\t\t\t\t\t\t\t\t\t<img loading=\"lazy\" decoding=\"async\" width=\"1200\" height=\"1200\" src=\"https:\/\/www.cptf.it\/it\/wp-content\/uploads\/logo_fr_c_normal.jpg\" class=\"attachment-full size-full wp-post-image\" alt=\"\" srcset=\"https:\/\/www.cptf.it\/it\/wp-content\/uploads\/logo_fr_c_normal.jpg 1200w, https:\/\/www.cptf.it\/it\/wp-content\/uploads\/logo_fr_c_normal-300x300.jpg 300w, https:\/\/www.cptf.it\/it\/wp-content\/uploads\/logo_fr_c_normal-1080x1080.jpg 1080w, https:\/\/www.cptf.it\/it\/wp-content\/uploads\/logo_fr_c_normal-150x150.jpg 150w, https:\/\/www.cptf.it\/it\/wp-content\/uploads\/logo_fr_c_normal-768x768.jpg 768w, https:\/\/www.cptf.it\/it\/wp-content\/uploads\/logo_fr_c_normal-570x570.jpg 570w, https:\/\/www.cptf.it\/it\/wp-content\/uploads\/logo_fr_c_normal-500x500.jpg 500w, https:\/\/www.cptf.it\/it\/wp-content\/uploads\/logo_fr_c_normal-1000x1000.jpg 1000w, https:\/\/www.cptf.it\/it\/wp-content\/uploads\/logo_fr_c_normal-700x700.jpg 700w\" sizes=\"(max-width: 1200px) 100vw, 1200px\" \/>\t\t\t\t\t\t\t\t<\/a>\n\t\t\t\t\t\t\t<\/div>\n\t\t\t\t\t\t\t\t\t\t\t\t<div class=\"qode-bct-post-text\">\n\t\t\t\t\t\t\t<h3 class=\"qode-bct-post-title entry_title\" itemprop=\"name\">\n\t\t\t\t\t\t\t\t<a href=\"https:\/\/www.cptf.it\/it\/congresso-efta-cim-bordeaux-violences-sexuelles-intrafamiliares-sortir-ensemble-du-deni\/\" itemprop=\"url\">Congresso EFTA-CIM Bordeaux &#8220;Violences sexuelles intrafamiliares: sortir ensemble du d\u00e9ni&#8221;<\/a>\n\t\t\t\t\t\t\t<\/h3>\n\t\t\t\t\t\t\t\t\t\t\t\t\t\t<p itemprop=\"description\" class = \"qode-bct-post-excerpt\"> [vc_row css_animation=&#8221;&#8221; row_type=&#8221;row&#8221; use_row_as_full_screen_section=&#8221;no&#8221; type=&#8221;full_width&#8221; angled_section=&#8221;no&#8221; text_align=&#8221;left&#8221; background_image_as_pattern=&#8221;without_pattern&#8221;][vc_column][vc_column_text]Congresso EFTA-CIM Bordeaux &#8220;Violences sexuelles intrafamiliares: sortir ensemble du d\u00e9ni&#8221; Verranno approfondite le tematiche relative alle violenze sessuali intrafamiliari. Maggiori informazioni alla seguente pagina web: https:\/\/efta-cim2024bordeaux-info.teamresa.net\/?perslangue=fr [\/vc_column_text][\/vc_column][\/vc_row]<\/p>\n\t\t\t\t\t\t\t<div class=\"qode-bct-post-date entry_date updated\" itemprop=\"dateCreated\">\n\t\t\t\t\t\t\t\t22\/07\/2024\t\t\t\t\t\t\t\t<meta itemprop=\"interactionCount\" content=\"UserComments: 0\"\/>\n\t\t\t\t\t\t\t<\/div>\n\t\t\t\t\t\t<\/div>\n\t\t\t\t\t<\/div>\n\t\t\t\t\t\t\t\t\t\t\t\t<div class=\"qode-bct-post\">\n\t\t\t\t\t\t\t\t\t\t\t\t\t<div class=\"qode-bct-post-image\">\n\t\t\t\t\t\t\t\t<a href=\"https:\/\/www.cptf.it\/it\/le-emozioni-e-i-se-del-terapeuta-nei-processi-di-cura-e-terapia\/\" itemprop=\"url\">\n\t\t\t\t\t\t\t\t\t<img loading=\"lazy\" decoding=\"async\" width=\"1127\" height=\"642\" src=\"https:\/\/www.cptf.it\/it\/wp-content\/uploads\/PHOTO-2024-04-03-00-34-22-e1715173804427.jpg\" class=\"attachment-full size-full wp-post-image\" alt=\"\" srcset=\"https:\/\/www.cptf.it\/it\/wp-content\/uploads\/PHOTO-2024-04-03-00-34-22-e1715173804427.jpg 1127w, https:\/\/www.cptf.it\/it\/wp-content\/uploads\/PHOTO-2024-04-03-00-34-22-e1715173804427-300x171.jpg 300w, https:\/\/www.cptf.it\/it\/wp-content\/uploads\/PHOTO-2024-04-03-00-34-22-e1715173804427-768x437.jpg 768w, https:\/\/www.cptf.it\/it\/wp-content\/uploads\/PHOTO-2024-04-03-00-34-22-e1715173804427-345x198.jpg 345w, https:\/\/www.cptf.it\/it\/wp-content\/uploads\/PHOTO-2024-04-03-00-34-22-e1715173804427-700x399.jpg 700w\" sizes=\"(max-width: 1127px) 100vw, 1127px\" \/>\t\t\t\t\t\t\t\t<\/a>\n\t\t\t\t\t\t\t<\/div>\n\t\t\t\t\t\t\t\t\t\t\t\t<div class=\"qode-bct-post-text\">\n\t\t\t\t\t\t\t<h3 class=\"qode-bct-post-title entry_title\" itemprop=\"name\">\n\t\t\t\t\t\t\t\t<a href=\"https:\/\/www.cptf.it\/it\/le-emozioni-e-i-se-del-terapeuta-nei-processi-di-cura-e-terapia\/\" itemprop=\"url\">Le Emozioni e i S\u00e9 del terapeuta nei processi di cura e terapia<\/a>\n\t\t\t\t\t\t\t<\/h3>\n\t\t\t\t\t\t\t\t\t\t\t\t\t\t<p itemprop=\"description\" class = \"qode-bct-post-excerpt\"> [vc_row css_animation=&#8221;&#8221; row_type=&#8221;row&#8221; use_row_as_full_screen_section=&#8221;no&#8221; type=&#8221;full_width&#8221; angled_section=&#8221;no&#8221; text_align=&#8221;left&#8221; background_image_as_pattern=&#8221;without_pattern&#8221;][vc_column][vc_column_text]Gentile collega, con piacere ti informo della nuova giornata di studio SIRTS in programma per sabato 11 maggio 2024 dalle 9.15 alle 17.30. &nbsp; L&#8217;evento si terr\u00e0 a Milano presso la sala Pio X, in Piazza Santa Maria del Rosario s.n.c., Milano (fermata...<\/p>\n\t\t\t\t\t\t\t<div class=\"qode-bct-post-date entry_date updated\" itemprop=\"dateCreated\">\n\t\t\t\t\t\t\t\t08\/05\/2024\t\t\t\t\t\t\t\t<meta itemprop=\"interactionCount\" content=\"UserComments: 0\"\/>\n\t\t\t\t\t\t\t<\/div>\n\t\t\t\t\t\t<\/div>\n\t\t\t\t\t<\/div>\n\t\t\t\t\t\t\t\t\t\t\t\t<div class=\"qode-bct-post\">\n\t\t\t\t\t\t\t\t\t\t\t\t\t<div class=\"qode-bct-post-image\">\n\t\t\t\t\t\t\t\t<a href=\"https:\/\/www.cptf.it\/it\/webinar-internazionale-dopo-freud-edipo-dalla-legge-del-padre-alla-legge-della-relazione\/\" itemprop=\"url\">\n\t\t\t\t\t\t\t\t\t<img loading=\"lazy\" decoding=\"async\" width=\"1600\" height=\"1280\" src=\"https:\/\/www.cptf.it\/it\/wp-content\/uploads\/Dopo-Freud-ITA.jpeg\" class=\"attachment-full size-full wp-post-image\" alt=\"\" srcset=\"https:\/\/www.cptf.it\/it\/wp-content\/uploads\/Dopo-Freud-ITA.jpeg 1600w, https:\/\/www.cptf.it\/it\/wp-content\/uploads\/Dopo-Freud-ITA-300x240.jpeg 300w, https:\/\/www.cptf.it\/it\/wp-content\/uploads\/Dopo-Freud-ITA-1200x960.jpeg 1200w, https:\/\/www.cptf.it\/it\/wp-content\/uploads\/Dopo-Freud-ITA-768x614.jpeg 768w, https:\/\/www.cptf.it\/it\/wp-content\/uploads\/Dopo-Freud-ITA-1536x1229.jpeg 1536w, https:\/\/www.cptf.it\/it\/wp-content\/uploads\/Dopo-Freud-ITA-700x560.jpeg 700w\" sizes=\"(max-width: 1600px) 100vw, 1600px\" \/>\t\t\t\t\t\t\t\t<\/a>\n\t\t\t\t\t\t\t<\/div>\n\t\t\t\t\t\t\t\t\t\t\t\t<div class=\"qode-bct-post-text\">\n\t\t\t\t\t\t\t<h3 class=\"qode-bct-post-title entry_title\" itemprop=\"name\">\n\t\t\t\t\t\t\t\t<a href=\"https:\/\/www.cptf.it\/it\/webinar-internazionale-dopo-freud-edipo-dalla-legge-del-padre-alla-legge-della-relazione\/\" itemprop=\"url\">Webinar Internazionale &#8220;Dopo Freud. Edipo: dalla legge del padre alla legge della relazione&#8221;<\/a>\n\t\t\t\t\t\t\t<\/h3>\n\t\t\t\t\t\t\t\t\t\t\t\t\t\t<p itemprop=\"description\" class = \"qode-bct-post-excerpt\"> [vc_row css_animation=&#8221;&#8221; row_type=&#8221;row&#8221; use_row_as_full_screen_section=&#8221;no&#8221; type=&#8221;full_width&#8221; angled_section=&#8221;no&#8221; text_align=&#8221;left&#8221; background_image_as_pattern=&#8221;without_pattern&#8221;][vc_column][vc_column_text]11 Maggio 2024 | 10:00 &#8211; 12:30 Webinar Internazionale &#8220;Dopo Freud. Edipo: dalla legge del padre alla legge della relazione&#8221;[\/vc_column_text][\/vc_column][\/vc_row]<\/p>\n\t\t\t\t\t\t\t<div class=\"qode-bct-post-date entry_date updated\" itemprop=\"dateCreated\">\n\t\t\t\t\t\t\t\t03\/05\/2024\t\t\t\t\t\t\t\t<meta itemprop=\"interactionCount\" content=\"UserComments: 0\"\/>\n\t\t\t\t\t\t\t<\/div>\n\t\t\t\t\t\t<\/div>\n\t\t\t\t\t<\/div>\n\t\t\t\t\t\t\t\t\t\t\t\t<div class=\"qode-bct-post\">\n\t\t\t\t\t\t\t\t\t\t\t\t\t<div class=\"qode-bct-post-image\">\n\t\t\t\t\t\t\t\t<a href=\"https:\/\/www.cptf.it\/it\/presentazione-libro-fragili-10-maggio-2024-c-o-libreria-ubik-trieste\/\" itemprop=\"url\">\n\t\t\t\t\t\t\t\t\t<img loading=\"lazy\" decoding=\"async\" width=\"1080\" height=\"1514\" src=\"https:\/\/www.cptf.it\/it\/wp-content\/uploads\/IMG-20240502-WA0012.jpg\" class=\"attachment-full size-full wp-post-image\" alt=\"\" srcset=\"https:\/\/www.cptf.it\/it\/wp-content\/uploads\/IMG-20240502-WA0012.jpg 1080w, https:\/\/www.cptf.it\/it\/wp-content\/uploads\/IMG-20240502-WA0012-214x300.jpg 214w, https:\/\/www.cptf.it\/it\/wp-content\/uploads\/IMG-20240502-WA0012-770x1080.jpg 770w, https:\/\/www.cptf.it\/it\/wp-content\/uploads\/IMG-20240502-WA0012-768x1077.jpg 768w, https:\/\/www.cptf.it\/it\/wp-content\/uploads\/IMG-20240502-WA0012-700x981.jpg 700w\" sizes=\"(max-width: 1080px) 100vw, 1080px\" \/>\t\t\t\t\t\t\t\t<\/a>\n\t\t\t\t\t\t\t<\/div>\n\t\t\t\t\t\t\t\t\t\t\t\t<div class=\"qode-bct-post-text\">\n\t\t\t\t\t\t\t<h3 class=\"qode-bct-post-title entry_title\" itemprop=\"name\">\n\t\t\t\t\t\t\t\t<a href=\"https:\/\/www.cptf.it\/it\/presentazione-libro-fragili-10-maggio-2024-c-o-libreria-ubik-trieste\/\" itemprop=\"url\">Presentazione Libro &#8220;FRAGILI&#8221; 10 maggio 2024 c\/o LIBRERIA UBIK TRIESTE<\/a>\n\t\t\t\t\t\t\t<\/h3>\n\t\t\t\t\t\t\t\t\t\t\t\t\t\t<p itemprop=\"description\" class = \"qode-bct-post-excerpt\"> [vc_row css_animation=&#8221;&#8221; row_type=&#8221;row&#8221; use_row_as_full_screen_section=&#8221;no&#8221; type=&#8221;full_width&#8221; angled_section=&#8221;no&#8221; text_align=&#8221;left&#8221; background_image_as_pattern=&#8221;without_pattern&#8221;][vc_column][vc_column_text] &#8220;FRAGILI&#8221; 10 Maggio 2024 | 18:00 &#8211; 20:00 Il dottor Leonardo Mendolicchio, psichiatra e psicoanalista, direttore sanitario dell&#8217;istituto auxologico di Piancavallo e direttore sanitario di Food for Mind Italia, presenter\u00e0 il suo libro &#8220;Fragili&#8221;. Il testo , indirizzato a genitori, educatori e...<\/p>\n\t\t\t\t\t\t\t<div class=\"qode-bct-post-date entry_date updated\" itemprop=\"dateCreated\">\n\t\t\t\t\t\t\t\t03\/05\/2024\t\t\t\t\t\t\t\t<meta itemprop=\"interactionCount\" content=\"UserComments: 0\"\/>\n\t\t\t\t\t\t\t<\/div>\n\t\t\t\t\t\t<\/div>\n\t\t\t\t\t<\/div>\n\t\t\t\t\t\t\t\t\t\t\t\t<div class=\"qode-bct-post\">\n\t\t\t\t\t\t\t\t\t\t\t\t\t<div class=\"qode-bct-post-image\">\n\t\t\t\t\t\t\t\t<a href=\"https:\/\/www.cptf.it\/it\/la-casa-e-i-suoi-simboli-31-maggio-2024\/\" itemprop=\"url\">\n\t\t\t\t\t\t\t\t\t<img loading=\"lazy\" decoding=\"async\" width=\"376\" height=\"469\" src=\"https:\/\/www.cptf.it\/it\/wp-content\/uploads\/Cattura-2.png\" class=\"attachment-full size-full wp-post-image\" alt=\"\" srcset=\"https:\/\/www.cptf.it\/it\/wp-content\/uploads\/Cattura-2.png 376w, https:\/\/www.cptf.it\/it\/wp-content\/uploads\/Cattura-2-241x300.png 241w\" sizes=\"(max-width: 376px) 100vw, 376px\" \/>\t\t\t\t\t\t\t\t<\/a>\n\t\t\t\t\t\t\t<\/div>\n\t\t\t\t\t\t\t\t\t\t\t\t<div class=\"qode-bct-post-text\">\n\t\t\t\t\t\t\t<h3 class=\"qode-bct-post-title entry_title\" itemprop=\"name\">\n\t\t\t\t\t\t\t\t<a href=\"https:\/\/www.cptf.it\/it\/la-casa-e-i-suoi-simboli-31-maggio-2024\/\" itemprop=\"url\">La casa e i suoi simboli &#8211; 31 maggio 2024<\/a>\n\t\t\t\t\t\t\t<\/h3>\n\t\t\t\t\t\t\t\t\t\t\t\t\t\t<p itemprop=\"description\" class = \"qode-bct-post-excerpt\"> [vc_row css_animation=&#8221;&#8221; row_type=&#8221;row&#8221; use_row_as_full_screen_section=&#8221;no&#8221; type=&#8221;full_width&#8221; angled_section=&#8221;no&#8221; text_align=&#8221;left&#8221; background_image_as_pattern=&#8221;without_pattern&#8221;][vc_column][vc_column_text] &#8220;LA CASA E I SUOI SIMBOLI&#8221; 31 Maggio 2024 | 13:00 &#8211; 20:00 Una giornata di formazione con Vanna Puviani per narrarsi attraverso la casa, con l\u2019utilizzo della scrittura e del disegno, per acquisire strumenti e buone domande da utilizzare nella consulenza...<\/p>\n\t\t\t\t\t\t\t<div class=\"qode-bct-post-date entry_date updated\" itemprop=\"dateCreated\">\n\t\t\t\t\t\t\t\t22\/03\/2024\t\t\t\t\t\t\t\t<meta itemprop=\"interactionCount\" content=\"UserComments: 0\"\/>\n\t\t\t\t\t\t\t<\/div>\n\t\t\t\t\t\t<\/div>\n\t\t\t\t\t<\/div>\n\t\t\t\t\t\t\t\t\t\t\t\t<div class=\"qode-bct-post\">\n\t\t\t\t\t\t\t\t\t\t\t\t\t<div class=\"qode-bct-post-image\">\n\t\t\t\t\t\t\t\t<a href=\"https:\/\/www.cptf.it\/it\/seminario-terapia-sistemica-che-funziona-6-aprile-2024\/\" itemprop=\"url\">\n\t\t\t\t\t\t\t\t\t<img loading=\"lazy\" decoding=\"async\" width=\"511\" height=\"512\" src=\"https:\/\/www.cptf.it\/it\/wp-content\/uploads\/Cattura.png\" class=\"attachment-full size-full wp-post-image\" alt=\"\" srcset=\"https:\/\/www.cptf.it\/it\/wp-content\/uploads\/Cattura.png 511w, https:\/\/www.cptf.it\/it\/wp-content\/uploads\/Cattura-300x300.png 300w, https:\/\/www.cptf.it\/it\/wp-content\/uploads\/Cattura-150x150.png 150w, https:\/\/www.cptf.it\/it\/wp-content\/uploads\/Cattura-500x500.png 500w\" sizes=\"(max-width: 511px) 100vw, 511px\" \/>\t\t\t\t\t\t\t\t<\/a>\n\t\t\t\t\t\t\t<\/div>\n\t\t\t\t\t\t\t\t\t\t\t\t<div class=\"qode-bct-post-text\">\n\t\t\t\t\t\t\t<h3 class=\"qode-bct-post-title entry_title\" itemprop=\"name\">\n\t\t\t\t\t\t\t\t<a href=\"https:\/\/www.cptf.it\/it\/seminario-terapia-sistemica-che-funziona-6-aprile-2024\/\" itemprop=\"url\">Seminario &#8211; Terapia sistemica che funziona &#8211; 6 aprile 2024<\/a>\n\t\t\t\t\t\t\t<\/h3>\n\t\t\t\t\t\t\t\t\t\t\t\t\t\t<p itemprop=\"description\" class = \"qode-bct-post-excerpt\"> [vc_row css_animation=&#8221;&#8221; row_type=&#8221;row&#8221; use_row_as_full_screen_section=&#8221;no&#8221; type=&#8221;full_width&#8221; angled_section=&#8221;no&#8221; text_align=&#8221;left&#8221; background_image_as_pattern=&#8221;without_pattern&#8221;][vc_column][vc_column_text] 6 aprile 2024 Terapia sistemica che funziona Con il patrocinio di AIMS, SIPPR e SIRTS Seminario con 9 ECM Grandi eventi nell&#8217;ambito della psicoterapia: ISCRA organizza un seminario, col patrocinio di AIMS, SIPPR e SIRTS, su Efficacia e Creativit\u00e0, che si terr\u00e0...<\/p>\n\t\t\t\t\t\t\t<div class=\"qode-bct-post-date entry_date updated\" itemprop=\"dateCreated\">\n\t\t\t\t\t\t\t\t22\/03\/2024\t\t\t\t\t\t\t\t<meta itemprop=\"interactionCount\" content=\"UserComments: 0\"\/>\n\t\t\t\t\t\t\t<\/div>\n\t\t\t\t\t\t<\/div>\n\t\t\t\t\t<\/div>\n\t\t\t\t\t\t\t\t\t\t\t\t<div class=\"qode-bct-post\">\n\t\t\t\t\t\t\t\t\t\t\t\t\t<div class=\"qode-bct-post-image\">\n\t\t\t\t\t\t\t\t<a href=\"https:\/\/www.cptf.it\/it\/sirts-giornata-di-studio-9-marzo-2024\/\" itemprop=\"url\">\n\t\t\t\t\t\t\t\t\t<img loading=\"lazy\" decoding=\"async\" width=\"596\" height=\"462\" src=\"https:\/\/www.cptf.it\/it\/wp-content\/uploads\/giornata-di-studio-uso-immagini-9-marzo-2024-e1706707555484.jpg\" class=\"attachment-full size-full wp-post-image\" alt=\"\" \/>\t\t\t\t\t\t\t\t<\/a>\n\t\t\t\t\t\t\t<\/div>\n\t\t\t\t\t\t\t\t\t\t\t\t<div class=\"qode-bct-post-text\">\n\t\t\t\t\t\t\t<h3 class=\"qode-bct-post-title entry_title\" itemprop=\"name\">\n\t\t\t\t\t\t\t\t<a href=\"https:\/\/www.cptf.it\/it\/sirts-giornata-di-studio-9-marzo-2024\/\" itemprop=\"url\">SIRTS: Giornata di studio &#8211; 9 marzo 2024<\/a>\n\t\t\t\t\t\t\t<\/h3>\n\t\t\t\t\t\t\t\t\t\t\t\t\t\t<p itemprop=\"description\" class = \"qode-bct-post-excerpt\"> [vc_row css_animation=&#8221;&#8221; row_type=&#8221;row&#8221; use_row_as_full_screen_section=&#8221;no&#8221; type=&#8221;full_width&#8221; angled_section=&#8221;no&#8221; text_align=&#8221;left&#8221; background_image_as_pattern=&#8221;without_pattern&#8221;][vc_column][vc_column_text] &#8220;L&#8217;uso delle immagini nella clinica e nelle relazioni d&#8217;aiuto&#8221; &nbsp; 9 marzo 2024 ore 09:00-17:30 Presso il Collegio Marianum, via San Vittore 18, Milano La ricerca sugli aspetti comuni dei diversi approcci, che fanno riferimento al paradigma sistemico-relazionale, ha portato ad integrare...<\/p>\n\t\t\t\t\t\t\t<div class=\"qode-bct-post-date entry_date updated\" itemprop=\"dateCreated\">\n\t\t\t\t\t\t\t\t31\/01\/2024\t\t\t\t\t\t\t\t<meta itemprop=\"interactionCount\" content=\"UserComments: 0\"\/>\n\t\t\t\t\t\t\t<\/div>\n\t\t\t\t\t\t<\/div>\n\t\t\t\t\t<\/div>\n\t\t\t\t\t\t\t\t\t\t\t\t<div class=\"qode-bct-post\">\n\t\t\t\t\t\t\t\t\t\t\t\t\t<div class=\"qode-bct-post-image\">\n\t\t\t\t\t\t\t\t<a href=\"https:\/\/www.cptf.it\/it\/seminario-applicazioni-sviluppo-e-nuova-classificazione-del-concetto-di-collusione-di-coppia\/\" itemprop=\"url\">\n\t\t\t\t\t\t\t\t\t<img loading=\"lazy\" decoding=\"async\" width=\"597\" height=\"216\" src=\"https:\/\/www.cptf.it\/it\/wp-content\/uploads\/IVTF-e1698675714732.jpg\" class=\"attachment-full size-full wp-post-image\" alt=\"\" srcset=\"https:\/\/www.cptf.it\/it\/wp-content\/uploads\/IVTF-e1698675714732.jpg 597w, https:\/\/www.cptf.it\/it\/wp-content\/uploads\/IVTF-e1698675714732-300x109.jpg 300w\" sizes=\"(max-width: 597px) 100vw, 597px\" \/>\t\t\t\t\t\t\t\t<\/a>\n\t\t\t\t\t\t\t<\/div>\n\t\t\t\t\t\t\t\t\t\t\t\t<div class=\"qode-bct-post-text\">\n\t\t\t\t\t\t\t<h3 class=\"qode-bct-post-title entry_title\" itemprop=\"name\">\n\t\t\t\t\t\t\t\t<a href=\"https:\/\/www.cptf.it\/it\/seminario-applicazioni-sviluppo-e-nuova-classificazione-del-concetto-di-collusione-di-coppia\/\" itemprop=\"url\">Seminario Istituto Veneto di Terapia Familiare &#8211; 16 marzo 2024<\/a>\n\t\t\t\t\t\t\t<\/h3>\n\t\t\t\t\t\t\t\t\t\t\t\t\t\t<p itemprop=\"description\" class = \"qode-bct-post-excerpt\"> [vc_row css_animation=&#8221;&#8221; row_type=&#8221;row&#8221; use_row_as_full_screen_section=&#8221;no&#8221; type=&#8221;full_width&#8221; angled_section=&#8221;no&#8221; text_align=&#8221;left&#8221; background_image_as_pattern=&#8221;without_pattern&#8221;][vc_column][vc_column_text] \u201cApplicazioni, sviluppo e nuova classificazione del concetto di collusione di coppia\u201d &nbsp; 16 marzo 2024 ore 09:00 Hotel BHR, Quinto di Treviso (TV) Relatore: Carles Perez-Testor &nbsp; Il seminario tratter\u00e0 dei nuovi contributi di un concetto classico della psicoterapia di coppia, come...<\/p>\n\t\t\t\t\t\t\t<div class=\"qode-bct-post-date entry_date updated\" itemprop=\"dateCreated\">\n\t\t\t\t\t\t\t\t18\/12\/2023\t\t\t\t\t\t\t\t<meta itemprop=\"interactionCount\" content=\"UserComments: 0\"\/>\n\t\t\t\t\t\t\t<\/div>\n\t\t\t\t\t\t<\/div>\n\t\t\t\t\t<\/div>\n\t\t\t\t\t\t\t\t\t\t\t\t<div class=\"qode-bct-post\">\n\t\t\t\t\t\t\t\t\t\t\t\t\t<div class=\"qode-bct-post-image\">\n\t\t\t\t\t\t\t\t<a href=\"https:\/\/www.cptf.it\/it\/ciclo-di-conferenze-di-food-for-mind\/\" itemprop=\"url\">\n\t\t\t\t\t\t\t\t\t<img loading=\"lazy\" decoding=\"async\" width=\"661\" height=\"364\" src=\"https:\/\/www.cptf.it\/it\/wp-content\/uploads\/FFM_TS.png\" class=\"attachment-full size-full wp-post-image\" alt=\"\" srcset=\"https:\/\/www.cptf.it\/it\/wp-content\/uploads\/FFM_TS.png 661w, https:\/\/www.cptf.it\/it\/wp-content\/uploads\/FFM_TS-300x165.png 300w\" sizes=\"(max-width: 661px) 100vw, 661px\" \/>\t\t\t\t\t\t\t\t<\/a>\n\t\t\t\t\t\t\t<\/div>\n\t\t\t\t\t\t\t\t\t\t\t\t<div class=\"qode-bct-post-text\">\n\t\t\t\t\t\t\t<h3 class=\"qode-bct-post-title entry_title\" itemprop=\"name\">\n\t\t\t\t\t\t\t\t<a href=\"https:\/\/www.cptf.it\/it\/ciclo-di-conferenze-di-food-for-mind\/\" itemprop=\"url\">Ciclo di conferenze | Food for Mind<\/a>\n\t\t\t\t\t\t\t<\/h3>\n\t\t\t\t\t\t\t\t\t\t\t\t\t\t<p itemprop=\"description\" class = \"qode-bct-post-excerpt\"> [vc_row css_animation=&#8221;&#8221; row_type=&#8221;row&#8221; use_row_as_full_screen_section=&#8221;no&#8221; type=&#8221;full_width&#8221; angled_section=&#8221;no&#8221; text_align=&#8221;left&#8221; background_image_as_pattern=&#8221;without_pattern&#8221;][vc_column][vc_column_text] &#8220;CIBO FAMIGLIA EMOZIONE E RELAZIONI&#8221; Da novembre 2023 a maggio 2024 CENTRO FOOD FOR MIND TRIESTE, Viale Miramare, 17 (TS) &nbsp; Per saperne di pi\u00f9 scarica la locandina: [\/vc_column_text][\/vc_column][\/vc_row]<\/p>\n\t\t\t\t\t\t\t<div class=\"qode-bct-post-date entry_date updated\" itemprop=\"dateCreated\">\n\t\t\t\t\t\t\t\t24\/11\/2023\t\t\t\t\t\t\t\t<meta itemprop=\"interactionCount\" content=\"UserComments: 0\"\/>\n\t\t\t\t\t\t\t<\/div>\n\t\t\t\t\t\t<\/div>\n\t\t\t\t\t<\/div>\n\t\t\t\t\t\t\t\t\t\t\t\t<div class=\"qode-bct-post\">\n\t\t\t\t\t\t\t\t\t\t\t\t\t<div class=\"qode-bct-post-image\">\n\t\t\t\t\t\t\t\t<a href=\"https:\/\/www.cptf.it\/it\/conferenza-centro-panta-rei-il-pensiero-e-lazione-clinica\/\" itemprop=\"url\">\n\t\t\t\t\t\t\t\t\t<img loading=\"lazy\" decoding=\"async\" width=\"1600\" height=\"900\" src=\"https:\/\/www.cptf.it\/it\/wp-content\/uploads\/Conferenza_Cecchin.jpg\" class=\"attachment-full size-full wp-post-image\" alt=\"\" srcset=\"https:\/\/www.cptf.it\/it\/wp-content\/uploads\/Conferenza_Cecchin.jpg 1600w, https:\/\/www.cptf.it\/it\/wp-content\/uploads\/Conferenza_Cecchin-300x169.jpg 300w, https:\/\/www.cptf.it\/it\/wp-content\/uploads\/Conferenza_Cecchin-1200x675.jpg 1200w, https:\/\/www.cptf.it\/it\/wp-content\/uploads\/Conferenza_Cecchin-768x432.jpg 768w, https:\/\/www.cptf.it\/it\/wp-content\/uploads\/Conferenza_Cecchin-1536x864.jpg 1536w, https:\/\/www.cptf.it\/it\/wp-content\/uploads\/Conferenza_Cecchin-700x394.jpg 700w, https:\/\/www.cptf.it\/it\/wp-content\/uploads\/Conferenza_Cecchin-539x303.jpg 539w\" sizes=\"(max-width: 1600px) 100vw, 1600px\" \/>\t\t\t\t\t\t\t\t<\/a>\n\t\t\t\t\t\t\t<\/div>\n\t\t\t\t\t\t\t\t\t\t\t\t<div class=\"qode-bct-post-text\">\n\t\t\t\t\t\t\t<h3 class=\"qode-bct-post-title entry_title\" itemprop=\"name\">\n\t\t\t\t\t\t\t\t<a href=\"https:\/\/www.cptf.it\/it\/conferenza-centro-panta-rei-il-pensiero-e-lazione-clinica\/\" itemprop=\"url\">Conferenza Centro Panta Rei | 16-17 marzo 2024<\/a>\n\t\t\t\t\t\t\t<\/h3>\n\t\t\t\t\t\t\t\t\t\t\t\t\t\t<p itemprop=\"description\" class = \"qode-bct-post-excerpt\"> [vc_row css_animation=&#8221;&#8221; row_type=&#8221;row&#8221; use_row_as_full_screen_section=&#8221;no&#8221; type=&#8221;full_width&#8221; angled_section=&#8221;no&#8221; text_align=&#8221;left&#8221; background_image_as_pattern=&#8221;without_pattern&#8221;][vc_column][vc_column_text] &#8220;Il pensiero e l&#8217;azione clinica di Gianfranco Cecchin&#8221; &nbsp; 16 e 17 marzo 2024 dalle ore 9.00 alle ore 18.30 HILTON GARDEN INN MILAN NORTH, Via Columella, 36 In occasione della Conferenza organizzata dal Centro Panta Rei per il 16 e 17...<\/p>\n\t\t\t\t\t\t\t<div class=\"qode-bct-post-date entry_date updated\" itemprop=\"dateCreated\">\n\t\t\t\t\t\t\t\t14\/11\/2023\t\t\t\t\t\t\t\t<meta itemprop=\"interactionCount\" content=\"UserComments: 0\"\/>\n\t\t\t\t\t\t\t<\/div>\n\t\t\t\t\t\t<\/div>\n\t\t\t\t\t<\/div>\n\t\t\t\t\t\t\t\t\t\t\t\t<div class=\"qode-bct-post\">\n\t\t\t\t\t\t\t\t\t\t\t\t\t<div class=\"qode-bct-post-image\">\n\t\t\t\t\t\t\t\t<a href=\"https:\/\/www.cptf.it\/it\/seminario-lavorare-sul-trauma\/\" itemprop=\"url\">\n\t\t\t\t\t\t\t\t\t<img loading=\"lazy\" decoding=\"async\" width=\"597\" height=\"216\" src=\"https:\/\/www.cptf.it\/it\/wp-content\/uploads\/IVTF-e1698675714732.jpg\" class=\"attachment-full size-full wp-post-image\" alt=\"\" srcset=\"https:\/\/www.cptf.it\/it\/wp-content\/uploads\/IVTF-e1698675714732.jpg 597w, https:\/\/www.cptf.it\/it\/wp-content\/uploads\/IVTF-e1698675714732-300x109.jpg 300w\" sizes=\"(max-width: 597px) 100vw, 597px\" \/>\t\t\t\t\t\t\t\t<\/a>\n\t\t\t\t\t\t\t<\/div>\n\t\t\t\t\t\t\t\t\t\t\t\t<div class=\"qode-bct-post-text\">\n\t\t\t\t\t\t\t<h3 class=\"qode-bct-post-title entry_title\" itemprop=\"name\">\n\t\t\t\t\t\t\t\t<a href=\"https:\/\/www.cptf.it\/it\/seminario-lavorare-sul-trauma\/\" itemprop=\"url\">Seminario &#8220;LAVORARE SUL TRAUMA&#8221; &#8211; 9 e 10 febbraio 2024<\/a>\n\t\t\t\t\t\t\t<\/h3>\n\t\t\t\t\t\t\t\t\t\t\t\t\t\t<p itemprop=\"description\" class = \"qode-bct-post-excerpt\"> [vc_row css_animation=&#8221;&#8221; row_type=&#8221;row&#8221; use_row_as_full_screen_section=&#8221;no&#8221; type=&#8221;full_width&#8221; angled_section=&#8221;no&#8221; text_align=&#8221;left&#8221; background_image_as_pattern=&#8221;without_pattern&#8221;][vc_column][vc_column_text] \u201cLavorare sul trauma: il riconsolidamento della memoria in psicoterapia e nell&#8217;assessment psicologico\u201d &nbsp; 9 febbraio 2024 ore 09:00 &#8211; 10 febbraio 2024 ore 18:00 TREVISO, Hotel Maggior Consiglio &#8211; Via Terraglio 140 Relatori: Stephen Finn e Camillo Caputo &nbsp; In questi anni...<\/p>\n\t\t\t\t\t\t\t<div class=\"qode-bct-post-date entry_date updated\" itemprop=\"dateCreated\">\n\t\t\t\t\t\t\t\t30\/10\/2023\t\t\t\t\t\t\t\t<meta itemprop=\"interactionCount\" content=\"UserComments: 0\"\/>\n\t\t\t\t\t\t\t<\/div>\n\t\t\t\t\t\t<\/div>\n\t\t\t\t\t<\/div>\n\t\t\t\t\t\t\t\t\t\t\t\t<div class=\"qode-bct-post\">\n\t\t\t\t\t\t\t\t\t\t\t\t\t<div class=\"qode-bct-post-image\">\n\t\t\t\t\t\t\t\t<a href=\"https:\/\/www.cptf.it\/it\/second-edition-sistemica-conference\/\" itemprop=\"url\">\n\t\t\t\t\t\t\t\t\t<img loading=\"lazy\" decoding=\"async\" width=\"1080\" height=\"894\" src=\"https:\/\/www.cptf.it\/it\/wp-content\/uploads\/Locandina_Sistemica-Conference-II.jpg\" class=\"attachment-full size-full wp-post-image\" alt=\"\" srcset=\"https:\/\/www.cptf.it\/it\/wp-content\/uploads\/Locandina_Sistemica-Conference-II.jpg 1080w, https:\/\/www.cptf.it\/it\/wp-content\/uploads\/Locandina_Sistemica-Conference-II-300x248.jpg 300w, https:\/\/www.cptf.it\/it\/wp-content\/uploads\/Locandina_Sistemica-Conference-II-768x636.jpg 768w, https:\/\/www.cptf.it\/it\/wp-content\/uploads\/Locandina_Sistemica-Conference-II-700x579.jpg 700w\" sizes=\"(max-width: 1080px) 100vw, 1080px\" \/>\t\t\t\t\t\t\t\t<\/a>\n\t\t\t\t\t\t\t<\/div>\n\t\t\t\t\t\t\t\t\t\t\t\t<div class=\"qode-bct-post-text\">\n\t\t\t\t\t\t\t<h3 class=\"qode-bct-post-title entry_title\" itemprop=\"name\">\n\t\t\t\t\t\t\t\t<a href=\"https:\/\/www.cptf.it\/it\/second-edition-sistemica-conference\/\" itemprop=\"url\">Second Edition &#8220;SISTEMICA&#8221; Conference | 13-16 marzo 2024<\/a>\n\t\t\t\t\t\t\t<\/h3>\n\t\t\t\t\t\t\t\t\t\t\t\t\t\t<p itemprop=\"description\" class = \"qode-bct-post-excerpt\"> [vc_row css_animation=&#8221;&#8221; row_type=&#8221;row&#8221; use_row_as_full_screen_section=&#8221;no&#8221; type=&#8221;full_width&#8221; angled_section=&#8221;no&#8221; text_align=&#8221;left&#8221; background_image_as_pattern=&#8221;without_pattern&#8221;][vc_column][vc_column_text] &#8220;SISTEMICA &#8211; Semplessit\u00e0 e complessit\u00e0 degli strumenti terapeutici&#8221; &nbsp; Dal 13 al 16 marzo 2024 NH HOTEL PALERMO, Foro Italico, 22\/B 90133 Palermo Partecipazione BLENDED: online e presenza Serendipity Eventi, dopo il successo d\u2019interesse e partecipazione dello scorso anno di\u00a0SISTEMICA, che ha...<\/p>\n\t\t\t\t\t\t\t<div class=\"qode-bct-post-date entry_date updated\" itemprop=\"dateCreated\">\n\t\t\t\t\t\t\t\t27\/10\/2023\t\t\t\t\t\t\t\t<meta itemprop=\"interactionCount\" content=\"UserComments: 0\"\/>\n\t\t\t\t\t\t\t<\/div>\n\t\t\t\t\t\t<\/div>\n\t\t\t\t\t<\/div>\n\t\t\t\t\t\t\t\t\t\t\t\t<div class=\"qode-bct-post\">\n\t\t\t\t\t\t\t\t\t\t\t\t\t<div class=\"qode-bct-post-image\">\n\t\t\t\t\t\t\t\t<a href=\"https:\/\/www.cptf.it\/it\/pubblicazione-del-libro-psicoterapia-sistemico-relacional\/\" itemprop=\"url\">\n\t\t\t\t\t\t\t\t\t<img loading=\"lazy\" decoding=\"async\" width=\"940\" height=\"788\" src=\"https:\/\/www.cptf.it\/it\/wp-content\/uploads\/Libro-Messicano.jpg\" class=\"attachment-full size-full wp-post-image\" alt=\"\" srcset=\"https:\/\/www.cptf.it\/it\/wp-content\/uploads\/Libro-Messicano.jpg 940w, https:\/\/www.cptf.it\/it\/wp-content\/uploads\/Libro-Messicano-300x251.jpg 300w, https:\/\/www.cptf.it\/it\/wp-content\/uploads\/Libro-Messicano-768x644.jpg 768w, https:\/\/www.cptf.it\/it\/wp-content\/uploads\/Libro-Messicano-700x587.jpg 700w\" sizes=\"(max-width: 940px) 100vw, 940px\" \/>\t\t\t\t\t\t\t\t<\/a>\n\t\t\t\t\t\t\t<\/div>\n\t\t\t\t\t\t\t\t\t\t\t\t<div class=\"qode-bct-post-text\">\n\t\t\t\t\t\t\t<h3 class=\"qode-bct-post-title entry_title\" itemprop=\"name\">\n\t\t\t\t\t\t\t\t<a href=\"https:\/\/www.cptf.it\/it\/pubblicazione-del-libro-psicoterapia-sistemico-relacional\/\" itemprop=\"url\">Pubblicazione del libro &#8220;Psicoterapia Sist\u00e9mico-Relacional. Voces y pr\u00e1cticas contempor\u00e1neas&#8221;<\/a>\n\t\t\t\t\t\t\t<\/h3>\n\t\t\t\t\t\t\t\t\t\t\t\t\t\t<p itemprop=\"description\" class = \"qode-bct-post-excerpt\"> [vc_row css_animation=&#8221;&#8221; row_type=&#8221;row&#8221; use_row_as_full_screen_section=&#8221;no&#8221; type=&#8221;full_width&#8221; angled_section=&#8221;no&#8221; text_align=&#8221;left&#8221; background_image_as_pattern=&#8221;without_pattern&#8221;][vc_column][vc_column_text] &nbsp; Si annuncia la pubblicazione del libro &nbsp; &#8220;Psicoterapia Sist\u00e9mico-Relacional. Voces y pr\u00e1cticas contempor\u00e1neas&#8221; &nbsp; Nel volume appena pubblicato, \u00e8 presente un capitolo scritto da Valeria Ugazio e Lisa Chiara Fellin, oltre ai contributi di tanti colleghi sistemici, tra cui Carlos Sluzki,...<\/p>\n\t\t\t\t\t\t\t<div class=\"qode-bct-post-date entry_date updated\" itemprop=\"dateCreated\">\n\t\t\t\t\t\t\t\t27\/10\/2023\t\t\t\t\t\t\t\t<meta itemprop=\"interactionCount\" content=\"UserComments: 0\"\/>\n\t\t\t\t\t\t\t<\/div>\n\t\t\t\t\t\t<\/div>\n\t\t\t\t\t<\/div>\n\t\t\t\t\t\t\t\t\t\t\t\t<div class=\"qode-bct-post\">\n\t\t\t\t\t\t\t\t\t\t\t\t\t<div class=\"qode-bct-post-image\">\n\t\t\t\t\t\t\t\t<a href=\"https:\/\/www.cptf.it\/it\/convegno-prendersi-cura-della-complessita\/\" itemprop=\"url\">\n\t\t\t\t\t\t\t\t\t<img loading=\"lazy\" decoding=\"async\" width=\"766\" height=\"333\" src=\"https:\/\/www.cptf.it\/it\/wp-content\/uploads\/OPPV_30.09-e1694788137398.png\" class=\"attachment-full size-full wp-post-image\" alt=\"\" srcset=\"https:\/\/www.cptf.it\/it\/wp-content\/uploads\/OPPV_30.09-e1694788137398.png 766w, https:\/\/www.cptf.it\/it\/wp-content\/uploads\/OPPV_30.09-e1694788137398-300x130.png 300w, https:\/\/www.cptf.it\/it\/wp-content\/uploads\/OPPV_30.09-e1694788137398-700x304.png 700w\" sizes=\"(max-width: 766px) 100vw, 766px\" \/>\t\t\t\t\t\t\t\t<\/a>\n\t\t\t\t\t\t\t<\/div>\n\t\t\t\t\t\t\t\t\t\t\t\t<div class=\"qode-bct-post-text\">\n\t\t\t\t\t\t\t<h3 class=\"qode-bct-post-title entry_title\" itemprop=\"name\">\n\t\t\t\t\t\t\t\t<a href=\"https:\/\/www.cptf.it\/it\/convegno-prendersi-cura-della-complessita\/\" itemprop=\"url\">CONVEGNO: \u201cPrendersi cura della complessit\u00e0&#8221; &#8211; 30 settembre 2023<\/a>\n\t\t\t\t\t\t\t<\/h3>\n\t\t\t\t\t\t\t\t\t\t\t\t\t\t<p itemprop=\"description\" class = \"qode-bct-post-excerpt\"> [vc_row css_animation=&#8221;&#8221; row_type=&#8221;row&#8221; use_row_as_full_screen_section=&#8221;no&#8221; type=&#8221;full_width&#8221; angled_section=&#8221;no&#8221; text_align=&#8221;left&#8221; background_image_as_pattern=&#8221;without_pattern&#8221;][vc_column][vc_column_text] &nbsp; &#8220;PRENDERSI CURA DELLA COMPLESSIT\u00c0: SFIDE E TRASFORMAZIONI DELLA GENITORIALIT\u00c0 TRA PUBBLICO E PRIVATO SOCIALE&#8221; &nbsp; 30 settembre 2023 ore 08.30 \u2013 18.00 HOTEL NH MANTEGNA, Via Niccol\u00f2 Tommaseo, 61, 35131 Padova (PD) Evento Accreditato 8 Crediti ECM &nbsp; Per saperne di...<\/p>\n\t\t\t\t\t\t\t<div class=\"qode-bct-post-date entry_date updated\" itemprop=\"dateCreated\">\n\t\t\t\t\t\t\t\t15\/09\/2023\t\t\t\t\t\t\t\t<meta itemprop=\"interactionCount\" content=\"UserComments: 0\"\/>\n\t\t\t\t\t\t\t<\/div>\n\t\t\t\t\t\t<\/div>\n\t\t\t\t\t<\/div>\n\t\t\t\t\t\t\t\t\t\t\t\t<div class=\"qode-bct-post\">\n\t\t\t\t\t\t\t\t\t\t\t\t\t<div class=\"qode-bct-post-image\">\n\t\t\t\t\t\t\t\t<a href=\"https:\/\/www.cptf.it\/it\/convegno-le-storie-e-larte-del-cambiamento\/\" itemprop=\"url\">\n\t\t\t\t\t\t\t\t\t<img loading=\"lazy\" decoding=\"async\" width=\"786\" height=\"337\" src=\"https:\/\/www.cptf.it\/it\/wp-content\/uploads\/OPPV_22-e-23.09-e1694787425970.png\" class=\"attachment-full size-full wp-post-image\" alt=\"\" srcset=\"https:\/\/www.cptf.it\/it\/wp-content\/uploads\/OPPV_22-e-23.09-e1694787425970.png 786w, https:\/\/www.cptf.it\/it\/wp-content\/uploads\/OPPV_22-e-23.09-e1694787425970-300x129.png 300w, https:\/\/www.cptf.it\/it\/wp-content\/uploads\/OPPV_22-e-23.09-e1694787425970-768x329.png 768w, https:\/\/www.cptf.it\/it\/wp-content\/uploads\/OPPV_22-e-23.09-e1694787425970-700x300.png 700w\" sizes=\"(max-width: 786px) 100vw, 786px\" \/>\t\t\t\t\t\t\t\t<\/a>\n\t\t\t\t\t\t\t<\/div>\n\t\t\t\t\t\t\t\t\t\t\t\t<div class=\"qode-bct-post-text\">\n\t\t\t\t\t\t\t<h3 class=\"qode-bct-post-title entry_title\" itemprop=\"name\">\n\t\t\t\t\t\t\t\t<a href=\"https:\/\/www.cptf.it\/it\/convegno-le-storie-e-larte-del-cambiamento\/\" itemprop=\"url\">CONVEGNO: \u201cLe Storie e l\u2019Arte del Cambiamento&#8221;  &#8211; 22 e 23 settembre 2023<\/a>\n\t\t\t\t\t\t\t<\/h3>\n\t\t\t\t\t\t\t\t\t\t\t\t\t\t<p itemprop=\"description\" class = \"qode-bct-post-excerpt\"> [vc_row css_animation=&#8221;&#8221; row_type=&#8221;row&#8221; use_row_as_full_screen_section=&#8221;no&#8221; type=&#8221;full_width&#8221; angled_section=&#8221;no&#8221; text_align=&#8221;left&#8221; background_image_as_pattern=&#8221;without_pattern&#8221;][vc_column][vc_column_text] &#8220;LE STORIE E L&#8217;ARTE DEL CAMBIAMENTO: CASI CLINICI E MODELLI DI INTERVENTO IN PSICOTERAPIA&#8221; &nbsp; 22 e 23 settembre 2023, dalle 9.15 alle 16.30, presso Best Western Plus Hotel Galileo, via Venezia 30 \u2013 Padova Organizzato dall\u2019Ordine delle Psicologhe e degli Psicologi...<\/p>\n\t\t\t\t\t\t\t<div class=\"qode-bct-post-date entry_date updated\" itemprop=\"dateCreated\">\n\t\t\t\t\t\t\t\t15\/09\/2023\t\t\t\t\t\t\t\t<meta itemprop=\"interactionCount\" content=\"UserComments: 0\"\/>\n\t\t\t\t\t\t\t<\/div>\n\t\t\t\t\t\t<\/div>\n\t\t\t\t\t<\/div>\n\t\t\t\t\t\t\t\t\t\t\t\t<div class=\"qode-bct-post\">\n\t\t\t\t\t\t\t\t\t\t\t\t\t<div class=\"qode-bct-post-image\">\n\t\t\t\t\t\t\t\t<a href=\"https:\/\/www.cptf.it\/it\/presentazione-del-libro-valutazione-del-funzionamento-familiare\/\" itemprop=\"url\">\n\t\t\t\t\t\t\t\t\t<img loading=\"lazy\" decoding=\"async\" width=\"482\" height=\"326\" src=\"https:\/\/www.cptf.it\/it\/wp-content\/uploads\/valutazione-del-funzionamento-familiare_copertina-e1694442045529.jpg\" class=\"attachment-full size-full wp-post-image\" alt=\"\" srcset=\"https:\/\/www.cptf.it\/it\/wp-content\/uploads\/valutazione-del-funzionamento-familiare_copertina-e1694442045529.jpg 482w, https:\/\/www.cptf.it\/it\/wp-content\/uploads\/valutazione-del-funzionamento-familiare_copertina-e1694442045529-300x203.jpg 300w\" sizes=\"(max-width: 482px) 100vw, 482px\" \/>\t\t\t\t\t\t\t\t<\/a>\n\t\t\t\t\t\t\t<\/div>\n\t\t\t\t\t\t\t\t\t\t\t\t<div class=\"qode-bct-post-text\">\n\t\t\t\t\t\t\t<h3 class=\"qode-bct-post-title entry_title\" itemprop=\"name\">\n\t\t\t\t\t\t\t\t<a href=\"https:\/\/www.cptf.it\/it\/presentazione-del-libro-valutazione-del-funzionamento-familiare\/\" itemprop=\"url\">Presentazione del libro &#8220;VALUTAZIONE DEL FUNZIONAMENTO FAMILIARE&#8221; &#8211; 25 ottobre 2023<\/a>\n\t\t\t\t\t\t\t<\/h3>\n\t\t\t\t\t\t\t\t\t\t\t\t\t\t<p itemprop=\"description\" class = \"qode-bct-post-excerpt\"> [vc_row css_animation=&#8221;&#8221; row_type=&#8221;row&#8221; use_row_as_full_screen_section=&#8221;no&#8221; type=&#8221;full_width&#8221; angled_section=&#8221;no&#8221; text_align=&#8221;left&#8221; background_image_as_pattern=&#8221;without_pattern&#8221;][vc_column][vc_column_text] Mercoled\u00ec 25 Ottobre 2023, ore\u00a020:30\u00a0&#8211;\u00a022:00 Federico Ferrari incontra l\u2019autrice ELENA VENTURELLI In questo volume le autrici Elena Venturelli, Laura Fruggeri e Ada Cigala, presentano la TIAP (Triadic Interaction Analytical Procedure), una procedura di analisi delle interazioni familiari messa a punto e testata...<\/p>\n\t\t\t\t\t\t\t<div class=\"qode-bct-post-date entry_date updated\" itemprop=\"dateCreated\">\n\t\t\t\t\t\t\t\t11\/09\/2023\t\t\t\t\t\t\t\t<meta itemprop=\"interactionCount\" content=\"UserComments: 0\"\/>\n\t\t\t\t\t\t\t<\/div>\n\t\t\t\t\t\t<\/div>\n\t\t\t\t\t<\/div>\n\t\t\t\t\t\t\t\t\t\t\t\t<div class=\"qode-bct-post\">\n\t\t\t\t\t\t\t\t\t\t\t\t\t<div class=\"qode-bct-post-image\">\n\t\t\t\t\t\t\t\t<a href=\"https:\/\/www.cptf.it\/it\/giornata-di-studio-sirts-2\/\" itemprop=\"url\">\n\t\t\t\t\t\t\t\t\t<img loading=\"lazy\" decoding=\"async\" width=\"900\" height=\"410\" src=\"https:\/\/www.cptf.it\/it\/wp-content\/uploads\/ic_large_w900h600q100_giornata-di-studio-sirts-14-ottobre-copertina.jpg\" class=\"attachment-full size-full wp-post-image\" alt=\"\" srcset=\"https:\/\/www.cptf.it\/it\/wp-content\/uploads\/ic_large_w900h600q100_giornata-di-studio-sirts-14-ottobre-copertina.jpg 900w, https:\/\/www.cptf.it\/it\/wp-content\/uploads\/ic_large_w900h600q100_giornata-di-studio-sirts-14-ottobre-copertina-300x137.jpg 300w, https:\/\/www.cptf.it\/it\/wp-content\/uploads\/ic_large_w900h600q100_giornata-di-studio-sirts-14-ottobre-copertina-768x350.jpg 768w, https:\/\/www.cptf.it\/it\/wp-content\/uploads\/ic_large_w900h600q100_giornata-di-studio-sirts-14-ottobre-copertina-700x319.jpg 700w\" sizes=\"(max-width: 900px) 100vw, 900px\" \/>\t\t\t\t\t\t\t\t<\/a>\n\t\t\t\t\t\t\t<\/div>\n\t\t\t\t\t\t\t\t\t\t\t\t<div class=\"qode-bct-post-text\">\n\t\t\t\t\t\t\t<h3 class=\"qode-bct-post-title entry_title\" itemprop=\"name\">\n\t\t\t\t\t\t\t\t<a href=\"https:\/\/www.cptf.it\/it\/giornata-di-studio-sirts-2\/\" itemprop=\"url\">Giornata di studio SIRTS: &#8220;FA.G.E. FAMILY GENOGRAM OF EMOTIONS&#8221; &#8211; 14 ottobre 2023<\/a>\n\t\t\t\t\t\t\t<\/h3>\n\t\t\t\t\t\t\t\t\t\t\t\t\t\t<p itemprop=\"description\" class = \"qode-bct-post-excerpt\"> [vc_row css_animation=&#8221;&#8221; row_type=&#8221;row&#8221; use_row_as_full_screen_section=&#8221;no&#8221; type=&#8221;full_width&#8221; angled_section=&#8221;no&#8221; text_align=&#8221;left&#8221; background_image_as_pattern=&#8221;without_pattern&#8221;][vc_column][vc_column_text] &nbsp; &#8220;FA.G.E. FAMILY GENOGRAM OF EMOTIONS: GIORNATA ESPERIENZIALE FRA TEORIA E PRATICA PER LAVORARE CON LE EMOZIONI IN TERAPIA SISTEMICA.&#8221; Presso: sala Pio X, Piazza Santa Maria del Rosario s.n.c., Milano Cosa significa provare una emozione? In terapia e nelle vita quotidiana...<\/p>\n\t\t\t\t\t\t\t<div class=\"qode-bct-post-date entry_date updated\" itemprop=\"dateCreated\">\n\t\t\t\t\t\t\t\t11\/09\/2023\t\t\t\t\t\t\t\t<meta itemprop=\"interactionCount\" content=\"UserComments: 0\"\/>\n\t\t\t\t\t\t\t<\/div>\n\t\t\t\t\t\t<\/div>\n\t\t\t\t\t<\/div>\n\t\t\t\t\t\t\t\t\t\t\t\t<div class=\"qode-bct-post\">\n\t\t\t\t\t\t\t\t\t\t\t\t\t<div class=\"qode-bct-post-image\">\n\t\t\t\t\t\t\t\t<a href=\"https:\/\/www.cptf.it\/it\/presentazione-del-libro-il-valore-di-se\/\" itemprop=\"url\">\n\t\t\t\t\t\t\t\t\t<img loading=\"lazy\" decoding=\"async\" width=\"542\" height=\"353\" src=\"https:\/\/www.cptf.it\/it\/wp-content\/uploads\/il-valore-di-se_copertina-e1694441213521.jpg\" class=\"attachment-full size-full wp-post-image\" alt=\"\" srcset=\"https:\/\/www.cptf.it\/it\/wp-content\/uploads\/il-valore-di-se_copertina-e1694441213521.jpg 542w, https:\/\/www.cptf.it\/it\/wp-content\/uploads\/il-valore-di-se_copertina-e1694441213521-300x195.jpg 300w, https:\/\/www.cptf.it\/it\/wp-content\/uploads\/il-valore-di-se_copertina-e1694441213521-400x260.jpg 400w\" sizes=\"(max-width: 542px) 100vw, 542px\" \/>\t\t\t\t\t\t\t\t<\/a>\n\t\t\t\t\t\t\t<\/div>\n\t\t\t\t\t\t\t\t\t\t\t\t<div class=\"qode-bct-post-text\">\n\t\t\t\t\t\t\t<h3 class=\"qode-bct-post-title entry_title\" itemprop=\"name\">\n\t\t\t\t\t\t\t\t<a href=\"https:\/\/www.cptf.it\/it\/presentazione-del-libro-il-valore-di-se\/\" itemprop=\"url\">Presentazione del libro &#8220;IL VALORE DI S\u00c9&#8221; &#8211; 20 settembre 2023<\/a>\n\t\t\t\t\t\t\t<\/h3>\n\t\t\t\t\t\t\t\t\t\t\t\t\t\t<p itemprop=\"description\" class = \"qode-bct-post-excerpt\"> [vc_row css_animation=&#8221;&#8221; row_type=&#8221;row&#8221; use_row_as_full_screen_section=&#8221;no&#8221; type=&#8221;full_width&#8221; angled_section=&#8221;no&#8221; text_align=&#8221;left&#8221; background_image_as_pattern=&#8221;without_pattern&#8221;][vc_column][vc_column_text] Mercoled\u00ec 20 settembre 2023, h.20.30\/22.00 Patrizia Frongia e Federico Ferrari incontrano l\u2019autore PAOLO RIGLIANO Dialogando con Paolo Rigliano, la Sirts porr\u00e0 l\u2019attenzione alla creativit\u00e0 e potenzialit\u00e0 clinica di questo modello attraverso la descrizione di casi psicopatologici severi. Per saperne di pi\u00f9 clicca...<\/p>\n\t\t\t\t\t\t\t<div class=\"qode-bct-post-date entry_date updated\" itemprop=\"dateCreated\">\n\t\t\t\t\t\t\t\t11\/09\/2023\t\t\t\t\t\t\t\t<meta itemprop=\"interactionCount\" content=\"UserComments: 0\"\/>\n\t\t\t\t\t\t\t<\/div>\n\t\t\t\t\t\t<\/div>\n\t\t\t\t\t<\/div>\n\t\t\t\t\t\t\t\t\t\t\t\t<div class=\"qode-bct-post\">\n\t\t\t\t\t\t\t\t\t\t\t\t\t<div class=\"qode-bct-post-image\">\n\t\t\t\t\t\t\t\t<a href=\"https:\/\/www.cptf.it\/it\/giornata-di-studio-sirts\/\" itemprop=\"url\">\n\t\t\t\t\t\t\t\t\t<img loading=\"lazy\" decoding=\"async\" width=\"763\" height=\"458\" src=\"https:\/\/www.cptf.it\/it\/wp-content\/uploads\/giornata-di-studio-sirts_25-novembre_copertina.jpg\" class=\"attachment-full size-full wp-post-image\" alt=\"\" srcset=\"https:\/\/www.cptf.it\/it\/wp-content\/uploads\/giornata-di-studio-sirts_25-novembre_copertina.jpg 763w, https:\/\/www.cptf.it\/it\/wp-content\/uploads\/giornata-di-studio-sirts_25-novembre_copertina-300x180.jpg 300w, https:\/\/www.cptf.it\/it\/wp-content\/uploads\/giornata-di-studio-sirts_25-novembre_copertina-700x420.jpg 700w\" sizes=\"(max-width: 763px) 100vw, 763px\" \/>\t\t\t\t\t\t\t\t<\/a>\n\t\t\t\t\t\t\t<\/div>\n\t\t\t\t\t\t\t\t\t\t\t\t<div class=\"qode-bct-post-text\">\n\t\t\t\t\t\t\t<h3 class=\"qode-bct-post-title entry_title\" itemprop=\"name\">\n\t\t\t\t\t\t\t\t<a href=\"https:\/\/www.cptf.it\/it\/giornata-di-studio-sirts\/\" itemprop=\"url\">GIORNATA DI STUDIO SIRTS: &#8220;Si pu\u00f2 chiudere una terapia?&#8221; &#8211; 25 novembre 2023<\/a>\n\t\t\t\t\t\t\t<\/h3>\n\t\t\t\t\t\t\t\t\t\t\t\t\t\t<p itemprop=\"description\" class = \"qode-bct-post-excerpt\"> [vc_row css_animation=&#8221;&#8221; row_type=&#8221;row&#8221; use_row_as_full_screen_section=&#8221;no&#8221; type=&#8221;full_width&#8221; angled_section=&#8221;no&#8221; text_align=&#8221;left&#8221; background_image_as_pattern=&#8221;without_pattern&#8221;][vc_column][vc_column_text] GIORNATA DI STUDIO &#8220;SI PU\u00d2 CHIUDERE UNA TERAPIA? LA VOCE DI COPPIE E FAMIGLIE ATTRAVERSO RISULTANZE DI FOLLOW UP A MILANO E CHAMBERY&#8221; Presso: Hotel Andreola Central, via Domenico Scarlatti 24, Milano A partire dalla considerazione che nei training formativi in psicoterapia...<\/p>\n\t\t\t\t\t\t\t<div class=\"qode-bct-post-date entry_date updated\" itemprop=\"dateCreated\">\n\t\t\t\t\t\t\t\t11\/09\/2023\t\t\t\t\t\t\t\t<meta itemprop=\"interactionCount\" content=\"UserComments: 0\"\/>\n\t\t\t\t\t\t\t<\/div>\n\t\t\t\t\t\t<\/div>\n\t\t\t\t\t<\/div>\n\t\t\t\t\t\t\t\t\t\t\t\t<div class=\"qode-bct-post\">\n\t\t\t\t\t\t\t\t\t\t\t\t\t<div class=\"qode-bct-post-image\">\n\t\t\t\t\t\t\t\t<a href=\"https:\/\/www.cptf.it\/it\/congresso-nazionale-scuole-cmtf-2023\/\" itemprop=\"url\">\n\t\t\t\t\t\t\t\t\t<img loading=\"lazy\" decoding=\"async\" width=\"1600\" height=\"900\" src=\"https:\/\/www.cptf.it\/it\/wp-content\/uploads\/banner.jpeg\" class=\"attachment-full size-full wp-post-image\" alt=\"\" srcset=\"https:\/\/www.cptf.it\/it\/wp-content\/uploads\/banner.jpeg 1600w, https:\/\/www.cptf.it\/it\/wp-content\/uploads\/banner-300x169.jpeg 300w, https:\/\/www.cptf.it\/it\/wp-content\/uploads\/banner-1200x675.jpeg 1200w, https:\/\/www.cptf.it\/it\/wp-content\/uploads\/banner-768x432.jpeg 768w, https:\/\/www.cptf.it\/it\/wp-content\/uploads\/banner-1536x864.jpeg 1536w, https:\/\/www.cptf.it\/it\/wp-content\/uploads\/banner-700x394.jpeg 700w, https:\/\/www.cptf.it\/it\/wp-content\/uploads\/banner-539x303.jpeg 539w\" sizes=\"(max-width: 1600px) 100vw, 1600px\" \/>\t\t\t\t\t\t\t\t<\/a>\n\t\t\t\t\t\t\t<\/div>\n\t\t\t\t\t\t\t\t\t\t\t\t<div class=\"qode-bct-post-text\">\n\t\t\t\t\t\t\t<h3 class=\"qode-bct-post-title entry_title\" itemprop=\"name\">\n\t\t\t\t\t\t\t\t<a href=\"https:\/\/www.cptf.it\/it\/congresso-nazionale-scuole-cmtf-2023\/\" itemprop=\"url\">CONGRESSO NAZIONALE SCUOLE CMTF: Sistemi e violenze: Idee, valori e pratiche di psicoterapia &#8211; 18-19 novembre 2023<\/a>\n\t\t\t\t\t\t\t<\/h3>\n\t\t\t\t\t\t\t\t\t\t\t\t\t\t<p itemprop=\"description\" class = \"qode-bct-post-excerpt\"> Convegno Nazionale delle Scuole CMTF<\/p>\n\t\t\t\t\t\t\t<div class=\"qode-bct-post-date entry_date updated\" itemprop=\"dateCreated\">\n\t\t\t\t\t\t\t\t09\/08\/2023\t\t\t\t\t\t\t\t<meta itemprop=\"interactionCount\" content=\"UserComments: 0\"\/>\n\t\t\t\t\t\t\t<\/div>\n\t\t\t\t\t\t<\/div>\n\t\t\t\t\t<\/div>\n\t\t\t\t\t\t\t\t\t\t\t\t<div class=\"qode-bct-post\">\n\t\t\t\t\t\t\t\t\t\t\t\t\t<div class=\"qode-bct-post-image\">\n\t\t\t\t\t\t\t\t<a href=\"https:\/\/www.cptf.it\/it\/libro-i-fondamentali-per-scegliere-la-scuola-di-psicoterapia\/\" itemprop=\"url\">\n\t\t\t\t\t\t\t\t\t<img loading=\"lazy\" decoding=\"async\" width=\"1200\" height=\"1200\" src=\"https:\/\/www.cptf.it\/it\/wp-content\/uploads\/1200x1200_FB_I_fondamentali_per_scegliere_la_scuola_di_Psicoterapia_V2.jpg\" class=\"attachment-full size-full wp-post-image\" alt=\"\" srcset=\"https:\/\/www.cptf.it\/it\/wp-content\/uploads\/1200x1200_FB_I_fondamentali_per_scegliere_la_scuola_di_Psicoterapia_V2.jpg 1200w, https:\/\/www.cptf.it\/it\/wp-content\/uploads\/1200x1200_FB_I_fondamentali_per_scegliere_la_scuola_di_Psicoterapia_V2-300x300.jpg 300w, https:\/\/www.cptf.it\/it\/wp-content\/uploads\/1200x1200_FB_I_fondamentali_per_scegliere_la_scuola_di_Psicoterapia_V2-1080x1080.jpg 1080w, https:\/\/www.cptf.it\/it\/wp-content\/uploads\/1200x1200_FB_I_fondamentali_per_scegliere_la_scuola_di_Psicoterapia_V2-150x150.jpg 150w, https:\/\/www.cptf.it\/it\/wp-content\/uploads\/1200x1200_FB_I_fondamentali_per_scegliere_la_scuola_di_Psicoterapia_V2-768x768.jpg 768w, https:\/\/www.cptf.it\/it\/wp-content\/uploads\/1200x1200_FB_I_fondamentali_per_scegliere_la_scuola_di_Psicoterapia_V2-570x570.jpg 570w, https:\/\/www.cptf.it\/it\/wp-content\/uploads\/1200x1200_FB_I_fondamentali_per_scegliere_la_scuola_di_Psicoterapia_V2-500x500.jpg 500w, https:\/\/www.cptf.it\/it\/wp-content\/uploads\/1200x1200_FB_I_fondamentali_per_scegliere_la_scuola_di_Psicoterapia_V2-1000x1000.jpg 1000w, https:\/\/www.cptf.it\/it\/wp-content\/uploads\/1200x1200_FB_I_fondamentali_per_scegliere_la_scuola_di_Psicoterapia_V2-700x700.jpg 700w\" sizes=\"(max-width: 1200px) 100vw, 1200px\" \/>\t\t\t\t\t\t\t\t<\/a>\n\t\t\t\t\t\t\t<\/div>\n\t\t\t\t\t\t\t\t\t\t\t\t<div class=\"qode-bct-post-text\">\n\t\t\t\t\t\t\t<h3 class=\"qode-bct-post-title entry_title\" itemprop=\"name\">\n\t\t\t\t\t\t\t\t<a href=\"https:\/\/www.cptf.it\/it\/libro-i-fondamentali-per-scegliere-la-scuola-di-psicoterapia\/\" itemprop=\"url\">LIBRO: I fondamentali per scegliere la Scuola di Psicoterapia<\/a>\n\t\t\t\t\t\t\t<\/h3>\n\t\t\t\t\t\t\t\t\t\t\t\t\t\t<p itemprop=\"description\" class = \"qode-bct-post-excerpt\"> [vc_row css_animation=&#8221;&#8221; row_type=&#8221;row&#8221; use_row_as_full_screen_section=&#8221;no&#8221; type=&#8221;full_width&#8221; angled_section=&#8221;no&#8221; text_align=&#8221;left&#8221; background_image_as_pattern=&#8221;without_pattern&#8221;][vc_column][vc_column_text] PROMOZIONE LIBRO: I FONDAMENTALI PER SCEGLIERE LA SCUOLA DI PSICOTERAPIA In Italia sono attivi oltre 250 istituti di specializzazione in psicoterapia, con oltre 400 sedi su tutto il territorio nazionale. Se desideri intraprendere questo importante percorso la scelta della scuola \u201cgiusta per...<\/p>\n\t\t\t\t\t\t\t<div class=\"qode-bct-post-date entry_date updated\" itemprop=\"dateCreated\">\n\t\t\t\t\t\t\t\t17\/07\/2023\t\t\t\t\t\t\t\t<meta itemprop=\"interactionCount\" content=\"UserComments: 0\"\/>\n\t\t\t\t\t\t\t<\/div>\n\t\t\t\t\t\t<\/div>\n\t\t\t\t\t<\/div>\n\t\t\t\t\t\t\t\t\t\t\t\t<div class=\"qode-bct-post\">\n\t\t\t\t\t\t\t\t\t\t\t\t\t<div class=\"qode-bct-post-image\">\n\t\t\t\t\t\t\t\t<a href=\"https:\/\/www.cptf.it\/it\/convegno-sippr-sezione-giovani-2023\/\" itemprop=\"url\">\n\t\t\t\t\t\t\t\t\t<img loading=\"lazy\" decoding=\"async\" width=\"1080\" height=\"1080\" src=\"https:\/\/www.cptf.it\/it\/wp-content\/uploads\/convegnogiovani.png\" class=\"attachment-full size-full wp-post-image\" alt=\"\" srcset=\"https:\/\/www.cptf.it\/it\/wp-content\/uploads\/convegnogiovani.png 1080w, https:\/\/www.cptf.it\/it\/wp-content\/uploads\/convegnogiovani-300x300.png 300w, https:\/\/www.cptf.it\/it\/wp-content\/uploads\/convegnogiovani-150x150.png 150w, https:\/\/www.cptf.it\/it\/wp-content\/uploads\/convegnogiovani-768x768.png 768w, https:\/\/www.cptf.it\/it\/wp-content\/uploads\/convegnogiovani-570x570.png 570w, https:\/\/www.cptf.it\/it\/wp-content\/uploads\/convegnogiovani-500x500.png 500w, https:\/\/www.cptf.it\/it\/wp-content\/uploads\/convegnogiovani-1000x1000.png 1000w, https:\/\/www.cptf.it\/it\/wp-content\/uploads\/convegnogiovani-700x700.png 700w\" sizes=\"(max-width: 1080px) 100vw, 1080px\" \/>\t\t\t\t\t\t\t\t<\/a>\n\t\t\t\t\t\t\t<\/div>\n\t\t\t\t\t\t\t\t\t\t\t\t<div class=\"qode-bct-post-text\">\n\t\t\t\t\t\t\t<h3 class=\"qode-bct-post-title entry_title\" itemprop=\"name\">\n\t\t\t\t\t\t\t\t<a href=\"https:\/\/www.cptf.it\/it\/convegno-sippr-sezione-giovani-2023\/\" itemprop=\"url\">Convegno SIPPR-Sezione Giovani: Nuovi dolori, nuovi bisogni &#8211; 28 ottobre 2023<\/a>\n\t\t\t\t\t\t\t<\/h3>\n\t\t\t\t\t\t\t\t\t\t\t\t\t\t<p itemprop=\"description\" class = \"qode-bct-post-excerpt\"> [vc_row css_animation=&#8221;&#8221; row_type=&#8221;row&#8221; use_row_as_full_screen_section=&#8221;no&#8221; type=&#8221;full_width&#8221; angled_section=&#8221;no&#8221; text_align=&#8221;left&#8221; background_image_as_pattern=&#8221;without_pattern&#8221;][vc_column][vc_column_text] CONVEGNO SIPPR &#8211; SEZIONE GIOVANI &#8220;NUOVI DOLORI, NUOVI BISOGNI: le sfide per il giovane terapeuta sistemico nel terzo millennio&#8221; 28 ottobre 2023 &#8211; Arezzo via Venezia, 30 &#8211; Padova Il Convegno si aprir\u00e0 con un dialogo tra i tre past-president SIPPR del...<\/p>\n\t\t\t\t\t\t\t<div class=\"qode-bct-post-date entry_date updated\" itemprop=\"dateCreated\">\n\t\t\t\t\t\t\t\t10\/07\/2023\t\t\t\t\t\t\t\t<meta itemprop=\"interactionCount\" content=\"UserComments: 0\"\/>\n\t\t\t\t\t\t\t<\/div>\n\t\t\t\t\t\t<\/div>\n\t\t\t\t\t<\/div>\n\t\t\t\t\t\t\t\t\t\t\t\t<div class=\"qode-bct-post\">\n\t\t\t\t\t\t\t\t\t\t\t\t\t<div class=\"qode-bct-post-image\">\n\t\t\t\t\t\t\t\t<a href=\"https:\/\/www.cptf.it\/it\/convegno-opv-la-persona-terapeuta-soggetto-e-strumento\/\" itemprop=\"url\">\n\t\t\t\t\t\t\t\t\t<img loading=\"lazy\" decoding=\"async\" width=\"820\" height=\"468\" src=\"https:\/\/www.cptf.it\/it\/wp-content\/uploads\/Ordine-FVG.png\" class=\"attachment-full size-full wp-post-image\" alt=\"\" srcset=\"https:\/\/www.cptf.it\/it\/wp-content\/uploads\/Ordine-FVG.png 820w, https:\/\/www.cptf.it\/it\/wp-content\/uploads\/Ordine-FVG-300x171.png 300w, https:\/\/www.cptf.it\/it\/wp-content\/uploads\/Ordine-FVG-768x438.png 768w, https:\/\/www.cptf.it\/it\/wp-content\/uploads\/Ordine-FVG-345x198.png 345w, https:\/\/www.cptf.it\/it\/wp-content\/uploads\/Ordine-FVG-700x400.png 700w\" sizes=\"(max-width: 820px) 100vw, 820px\" \/>\t\t\t\t\t\t\t\t<\/a>\n\t\t\t\t\t\t\t<\/div>\n\t\t\t\t\t\t\t\t\t\t\t\t<div class=\"qode-bct-post-text\">\n\t\t\t\t\t\t\t<h3 class=\"qode-bct-post-title entry_title\" itemprop=\"name\">\n\t\t\t\t\t\t\t\t<a href=\"https:\/\/www.cptf.it\/it\/convegno-opv-la-persona-terapeuta-soggetto-e-strumento\/\" itemprop=\"url\">Convegno OPV: La persona terapeuta: soggetto e strumento &#8211; 9 giugno 2023<\/a>\n\t\t\t\t\t\t\t<\/h3>\n\t\t\t\t\t\t\t\t\t\t\t\t\t\t<p itemprop=\"description\" class = \"qode-bct-post-excerpt\"> [vc_row css_animation=&#8221;&#8221; row_type=&#8221;row&#8221; use_row_as_full_screen_section=&#8221;no&#8221; type=&#8221;full_width&#8221; angled_section=&#8221;no&#8221; text_align=&#8221;left&#8221; background_image_as_pattern=&#8221;without_pattern&#8221;][vc_column][vc_column_text] CONVEGNO ORDINE PSICOLOGI DEL VENETO LA PERSONA TERAPEUTA: SOGGETTO E STRUMENTO 9 giugno 2023 &#8211; Best Western Plus Hotel Galileo via Venezia, 30 &#8211; Padova Organizzato dall\u2019Ordine delle Psicologhe e degli Psicologi del Veneto in collaborazione con la Consulta delle Scuole di...<\/p>\n\t\t\t\t\t\t\t<div class=\"qode-bct-post-date entry_date updated\" itemprop=\"dateCreated\">\n\t\t\t\t\t\t\t\t06\/06\/2023\t\t\t\t\t\t\t\t<meta itemprop=\"interactionCount\" content=\"UserComments: 0\"\/>\n\t\t\t\t\t\t\t<\/div>\n\t\t\t\t\t\t<\/div>\n\t\t\t\t\t<\/div>\n\t\t\t\t\t\t\t\t\t\t\t\t<div class=\"qode-bct-post\">\n\t\t\t\t\t\t\t\t\t\t\t\t\t<div class=\"qode-bct-post-image\">\n\t\t\t\t\t\t\t\t<a href=\"https:\/\/www.cptf.it\/it\/international-conference-terapia-familiare-sistemica-tra-evidenza-e-creativita-2-4-giugno-2023\/\" itemprop=\"url\">\n\t\t\t\t\t\t\t\t\t<img loading=\"lazy\" decoding=\"async\" width=\"560\" height=\"484\" src=\"https:\/\/www.cptf.it\/it\/wp-content\/uploads\/international-conference.png\" class=\"attachment-full size-full wp-post-image\" alt=\"\" srcset=\"https:\/\/www.cptf.it\/it\/wp-content\/uploads\/international-conference.png 560w, https:\/\/www.cptf.it\/it\/wp-content\/uploads\/international-conference-300x259.png 300w\" sizes=\"(max-width: 560px) 100vw, 560px\" \/>\t\t\t\t\t\t\t\t<\/a>\n\t\t\t\t\t\t\t<\/div>\n\t\t\t\t\t\t\t\t\t\t\t\t<div class=\"qode-bct-post-text\">\n\t\t\t\t\t\t\t<h3 class=\"qode-bct-post-title entry_title\" itemprop=\"name\">\n\t\t\t\t\t\t\t\t<a href=\"https:\/\/www.cptf.it\/it\/international-conference-terapia-familiare-sistemica-tra-evidenza-e-creativita-2-4-giugno-2023\/\" itemprop=\"url\">International Conference: Terapia familiare sistemica tra evidenza e creativit\u00e0 &#8211; 2-4 giugno 2023<\/a>\n\t\t\t\t\t\t\t<\/h3>\n\t\t\t\t\t\t\t\t\t\t\t\t\t\t<p itemprop=\"description\" class = \"qode-bct-post-excerpt\"> [vc_row css_animation=&#8221;&#8221; row_type=&#8221;row&#8221; use_row_as_full_screen_section=&#8221;no&#8221; type=&#8221;full_width&#8221; angled_section=&#8221;no&#8221; text_align=&#8221;left&#8221; background_image_as_pattern=&#8221;without_pattern&#8221;][vc_column][vc_column_text] INTERNATIONAL CONFERENCE TERAPIA SISTEMICA TRA EVIDENZA E CREATIVITA&#8217; 2, 3, 4 giugno 2023 &#8211; Hotel Casale Colli del Tronto (AN) [\/vc_column_text][\/vc_column][\/vc_row]<\/p>\n\t\t\t\t\t\t\t<div class=\"qode-bct-post-date entry_date updated\" itemprop=\"dateCreated\">\n\t\t\t\t\t\t\t\t17\/05\/2023\t\t\t\t\t\t\t\t<meta itemprop=\"interactionCount\" content=\"UserComments: 0\"\/>\n\t\t\t\t\t\t\t<\/div>\n\t\t\t\t\t\t<\/div>\n\t\t\t\t\t<\/div>\n\t\t\t\t\t\t\t\t\t\t\t\t<div class=\"qode-bct-post\">\n\t\t\t\t\t\t\t\t\t\t\t\t\t<div class=\"qode-bct-post-image\">\n\t\t\t\t\t\t\t\t<a href=\"https:\/\/www.cptf.it\/it\/cftc-50th-anniversary-celebration-and-conference-16-20-agosto-2023\/\" itemprop=\"url\">\n\t\t\t\t\t\t\t\t\t<img loading=\"lazy\" decoding=\"async\" width=\"459\" height=\"607\" src=\"https:\/\/www.cptf.it\/it\/wp-content\/uploads\/CFTC.png\" class=\"attachment-full size-full wp-post-image\" alt=\"\" srcset=\"https:\/\/www.cptf.it\/it\/wp-content\/uploads\/CFTC.png 459w, https:\/\/www.cptf.it\/it\/wp-content\/uploads\/CFTC-227x300.png 227w\" sizes=\"(max-width: 459px) 100vw, 459px\" \/>\t\t\t\t\t\t\t\t<\/a>\n\t\t\t\t\t\t\t<\/div>\n\t\t\t\t\t\t\t\t\t\t\t\t<div class=\"qode-bct-post-text\">\n\t\t\t\t\t\t\t<h3 class=\"qode-bct-post-title entry_title\" itemprop=\"name\">\n\t\t\t\t\t\t\t\t<a href=\"https:\/\/www.cptf.it\/it\/cftc-50th-anniversary-celebration-and-conference-16-20-agosto-2023\/\" itemprop=\"url\">Calgary Family Therapy Center 50th Anniversary Celebration and Conference &#8211; 16-20 agosto 2023<\/a>\n\t\t\t\t\t\t\t<\/h3>\n\t\t\t\t\t\t\t\t\t\t\t\t\t\t<p itemprop=\"description\" class = \"qode-bct-post-excerpt\"> [vc_row css_animation=&#8221;&#8221; row_type=&#8221;row&#8221; use_row_as_full_screen_section=&#8221;no&#8221; type=&#8221;full_width&#8221; angled_section=&#8221;no&#8221; text_align=&#8221;left&#8221; background_image_as_pattern=&#8221;without_pattern&#8221;][vc_column][vc_column_text] CALGARY FAMILY THERAPY CENTRE 50TH ANNIVERSARY CELEBRATION AND CONFERENCE La conferenza avr\u00e0 luogo a Calgary dal 16 al 20 agosto 2023 Per ulteriori informazioni ed iscrizioni visita il sito dedicato [\/vc_column_text][\/vc_column][\/vc_row]<\/p>\n\t\t\t\t\t\t\t<div class=\"qode-bct-post-date entry_date updated\" itemprop=\"dateCreated\">\n\t\t\t\t\t\t\t\t17\/05\/2023\t\t\t\t\t\t\t\t<meta itemprop=\"interactionCount\" content=\"UserComments: 0\"\/>\n\t\t\t\t\t\t\t<\/div>\n\t\t\t\t\t\t<\/div>\n\t\t\t\t\t<\/div>\n\t\t\t\t\t\t\t\t\t\t\t\t<div class=\"qode-bct-post\">\n\t\t\t\t\t\t\t\t\t\t\t\t\t<div class=\"qode-bct-post-image\">\n\t\t\t\t\t\t\t\t<a href=\"https:\/\/www.cptf.it\/it\/presentazione-ambulatorio-food-for-mind\/\" itemprop=\"url\">\n\t\t\t\t\t\t\t\t\t<img loading=\"lazy\" decoding=\"async\" width=\"1280\" height=\"720\" src=\"https:\/\/www.cptf.it\/it\/wp-content\/uploads\/presentazione-ffm-26-maggio.jpg\" class=\"attachment-full size-full wp-post-image\" alt=\"\" srcset=\"https:\/\/www.cptf.it\/it\/wp-content\/uploads\/presentazione-ffm-26-maggio.jpg 1280w, https:\/\/www.cptf.it\/it\/wp-content\/uploads\/presentazione-ffm-26-maggio-300x169.jpg 300w, https:\/\/www.cptf.it\/it\/wp-content\/uploads\/presentazione-ffm-26-maggio-1200x675.jpg 1200w, https:\/\/www.cptf.it\/it\/wp-content\/uploads\/presentazione-ffm-26-maggio-768x432.jpg 768w, https:\/\/www.cptf.it\/it\/wp-content\/uploads\/presentazione-ffm-26-maggio-700x394.jpg 700w, https:\/\/www.cptf.it\/it\/wp-content\/uploads\/presentazione-ffm-26-maggio-539x303.jpg 539w\" sizes=\"(max-width: 1280px) 100vw, 1280px\" \/>\t\t\t\t\t\t\t\t<\/a>\n\t\t\t\t\t\t\t<\/div>\n\t\t\t\t\t\t\t\t\t\t\t\t<div class=\"qode-bct-post-text\">\n\t\t\t\t\t\t\t<h3 class=\"qode-bct-post-title entry_title\" itemprop=\"name\">\n\t\t\t\t\t\t\t\t<a href=\"https:\/\/www.cptf.it\/it\/presentazione-ambulatorio-food-for-mind\/\" itemprop=\"url\">TRIESTE: Presentazione dell&#8217;ambulatorio Food for Mind &#8211; 26 maggio 2023<\/a>\n\t\t\t\t\t\t\t<\/h3>\n\t\t\t\t\t\t\t\t\t\t\t\t\t\t<p itemprop=\"description\" class = \"qode-bct-post-excerpt\"> [vc_row css_animation=&#8221;&#8221; row_type=&#8221;row&#8221; use_row_as_full_screen_section=&#8221;no&#8221; type=&#8221;full_width&#8221; angled_section=&#8221;no&#8221; text_align=&#8221;left&#8221; background_image_as_pattern=&#8221;without_pattern&#8221;][vc_column][vc_column_text] FOOD FOR MIND: CENTRO PER LA CURA INTEGRATA DEI DISTURBI DI ALIMENTAZIONE E NUTRIZIONE 26 maggio 2023 h. 18,00 &#8211; Via Fabio Severo, 14 presso Unicusano &#8211; Trieste La serata sar\u00e0 introdotta da Ornella Serafini e Leonardo Mendolicchio presenter\u00e0 il suo libro...<\/p>\n\t\t\t\t\t\t\t<div class=\"qode-bct-post-date entry_date updated\" itemprop=\"dateCreated\">\n\t\t\t\t\t\t\t\t09\/05\/2023\t\t\t\t\t\t\t\t<meta itemprop=\"interactionCount\" content=\"UserComments: 0\"\/>\n\t\t\t\t\t\t\t<\/div>\n\t\t\t\t\t\t<\/div>\n\t\t\t\t\t<\/div>\n\t\t\t\t\t\t\t\t\t\t\t\t<div class=\"qode-bct-post\">\n\t\t\t\t\t\t\t\t\t\t\t\t\t<div class=\"qode-bct-post-image\">\n\t\t\t\t\t\t\t\t<a href=\"https:\/\/www.cptf.it\/it\/prima-visione-documentario-scuola-mara-selvini\/\" itemprop=\"url\">\n\t\t\t\t\t\t\t\t\t<img loading=\"lazy\" decoding=\"async\" width=\"645\" height=\"517\" src=\"https:\/\/www.cptf.it\/it\/wp-content\/uploads\/Immagine-2.png\" class=\"attachment-full size-full wp-post-image\" alt=\"\" srcset=\"https:\/\/www.cptf.it\/it\/wp-content\/uploads\/Immagine-2.png 645w, https:\/\/www.cptf.it\/it\/wp-content\/uploads\/Immagine-2-300x240.png 300w\" sizes=\"(max-width: 645px) 100vw, 645px\" \/>\t\t\t\t\t\t\t\t<\/a>\n\t\t\t\t\t\t\t<\/div>\n\t\t\t\t\t\t\t\t\t\t\t\t<div class=\"qode-bct-post-text\">\n\t\t\t\t\t\t\t<h3 class=\"qode-bct-post-title entry_title\" itemprop=\"name\">\n\t\t\t\t\t\t\t\t<a href=\"https:\/\/www.cptf.it\/it\/prima-visione-documentario-scuola-mara-selvini\/\" itemprop=\"url\">PRIMA VISIONE DOCUMENTARIO: Mara Selvini Palazzoli. Tra vita e professione &#8211; 11 maggio 2023<\/a>\n\t\t\t\t\t\t\t<\/h3>\n\t\t\t\t\t\t\t\t\t\t\t\t\t\t<p itemprop=\"description\" class = \"qode-bct-post-excerpt\"> [vc_row css_animation=&#8221;&#8221; row_type=&#8221;row&#8221; use_row_as_full_screen_section=&#8221;no&#8221; type=&#8221;full_width&#8221; angled_section=&#8221;no&#8221; text_align=&#8221;left&#8221; background_image_as_pattern=&#8221;without_pattern&#8221;][vc_column][vc_column_text] PRIMA VISIONE ONLINE: MARA SELVINI PALAZZOLI. RISONANZE TRA VITA E PROFESSIONE documentario di Federico Selvini 11 maggio 2023 &#8211; Centro Congressi Fast. Piazzale R. Morandi, 2 &#8211; Milano La scuola di psicoterapia Mara Selvini Palazzoli ha prodotto il documentario: Mara Selvini Palazzoli....<\/p>\n\t\t\t\t\t\t\t<div class=\"qode-bct-post-date entry_date updated\" itemprop=\"dateCreated\">\n\t\t\t\t\t\t\t\t28\/03\/2023\t\t\t\t\t\t\t\t<meta itemprop=\"interactionCount\" content=\"UserComments: 0\"\/>\n\t\t\t\t\t\t\t<\/div>\n\t\t\t\t\t\t<\/div>\n\t\t\t\t\t<\/div>\n\t\t\t\t\t\t\t\t\t\t\t\t<div class=\"qode-bct-post\">\n\t\t\t\t\t\t\t\t\t\t\t\t\t<div class=\"qode-bct-post-image\">\n\t\t\t\t\t\t\t\t<a href=\"https:\/\/www.cptf.it\/it\/giornata-di-studio-sirts-manifestazioni-adolescenziali-estreme\/\" itemprop=\"url\">\n\t\t\t\t\t\t\t\t\t<img loading=\"lazy\" decoding=\"async\" width=\"917\" height=\"559\" src=\"https:\/\/www.cptf.it\/it\/wp-content\/uploads\/SIRTS_25.03.2023.png\" class=\"attachment-full size-full wp-post-image\" alt=\"\" srcset=\"https:\/\/www.cptf.it\/it\/wp-content\/uploads\/SIRTS_25.03.2023.png 917w, https:\/\/www.cptf.it\/it\/wp-content\/uploads\/SIRTS_25.03.2023-300x183.png 300w, https:\/\/www.cptf.it\/it\/wp-content\/uploads\/SIRTS_25.03.2023-768x468.png 768w, https:\/\/www.cptf.it\/it\/wp-content\/uploads\/SIRTS_25.03.2023-700x427.png 700w\" sizes=\"(max-width: 917px) 100vw, 917px\" \/>\t\t\t\t\t\t\t\t<\/a>\n\t\t\t\t\t\t\t<\/div>\n\t\t\t\t\t\t\t\t\t\t\t\t<div class=\"qode-bct-post-text\">\n\t\t\t\t\t\t\t<h3 class=\"qode-bct-post-title entry_title\" itemprop=\"name\">\n\t\t\t\t\t\t\t\t<a href=\"https:\/\/www.cptf.it\/it\/giornata-di-studio-sirts-manifestazioni-adolescenziali-estreme\/\" itemprop=\"url\">GIORNATA DI STUDIO SIRTS: Manifestazioni adolescenziali estreme &#8211; 25 marzo 2023<\/a>\n\t\t\t\t\t\t\t<\/h3>\n\t\t\t\t\t\t\t\t\t\t\t\t\t\t<p itemprop=\"description\" class = \"qode-bct-post-excerpt\"> [vc_row css_animation=&#8221;&#8221; row_type=&#8221;row&#8221; use_row_as_full_screen_section=&#8221;no&#8221; type=&#8221;full_width&#8221; angled_section=&#8221;no&#8221; text_align=&#8221;left&#8221; background_image_as_pattern=&#8221;without_pattern&#8221;][vc_column][vc_column_text] GIORNATA DI STUDIO SIRTS MANIFESTAZIONI ADOLESCENZIALI ESTREME: PROPOSTE CLINICHE SISTEMICO RELAZIONALI 25 marzo 2023 &#8211; sala Diamante, via Burigozzo 11, Milano I cambiamenti socio-culturali, familiari e relazionali degli ultimi decenni hanno influenzato profondamente le famiglie e gli adolescenti, i quali &#8211; sempre...<\/p>\n\t\t\t\t\t\t\t<div class=\"qode-bct-post-date entry_date updated\" itemprop=\"dateCreated\">\n\t\t\t\t\t\t\t\t09\/02\/2023\t\t\t\t\t\t\t\t<meta itemprop=\"interactionCount\" content=\"UserComments: 0\"\/>\n\t\t\t\t\t\t\t<\/div>\n\t\t\t\t\t\t<\/div>\n\t\t\t\t\t<\/div>\n\t\t\t\t\t\t\t\t\t\t\t\t<div class=\"qode-bct-post\">\n\t\t\t\t\t\t\t\t\t\t\t\t\t<div class=\"qode-bct-post-image\">\n\t\t\t\t\t\t\t\t<a href=\"https:\/\/www.cptf.it\/it\/fondazione-capta-sfide-di-genere-e-relazioni-di-aiuto-weekend-formativi\/\" itemprop=\"url\">\n\t\t\t\t\t\t\t\t\t<img loading=\"lazy\" decoding=\"async\" width=\"837\" height=\"573\" src=\"https:\/\/www.cptf.it\/it\/wp-content\/uploads\/Capta.jpg\" class=\"attachment-full size-full wp-post-image\" alt=\"\" srcset=\"https:\/\/www.cptf.it\/it\/wp-content\/uploads\/Capta.jpg 837w, https:\/\/www.cptf.it\/it\/wp-content\/uploads\/Capta-300x205.jpg 300w, https:\/\/www.cptf.it\/it\/wp-content\/uploads\/Capta-768x526.jpg 768w, https:\/\/www.cptf.it\/it\/wp-content\/uploads\/Capta-700x479.jpg 700w\" sizes=\"(max-width: 837px) 100vw, 837px\" \/>\t\t\t\t\t\t\t\t<\/a>\n\t\t\t\t\t\t\t<\/div>\n\t\t\t\t\t\t\t\t\t\t\t\t<div class=\"qode-bct-post-text\">\n\t\t\t\t\t\t\t<h3 class=\"qode-bct-post-title entry_title\" itemprop=\"name\">\n\t\t\t\t\t\t\t\t<a href=\"https:\/\/www.cptf.it\/it\/fondazione-capta-sfide-di-genere-e-relazioni-di-aiuto-weekend-formativi\/\" itemprop=\"url\">FONDAZIONE CAPTA: Sfide di genere e relazioni di aiuto &#8211; weekend formativi<\/a>\n\t\t\t\t\t\t\t<\/h3>\n\t\t\t\t\t\t\t\t\t\t\t\t\t\t<p itemprop=\"description\" class = \"qode-bct-post-excerpt\"> [vc_row css_animation=&#8221;&#8221; row_type=&#8221;row&#8221; use_row_as_full_screen_section=&#8221;no&#8221; type=&#8221;full_width&#8221; angled_section=&#8221;no&#8221; text_align=&#8221;left&#8221; background_image_as_pattern=&#8221;without_pattern&#8221;][vc_column][vc_column_text] FONDAZIONE CAPTA ONLUS SFIDE DI GENERE E RELAZIONI DI AIUTO &nbsp; QUATTRO SEMINARI TEMATICI PER PROFESSIONISTI CHE OPERANO IN AMBITO PSICOLOGICO, SOCIALE, SANITARIO ED EDUCATIVO Un percorso di formazione che vuole aiutare i professionisti ad interrogarsi sulle nuove sfide che toccano il...<\/p>\n\t\t\t\t\t\t\t<div class=\"qode-bct-post-date entry_date updated\" itemprop=\"dateCreated\">\n\t\t\t\t\t\t\t\t23\/01\/2023\t\t\t\t\t\t\t\t<meta itemprop=\"interactionCount\" content=\"UserComments: 0\"\/>\n\t\t\t\t\t\t\t<\/div>\n\t\t\t\t\t\t<\/div>\n\t\t\t\t\t<\/div>\n\t\t\t\t\t\t\t\t\t\t\t\t<div class=\"qode-bct-post\">\n\t\t\t\t\t\t\t\t\t\t\t\t\t<div class=\"qode-bct-post-image\">\n\t\t\t\t\t\t\t\t<a href=\"https:\/\/www.cptf.it\/it\/sirts-presentazione-libro\/\" itemprop=\"url\">\n\t\t\t\t\t\t\t\t\t<img loading=\"lazy\" decoding=\"async\" width=\"600\" height=\"400\" src=\"https:\/\/www.cptf.it\/it\/wp-content\/uploads\/il-genogramma-nella-pratica-sistemica.jpg\" class=\"attachment-full size-full wp-post-image\" alt=\"\" srcset=\"https:\/\/www.cptf.it\/it\/wp-content\/uploads\/il-genogramma-nella-pratica-sistemica.jpg 600w, https:\/\/www.cptf.it\/it\/wp-content\/uploads\/il-genogramma-nella-pratica-sistemica-300x200.jpg 300w\" sizes=\"(max-width: 600px) 100vw, 600px\" \/>\t\t\t\t\t\t\t\t<\/a>\n\t\t\t\t\t\t\t<\/div>\n\t\t\t\t\t\t\t\t\t\t\t\t<div class=\"qode-bct-post-text\">\n\t\t\t\t\t\t\t<h3 class=\"qode-bct-post-title entry_title\" itemprop=\"name\">\n\t\t\t\t\t\t\t\t<a href=\"https:\/\/www.cptf.it\/it\/sirts-presentazione-libro\/\" itemprop=\"url\">SIRTS: Presentazione del Libro &#8220;Il Genogramma nella pratica sistemica contemporanea&#8221; &#8211; 12 dicembre 2022<\/a>\n\t\t\t\t\t\t\t<\/h3>\n\t\t\t\t\t\t\t\t\t\t\t\t\t\t<p itemprop=\"description\" class = \"qode-bct-post-excerpt\"> [vc_row css_animation=&#8221;&#8221; row_type=&#8221;row&#8221; use_row_as_full_screen_section=&#8221;no&#8221; type=&#8221;full_width&#8221; angled_section=&#8221;no&#8221; text_align=&#8221;left&#8221; background_image_as_pattern=&#8221;without_pattern&#8221;][vc_column][vc_column_text] PRESENTAZIONE LIBRO &#8220;IL GENOGRAMMA NELLA PRATICA SISTEMICA CONTEMPORANEA. SVILUPPI E PROSPETTIVE&#8221; PROGRAMMA h.20.00\u00a0&#8211;\u00a0Iva\u00a0Ursini, psicologa psicoterapeuta, Milano, IT h.20.10\u00a0&#8211; Ivy Daure, PhD, psicologa psicoterapeuta, Bordeaux, FR h.20.30\u00a0&#8211;\u00a0Maurizio Frisina, psicologo psicoterapeuta, Bruxelles, BE h.20.50\u00a0&#8211; Patrizia Frongia, PhD, psicologa psicoterapeuta, Milano, IT h.21.10\u00a0&#8211; Mauro Mariotti,...<\/p>\n\t\t\t\t\t\t\t<div class=\"qode-bct-post-date entry_date updated\" itemprop=\"dateCreated\">\n\t\t\t\t\t\t\t\t02\/12\/2022\t\t\t\t\t\t\t\t<meta itemprop=\"interactionCount\" content=\"UserComments: 0\"\/>\n\t\t\t\t\t\t\t<\/div>\n\t\t\t\t\t\t<\/div>\n\t\t\t\t\t<\/div>\n\t\t\t\t\t\t\t\t\t\t\t\t<div class=\"qode-bct-post\">\n\t\t\t\t\t\t\t\t\t\t\t\t\t<div class=\"qode-bct-post-image\">\n\t\t\t\t\t\t\t\t<a href=\"https:\/\/www.cptf.it\/it\/convegno-nazionale-scuole-cmtf-2022\/\" itemprop=\"url\">\n\t\t\t\t\t\t\t\t\t<img loading=\"lazy\" decoding=\"async\" width=\"923\" height=\"521\" src=\"https:\/\/www.cptf.it\/it\/wp-content\/uploads\/CONVEGNO-SCUOLE-CMTF.jpg\" class=\"attachment-full size-full wp-post-image\" alt=\"\" srcset=\"https:\/\/www.cptf.it\/it\/wp-content\/uploads\/CONVEGNO-SCUOLE-CMTF.jpg 923w, https:\/\/www.cptf.it\/it\/wp-content\/uploads\/CONVEGNO-SCUOLE-CMTF-300x169.jpg 300w, https:\/\/www.cptf.it\/it\/wp-content\/uploads\/CONVEGNO-SCUOLE-CMTF-768x434.jpg 768w, https:\/\/www.cptf.it\/it\/wp-content\/uploads\/CONVEGNO-SCUOLE-CMTF-700x395.jpg 700w, https:\/\/www.cptf.it\/it\/wp-content\/uploads\/CONVEGNO-SCUOLE-CMTF-539x303.jpg 539w\" sizes=\"(max-width: 923px) 100vw, 923px\" \/>\t\t\t\t\t\t\t\t<\/a>\n\t\t\t\t\t\t\t<\/div>\n\t\t\t\t\t\t\t\t\t\t\t\t<div class=\"qode-bct-post-text\">\n\t\t\t\t\t\t\t<h3 class=\"qode-bct-post-title entry_title\" itemprop=\"name\">\n\t\t\t\t\t\t\t\t<a href=\"https:\/\/www.cptf.it\/it\/convegno-nazionale-scuole-cmtf-2022\/\" itemprop=\"url\">CONVEGNO NAZIONALE SCUOLE CMTF: Gli incontri che fanno la differenza<\/a>\n\t\t\t\t\t\t\t<\/h3>\n\t\t\t\t\t\t\t\t\t\t\t\t\t\t<p itemprop=\"description\" class = \"qode-bct-post-excerpt\"> Convegno Nazionale delle Scuole CMTF<\/p>\n\t\t\t\t\t\t\t<div class=\"qode-bct-post-date entry_date updated\" itemprop=\"dateCreated\">\n\t\t\t\t\t\t\t\t21\/11\/2022\t\t\t\t\t\t\t\t<meta itemprop=\"interactionCount\" content=\"UserComments: 0\"\/>\n\t\t\t\t\t\t\t<\/div>\n\t\t\t\t\t\t<\/div>\n\t\t\t\t\t<\/div>\n\t\t\t\t\t\t\t\t\t\t\t\t<div class=\"qode-bct-post\">\n\t\t\t\t\t\t\t\t\t\t\t\t\t<div class=\"qode-bct-post-image\">\n\t\t\t\t\t\t\t\t<a href=\"https:\/\/www.cptf.it\/it\/convegno-opv-viaggio-tra-i-modelli-in-psicoterapia-4-5-novembre-2022\/\" itemprop=\"url\">\n\t\t\t\t\t\t\t\t\t<img loading=\"lazy\" decoding=\"async\" width=\"452\" height=\"502\" src=\"https:\/\/www.cptf.it\/it\/wp-content\/uploads\/4-5novembre_OPPV_1-e1666104929709.png\" class=\"attachment-full size-full wp-post-image\" alt=\"\" srcset=\"https:\/\/www.cptf.it\/it\/wp-content\/uploads\/4-5novembre_OPPV_1-e1666104929709.png 452w, https:\/\/www.cptf.it\/it\/wp-content\/uploads\/4-5novembre_OPPV_1-e1666104929709-270x300.png 270w\" sizes=\"(max-width: 452px) 100vw, 452px\" \/>\t\t\t\t\t\t\t\t<\/a>\n\t\t\t\t\t\t\t<\/div>\n\t\t\t\t\t\t\t\t\t\t\t\t<div class=\"qode-bct-post-text\">\n\t\t\t\t\t\t\t<h3 class=\"qode-bct-post-title entry_title\" itemprop=\"name\">\n\t\t\t\t\t\t\t\t<a href=\"https:\/\/www.cptf.it\/it\/convegno-opv-viaggio-tra-i-modelli-in-psicoterapia-4-5-novembre-2022\/\" itemprop=\"url\">CONVEGNO OPV: Viaggio tra i modelli in psicoterapia &#8211; 4, 5 novembre 2022<\/a>\n\t\t\t\t\t\t\t<\/h3>\n\t\t\t\t\t\t\t\t\t\t\t\t\t\t<p itemprop=\"description\" class = \"qode-bct-post-excerpt\"> Convegno Ordine Psicologi Veneto: Viaggio tra i modelli in psicoterapia. Come orientarsi in una scelta per il futuro<\/p>\n\t\t\t\t\t\t\t<div class=\"qode-bct-post-date entry_date updated\" itemprop=\"dateCreated\">\n\t\t\t\t\t\t\t\t18\/10\/2022\t\t\t\t\t\t\t\t<meta itemprop=\"interactionCount\" content=\"UserComments: 0\"\/>\n\t\t\t\t\t\t\t<\/div>\n\t\t\t\t\t\t<\/div>\n\t\t\t\t\t<\/div>\n\t\t\t\t\t\t\t\t\t\t\t\t<div class=\"qode-bct-post\">\n\t\t\t\t\t\t\t\t\t\t\t\t\t<div class=\"qode-bct-post-image\">\n\t\t\t\t\t\t\t\t<a href=\"https:\/\/www.cptf.it\/it\/convegno-ordine-fvg-dal-dire-al-fare-3-0-psicoterapie-a-confronto-28-29-ottobre-2022\/\" itemprop=\"url\">\n\t\t\t\t\t\t\t\t\t<img loading=\"lazy\" decoding=\"async\" width=\"323\" height=\"369\" src=\"https:\/\/www.cptf.it\/it\/wp-content\/uploads\/psicoterapie-a-confronto.jpg\" class=\"attachment-full size-full wp-post-image\" alt=\"\" srcset=\"https:\/\/www.cptf.it\/it\/wp-content\/uploads\/psicoterapie-a-confronto.jpg 323w, https:\/\/www.cptf.it\/it\/wp-content\/uploads\/psicoterapie-a-confronto-263x300.jpg 263w\" sizes=\"(max-width: 323px) 100vw, 323px\" \/>\t\t\t\t\t\t\t\t<\/a>\n\t\t\t\t\t\t\t<\/div>\n\t\t\t\t\t\t\t\t\t\t\t\t<div class=\"qode-bct-post-text\">\n\t\t\t\t\t\t\t<h3 class=\"qode-bct-post-title entry_title\" itemprop=\"name\">\n\t\t\t\t\t\t\t\t<a href=\"https:\/\/www.cptf.it\/it\/convegno-ordine-fvg-dal-dire-al-fare-3-0-psicoterapie-a-confronto-28-29-ottobre-2022\/\" itemprop=\"url\">CONVEGNO Ordine FVG: Dal dire al Fare 3.0 Psicoterapie a Confronto &#8211; 28, 29 ottobre 2022<\/a>\n\t\t\t\t\t\t\t<\/h3>\n\t\t\t\t\t\t\t\t\t\t\t\t\t\t<p itemprop=\"description\" class = \"qode-bct-post-excerpt\"> Convegno Ordine FVG: Dal dire al fare 3.0 - PSICOTERAPIE A CONFRONTO<\/p>\n\t\t\t\t\t\t\t<div class=\"qode-bct-post-date entry_date updated\" itemprop=\"dateCreated\">\n\t\t\t\t\t\t\t\t13\/10\/2022\t\t\t\t\t\t\t\t<meta itemprop=\"interactionCount\" content=\"UserComments: 0\"\/>\n\t\t\t\t\t\t\t<\/div>\n\t\t\t\t\t\t<\/div>\n\t\t\t\t\t<\/div>\n\t\t\t\t\t\t\t\t\t\t\t\t<div class=\"qode-bct-post\">\n\t\t\t\t\t\t\t\t\t\t\t\t<div class=\"qode-bct-post-text\">\n\t\t\t\t\t\t\t<h3 class=\"qode-bct-post-title entry_title\" itemprop=\"name\">\n\t\t\t\t\t\t\t\t<a href=\"https:\/\/www.cptf.it\/it\/summit-collective-trauma-2022\/\" itemprop=\"url\">Collective Trauma 2022 Evento ONLINE &#8211; 20-22 ottobre 2022<\/a>\n\t\t\t\t\t\t\t<\/h3>\n\t\t\t\t\t\t\t\t\t\t\t\t\t\t<p itemprop=\"description\" class = \"qode-bct-post-excerpt\"> [vc_row css_animation=&#8221;&#8221; row_type=&#8221;row&#8221; use_row_as_full_screen_section=&#8221;no&#8221; type=&#8221;full_width&#8221; angled_section=&#8221;no&#8221; text_align=&#8221;left&#8221; background_image_as_pattern=&#8221;without_pattern&#8221;][vc_column][vc_column_text] Collective Trauma 2022 Evento ONLINE Summit Globale su Trauma Collettivo &amp; Resilienza diretto a professionisti della salute mentale Collective Trauma 2022 si svolge nei giorni di Gioved\u00ec 20, Venerd\u00ec 21, Sabato 22 Ottobre 2022. Dalle 10 alle 24, ora italiana. L\u2019iscrizione a...<\/p>\n\t\t\t\t\t\t\t<div class=\"qode-bct-post-date entry_date updated\" itemprop=\"dateCreated\">\n\t\t\t\t\t\t\t\t27\/09\/2022\t\t\t\t\t\t\t\t<meta itemprop=\"interactionCount\" content=\"UserComments: 0\"\/>\n\t\t\t\t\t\t\t<\/div>\n\t\t\t\t\t\t<\/div>\n\t\t\t\t\t<\/div>\n\t\t\t\t\t\t\t\t\t\t\t\t<div class=\"qode-bct-post\">\n\t\t\t\t\t\t\t\t\t\t\t\t\t<div class=\"qode-bct-post-image\">\n\t\t\t\t\t\t\t\t<a href=\"https:\/\/www.cptf.it\/it\/alimentazione-modulatore-stati-salute-malattia\/\" itemprop=\"url\">\n\t\t\t\t\t\t\t\t\t<img loading=\"lazy\" decoding=\"async\" width=\"2560\" height=\"1990\" src=\"https:\/\/www.cptf.it\/it\/wp-content\/uploads\/conferma-iscrizione-70-scaled-1.jpg\" class=\"attachment-full size-full wp-post-image\" alt=\"\" srcset=\"https:\/\/www.cptf.it\/it\/wp-content\/uploads\/conferma-iscrizione-70-scaled-1.jpg 2560w, https:\/\/www.cptf.it\/it\/wp-content\/uploads\/conferma-iscrizione-70-scaled-1-300x233.jpg 300w, https:\/\/www.cptf.it\/it\/wp-content\/uploads\/conferma-iscrizione-70-scaled-1-1200x933.jpg 1200w, https:\/\/www.cptf.it\/it\/wp-content\/uploads\/conferma-iscrizione-70-scaled-1-768x597.jpg 768w, https:\/\/www.cptf.it\/it\/wp-content\/uploads\/conferma-iscrizione-70-scaled-1-1536x1194.jpg 1536w, https:\/\/www.cptf.it\/it\/wp-content\/uploads\/conferma-iscrizione-70-scaled-1-2048x1592.jpg 2048w, https:\/\/www.cptf.it\/it\/wp-content\/uploads\/conferma-iscrizione-70-scaled-1-700x544.jpg 700w\" sizes=\"(max-width: 2560px) 100vw, 2560px\" \/>\t\t\t\t\t\t\t\t<\/a>\n\t\t\t\t\t\t\t<\/div>\n\t\t\t\t\t\t\t\t\t\t\t\t<div class=\"qode-bct-post-text\">\n\t\t\t\t\t\t\t<h3 class=\"qode-bct-post-title entry_title\" itemprop=\"name\">\n\t\t\t\t\t\t\t\t<a href=\"https:\/\/www.cptf.it\/it\/alimentazione-modulatore-stati-salute-malattia\/\" itemprop=\"url\">WEBINAR: Alimentarsi e Alimentazione come modulatori degli stati di salute e malattia &#8211; 22,23 ottobre 2022<\/a>\n\t\t\t\t\t\t\t<\/h3>\n\t\t\t\t\t\t\t\t\t\t\t\t\t\t<p itemprop=\"description\" class = \"qode-bct-post-excerpt\"> WEBINAR: Alimentarsi e Alimentazione come modulatori degli stati di salute e malattia<\/p>\n\t\t\t\t\t\t\t<div class=\"qode-bct-post-date entry_date updated\" itemprop=\"dateCreated\">\n\t\t\t\t\t\t\t\t21\/09\/2022\t\t\t\t\t\t\t\t<meta itemprop=\"interactionCount\" content=\"UserComments: 0\"\/>\n\t\t\t\t\t\t\t<\/div>\n\t\t\t\t\t\t<\/div>\n\t\t\t\t\t<\/div>\n\t\t\t\t\t\t\t\t\t\t\t\t<div class=\"qode-bct-post\">\n\t\t\t\t\t\t\t\t\t\t\t\t\t<div class=\"qode-bct-post-image\">\n\t\t\t\t\t\t\t\t<a href=\"https:\/\/www.cptf.it\/it\/convegno-internazionale-cmtf-conflitti-nei-sistemi-umani-22-ottobre\/\" itemprop=\"url\">\n\t\t\t\t\t\t\t\t\t<img loading=\"lazy\" decoding=\"async\" width=\"2560\" height=\"1442\" src=\"https:\/\/www.cptf.it\/it\/wp-content\/uploads\/22.10.2022_CMTF_MARY-JO-BARRETT_locandina_page-0001-scaled.jpg\" class=\"attachment-full size-full wp-post-image\" alt=\"\" srcset=\"https:\/\/www.cptf.it\/it\/wp-content\/uploads\/22.10.2022_CMTF_MARY-JO-BARRETT_locandina_page-0001-scaled.jpg 2560w, https:\/\/www.cptf.it\/it\/wp-content\/uploads\/22.10.2022_CMTF_MARY-JO-BARRETT_locandina_page-0001-300x169.jpg 300w, https:\/\/www.cptf.it\/it\/wp-content\/uploads\/22.10.2022_CMTF_MARY-JO-BARRETT_locandina_page-0001-1200x676.jpg 1200w, https:\/\/www.cptf.it\/it\/wp-content\/uploads\/22.10.2022_CMTF_MARY-JO-BARRETT_locandina_page-0001-768x433.jpg 768w, https:\/\/www.cptf.it\/it\/wp-content\/uploads\/22.10.2022_CMTF_MARY-JO-BARRETT_locandina_page-0001-1536x865.jpg 1536w, https:\/\/www.cptf.it\/it\/wp-content\/uploads\/22.10.2022_CMTF_MARY-JO-BARRETT_locandina_page-0001-2048x1154.jpg 2048w, https:\/\/www.cptf.it\/it\/wp-content\/uploads\/22.10.2022_CMTF_MARY-JO-BARRETT_locandina_page-0001-700x394.jpg 700w, https:\/\/www.cptf.it\/it\/wp-content\/uploads\/22.10.2022_CMTF_MARY-JO-BARRETT_locandina_page-0001-539x303.jpg 539w\" sizes=\"(max-width: 2560px) 100vw, 2560px\" \/>\t\t\t\t\t\t\t\t<\/a>\n\t\t\t\t\t\t\t<\/div>\n\t\t\t\t\t\t\t\t\t\t\t\t<div class=\"qode-bct-post-text\">\n\t\t\t\t\t\t\t<h3 class=\"qode-bct-post-title entry_title\" itemprop=\"name\">\n\t\t\t\t\t\t\t\t<a href=\"https:\/\/www.cptf.it\/it\/convegno-internazionale-cmtf-conflitti-nei-sistemi-umani-22-ottobre\/\" itemprop=\"url\">CONVEGNO INTERNAZIONALE CMTF: Trattare il trauma nel contesto relazionale &#8211; 22 ottobre 2022<\/a>\n\t\t\t\t\t\t\t<\/h3>\n\t\t\t\t\t\t\t\t\t\t\t\t\t\t<p itemprop=\"description\" class = \"qode-bct-post-excerpt\"> Convegno Internazionale CMTF<\/p>\n\t\t\t\t\t\t\t<div class=\"qode-bct-post-date entry_date updated\" itemprop=\"dateCreated\">\n\t\t\t\t\t\t\t\t05\/09\/2022\t\t\t\t\t\t\t\t<meta itemprop=\"interactionCount\" content=\"UserComments: 0\"\/>\n\t\t\t\t\t\t\t<\/div>\n\t\t\t\t\t\t<\/div>\n\t\t\t\t\t<\/div>\n\t\t\t\t\t\t\t\t\t\t\t\t<div class=\"qode-bct-post\">\n\t\t\t\t\t\t\t\t\t\t\t\t\t<div class=\"qode-bct-post-image\">\n\t\t\t\t\t\t\t\t<a href=\"https:\/\/www.cptf.it\/it\/libro-storia-psicologia\/\" itemprop=\"url\">\n\t\t\t\t\t\t\t\t\t<img loading=\"lazy\" decoding=\"async\" width=\"536\" height=\"732\" src=\"https:\/\/www.cptf.it\/it\/wp-content\/uploads\/9788899566340_0_536_0_75.jpg\" class=\"attachment-full size-full wp-post-image\" alt=\"\" srcset=\"https:\/\/www.cptf.it\/it\/wp-content\/uploads\/9788899566340_0_536_0_75.jpg 536w, https:\/\/www.cptf.it\/it\/wp-content\/uploads\/9788899566340_0_536_0_75-220x300.jpg 220w\" sizes=\"(max-width: 536px) 100vw, 536px\" \/>\t\t\t\t\t\t\t\t<\/a>\n\t\t\t\t\t\t\t<\/div>\n\t\t\t\t\t\t\t\t\t\t\t\t<div class=\"qode-bct-post-text\">\n\t\t\t\t\t\t\t<h3 class=\"qode-bct-post-title entry_title\" itemprop=\"name\">\n\t\t\t\t\t\t\t\t<a href=\"https:\/\/www.cptf.it\/it\/libro-storia-psicologia\/\" itemprop=\"url\">Presentazione del Libro &#8220;Storia della Psicologia Italiana&#8221; &#8211; 10 settembre 2022<\/a>\n\t\t\t\t\t\t\t<\/h3>\n\t\t\t\t\t\t\t\t\t\t\t\t\t\t<p itemprop=\"description\" class = \"qode-bct-post-excerpt\"> [vc_row css_animation=&#8221;&#8221; row_type=&#8221;row&#8221; use_row_as_full_screen_section=&#8221;no&#8221; type=&#8221;full_width&#8221; angled_section=&#8221;no&#8221; text_align=&#8221;left&#8221; background_image_as_pattern=&#8221;without_pattern&#8221;][vc_column][vc_column_text] Storia della Psicologia Italiana di Catello Parmentola Presentazione del Libro &#8220;Storia della Psicologia Italiana&#8221; il 10 settembre 2022 dalle 9 alle 12 in via Pracchiuso, 23 a Udine. Per garantire la maggior partecipazione possibile anche questo evento sar\u00e0 trasmesso in diretta sulla...<\/p>\n\t\t\t\t\t\t\t<div class=\"qode-bct-post-date entry_date updated\" itemprop=\"dateCreated\">\n\t\t\t\t\t\t\t\t01\/09\/2022\t\t\t\t\t\t\t\t<meta itemprop=\"interactionCount\" content=\"UserComments: 0\"\/>\n\t\t\t\t\t\t\t<\/div>\n\t\t\t\t\t\t<\/div>\n\t\t\t\t\t<\/div>\n\t\t\t\t\t\t\t\t\t\t\t\t<div class=\"qode-bct-post\">\n\t\t\t\t\t\t\t\t\t\t\t\t<div class=\"qode-bct-post-text\">\n\t\t\t\t\t\t\t<h3 class=\"qode-bct-post-title entry_title\" itemprop=\"name\">\n\t\t\t\t\t\t\t\t<a href=\"https:\/\/www.cptf.it\/it\/xviii-congresso-nazionale-aiamc\/\" itemprop=\"url\">XVIII congresso Nazionale AIAMC di psicoterapia cognitivo comportamentale<\/a>\n\t\t\t\t\t\t\t<\/h3>\n\t\t\t\t\t\t\t\t\t\t\t\t\t\t<p itemprop=\"description\" class = \"qode-bct-post-excerpt\"> XVIII congresso Nazionale AIAMC di psicoterapia cognitivo comportamentale<\/p>\n\t\t\t\t\t\t\t<div class=\"qode-bct-post-date entry_date updated\" itemprop=\"dateCreated\">\n\t\t\t\t\t\t\t\t18\/07\/2022\t\t\t\t\t\t\t\t<meta itemprop=\"interactionCount\" content=\"UserComments: 0\"\/>\n\t\t\t\t\t\t\t<\/div>\n\t\t\t\t\t\t<\/div>\n\t\t\t\t\t<\/div>\n\t\t\t\t\t\t\t\t\t\t\t\t<div class=\"qode-bct-post\">\n\t\t\t\t\t\t\t\t\t\t\t\t<div class=\"qode-bct-post-text\">\n\t\t\t\t\t\t\t<h3 class=\"qode-bct-post-title entry_title\" itemprop=\"name\">\n\t\t\t\t\t\t\t\t<a href=\"https:\/\/www.cptf.it\/it\/pubblicazione-libro\/\" itemprop=\"url\">Ethical and Aesthetic Explorations of Systemic Practice<\/a>\n\t\t\t\t\t\t\t<\/h3>\n\t\t\t\t\t\t\t\t\t\t\t\t\t\t<p itemprop=\"description\" class = \"qode-bct-post-excerpt\"> [vc_row css_animation=&#8221;&#8221; row_type=&#8221;row&#8221; use_row_as_full_screen_section=&#8221;no&#8221; type=&#8221;full_width&#8221; angled_section=&#8221;no&#8221; text_align=&#8221;left&#8221; background_image_as_pattern=&#8221;without_pattern&#8221;][vc_column][vc_column_text] Ethical and Aesthetic Explorations of Systemic Practice New Critical Reflections di Pietro Barbetta, Maria Esther Cavagnis, Inga-Britt Krause, Umberta Telfener Il libro \u00e8 stato pubblicato e pu\u00f2 essere ordinato qui[\/vc_column_text][\/vc_column][\/vc_row]<\/p>\n\t\t\t\t\t\t\t<div class=\"qode-bct-post-date entry_date updated\" itemprop=\"dateCreated\">\n\t\t\t\t\t\t\t\t31\/05\/2022\t\t\t\t\t\t\t\t<meta itemprop=\"interactionCount\" content=\"UserComments: 0\"\/>\n\t\t\t\t\t\t\t<\/div>\n\t\t\t\t\t\t<\/div>\n\t\t\t\t\t<\/div>\n\t\t\t\t\t\t\t\t\t\t\t\t<div class=\"qode-bct-post\">\n\t\t\t\t\t\t\t\t\t\t\t\t\t<div class=\"qode-bct-post-image\">\n\t\t\t\t\t\t\t\t<a href=\"https:\/\/www.cptf.it\/it\/convegno-internazionale-cmtf-conflitti-nei-sistemi-umani-14-maggio-2022\/\" itemprop=\"url\">\n\t\t\t\t\t\t\t\t\t<img loading=\"lazy\" decoding=\"async\" width=\"917\" height=\"525\" src=\"https:\/\/www.cptf.it\/it\/wp-content\/uploads\/Immagine.png\" class=\"attachment-full size-full wp-post-image\" alt=\"\" srcset=\"https:\/\/www.cptf.it\/it\/wp-content\/uploads\/Immagine.png 917w, https:\/\/www.cptf.it\/it\/wp-content\/uploads\/Immagine-300x172.png 300w, https:\/\/www.cptf.it\/it\/wp-content\/uploads\/Immagine-768x440.png 768w, https:\/\/www.cptf.it\/it\/wp-content\/uploads\/Immagine-345x198.png 345w, https:\/\/www.cptf.it\/it\/wp-content\/uploads\/Immagine-700x401.png 700w\" sizes=\"(max-width: 917px) 100vw, 917px\" \/>\t\t\t\t\t\t\t\t<\/a>\n\t\t\t\t\t\t\t<\/div>\n\t\t\t\t\t\t\t\t\t\t\t\t<div class=\"qode-bct-post-text\">\n\t\t\t\t\t\t\t<h3 class=\"qode-bct-post-title entry_title\" itemprop=\"name\">\n\t\t\t\t\t\t\t\t<a href=\"https:\/\/www.cptf.it\/it\/convegno-internazionale-cmtf-conflitti-nei-sistemi-umani-14-maggio-2022\/\" itemprop=\"url\">CONVEGNO INTERNAZIONALE CMTF: Conflitti nei sistemi umani &#8211; 14 maggio 2022<\/a>\n\t\t\t\t\t\t\t<\/h3>\n\t\t\t\t\t\t\t\t\t\t\t\t\t\t<p itemprop=\"description\" class = \"qode-bct-post-excerpt\"> Convegno Internazionale CMTF<\/p>\n\t\t\t\t\t\t\t<div class=\"qode-bct-post-date entry_date updated\" itemprop=\"dateCreated\">\n\t\t\t\t\t\t\t\t10\/05\/2022\t\t\t\t\t\t\t\t<meta itemprop=\"interactionCount\" content=\"UserComments: 0\"\/>\n\t\t\t\t\t\t\t<\/div>\n\t\t\t\t\t\t<\/div>\n\t\t\t\t\t<\/div>\n\t\t\t\t\t\t\t\t\t\t\t\t<div class=\"qode-bct-post\">\n\t\t\t\t\t\t\t\t\t\t\t\t\t<div class=\"qode-bct-post-image\">\n\t\t\t\t\t\t\t\t<a href=\"https:\/\/www.cptf.it\/it\/psicoterapia-e-diritti-civili\/\" itemprop=\"url\">\n\t\t\t\t\t\t\t\t\t<img loading=\"lazy\" decoding=\"async\" width=\"2560\" height=\"1442\" src=\"https:\/\/www.cptf.it\/it\/wp-content\/uploads\/Convegno-CMTF_26marzo_page-0001-scaled.jpg\" class=\"attachment-full size-full wp-post-image\" alt=\"\" srcset=\"https:\/\/www.cptf.it\/it\/wp-content\/uploads\/Convegno-CMTF_26marzo_page-0001-scaled.jpg 2560w, https:\/\/www.cptf.it\/it\/wp-content\/uploads\/Convegno-CMTF_26marzo_page-0001-300x169.jpg 300w, https:\/\/www.cptf.it\/it\/wp-content\/uploads\/Convegno-CMTF_26marzo_page-0001-1200x676.jpg 1200w, https:\/\/www.cptf.it\/it\/wp-content\/uploads\/Convegno-CMTF_26marzo_page-0001-768x433.jpg 768w, https:\/\/www.cptf.it\/it\/wp-content\/uploads\/Convegno-CMTF_26marzo_page-0001-1536x865.jpg 1536w, https:\/\/www.cptf.it\/it\/wp-content\/uploads\/Convegno-CMTF_26marzo_page-0001-2048x1154.jpg 2048w, https:\/\/www.cptf.it\/it\/wp-content\/uploads\/Convegno-CMTF_26marzo_page-0001-700x394.jpg 700w, https:\/\/www.cptf.it\/it\/wp-content\/uploads\/Convegno-CMTF_26marzo_page-0001-539x303.jpg 539w\" sizes=\"(max-width: 2560px) 100vw, 2560px\" \/>\t\t\t\t\t\t\t\t<\/a>\n\t\t\t\t\t\t\t<\/div>\n\t\t\t\t\t\t\t\t\t\t\t\t<div class=\"qode-bct-post-text\">\n\t\t\t\t\t\t\t<h3 class=\"qode-bct-post-title entry_title\" itemprop=\"name\">\n\t\t\t\t\t\t\t\t<a href=\"https:\/\/www.cptf.it\/it\/psicoterapia-e-diritti-civili\/\" itemprop=\"url\">CONVEGNO NAZIONALE CMTF: Psicoterapia e diritti umani &#8211; 26 marzo 2022<\/a>\n\t\t\t\t\t\t\t<\/h3>\n\t\t\t\t\t\t\t\t\t\t\t\t\t\t<p itemprop=\"description\" class = \"qode-bct-post-excerpt\"> Convegno Nazionale CMTF<\/p>\n\t\t\t\t\t\t\t<div class=\"qode-bct-post-date entry_date updated\" itemprop=\"dateCreated\">\n\t\t\t\t\t\t\t\t21\/03\/2022\t\t\t\t\t\t\t\t<meta itemprop=\"interactionCount\" content=\"UserComments: 0\"\/>\n\t\t\t\t\t\t\t<\/div>\n\t\t\t\t\t\t<\/div>\n\t\t\t\t\t<\/div>\n\t\t\t\t\t\t\t\t\t\t\t\t<div class=\"qode-bct-post\">\n\t\t\t\t\t\t\t\t\t\t\t\t<div class=\"qode-bct-post-text\">\n\t\t\t\t\t\t\t<h3 class=\"qode-bct-post-title entry_title\" itemprop=\"name\">\n\t\t\t\t\t\t\t\t<a href=\"https:\/\/www.cptf.it\/it\/webinar-manifesto\/\" itemprop=\"url\">WEBINAR GRATUITO: La PNEI per il rinnovamento della Psicologia e della Psichiatria &#8211; 25 marzo 2022<\/a>\n\t\t\t\t\t\t\t<\/h3>\n\t\t\t\t\t\t\t\t\t\t\t\t\t\t<p itemprop=\"description\" class = \"qode-bct-post-excerpt\"> Webinar Manifesto: La PNEI per il rinnovamento della Psicologia e della Psichiatria<\/p>\n\t\t\t\t\t\t\t<div class=\"qode-bct-post-date entry_date updated\" itemprop=\"dateCreated\">\n\t\t\t\t\t\t\t\t08\/03\/2022\t\t\t\t\t\t\t\t<meta itemprop=\"interactionCount\" content=\"UserComments: 0\"\/>\n\t\t\t\t\t\t\t<\/div>\n\t\t\t\t\t\t<\/div>\n\t\t\t\t\t<\/div>\n\t\t\t\t\t\t\t\t\t\t\t\t<div class=\"qode-bct-post\">\n\t\t\t\t\t\t\t\t\t\t\t\t\t<div class=\"qode-bct-post-image\">\n\t\t\t\t\t\t\t\t<a href=\"https:\/\/www.cptf.it\/it\/congresso-internazionale-sirts-2022\/\" itemprop=\"url\">\n\t\t\t\t\t\t\t\t\t<img loading=\"lazy\" decoding=\"async\" width=\"1053\" height=\"754\" src=\"https:\/\/www.cptf.it\/it\/wp-content\/uploads\/SIRTS.png\" class=\"attachment-full size-full wp-post-image\" alt=\"\" srcset=\"https:\/\/www.cptf.it\/it\/wp-content\/uploads\/SIRTS.png 1053w, https:\/\/www.cptf.it\/it\/wp-content\/uploads\/SIRTS-300x215.png 300w, https:\/\/www.cptf.it\/it\/wp-content\/uploads\/SIRTS-768x550.png 768w, https:\/\/www.cptf.it\/it\/wp-content\/uploads\/SIRTS-700x501.png 700w\" sizes=\"(max-width: 1053px) 100vw, 1053px\" \/>\t\t\t\t\t\t\t\t<\/a>\n\t\t\t\t\t\t\t<\/div>\n\t\t\t\t\t\t\t\t\t\t\t\t<div class=\"qode-bct-post-text\">\n\t\t\t\t\t\t\t<h3 class=\"qode-bct-post-title entry_title\" itemprop=\"name\">\n\t\t\t\t\t\t\t\t<a href=\"https:\/\/www.cptf.it\/it\/congresso-internazionale-sirts-2022\/\" itemprop=\"url\">CONGRESSO INTERNAZIONALE SIRTS: La bufera e altro. La cura delle famiglie nell&#8217;onda lunga post Covid &#8211; 13-14 maggio 2022<\/a>\n\t\t\t\t\t\t\t<\/h3>\n\t\t\t\t\t\t\t\t\t\t\t\t\t\t<p itemprop=\"description\" class = \"qode-bct-post-excerpt\"> Congresso Internazionale SIRTS<\/p>\n\t\t\t\t\t\t\t<div class=\"qode-bct-post-date entry_date updated\" itemprop=\"dateCreated\">\n\t\t\t\t\t\t\t\t18\/02\/2022\t\t\t\t\t\t\t\t<meta itemprop=\"interactionCount\" content=\"UserComments: 0\"\/>\n\t\t\t\t\t\t\t<\/div>\n\t\t\t\t\t\t<\/div>\n\t\t\t\t\t<\/div>\n\t\t\t\t\t\t\t\t\t\t\t\t<div class=\"qode-bct-post\">\n\t\t\t\t\t\t\t\t\t\t\t\t<div class=\"qode-bct-post-text\">\n\t\t\t\t\t\t\t<h3 class=\"qode-bct-post-title entry_title\" itemprop=\"name\">\n\t\t\t\t\t\t\t\t<a href=\"https:\/\/www.cptf.it\/it\/seminari-e-convegni-naven-2022\/\" itemprop=\"url\">Seminari e Convegni NAVEN 2022<\/a>\n\t\t\t\t\t\t\t<\/h3>\n\t\t\t\t\t\t\t\t\t\t\t\t\t\t<p itemprop=\"description\" class = \"qode-bct-post-excerpt\"> Seminari e Convegni Naven 2022<\/p>\n\t\t\t\t\t\t\t<div class=\"qode-bct-post-date entry_date updated\" itemprop=\"dateCreated\">\n\t\t\t\t\t\t\t\t15\/02\/2022\t\t\t\t\t\t\t\t<meta itemprop=\"interactionCount\" content=\"UserComments: 0\"\/>\n\t\t\t\t\t\t\t<\/div>\n\t\t\t\t\t\t<\/div>\n\t\t\t\t\t<\/div>\n\t\t\t\t\t\t\t\t\t\t\t\t<div class=\"qode-bct-post\">\n\t\t\t\t\t\t\t\t\t\t\t\t<div class=\"qode-bct-post-text\">\n\t\t\t\t\t\t\t<h3 class=\"qode-bct-post-title entry_title\" itemprop=\"name\">\n\t\t\t\t\t\t\t\t<a href=\"https:\/\/www.cptf.it\/it\/ish-monthly-masterclass-hypnotherapy-for-grief-process\/\" itemprop=\"url\">ISH Monthly Masterclass &#8211; Hypnotherapy for grief process &#8211; 16 febbraio 2022<\/a>\n\t\t\t\t\t\t\t<\/h3>\n\t\t\t\t\t\t\t\t\t\t\t\t\t\t<p itemprop=\"description\" class = \"qode-bct-post-excerpt\"> ISH Monthly Global Webinars -  Hypnotherapy for grief process<\/p>\n\t\t\t\t\t\t\t<div class=\"qode-bct-post-date entry_date updated\" itemprop=\"dateCreated\">\n\t\t\t\t\t\t\t\t09\/02\/2022\t\t\t\t\t\t\t\t<meta itemprop=\"interactionCount\" content=\"UserComments: 0\"\/>\n\t\t\t\t\t\t\t<\/div>\n\t\t\t\t\t\t<\/div>\n\t\t\t\t\t<\/div>\n\t\t\t\t\t\t\t\t\t\t\t\t<div class=\"qode-bct-post\">\n\t\t\t\t\t\t\t\t\t\t\t\t<div class=\"qode-bct-post-text\">\n\t\t\t\t\t\t\t<h3 class=\"qode-bct-post-title entry_title\" itemprop=\"name\">\n\t\t\t\t\t\t\t\t<a href=\"https:\/\/www.cptf.it\/it\/convegno-internazionale-pcp\/\" itemprop=\"url\">24\u00b0 Convegno Internazionale di Psicologia dei Costrutti Personali &#8211; luglio 2022<\/a>\n\t\t\t\t\t\t\t<\/h3>\n\t\t\t\t\t\t\t\t\t\t\t\t\t\t<p itemprop=\"description\" class = \"qode-bct-post-excerpt\"> Seminario Internazionale PCP<\/p>\n\t\t\t\t\t\t\t<div class=\"qode-bct-post-date entry_date updated\" itemprop=\"dateCreated\">\n\t\t\t\t\t\t\t\t08\/02\/2022\t\t\t\t\t\t\t\t<meta itemprop=\"interactionCount\" content=\"UserComments: 0\"\/>\n\t\t\t\t\t\t\t<\/div>\n\t\t\t\t\t\t<\/div>\n\t\t\t\t\t<\/div>\n\t\t\t\t\t\t\t\t\t\t\t\t<div class=\"qode-bct-post\">\n\t\t\t\t\t\t\t\t\t\t\t\t<div class=\"qode-bct-post-text\">\n\t\t\t\t\t\t\t<h3 class=\"qode-bct-post-title entry_title\" itemprop=\"name\">\n\t\t\t\t\t\t\t\t<a href=\"https:\/\/www.cptf.it\/it\/seminario-itfv\/\" itemprop=\"url\">Seminario ITFV: Leggere le interazioni: la comunicazione pragmatica come via d&#8217;accesso all&#8217;universo rappresentativo della coppia<\/a>\n\t\t\t\t\t\t\t<\/h3>\n\t\t\t\t\t\t\t\t\t\t\t\t\t\t<p itemprop=\"description\" class = \"qode-bct-post-excerpt\"> Seminario di Studio con Simone Milli<\/p>\n\t\t\t\t\t\t\t<div class=\"qode-bct-post-date entry_date updated\" itemprop=\"dateCreated\">\n\t\t\t\t\t\t\t\t24\/11\/2021\t\t\t\t\t\t\t\t<meta itemprop=\"interactionCount\" content=\"UserComments: 0\"\/>\n\t\t\t\t\t\t\t<\/div>\n\t\t\t\t\t\t<\/div>\n\t\t\t\t\t<\/div>\n\t\t\t\t\t\t\t\t\t\t\t\t<div class=\"qode-bct-post\">\n\t\t\t\t\t\t\t\t\t\t\t\t\t<div class=\"qode-bct-post-image\">\n\t\t\t\t\t\t\t\t<a href=\"https:\/\/www.cptf.it\/it\/congresso-online-humberto-maturana-la-complessita-come-estetica\/\" itemprop=\"url\">\n\t\t\t\t\t\t\t\t\t<img loading=\"lazy\" decoding=\"async\" width=\"843\" height=\"635\" src=\"https:\/\/www.cptf.it\/it\/wp-content\/uploads\/Maturana.png\" class=\"attachment-full size-full wp-post-image\" alt=\"\" srcset=\"https:\/\/www.cptf.it\/it\/wp-content\/uploads\/Maturana.png 843w, https:\/\/www.cptf.it\/it\/wp-content\/uploads\/Maturana-300x226.png 300w, https:\/\/www.cptf.it\/it\/wp-content\/uploads\/Maturana-768x579.png 768w, https:\/\/www.cptf.it\/it\/wp-content\/uploads\/Maturana-700x527.png 700w\" sizes=\"(max-width: 843px) 100vw, 843px\" \/>\t\t\t\t\t\t\t\t<\/a>\n\t\t\t\t\t\t\t<\/div>\n\t\t\t\t\t\t\t\t\t\t\t\t<div class=\"qode-bct-post-text\">\n\t\t\t\t\t\t\t<h3 class=\"qode-bct-post-title entry_title\" itemprop=\"name\">\n\t\t\t\t\t\t\t\t<a href=\"https:\/\/www.cptf.it\/it\/congresso-online-humberto-maturana-la-complessita-come-estetica\/\" itemprop=\"url\">Congresso Online: HUMBERTO MATURANA , LA COMPLESSITA&#8217; COME ESTETICA &#8211; 23 ottobre 2021<\/a>\n\t\t\t\t\t\t\t<\/h3>\n\t\t\t\t\t\t\t\t\t\t\t\t\t\t<p itemprop=\"description\" class = \"qode-bct-post-excerpt\"> Congresso Online organizzato dal CMTF: Frontiere del Milan Approach - Humberto Maturana, la complessit\u00e0 come estetica.<\/p>\n\t\t\t\t\t\t\t<div class=\"qode-bct-post-date entry_date updated\" itemprop=\"dateCreated\">\n\t\t\t\t\t\t\t\t12\/10\/2021\t\t\t\t\t\t\t\t<meta itemprop=\"interactionCount\" content=\"UserComments: 0\"\/>\n\t\t\t\t\t\t\t<\/div>\n\t\t\t\t\t\t<\/div>\n\t\t\t\t\t<\/div>\n\t\t\t\t\t\t\t\t\t\t\t\t<div class=\"qode-bct-post\">\n\t\t\t\t\t\t\t\t\t\t\t\t<div class=\"qode-bct-post-text\">\n\t\t\t\t\t\t\t<h3 class=\"qode-bct-post-title entry_title\" itemprop=\"name\">\n\t\t\t\t\t\t\t\t<a href=\"https:\/\/www.cptf.it\/it\/webinar-online-brief-therapy-of-depression\/\" itemprop=\"url\">Webinar Online: BRIEF THERAPY OF DEPRESSION<\/a>\n\t\t\t\t\t\t\t<\/h3>\n\t\t\t\t\t\t\t\t\t\t\t\t\t\t<p itemprop=\"description\" class = \"qode-bct-post-excerpt\"> Webinar Online: BRIEF THERAPY OF DEPRESSION <\/p>\n\t\t\t\t\t\t\t<div class=\"qode-bct-post-date entry_date updated\" itemprop=\"dateCreated\">\n\t\t\t\t\t\t\t\t27\/09\/2021\t\t\t\t\t\t\t\t<meta itemprop=\"interactionCount\" content=\"UserComments: 0\"\/>\n\t\t\t\t\t\t\t<\/div>\n\t\t\t\t\t\t<\/div>\n\t\t\t\t\t<\/div>\n\t\t\t\t\t\t\t\t\t\t\t\t<div class=\"qode-bct-post\">\n\t\t\t\t\t\t\t\t\t\t\t\t\t<div class=\"qode-bct-post-image\">\n\t\t\t\t\t\t\t\t<a href=\"https:\/\/www.cptf.it\/it\/la-psicoterapia-basata-sullevidenza-nel-modello-sistemico-relazionale\/\" itemprop=\"url\">\n\t\t\t\t\t\t\t\t\t<img loading=\"lazy\" decoding=\"async\" width=\"820\" height=\"312\" src=\"https:\/\/www.cptf.it\/it\/wp-content\/uploads\/post.jpg\" class=\"attachment-full size-full wp-post-image\" alt=\"\" srcset=\"https:\/\/www.cptf.it\/it\/wp-content\/uploads\/post.jpg 820w, https:\/\/www.cptf.it\/it\/wp-content\/uploads\/post-300x114.jpg 300w, https:\/\/www.cptf.it\/it\/wp-content\/uploads\/post-768x292.jpg 768w, https:\/\/www.cptf.it\/it\/wp-content\/uploads\/post-700x266.jpg 700w\" sizes=\"(max-width: 820px) 100vw, 820px\" \/>\t\t\t\t\t\t\t\t<\/a>\n\t\t\t\t\t\t\t<\/div>\n\t\t\t\t\t\t\t\t\t\t\t\t<div class=\"qode-bct-post-text\">\n\t\t\t\t\t\t\t<h3 class=\"qode-bct-post-title entry_title\" itemprop=\"name\">\n\t\t\t\t\t\t\t\t<a href=\"https:\/\/www.cptf.it\/it\/la-psicoterapia-basata-sullevidenza-nel-modello-sistemico-relazionale\/\" itemprop=\"url\">Convegno ONLINE: La Psicoterapia basata sull&#8217;evidenza nel modello sistemico relazionale &#8211; 25 settembre 2021<\/a>\n\t\t\t\t\t\t\t<\/h3>\n\t\t\t\t\t\t\t\t\t\t\t\t\t\t<p itemprop=\"description\" class = \"qode-bct-post-excerpt\"> Libro a cura di Mauro Ceruti<\/p>\n\t\t\t\t\t\t\t<div class=\"qode-bct-post-date entry_date updated\" itemprop=\"dateCreated\">\n\t\t\t\t\t\t\t\t20\/09\/2021\t\t\t\t\t\t\t\t<meta itemprop=\"interactionCount\" content=\"UserComments: 0\"\/>\n\t\t\t\t\t\t\t<\/div>\n\t\t\t\t\t\t<\/div>\n\t\t\t\t\t<\/div>\n\t\t\t\t\t\t\t\t\t\t\t\t<div class=\"qode-bct-post\">\n\t\t\t\t\t\t\t\t\t\t\t\t\t<div class=\"qode-bct-post-image\">\n\t\t\t\t\t\t\t\t<a href=\"https:\/\/www.cptf.it\/it\/mimesis-cento-edgar-morin-a-cura-di-mauro-ceruti\/\" itemprop=\"url\">\n\t\t\t\t\t\t\t\t\t<img loading=\"lazy\" decoding=\"async\" width=\"1315\" height=\"2048\" src=\"https:\/\/www.cptf.it\/it\/wp-content\/uploads\/Edgar-Morin.jpg\" class=\"attachment-full size-full wp-post-image\" alt=\"\" srcset=\"https:\/\/www.cptf.it\/it\/wp-content\/uploads\/Edgar-Morin.jpg 1315w, https:\/\/www.cptf.it\/it\/wp-content\/uploads\/Edgar-Morin-193x300.jpg 193w, https:\/\/www.cptf.it\/it\/wp-content\/uploads\/Edgar-Morin-768x1196.jpg 768w, https:\/\/www.cptf.it\/it\/wp-content\/uploads\/Edgar-Morin-693x1080.jpg 693w, https:\/\/www.cptf.it\/it\/wp-content\/uploads\/Edgar-Morin-700x1090.jpg 700w\" sizes=\"(max-width: 1315px) 100vw, 1315px\" \/>\t\t\t\t\t\t\t\t<\/a>\n\t\t\t\t\t\t\t<\/div>\n\t\t\t\t\t\t\t\t\t\t\t\t<div class=\"qode-bct-post-text\">\n\t\t\t\t\t\t\t<h3 class=\"qode-bct-post-title entry_title\" itemprop=\"name\">\n\t\t\t\t\t\t\t\t<a href=\"https:\/\/www.cptf.it\/it\/mimesis-cento-edgar-morin-a-cura-di-mauro-ceruti\/\" itemprop=\"url\">Mimesis: &#8220;Cento Edgar Morin&#8221; a cura di Mauro Ceruti<\/a>\n\t\t\t\t\t\t\t<\/h3>\n\t\t\t\t\t\t\t\t\t\t\t\t\t\t<p itemprop=\"description\" class = \"qode-bct-post-excerpt\"> Libro a cura di Mauro Ceruti<\/p>\n\t\t\t\t\t\t\t<div class=\"qode-bct-post-date entry_date updated\" itemprop=\"dateCreated\">\n\t\t\t\t\t\t\t\t06\/07\/2021\t\t\t\t\t\t\t\t<meta itemprop=\"interactionCount\" content=\"UserComments: 0\"\/>\n\t\t\t\t\t\t\t<\/div>\n\t\t\t\t\t\t<\/div>\n\t\t\t\t\t<\/div>\n\t\t\t\t\t\t\t\t\t\t\t\t<div class=\"qode-bct-post\">\n\t\t\t\t\t\t\t\t\t\t\t\t\t<div class=\"qode-bct-post-image\">\n\t\t\t\t\t\t\t\t<a href=\"https:\/\/www.cptf.it\/it\/giornate-sirts-quale-integrita-nella-clinica-sistemica\/\" itemprop=\"url\">\n\t\t\t\t\t\t\t\t\t<img loading=\"lazy\" decoding=\"async\" width=\"640\" height=\"199\" src=\"https:\/\/www.cptf.it\/it\/wp-content\/uploads\/SIRTS.jpg\" class=\"attachment-full size-full wp-post-image\" alt=\"\" srcset=\"https:\/\/www.cptf.it\/it\/wp-content\/uploads\/SIRTS.jpg 640w, https:\/\/www.cptf.it\/it\/wp-content\/uploads\/SIRTS-300x93.jpg 300w\" sizes=\"(max-width: 640px) 100vw, 640px\" \/>\t\t\t\t\t\t\t\t<\/a>\n\t\t\t\t\t\t\t<\/div>\n\t\t\t\t\t\t\t\t\t\t\t\t<div class=\"qode-bct-post-text\">\n\t\t\t\t\t\t\t<h3 class=\"qode-bct-post-title entry_title\" itemprop=\"name\">\n\t\t\t\t\t\t\t\t<a href=\"https:\/\/www.cptf.it\/it\/giornate-sirts-quale-integrita-nella-clinica-sistemica\/\" itemprop=\"url\">Giornate SIRTS: quale integrit\u00e0 nella clinica sistemica? &#8211; 7 maggio e 5 giugno 2021<\/a>\n\t\t\t\t\t\t\t<\/h3>\n\t\t\t\t\t\t\t\t\t\t\t\t\t\t<p itemprop=\"description\" class = \"qode-bct-post-excerpt\"> Giornate formative organizzate dalla SIRTS <\/p>\n\t\t\t\t\t\t\t<div class=\"qode-bct-post-date entry_date updated\" itemprop=\"dateCreated\">\n\t\t\t\t\t\t\t\t21\/04\/2021\t\t\t\t\t\t\t\t<meta itemprop=\"interactionCount\" content=\"UserComments: 0\"\/>\n\t\t\t\t\t\t\t<\/div>\n\t\t\t\t\t\t<\/div>\n\t\t\t\t\t<\/div>\n\t\t\t\t\t\t\t\t\t\t\t\t<div class=\"qode-bct-post\">\n\t\t\t\t\t\t\t\t\t\t\t\t\t<div class=\"qode-bct-post-image\">\n\t\t\t\t\t\t\t\t<a href=\"https:\/\/www.cptf.it\/it\/webinar-amec-alimentazione-ai-tempi-del-covid\/\" itemprop=\"url\">\n\t\t\t\t\t\t\t\t\t<img loading=\"lazy\" decoding=\"async\" width=\"1229\" height=\"668\" src=\"https:\/\/www.cptf.it\/it\/wp-content\/uploads\/Webinar-Alimentazione-amec.jpg\" class=\"attachment-full size-full wp-post-image\" alt=\"\" srcset=\"https:\/\/www.cptf.it\/it\/wp-content\/uploads\/Webinar-Alimentazione-amec.jpg 1229w, https:\/\/www.cptf.it\/it\/wp-content\/uploads\/Webinar-Alimentazione-amec-300x163.jpg 300w, https:\/\/www.cptf.it\/it\/wp-content\/uploads\/Webinar-Alimentazione-amec-768x417.jpg 768w, https:\/\/www.cptf.it\/it\/wp-content\/uploads\/Webinar-Alimentazione-amec-1200x652.jpg 1200w, https:\/\/www.cptf.it\/it\/wp-content\/uploads\/Webinar-Alimentazione-amec-700x380.jpg 700w\" sizes=\"(max-width: 1229px) 100vw, 1229px\" \/>\t\t\t\t\t\t\t\t<\/a>\n\t\t\t\t\t\t\t<\/div>\n\t\t\t\t\t\t\t\t\t\t\t\t<div class=\"qode-bct-post-text\">\n\t\t\t\t\t\t\t<h3 class=\"qode-bct-post-title entry_title\" itemprop=\"name\">\n\t\t\t\t\t\t\t\t<a href=\"https:\/\/www.cptf.it\/it\/webinar-amec-alimentazione-ai-tempi-del-covid\/\" itemprop=\"url\">Webinar AMeC: Alimentazione ai tempi del Covid &#8211; 8 e 9 maggio 2021<\/a>\n\t\t\t\t\t\t\t<\/h3>\n\t\t\t\t\t\t\t\t\t\t\t\t\t\t<p itemprop=\"description\" class = \"qode-bct-post-excerpt\"> Webinar Online sull'Alimentazione ai tempi del Covid organizzato dall'AMeC<\/p>\n\t\t\t\t\t\t\t<div class=\"qode-bct-post-date entry_date updated\" itemprop=\"dateCreated\">\n\t\t\t\t\t\t\t\t25\/03\/2021\t\t\t\t\t\t\t\t<meta itemprop=\"interactionCount\" content=\"UserComments: 0\"\/>\n\t\t\t\t\t\t\t<\/div>\n\t\t\t\t\t\t<\/div>\n\t\t\t\t\t<\/div>\n\t\t\t\t\t\t\t\t\t\t\t\t<div class=\"qode-bct-post\">\n\t\t\t\t\t\t\t\t\t\t\t\t\t<div class=\"qode-bct-post-image\">\n\t\t\t\t\t\t\t\t<a href=\"https:\/\/www.cptf.it\/it\/convegno-relates-2021\/\" itemprop=\"url\">\n\t\t\t\t\t\t\t\t\t<img loading=\"lazy\" decoding=\"async\" width=\"884\" height=\"884\" src=\"https:\/\/www.cptf.it\/it\/wp-content\/uploads\/03_2021_Locandina-1.jpg\" class=\"attachment-full size-full wp-post-image\" alt=\"\" srcset=\"https:\/\/www.cptf.it\/it\/wp-content\/uploads\/03_2021_Locandina-1.jpg 884w, https:\/\/www.cptf.it\/it\/wp-content\/uploads\/03_2021_Locandina-1-150x150.jpg 150w, https:\/\/www.cptf.it\/it\/wp-content\/uploads\/03_2021_Locandina-1-300x300.jpg 300w, https:\/\/www.cptf.it\/it\/wp-content\/uploads\/03_2021_Locandina-1-768x768.jpg 768w, https:\/\/www.cptf.it\/it\/wp-content\/uploads\/03_2021_Locandina-1-570x570.jpg 570w, https:\/\/www.cptf.it\/it\/wp-content\/uploads\/03_2021_Locandina-1-500x500.jpg 500w, https:\/\/www.cptf.it\/it\/wp-content\/uploads\/03_2021_Locandina-1-700x700.jpg 700w\" sizes=\"(max-width: 884px) 100vw, 884px\" \/>\t\t\t\t\t\t\t\t<\/a>\n\t\t\t\t\t\t\t<\/div>\n\t\t\t\t\t\t\t\t\t\t\t\t<div class=\"qode-bct-post-text\">\n\t\t\t\t\t\t\t<h3 class=\"qode-bct-post-title entry_title\" itemprop=\"name\">\n\t\t\t\t\t\t\t\t<a href=\"https:\/\/www.cptf.it\/it\/convegno-relates-2021\/\" itemprop=\"url\">Congresso Relates: Raccontarla per vivere: narrazione ed altri approcci nella terapia relazionale sistemica &#8211; 23\/26 giugno 2021<\/a>\n\t\t\t\t\t\t\t<\/h3>\n\t\t\t\t\t\t\t\t\t\t\t\t\t\t<p itemprop=\"description\" class = \"qode-bct-post-excerpt\"> La Societ\u00e0 Italiana di Psicologia e Psicoterapia relazionale in collaborazione con il Centro C.S.A.P.R organizzano un Convegno di Studi su Piattaforma Web.<\/p>\n\t\t\t\t\t\t\t<div class=\"qode-bct-post-date entry_date updated\" itemprop=\"dateCreated\">\n\t\t\t\t\t\t\t\t24\/03\/2021\t\t\t\t\t\t\t\t<meta itemprop=\"interactionCount\" content=\"UserComments: 0\"\/>\n\t\t\t\t\t\t\t<\/div>\n\t\t\t\t\t\t<\/div>\n\t\t\t\t\t<\/div>\n\t\t\t\t\t\t\t\t\t\t\t\t<div class=\"qode-bct-post\">\n\t\t\t\t\t\t\t\t\t\t\t\t\t<div class=\"qode-bct-post-image\">\n\t\t\t\t\t\t\t\t<a href=\"https:\/\/www.cptf.it\/it\/ordine-fvg-criticita-e-resilienza-nelle-dinamiche-della-relazione\/\" itemprop=\"url\">\n\t\t\t\t\t\t\t\t\t<img loading=\"lazy\" decoding=\"async\" width=\"1280\" height=\"720\" src=\"https:\/\/www.cptf.it\/it\/wp-content\/uploads\/marchiori-ordine.jpg\" class=\"attachment-full size-full wp-post-image\" alt=\"\" srcset=\"https:\/\/www.cptf.it\/it\/wp-content\/uploads\/marchiori-ordine.jpg 1280w, https:\/\/www.cptf.it\/it\/wp-content\/uploads\/marchiori-ordine-300x169.jpg 300w, https:\/\/www.cptf.it\/it\/wp-content\/uploads\/marchiori-ordine-768x432.jpg 768w, https:\/\/www.cptf.it\/it\/wp-content\/uploads\/marchiori-ordine-1200x675.jpg 1200w, https:\/\/www.cptf.it\/it\/wp-content\/uploads\/marchiori-ordine-700x394.jpg 700w, https:\/\/www.cptf.it\/it\/wp-content\/uploads\/marchiori-ordine-539x303.jpg 539w\" sizes=\"(max-width: 1280px) 100vw, 1280px\" \/>\t\t\t\t\t\t\t\t<\/a>\n\t\t\t\t\t\t\t<\/div>\n\t\t\t\t\t\t\t\t\t\t\t\t<div class=\"qode-bct-post-text\">\n\t\t\t\t\t\t\t<h3 class=\"qode-bct-post-title entry_title\" itemprop=\"name\">\n\t\t\t\t\t\t\t\t<a href=\"https:\/\/www.cptf.it\/it\/ordine-fvg-criticita-e-resilienza-nelle-dinamiche-della-relazione\/\" itemprop=\"url\">Ordine FVG: Coppie e coprifuoco. Criticit\u00e0 e resilienza nelle dinamiche della relazione &#8211; 9 aprile 2021<\/a>\n\t\t\t\t\t\t\t<\/h3>\n\t\t\t\t\t\t\t\t\t\t\t\t\t\t<p itemprop=\"description\" class = \"qode-bct-post-excerpt\"> Incontro organizzato dall'Ordine degli Psicologi del Friuli Venezia Giulia, relatore dott. Roberta Marchiori<\/p>\n\t\t\t\t\t\t\t<div class=\"qode-bct-post-date entry_date updated\" itemprop=\"dateCreated\">\n\t\t\t\t\t\t\t\t23\/03\/2021\t\t\t\t\t\t\t\t<meta itemprop=\"interactionCount\" content=\"UserComments: 0\"\/>\n\t\t\t\t\t\t\t<\/div>\n\t\t\t\t\t\t<\/div>\n\t\t\t\t\t<\/div>\n\t\t\t\t\t\t\t\t\t\t\t\t<div class=\"qode-bct-post\">\n\t\t\t\t\t\t\t\t\t\t\t\t<div class=\"qode-bct-post-text\">\n\t\t\t\t\t\t\t<h3 class=\"qode-bct-post-title entry_title\" itemprop=\"name\">\n\t\t\t\t\t\t\t\t<a href=\"https:\/\/www.cptf.it\/it\/master-ipnosi-e-psicoterapia-ericksoniana-per-psicoterapeuti-2021\/\" itemprop=\"url\">Corso Intensivo di Formazione in Ipnosi e Psicoterapia Ericksoniana per Psicoterapeuti 2021<\/a>\n\t\t\t\t\t\t\t<\/h3>\n\t\t\t\t\t\t\t\t\t\t\t\t\t\t<p itemprop=\"description\" class = \"qode-bct-post-excerpt\"> La Societ\u00e0 di Ipnosi organizza nel 2021 un master in Ipnosi Ericksoniana per psicoterapeuti online &amp; in presenza<\/p>\n\t\t\t\t\t\t\t<div class=\"qode-bct-post-date entry_date updated\" itemprop=\"dateCreated\">\n\t\t\t\t\t\t\t\t11\/03\/2021\t\t\t\t\t\t\t\t<meta itemprop=\"interactionCount\" content=\"UserComments: 0\"\/>\n\t\t\t\t\t\t\t<\/div>\n\t\t\t\t\t\t<\/div>\n\t\t\t\t\t<\/div>\n\t\t\t\t\t\t\t\t\t\t\t\t<div class=\"qode-bct-post\">\n\t\t\t\t\t\t\t\t\t\t\t\t<div class=\"qode-bct-post-text\">\n\t\t\t\t\t\t\t<h3 class=\"qode-bct-post-title entry_title\" itemprop=\"name\">\n\t\t\t\t\t\t\t\t<a href=\"https:\/\/www.cptf.it\/it\/macroregione-nordest-aims-mediazioni-creative-nei-diversi-contesti\/\" itemprop=\"url\">Macroregione NordEst AIMS: Mediazioni creative nei diversi contesti &#8211; giornata formativa 28 maggio 2021<\/a>\n\t\t\t\t\t\t\t<\/h3>\n\t\t\t\t\t\t\t\t\t\t\t\t\t\t<p itemprop=\"description\" class = \"qode-bct-post-excerpt\"> Giornata formativa per i soci AIMS organizzata dalla Macroregione NordEst, 28 maggio 2021<\/p>\n\t\t\t\t\t\t\t<div class=\"qode-bct-post-date entry_date updated\" itemprop=\"dateCreated\">\n\t\t\t\t\t\t\t\t01\/03\/2021\t\t\t\t\t\t\t\t<meta itemprop=\"interactionCount\" content=\"UserComments: 0\"\/>\n\t\t\t\t\t\t\t<\/div>\n\t\t\t\t\t\t<\/div>\n\t\t\t\t\t<\/div>\n\t\t\t\t\t\t\t\t\t\t\t\t<div class=\"qode-bct-post\">\n\t\t\t\t\t\t\t\t\t\t\t\t\t<div class=\"qode-bct-post-image\">\n\t\t\t\t\t\t\t\t<a href=\"https:\/\/www.cptf.it\/it\/convegno-sippr-ricerca-re-tra-le-relazioni\/\" itemprop=\"url\">\n\t\t\t\t\t\t\t\t\t<img loading=\"lazy\" decoding=\"async\" width=\"619\" height=\"534\" src=\"https:\/\/www.cptf.it\/it\/wp-content\/uploads\/22_10_ConvegnoStudi.jpg\" class=\"attachment-full size-full wp-post-image\" alt=\"\" srcset=\"https:\/\/www.cptf.it\/it\/wp-content\/uploads\/22_10_ConvegnoStudi.jpg 619w, https:\/\/www.cptf.it\/it\/wp-content\/uploads\/22_10_ConvegnoStudi-300x259.jpg 300w\" sizes=\"(max-width: 619px) 100vw, 619px\" \/>\t\t\t\t\t\t\t\t<\/a>\n\t\t\t\t\t\t\t<\/div>\n\t\t\t\t\t\t\t\t\t\t\t\t<div class=\"qode-bct-post-text\">\n\t\t\t\t\t\t\t<h3 class=\"qode-bct-post-title entry_title\" itemprop=\"name\">\n\t\t\t\t\t\t\t\t<a href=\"https:\/\/www.cptf.it\/it\/convegno-sippr-ricerca-re-tra-le-relazioni\/\" itemprop=\"url\">Convegno SIPPR: Ricerca-re tra le relazioni &#8211; 22 e 23 ottobre 2021<\/a>\n\t\t\t\t\t\t\t<\/h3>\n\t\t\t\t\t\t\t\t\t\t\t\t\t\t<p itemprop=\"description\" class = \"qode-bct-post-excerpt\"> La Societ\u00e0 Italiana di Psicologia e Psicoterapia relazionale e il Centro Padovano di Terapia della Famiglia organizzano un Convegno di Studi su Piattaforma Web<\/p>\n\t\t\t\t\t\t\t<div class=\"qode-bct-post-date entry_date updated\" itemprop=\"dateCreated\">\n\t\t\t\t\t\t\t\t23\/02\/2021\t\t\t\t\t\t\t\t<meta itemprop=\"interactionCount\" content=\"UserComments: 0\"\/>\n\t\t\t\t\t\t\t<\/div>\n\t\t\t\t\t\t<\/div>\n\t\t\t\t\t<\/div>\n\t\t\t\t\t\t\t\t\t\t\t\t<div class=\"qode-bct-post\">\n\t\t\t\t\t\t\t\t\t\t\t\t\t<div class=\"qode-bct-post-image\">\n\t\t\t\t\t\t\t\t<a href=\"https:\/\/www.cptf.it\/it\/seminario-online-cta-figli-adottivi\/\" itemprop=\"url\">\n\t\t\t\t\t\t\t\t\t<img loading=\"lazy\" decoding=\"async\" width=\"1920\" height=\"1080\" src=\"https:\/\/www.cptf.it\/it\/wp-content\/uploads\/png-per-sito-CORSI.png\" class=\"attachment-full size-full wp-post-image\" alt=\"\" srcset=\"https:\/\/www.cptf.it\/it\/wp-content\/uploads\/png-per-sito-CORSI.png 1920w, https:\/\/www.cptf.it\/it\/wp-content\/uploads\/png-per-sito-CORSI-300x169.png 300w, https:\/\/www.cptf.it\/it\/wp-content\/uploads\/png-per-sito-CORSI-768x432.png 768w, https:\/\/www.cptf.it\/it\/wp-content\/uploads\/png-per-sito-CORSI-1200x675.png 1200w, https:\/\/www.cptf.it\/it\/wp-content\/uploads\/png-per-sito-CORSI-700x394.png 700w, https:\/\/www.cptf.it\/it\/wp-content\/uploads\/png-per-sito-CORSI-539x303.png 539w\" sizes=\"(max-width: 1920px) 100vw, 1920px\" \/>\t\t\t\t\t\t\t\t<\/a>\n\t\t\t\t\t\t\t<\/div>\n\t\t\t\t\t\t\t\t\t\t\t\t<div class=\"qode-bct-post-text\">\n\t\t\t\t\t\t\t<h3 class=\"qode-bct-post-title entry_title\" itemprop=\"name\">\n\t\t\t\t\t\t\t\t<a href=\"https:\/\/www.cptf.it\/it\/seminario-online-cta-figli-adottivi\/\" itemprop=\"url\">Seminario online CTA: figli adottivi. Traumi. Difficolt\u00e0 e risorse alla luce della teoria dell&#8217;attaccamento &#8211; 13 febbraio 2021<\/a>\n\t\t\t\t\t\t\t<\/h3>\n\t\t\t\t\t\t\t\t\t\t\t\t\t\t<p itemprop=\"description\" class = \"qode-bct-post-excerpt\"> Seminario Online sulla gestione di figli adottivi basato sulla teoria dell'attaccamento<\/p>\n\t\t\t\t\t\t\t<div class=\"qode-bct-post-date entry_date updated\" itemprop=\"dateCreated\">\n\t\t\t\t\t\t\t\t10\/02\/2021\t\t\t\t\t\t\t\t<meta itemprop=\"interactionCount\" content=\"UserComments: 0\"\/>\n\t\t\t\t\t\t\t<\/div>\n\t\t\t\t\t\t<\/div>\n\t\t\t\t\t<\/div>\n\t\t\t\t\t\t\t\t\t\t\t\t<div class=\"qode-bct-post\">\n\t\t\t\t\t\t\t\t\t\t\t\t\t<div class=\"qode-bct-post-image\">\n\t\t\t\t\t\t\t\t<a href=\"https:\/\/www.cptf.it\/it\/clinica-delle-dipendenze\/\" itemprop=\"url\">\n\t\t\t\t\t\t\t\t\t<img loading=\"lazy\" decoding=\"async\" width=\"1024\" height=\"481\" src=\"https:\/\/www.cptf.it\/it\/wp-content\/uploads\/Clinica-delle-dipendenze-1024x481.png\" class=\"attachment-full size-full wp-post-image\" alt=\"\" srcset=\"https:\/\/www.cptf.it\/it\/wp-content\/uploads\/Clinica-delle-dipendenze-1024x481.png 1024w, https:\/\/www.cptf.it\/it\/wp-content\/uploads\/Clinica-delle-dipendenze-1024x481-300x141.png 300w, https:\/\/www.cptf.it\/it\/wp-content\/uploads\/Clinica-delle-dipendenze-1024x481-768x361.png 768w, https:\/\/www.cptf.it\/it\/wp-content\/uploads\/Clinica-delle-dipendenze-1024x481-700x329.png 700w\" sizes=\"(max-width: 1024px) 100vw, 1024px\" \/>\t\t\t\t\t\t\t\t<\/a>\n\t\t\t\t\t\t\t<\/div>\n\t\t\t\t\t\t\t\t\t\t\t\t<div class=\"qode-bct-post-text\">\n\t\t\t\t\t\t\t<h3 class=\"qode-bct-post-title entry_title\" itemprop=\"name\">\n\t\t\t\t\t\t\t\t<a href=\"https:\/\/www.cptf.it\/it\/clinica-delle-dipendenze\/\" itemprop=\"url\">Clinica delle dipendenze: corso intensivo &#8211; Marzo, Aprile 2021<\/a>\n\t\t\t\t\t\t\t<\/h3>\n\t\t\t\t\t\t\t\t\t\t\t\t\t\t<p itemprop=\"description\" class = \"qode-bct-post-excerpt\"> Un approccio teorico e pratico al tema delle dipendenze da sostanze, dipendenze comportamentali e gioco patologico<\/p>\n\t\t\t\t\t\t\t<div class=\"qode-bct-post-date entry_date updated\" itemprop=\"dateCreated\">\n\t\t\t\t\t\t\t\t09\/02\/2021\t\t\t\t\t\t\t\t<meta itemprop=\"interactionCount\" content=\"UserComments: 0\"\/>\n\t\t\t\t\t\t\t<\/div>\n\t\t\t\t\t\t<\/div>\n\t\t\t\t\t<\/div>\n\t\t\t\t\t\t\t\t\t\t\t\t<div class=\"qode-bct-post\">\n\t\t\t\t\t\t\t\t\t\t\t\t<div class=\"qode-bct-post-text\">\n\t\t\t\t\t\t\t<h3 class=\"qode-bct-post-title entry_title\" itemprop=\"name\">\n\t\t\t\t\t\t\t\t<a href=\"https:\/\/www.cptf.it\/it\/convegno-nazionale-sul-mistero-della-coscienza\/\" itemprop=\"url\">Convegno Nazionale sul Mistero della Coscienza &#8211; 13,14 febbraio 2021<\/a>\n\t\t\t\t\t\t\t<\/h3>\n\t\t\t\t\t\t\t\t\t\t\t\t\t\t<p itemprop=\"description\" class = \"qode-bct-post-excerpt\"> Convegno Nazionale organizzato dall'Istituto di Medicina Naturale sul Mistero della Coscienza<\/p>\n\t\t\t\t\t\t\t<div class=\"qode-bct-post-date entry_date updated\" itemprop=\"dateCreated\">\n\t\t\t\t\t\t\t\t09\/02\/2021\t\t\t\t\t\t\t\t<meta itemprop=\"interactionCount\" content=\"UserComments: 0\"\/>\n\t\t\t\t\t\t\t<\/div>\n\t\t\t\t\t\t<\/div>\n\t\t\t\t\t<\/div>\n\t\t\t\t\t\t\t\t\t\t\t\t<div class=\"qode-bct-post\">\n\t\t\t\t\t\t\t\t\t\t\t\t<div class=\"qode-bct-post-text\">\n\t\t\t\t\t\t\t<h3 class=\"qode-bct-post-title entry_title\" itemprop=\"name\">\n\t\t\t\t\t\t\t\t<a href=\"https:\/\/www.cptf.it\/it\/la-sfida-delladozione\/\" itemprop=\"url\">Seminario Online: La Sfida dell&#8217;Adozione &#8211; 22, 23 gennaio 2021<\/a>\n\t\t\t\t\t\t\t<\/h3>\n\t\t\t\t\t\t\t\t\t\t\t\t\t\t<p itemprop=\"description\" class = \"qode-bct-post-excerpt\"> Seminario online organizzato da IRIS in collaborazione con CTA dal titolo \"La sfida dell'adozione\"<\/p>\n\t\t\t\t\t\t\t<div class=\"qode-bct-post-date entry_date updated\" itemprop=\"dateCreated\">\n\t\t\t\t\t\t\t\t12\/01\/2021\t\t\t\t\t\t\t\t<meta itemprop=\"interactionCount\" content=\"UserComments: 0\"\/>\n\t\t\t\t\t\t\t<\/div>\n\t\t\t\t\t\t<\/div>\n\t\t\t\t\t<\/div>\n\t\t\t\t\t\t\t\t\t\t\t\t<div class=\"qode-bct-post\">\n\t\t\t\t\t\t\t\t\t\t\t\t\t<div class=\"qode-bct-post-image\">\n\t\t\t\t\t\t\t\t<a href=\"https:\/\/www.cptf.it\/it\/la-psicoterapia-al-tempo-della-pandemia\/\" itemprop=\"url\">\n\t\t\t\t\t\t\t\t\t<img loading=\"lazy\" decoding=\"async\" width=\"1266\" height=\"769\" src=\"https:\/\/www.cptf.it\/it\/wp-content\/uploads\/Conference-online.jpg\" class=\"attachment-full size-full wp-post-image\" alt=\"\" srcset=\"https:\/\/www.cptf.it\/it\/wp-content\/uploads\/Conference-online.jpg 1266w, https:\/\/www.cptf.it\/it\/wp-content\/uploads\/Conference-online-300x182.jpg 300w, https:\/\/www.cptf.it\/it\/wp-content\/uploads\/Conference-online-768x467.jpg 768w, https:\/\/www.cptf.it\/it\/wp-content\/uploads\/Conference-online-1200x729.jpg 1200w, https:\/\/www.cptf.it\/it\/wp-content\/uploads\/Conference-online-700x425.jpg 700w\" sizes=\"(max-width: 1266px) 100vw, 1266px\" \/>\t\t\t\t\t\t\t\t<\/a>\n\t\t\t\t\t\t\t<\/div>\n\t\t\t\t\t\t\t\t\t\t\t\t<div class=\"qode-bct-post-text\">\n\t\t\t\t\t\t\t<h3 class=\"qode-bct-post-title entry_title\" itemprop=\"name\">\n\t\t\t\t\t\t\t\t<a href=\"https:\/\/www.cptf.it\/it\/la-psicoterapia-al-tempo-della-pandemia\/\" itemprop=\"url\">Conference Online: La Psicoterapia al tempo della Pandemia &#8211; 28, 29 e 30 gennaio 2021<\/a>\n\t\t\t\t\t\t\t<\/h3>\n\t\t\t\t\t\t\t\t\t\t\t\t\t\t<p itemprop=\"description\" class = \"qode-bct-post-excerpt\"> Conference Online organizzata da SIPSIC, FIAP, CNSP dal titolo \"La Psicoterapia al tempo della Pandemia\"<\/p>\n\t\t\t\t\t\t\t<div class=\"qode-bct-post-date entry_date updated\" itemprop=\"dateCreated\">\n\t\t\t\t\t\t\t\t11\/01\/2021\t\t\t\t\t\t\t\t<meta itemprop=\"interactionCount\" content=\"UserComments: 0\"\/>\n\t\t\t\t\t\t\t<\/div>\n\t\t\t\t\t\t<\/div>\n\t\t\t\t\t<\/div>\n\t\t\t\t\t\t\t\t\t\t\t\t<div class=\"qode-bct-post\">\n\t\t\t\t\t\t\t\t\t\t\t\t\t<div class=\"qode-bct-post-image\">\n\t\t\t\t\t\t\t\t<a href=\"https:\/\/www.cptf.it\/it\/commissione-deontologica-ordine-degli-psicologi-lazio\/\" itemprop=\"url\">\n\t\t\t\t\t\t\t\t\t<img loading=\"lazy\" decoding=\"async\" width=\"2880\" height=\"1800\" src=\"https:\/\/www.cptf.it\/it\/wp-content\/uploads\/Copertina_Libro_Deontologia.png\" class=\"attachment-full size-full wp-post-image\" alt=\"\" srcset=\"https:\/\/www.cptf.it\/it\/wp-content\/uploads\/Copertina_Libro_Deontologia.png 2880w, https:\/\/www.cptf.it\/it\/wp-content\/uploads\/Copertina_Libro_Deontologia-300x188.png 300w, https:\/\/www.cptf.it\/it\/wp-content\/uploads\/Copertina_Libro_Deontologia-768x480.png 768w, https:\/\/www.cptf.it\/it\/wp-content\/uploads\/Copertina_Libro_Deontologia-1200x750.png 1200w, https:\/\/www.cptf.it\/it\/wp-content\/uploads\/Copertina_Libro_Deontologia-700x438.png 700w\" sizes=\"(max-width: 2880px) 100vw, 2880px\" \/>\t\t\t\t\t\t\t\t<\/a>\n\t\t\t\t\t\t\t<\/div>\n\t\t\t\t\t\t\t\t\t\t\t\t<div class=\"qode-bct-post-text\">\n\t\t\t\t\t\t\t<h3 class=\"qode-bct-post-title entry_title\" itemprop=\"name\">\n\t\t\t\t\t\t\t\t<a href=\"https:\/\/www.cptf.it\/it\/commissione-deontologica-ordine-degli-psicologi-lazio\/\" itemprop=\"url\">Commissione Deontologica Ordine degli Psicologi Lazio: Psicologia, etica, diritto<\/a>\n\t\t\t\t\t\t\t<\/h3>\n\t\t\t\t\t\t\t\t\t\t\t\t\t\t<p itemprop=\"description\" class = \"qode-bct-post-excerpt\"> COMMISSIONE DEONTOLOGICA ORDINE DEGLI PSICOLOGI DEL LAZIO &#8220;Psicologia, etica, diritto Prospettive, criticit\u00e0 e problemi aperti&#8221; La\u00a0Commissione Deontologica dell\u2019Ordine degli Psicologi del Lazio, nata nel 1995, ha esaminato nel corso del tempo una casistica straordinariamente ampia e varia su cui il Consiglio ha prodotto la propria giurisprudenza interna, che costituisce una...<\/p>\n\t\t\t\t\t\t\t<div class=\"qode-bct-post-date entry_date updated\" itemprop=\"dateCreated\">\n\t\t\t\t\t\t\t\t24\/11\/2020\t\t\t\t\t\t\t\t<meta itemprop=\"interactionCount\" content=\"UserComments: 0\"\/>\n\t\t\t\t\t\t\t<\/div>\n\t\t\t\t\t\t<\/div>\n\t\t\t\t\t<\/div>\n\t\t\t\t\t\t\t\t\t\t\t\t<div class=\"qode-bct-post\">\n\t\t\t\t\t\t\t\t\t\t\t\t\t<div class=\"qode-bct-post-image\">\n\t\t\t\t\t\t\t\t<a href=\"https:\/\/www.cptf.it\/it\/coirag-e-asvegra-incontrano-lautore-venerdi-23-ottobre-2020\/\" itemprop=\"url\">\n\t\t\t\t\t\t\t\t\t<img loading=\"lazy\" decoding=\"async\" width=\"640\" height=\"640\" src=\"https:\/\/www.cptf.it\/it\/wp-content\/uploads\/Coirag.jpg\" class=\"attachment-full size-full wp-post-image\" alt=\"\" srcset=\"https:\/\/www.cptf.it\/it\/wp-content\/uploads\/Coirag.jpg 640w, https:\/\/www.cptf.it\/it\/wp-content\/uploads\/Coirag-150x150.jpg 150w, https:\/\/www.cptf.it\/it\/wp-content\/uploads\/Coirag-300x300.jpg 300w, https:\/\/www.cptf.it\/it\/wp-content\/uploads\/Coirag-570x570.jpg 570w, https:\/\/www.cptf.it\/it\/wp-content\/uploads\/Coirag-500x500.jpg 500w\" sizes=\"(max-width: 640px) 100vw, 640px\" \/>\t\t\t\t\t\t\t\t<\/a>\n\t\t\t\t\t\t\t<\/div>\n\t\t\t\t\t\t\t\t\t\t\t\t<div class=\"qode-bct-post-text\">\n\t\t\t\t\t\t\t<h3 class=\"qode-bct-post-title entry_title\" itemprop=\"name\">\n\t\t\t\t\t\t\t\t<a href=\"https:\/\/www.cptf.it\/it\/coirag-e-asvegra-incontrano-lautore-venerdi-23-ottobre-2020\/\" itemprop=\"url\">COIRAG E ASVEGRA INCONTRANO L&#8217;AUTORE &#8211; venerd\u00ec 23 ottobre 2020<\/a>\n\t\t\t\t\t\t\t<\/h3>\n\t\t\t\t\t\t\t\t\t\t\t\t\t\t<p itemprop=\"description\" class = \"qode-bct-post-excerpt\"> COIRAG E ASVEGRA INCONTRANO L&#8217;AUTORE:\u00a0 L&#8217;ESPERIENZA PSICOPATOLOGICA Il senso della clinica nella prospettiva della cura con Lodovico Cappellari &nbsp; Per iscrizioni clicca qui<\/p>\n\t\t\t\t\t\t\t<div class=\"qode-bct-post-date entry_date updated\" itemprop=\"dateCreated\">\n\t\t\t\t\t\t\t\t06\/10\/2020\t\t\t\t\t\t\t\t<meta itemprop=\"interactionCount\" content=\"UserComments: 0\"\/>\n\t\t\t\t\t\t\t<\/div>\n\t\t\t\t\t\t<\/div>\n\t\t\t\t\t<\/div>\n\t\t\t\t\t\t\t\t\t\t\t\t<div class=\"qode-bct-post\">\n\t\t\t\t\t\t\t\t\t\t\t\t<div class=\"qode-bct-post-text\">\n\t\t\t\t\t\t\t<h3 class=\"qode-bct-post-title entry_title\" itemprop=\"name\">\n\t\t\t\t\t\t\t\t<a href=\"https:\/\/www.cptf.it\/it\/itfv-convegno-16-ottobre-2020\/\" itemprop=\"url\">ITFV: TRA SCILLA E CARIDDI STRUMENTI PER LA &#8220;NAVIGAZIONE&#8221; NELLA CLINICA DELLA DISCORDIA GENITORIALE &#8211; venerd\u00ec 16 ottobre 2020<\/a>\n\t\t\t\t\t\t\t<\/h3>\n\t\t\t\t\t\t\t\t\t\t\t\t\t\t<p itemprop=\"description\" class = \"qode-bct-post-excerpt\"> TRA SCILLA E CARIDDI STRUMENTI PER LA &#8220;NAVIGAZIONE&#8221; NELLA CLINICA DELLA DISCORDIA GENITORIALE 16 ott 2020 09:00 &#8211; Seminario di studio organizzato dall&#8217;ITFV In piattaforma zoom Relatore: dott. Luca Pappalardo Per ulteriori informazioni clicca qui<\/p>\n\t\t\t\t\t\t\t<div class=\"qode-bct-post-date entry_date updated\" itemprop=\"dateCreated\">\n\t\t\t\t\t\t\t\t06\/10\/2020\t\t\t\t\t\t\t\t<meta itemprop=\"interactionCount\" content=\"UserComments: 0\"\/>\n\t\t\t\t\t\t\t<\/div>\n\t\t\t\t\t\t<\/div>\n\t\t\t\t\t<\/div>\n\t\t\t\t\t\t\t\t\t\t\t\t<div class=\"qode-bct-post\">\n\t\t\t\t\t\t\t\t\t\t\t\t<div class=\"qode-bct-post-text\">\n\t\t\t\t\t\t\t<h3 class=\"qode-bct-post-title entry_title\" itemprop=\"name\">\n\t\t\t\t\t\t\t\t<a href=\"https:\/\/www.cptf.it\/it\/macroregione-nordest-aims-la-coordinazione-genitoriale-3-ottobre-2020\/\" itemprop=\"url\">Macroregione NordEst AIMS: La coordinazione genitoriale &#8211; giornata formativa 3 ottobre 2020<\/a>\n\t\t\t\t\t\t\t<\/h3>\n\t\t\t\t\t\t\t\t\t\t\t\t\t\t<p itemprop=\"description\" class = \"qode-bct-post-excerpt\"> Giornata formativa per i soci AIMS organizzata dalla Macroregione NordEst, 3 ottobre 2020<\/p>\n\t\t\t\t\t\t\t<div class=\"qode-bct-post-date entry_date updated\" itemprop=\"dateCreated\">\n\t\t\t\t\t\t\t\t10\/09\/2020\t\t\t\t\t\t\t\t<meta itemprop=\"interactionCount\" content=\"UserComments: 0\"\/>\n\t\t\t\t\t\t\t<\/div>\n\t\t\t\t\t\t<\/div>\n\t\t\t\t\t<\/div>\n\t\t\t\t\t\t\t\t\t\t\t\t<div class=\"qode-bct-post\">\n\t\t\t\t\t\t\t\t\t\t\t\t<div class=\"qode-bct-post-text\">\n\t\t\t\t\t\t\t<h3 class=\"qode-bct-post-title entry_title\" itemprop=\"name\">\n\t\t\t\t\t\t\t\t<a href=\"https:\/\/www.cptf.it\/it\/per-chi-non-lo-sla-comici-sardi-uniti\/\" itemprop=\"url\">Per chi non lo SLA: Comici Sardi Uniti<\/a>\n\t\t\t\t\t\t\t<\/h3>\n\t\t\t\t\t\t\t\t\t\t\t\t\t\t<p itemprop=\"description\" class = \"qode-bct-post-excerpt\"> COMICI SARDI UNITI .  Per la prima volta tutti i comici Sardi si sono uniti per un grande progetto sociale, raccogliere fondi per la ricerca sulla SLA (schlerosi laterale amiotrofica) per un'associazione nazionale #iostoconpaolo. <\/p>\n\t\t\t\t\t\t\t<div class=\"qode-bct-post-date entry_date updated\" itemprop=\"dateCreated\">\n\t\t\t\t\t\t\t\t28\/07\/2020\t\t\t\t\t\t\t\t<meta itemprop=\"interactionCount\" content=\"UserComments: 0\"\/>\n\t\t\t\t\t\t\t<\/div>\n\t\t\t\t\t\t<\/div>\n\t\t\t\t\t<\/div>\n\t\t\t\t\t\t\t\t\t\t\t\t<div class=\"qode-bct-post\">\n\t\t\t\t\t\t\t\t\t\t\t\t\t<div class=\"qode-bct-post-image\">\n\t\t\t\t\t\t\t\t<a href=\"https:\/\/www.cptf.it\/it\/convegno-sippr-giovani-2020-chi-ben-comincia\/\" itemprop=\"url\">\n\t\t\t\t\t\t\t\t\t<img loading=\"lazy\" decoding=\"async\" width=\"1010\" height=\"404\" src=\"https:\/\/www.cptf.it\/it\/wp-content\/uploads\/GiovaniSIPPR.png\" class=\"attachment-full size-full wp-post-image\" alt=\"\" srcset=\"https:\/\/www.cptf.it\/it\/wp-content\/uploads\/GiovaniSIPPR.png 1010w, https:\/\/www.cptf.it\/it\/wp-content\/uploads\/GiovaniSIPPR-300x120.png 300w, https:\/\/www.cptf.it\/it\/wp-content\/uploads\/GiovaniSIPPR-768x307.png 768w, https:\/\/www.cptf.it\/it\/wp-content\/uploads\/GiovaniSIPPR-700x280.png 700w\" sizes=\"(max-width: 1010px) 100vw, 1010px\" \/>\t\t\t\t\t\t\t\t<\/a>\n\t\t\t\t\t\t\t<\/div>\n\t\t\t\t\t\t\t\t\t\t\t\t<div class=\"qode-bct-post-text\">\n\t\t\t\t\t\t\t<h3 class=\"qode-bct-post-title entry_title\" itemprop=\"name\">\n\t\t\t\t\t\t\t\t<a href=\"https:\/\/www.cptf.it\/it\/convegno-sippr-giovani-2020-chi-ben-comincia\/\" itemprop=\"url\">Convegno SIPPR Giovani 2020: &#8220;Chi ben comincia&#8230;&#8221; &#8211; sabato 24 ottobre 2020 Online<\/a>\n\t\t\t\t\t\t\t<\/h3>\n\t\t\t\t\t\t\t\t\t\t\t\t\t\t<p itemprop=\"description\" class = \"qode-bct-post-excerpt\"> \u201cChi ben comincia\u2026Gli esordi della professione di psicoterapeuta tra entusiasmi e disorientamenti\u201d Convegno Gratuito per tutti i soci SIPPR e gli studenti delle Scuole di specializzazione sistemico relazionali. Sabato 24 Ottobre 2020 ONLINE<\/p>\n\t\t\t\t\t\t\t<div class=\"qode-bct-post-date entry_date updated\" itemprop=\"dateCreated\">\n\t\t\t\t\t\t\t\t13\/07\/2020\t\t\t\t\t\t\t\t<meta itemprop=\"interactionCount\" content=\"UserComments: 0\"\/>\n\t\t\t\t\t\t\t<\/div>\n\t\t\t\t\t\t<\/div>\n\t\t\t\t\t<\/div>\n\t\t\t\t\t\t\t\t\t\t\t\t<div class=\"qode-bct-post\">\n\t\t\t\t\t\t\t\t\t\t\t\t<div class=\"qode-bct-post-text\">\n\t\t\t\t\t\t\t<h3 class=\"qode-bct-post-title entry_title\" itemprop=\"name\">\n\t\t\t\t\t\t\t\t<a href=\"https:\/\/www.cptf.it\/it\/giornata-di-studio-sirts-il-lavoro-di-rete-in-ambito-sociale-sabato-6-giugno-2020\/\" itemprop=\"url\">Giornata di studio SIRTS: IL LAVORO DI RETE IN AMBITO SOCIALE &#8211; sabato 6 giugno 2020<\/a>\n\t\t\t\t\t\t\t<\/h3>\n\t\t\t\t\t\t\t\t\t\t\t\t\t\t<p itemprop=\"description\" class = \"qode-bct-post-excerpt\"> Giornata di studio online organizzata dalla SIRTS<\/p>\n\t\t\t\t\t\t\t<div class=\"qode-bct-post-date entry_date updated\" itemprop=\"dateCreated\">\n\t\t\t\t\t\t\t\t29\/05\/2020\t\t\t\t\t\t\t\t<meta itemprop=\"interactionCount\" content=\"UserComments: 0\"\/>\n\t\t\t\t\t\t\t<\/div>\n\t\t\t\t\t\t<\/div>\n\t\t\t\t\t<\/div>\n\t\t\t\t\t\t\t\t\t\t\t\t<div class=\"qode-bct-post\">\n\t\t\t\t\t\t\t\t\t\t\t\t<div class=\"qode-bct-post-text\">\n\t\t\t\t\t\t\t<h3 class=\"qode-bct-post-title entry_title\" itemprop=\"name\">\n\t\t\t\t\t\t\t\t<a href=\"https:\/\/www.cptf.it\/it\/macroregione-nordest-aims-mediare-le-distanze-6-giugno-2020\/\" itemprop=\"url\">Macroregione NordEst AIMS: Mediare le distanze &#8211; giornata formativa 6 giugno 2020<\/a>\n\t\t\t\t\t\t\t<\/h3>\n\t\t\t\t\t\t\t\t\t\t\t\t\t\t<p itemprop=\"description\" class = \"qode-bct-post-excerpt\"> Giornata formativa per i soci AIMS organizzata dalla Macroregione NordEst, con l'intervento di Giuseppe Ruggiero<\/p>\n\t\t\t\t\t\t\t<div class=\"qode-bct-post-date entry_date updated\" itemprop=\"dateCreated\">\n\t\t\t\t\t\t\t\t19\/05\/2020\t\t\t\t\t\t\t\t<meta itemprop=\"interactionCount\" content=\"UserComments: 0\"\/>\n\t\t\t\t\t\t\t<\/div>\n\t\t\t\t\t\t<\/div>\n\t\t\t\t\t<\/div>\n\t\t\t\t\t\t\t\t\t\t\t\t<div class=\"qode-bct-post\">\n\t\t\t\t\t\t\t\t\t\t\t\t\t<div class=\"qode-bct-post-image\">\n\t\t\t\t\t\t\t\t<a href=\"https:\/\/www.cptf.it\/it\/convegno-maternita-tra-desiderio-e-bisogno-14-giugno-2019\/\" itemprop=\"url\">\n\t\t\t\t\t\t\t\t\t<img loading=\"lazy\" decoding=\"async\" width=\"980\" height=\"600\" src=\"https:\/\/www.cptf.it\/it\/wp-content\/uploads\/eventi-intorno-convegno-maternita1.jpg\" class=\"attachment-full size-full wp-post-image\" alt=\"\" srcset=\"https:\/\/www.cptf.it\/it\/wp-content\/uploads\/eventi-intorno-convegno-maternita1.jpg 980w, https:\/\/www.cptf.it\/it\/wp-content\/uploads\/eventi-intorno-convegno-maternita1-300x184.jpg 300w, https:\/\/www.cptf.it\/it\/wp-content\/uploads\/eventi-intorno-convegno-maternita1-768x470.jpg 768w, https:\/\/www.cptf.it\/it\/wp-content\/uploads\/eventi-intorno-convegno-maternita1-700x429.jpg 700w\" sizes=\"(max-width: 980px) 100vw, 980px\" \/>\t\t\t\t\t\t\t\t<\/a>\n\t\t\t\t\t\t\t<\/div>\n\t\t\t\t\t\t\t\t\t\t\t\t<div class=\"qode-bct-post-text\">\n\t\t\t\t\t\t\t<h3 class=\"qode-bct-post-title entry_title\" itemprop=\"name\">\n\t\t\t\t\t\t\t\t<a href=\"https:\/\/www.cptf.it\/it\/convegno-maternita-tra-desiderio-e-bisogno-14-giugno-2019\/\" itemprop=\"url\">CONVEGNO: MATERNITA&#8217; TRA DESIDERIO E BISOGNO &#8211; 14 giugno 2019<\/a>\n\t\t\t\t\t\t\t<\/h3>\n\t\t\t\t\t\t\t\t\t\t\t\t\t\t<p itemprop=\"description\" class = \"qode-bct-post-excerpt\"> CONVEGNO: MATERNITA&#8217; TRA DESIDERIO E BISOGNO Il Convegno \u00e8 organizzato dall&#8217;Ordine degli Psicologi del Veneto e si terr\u00e0 venerd\u00ec 14 giugno p.v. a Mogliano Veneto (TV) L&#8217;iscrizione pu\u00f2 avvenire tramite una delle seguenti modalit\u00e0: &#8211; compilando il format di adesione via WEB che troverai al seguente\u00a0link:\u00a0http:\/\/bit.ly\/maternita-1406; &#8211; compilando la scheda...<\/p>\n\t\t\t\t\t\t\t<div class=\"qode-bct-post-date entry_date updated\" itemprop=\"dateCreated\">\n\t\t\t\t\t\t\t\t22\/05\/2019\t\t\t\t\t\t\t\t<meta itemprop=\"interactionCount\" content=\"UserComments: 0\"\/>\n\t\t\t\t\t\t\t<\/div>\n\t\t\t\t\t\t<\/div>\n\t\t\t\t\t<\/div>\n\t\t\t\t\t\t\t\t\t\t\t\t<div class=\"qode-bct-post\">\n\t\t\t\t\t\t\t\t\t\t\t\t<div class=\"qode-bct-post-text\">\n\t\t\t\t\t\t\t<h3 class=\"qode-bct-post-title entry_title\" itemprop=\"name\">\n\t\t\t\t\t\t\t\t<a href=\"https:\/\/www.cptf.it\/it\/corso-avanzato-in-psicoterapia-di-gioco-con-famiglie-a-partire-da-novembre-2019\/\" itemprop=\"url\">CORSO AVANZATO IN PSICOTERAPIA DI GIOCO CON FAMIGLIE &#8211; a partire da novembre 2019<\/a>\n\t\t\t\t\t\t\t<\/h3>\n\t\t\t\t\t\t\t\t\t\t\t\t\t\t<p itemprop=\"description\" class = \"qode-bct-post-excerpt\"> CORSO AVANZATO IN PSICOTERAPIA DI GIOCO CON FAMIGLIE Il Corso \u00e8 organizzato dal Centro Studi e Terapia per la Psicoterapia della Coppia e della Famiglia e si terr\u00e0 a Roma a partire da Novembre 2019 [wpdm_file id=620]<\/p>\n\t\t\t\t\t\t\t<div class=\"qode-bct-post-date entry_date updated\" itemprop=\"dateCreated\">\n\t\t\t\t\t\t\t\t13\/05\/2019\t\t\t\t\t\t\t\t<meta itemprop=\"interactionCount\" content=\"UserComments: 0\"\/>\n\t\t\t\t\t\t\t<\/div>\n\t\t\t\t\t\t<\/div>\n\t\t\t\t\t<\/div>\n\t\t\t\t\t\t\t\t\t\t\t\t<div class=\"qode-bct-post\">\n\t\t\t\t\t\t\t\t\t\t\t\t\t<div class=\"qode-bct-post-image\">\n\t\t\t\t\t\t\t\t<a href=\"https:\/\/www.cptf.it\/it\/q-pido-treviso-equality-festival-1019-maggio-2019\/\" itemprop=\"url\">\n\t\t\t\t\t\t\t\t\t<img loading=\"lazy\" decoding=\"async\" width=\"490\" height=\"472\" src=\"https:\/\/www.cptf.it\/it\/wp-content\/uploads\/eventi-intorno-a-noi-segnaposto.png\" class=\"attachment-full size-full wp-post-image\" alt=\"\" srcset=\"https:\/\/www.cptf.it\/it\/wp-content\/uploads\/eventi-intorno-a-noi-segnaposto.png 490w, https:\/\/www.cptf.it\/it\/wp-content\/uploads\/eventi-intorno-a-noi-segnaposto-300x289.png 300w\" sizes=\"(max-width: 490px) 100vw, 490px\" \/>\t\t\t\t\t\t\t\t<\/a>\n\t\t\t\t\t\t\t<\/div>\n\t\t\t\t\t\t\t\t\t\t\t\t<div class=\"qode-bct-post-text\">\n\t\t\t\t\t\t\t<h3 class=\"qode-bct-post-title entry_title\" itemprop=\"name\">\n\t\t\t\t\t\t\t\t<a href=\"https:\/\/www.cptf.it\/it\/q-pido-treviso-equality-festival-1019-maggio-2019\/\" itemprop=\"url\">Q.PIDO: TREVISO EQUALITY FESTIVAL &#8211; 10\/19 maggio 2019<\/a>\n\t\t\t\t\t\t\t<\/h3>\n\t\t\t\t\t\t\t\t\t\t\t\t\t\t<p itemprop=\"description\" class = \"qode-bct-post-excerpt\"> Q.PIDO: TREVISO EQUALITY FESTIVAL Coordinamento LGBTE di Trevisto organizza il Festival dal 10 al 19 maggio p.v. a Treviso [wpdm_file id=618]<\/p>\n\t\t\t\t\t\t\t<div class=\"qode-bct-post-date entry_date updated\" itemprop=\"dateCreated\">\n\t\t\t\t\t\t\t\t07\/05\/2019\t\t\t\t\t\t\t\t<meta itemprop=\"interactionCount\" content=\"UserComments: 0\"\/>\n\t\t\t\t\t\t\t<\/div>\n\t\t\t\t\t\t<\/div>\n\t\t\t\t\t<\/div>\n\t\t\t\t\t\t\t\t\t\t\t\t<div class=\"qode-bct-post\">\n\t\t\t\t\t\t\t\t\t\t\t\t<div class=\"qode-bct-post-text\">\n\t\t\t\t\t\t\t<h3 class=\"qode-bct-post-title entry_title\" itemprop=\"name\">\n\t\t\t\t\t\t\t\t<a href=\"https:\/\/www.cptf.it\/it\/seminario-competenze-genitoriali-18-maggio-2019\/\" itemprop=\"url\">SEMINARIO: COMPETENZE GENITORIALI &#8211; 18 maggio 2019<\/a>\n\t\t\t\t\t\t\t<\/h3>\n\t\t\t\t\t\t\t\t\t\t\t\t\t\t<p itemprop=\"description\" class = \"qode-bct-post-excerpt\"> COMPETENZE GENITORIALI: valutazione della compromissione, risorse residue e possibilit\u00e0 di recupero Il seminario \u00e8 organizzato dallo Studio RiPsi (Ricerca Psicologia Psicoterapia) e si terr\u00e0 sabato 18 maggio p.v. a Milano [wpdm_file id=617]<\/p>\n\t\t\t\t\t\t\t<div class=\"qode-bct-post-date entry_date updated\" itemprop=\"dateCreated\">\n\t\t\t\t\t\t\t\t07\/05\/2019\t\t\t\t\t\t\t\t<meta itemprop=\"interactionCount\" content=\"UserComments: 0\"\/>\n\t\t\t\t\t\t\t<\/div>\n\t\t\t\t\t\t<\/div>\n\t\t\t\t\t<\/div>\n\t\t\t\t\t\t\t\t\t\t\t\t<div class=\"qode-bct-post\">\n\t\t\t\t\t\t\t\t\t\t\t\t<div class=\"qode-bct-post-text\">\n\t\t\t\t\t\t\t<h3 class=\"qode-bct-post-title entry_title\" itemprop=\"name\">\n\t\t\t\t\t\t\t\t<a href=\"https:\/\/www.cptf.it\/it\/viii-convegno-nazionale-di-neuroscienze-neuropsicologia-e-psicoterapia-13-aprile-2019\/\" itemprop=\"url\">VIII CONVEGNO NAZIONALE DI NEUROSCIENZE, NEUROPSICOLOGIA E PSICOTERAPIA &#8211; 13 aprile 2019<\/a>\n\t\t\t\t\t\t\t<\/h3>\n\t\t\t\t\t\t\t\t\t\t\t\t\t\t<p itemprop=\"description\" class = \"qode-bct-post-excerpt\"> VIII CONVEGNO NAZIONALE DI NEUROSCIENZE, NEUROPSICOLOGIA E PSICOTERAPIA: L&#8217;ANSIA NELL&#8217;ERA DIGITALE Il Convegno \u00e8 organizzato da Per Format e si terr\u00e0 a Pisa\u00a0sabato 13 aprile 2019. Per ulteriori informazioni clicca qui<\/p>\n\t\t\t\t\t\t\t<div class=\"qode-bct-post-date entry_date updated\" itemprop=\"dateCreated\">\n\t\t\t\t\t\t\t\t13\/03\/2019\t\t\t\t\t\t\t\t<meta itemprop=\"interactionCount\" content=\"UserComments: 0\"\/>\n\t\t\t\t\t\t\t<\/div>\n\t\t\t\t\t\t<\/div>\n\t\t\t\t\t<\/div>\n\t\t\t\t\t\t\t\t\t\t\t\t<div class=\"qode-bct-post\">\n\t\t\t\t\t\t\t\t\t\t\t\t<div class=\"qode-bct-post-text\">\n\t\t\t\t\t\t\t<h3 class=\"qode-bct-post-title entry_title\" itemprop=\"name\">\n\t\t\t\t\t\t\t\t<a href=\"https:\/\/www.cptf.it\/it\/workshop-il-suicidio-come-patologia-sociale-venerdi-12-aprile-2019\/\" itemprop=\"url\">WORKSHOP: IL SUICIDIO COME PATOLOGIA SOCIALE &#8211; venerd\u00ec 12 aprile 2019<\/a>\n\t\t\t\t\t\t\t<\/h3>\n\t\t\t\t\t\t\t\t\t\t\t\t\t\t<p itemprop=\"description\" class = \"qode-bct-post-excerpt\"> WORKSHOP: IL SUICIDIO COME PATOLOGIA SOCIALE: FATTORI DI RISCHIO E POSSIBILI INTERVENTI Il workshop \u00e8 organizzato dalla Scuola di Psicoterapia Cognitiva e si terr\u00e0 presso a la casa di cura Villa Margherita a Vicenza, venerd\u00ec 12 aprile p.v. Per ulteriori informazioni clicca qui<\/p>\n\t\t\t\t\t\t\t<div class=\"qode-bct-post-date entry_date updated\" itemprop=\"dateCreated\">\n\t\t\t\t\t\t\t\t12\/03\/2019\t\t\t\t\t\t\t\t<meta itemprop=\"interactionCount\" content=\"UserComments: 0\"\/>\n\t\t\t\t\t\t\t<\/div>\n\t\t\t\t\t\t<\/div>\n\t\t\t\t\t<\/div>\n\t\t\t\t\t\t\t\t\t\t\t\t<div class=\"qode-bct-post\">\n\t\t\t\t\t\t\t\t\t\t\t\t<div class=\"qode-bct-post-text\">\n\t\t\t\t\t\t\t<h3 class=\"qode-bct-post-title entry_title\" itemprop=\"name\">\n\t\t\t\t\t\t\t\t<a href=\"https:\/\/www.cptf.it\/it\/convegno-sipsic-il-piccolo-principe-23-ottobre-2019\/\" itemprop=\"url\">CONVEGNO SIPSIC: IL PICCOLO PRINCIPE &#8211; 2\/3 ottobre 2019<\/a>\n\t\t\t\t\t\t\t<\/h3>\n\t\t\t\t\t\t\t\t\t\t\t\t\t\t<p itemprop=\"description\" class = \"qode-bct-post-excerpt\"> CONVEGNO SIPSIC: IL PICCOLO PRINCIPE. IL BAMBINO E IL BAMBINO INTERIORE, DALL&#8217;INFANZIA ALL&#8217;ADOLESCENZA, ALL&#8217;ETA&#8217; ADULTA Il Convegno \u00e8 organizzato dalla SIPSIC e si terr\u00e0 a Bologna il 2 e 3 ottobre 2019 [wpdm_file id=595]<\/p>\n\t\t\t\t\t\t\t<div class=\"qode-bct-post-date entry_date updated\" itemprop=\"dateCreated\">\n\t\t\t\t\t\t\t\t14\/02\/2019\t\t\t\t\t\t\t\t<meta itemprop=\"interactionCount\" content=\"UserComments: 0\"\/>\n\t\t\t\t\t\t\t<\/div>\n\t\t\t\t\t\t<\/div>\n\t\t\t\t\t<\/div>\n\t\t\t\t\t\t\t\t\t\t\t\t<div class=\"qode-bct-post\">\n\t\t\t\t\t\t\t\t\t\t\t\t<div class=\"qode-bct-post-text\">\n\t\t\t\t\t\t\t<h3 class=\"qode-bct-post-title entry_title\" itemprop=\"name\">\n\t\t\t\t\t\t\t\t<a href=\"https:\/\/www.cptf.it\/it\/seminario-di-studio-clinica-della-concentrazione-15-marzo-2019\/\" itemprop=\"url\">SEMINARIO DI STUDIO: CLINICA DELLA CONCENTRAZIONE &#8211; 15 marzo 2019<\/a>\n\t\t\t\t\t\t\t<\/h3>\n\t\t\t\t\t\t\t\t\t\t\t\t\t\t<p itemprop=\"description\" class = \"qode-bct-post-excerpt\"> SEMINARIO DI STUDIO: CLINICA DELLA CONCENTRAZIONE La giornata \u00e8 organizzata dall&#8217;ITFV e si terr\u00e0 a Treviso venerd\u00ec 15 marzo 2019 [wpdm_file id=592]<\/p>\n\t\t\t\t\t\t\t<div class=\"qode-bct-post-date entry_date updated\" itemprop=\"dateCreated\">\n\t\t\t\t\t\t\t\t11\/02\/2019\t\t\t\t\t\t\t\t<meta itemprop=\"interactionCount\" content=\"UserComments: 0\"\/>\n\t\t\t\t\t\t\t<\/div>\n\t\t\t\t\t\t<\/div>\n\t\t\t\t\t<\/div>\n\t\t\t\t\t\t\t\t\t\t\t\t<div class=\"qode-bct-post\">\n\t\t\t\t\t\t\t\t\t\t\t\t<div class=\"qode-bct-post-text\">\n\t\t\t\t\t\t\t<h3 class=\"qode-bct-post-title entry_title\" itemprop=\"name\">\n\t\t\t\t\t\t\t\t<a href=\"https:\/\/www.cptf.it\/it\/incontro-tra-genitori-e-figli-un-social-di-troppo-6-febbraio-2019\/\" itemprop=\"url\">INCONTRO: TRA GENITORI E FIGLI UN SOCIAL DI TROPPO? &#8211; 6 febbraio 2019<\/a>\n\t\t\t\t\t\t\t<\/h3>\n\t\t\t\t\t\t\t\t\t\t\t\t\t\t<p itemprop=\"description\" class = \"qode-bct-post-excerpt\"> INCONTRO: TRA GENITORI E FIGLI UN SOCIAL DI TROPPO? L&#8217;incontro si terr\u00e0 mercoled\u00ec 6 febbraio p.v. a Udine, interverr\u00e0 la dott. Simona Mreule [wpdm_file id=590]<\/p>\n\t\t\t\t\t\t\t<div class=\"qode-bct-post-date entry_date updated\" itemprop=\"dateCreated\">\n\t\t\t\t\t\t\t\t23\/01\/2019\t\t\t\t\t\t\t\t<meta itemprop=\"interactionCount\" content=\"UserComments: 0\"\/>\n\t\t\t\t\t\t\t<\/div>\n\t\t\t\t\t\t<\/div>\n\t\t\t\t\t<\/div>\n\t\t\t\t\t\t\t\t\t\t\t\t<div class=\"qode-bct-post\">\n\t\t\t\t\t\t\t\t\t\t\t\t<div class=\"qode-bct-post-text\">\n\t\t\t\t\t\t\t<h3 class=\"qode-bct-post-title entry_title\" itemprop=\"name\">\n\t\t\t\t\t\t\t\t<a href=\"https:\/\/www.cptf.it\/it\/corso-introduttivo-comunicazione-empatica-non-violenta-primo-incontro-8-marzo-2019\/\" itemprop=\"url\">CORSO INTRODUTTIVO COMUNICAZIONE EMPATICA, NON VIOLENTA &#8211; primo incontro 29 marzo 2019<\/a>\n\t\t\t\t\t\t\t<\/h3>\n\t\t\t\t\t\t\t\t\t\t\t\t\t\t<p itemprop=\"description\" class = \"qode-bct-post-excerpt\"> CORSO INTRODUTTIVO COMUNICAZIONE EMPATICA, NON VIOLENTA Il Corso \u00e8 organizzato dal Centro Bateson in collaborazione con l&#8217;Associazione Genitorialit\u00e0 di Padova. Si terr\u00e0 a Milano a partire da venerd\u00ec 8 marzo 2019 Per ulteriori informazioni clicca qui 20 Crediti AIMS [wpdm_file id=589] &nbsp;<\/p>\n\t\t\t\t\t\t\t<div class=\"qode-bct-post-date entry_date updated\" itemprop=\"dateCreated\">\n\t\t\t\t\t\t\t\t21\/01\/2019\t\t\t\t\t\t\t\t<meta itemprop=\"interactionCount\" content=\"UserComments: 0\"\/>\n\t\t\t\t\t\t\t<\/div>\n\t\t\t\t\t\t<\/div>\n\t\t\t\t\t<\/div>\n\t\t\t\t\t\t\t\t\t\t\t\t<div class=\"qode-bct-post\">\n\t\t\t\t\t\t\t\t\t\t\t\t<div class=\"qode-bct-post-text\">\n\t\t\t\t\t\t\t<h3 class=\"qode-bct-post-title entry_title\" itemprop=\"name\">\n\t\t\t\t\t\t\t\t<a href=\"https:\/\/www.cptf.it\/it\/convegno-crescere-tra-desideri-e-lealta-in-convulso-cambiamento-1-febbraio-2019\/\" itemprop=\"url\">CONVEGNO: CRESCERE TRA DESIDERI E LEALTA&#8217; IN CONVULSO CAMBIAMENTO &#8211; 1 febbraio 2019<\/a>\n\t\t\t\t\t\t\t<\/h3>\n\t\t\t\t\t\t\t\t\t\t\t\t\t\t<p itemprop=\"description\" class = \"qode-bct-post-excerpt\"> CONVEGNO: CRESCERE TRA DESIDERI E LEALTA&#8217; IN CONVULSO CAMBIAMENTO Il Convegno \u00e8 organizzato dall&#8217;Aepea e si terr\u00e0 a\u00a0Padova venerd\u00ec 1 febbraio 2019 [wpdm_file id=584][wpdm_file id=585]<\/p>\n\t\t\t\t\t\t\t<div class=\"qode-bct-post-date entry_date updated\" itemprop=\"dateCreated\">\n\t\t\t\t\t\t\t\t08\/01\/2019\t\t\t\t\t\t\t\t<meta itemprop=\"interactionCount\" content=\"UserComments: 0\"\/>\n\t\t\t\t\t\t\t<\/div>\n\t\t\t\t\t\t<\/div>\n\t\t\t\t\t<\/div>\n\t\t\t\t\t\t\t\t\t\t\t\t<div class=\"qode-bct-post\">\n\t\t\t\t\t\t\t\t\t\t\t\t<div class=\"qode-bct-post-text\">\n\t\t\t\t\t\t\t<h3 class=\"qode-bct-post-title entry_title\" itemprop=\"name\">\n\t\t\t\t\t\t\t\t<a href=\"https:\/\/www.cptf.it\/it\/seminario-curare-i-bambini-abusati-15-febbraio-2019\/\" itemprop=\"url\">SEMINARIO: CURARE I BAMBINI ABUSATI &#8211; 15 febbraio 2019<\/a>\n\t\t\t\t\t\t\t<\/h3>\n\t\t\t\t\t\t\t\t\t\t\t\t\t\t<p itemprop=\"description\" class = \"qode-bct-post-excerpt\"> SEMINARIO DI STUDIO: CURARE I BAMBINI ABUSATI La giornata \u00e8 organizzata dall&#8217;ITFV e si terr\u00e0 a Treviso venerd\u00ec 15 febbraio 2019, relatore del seminario \u00e8 la dott. Cristina Pessina [wpdm_file id=583]<\/p>\n\t\t\t\t\t\t\t<div class=\"qode-bct-post-date entry_date updated\" itemprop=\"dateCreated\">\n\t\t\t\t\t\t\t\t08\/01\/2019\t\t\t\t\t\t\t\t<meta itemprop=\"interactionCount\" content=\"UserComments: 0\"\/>\n\t\t\t\t\t\t\t<\/div>\n\t\t\t\t\t\t<\/div>\n\t\t\t\t\t<\/div>\n\t\t\t\t\t\t\t\t\t\t\t\t<div class=\"qode-bct-post\">\n\t\t\t\t\t\t\t\t\t\t\t\t<div class=\"qode-bct-post-text\">\n\t\t\t\t\t\t\t<h3 class=\"qode-bct-post-title entry_title\" itemprop=\"name\">\n\t\t\t\t\t\t\t\t<a href=\"https:\/\/www.cptf.it\/it\/corso-formativo-emergenza-persone-scomparse-dal-22-marzo-2019\/\" itemprop=\"url\">CORSO FORMATIVO: EMERGENZA PERSONE SCOMPARSE &#8211; dal 22 marzo 2019<\/a>\n\t\t\t\t\t\t\t<\/h3>\n\t\t\t\t\t\t\t\t\t\t\t\t\t\t<p itemprop=\"description\" class = \"qode-bct-post-excerpt\"> CORSO FORMATIVO: EMERGENZA PERSONE SCOMPARSE Il Corso \u00e8 organizzato dal CMTF e si terr\u00e0 a Milano a partire da gioved\u00ec 22 marzo 2019 [wpdm_file id=582]<\/p>\n\t\t\t\t\t\t\t<div class=\"qode-bct-post-date entry_date updated\" itemprop=\"dateCreated\">\n\t\t\t\t\t\t\t\t08\/01\/2019\t\t\t\t\t\t\t\t<meta itemprop=\"interactionCount\" content=\"UserComments: 0\"\/>\n\t\t\t\t\t\t\t<\/div>\n\t\t\t\t\t\t<\/div>\n\t\t\t\t\t<\/div>\n\t\t\t\t\t\t\t\t\t\t\t\t<div class=\"qode-bct-post\">\n\t\t\t\t\t\t\t\t\t\t\t\t<div class=\"qode-bct-post-text\">\n\t\t\t\t\t\t\t<h3 class=\"qode-bct-post-title entry_title\" itemprop=\"name\">\n\t\t\t\t\t\t\t\t<a href=\"https:\/\/www.cptf.it\/it\/convegno-tra-moglie-e-marito-non-mettere-il-dito-1-dicembre-2018\/\" itemprop=\"url\">CONVEGNO: TRA MOGLIE E MARITO NON METTERE IL DITO? &#8211; 1 dicembre 2018<\/a>\n\t\t\t\t\t\t\t<\/h3>\n\t\t\t\t\t\t\t\t\t\t\t\t\t\t<p itemprop=\"description\" class = \"qode-bct-post-excerpt\"> CONVEGNO: TRA MOGLIE E MARITO NON METTERE IL DITO? IL RUOLO DELLO PSICOLOGO CON LA COPPIA Il Convegno \u00e8 organizzato dall&#8217;Ordine degli Psicologi del Friuli Venezia Giulia e si terr\u00e0 sabato 1 dicembre 2018 a Pordenone Per saperne di pi\u00f9 clicca qui<\/p>\n\t\t\t\t\t\t\t<div class=\"qode-bct-post-date entry_date updated\" itemprop=\"dateCreated\">\n\t\t\t\t\t\t\t\t30\/11\/2018\t\t\t\t\t\t\t\t<meta itemprop=\"interactionCount\" content=\"UserComments: 0\"\/>\n\t\t\t\t\t\t\t<\/div>\n\t\t\t\t\t\t<\/div>\n\t\t\t\t\t<\/div>\n\t\t\t\t\t\t\t\t\t\t\t\t<div class=\"qode-bct-post\">\n\t\t\t\t\t\t\t\t\t\t\t\t<div class=\"qode-bct-post-text\">\n\t\t\t\t\t\t\t<h3 class=\"qode-bct-post-title entry_title\" itemprop=\"name\">\n\t\t\t\t\t\t\t\t<a href=\"https:\/\/www.cptf.it\/it\/corso-ecm-mindfulness-a-partire-dal-6-febbraio-2019\/\" itemprop=\"url\">CORSO ECM MINDFULNESS &#8211; a partire dal 6 febbraio 2019<\/a>\n\t\t\t\t\t\t\t<\/h3>\n\t\t\t\t\t\t\t\t\t\t\t\t\t\t<p itemprop=\"description\" class = \"qode-bct-post-excerpt\"> CORSO ECM MINDFULNESS MBSR A PADOVA Il Corso \u00e8 organizzato da Costruttivamente e si terr\u00e0 a\u00a0Padova a\u00a0partire da mercoled\u00ec 6 febbraio 2019 Per saperne di pi\u00f9 clicca qui<\/p>\n\t\t\t\t\t\t\t<div class=\"qode-bct-post-date entry_date updated\" itemprop=\"dateCreated\">\n\t\t\t\t\t\t\t\t26\/11\/2018\t\t\t\t\t\t\t\t<meta itemprop=\"interactionCount\" content=\"UserComments: 0\"\/>\n\t\t\t\t\t\t\t<\/div>\n\t\t\t\t\t\t<\/div>\n\t\t\t\t\t<\/div>\n\t\t\t\t\t\t\t\t\t\t\t\t<div class=\"qode-bct-post\">\n\t\t\t\t\t\t\t\t\t\t\t\t<div class=\"qode-bct-post-text\">\n\t\t\t\t\t\t\t<h3 class=\"qode-bct-post-title entry_title\" itemprop=\"name\">\n\t\t\t\t\t\t\t\t<a href=\"https:\/\/www.cptf.it\/it\/convegno-adolescenti-e-genitori-dis-connessi-sabato-24-novembre-2018\/\" itemprop=\"url\">CONVEGNO: ADOLESCENTI E GENITORI DIS-CONNESSI &#8211; sabato 24 novembre 2018<\/a>\n\t\t\t\t\t\t\t<\/h3>\n\t\t\t\t\t\t\t\t\t\t\t\t\t\t<p itemprop=\"description\" class = \"qode-bct-post-excerpt\"> CONVEGNO: ADOLESCENTI E GENITORI DIS-CONNESSI. COME ORIENTARSI NELLA COMPLESSITA&#8217; DELL&#8217;ERA DIGITALE Il Convegno \u00e8 organizzato dal CIRF \u2013 Centro Interdipartimentale di Ricerca sulla Famiglia e si terr\u00e0 a Padova sabato 24 novembre p.v. [wpdm_file id=562]<\/p>\n\t\t\t\t\t\t\t<div class=\"qode-bct-post-date entry_date updated\" itemprop=\"dateCreated\">\n\t\t\t\t\t\t\t\t06\/11\/2018\t\t\t\t\t\t\t\t<meta itemprop=\"interactionCount\" content=\"UserComments: 0\"\/>\n\t\t\t\t\t\t\t<\/div>\n\t\t\t\t\t\t<\/div>\n\t\t\t\t\t<\/div>\n\t\t\t\t\t\t\t\t\t\t\t\t<div class=\"qode-bct-post\">\n\t\t\t\t\t\t\t\t\t\t\t\t<div class=\"qode-bct-post-text\">\n\t\t\t\t\t\t\t<h3 class=\"qode-bct-post-title entry_title\" itemprop=\"name\">\n\t\t\t\t\t\t\t\t<a href=\"https:\/\/www.cptf.it\/it\/workshop-la-semplicita-nei-casi-difficili-1718-maggio-2019\/\" itemprop=\"url\">WORKSHOP: LA SEMPLICITA&#8217; NEI CASI DIFFICILI &#8211; 17,18 maggio 2019<\/a>\n\t\t\t\t\t\t\t<\/h3>\n\t\t\t\t\t\t\t\t\t\t\t\t\t\t<p itemprop=\"description\" class = \"qode-bct-post-excerpt\"> WORKSHOP: LA SEMPLICITA&#8217; NEI CASI DIFFICILI. NUOVI CONTRIBUTI DALL&#8217;IPNOSI ERICKSONIANA E DALLA TERAPIA FAMILIARE Il workshop \u00e8 organizzato dal Centro Studi Eteropoiesi e si terr\u00e0 a Torino\u00a0 venerd\u00ec 17 e sabato 18 maggio 2019 Relatori delle giornate saranno il dott. Eric Greenleaf e il dott. Massimo Schinco [wpdm_file id=561]<\/p>\n\t\t\t\t\t\t\t<div class=\"qode-bct-post-date entry_date updated\" itemprop=\"dateCreated\">\n\t\t\t\t\t\t\t\t06\/11\/2018\t\t\t\t\t\t\t\t<meta itemprop=\"interactionCount\" content=\"UserComments: 0\"\/>\n\t\t\t\t\t\t\t<\/div>\n\t\t\t\t\t\t<\/div>\n\t\t\t\t\t<\/div>\n\t\t\t\t\t\t\t\t\t\t\t\t<div class=\"qode-bct-post\">\n\t\t\t\t\t\t\t\t\t\t\t\t<div class=\"qode-bct-post-text\">\n\t\t\t\t\t\t\t<h3 class=\"qode-bct-post-title entry_title\" itemprop=\"name\">\n\t\t\t\t\t\t\t\t<a href=\"https:\/\/www.cptf.it\/it\/convegno-le-radici-della-violenza-24-novembre-2018\/\" itemprop=\"url\">CONVEGNO: LE RADICI DELLA VIOLENZA &#8211; 24 novembre 2018<\/a>\n\t\t\t\t\t\t\t<\/h3>\n\t\t\t\t\t\t\t\t\t\t\t\t\t\t<p itemprop=\"description\" class = \"qode-bct-post-excerpt\"> CONVEGNO: LE RADICI DELLA VIOLENZA. TRA REALTA&#8217; E FALSI MITI Il Convegno \u00e8 organizzato dal CPPF, SIF e SEF e si terr\u00e0 a Roma sabato 24 novembre p.v. [wpdm_file id=560]<\/p>\n\t\t\t\t\t\t\t<div class=\"qode-bct-post-date entry_date updated\" itemprop=\"dateCreated\">\n\t\t\t\t\t\t\t\t06\/11\/2018\t\t\t\t\t\t\t\t<meta itemprop=\"interactionCount\" content=\"UserComments: 0\"\/>\n\t\t\t\t\t\t\t<\/div>\n\t\t\t\t\t\t<\/div>\n\t\t\t\t\t<\/div>\n\t\t\t\t\t\t\t\t\t\t\t\t<div class=\"qode-bct-post\">\n\t\t\t\t\t\t\t\t\t\t\t\t<div class=\"qode-bct-post-text\">\n\t\t\t\t\t\t\t<h3 class=\"qode-bct-post-title entry_title\" itemprop=\"name\">\n\t\t\t\t\t\t\t\t<a href=\"https:\/\/www.cptf.it\/it\/ciclo-di-seminari-famiglie-e-alta-conflittualita-a-partire-dal-27-ottobre-2018\/\" itemprop=\"url\">CICLO DI SEMINARI: FAMIGLIE E ALTA CONFLITTUALITA&#8217; &#8211; a partire dal 27 ottobre 2018<\/a>\n\t\t\t\t\t\t\t<\/h3>\n\t\t\t\t\t\t\t\t\t\t\t\t\t\t<p itemprop=\"description\" class = \"qode-bct-post-excerpt\"> CICLO DI SEMINARI: FAMIGLIE E ALTA CONFLITTUALITA&#8217; Gli incontri sono organizzati dal Centro per la Mediazione Sistemica Gregory Bateson e si terranno a partire da sabato 27 ottobre p.v. a Milano Per saperne di pi\u00f9 clicca qui<\/p>\n\t\t\t\t\t\t\t<div class=\"qode-bct-post-date entry_date updated\" itemprop=\"dateCreated\">\n\t\t\t\t\t\t\t\t18\/10\/2018\t\t\t\t\t\t\t\t<meta itemprop=\"interactionCount\" content=\"UserComments: 0\"\/>\n\t\t\t\t\t\t\t<\/div>\n\t\t\t\t\t\t<\/div>\n\t\t\t\t\t<\/div>\n\t\t\t\t\t\t\t\t\t\t\t\t<div class=\"qode-bct-post\">\n\t\t\t\t\t\t\t\t\t\t\t\t<div class=\"qode-bct-post-text\">\n\t\t\t\t\t\t\t<h3 class=\"qode-bct-post-title entry_title\" itemprop=\"name\">\n\t\t\t\t\t\t\t\t<a href=\"https:\/\/www.cptf.it\/it\/convegno-genitorialita-nel-2000-30-novembre-2018\/\" itemprop=\"url\">CONVEGNO: GENITORIALITA&#8217; NEL 2000 &#8211; 30 novembre 2018<\/a>\n\t\t\t\t\t\t\t<\/h3>\n\t\t\t\t\t\t\t\t\t\t\t\t\t\t<p itemprop=\"description\" class = \"qode-bct-post-excerpt\"> CONVEGNO: GENITORIALITA&#8217; NEL 2000 La giornata formativa \u00e8 organizzata dall&#8217;aepea (association europeenne de psychopatologie de l&#8217;enfant e de l&#8217;adolescent) e si terr\u00e0 venerd\u00ec 30 novembre p.v. a Padova [wpdm_file id=558]<\/p>\n\t\t\t\t\t\t\t<div class=\"qode-bct-post-date entry_date updated\" itemprop=\"dateCreated\">\n\t\t\t\t\t\t\t\t16\/10\/2018\t\t\t\t\t\t\t\t<meta itemprop=\"interactionCount\" content=\"UserComments: 0\"\/>\n\t\t\t\t\t\t\t<\/div>\n\t\t\t\t\t\t<\/div>\n\t\t\t\t\t<\/div>\n\t\t\t\t\t\t\t\t\t\t\t\t<div class=\"qode-bct-post\">\n\t\t\t\t\t\t\t\t\t\t\t\t<div class=\"qode-bct-post-text\">\n\t\t\t\t\t\t\t<h3 class=\"qode-bct-post-title entry_title\" itemprop=\"name\">\n\t\t\t\t\t\t\t\t<a href=\"https:\/\/www.cptf.it\/it\/convegno-la-guarigione-dialogo-tra-mente-anima-corpo-16-novembre-2018\/\" itemprop=\"url\">CONVEGNO: LA GUARIGIONE. DIALOGO TRA MENTE-ANIMA-CORPO &#8211; 16 novembre 2018<\/a>\n\t\t\t\t\t\t\t<\/h3>\n\t\t\t\t\t\t\t\t\t\t\t\t\t\t<p itemprop=\"description\" class = \"qode-bct-post-excerpt\"> CONVEGNO: LA GUARIGIONE. DIALOGO TRA MENTE-ANIMA-CORPO Il Convegno \u00e8 organizzato da NonsoloMente Associazione di promozione sociale Psicologica e si terr\u00e0 venerd\u00ec 16 novembre p.v. a Vicenza [wpdm_file id=557]<\/p>\n\t\t\t\t\t\t\t<div class=\"qode-bct-post-date entry_date updated\" itemprop=\"dateCreated\">\n\t\t\t\t\t\t\t\t15\/10\/2018\t\t\t\t\t\t\t\t<meta itemprop=\"interactionCount\" content=\"UserComments: 0\"\/>\n\t\t\t\t\t\t\t<\/div>\n\t\t\t\t\t\t<\/div>\n\t\t\t\t\t<\/div>\n\t\t\t\t\t\t\t\t\t\t\t\t<div class=\"qode-bct-post\">\n\t\t\t\t\t\t\t\t\t\t\t\t<div class=\"qode-bct-post-text\">\n\t\t\t\t\t\t\t<h3 class=\"qode-bct-post-title entry_title\" itemprop=\"name\">\n\t\t\t\t\t\t\t\t<a href=\"https:\/\/www.cptf.it\/it\/seminario-spunti-di-riflessione-sulla-tutela-del-minore-e-delle-persone-parimenti-vulnerabili-la-prospettiva-giuridica-e-deontologica-19-ottobre-2018\/\" itemprop=\"url\">SEMINARIO: SPUNTI DI RIFLESSIONE SULLA TUTELA DEL MINORE E DELLE PERSONE PARIMENTI VULNERABILI. LA PROSPETTIVA GIURIDICA E DEONTOLOGICA &#8211; 19 ottobre 2018<\/a>\n\t\t\t\t\t\t\t<\/h3>\n\t\t\t\t\t\t\t\t\t\t\t\t\t\t<p itemprop=\"description\" class = \"qode-bct-post-excerpt\"> SEMINARIO: SPUNTI DI RIFLESSIONE SULLA TUTELA DEL MINORE E DELLE PERSONE PARIMENTI VULNERABILI. LA PROSPETTIVA GIURIDICA E DEONTOLOGICA Il seminario \u00e8 organizzato dal Centro Panta Rei e si terr\u00e0 a Milano venerd\u00ec 19 ottobre 2018 Per saperne di pi\u00f9 clicca qui<\/p>\n\t\t\t\t\t\t\t<div class=\"qode-bct-post-date entry_date updated\" itemprop=\"dateCreated\">\n\t\t\t\t\t\t\t\t09\/10\/2018\t\t\t\t\t\t\t\t<meta itemprop=\"interactionCount\" content=\"UserComments: 0\"\/>\n\t\t\t\t\t\t\t<\/div>\n\t\t\t\t\t\t<\/div>\n\t\t\t\t\t<\/div>\n\t\t\t\t\t\t\t\t\t\t\t\t<div class=\"qode-bct-post\">\n\t\t\t\t\t\t\t\t\t\t\t\t<div class=\"qode-bct-post-text\">\n\t\t\t\t\t\t\t<h3 class=\"qode-bct-post-title entry_title\" itemprop=\"name\">\n\t\t\t\t\t\t\t\t<a href=\"https:\/\/www.cptf.it\/it\/seminario-immagine-e-immaginazione-in-psicoterapia-13-novembre-2018\/\" itemprop=\"url\">SEMINARIO: IMMAGINE E IMMAGINAZIONE IN PSICOTERAPIA &#8211; 13 novembre 2018<\/a>\n\t\t\t\t\t\t\t<\/h3>\n\t\t\t\t\t\t\t\t\t\t\t\t\t\t<p itemprop=\"description\" class = \"qode-bct-post-excerpt\"> SEMINARIO: IMMAGINE E IMMAGINAZIONE IN PSICOTERAPIA La giornata di studio \u00e8 organizzata dalla Scuola Romana di Psicoterapia Familiare e si terr\u00e0 a Roma il 13 novembre 2018 Tavola Rotonda con Marcelo Pakman, Carmine Saccu, Umberta Telfener, Salvatore Pace, Paolo Bucci [wpdm_file id=552] &nbsp;<\/p>\n\t\t\t\t\t\t\t<div class=\"qode-bct-post-date entry_date updated\" itemprop=\"dateCreated\">\n\t\t\t\t\t\t\t\t28\/09\/2018\t\t\t\t\t\t\t\t<meta itemprop=\"interactionCount\" content=\"UserComments: 0\"\/>\n\t\t\t\t\t\t\t<\/div>\n\t\t\t\t\t\t<\/div>\n\t\t\t\t\t<\/div>\n\t\t\t\t\t\t\t\t\t\t\t\t<div class=\"qode-bct-post\">\n\t\t\t\t\t\t\t\t\t\t\t\t<div class=\"qode-bct-post-text\">\n\t\t\t\t\t\t\t<h3 class=\"qode-bct-post-title entry_title\" itemprop=\"name\">\n\t\t\t\t\t\t\t\t<a href=\"https:\/\/www.cptf.it\/it\/corso-ecm-act-in-pratica-applicare-le-procedure-dellacceptance-and-commitment-therapy-alla-clinica-1617-marzo-2019\/\" itemprop=\"url\">CORSO ECM: ACT IN PRATICA. APPLICARE LE PROCEDURE DELL&#8217;ACCEPTANCE AND COMMITMENT THERAPY ALLA CLINICA &#8211; 16\/17 marzo 2019<\/a>\n\t\t\t\t\t\t\t<\/h3>\n\t\t\t\t\t\t\t\t\t\t\t\t\t\t<p itemprop=\"description\" class = \"qode-bct-post-excerpt\"> CORSO ECM: ACT IN PRATICA. APPLICARE LE PROCEDURE DELL&#8217;ACCEPTANCE AND COMMITMENT THERAPY ALLA CLINICA Il corso \u00e8 organizzato dalla Scuola di Psicoterapia Cognitiva e si terr\u00e0 a Verona il 16 e 17 marzo 2019 Per saperne di pi\u00f9 clicca qui<\/p>\n\t\t\t\t\t\t\t<div class=\"qode-bct-post-date entry_date updated\" itemprop=\"dateCreated\">\n\t\t\t\t\t\t\t\t28\/09\/2018\t\t\t\t\t\t\t\t<meta itemprop=\"interactionCount\" content=\"UserComments: 0\"\/>\n\t\t\t\t\t\t\t<\/div>\n\t\t\t\t\t\t<\/div>\n\t\t\t\t\t<\/div>\n\t\t\t\t\t\t\t\t\t\t\t\t<div class=\"qode-bct-post\">\n\t\t\t\t\t\t\t\t\t\t\t\t<div class=\"qode-bct-post-text\">\n\t\t\t\t\t\t\t<h3 class=\"qode-bct-post-title entry_title\" itemprop=\"name\">\n\t\t\t\t\t\t\t\t<a href=\"https:\/\/www.cptf.it\/it\/convegno-dallo-screening-precoce-allinclusione-scolastica-buona-prassi-per-i-disturbi-specifici-dellapprendimento-6-ottobre-2018\/\" itemprop=\"url\">CONVEGNO: DALLO SCREENING PRECOCE ALL&#8217;INCLUSIONE SCOLASTICA: BUONA PRASSI PER I DISTURBI SPECIFICI DELL&#8217;APPRENDIMENTO &#8211; 6 ottobre 2018<\/a>\n\t\t\t\t\t\t\t<\/h3>\n\t\t\t\t\t\t\t\t\t\t\t\t\t\t<p itemprop=\"description\" class = \"qode-bct-post-excerpt\"> CONVEGNO: DALLO SCREENING PRECOCE ALL&#8217;INCLUSIONE SCOLASTICA: BUONA PRASSI PER I DISTURBI SPECIFICI DELL&#8217;APPRENDIMENTO Il Convegno \u00e8 organizzato dall&#8217;Associazione Italiana Dislessia e si terr\u00e0\u00a0\u00a0sabato 6 ottobre 2018\u00a0a Trieste [wpdm_file id=549]\u00a0[wpdm_file id=550]<\/p>\n\t\t\t\t\t\t\t<div class=\"qode-bct-post-date entry_date updated\" itemprop=\"dateCreated\">\n\t\t\t\t\t\t\t\t13\/09\/2018\t\t\t\t\t\t\t\t<meta itemprop=\"interactionCount\" content=\"UserComments: 0\"\/>\n\t\t\t\t\t\t\t<\/div>\n\t\t\t\t\t\t<\/div>\n\t\t\t\t\t<\/div>\n\t\t\t\t\t\t\t\t\t\t\t\t<div class=\"qode-bct-post\">\n\t\t\t\t\t\t\t\t\t\t\t\t<div class=\"qode-bct-post-text\">\n\t\t\t\t\t\t\t<h3 class=\"qode-bct-post-title entry_title\" itemprop=\"name\">\n\t\t\t\t\t\t\t\t<a href=\"https:\/\/www.cptf.it\/it\/vii-congresso-federserd-il-raggiungimento-degli-outcome-nella-clinica-delle-dipendenze-metodi-e-strategie-per-lorganizzazione-dei-servizi-per-le-dipendenze-242526-ottobre-2018\/\" itemprop=\"url\">VII CONGRESSO FEDERSERD: IL RAGGIUNGIMENTO DEGLI OUTCOME NELLA CLINICA DELLE DIPENDENZE: METODI E STRATEGIE PER L&#8217;ORGANIZZAZIONE DEI SERVIZI PER LE DIPENDENZE &#8211; 24\/25\/26 ottobre 2018<\/a>\n\t\t\t\t\t\t\t<\/h3>\n\t\t\t\t\t\t\t\t\t\t\t\t\t\t<p itemprop=\"description\" class = \"qode-bct-post-excerpt\"> VII CONGRESSO FEDERSERD: IL RAGGIUNGIMENTO DEGLI OUTCOME NELLA CLINICA DELLE DIPENDENZE: METODI E STRATEGIE PER L&#8217;ORGANIZZAZIONE DEI SERVIZI PER LE DIPENDENZE Il Congresso \u00e8 organizzato dalla FeDerSerD e si terr\u00e0 a Roma dal 24 al 26 ottobre 2018 Per saperne di pi\u00f9 clicca qui [wpdm_file id=548]<\/p>\n\t\t\t\t\t\t\t<div class=\"qode-bct-post-date entry_date updated\" itemprop=\"dateCreated\">\n\t\t\t\t\t\t\t\t10\/09\/2018\t\t\t\t\t\t\t\t<meta itemprop=\"interactionCount\" content=\"UserComments: 0\"\/>\n\t\t\t\t\t\t\t<\/div>\n\t\t\t\t\t\t<\/div>\n\t\t\t\t\t<\/div>\n\t\t\t\t\t\t\t\t\t\t\t\t<div class=\"qode-bct-post\">\n\t\t\t\t\t\t\t\t\t\t\t\t<div class=\"qode-bct-post-text\">\n\t\t\t\t\t\t\t<h3 class=\"qode-bct-post-title entry_title\" itemprop=\"name\">\n\t\t\t\t\t\t\t\t<a href=\"https:\/\/www.cptf.it\/it\/giornata-sirts-la-violenza-estrema-della-guerra-27-ottobre-2018\/\" itemprop=\"url\">GIORNATA SIRTS: LA VIOLENZA ESTREMA DELLA GUERRA &#8211; 27 ottobre 2018<\/a>\n\t\t\t\t\t\t\t<\/h3>\n\t\t\t\t\t\t\t\t\t\t\t\t\t\t<p itemprop=\"description\" class = \"qode-bct-post-excerpt\"> CONVEGNO SIRTS: LA VIOLENZA ESTREMA DELLA GUERRA La giornata seminariale \u00e8 organizzata dalla SIRTS e si terr\u00e0 sabato 27 ottobre 2018 a Milano [wpdm_file id=544] [wpdm_file id=545] [wpdm_file id=546]<\/p>\n\t\t\t\t\t\t\t<div class=\"qode-bct-post-date entry_date updated\" itemprop=\"dateCreated\">\n\t\t\t\t\t\t\t\t03\/09\/2018\t\t\t\t\t\t\t\t<meta itemprop=\"interactionCount\" content=\"UserComments: 0\"\/>\n\t\t\t\t\t\t\t<\/div>\n\t\t\t\t\t\t<\/div>\n\t\t\t\t\t<\/div>\n\t\t\t\t\t\t\t\t\t\t\t\t<div class=\"qode-bct-post\">\n\t\t\t\t\t\t\t\t\t\t\t\t<div class=\"qode-bct-post-text\">\n\t\t\t\t\t\t\t<h3 class=\"qode-bct-post-title entry_title\" itemprop=\"name\">\n\t\t\t\t\t\t\t\t<a href=\"https:\/\/www.cptf.it\/it\/convegno-fatti-e-misfatti-della-rete-28-settembre-2018\/\" itemprop=\"url\">CONVEGNO: FATTI E MISFATTI DELLA RETE &#8211; 28 settembre 2018<\/a>\n\t\t\t\t\t\t\t<\/h3>\n\t\t\t\t\t\t\t\t\t\t\t\t\t\t<p itemprop=\"description\" class = \"qode-bct-post-excerpt\"> CONVEGNO: FATTI E MISFATTI DELLA RETE Il Convegno \u00e8 organizzato da AEPEA e si terr\u00e0 venerd\u00ec 28 settembre 2018 a Padova [wpdm_file id=542]<\/p>\n\t\t\t\t\t\t\t<div class=\"qode-bct-post-date entry_date updated\" itemprop=\"dateCreated\">\n\t\t\t\t\t\t\t\t12\/07\/2018\t\t\t\t\t\t\t\t<meta itemprop=\"interactionCount\" content=\"UserComments: 0\"\/>\n\t\t\t\t\t\t\t<\/div>\n\t\t\t\t\t\t<\/div>\n\t\t\t\t\t<\/div>\n\t\t\t\t\t\t\t\t\t\t\t\t<div class=\"qode-bct-post\">\n\t\t\t\t\t\t\t\t\t\t\t\t<div class=\"qode-bct-post-text\">\n\t\t\t\t\t\t\t<h3 class=\"qode-bct-post-title entry_title\" itemprop=\"name\">\n\t\t\t\t\t\t\t\t<a href=\"https:\/\/www.cptf.it\/it\/libro-interventi-assistiti-con-lanimale-nei-disturbi-dellalimentazione\/\" itemprop=\"url\">LIBRO: INTERVENTI ASSISTITI CON L&#8217;ANIMALE NEI DISTURBI DELL&#8217;ALIMENTAZIONE<\/a>\n\t\t\t\t\t\t\t<\/h3>\n\t\t\t\t\t\t\t\t\t\t\t\t\t\t<p itemprop=\"description\" class = \"qode-bct-post-excerpt\"> LIBRO: INTERVENTI ASSISTITI CON L&#8217;ANIMALE NEI DISTURBI DELL&#8217;ALIMENTAZIONE I disturbi dell\u2019alimentazione e della nutrizione rappresentano un problema sociale e familiare di grande impatto. Anche in questo campo gli Interventi Assistiti con gli Animali possono portare a risultati significativi. Il volume descrive un lavoro clinico rivolto a ragazze con DCA realizzato...<\/p>\n\t\t\t\t\t\t\t<div class=\"qode-bct-post-date entry_date updated\" itemprop=\"dateCreated\">\n\t\t\t\t\t\t\t\t22\/06\/2018\t\t\t\t\t\t\t\t<meta itemprop=\"interactionCount\" content=\"UserComments: 0\"\/>\n\t\t\t\t\t\t\t<\/div>\n\t\t\t\t\t\t<\/div>\n\t\t\t\t\t<\/div>\n\t\t\t\t\t\t\t\t\t\t\t\t<div class=\"qode-bct-post\">\n\t\t\t\t\t\t\t\t\t\t\t\t<div class=\"qode-bct-post-text\">\n\t\t\t\t\t\t\t<h3 class=\"qode-bct-post-title entry_title\" itemprop=\"name\">\n\t\t\t\t\t\t\t\t<a href=\"https:\/\/www.cptf.it\/it\/convegno-la-famiglia-che-cambia-nuove-genitorialita-15-giugno-2018\/\" itemprop=\"url\">CONVEGNO: LA FAMIGLIA CHE CAMBIA. NUOVE GENITORIALITA&#8217; &#8211; 15 giugno 2018<\/a>\n\t\t\t\t\t\t\t<\/h3>\n\t\t\t\t\t\t\t\t\t\t\t\t\t\t<p itemprop=\"description\" class = \"qode-bct-post-excerpt\"> CONVEGNO: LA FAMIGLIA CHE CAMBIA. NUOVE GENITORIALITA&#8217; Il Convegno \u00e8 organizzato dall&#8217;Ordine degli Psicologi dell&#8217;Emilia Romagna e si terr\u00e0 venerd\u00ec 15 giugno 2018 a Bologna [wpdm_file id=538]<\/p>\n\t\t\t\t\t\t\t<div class=\"qode-bct-post-date entry_date updated\" itemprop=\"dateCreated\">\n\t\t\t\t\t\t\t\t28\/05\/2018\t\t\t\t\t\t\t\t<meta itemprop=\"interactionCount\" content=\"UserComments: 0\"\/>\n\t\t\t\t\t\t\t<\/div>\n\t\t\t\t\t\t<\/div>\n\t\t\t\t\t<\/div>\n\t\t\t\t\t\t\t\t\t\t\t\t<div class=\"qode-bct-post\">\n\t\t\t\t\t\t\t\t\t\t\t\t<div class=\"qode-bct-post-text\">\n\t\t\t\t\t\t\t<h3 class=\"qode-bct-post-title entry_title\" itemprop=\"name\">\n\t\t\t\t\t\t\t\t<a href=\"https:\/\/www.cptf.it\/it\/seminario-le-matrici-interpersonali-del-se-e-le-neuroscienze-17-maggio-2018\/\" itemprop=\"url\">SEMINARIO: LE MATRICI INTERPERSONALI DEL SE&#8217; E LE NEUROSCIENZE &#8211; 17 maggio 2018<\/a>\n\t\t\t\t\t\t\t<\/h3>\n\t\t\t\t\t\t\t\t\t\t\t\t\t\t<p itemprop=\"description\" class = \"qode-bct-post-excerpt\"> SEMINARIO: LE MATRICI INTERPERSONALI DEL SE&#8217; E LE NEUROSCIENZE Il Seminario \u00e8 organizzato dal Polo Psicodinamiche e si terr\u00e0 a Prato gioved\u00ec 17 maggio 2018 &nbsp; Per saperne di pi\u00f9 clicca qui<\/p>\n\t\t\t\t\t\t\t<div class=\"qode-bct-post-date entry_date updated\" itemprop=\"dateCreated\">\n\t\t\t\t\t\t\t\t14\/05\/2018\t\t\t\t\t\t\t\t<meta itemprop=\"interactionCount\" content=\"UserComments: 0\"\/>\n\t\t\t\t\t\t\t<\/div>\n\t\t\t\t\t\t<\/div>\n\t\t\t\t\t<\/div>\n\t\t\t\t\t\t\t\t\t\t\t\t<div class=\"qode-bct-post\">\n\t\t\t\t\t\t\t\t\t\t\t\t<div class=\"qode-bct-post-text\">\n\t\t\t\t\t\t\t<h3 class=\"qode-bct-post-title entry_title\" itemprop=\"name\">\n\t\t\t\t\t\t\t\t<a href=\"https:\/\/www.cptf.it\/it\/training-i-livello-limmaginazione-vic-in-psicoterapia-a-partire-dal-25-maggio-2018\/\" itemprop=\"url\">TRAINING I LIVELLO: L&#8217;IMMAGINAZIONE VIC IN PSICOTERAPIA &#8211; a partire dal 25 maggio 2018<\/a>\n\t\t\t\t\t\t\t<\/h3>\n\t\t\t\t\t\t\t\t\t\t\t\t\t\t<p itemprop=\"description\" class = \"qode-bct-post-excerpt\"> TRAINING I LIVELLO: L&#8217;IMMAGINAZIONE VIC IN PSICOTERAPIA La formazione \u00e8 organizzata da IRECOOP Veneto e si terr\u00e0 a Montegrotto Terme a maggio, giugno e settembre. Per saperne di pi\u00f9 clicca qui &nbsp;<\/p>\n\t\t\t\t\t\t\t<div class=\"qode-bct-post-date entry_date updated\" itemprop=\"dateCreated\">\n\t\t\t\t\t\t\t\t08\/05\/2018\t\t\t\t\t\t\t\t<meta itemprop=\"interactionCount\" content=\"UserComments: 0\"\/>\n\t\t\t\t\t\t\t<\/div>\n\t\t\t\t\t\t<\/div>\n\t\t\t\t\t<\/div>\n\t\t\t\t\t\t\t\t\t\t\t\t<div class=\"qode-bct-post\">\n\t\t\t\t\t\t\t\t\t\t\t\t<div class=\"qode-bct-post-text\">\n\t\t\t\t\t\t\t<h3 class=\"qode-bct-post-title entry_title\" itemprop=\"name\">\n\t\t\t\t\t\t\t\t<a href=\"https:\/\/www.cptf.it\/it\/giornata-di-studio-le-patologie-contemporanee-delladolescenza-dca-e-hikikomori-quali-intersezioni-mercoledi-30-maggio-2018\/\" itemprop=\"url\">GIORNATA DI STUDIO: LE PATOLOGIE CONTEMPORANEE  DELL\u2019ADOLESCENZA:  DCA E HIKIKOMORI  QUALI INTERSEZIONI? &#8211; mercoled\u00ec 30 maggio 2018<\/a>\n\t\t\t\t\t\t\t<\/h3>\n\t\t\t\t\t\t\t\t\t\t\t\t\t\t<p itemprop=\"description\" class = \"qode-bct-post-excerpt\"> GIORNATA DI STUDIO: LE PATOLOGIE CONTEMPORANEE\u00a0 DELL\u2019ADOLESCENZA:\u00a0 DCA E HIKIKOMORI\u00a0 QUALI INTERSEZIONI? La giornata di studio \u00e8 organizzata dall&#8217;Universit\u00e0 IUSVE e si terr\u00e0 mercoled\u00ec 30 maggio 2018\u00a0presso il Campus di Mestre [wpdm_file id=535]<\/p>\n\t\t\t\t\t\t\t<div class=\"qode-bct-post-date entry_date updated\" itemprop=\"dateCreated\">\n\t\t\t\t\t\t\t\t08\/05\/2018\t\t\t\t\t\t\t\t<meta itemprop=\"interactionCount\" content=\"UserComments: 0\"\/>\n\t\t\t\t\t\t\t<\/div>\n\t\t\t\t\t\t<\/div>\n\t\t\t\t\t<\/div>\n\t\t\t\t\t\t\t\t\t\t\t\t<div class=\"qode-bct-post\">\n\t\t\t\t\t\t\t\t\t\t\t\t<div class=\"qode-bct-post-text\">\n\t\t\t\t\t\t\t<h3 class=\"qode-bct-post-title entry_title\" itemprop=\"name\">\n\t\t\t\t\t\t\t\t<a href=\"https:\/\/www.cptf.it\/it\/corso-unepidemia-invisibile-aspetti-critici-e-interventi-terapeutici-nella-bulimia-nervosa-dal-18-maggio-2018\/\" itemprop=\"url\">CORSO: UN&#8217;EPIDEMIA INVISIBILE. ASPETTI CRITICI E INTERVENTI TERAPEUTICI NELLA BULIMIA NERVOSA &#8211; dal 18 maggio 2018<\/a>\n\t\t\t\t\t\t\t<\/h3>\n\t\t\t\t\t\t\t\t\t\t\t\t\t\t<p itemprop=\"description\" class = \"qode-bct-post-excerpt\"> CORSO: UN&#8217;EPIDEMIA INVISIBILE. ASPETTI CRITICI E INTERVENTI TERAPEUTICI NELLA BULIMIA NERVOSA Il Corso \u00e8 organizzato dall&#8217;IIPR e si terr\u00e0 ad Ancona il 18, 19, 20 maggio 2018 Per saperne di pi\u00f9 clicca qui<\/p>\n\t\t\t\t\t\t\t<div class=\"qode-bct-post-date entry_date updated\" itemprop=\"dateCreated\">\n\t\t\t\t\t\t\t\t07\/05\/2018\t\t\t\t\t\t\t\t<meta itemprop=\"interactionCount\" content=\"UserComments: 0\"\/>\n\t\t\t\t\t\t\t<\/div>\n\t\t\t\t\t\t<\/div>\n\t\t\t\t\t<\/div>\n\t\t\t\t\t\t\t\t\t\t\t\t<div class=\"qode-bct-post\">\n\t\t\t\t\t\t\t\t\t\t\t\t<div class=\"qode-bct-post-text\">\n\t\t\t\t\t\t\t<h3 class=\"qode-bct-post-title entry_title\" itemprop=\"name\">\n\t\t\t\t\t\t\t\t<a href=\"https:\/\/www.cptf.it\/it\/congresso-fiap-il-canto-di-partenope-la-psicoterapia-sulla-rotta-del-cambiamento-4-7-ottobre-2018\/\" itemprop=\"url\">CONGRESSO FIAP: IL CANTO DI PARTENOPE. LA PSICOTERAPIA SULLA ROTTA DEL CAMBIAMENTO &#8211; 4-7 ottobre 2018<\/a>\n\t\t\t\t\t\t\t<\/h3>\n\t\t\t\t\t\t\t\t\t\t\t\t\t\t<p itemprop=\"description\" class = \"qode-bct-post-excerpt\"> CONGRESSO FIAP: IL CANTO DI PARTENOPE. LA PSICOTERAPIA SULLA ROTTA DEL CAMBIAMENTO Il Congresso \u00e8 organizzato dalla Fiap e si terr\u00e0 a Napoli dal 4 al 7 ottobre 2018 [wpdm_file id=532]\u00a0[wpdm_file id=533]\u00a0[wpdm_file id=534]<\/p>\n\t\t\t\t\t\t\t<div class=\"qode-bct-post-date entry_date updated\" itemprop=\"dateCreated\">\n\t\t\t\t\t\t\t\t21\/04\/2018\t\t\t\t\t\t\t\t<meta itemprop=\"interactionCount\" content=\"UserComments: 0\"\/>\n\t\t\t\t\t\t\t<\/div>\n\t\t\t\t\t\t<\/div>\n\t\t\t\t\t<\/div>\n\t\t\t\t\t\t\t\t\t\t\t\t<div class=\"qode-bct-post\">\n\t\t\t\t\t\t\t\t\t\t\t\t<div class=\"qode-bct-post-text\">\n\t\t\t\t\t\t\t<h3 class=\"qode-bct-post-title entry_title\" itemprop=\"name\">\n\t\t\t\t\t\t\t\t<a href=\"https:\/\/www.cptf.it\/it\/congresso-lospite-inatteso-la-vergogna-e-i-suoi-correlati-corporei-1-3-giugno-2018\/\" itemprop=\"url\">CONGRESSO: L&#8217;OSPITE INATTESO. LA VERGOGNA E I SUOI CORRELATI CORPOREI &#8211; 1-3 giugno 2018<\/a>\n\t\t\t\t\t\t\t<\/h3>\n\t\t\t\t\t\t\t\t\t\t\t\t\t\t<p itemprop=\"description\" class = \"qode-bct-post-excerpt\"> CONGRESSO: L&#8217;OSPITE INATTESO. LA VERGOGNA E I SUOI CORRELATI CORPOREI Il Congresso \u00e8 organizzato dalla S.I.A.B. (societ\u00e0 italiana analisi bioenergetica) e si terr\u00e0 ad Altavilla Milicia (PA) dal 1 al 3 giugno 2018 [wpdm_file id=530][wpdm_file id=531]<\/p>\n\t\t\t\t\t\t\t<div class=\"qode-bct-post-date entry_date updated\" itemprop=\"dateCreated\">\n\t\t\t\t\t\t\t\t21\/04\/2018\t\t\t\t\t\t\t\t<meta itemprop=\"interactionCount\" content=\"UserComments: 0\"\/>\n\t\t\t\t\t\t\t<\/div>\n\t\t\t\t\t\t<\/div>\n\t\t\t\t\t<\/div>\n\t\t\t\t\t\t\t\t\t\t\t\t<div class=\"qode-bct-post\">\n\t\t\t\t\t\t\t\t\t\t\t\t<div class=\"qode-bct-post-text\">\n\t\t\t\t\t\t\t<h3 class=\"qode-bct-post-title entry_title\" itemprop=\"name\">\n\t\t\t\t\t\t\t\t<a href=\"https:\/\/www.cptf.it\/it\/corso-la-neuroscienza-dellempatia-a-partire-dal-15-giugno-2018\/\" itemprop=\"url\">CORSO: LA NEUROSCIENZA DELL&#8217;EMPATIA &#8211; a partire dal 15 giugno 2018<\/a>\n\t\t\t\t\t\t\t<\/h3>\n\t\t\t\t\t\t\t\t\t\t\t\t\t\t<p itemprop=\"description\" class = \"qode-bct-post-excerpt\"> CORSO: LA NEUROSCIENZA DELL&#8217;EMPATIA Il Corso \u00e8 organizzato dalla Giunti\u00a0Psychometrics e si terr\u00e0 a Rimini\u00a0, Roma e Palermo<\/p>\n\t\t\t\t\t\t\t<div class=\"qode-bct-post-date entry_date updated\" itemprop=\"dateCreated\">\n\t\t\t\t\t\t\t\t21\/04\/2018\t\t\t\t\t\t\t\t<meta itemprop=\"interactionCount\" content=\"UserComments: 0\"\/>\n\t\t\t\t\t\t\t<\/div>\n\t\t\t\t\t\t<\/div>\n\t\t\t\t\t<\/div>\n\t\t\t\t\t\t\t\t\t\t\t\t<div class=\"qode-bct-post\">\n\t\t\t\t\t\t\t\t\t\t\t\t<div class=\"qode-bct-post-text\">\n\t\t\t\t\t\t\t<h3 class=\"qode-bct-post-title entry_title\" itemprop=\"name\">\n\t\t\t\t\t\t\t\t<a href=\"https:\/\/www.cptf.it\/it\/congresso-schema-terapy-s-i-s-t-19-20-ottobre-2018\/\" itemprop=\"url\">CONGRESSO SCHEMA TERAPY S.I.S.T. &#8211; 19-21 ottobre 2018<\/a>\n\t\t\t\t\t\t\t<\/h3>\n\t\t\t\t\t\t\t\t\t\t\t\t\t\t<p itemprop=\"description\" class = \"qode-bct-post-excerpt\"> CONGRESSO SCHEMA TERAPY S.I.S.T. Il Congresso \u00e8 organizzato dalla s.i.s.t (societ\u00e0 italiana per la schema terapy) e si terr\u00e0 dal 19 al 21 ottobre 2018 a Roma Per ulteriori informazioni clicca qui\u00a0<\/p>\n\t\t\t\t\t\t\t<div class=\"qode-bct-post-date entry_date updated\" itemprop=\"dateCreated\">\n\t\t\t\t\t\t\t\t21\/04\/2018\t\t\t\t\t\t\t\t<meta itemprop=\"interactionCount\" content=\"UserComments: 0\"\/>\n\t\t\t\t\t\t\t<\/div>\n\t\t\t\t\t\t<\/div>\n\t\t\t\t\t<\/div>\n\t\t\t\t\t\t\t\t\t\t\t\t<div class=\"qode-bct-post\">\n\t\t\t\t\t\t\t\t\t\t\t\t<div class=\"qode-bct-post-text\">\n\t\t\t\t\t\t\t<h3 class=\"qode-bct-post-title entry_title\" itemprop=\"name\">\n\t\t\t\t\t\t\t\t<a href=\"https:\/\/www.cptf.it\/it\/training-in-consulenza-e-terapia-sessuale-a-partire-da-settembre-2018\/\" itemprop=\"url\">TRAINING IN CONSULENZA E TERAPIA SESSUALE &#8211; a partire da settembre 2018<\/a>\n\t\t\t\t\t\t\t<\/h3>\n\t\t\t\t\t\t\t\t\t\t\t\t\t\t<p itemprop=\"description\" class = \"qode-bct-post-excerpt\"> TRAINING IN CONSULENZA E TERAPIA SESSUALE Il Corso \u00e8 organizzato dal Centro Panta Rei e si svolger\u00e0 a Milano e a Roma a partire da settembre 2018 Per informazioni clicca qui<\/p>\n\t\t\t\t\t\t\t<div class=\"qode-bct-post-date entry_date updated\" itemprop=\"dateCreated\">\n\t\t\t\t\t\t\t\t19\/04\/2018\t\t\t\t\t\t\t\t<meta itemprop=\"interactionCount\" content=\"UserComments: 0\"\/>\n\t\t\t\t\t\t\t<\/div>\n\t\t\t\t\t\t<\/div>\n\t\t\t\t\t<\/div>\n\t\t\t\t\t\t\t\t\t\t\t\t<div class=\"qode-bct-post\">\n\t\t\t\t\t\t\t\t\t\t\t\t<div class=\"qode-bct-post-text\">\n\t\t\t\t\t\t\t<h3 class=\"qode-bct-post-title entry_title\" itemprop=\"name\">\n\t\t\t\t\t\t\t\t<a href=\"https:\/\/www.cptf.it\/it\/giornata-di-formazione-lintervento-con-le-coppie-ad-alta-conflittualita-12-maggio-2018\/\" itemprop=\"url\">GIORNATA DI FORMAZIONE: L&#8217;INTERVENTO CON LE COPPIE AD ALTA CONFLITTUALITA&#8217; &#8211; 12 maggio 2018<\/a>\n\t\t\t\t\t\t\t<\/h3>\n\t\t\t\t\t\t\t\t\t\t\t\t\t\t<p itemprop=\"description\" class = \"qode-bct-post-excerpt\"> GIORNATA DI FORMAZIONE: L&#8217;INTERVENTO CON LE COPPIE AD ALTA CONFLITTUALITA&#8217;\u00a0 La giornata \u00e8 organizzata dalla Macroregione Nord-Est, relatore sar\u00e0 il dott. Dino Mazzei e si terr\u00e0 a Mestre sabato 12 maggio p.v. [wpdm_file id=529]<\/p>\n\t\t\t\t\t\t\t<div class=\"qode-bct-post-date entry_date updated\" itemprop=\"dateCreated\">\n\t\t\t\t\t\t\t\t16\/04\/2018\t\t\t\t\t\t\t\t<meta itemprop=\"interactionCount\" content=\"UserComments: 0\"\/>\n\t\t\t\t\t\t\t<\/div>\n\t\t\t\t\t\t<\/div>\n\t\t\t\t\t<\/div>\n\t\t\t\t\t\t\t\t\t\t\t\t<div class=\"qode-bct-post\">\n\t\t\t\t\t\t\t\t\t\t\t\t<div class=\"qode-bct-post-text\">\n\t\t\t\t\t\t\t<h3 class=\"qode-bct-post-title entry_title\" itemprop=\"name\">\n\t\t\t\t\t\t\t\t<a href=\"https:\/\/www.cptf.it\/it\/seminario-psicoterapia-e-stili-di-attaccamento-sabato-21-aprile-2018\/\" itemprop=\"url\">SEMINARIO: PSICOTERAPIA E STILI DI ATTACCAMENTO &#8211; sabato 21 aprile 2018<\/a>\n\t\t\t\t\t\t\t<\/h3>\n\t\t\t\t\t\t\t\t\t\t\t\t\t\t<p itemprop=\"description\" class = \"qode-bct-post-excerpt\"> SEMINARIO: PSICOTERAPIA E STILI DI ATTACCAMENTO La giornata \u00e8 stata organizzata dall&#8217;Ordine degli Psicologi del Friuli Venezia Giulia e si terr\u00e0 a Trieste sabato 21 aprile p.v. [wpdm_file id=527]<\/p>\n\t\t\t\t\t\t\t<div class=\"qode-bct-post-date entry_date updated\" itemprop=\"dateCreated\">\n\t\t\t\t\t\t\t\t10\/04\/2018\t\t\t\t\t\t\t\t<meta itemprop=\"interactionCount\" content=\"UserComments: 0\"\/>\n\t\t\t\t\t\t\t<\/div>\n\t\t\t\t\t\t<\/div>\n\t\t\t\t\t<\/div>\n\t\t\t\t\t\t\t\t\t\t\t\t<div class=\"qode-bct-post\">\n\t\t\t\t\t\t\t\t\t\t\t\t<div class=\"qode-bct-post-text\">\n\t\t\t\t\t\t\t<h3 class=\"qode-bct-post-title entry_title\" itemprop=\"name\">\n\t\t\t\t\t\t\t\t<a href=\"https:\/\/www.cptf.it\/it\/seminario-trauma-complesso-come-disturbo-dello-sviluppo-e-sistemi-curanti-13-aprile-2018\/\" itemprop=\"url\">SEMINARIO: TRAUMA COMPLESSO COME DISTURBO DELLO SVILUPPO E SISTEMI CURANTI &#8211; 13 aprile 2018<\/a>\n\t\t\t\t\t\t\t<\/h3>\n\t\t\t\t\t\t\t\t\t\t\t\t\t\t<p itemprop=\"description\" class = \"qode-bct-post-excerpt\"> TRAUMA COMPLESSO COME DISTURBO DELLO SVILUPPO E SISTEMI CURANTI La giornata di seminario \u00e8 organizzata dal Centro Panta Rei e si terr\u00e0 a Milano venerd\u00ec 13 aprile, relatore \u00e8 la dott. Mariagnese Chieli Per saperne di pi\u00f9 clicca qui<\/p>\n\t\t\t\t\t\t\t<div class=\"qode-bct-post-date entry_date updated\" itemprop=\"dateCreated\">\n\t\t\t\t\t\t\t\t04\/04\/2018\t\t\t\t\t\t\t\t<meta itemprop=\"interactionCount\" content=\"UserComments: 0\"\/>\n\t\t\t\t\t\t\t<\/div>\n\t\t\t\t\t\t<\/div>\n\t\t\t\t\t<\/div>\n\t\t\t\t\t\t\t\t\t\t\t\t<div class=\"qode-bct-post\">\n\t\t\t\t\t\t\t\t\t\t\t\t<div class=\"qode-bct-post-text\">\n\t\t\t\t\t\t\t<h3 class=\"qode-bct-post-title entry_title\" itemprop=\"name\">\n\t\t\t\t\t\t\t\t<a href=\"https:\/\/www.cptf.it\/it\/incontri-riconoscere-e-gestire-lo-stress-nella-professione-medica-a-partire-dal-21-aprile-2018\/\" itemprop=\"url\">INCONTRI: RICONOSCERE E GESTIRE LO STRESS NELLA PROFESSIONE MEDICA &#8211; a partire dal 21 aprile 2018<\/a>\n\t\t\t\t\t\t\t<\/h3>\n\t\t\t\t\t\t\t\t\t\t\t\t\t\t<p itemprop=\"description\" class = \"qode-bct-post-excerpt\"> INCONTRI: RICONOSCERE E GESTIRE LO STRESS NELLA PROFESSIONE MEDICA Tre incontri esperienziali organizzati da Costruttivamente e Studi Medici Specialistici &#8211; Studi di Psicoterapia [wpdm_file id=524]<\/p>\n\t\t\t\t\t\t\t<div class=\"qode-bct-post-date entry_date updated\" itemprop=\"dateCreated\">\n\t\t\t\t\t\t\t\t29\/03\/2018\t\t\t\t\t\t\t\t<meta itemprop=\"interactionCount\" content=\"UserComments: 0\"\/>\n\t\t\t\t\t\t\t<\/div>\n\t\t\t\t\t\t<\/div>\n\t\t\t\t\t<\/div>\n\t\t\t\t\t\t\t\t\t\t\t\t<div class=\"qode-bct-post\">\n\t\t\t\t\t\t\t\t\t\t\t\t<div class=\"qode-bct-post-text\">\n\t\t\t\t\t\t\t<h3 class=\"qode-bct-post-title entry_title\" itemprop=\"name\">\n\t\t\t\t\t\t\t\t<a href=\"https:\/\/www.cptf.it\/it\/giornate-sirts-2018-a-partire-dal-24-marzo-2018\/\" itemprop=\"url\">GIORNATE SIRTS 2018 &#8211; a partire dal 24 marzo 2018<\/a>\n\t\t\t\t\t\t\t<\/h3>\n\t\t\t\t\t\t\t\t\t\t\t\t\t\t<p itemprop=\"description\" class = \"qode-bct-post-excerpt\"> GIORNATE SIRTS 2018 Prossimi convegni organizzati dalla SIRTS per l&#8217;anno 2018 [wpdm_file id=523]<\/p>\n\t\t\t\t\t\t\t<div class=\"qode-bct-post-date entry_date updated\" itemprop=\"dateCreated\">\n\t\t\t\t\t\t\t\t28\/03\/2018\t\t\t\t\t\t\t\t<meta itemprop=\"interactionCount\" content=\"UserComments: 0\"\/>\n\t\t\t\t\t\t\t<\/div>\n\t\t\t\t\t\t<\/div>\n\t\t\t\t\t<\/div>\n\t\t\t\t\t\t\t\t\t\t\t\t<div class=\"qode-bct-post\">\n\t\t\t\t\t\t\t\t\t\t\t\t<div class=\"qode-bct-post-text\">\n\t\t\t\t\t\t\t<h3 class=\"qode-bct-post-title entry_title\" itemprop=\"name\">\n\t\t\t\t\t\t\t\t<a href=\"https:\/\/www.cptf.it\/it\/convegno-tra-enfasi-diagnostica-ed-abuso-farmacologico-cosa-rimane-dei-bambini-e-degli-adolescenti-18-maggio-2018\/\" itemprop=\"url\">CONVEGNO: TRA ENFASI DIAGNOSTICA ED ABUSO FARMACOLOGICO, COSA RIMANE DEI BAMBINI E DEGLI ADOLESCENTI? &#8211; 18 maggio 2018<\/a>\n\t\t\t\t\t\t\t<\/h3>\n\t\t\t\t\t\t\t\t\t\t\t\t\t\t<p itemprop=\"description\" class = \"qode-bct-post-excerpt\"> CONVEGNO: TRA ENFASI DIAGNOSTICA ED ABUSO FARMACOLOGICO, COSA RIMANE DEI BAMBINI E DEGLI ADOLESCENTI? Il Convegno di Studio \u00e8 organizzato dall&#8216;ITFV per i trent&#8217;anni della sua storia e si terr\u00e0 a Treviso venerd\u00ec 18 maggio p.v. [wpdm_file id=521]<\/p>\n\t\t\t\t\t\t\t<div class=\"qode-bct-post-date entry_date updated\" itemprop=\"dateCreated\">\n\t\t\t\t\t\t\t\t23\/03\/2018\t\t\t\t\t\t\t\t<meta itemprop=\"interactionCount\" content=\"UserComments: 0\"\/>\n\t\t\t\t\t\t\t<\/div>\n\t\t\t\t\t\t<\/div>\n\t\t\t\t\t<\/div>\n\t\t\t\t\t\t\t\t\t\t\t\t<div class=\"qode-bct-post\">\n\t\t\t\t\t\t\t\t\t\t\t\t<div class=\"qode-bct-post-text\">\n\t\t\t\t\t\t\t<h3 class=\"qode-bct-post-title entry_title\" itemprop=\"name\">\n\t\t\t\t\t\t\t\t<a href=\"https:\/\/www.cptf.it\/it\/seminario-di-studio-teacch-dalla-definizione-teorica-allintervento-pratico-7-aprile-2018\/\" itemprop=\"url\">SEMINARIO DI STUDIO: TEACCH. DALLA DEFINIZIONE TEORICA ALL\u2019INTERVENTO PRATICO &#8211; 7 aprile 2018<\/a>\n\t\t\t\t\t\t\t<\/h3>\n\t\t\t\t\t\t\t\t\t\t\t\t\t\t<p itemprop=\"description\" class = \"qode-bct-post-excerpt\"> SEMINARIO DI STUDIO: TEACCH. DALLA DEFINIZIONE TEORICA ALL\u2019INTERVENTO PRATICO Il Seminario \u00e8 organizzato dal Centro Phronesis e si terr\u00e0 sabato 7 aprile p.v. a Siracusa\u00a0 Per saperne di pi\u00f9 clicca qui<\/p>\n\t\t\t\t\t\t\t<div class=\"qode-bct-post-date entry_date updated\" itemprop=\"dateCreated\">\n\t\t\t\t\t\t\t\t16\/03\/2018\t\t\t\t\t\t\t\t<meta itemprop=\"interactionCount\" content=\"UserComments: 0\"\/>\n\t\t\t\t\t\t\t<\/div>\n\t\t\t\t\t\t<\/div>\n\t\t\t\t\t<\/div>\n\t\t\t\t\t\t\t\t\t\t\t\t<div class=\"qode-bct-post\">\n\t\t\t\t\t\t\t\t\t\t\t\t<div class=\"qode-bct-post-text\">\n\t\t\t\t\t\t\t<h3 class=\"qode-bct-post-title entry_title\" itemprop=\"name\">\n\t\t\t\t\t\t\t\t<a href=\"https:\/\/www.cptf.it\/it\/incontro-il-gioco-della-sabbia-19-marzo-2018\/\" itemprop=\"url\">INCONTRO: IL GIOCO DELLA SABBIA &#8211; 19 marzo 2018<\/a>\n\t\t\t\t\t\t\t<\/h3>\n\t\t\t\t\t\t\t\t\t\t\t\t\t\t<p itemprop=\"description\" class = \"qode-bct-post-excerpt\"> INCONTRO: IL GIOCO DELLA SABBIA L&#8217;incontro \u00e8 organizzato dal CMTF, condotto da\u00a0Nicole Janigro si terr\u00e0 a Milano, luned\u00ec 19 marzo 2018 [wpdm_file id=519] &nbsp;<\/p>\n\t\t\t\t\t\t\t<div class=\"qode-bct-post-date entry_date updated\" itemprop=\"dateCreated\">\n\t\t\t\t\t\t\t\t08\/03\/2018\t\t\t\t\t\t\t\t<meta itemprop=\"interactionCount\" content=\"UserComments: 0\"\/>\n\t\t\t\t\t\t\t<\/div>\n\t\t\t\t\t\t<\/div>\n\t\t\t\t\t<\/div>\n\t\t\t\t\t\t\t\t\t\t\t\t<div class=\"qode-bct-post\">\n\t\t\t\t\t\t\t\t\t\t\t\t<div class=\"qode-bct-post-text\">\n\t\t\t\t\t\t\t<h3 class=\"qode-bct-post-title entry_title\" itemprop=\"name\">\n\t\t\t\t\t\t\t\t<a href=\"https:\/\/www.cptf.it\/it\/convegno-storia-natura-e-clinica-del-disordine-dissociativo\/\" itemprop=\"url\">CONVEGNO: STORIA, NATURA E CLINICA DEL DISORDINE DISSOCIATIVO &#8211; 9 marzo 2018<\/a>\n\t\t\t\t\t\t\t<\/h3>\n\t\t\t\t\t\t\t\t\t\t\t\t\t\t<p itemprop=\"description\" class = \"qode-bct-post-excerpt\"> CONVEGNO: STORIA, NATURA E CLINICA DEL DISORDINE DISSOCIATIVO Il Convegno Scientifico \u00e8 organizzato dal CMTF e si terr\u00e0 a Mendrisio, venerd\u00ec 9 marzo p.v. [wpdm_file id=518] &nbsp;<\/p>\n\t\t\t\t\t\t\t<div class=\"qode-bct-post-date entry_date updated\" itemprop=\"dateCreated\">\n\t\t\t\t\t\t\t\t08\/03\/2018\t\t\t\t\t\t\t\t<meta itemprop=\"interactionCount\" content=\"UserComments: 0\"\/>\n\t\t\t\t\t\t\t<\/div>\n\t\t\t\t\t\t<\/div>\n\t\t\t\t\t<\/div>\n\t\t\t\t\t\t\t\t\t\t\t\t<div class=\"qode-bct-post\">\n\t\t\t\t\t\t\t\t\t\t\t\t<div class=\"qode-bct-post-text\">\n\t\t\t\t\t\t\t<h3 class=\"qode-bct-post-title entry_title\" itemprop=\"name\">\n\t\t\t\t\t\t\t\t<a href=\"https:\/\/www.cptf.it\/it\/convegno-frontiere-del-milan-approach-24-marzo-2018\/\" itemprop=\"url\">CONVEGNO: FRONTIERE DEL MILAN APPROACH &#8211; 24 marzo 2018<\/a>\n\t\t\t\t\t\t\t<\/h3>\n\t\t\t\t\t\t\t\t\t\t\t\t\t\t<p itemprop=\"description\" class = \"qode-bct-post-excerpt\"> CONVEGNO: FRONTIERE DEL MILAN APPROACH Il Convegno \u00e8 organizzato dal CMTF e si terr\u00e0 a Milano, sabato 24 marzo 2018 [wpdm_file id=517] &nbsp;<\/p>\n\t\t\t\t\t\t\t<div class=\"qode-bct-post-date entry_date updated\" itemprop=\"dateCreated\">\n\t\t\t\t\t\t\t\t08\/03\/2018\t\t\t\t\t\t\t\t<meta itemprop=\"interactionCount\" content=\"UserComments: 0\"\/>\n\t\t\t\t\t\t\t<\/div>\n\t\t\t\t\t\t<\/div>\n\t\t\t\t\t<\/div>\n\t\t\t\t\t\t\t\t\t\t\t\t<div class=\"qode-bct-post\">\n\t\t\t\t\t\t\t\t\t\t\t\t<div class=\"qode-bct-post-text\">\n\t\t\t\t\t\t\t<h3 class=\"qode-bct-post-title entry_title\" itemprop=\"name\">\n\t\t\t\t\t\t\t\t<a href=\"https:\/\/www.cptf.it\/it\/corso-diagnosi-e-trattamenti-per-i-disturbi-del-comportamento-alimentare-a-partire-dal-6-aprile-2018\/\" itemprop=\"url\">CORSO: DIAGNOSI E TRATTAMENTI PER I DISTURBI DEL COMPORTAMENTO ALIMENTARE &#8211; dal 6 aprile 2018<\/a>\n\t\t\t\t\t\t\t<\/h3>\n\t\t\t\t\t\t\t\t\t\t\t\t\t\t<p itemprop=\"description\" class = \"qode-bct-post-excerpt\"> CORSO DI FORMAZIONE SPECIALISTICA: DIAGNOSI E TRATTAMENTI PER I DISTURBI DEL COMPORTAMENTO ALIMENTARE Il Corso \u00e8 organizzato dall&#8217;Impresa Sociale Auxilium e si terr\u00e0 ad Altamura (BA) con inizio venerd\u00ec 6 aprile 2018 [wpdm_file id=516] &nbsp;<\/p>\n\t\t\t\t\t\t\t<div class=\"qode-bct-post-date entry_date updated\" itemprop=\"dateCreated\">\n\t\t\t\t\t\t\t\t02\/03\/2018\t\t\t\t\t\t\t\t<meta itemprop=\"interactionCount\" content=\"UserComments: 0\"\/>\n\t\t\t\t\t\t\t<\/div>\n\t\t\t\t\t\t<\/div>\n\t\t\t\t\t<\/div>\n\t\t\t\t\t\t\t\t\t\t\t\t<div class=\"qode-bct-post\">\n\t\t\t\t\t\t\t\t\t\t\t\t<div class=\"qode-bct-post-text\">\n\t\t\t\t\t\t\t<h3 class=\"qode-bct-post-title entry_title\" itemprop=\"name\">\n\t\t\t\t\t\t\t\t<a href=\"https:\/\/www.cptf.it\/it\/seminario-il-trattamento-di-bambini-e-adolescenti-con-diagnosi-di-depressione-10-marzo-2018\/\" itemprop=\"url\">SEMINARIO: IL TRATTAMENTO DI BAMBINI E ADOLESCENTI CON DIAGNOSI DI DEPRESSIONE &#8211; 10 marzo 2018<\/a>\n\t\t\t\t\t\t\t<\/h3>\n\t\t\t\t\t\t\t\t\t\t\t\t\t\t<p itemprop=\"description\" class = \"qode-bct-post-excerpt\"> SEMINARIO: IL TRATTAMENTO DI BAMBINI E ADOLESCENTI CON DIAGNOSI DI DEPRESSIONE La giornata \u00e8 organizzata dal Centro Pantarei, relatore la dott. Valeria Pomini e si terr\u00e0 a Milano sabato 10 marzo p.v. Per saperne di pi\u00f9 clicca qui<\/p>\n\t\t\t\t\t\t\t<div class=\"qode-bct-post-date entry_date updated\" itemprop=\"dateCreated\">\n\t\t\t\t\t\t\t\t01\/03\/2018\t\t\t\t\t\t\t\t<meta itemprop=\"interactionCount\" content=\"UserComments: 0\"\/>\n\t\t\t\t\t\t\t<\/div>\n\t\t\t\t\t\t<\/div>\n\t\t\t\t\t<\/div>\n\t\t\t\t\t\t\t\t\t\t\t\t<div class=\"qode-bct-post\">\n\t\t\t\t\t\t\t\t\t\t\t\t<div class=\"qode-bct-post-text\">\n\t\t\t\t\t\t\t<h3 class=\"qode-bct-post-title entry_title\" itemprop=\"name\">\n\t\t\t\t\t\t\t\t<a href=\"https:\/\/www.cptf.it\/it\/convegno-siamo-come-un-arcipelago-17-marzo-2018\/\" itemprop=\"url\">CONVEGNO: &#8220;SIAMO COME UN ARCIPELAGO?!&#8221; &#8211; 17 marzo 2018<\/a>\n\t\t\t\t\t\t\t<\/h3>\n\t\t\t\t\t\t\t\t\t\t\t\t\t\t<p itemprop=\"description\" class = \"qode-bct-post-excerpt\"> CONVEGNO: &#8220;SIAMO COME UN ARCIPELAGO?!&#8221; IDENTITA&#8217; PROFESSIONALI E COMPLESSITA&#8217; OPERATIVA VERSO UN&#8217;INTERCONNESSIONE TRA CLINICA E ORGANIZZAZIONE Il Seminario di Studio \u00e8 organizzato dall&#8217;ITFV e si terr\u00e0 a Treviso sabato 17 marzo p.v., relatore il dott. Vittorio Neri [wpdm_file id=515]<\/p>\n\t\t\t\t\t\t\t<div class=\"qode-bct-post-date entry_date updated\" itemprop=\"dateCreated\">\n\t\t\t\t\t\t\t\t27\/02\/2018\t\t\t\t\t\t\t\t<meta itemprop=\"interactionCount\" content=\"UserComments: 0\"\/>\n\t\t\t\t\t\t\t<\/div>\n\t\t\t\t\t\t<\/div>\n\t\t\t\t\t<\/div>\n\t\t\t\t\t\t\t\t\t\t\t\t<div class=\"qode-bct-post\">\n\t\t\t\t\t\t\t\t\t\t\t\t<div class=\"qode-bct-post-text\">\n\t\t\t\t\t\t\t<h3 class=\"qode-bct-post-title entry_title\" itemprop=\"name\">\n\t\t\t\t\t\t\t\t<a href=\"https:\/\/www.cptf.it\/it\/convegno-dare-un-senso-alla-diagnosi-6-aprile-2018\/\" itemprop=\"url\">CONVEGNO: DARE UN SENSO ALLA DIAGNOSI &#8211; 6 aprile 2018<\/a>\n\t\t\t\t\t\t\t<\/h3>\n\t\t\t\t\t\t\t\t\t\t\t\t\t\t<p itemprop=\"description\" class = \"qode-bct-post-excerpt\"> CONVEGNO: DARE UN SENSO ALLA DIAGNOSI. LA NUOVA EDIZIONE DEL MANUALE DIAGNOSTICO PSICODINAMICO La giornata di formazione \u00e8 organizzata da PsicoAttivit\u00e0 e si terr\u00e0 a Trieste venerd\u00ec 6 aprile 2018. Relatore \u00e8 il dott. Vittorio Lingiardi [wpdm_file id=513] &nbsp;<\/p>\n\t\t\t\t\t\t\t<div class=\"qode-bct-post-date entry_date updated\" itemprop=\"dateCreated\">\n\t\t\t\t\t\t\t\t16\/02\/2018\t\t\t\t\t\t\t\t<meta itemprop=\"interactionCount\" content=\"UserComments: 0\"\/>\n\t\t\t\t\t\t\t<\/div>\n\t\t\t\t\t\t<\/div>\n\t\t\t\t\t<\/div>\n\t\t\t\t\t\t\t\t\t\t\t\t<div class=\"qode-bct-post\">\n\t\t\t\t\t\t\t\t\t\t\t\t<div class=\"qode-bct-post-text\">\n\t\t\t\t\t\t\t<h3 class=\"qode-bct-post-title entry_title\" itemprop=\"name\">\n\t\t\t\t\t\t\t\t<a href=\"https:\/\/www.cptf.it\/it\/training-externship-terapia-di-coppia-focalizzata-sulle-emozioni-eft-1-4-settembre-2018\/\" itemprop=\"url\">TRAINING EXTERNSHIP: Terapia di Coppia focalizzata sulle emozioni EFT &#8211; 1-4 settembre 2018<\/a>\n\t\t\t\t\t\t\t<\/h3>\n\t\t\t\t\t\t\t\t\t\t\t\t\t\t<p itemprop=\"description\" class = \"qode-bct-post-excerpt\"> TRAINING EXTERNSHIP: Terapia di Coppia focalizzata sulle emozioni EFT Le giornate di training sono organizzate dall&#8217;ISC e si terranno a Milano da sabato 1 a marted\u00ec 4 settembre 2018. Relatore \u00e8 la\u00a0dott.\u00a0Zoya Simakhodskaya. [wpdm_file id=512<\/p>\n\t\t\t\t\t\t\t<div class=\"qode-bct-post-date entry_date updated\" itemprop=\"dateCreated\">\n\t\t\t\t\t\t\t\t16\/02\/2018\t\t\t\t\t\t\t\t<meta itemprop=\"interactionCount\" content=\"UserComments: 0\"\/>\n\t\t\t\t\t\t\t<\/div>\n\t\t\t\t\t\t<\/div>\n\t\t\t\t\t<\/div>\n\t\t\t\t\t\t\t\t\t\t\t\t<div class=\"qode-bct-post\">\n\t\t\t\t\t\t\t\t\t\t\t\t<div class=\"qode-bct-post-text\">\n\t\t\t\t\t\t\t<h3 class=\"qode-bct-post-title entry_title\" itemprop=\"name\">\n\t\t\t\t\t\t\t\t<a href=\"https:\/\/www.cptf.it\/it\/progetto-genitori-figli-tra-emozione-e-dipendenze-inizio-31-gennaio-2018\/\" itemprop=\"url\">PROGETTO: GENITORI &#038; FIGLI. TRA EMOZIONE E DIPENDENZE &#8211; inizio 31 gennaio 2018<\/a>\n\t\t\t\t\t\t\t<\/h3>\n\t\t\t\t\t\t\t\t\t\t\t\t\t\t<p itemprop=\"description\" class = \"qode-bct-post-excerpt\"> PROGETTO: GENITORI &amp; FIGLI. TRA EMOZIONE E DIPENDENZE Il percorso \u00e8 aperto a tutti sul tema della prevenzione alle droghe. [wpdm_file id=508]<\/p>\n\t\t\t\t\t\t\t<div class=\"qode-bct-post-date entry_date updated\" itemprop=\"dateCreated\">\n\t\t\t\t\t\t\t\t29\/01\/2018\t\t\t\t\t\t\t\t<meta itemprop=\"interactionCount\" content=\"UserComments: 0\"\/>\n\t\t\t\t\t\t\t<\/div>\n\t\t\t\t\t\t<\/div>\n\t\t\t\t\t<\/div>\n\t\t\t\t\t\t\t\t\t\t\t\t<div class=\"qode-bct-post\">\n\t\t\t\t\t\t\t\t\t\t\t\t<div class=\"qode-bct-post-text\">\n\t\t\t\t\t\t\t<h3 class=\"qode-bct-post-title entry_title\" itemprop=\"name\">\n\t\t\t\t\t\t\t\t<a href=\"https:\/\/www.cptf.it\/it\/workshop-ricordi-che-curano-scrittura-di-se-e-relazione-daiuto-inizio-23-marzo-2018\/\" itemprop=\"url\">WORKSHOP: RICORDI CHE CURANO. SCRITTURA DI SE\u2019 E RELAZIONE D\u2019AIUTO &#8211; inizio 23 marzo 2018<\/a>\n\t\t\t\t\t\t\t<\/h3>\n\t\t\t\t\t\t\t\t\t\t\t\t\t\t<p itemprop=\"description\" class = \"qode-bct-post-excerpt\"> WORKSHOP: RICORDI CHE CURANO. SCRITTURA DI SE&#8217; E RELAZIONE D&#8217;AIUTO&#8221; &#8211; Ideare, animare, progettare dispositivi di scrittura autobiografica nel lavoro di cura sociale, educativa, sanitaria Il percorso formativo \u00e8 organizzato da Shinui, condotto dal dott. Beppe Pasini e si terr\u00e0 a Bergamo a partire da venerd\u00ec 23 marzo 2018 Per...<\/p>\n\t\t\t\t\t\t\t<div class=\"qode-bct-post-date entry_date updated\" itemprop=\"dateCreated\">\n\t\t\t\t\t\t\t\t29\/01\/2018\t\t\t\t\t\t\t\t<meta itemprop=\"interactionCount\" content=\"UserComments: 0\"\/>\n\t\t\t\t\t\t\t<\/div>\n\t\t\t\t\t\t<\/div>\n\t\t\t\t\t<\/div>\n\t\t\t\t\t\t\t\t\t\t\t\t<div class=\"qode-bct-post\">\n\t\t\t\t\t\t\t\t\t\t\t\t<div class=\"qode-bct-post-text\">\n\t\t\t\t\t\t\t<h3 class=\"qode-bct-post-title entry_title\" itemprop=\"name\">\n\t\t\t\t\t\t\t\t<a href=\"https:\/\/www.cptf.it\/it\/seminario-storie-e-genogrammi-familiari-il-genogramma-familiare-nei-diversi-contesti-clinici-17-febbraio-2018\/\" itemprop=\"url\">SEMINARIO: STORIE E GENOGRAMMI FAMILIARI. IL GENOGRAMMA FAMILIARE NEI DIVERSI CONTESTI CLINICI &#8211; 17 febbraio 2018<\/a>\n\t\t\t\t\t\t\t<\/h3>\n\t\t\t\t\t\t\t\t\t\t\t\t\t\t<p itemprop=\"description\" class = \"qode-bct-post-excerpt\"> SEMINARIO: STORIE E GENOGRAMMI FAMILIARI. IL GENOGRAMMA FAMILIARE NEI DIVERSI CONTESTI CLINICI La giornata seminariale \u00e8 organizzata dall&#8217;ITFV, relatore il dott. Aldo Mattucci e si terr\u00e0 sabato 17 febbraio 2018 a Treviso. [wpdm_file id=499]<\/p>\n\t\t\t\t\t\t\t<div class=\"qode-bct-post-date entry_date updated\" itemprop=\"dateCreated\">\n\t\t\t\t\t\t\t\t16\/01\/2018\t\t\t\t\t\t\t\t<meta itemprop=\"interactionCount\" content=\"UserComments: 0\"\/>\n\t\t\t\t\t\t\t<\/div>\n\t\t\t\t\t\t<\/div>\n\t\t\t\t\t<\/div>\n\t\t\t\t\t\t\t\t\t\t\t\t<div class=\"qode-bct-post\">\n\t\t\t\t\t\t\t\t\t\t\t\t<div class=\"qode-bct-post-text\">\n\t\t\t\t\t\t\t<h3 class=\"qode-bct-post-title entry_title\" itemprop=\"name\">\n\t\t\t\t\t\t\t\t<a href=\"https:\/\/www.cptf.it\/it\/presentazione-libro-la-mente-adolescente-e-il-corpo-ripudiato-27-gennaio-2017\/\" itemprop=\"url\">PRESENTAZIONE LIBRO: LA MENTE ADOLESCENTE E IL CORPO RIPUDIATO &#8211; 27 gennaio 2017<\/a>\n\t\t\t\t\t\t\t<\/h3>\n\t\t\t\t\t\t\t\t\t\t\t\t\t\t<p itemprop=\"description\" class = \"qode-bct-post-excerpt\"> PRESENTAZIONE LIBRO: LA MENTE ADOLESCENTE E IL CORPO RIPUDIATO Saranno presenti gli autori del Libro Anna Nicol\u00f2 e Irene Ruggiero e si terr\u00e0 a Verona sabato 27 gennaio 2018 [wpdm_file id=498] &nbsp;<\/p>\n\t\t\t\t\t\t\t<div class=\"qode-bct-post-date entry_date updated\" itemprop=\"dateCreated\">\n\t\t\t\t\t\t\t\t11\/01\/2018\t\t\t\t\t\t\t\t<meta itemprop=\"interactionCount\" content=\"UserComments: 0\"\/>\n\t\t\t\t\t\t\t<\/div>\n\t\t\t\t\t\t<\/div>\n\t\t\t\t\t<\/div>\n\t\t\t\t\t\t\t\t\t\t\t\t<div class=\"qode-bct-post\">\n\t\t\t\t\t\t\t\t\t\t\t\t<div class=\"qode-bct-post-text\">\n\t\t\t\t\t\t\t<h3 class=\"qode-bct-post-title entry_title\" itemprop=\"name\">\n\t\t\t\t\t\t\t\t<a href=\"https:\/\/www.cptf.it\/it\/congresso-salute-mentale-perinatale-12-maggio-2018\/\" itemprop=\"url\">CONGRESSO: SALUTE MENTALE PERINATALE &#8211; 12 maggio 2018<\/a>\n\t\t\t\t\t\t\t<\/h3>\n\t\t\t\t\t\t\t\t\t\t\t\t\t\t<p itemprop=\"description\" class = \"qode-bct-post-excerpt\"> CONGRESSO SALUTE MENTALE PERINATALE: dalle attuali politiche socio-sanitarie italiane alle attivit\u00e0 dei servizi offerti alla popolazione Il Congresso \u00e8 organizzato dalla Societ\u00e0 Marc\u00e9 Italiana e si terr\u00e0 a Padova sabato 12 maggio 2018 Per ulteriori informazioni: clicca qui! [wpdm_file id=496]<\/p>\n\t\t\t\t\t\t\t<div class=\"qode-bct-post-date entry_date updated\" itemprop=\"dateCreated\">\n\t\t\t\t\t\t\t\t09\/01\/2018\t\t\t\t\t\t\t\t<meta itemprop=\"interactionCount\" content=\"UserComments: 0\"\/>\n\t\t\t\t\t\t\t<\/div>\n\t\t\t\t\t\t<\/div>\n\t\t\t\t\t<\/div>\n\t\t\t\t\t\t\t\t\t\t\t\t<div class=\"qode-bct-post\">\n\t\t\t\t\t\t\t\t\t\t\t\t<div class=\"qode-bct-post-text\">\n\t\t\t\t\t\t\t<h3 class=\"qode-bct-post-title entry_title\" itemprop=\"name\">\n\t\t\t\t\t\t\t\t<a href=\"https:\/\/www.cptf.it\/it\/convegno-naz-2015\/\" itemprop=\"url\">CONVEGNO NAZIONALE DEL CMTF 14-15 novembre 2015<\/a>\n\t\t\t\t\t\t\t<\/h3>\n\t\t\t\t\t\t\t\t\t\t\t\t\t\t<p itemprop=\"description\" class = \"qode-bct-post-excerpt\"> CONVEGNO NAZIONALE DELLE SCUOLE DEL CMTF &#8220;Il Tempo della Narrazione. Studi scientifici ed esperienze cliniche a partire dal pensiero di Luigi Boscolo&#8221; &nbsp; Il Convegno si terr\u00e0 sabato 14 e domenica 15 novembre a Milano [wpdm_file id=266]<\/p>\n\t\t\t\t\t\t\t<div class=\"qode-bct-post-date entry_date updated\" itemprop=\"dateCreated\">\n\t\t\t\t\t\t\t\t21\/11\/2015\t\t\t\t\t\t\t\t<meta itemprop=\"interactionCount\" content=\"UserComments: 0\"\/>\n\t\t\t\t\t\t\t<\/div>\n\t\t\t\t\t\t<\/div>\n\t\t\t\t\t<\/div>\n\t\t\t\t\t<\/div>\n\t\t<\/div>\n\t<\/div>[vc_empty_space height=&#8221;20px&#8221;][\/vc_column][\/vc_row][vc_row css_animation=&#8221;&#8221; row_type=&#8221;row&#8221; use_row_as_full_screen_section=&#8221;no&#8221; type=&#8221;grid&#8221; angled_section=&#8221;no&#8221; text_align=&#8221;center&#8221; background_image_as_pattern=&#8221;without_pattern&#8221; z_index=&#8221;&#8221; background_color=&#8221;#e8e8e8&#8243; padding_bottom=&#8221;30&#8243;][vc_column][vc_empty_space height=&#8221;20px&#8221;]<a  itemprop=\"url\" href=\"https:\/\/www.cptf.it\/it\/elenco-completo-news\/\" target=\"_self\" data-hover-color=\"#1e73be\" class=\"qbutton  center default\" style=\"border-radius: 4px;-moz-border-radius: 4px;-webkit-border-radius: 4px; \">visualizza l'elenco completo delle news<\/a>[\/vc_column][\/vc_row][vc_row css_animation=&#8221;&#8221; row_type=&#8221;row&#8221; use_row_as_full_screen_section=&#8221;no&#8221; type=&#8221;full_width&#8221; angled_section=&#8221;no&#8221; text_align=&#8221;left&#8221; background_image_as_pattern=&#8221;without_pattern&#8221;][vc_column][\/vc_column][\/vc_row]<\/p>\n<\/div>","protected":false},"excerpt":{"rendered":"<p>[vc_row css_animation=&#8221;&#8221; row_type=&#8221;row&#8221; use_row_as_full_screen_section=&#8221;no&#8221; type=&#8221;grid&#8221; angled_section=&#8221;no&#8221; text_align=&#8221;left&#8221; background_image_as_pattern=&#8221;without_pattern&#8221; z_index=&#8221;&#8221; background_color=&#8221;#1e73be&#8221; padding_top=&#8221;10&#8243; padding_bottom=&#8221;10&#8243;][vc_column][vc_column_text] LE NEWS DEL CPTF [\/vc_column_text][\/vc_column][\/vc_row][vc_row css_animation=&#8221;&#8221; row_type=&#8221;row&#8221; use_row_as_full_screen_section=&#8221;no&#8221; type=&#8221;grid&#8221; angled_section=&#8221;no&#8221; text_align=&#8221;left&#8221; background_image_as_pattern=&#8221;without_pattern&#8221; z_index=&#8221;&#8221; padding_top=&#8221;20&#8243; padding_bottom=&#8221;50&#8243;][vc_column width=&#8221;1\/4&#8243;][vc_single_image image=&#8221;6895&#8243; img_size=&#8221;full&#8221; qode_css_animation=&#8221;&#8221;][vc_empty_space height=&#8221;20px&#8221;][\/vc_column][vc_column width=&#8221;3\/4&#8243;][\/vc_column][\/vc_row][vc_row css_animation=&#8221;&#8221; row_type=&#8221;row&#8221; use_row_as_full_screen_section=&#8221;no&#8221; type=&#8221;grid&#8221; angled_section=&#8221;no&#8221; text_align=&#8221;left&#8221; background_image_as_pattern=&#8221;without_pattern&#8221; z_index=&#8221;&#8221; background_color=&#8221;#ff7f30&#8243;][vc_column width=&#8221;1\/4&#8243;][vc_single_image image=&#8221;7078&#8243; img_size=&#8221;full&#8221; qode_css_animation=&#8221;&#8221;][\/vc_column][vc_column width=&#8221;3\/4&#8243;][vc_empty_space height=&#8221;20px&#8221;][\/vc_column][\/vc_row][vc_row css_animation=&#8221;&#8221; row_type=&#8221;row&#8221;&#8230;<\/p>\n","protected":false},"author":1,"featured_media":0,"parent":0,"menu_order":0,"comment_status":"closed","ping_status":"closed","template":"full_width.php","meta":{"footnotes":""},"class_list":["post-6474","page","type-page","status-publish","hentry"],"yoast_head":"<!-- This site is optimized with the Yoast SEO plugin v27.3 - https:\/\/yoast.com\/product\/yoast-seo-wordpress\/ -->\n<title>News ed Eventi - CPTF<\/title>\n<meta name=\"robots\" content=\"index, follow, max-snippet:-1, max-image-preview:large, max-video-preview:-1\" \/>\n<link rel=\"canonical\" href=\"https:\/\/www.cptf.it\/it\/news-ed-eventi\/\" \/>\n<meta property=\"og:locale\" content=\"it_IT\" \/>\n<meta property=\"og:type\" content=\"article\" \/>\n<meta property=\"og:title\" content=\"News ed Eventi - CPTF\" \/>\n<meta property=\"og:description\" content=\"[vc_row css_animation=&#8221;&#8221; row_type=&#8221;row&#8221; use_row_as_full_screen_section=&#8221;no&#8221; type=&#8221;grid&#8221; angled_section=&#8221;no&#8221; text_align=&#8221;left&#8221; background_image_as_pattern=&#8221;without_pattern&#8221; z_index=&#8221;&#8221; background_color=&#8221;#1e73be&#8221; padding_top=&#8221;10&#8243; padding_bottom=&#8221;10&#8243;][vc_column][vc_column_text] LE NEWS DEL CPTF [\/vc_column_text][\/vc_column][\/vc_row][vc_row css_animation=&#8221;&#8221; row_type=&#8221;row&#8221; use_row_as_full_screen_section=&#8221;no&#8221; type=&#8221;grid&#8221; angled_section=&#8221;no&#8221; text_align=&#8221;left&#8221; background_image_as_pattern=&#8221;without_pattern&#8221; z_index=&#8221;&#8221; padding_top=&#8221;20&#8243; padding_bottom=&#8221;50&#8243;][vc_column width=&#8221;1\/4&#8243;][vc_single_image image=&#8221;6895&#8243; img_size=&#8221;full&#8221; qode_css_animation=&#8221;&#8221;][vc_empty_space height=&#8221;20px&#8221;][\/vc_column][vc_column width=&#8221;3\/4&#8243;][\/vc_column][\/vc_row][vc_row css_animation=&#8221;&#8221; row_type=&#8221;row&#8221; use_row_as_full_screen_section=&#8221;no&#8221; type=&#8221;grid&#8221; angled_section=&#8221;no&#8221; text_align=&#8221;left&#8221; background_image_as_pattern=&#8221;without_pattern&#8221; z_index=&#8221;&#8221; background_color=&#8221;#ff7f30&#8243;][vc_column width=&#8221;1\/4&#8243;][vc_single_image image=&#8221;7078&#8243; img_size=&#8221;full&#8221; qode_css_animation=&#8221;&#8221;][\/vc_column][vc_column width=&#8221;3\/4&#8243;][vc_empty_space height=&#8221;20px&#8221;][\/vc_column][\/vc_row][vc_row css_animation=&#8221;&#8221; row_type=&#8221;row&#8221;...\" \/>\n<meta property=\"og:url\" content=\"https:\/\/www.cptf.it\/it\/news-ed-eventi\/\" \/>\n<meta property=\"og:site_name\" content=\"CPTF\" \/>\n<meta property=\"article:modified_time\" content=\"2020-11-25T16:06:33+00:00\" \/>\n<meta name=\"twitter:card\" content=\"summary_large_image\" \/>\n<meta name=\"twitter:label1\" content=\"Tempo di lettura stimato\" \/>\n\t<meta name=\"twitter:data1\" content=\"2 minuti\" \/>\n<script type=\"application\/ld+json\" class=\"yoast-schema-graph\">{\"@context\":\"https:\\\/\\\/schema.org\",\"@graph\":[{\"@type\":\"WebPage\",\"@id\":\"https:\\\/\\\/www.cptf.it\\\/it\\\/news-ed-eventi\\\/\",\"url\":\"https:\\\/\\\/www.cptf.it\\\/it\\\/news-ed-eventi\\\/\",\"name\":\"News ed Eventi - CPTF\",\"isPartOf\":{\"@id\":\"https:\\\/\\\/www.cptf.it\\\/it\\\/#website\"},\"datePublished\":\"2019-06-04T17:16:09+00:00\",\"dateModified\":\"2020-11-25T16:06:33+00:00\",\"breadcrumb\":{\"@id\":\"https:\\\/\\\/www.cptf.it\\\/it\\\/news-ed-eventi\\\/#breadcrumb\"},\"inLanguage\":\"it-IT\",\"potentialAction\":[{\"@type\":\"ReadAction\",\"target\":[\"https:\\\/\\\/www.cptf.it\\\/it\\\/news-ed-eventi\\\/\"]}]},{\"@type\":\"BreadcrumbList\",\"@id\":\"https:\\\/\\\/www.cptf.it\\\/it\\\/news-ed-eventi\\\/#breadcrumb\",\"itemListElement\":[{\"@type\":\"ListItem\",\"position\":1,\"name\":\"Home\",\"item\":\"https:\\\/\\\/www.cptf.it\\\/it\\\/\"},{\"@type\":\"ListItem\",\"position\":2,\"name\":\"News ed Eventi\"}]},{\"@type\":\"WebSite\",\"@id\":\"https:\\\/\\\/www.cptf.it\\\/it\\\/#website\",\"url\":\"https:\\\/\\\/www.cptf.it\\\/it\\\/\",\"name\":\"CPTF\",\"description\":\"Centro Padovano di Terapia della famiglia\",\"potentialAction\":[{\"@type\":\"SearchAction\",\"target\":{\"@type\":\"EntryPoint\",\"urlTemplate\":\"https:\\\/\\\/www.cptf.it\\\/it\\\/?s={search_term_string}\"},\"query-input\":{\"@type\":\"PropertyValueSpecification\",\"valueRequired\":true,\"valueName\":\"search_term_string\"}}],\"inLanguage\":\"it-IT\"}]}<\/script>\n<!-- \/ Yoast SEO plugin. -->","yoast_head_json":{"title":"News ed Eventi - CPTF","robots":{"index":"index","follow":"follow","max-snippet":"max-snippet:-1","max-image-preview":"max-image-preview:large","max-video-preview":"max-video-preview:-1"},"canonical":"https:\/\/www.cptf.it\/it\/news-ed-eventi\/","og_locale":"it_IT","og_type":"article","og_title":"News ed Eventi - CPTF","og_description":"[vc_row css_animation=&#8221;&#8221; row_type=&#8221;row&#8221; use_row_as_full_screen_section=&#8221;no&#8221; type=&#8221;grid&#8221; angled_section=&#8221;no&#8221; text_align=&#8221;left&#8221; background_image_as_pattern=&#8221;without_pattern&#8221; z_index=&#8221;&#8221; background_color=&#8221;#1e73be&#8221; padding_top=&#8221;10&#8243; padding_bottom=&#8221;10&#8243;][vc_column][vc_column_text] LE NEWS DEL CPTF [\/vc_column_text][\/vc_column][\/vc_row][vc_row css_animation=&#8221;&#8221; row_type=&#8221;row&#8221; use_row_as_full_screen_section=&#8221;no&#8221; type=&#8221;grid&#8221; angled_section=&#8221;no&#8221; text_align=&#8221;left&#8221; background_image_as_pattern=&#8221;without_pattern&#8221; z_index=&#8221;&#8221; padding_top=&#8221;20&#8243; padding_bottom=&#8221;50&#8243;][vc_column width=&#8221;1\/4&#8243;][vc_single_image image=&#8221;6895&#8243; img_size=&#8221;full&#8221; qode_css_animation=&#8221;&#8221;][vc_empty_space height=&#8221;20px&#8221;][\/vc_column][vc_column width=&#8221;3\/4&#8243;][\/vc_column][\/vc_row][vc_row css_animation=&#8221;&#8221; row_type=&#8221;row&#8221; use_row_as_full_screen_section=&#8221;no&#8221; type=&#8221;grid&#8221; angled_section=&#8221;no&#8221; text_align=&#8221;left&#8221; background_image_as_pattern=&#8221;without_pattern&#8221; z_index=&#8221;&#8221; background_color=&#8221;#ff7f30&#8243;][vc_column width=&#8221;1\/4&#8243;][vc_single_image image=&#8221;7078&#8243; img_size=&#8221;full&#8221; qode_css_animation=&#8221;&#8221;][\/vc_column][vc_column width=&#8221;3\/4&#8243;][vc_empty_space height=&#8221;20px&#8221;][\/vc_column][\/vc_row][vc_row css_animation=&#8221;&#8221; row_type=&#8221;row&#8221;...","og_url":"https:\/\/www.cptf.it\/it\/news-ed-eventi\/","og_site_name":"CPTF","article_modified_time":"2020-11-25T16:06:33+00:00","twitter_card":"summary_large_image","twitter_misc":{"Tempo di lettura stimato":"2 minuti"},"schema":{"@context":"https:\/\/schema.org","@graph":[{"@type":"WebPage","@id":"https:\/\/www.cptf.it\/it\/news-ed-eventi\/","url":"https:\/\/www.cptf.it\/it\/news-ed-eventi\/","name":"News ed Eventi - CPTF","isPartOf":{"@id":"https:\/\/www.cptf.it\/it\/#website"},"datePublished":"2019-06-04T17:16:09+00:00","dateModified":"2020-11-25T16:06:33+00:00","breadcrumb":{"@id":"https:\/\/www.cptf.it\/it\/news-ed-eventi\/#breadcrumb"},"inLanguage":"it-IT","potentialAction":[{"@type":"ReadAction","target":["https:\/\/www.cptf.it\/it\/news-ed-eventi\/"]}]},{"@type":"BreadcrumbList","@id":"https:\/\/www.cptf.it\/it\/news-ed-eventi\/#breadcrumb","itemListElement":[{"@type":"ListItem","position":1,"name":"Home","item":"https:\/\/www.cptf.it\/it\/"},{"@type":"ListItem","position":2,"name":"News ed Eventi"}]},{"@type":"WebSite","@id":"https:\/\/www.cptf.it\/it\/#website","url":"https:\/\/www.cptf.it\/it\/","name":"CPTF","description":"Centro Padovano di Terapia della famiglia","potentialAction":[{"@type":"SearchAction","target":{"@type":"EntryPoint","urlTemplate":"https:\/\/www.cptf.it\/it\/?s={search_term_string}"},"query-input":{"@type":"PropertyValueSpecification","valueRequired":true,"valueName":"search_term_string"}}],"inLanguage":"it-IT"}]}},"_links":{"self":[{"href":"https:\/\/www.cptf.it\/it\/wp-json\/wp\/v2\/pages\/6474","targetHints":{"allow":["GET"]}}],"collection":[{"href":"https:\/\/www.cptf.it\/it\/wp-json\/wp\/v2\/pages"}],"about":[{"href":"https:\/\/www.cptf.it\/it\/wp-json\/wp\/v2\/types\/page"}],"author":[{"embeddable":true,"href":"https:\/\/www.cptf.it\/it\/wp-json\/wp\/v2\/users\/1"}],"replies":[{"embeddable":true,"href":"https:\/\/www.cptf.it\/it\/wp-json\/wp\/v2\/comments?post=6474"}],"version-history":[{"count":95,"href":"https:\/\/www.cptf.it\/it\/wp-json\/wp\/v2\/pages\/6474\/revisions"}],"predecessor-version":[{"id":9468,"href":"https:\/\/www.cptf.it\/it\/wp-json\/wp\/v2\/pages\/6474\/revisions\/9468"}],"wp:attachment":[{"href":"https:\/\/www.cptf.it\/it\/wp-json\/wp\/v2\/media?parent=6474"}],"curies":[{"name":"wp","href":"https:\/\/api.w.org\/{rel}","templated":true}]}}