{"id":6554,"date":"2019-06-05T15:15:09","date_gmt":"2019-06-05T14:15:09","guid":{"rendered":"https:\/\/www.cptf.it\/it\/?page_id=6554"},"modified":"2020-02-25T16:54:45","modified_gmt":"2020-02-25T15:54:45","slug":"elenco-libri","status":"publish","type":"page","link":"https:\/\/www.cptf.it\/it\/elenco-libri\/","title":{"rendered":"Elenco Libri"},"content":{"rendered":"<div class=\"wpb-content-wrapper\"><p>[vc_row row_type=&#8221;parallax&#8221; parallax_content_width=&#8221;in_grid&#8221; text_align=&#8221;left&#8221; full_screen_section_height=&#8221;no&#8221; background_image=&#8221;6982&#8243; section_height=&#8221;600&#8243;][vc_column][\/vc_column][\/vc_row][vc_row css_animation=&#8221;&#8221; row_type=&#8221;row&#8221; use_row_as_full_screen_section=&#8221;no&#8221; type=&#8221;grid&#8221; angled_section=&#8221;no&#8221; text_align=&#8221;left&#8221; background_image_as_pattern=&#8221;without_pattern&#8221; z_index=&#8221;&#8221; padding_top=&#8221;30&#8243;][vc_column][vc_column_text]<\/p>\n<h3><span class=\"fred2\">Benvenuto nella sezione Elenco libri della Biblioteca CPTF<\/span><\/h3>\n<p>[\/vc_column_text][vc_empty_space][\/vc_column][\/vc_row][vc_row css_animation=&#8221;&#8221; row_type=&#8221;row&#8221; use_row_as_full_screen_section=&#8221;no&#8221; type=&#8221;grid&#8221; angled_section=&#8221;no&#8221; text_align=&#8221;left&#8221; background_image_as_pattern=&#8221;without_pattern&#8221; z_index=&#8221;&#8221; padding_top=&#8221;20&#8243; padding_bottom=&#8221;30&#8243;][vc_column][vc_column_text]<table id=\"ptp_8887561024a2508d_1\" class=\"posts-data-table\" width=\"100%\" data-config=\"{&quot;pageLength&quot;:25,&quot;pagingType&quot;:&quot;simple_numbers&quot;,&quot;serverSide&quot;:false,&quot;autoWidth&quot;:true,&quot;clickFilter&quot;:true,&quot;scrollOffset&quot;:15,&quot;resetButton&quot;:true,&quot;lengthMenu&quot;:[[10,25,50,100,-1],[10,25,50,100,&quot;Tutti&quot;]],&quot;columnDefs&quot;:[{&quot;className&quot;:&quot;col-image&quot;,&quot;targets&quot;:0},{&quot;className&quot;:&quot;col-title&quot;,&quot;targets&quot;:1},{&quot;className&quot;:&quot;col-autore&quot;,&quot;targets&quot;:2},{&quot;className&quot;:&quot;col-casa_editrice&quot;,&quot;targets&quot;:3}],&quot;dom&quot;:&quot;&lt;\\&quot;posts-table-wrapper bridge\\&quot;&lt;\\&quot;posts-table-above posts-table-controls\\&quot;lf&gt;t&lt;\\&quot;posts-table-below posts-table-controls\\&quot;ip&gt;&gt;&quot;}\" data-filters=\"false\" data-order=\"[]\"><thead><tr><th class=\"col-image all\" data-name=\"image\" data-orderable=\"false\" data-searchable=\"false\" data-width=\"70px\" data-priority=\"2\">Immagine<\/th><th class=\"col-title\" data-name=\"title\" data-orderable=\"true\" data-searchable=\"true\" data-priority=\"1\">Titolo<\/th><th class=\"col-autore\" data-name=\"autore\" data-orderable=\"true\" data-searchable=\"true\">Autore<\/th><th class=\"col-casa_editrice\" data-name=\"casa_editrice\" data-orderable=\"true\" data-searchable=\"true\">Casa Editrice<\/th><\/tr><\/thead><tbody><tr id=\"post-row-6549\" class=\"post-row post-type-biblioteca biblioteca-6549 publish\"><td><div style=\"width:70px;\" data-thumb=\"https:\/\/www.cptf.it\/it\/wp-content\/uploads\/Abazia_La-perizia-psicologica.jpg\" class=\"posts-table-image-wrapper posts-table-gallery__image\"><a href=\"https:\/\/www.cptf.it\/it\/wp-content\/uploads\/Abazia_La-perizia-psicologica.jpg\"><img decoding=\"async\" width=\"67\" height=\"100\" src=\"https:\/\/www.cptf.it\/it\/wp-content\/uploads\/Abazia_La-perizia-psicologica.jpg\" class=\"\" alt=\"La perizia psicologica in ambito civile e penale. Storia, sviluppo e pratiche\" title=\"Abazia_La-perizia-psicologica\" data-caption=\"La perizia psicologica in ambito civile e penale. Storia, sviluppo e pratiche\" data-src=\"https:\/\/www.cptf.it\/it\/wp-content\/uploads\/Abazia_La-perizia-psicologica.jpg\" data-large_image=\"https:\/\/www.cptf.it\/it\/wp-content\/uploads\/Abazia_La-perizia-psicologica.jpg\" data-large_image_width=\"67\" data-large_image_height=\"100\" \/><\/a><\/div><\/td><td>La perizia psicologica in ambito civile e penale. Storia, sviluppo e pratiche<\/td><td>Abazia L.<\/td><td>FrancoAngeli<\/td><\/tr><tr id=\"post-row-6578\" class=\"post-row post-type-biblioteca biblioteca-6578 publish\"><td><div style=\"width:70px;\" data-thumb=\"https:\/\/www.cptf.it\/it\/wp-content\/uploads\/La-mentalizzazione-nella-pratica-clinica-150x150.jpg\" class=\"posts-table-image-wrapper posts-table-gallery__image\"><a href=\"https:\/\/www.cptf.it\/it\/wp-content\/uploads\/La-mentalizzazione-nella-pratica-clinica.jpg\"><img decoding=\"async\" width=\"70\" height=\"70\" src=\"https:\/\/www.cptf.it\/it\/wp-content\/uploads\/La-mentalizzazione-nella-pratica-clinica-150x150.jpg\" class=\"\" alt=\"La mentalizzazione nella pratica clinica\" title=\"La mentalizzazione nella pratica clinica\" data-caption=\"La mentalizzazione nella pratica clinica\" data-src=\"https:\/\/www.cptf.it\/it\/wp-content\/uploads\/La-mentalizzazione-nella-pratica-clinica.jpg\" data-large_image=\"https:\/\/www.cptf.it\/it\/wp-content\/uploads\/La-mentalizzazione-nella-pratica-clinica.jpg\" data-large_image_width=\"300\" data-large_image_height=\"300\" srcset=\"https:\/\/www.cptf.it\/it\/wp-content\/uploads\/La-mentalizzazione-nella-pratica-clinica-150x150.jpg 150w, https:\/\/www.cptf.it\/it\/wp-content\/uploads\/La-mentalizzazione-nella-pratica-clinica.jpg 300w\" sizes=\"(max-width: 70px) 100vw, 70px\" \/><\/a><\/div><\/td><td>La mentalizzazione nella pratica clinica<\/td><td>Allen J. G., Fonagy P., Bateman A. W.<\/td><td>Raffaello Cortina Editore<\/td><\/tr><tr id=\"post-row-6581\" class=\"post-row post-type-biblioteca biblioteca-6581 publish\"><td><div style=\"width:70px;\" data-thumb=\"https:\/\/www.cptf.it\/it\/wp-content\/uploads\/DSM-5-150x150.jpg\" class=\"posts-table-image-wrapper posts-table-gallery__image\"><a href=\"https:\/\/www.cptf.it\/it\/wp-content\/uploads\/DSM-5.jpg\"><img decoding=\"async\" width=\"70\" height=\"70\" src=\"https:\/\/www.cptf.it\/it\/wp-content\/uploads\/DSM-5-150x150.jpg\" class=\"\" alt=\"DSM-5\" title=\"DSM-5\" data-caption=\"DSM-5\" data-src=\"https:\/\/www.cptf.it\/it\/wp-content\/uploads\/DSM-5.jpg\" data-large_image=\"https:\/\/www.cptf.it\/it\/wp-content\/uploads\/DSM-5.jpg\" data-large_image_width=\"225\" data-large_image_height=\"225\" srcset=\"https:\/\/www.cptf.it\/it\/wp-content\/uploads\/DSM-5-150x150.jpg 150w, https:\/\/www.cptf.it\/it\/wp-content\/uploads\/DSM-5.jpg 225w\" sizes=\"(max-width: 70px) 100vw, 70px\" \/><\/a><\/div><\/td><td>DSM-5<\/td><td>American Psychiatric Association<\/td><td>Raffaello Cortina Editore<\/td><\/tr><tr id=\"post-row-6583\" class=\"post-row post-type-biblioteca biblioteca-6583 publish\"><td><div style=\"width:70px;\" data-thumb=\"https:\/\/www.cptf.it\/it\/wp-content\/uploads\/Andolfi-Manuale-di-pscicologia-relazionale-134x150.jpg\" class=\"posts-table-image-wrapper posts-table-gallery__image\"><a href=\"https:\/\/www.cptf.it\/it\/wp-content\/uploads\/Andolfi-Manuale-di-pscicologia-relazionale.jpg\"><img loading=\"lazy\" decoding=\"async\" width=\"70\" height=\"78\" src=\"https:\/\/www.cptf.it\/it\/wp-content\/uploads\/Andolfi-Manuale-di-pscicologia-relazionale-134x150.jpg\" class=\"\" alt=\"Manuale di Psicologia Relazionale. La dimensione familiare\" title=\"Andolfi - Manuale di pscicologia relazionale\" data-caption=\"Manuale di Psicologia Relazionale. La dimensione familiare\" data-src=\"https:\/\/www.cptf.it\/it\/wp-content\/uploads\/Andolfi-Manuale-di-pscicologia-relazionale.jpg\" data-large_image=\"https:\/\/www.cptf.it\/it\/wp-content\/uploads\/Andolfi-Manuale-di-pscicologia-relazionale.jpg\" data-large_image_width=\"134\" data-large_image_height=\"200\" \/><\/a><\/div><\/td><td>Manuale di Psicologia Relazionale. La dimensione familiare<\/td><td>Andolfi M.<\/td><td>Accademia di Psicoterapia della Famiglia<\/td><\/tr><tr id=\"post-row-6586\" class=\"post-row post-type-biblioteca biblioteca-6586 publish\"><td><div style=\"width:70px;\" data-thumb=\"https:\/\/www.cptf.it\/it\/wp-content\/uploads\/Andolfi-la-crisi-della-coppia-150x150.jpg\" class=\"posts-table-image-wrapper posts-table-gallery__image\"><a href=\"https:\/\/www.cptf.it\/it\/wp-content\/uploads\/Andolfi-la-crisi-della-coppia.jpg\"><img loading=\"lazy\" decoding=\"async\" width=\"70\" height=\"70\" src=\"https:\/\/www.cptf.it\/it\/wp-content\/uploads\/Andolfi-la-crisi-della-coppia-150x150.jpg\" class=\"\" alt=\"La crisi della coppia. Una prospettiva sistemico-relazionale\" title=\"Andolfi-la crisi della coppia\" data-caption=\"La crisi della coppia. Una prospettiva sistemico-relazionale\" data-src=\"https:\/\/www.cptf.it\/it\/wp-content\/uploads\/Andolfi-la-crisi-della-coppia.jpg\" data-large_image=\"https:\/\/www.cptf.it\/it\/wp-content\/uploads\/Andolfi-la-crisi-della-coppia.jpg\" data-large_image_width=\"170\" data-large_image_height=\"272\" \/><\/a><\/div><\/td><td>La crisi della coppia. Una prospettiva sistemico-relazionale<\/td><td>Andolfi M.<\/td><td>Raffaello Cortina Editore<\/td><\/tr><tr id=\"post-row-6591\" class=\"post-row post-type-biblioteca biblioteca-6591 publish\"><td><div style=\"width:70px;\" data-thumb=\"https:\/\/www.cptf.it\/it\/wp-content\/uploads\/Andolfi_famiglieimmigrate-150x150.jpg\" class=\"posts-table-image-wrapper posts-table-gallery__image\"><a href=\"https:\/\/www.cptf.it\/it\/wp-content\/uploads\/Andolfi_famiglieimmigrate.jpg\"><img loading=\"lazy\" decoding=\"async\" width=\"70\" height=\"70\" src=\"https:\/\/www.cptf.it\/it\/wp-content\/uploads\/Andolfi_famiglieimmigrate-150x150.jpg\" class=\"\" alt=\"Famiglie immigrate e psicoterapia transculturale\" title=\"Andolfi_famiglieimmigrate\" data-caption=\"Famiglie immigrate e psicoterapia transculturale\" data-src=\"https:\/\/www.cptf.it\/it\/wp-content\/uploads\/Andolfi_famiglieimmigrate.jpg\" data-large_image=\"https:\/\/www.cptf.it\/it\/wp-content\/uploads\/Andolfi_famiglieimmigrate.jpg\" data-large_image_width=\"200\" data-large_image_height=\"298\" srcset=\"https:\/\/www.cptf.it\/it\/wp-content\/uploads\/Andolfi_famiglieimmigrate-150x150.jpg 150w, https:\/\/www.cptf.it\/it\/wp-content\/uploads\/Andolfi_famiglieimmigrate-200x198.jpg 200w\" sizes=\"(max-width: 70px) 100vw, 70px\" \/><\/a><\/div><\/td><td>Famiglie immigrate e psicoterapia transculturale<\/td><td>Andolfi M.<\/td><td>FrancoAngeli<\/td><\/tr><tr id=\"post-row-6593\" class=\"post-row post-type-biblioteca biblioteca-6593 publish\"><td><div style=\"width:70px;\" data-thumb=\"https:\/\/www.cptf.it\/it\/wp-content\/uploads\/la-terapia-familiare-multigenerazionale-1651-150x150.jpg\" class=\"posts-table-image-wrapper posts-table-gallery__image\"><a href=\"https:\/\/www.cptf.it\/it\/wp-content\/uploads\/la-terapia-familiare-multigenerazionale-1651.jpg\"><img loading=\"lazy\" decoding=\"async\" width=\"70\" height=\"70\" src=\"https:\/\/www.cptf.it\/it\/wp-content\/uploads\/la-terapia-familiare-multigenerazionale-1651-150x150.jpg\" class=\"\" alt=\"La terapia familiare e multigenerazionale\" title=\"la-terapia-familiare-multigenerazionale-1651\" data-caption=\"La terapia familiare e multigenerazionale\" data-src=\"https:\/\/www.cptf.it\/it\/wp-content\/uploads\/la-terapia-familiare-multigenerazionale-1651.jpg\" data-large_image=\"https:\/\/www.cptf.it\/it\/wp-content\/uploads\/la-terapia-familiare-multigenerazionale-1651.jpg\" data-large_image_width=\"297\" data-large_image_height=\"472\" srcset=\"https:\/\/www.cptf.it\/it\/wp-content\/uploads\/la-terapia-familiare-multigenerazionale-1651-150x150.jpg 150w, https:\/\/www.cptf.it\/it\/wp-content\/uploads\/la-terapia-familiare-multigenerazionale-1651-297x303.jpg 297w\" sizes=\"(max-width: 70px) 100vw, 70px\" \/><\/a><\/div><\/td><td>La terapia familiare e multigenerazionale<\/td><td>Andolfi M.<\/td><td>Raffaello Cortina Editore<\/td><\/tr><tr id=\"post-row-6678\" class=\"post-row post-type-biblioteca biblioteca-6678 publish\"><td><div style=\"width:70px;\" data-thumb=\"https:\/\/www.cptf.it\/it\/wp-content\/uploads\/Andolfi_il-ciclo-vitale-150x150.jpg\" class=\"posts-table-image-wrapper posts-table-gallery__image\"><a href=\"https:\/\/www.cptf.it\/it\/wp-content\/uploads\/Andolfi_il-ciclo-vitale.jpg\"><img loading=\"lazy\" decoding=\"async\" width=\"70\" height=\"70\" src=\"https:\/\/www.cptf.it\/it\/wp-content\/uploads\/Andolfi_il-ciclo-vitale-150x150.jpg\" class=\"\" alt=\"Il ciclo vitale della coppia mista. Un&#039;altalena tra culture\" title=\"Andolfi_il ciclo vitale\" data-caption=\"Il ciclo vitale della coppia mista. Un&#039;altalena tra culture\" data-src=\"https:\/\/www.cptf.it\/it\/wp-content\/uploads\/Andolfi_il-ciclo-vitale.jpg\" data-large_image=\"https:\/\/www.cptf.it\/it\/wp-content\/uploads\/Andolfi_il-ciclo-vitale.jpg\" data-large_image_width=\"364\" data-large_image_height=\"528\" \/><\/a><\/div><\/td><td>Il ciclo vitale della coppia mista. Un&#8217;altalena tra culture<\/td><td>Andolfi M., Macellani A., Santona A.<\/td><td>FrancoAngeli<\/td><\/tr><tr id=\"post-row-6680\" class=\"post-row post-type-biblioteca biblioteca-6680 publish\"><td><div style=\"width:70px;\" data-thumb=\"https:\/\/www.cptf.it\/it\/wp-content\/uploads\/Angrisani_La-psicoterapia-con-la-coppia-150x150.jpg\" class=\"posts-table-image-wrapper posts-table-gallery__image\"><a href=\"https:\/\/www.cptf.it\/it\/wp-content\/uploads\/Angrisani_La-psicoterapia-con-la-coppia.jpg\"><img loading=\"lazy\" decoding=\"async\" width=\"70\" height=\"70\" src=\"https:\/\/www.cptf.it\/it\/wp-content\/uploads\/Angrisani_La-psicoterapia-con-la-coppia-150x150.jpg\" class=\"\" alt=\"La psicoterapia con la coppia\" title=\"Angrisani_La psicoterapia con la coppia\" data-caption=\"La psicoterapia con la coppia\" data-src=\"https:\/\/www.cptf.it\/it\/wp-content\/uploads\/Angrisani_La-psicoterapia-con-la-coppia.jpg\" data-large_image=\"https:\/\/www.cptf.it\/it\/wp-content\/uploads\/Angrisani_La-psicoterapia-con-la-coppia.jpg\" data-large_image_width=\"364\" data-large_image_height=\"588\" \/><\/a><\/div><\/td><td>La psicoterapia con la coppia<\/td><td>Angrisani P., Malagoli Togliatti M., Barone M.<\/td><td>FrancoAngeli<\/td><\/tr><tr id=\"post-row-6682\" class=\"post-row post-type-biblioteca biblioteca-6682 publish\"><td><div style=\"width:70px;\" data-thumb=\"https:\/\/www.cptf.it\/it\/wp-content\/uploads\/multiple-family-therapy-150x150.jpg\" class=\"posts-table-image-wrapper posts-table-gallery__image\"><a href=\"https:\/\/www.cptf.it\/it\/wp-content\/uploads\/multiple-family-therapy.jpg\"><img loading=\"lazy\" decoding=\"async\" width=\"70\" height=\"70\" src=\"https:\/\/www.cptf.it\/it\/wp-content\/uploads\/multiple-family-therapy-150x150.jpg\" class=\"\" alt=\"Multiple Family Therapy: The Marlborough Model and its Wider Applications\" title=\"multiple family therapy\" data-caption=\"Multiple Family Therapy: The Marlborough Model and its Wider Applications\" data-src=\"https:\/\/www.cptf.it\/it\/wp-content\/uploads\/multiple-family-therapy.jpg\" data-large_image=\"https:\/\/www.cptf.it\/it\/wp-content\/uploads\/multiple-family-therapy.jpg\" data-large_image_width=\"400\" data-large_image_height=\"430\" \/><\/a><\/div><\/td><td>Multiple Family Therapy: The Marlborough Model and its Wider Applications<\/td><td>Asen E., Dawson N., McHugh B.<\/td><td>Karnac<\/td><\/tr><tr id=\"post-row-6684\" class=\"post-row post-type-biblioteca biblioteca-6684 publish\"><td><div style=\"width:70px;\" data-thumb=\"https:\/\/www.cptf.it\/it\/wp-content\/uploads\/multi-family_therapy_by_eia_asen_michael_scholz_020384114X-150x150.jpg\" class=\"posts-table-image-wrapper posts-table-gallery__image\"><a href=\"https:\/\/www.cptf.it\/it\/wp-content\/uploads\/multi-family_therapy_by_eia_asen_michael_scholz_020384114X.jpg\"><img loading=\"lazy\" decoding=\"async\" width=\"70\" height=\"70\" src=\"https:\/\/www.cptf.it\/it\/wp-content\/uploads\/multi-family_therapy_by_eia_asen_michael_scholz_020384114X-150x150.jpg\" class=\"\" alt=\"Multi-Family Therapy\" title=\"multi-family_therapy_by_eia_asen_michael_scholz_020384114X\" data-caption=\"Multi-Family Therapy\" data-src=\"https:\/\/www.cptf.it\/it\/wp-content\/uploads\/multi-family_therapy_by_eia_asen_michael_scholz_020384114X.jpg\" data-large_image=\"https:\/\/www.cptf.it\/it\/wp-content\/uploads\/multi-family_therapy_by_eia_asen_michael_scholz_020384114X.jpg\" data-large_image_width=\"300\" data-large_image_height=\"400\" srcset=\"https:\/\/www.cptf.it\/it\/wp-content\/uploads\/multi-family_therapy_by_eia_asen_michael_scholz_020384114X-150x150.jpg 150w, https:\/\/www.cptf.it\/it\/wp-content\/uploads\/multi-family_therapy_by_eia_asen_michael_scholz_020384114X-300x303.jpg 300w\" sizes=\"(max-width: 70px) 100vw, 70px\" \/><\/a><\/div><\/td><td>Multi-Family Therapy<\/td><td>Asen E., Scholz M.<\/td><td>Karnac<\/td><\/tr><tr id=\"post-row-6690\" class=\"post-row post-type-biblioteca biblioteca-6690 publish\"><td><div style=\"width:70px;\" data-thumb=\"https:\/\/www.cptf.it\/it\/wp-content\/uploads\/Baccherini-A.M.-manuale-di-mediazione-familiare.jpg\" class=\"posts-table-image-wrapper posts-table-gallery__image\"><a href=\"https:\/\/www.cptf.it\/it\/wp-content\/uploads\/Baccherini-A.M.-manuale-di-mediazione-familiare.jpg\"><img loading=\"lazy\" decoding=\"async\" width=\"70\" height=\"104\" src=\"https:\/\/www.cptf.it\/it\/wp-content\/uploads\/Baccherini-A.M.-manuale-di-mediazione-familiare.jpg\" class=\"\" alt=\"Manuale di Mediazione Familiare\" title=\"Baccherini A.M. - manuale di mediazione familiare\" data-caption=\"Manuale di Mediazione Familiare\" data-src=\"https:\/\/www.cptf.it\/it\/wp-content\/uploads\/Baccherini-A.M.-manuale-di-mediazione-familiare.jpg\" data-large_image=\"https:\/\/www.cptf.it\/it\/wp-content\/uploads\/Baccherini-A.M.-manuale-di-mediazione-familiare.jpg\" data-large_image_width=\"112\" data-large_image_height=\"166\" \/><\/a><\/div><\/td><td>Manuale di Mediazione Familiare<\/td><td>Baccherini A.M., Bogliolo C.<\/td><td>Franco Angeli<\/td><\/tr><tr id=\"post-row-6692\" class=\"post-row post-type-biblioteca biblioteca-6692 publish\"><td><div style=\"width:70px;\" data-thumb=\"https:\/\/www.cptf.it\/it\/wp-content\/uploads\/Baker_Famiglie-psicosomatiche-150x150.jpg\" class=\"posts-table-image-wrapper posts-table-gallery__image\"><a href=\"https:\/\/www.cptf.it\/it\/wp-content\/uploads\/Baker_Famiglie-psicosomatiche.jpg\"><img loading=\"lazy\" decoding=\"async\" width=\"70\" height=\"70\" src=\"https:\/\/www.cptf.it\/it\/wp-content\/uploads\/Baker_Famiglie-psicosomatiche-150x150.jpg\" class=\"\" alt=\"Famiglie psicosomatiche\" title=\"Baker_Famiglie psicosomatiche\" data-caption=\"Famiglie psicosomatiche\" data-src=\"https:\/\/www.cptf.it\/it\/wp-content\/uploads\/Baker_Famiglie-psicosomatiche.jpg\" data-large_image=\"https:\/\/www.cptf.it\/it\/wp-content\/uploads\/Baker_Famiglie-psicosomatiche.jpg\" data-large_image_width=\"400\" data-large_image_height=\"400\" srcset=\"https:\/\/www.cptf.it\/it\/wp-content\/uploads\/Baker_Famiglie-psicosomatiche-150x150.jpg 150w, https:\/\/www.cptf.it\/it\/wp-content\/uploads\/Baker_Famiglie-psicosomatiche-300x300.jpg 300w, https:\/\/www.cptf.it\/it\/wp-content\/uploads\/Baker_Famiglie-psicosomatiche.jpg 400w\" sizes=\"(max-width: 70px) 100vw, 70px\" \/><\/a><\/div><\/td><td>Famiglie psicosomatiche<\/td><td>Baker L., Minuchin S., Rosman B.L.<\/td><td>Astrolabio<\/td><\/tr><tr id=\"post-row-6694\" class=\"post-row post-type-biblioteca biblioteca-6694 publish\"><td><div style=\"width:70px;\" data-thumb=\"https:\/\/www.cptf.it\/it\/wp-content\/uploads\/balbo-EMDR.jpg\" class=\"posts-table-image-wrapper posts-table-gallery__image\"><a href=\"https:\/\/www.cptf.it\/it\/wp-content\/uploads\/balbo-EMDR.jpg\"><img loading=\"lazy\" decoding=\"async\" width=\"70\" height=\"99\" src=\"https:\/\/www.cptf.it\/it\/wp-content\/uploads\/balbo-EMDR.jpg\" class=\"\" alt=\"EMDR: uno strumento di dialogo fra le psicoterapie\" title=\"balbo - EMDR\" data-caption=\"EMDR: uno strumento di dialogo fra le psicoterapie\" data-src=\"https:\/\/www.cptf.it\/it\/wp-content\/uploads\/balbo-EMDR.jpg\" data-large_image=\"https:\/\/www.cptf.it\/it\/wp-content\/uploads\/balbo-EMDR.jpg\" data-large_image_width=\"100\" data-large_image_height=\"142\" \/><\/a><\/div><\/td><td>EMDR: uno strumento di dialogo fra le psicoterapie<\/td><td>Balbo M.<\/td><td>Psicologia MCGraw - Hill<\/td><\/tr><tr id=\"post-row-6696\" class=\"post-row post-type-biblioteca biblioteca-6696 publish\"><td><div style=\"width:70px;\" data-thumb=\"https:\/\/www.cptf.it\/it\/wp-content\/uploads\/banmen-j.-meditazioni-di-virginia.jpg\" class=\"posts-table-image-wrapper posts-table-gallery__image\"><a href=\"https:\/\/www.cptf.it\/it\/wp-content\/uploads\/banmen-j.-meditazioni-di-virginia.jpg\"><img loading=\"lazy\" decoding=\"async\" width=\"70\" height=\"103\" src=\"https:\/\/www.cptf.it\/it\/wp-content\/uploads\/banmen-j.-meditazioni-di-virginia.jpg\" class=\"\" alt=\"Meditazioni di Virginia Satir. Pace  dentro di me, pace con te, pace nel  mondo\" title=\"banmen j. - meditazioni di virginia\" data-caption=\"Meditazioni di Virginia Satir. Pace  dentro di me, pace con te, pace nel  mondo\" data-src=\"https:\/\/www.cptf.it\/it\/wp-content\/uploads\/banmen-j.-meditazioni-di-virginia.jpg\" data-large_image=\"https:\/\/www.cptf.it\/it\/wp-content\/uploads\/banmen-j.-meditazioni-di-virginia.jpg\" data-large_image_width=\"107\" data-large_image_height=\"158\" \/><\/a><\/div><\/td><td>Meditazioni di Virginia Satir. Pace  dentro di me, pace con te, pace nel  mondo<\/td><td>Banmen J<\/td><td>Editrice Impressioni  Grafiche<\/td><\/tr><tr id=\"post-row-6698\" class=\"post-row post-type-biblioteca biblioteca-6698 publish\"><td><div style=\"width:70px;\" data-thumb=\"https:\/\/www.cptf.it\/it\/wp-content\/uploads\/barbetta-i-linguaggi-dellisteria-150x150.jpg\" class=\"posts-table-image-wrapper posts-table-gallery__image\"><a href=\"https:\/\/www.cptf.it\/it\/wp-content\/uploads\/barbetta-i-linguaggi-dellisteria.jpg\"><img loading=\"lazy\" decoding=\"async\" width=\"70\" height=\"70\" src=\"https:\/\/www.cptf.it\/it\/wp-content\/uploads\/barbetta-i-linguaggi-dellisteria-150x150.jpg\" class=\"\" alt=\"I linguaggi dell\u2019isteria. Nove lezioni di  psicologia dinamica\" title=\"barbetta-i linguaggi dellisteria\" data-caption=\"I linguaggi dell\u2019isteria. Nove lezioni di  psicologia dinamica\" data-src=\"https:\/\/www.cptf.it\/it\/wp-content\/uploads\/barbetta-i-linguaggi-dellisteria.jpg\" data-large_image=\"https:\/\/www.cptf.it\/it\/wp-content\/uploads\/barbetta-i-linguaggi-dellisteria.jpg\" data-large_image_width=\"188\" data-large_image_height=\"244\" \/><\/a><\/div><\/td><td>I linguaggi dell\u2019isteria. Nove lezioni di  psicologia dinamica<\/td><td>Barbetta P.<\/td><td>Mondadori Universit\u00e0<\/td><\/tr><tr id=\"post-row-6700\" class=\"post-row post-type-biblioteca biblioteca-6700 publish\"><td><div style=\"width:70px;\" data-thumb=\"https:\/\/www.cptf.it\/it\/wp-content\/uploads\/barbetta-lavventura-delle-differenze-150x150.jpg\" class=\"posts-table-image-wrapper posts-table-gallery__image\"><a href=\"https:\/\/www.cptf.it\/it\/wp-content\/uploads\/barbetta-lavventura-delle-differenze.jpg\"><img loading=\"lazy\" decoding=\"async\" width=\"70\" height=\"70\" src=\"https:\/\/www.cptf.it\/it\/wp-content\/uploads\/barbetta-lavventura-delle-differenze-150x150.jpg\" class=\"\" alt=\"L\u2019avventura delle differenze. Sistemi di  pensiero e pratiche sociali\" title=\"barbetta - lavventura delle differenze\" data-caption=\"L\u2019avventura delle differenze. Sistemi di  pensiero e pratiche sociali\" data-src=\"https:\/\/www.cptf.it\/it\/wp-content\/uploads\/barbetta-lavventura-delle-differenze.jpg\" data-large_image=\"https:\/\/www.cptf.it\/it\/wp-content\/uploads\/barbetta-lavventura-delle-differenze.jpg\" data-large_image_width=\"200\" data-large_image_height=\"293\" srcset=\"https:\/\/www.cptf.it\/it\/wp-content\/uploads\/barbetta-lavventura-delle-differenze-150x150.jpg 150w, https:\/\/www.cptf.it\/it\/wp-content\/uploads\/barbetta-lavventura-delle-differenze-200x198.jpg 200w\" sizes=\"(max-width: 70px) 100vw, 70px\" \/><\/a><\/div><\/td><td>L\u2019avventura delle differenze. Sistemi di  pensiero e pratiche sociali<\/td><td>Barbetta P.<\/td><td>Liguori Editore<\/td><\/tr><tr id=\"post-row-6702\" class=\"post-row post-type-biblioteca biblioteca-6702 publish\"><td><div style=\"width:70px;\" data-thumb=\"https:\/\/www.cptf.it\/it\/wp-content\/uploads\/barbetta-le-radici-culturali-della-diagnosi-150x150.jpg\" class=\"posts-table-image-wrapper posts-table-gallery__image\"><a href=\"https:\/\/www.cptf.it\/it\/wp-content\/uploads\/barbetta-le-radici-culturali-della-diagnosi.jpg\"><img loading=\"lazy\" decoding=\"async\" width=\"70\" height=\"70\" src=\"https:\/\/www.cptf.it\/it\/wp-content\/uploads\/barbetta-le-radici-culturali-della-diagnosi-150x150.jpg\" class=\"\" alt=\"Le radici culturali della diagnosi\" title=\"barbetta - le radici culturali della diagnosi\" data-caption=\"Le radici culturali della diagnosi\" data-src=\"https:\/\/www.cptf.it\/it\/wp-content\/uploads\/barbetta-le-radici-culturali-della-diagnosi.jpg\" data-large_image=\"https:\/\/www.cptf.it\/it\/wp-content\/uploads\/barbetta-le-radici-culturali-della-diagnosi.jpg\" data-large_image_width=\"200\" data-large_image_height=\"312\" srcset=\"https:\/\/www.cptf.it\/it\/wp-content\/uploads\/barbetta-le-radici-culturali-della-diagnosi-150x150.jpg 150w, https:\/\/www.cptf.it\/it\/wp-content\/uploads\/barbetta-le-radici-culturali-della-diagnosi-200x198.jpg 200w\" sizes=\"(max-width: 70px) 100vw, 70px\" \/><\/a><\/div><\/td><td>Le radici culturali della diagnosi<\/td><td>Barbetta P.<\/td><td>Edizioni Meltemi<\/td><\/tr><tr id=\"post-row-6704\" class=\"post-row post-type-biblioteca biblioteca-6704 publish\"><td><div style=\"width:70px;\" data-thumb=\"https:\/\/www.cptf.it\/it\/wp-content\/uploads\/barbetta-diagnosi-della-diagnosi_-150x150.jpg\" class=\"posts-table-image-wrapper posts-table-gallery__image\"><a href=\"https:\/\/www.cptf.it\/it\/wp-content\/uploads\/barbetta-diagnosi-della-diagnosi_.jpg\"><img loading=\"lazy\" decoding=\"async\" width=\"70\" height=\"70\" src=\"https:\/\/www.cptf.it\/it\/wp-content\/uploads\/barbetta-diagnosi-della-diagnosi_-150x150.jpg\" class=\"\" alt=\"Diagnosi della diagnosi\" title=\"barbetta - diagnosi della diagnosi_\" data-caption=\"Diagnosi della diagnosi\" data-src=\"https:\/\/www.cptf.it\/it\/wp-content\/uploads\/barbetta-diagnosi-della-diagnosi_.jpg\" data-large_image=\"https:\/\/www.cptf.it\/it\/wp-content\/uploads\/barbetta-diagnosi-della-diagnosi_.jpg\" data-large_image_width=\"300\" data-large_image_height=\"300\" srcset=\"https:\/\/www.cptf.it\/it\/wp-content\/uploads\/barbetta-diagnosi-della-diagnosi_-150x150.jpg 150w, https:\/\/www.cptf.it\/it\/wp-content\/uploads\/barbetta-diagnosi-della-diagnosi_.jpg 300w\" sizes=\"(max-width: 70px) 100vw, 70px\" \/><\/a><\/div><\/td><td>Diagnosi della diagnosi<\/td><td>Barbetta P., Benini P.,  Naclerio R.<\/td><td>Guerini Studio<\/td><\/tr><tr id=\"post-row-6706\" class=\"post-row post-type-biblioteca biblioteca-6706 publish\"><td><div style=\"width:70px;\" data-thumb=\"https:\/\/www.cptf.it\/it\/wp-content\/uploads\/barker-luso-della-metafora-150x150.jpg\" class=\"posts-table-image-wrapper posts-table-gallery__image\"><a href=\"https:\/\/www.cptf.it\/it\/wp-content\/uploads\/barker-luso-della-metafora.jpg\"><img loading=\"lazy\" decoding=\"async\" width=\"70\" height=\"70\" src=\"https:\/\/www.cptf.it\/it\/wp-content\/uploads\/barker-luso-della-metafora-150x150.jpg\" class=\"\" alt=\"L\u2019uso della metafora in psicoterapia\" title=\"barker - l&#039;uso della metafora\" data-caption=\"L\u2019uso della metafora in psicoterapia\" data-src=\"https:\/\/www.cptf.it\/it\/wp-content\/uploads\/barker-luso-della-metafora.jpg\" data-large_image=\"https:\/\/www.cptf.it\/it\/wp-content\/uploads\/barker-luso-della-metafora.jpg\" data-large_image_width=\"191\" data-large_image_height=\"264\" \/><\/a><\/div><\/td><td>L\u2019uso della metafora in psicoterapia<\/td><td>Barker P<\/td><td>Astrolabio<\/td><\/tr><tr id=\"post-row-6708\" class=\"post-row post-type-biblioteca biblioteca-6708 publish\"><td><div style=\"width:70px;\" data-thumb=\"https:\/\/www.cptf.it\/it\/wp-content\/uploads\/bassoli-Larte-del-corago-150x150.jpg\" class=\"posts-table-image-wrapper posts-table-gallery__image\"><a href=\"https:\/\/www.cptf.it\/it\/wp-content\/uploads\/bassoli-Larte-del-corago.jpg\"><img loading=\"lazy\" decoding=\"async\" width=\"70\" height=\"70\" src=\"https:\/\/www.cptf.it\/it\/wp-content\/uploads\/bassoli-Larte-del-corago-150x150.jpg\" class=\"\" alt=\"L\u2019arte del corago. Un modello sistemico  relazionale per la riabilitazione  psichiatrica\" title=\"bassoli - Larte-del-corago\" data-caption=\"L\u2019arte del corago. Un modello sistemico  relazionale per la riabilitazione  psichiatrica\" data-src=\"https:\/\/www.cptf.it\/it\/wp-content\/uploads\/bassoli-Larte-del-corago.jpg\" data-large_image=\"https:\/\/www.cptf.it\/it\/wp-content\/uploads\/bassoli-Larte-del-corago.jpg\" data-large_image_width=\"256\" data-large_image_height=\"309\" srcset=\"https:\/\/www.cptf.it\/it\/wp-content\/uploads\/bassoli-Larte-del-corago-150x150.jpg 150w, https:\/\/www.cptf.it\/it\/wp-content\/uploads\/bassoli-Larte-del-corago-256x260.jpg 256w\" sizes=\"(max-width: 70px) 100vw, 70px\" \/><\/a><\/div><\/td><td>L\u2019arte del corago. Un modello sistemico  relazionale per la riabilitazione  psichiatrica<\/td><td>Bassoli F., Frison R<\/td><td>Franco Angeli<\/td><\/tr><tr id=\"post-row-6710\" class=\"post-row post-type-biblioteca biblioteca-6710 publish\"><td><div style=\"width:70px;\" data-thumb=\"https:\/\/www.cptf.it\/it\/wp-content\/uploads\/bassoli-mediazione-sistemica-150x150.png\" class=\"posts-table-image-wrapper posts-table-gallery__image\"><a href=\"https:\/\/www.cptf.it\/it\/wp-content\/uploads\/bassoli-mediazione-sistemica.png\"><img loading=\"lazy\" decoding=\"async\" width=\"70\" height=\"70\" src=\"https:\/\/www.cptf.it\/it\/wp-content\/uploads\/bassoli-mediazione-sistemica-150x150.png\" class=\"\" alt=\"Mediazione sistemica\" title=\"bassoli - mediazione sistemica\" data-caption=\"Mediazione sistemica\" data-src=\"https:\/\/www.cptf.it\/it\/wp-content\/uploads\/bassoli-mediazione-sistemica.png\" data-large_image=\"https:\/\/www.cptf.it\/it\/wp-content\/uploads\/bassoli-mediazione-sistemica.png\" data-large_image_width=\"835\" data-large_image_height=\"1265\" srcset=\"https:\/\/www.cptf.it\/it\/wp-content\/uploads\/bassoli-mediazione-sistemica-150x150.png 150w, https:\/\/www.cptf.it\/it\/wp-content\/uploads\/bassoli-mediazione-sistemica-570x570.png 570w, https:\/\/www.cptf.it\/it\/wp-content\/uploads\/bassoli-mediazione-sistemica-500x500.png 500w\" sizes=\"(max-width: 70px) 100vw, 70px\" \/><\/a><\/div><\/td><td>Mediazione sistemica<\/td><td>Bassoli F., Mariotti M.,  Frison R.<\/td><td>Edizioni Sapere<\/td><\/tr><tr id=\"post-row-6714\" class=\"post-row post-type-biblioteca biblioteca-6714 publish\"><td><div style=\"width:70px;\" data-thumb=\"https:\/\/www.cptf.it\/it\/wp-content\/uploads\/bateson-mente-e-natura-150x150.jpg\" class=\"posts-table-image-wrapper posts-table-gallery__image\"><a href=\"https:\/\/www.cptf.it\/it\/wp-content\/uploads\/bateson-mente-e-natura.jpg\"><img loading=\"lazy\" decoding=\"async\" width=\"70\" height=\"70\" src=\"https:\/\/www.cptf.it\/it\/wp-content\/uploads\/bateson-mente-e-natura-150x150.jpg\" class=\"\" alt=\"Mente e Natura\" title=\"bateson - mente e natura\" data-caption=\"Mente e Natura\" data-src=\"https:\/\/www.cptf.it\/it\/wp-content\/uploads\/bateson-mente-e-natura.jpg\" data-large_image=\"https:\/\/www.cptf.it\/it\/wp-content\/uploads\/bateson-mente-e-natura.jpg\" data-large_image_width=\"179\" data-large_image_height=\"281\" \/><\/a><\/div><\/td><td>Mente e Natura<\/td><td>Bateson G<\/td><td>Adelphi<\/td><\/tr><tr id=\"post-row-6716\" class=\"post-row post-type-biblioteca biblioteca-6716 publish\"><td><div style=\"width:70px;\" data-thumb=\"https:\/\/www.cptf.it\/it\/wp-content\/uploads\/bateson-dove-gli-angeli-esitanojpg-150x150.jpg\" class=\"posts-table-image-wrapper posts-table-gallery__image\"><a href=\"https:\/\/www.cptf.it\/it\/wp-content\/uploads\/bateson-dove-gli-angeli-esitanojpg.jpg\"><img loading=\"lazy\" decoding=\"async\" width=\"70\" height=\"70\" src=\"https:\/\/www.cptf.it\/it\/wp-content\/uploads\/bateson-dove-gli-angeli-esitanojpg-150x150.jpg\" class=\"\" alt=\"Dove gli angeli esitano\" title=\"bateson-dove gli angeli esitanojpg\" data-caption=\"Dove gli angeli esitano\" data-src=\"https:\/\/www.cptf.it\/it\/wp-content\/uploads\/bateson-dove-gli-angeli-esitanojpg.jpg\" data-large_image=\"https:\/\/www.cptf.it\/it\/wp-content\/uploads\/bateson-dove-gli-angeli-esitanojpg.jpg\" data-large_image_width=\"180\" data-large_image_height=\"281\" \/><\/a><\/div><\/td><td>Dove gli angeli esitano<\/td><td>Bateson G., Bateson M.C.<\/td><td>Adelphi<\/td><\/tr><tr id=\"post-row-6718\" class=\"post-row post-type-biblioteca biblioteca-6718 publish\"><td><div style=\"width:70px;\" data-thumb=\"https:\/\/www.cptf.it\/it\/wp-content\/uploads\/41Oy8Ul8XwL._SY373_BO1204203200_-150x150.jpg\" class=\"posts-table-image-wrapper posts-table-gallery__image\"><a href=\"https:\/\/www.cptf.it\/it\/wp-content\/uploads\/41Oy8Ul8XwL._SY373_BO1204203200_.jpg\"><img loading=\"lazy\" decoding=\"async\" width=\"70\" height=\"70\" src=\"https:\/\/www.cptf.it\/it\/wp-content\/uploads\/41Oy8Ul8XwL._SY373_BO1204203200_-150x150.jpg\" class=\"\" alt=\"Con occhi di figlia. Ritratto di Margaret  Mead e Gregory Bateson\" title=\"41Oy8Ul8XwL._SY373_BO1,204,203,200_\" data-caption=\"Con occhi di figlia. Ritratto di Margaret  Mead e Gregory Bateson\" data-src=\"https:\/\/www.cptf.it\/it\/wp-content\/uploads\/41Oy8Ul8XwL._SY373_BO1204203200_.jpg\" data-large_image=\"https:\/\/www.cptf.it\/it\/wp-content\/uploads\/41Oy8Ul8XwL._SY373_BO1204203200_.jpg\" data-large_image_width=\"499\" data-large_image_height=\"375\" \/><\/a><\/div><\/td><td>Con occhi di figlia. Ritratto di Margaret  Mead e Gregory Bateson<\/td><td>Bateson M. C.<\/td><td>Feltrinelli<\/td><\/tr><tr id=\"post-row-6719\" class=\"post-row post-type-biblioteca biblioteca-6719 publish\"><td><div style=\"width:70px;\" data-thumb=\"https:\/\/www.cptf.it\/it\/wp-content\/uploads\/images-6-131x150.jpg\" class=\"posts-table-image-wrapper posts-table-gallery__image\"><a href=\"https:\/\/www.cptf.it\/it\/wp-content\/uploads\/images-6.jpg\"><img loading=\"lazy\" decoding=\"async\" width=\"70\" height=\"80\" src=\"https:\/\/www.cptf.it\/it\/wp-content\/uploads\/images-6-131x150.jpg\" class=\"\" alt=\"La societ\u00e0 individualizzata\" title=\"images (6)\" data-caption=\"La societ\u00e0 individualizzata\" data-src=\"https:\/\/www.cptf.it\/it\/wp-content\/uploads\/images-6.jpg\" data-large_image=\"https:\/\/www.cptf.it\/it\/wp-content\/uploads\/images-6.jpg\" data-large_image_width=\"131\" data-large_image_height=\"215\" \/><\/a><\/div><\/td><td>La societ\u00e0 individualizzata<\/td><td>Bauman Z.<\/td><td>Il Mulino<\/td><\/tr><tr id=\"post-row-6723\" class=\"post-row post-type-biblioteca biblioteca-6723 publish\"><td><div style=\"width:70px;\" data-thumb=\"https:\/\/www.cptf.it\/it\/wp-content\/uploads\/beavers-il-matrimonio-riuscito-129x150.jpg\" class=\"posts-table-image-wrapper posts-table-gallery__image\"><a href=\"https:\/\/www.cptf.it\/it\/wp-content\/uploads\/beavers-il-matrimonio-riuscito.jpg\"><img loading=\"lazy\" decoding=\"async\" width=\"70\" height=\"81\" src=\"https:\/\/www.cptf.it\/it\/wp-content\/uploads\/beavers-il-matrimonio-riuscito-129x150.jpg\" class=\"\" alt=\"Il matrimonio riuscito. Approccio  sistemico alla terapia di coppia\" title=\"beavers - il matrimonio-riuscito\" data-caption=\"Il matrimonio riuscito. Approccio  sistemico alla terapia di coppia\" data-src=\"https:\/\/www.cptf.it\/it\/wp-content\/uploads\/beavers-il-matrimonio-riuscito.jpg\" data-large_image=\"https:\/\/www.cptf.it\/it\/wp-content\/uploads\/beavers-il-matrimonio-riuscito.jpg\" data-large_image_width=\"129\" data-large_image_height=\"180\" \/><\/a><\/div><\/td><td>Il matrimonio riuscito. Approccio  sistemico alla terapia di coppia<\/td><td>Beavers W. R.<\/td><td>Roma Astrolabio<\/td><\/tr><tr id=\"post-row-6725\" class=\"post-row post-type-biblioteca biblioteca-6725 publish\"><td><div style=\"width:70px;\" data-thumb=\"https:\/\/www.cptf.it\/it\/wp-content\/uploads\/bercelli-cornici-terapeutiche-150x150.jpg\" class=\"posts-table-image-wrapper posts-table-gallery__image\"><a href=\"https:\/\/www.cptf.it\/it\/wp-content\/uploads\/bercelli-cornici-terapeutiche.jpg\"><img loading=\"lazy\" decoding=\"async\" width=\"70\" height=\"70\" src=\"https:\/\/www.cptf.it\/it\/wp-content\/uploads\/bercelli-cornici-terapeutiche-150x150.jpg\" class=\"\" alt=\"Cornici terapeutiche. Applicazioni  cliniche di analisi dell\u2019interazione  verbale.\" title=\"bercelli - cornici terapeutiche\" data-caption=\"Cornici terapeutiche. Applicazioni  cliniche di analisi dell\u2019interazione  verbale.\" data-src=\"https:\/\/www.cptf.it\/it\/wp-content\/uploads\/bercelli-cornici-terapeutiche.jpg\" data-large_image=\"https:\/\/www.cptf.it\/it\/wp-content\/uploads\/bercelli-cornici-terapeutiche.jpg\" data-large_image_width=\"162\" data-large_image_height=\"162\" srcset=\"https:\/\/www.cptf.it\/it\/wp-content\/uploads\/bercelli-cornici-terapeutiche-150x150.jpg 150w, https:\/\/www.cptf.it\/it\/wp-content\/uploads\/bercelli-cornici-terapeutiche.jpg 162w\" sizes=\"(max-width: 70px) 100vw, 70px\" \/><\/a><\/div><\/td><td>Cornici terapeutiche. Applicazioni  cliniche di analisi dell\u2019interazione  verbale.<\/td><td>Bercelli F.,  Leonardi P.,  Viaro M.<\/td><td>Raffaello Cortina Editore<\/td><\/tr><tr id=\"post-row-6727\" class=\"post-row post-type-biblioteca biblioteca-6727 publish\"><td><div style=\"width:70px;\" data-thumb=\"https:\/\/www.cptf.it\/it\/wp-content\/uploads\/Bertalanaffy_teoria-generale-150x150.jpg\" class=\"posts-table-image-wrapper posts-table-gallery__image\"><a href=\"https:\/\/www.cptf.it\/it\/wp-content\/uploads\/Bertalanaffy_teoria-generale.jpg\"><img loading=\"lazy\" decoding=\"async\" width=\"70\" height=\"70\" src=\"https:\/\/www.cptf.it\/it\/wp-content\/uploads\/Bertalanaffy_teoria-generale-150x150.jpg\" class=\"\" alt=\"Teoria generale dei sistemi\" title=\"Bertalanaffy_teoria generale\" data-caption=\"Teoria generale dei sistemi\" data-src=\"https:\/\/www.cptf.it\/it\/wp-content\/uploads\/Bertalanaffy_teoria-generale.jpg\" data-large_image=\"https:\/\/www.cptf.it\/it\/wp-content\/uploads\/Bertalanaffy_teoria-generale.jpg\" data-large_image_width=\"202\" data-large_image_height=\"300\" srcset=\"https:\/\/www.cptf.it\/it\/wp-content\/uploads\/Bertalanaffy_teoria-generale-150x150.jpg 150w, https:\/\/www.cptf.it\/it\/wp-content\/uploads\/Bertalanaffy_teoria-generale-202x198.jpg 202w\" sizes=\"(max-width: 70px) 100vw, 70px\" \/><\/a><\/div><\/td><td>Teoria generale dei sistemi<\/td><td>Bertalanffy Von L.<\/td><td>Oscar Mondadori<\/td><\/tr><tr id=\"post-row-6729\" class=\"post-row post-type-biblioteca biblioteca-6729 publish\"><td><div style=\"width:70px;\" data-thumb=\"https:\/\/www.cptf.it\/it\/wp-content\/uploads\/bertrando-misurare-la-famiglia-il-metodo-dell-emotivita-espressa-150x150.jpg\" class=\"posts-table-image-wrapper posts-table-gallery__image\"><a href=\"https:\/\/www.cptf.it\/it\/wp-content\/uploads\/bertrando-misurare-la-famiglia-il-metodo-dell-emotivita-espressa.jpg\"><img loading=\"lazy\" decoding=\"async\" width=\"70\" height=\"70\" src=\"https:\/\/www.cptf.it\/it\/wp-content\/uploads\/bertrando-misurare-la-famiglia-il-metodo-dell-emotivita-espressa-150x150.jpg\" class=\"\" alt=\"Misurare la famiglia\" title=\"bertrando - misurare-la-famiglia-il-metodo-dell-emotivita-espressa\" data-caption=\"Misurare la famiglia\" data-src=\"https:\/\/www.cptf.it\/it\/wp-content\/uploads\/bertrando-misurare-la-famiglia-il-metodo-dell-emotivita-espressa.jpg\" data-large_image=\"https:\/\/www.cptf.it\/it\/wp-content\/uploads\/bertrando-misurare-la-famiglia-il-metodo-dell-emotivita-espressa.jpg\" data-large_image_width=\"164\" data-large_image_height=\"164\" srcset=\"https:\/\/www.cptf.it\/it\/wp-content\/uploads\/bertrando-misurare-la-famiglia-il-metodo-dell-emotivita-espressa-150x150.jpg 150w, https:\/\/www.cptf.it\/it\/wp-content\/uploads\/bertrando-misurare-la-famiglia-il-metodo-dell-emotivita-espressa.jpg 164w\" sizes=\"(max-width: 70px) 100vw, 70px\" \/><\/a><\/div><\/td><td>Misurare la famiglia<\/td><td>Bertrando P<\/td><td>Bollati Boringhieri<\/td><\/tr><tr id=\"post-row-6731\" class=\"post-row post-type-biblioteca biblioteca-6731 publish\"><td><\/td><td>Il terapeuta e le emozioni<\/td><td>Bertrando P.<\/td><td>Raffaello Cortina Editore<\/td><\/tr><tr id=\"post-row-7102\" class=\"post-row post-type-biblioteca biblioteca-7102 publish\"><td><div style=\"width:70px;\" data-thumb=\"https:\/\/www.cptf.it\/it\/wp-content\/uploads\/bertrando-terapia-sistemica-e-individuale-1-142x150.jpg\" class=\"posts-table-image-wrapper posts-table-gallery__image\"><a href=\"https:\/\/www.cptf.it\/it\/wp-content\/uploads\/bertrando-terapia-sistemica-e-individuale-1.jpg\"><img loading=\"lazy\" decoding=\"async\" width=\"70\" height=\"74\" src=\"https:\/\/www.cptf.it\/it\/wp-content\/uploads\/bertrando-terapia-sistemica-e-individuale-1-142x150.jpg\" class=\"\" alt=\"Terapia sistemica individuale\" title=\"bertrando - terapia sistemica e individuale\" data-caption=\"Terapia sistemica individuale\" data-src=\"https:\/\/www.cptf.it\/it\/wp-content\/uploads\/bertrando-terapia-sistemica-e-individuale-1.jpg\" data-large_image=\"https:\/\/www.cptf.it\/it\/wp-content\/uploads\/bertrando-terapia-sistemica-e-individuale-1.jpg\" data-large_image_width=\"142\" data-large_image_height=\"240\" \/><\/a><\/div><\/td><td>Terapia sistemica individuale<\/td><td>Bertrando P., Boscolo L.<\/td><td>Raffaello Cortina Editore<\/td><\/tr><tr id=\"post-row-7103\" class=\"post-row post-type-biblioteca biblioteca-7103 publish\"><td><div style=\"width:70px;\" data-thumb=\"https:\/\/www.cptf.it\/it\/wp-content\/uploads\/bertrando-storia-della-terapia-familiare.jpg\" class=\"posts-table-image-wrapper posts-table-gallery__image\"><a href=\"https:\/\/www.cptf.it\/it\/wp-content\/uploads\/bertrando-storia-della-terapia-familiare.jpg\"><img loading=\"lazy\" decoding=\"async\" width=\"61\" height=\"100\" src=\"https:\/\/www.cptf.it\/it\/wp-content\/uploads\/bertrando-storia-della-terapia-familiare.jpg\" class=\"\" alt=\"Storia della terapia familiare. Le  persone, le idee.\" title=\"bertrando - storia della terapia familiare\" data-caption=\"Storia della terapia familiare. Le  persone, le idee.\" data-src=\"https:\/\/www.cptf.it\/it\/wp-content\/uploads\/bertrando-storia-della-terapia-familiare.jpg\" data-large_image=\"https:\/\/www.cptf.it\/it\/wp-content\/uploads\/bertrando-storia-della-terapia-familiare.jpg\" data-large_image_width=\"61\" data-large_image_height=\"100\" \/><\/a><\/div><\/td><td>Storia della terapia familiare. Le  persone, le idee.<\/td><td>Bertrando P., Toffanetti D<\/td><td>Raffaello Cortina Editore<\/td><\/tr><tr id=\"post-row-7107\" class=\"post-row post-type-biblioteca biblioteca-7107 publish\"><td><div style=\"width:70px;\" data-thumb=\"https:\/\/www.cptf.it\/it\/wp-content\/uploads\/Ricorsivit\u00e0-e-psicoterapia-150x150.jpg\" class=\"posts-table-image-wrapper posts-table-gallery__image\"><a href=\"https:\/\/www.cptf.it\/it\/wp-content\/uploads\/Ricorsivit\u00e0-e-psicoterapia-e1580382617436.jpg\"><img loading=\"lazy\" decoding=\"async\" width=\"70\" height=\"70\" src=\"https:\/\/www.cptf.it\/it\/wp-content\/uploads\/Ricorsivit\u00e0-e-psicoterapia-150x150.jpg\" class=\"\" alt=\"Ricorsivit\u00e0 in psicoterapia\" title=\"Bianciardi-Telfener cop._PPP piccolo\" data-caption=\"Ricorsivit\u00e0 in psicoterapia\" data-src=\"https:\/\/www.cptf.it\/it\/wp-content\/uploads\/Ricorsivit\u00e0-e-psicoterapia-e1580382617436.jpg\" data-large_image=\"https:\/\/www.cptf.it\/it\/wp-content\/uploads\/Ricorsivit\u00e0-e-psicoterapia-e1580382617436.jpg\" data-large_image_width=\"460\" data-large_image_height=\"700\" srcset=\"https:\/\/www.cptf.it\/it\/wp-content\/uploads\/Ricorsivit\u00e0-e-psicoterapia-150x150.jpg 150w, https:\/\/www.cptf.it\/it\/wp-content\/uploads\/Ricorsivit\u00e0-e-psicoterapia-570x570.jpg 570w, https:\/\/www.cptf.it\/it\/wp-content\/uploads\/Ricorsivit\u00e0-e-psicoterapia-500x500.jpg 500w, https:\/\/www.cptf.it\/it\/wp-content\/uploads\/Ricorsivit\u00e0-e-psicoterapia-1000x1000.jpg 1000w\" sizes=\"(max-width: 70px) 100vw, 70px\" \/><\/a><\/div><\/td><td>Ricorsivit\u00e0 in psicoterapia<\/td><td>Bianciardi M., Telfener U.<\/td><td>Bollati Boringhieri<\/td><\/tr><tr id=\"post-row-7109\" class=\"post-row post-type-biblioteca biblioteca-7109 publish\"><td><div style=\"width:70px;\" data-thumb=\"https:\/\/www.cptf.it\/it\/wp-content\/uploads\/blumfield-CurareDepressione-1-150x150.jpg\" class=\"posts-table-image-wrapper posts-table-gallery__image\"><a href=\"https:\/\/www.cptf.it\/it\/wp-content\/uploads\/blumfield-CurareDepressione-1.jpg\"><img loading=\"lazy\" decoding=\"async\" width=\"70\" height=\"70\" src=\"https:\/\/www.cptf.it\/it\/wp-content\/uploads\/blumfield-CurareDepressione-1-150x150.jpg\" class=\"\" alt=\"EPSON scanner Image\" title=\"EPSON scanner Image\" data-caption=\"EPSON scanner Image\" data-src=\"https:\/\/www.cptf.it\/it\/wp-content\/uploads\/blumfield-CurareDepressione-1.jpg\" data-large_image=\"https:\/\/www.cptf.it\/it\/wp-content\/uploads\/blumfield-CurareDepressione-1.jpg\" data-large_image_width=\"151\" data-large_image_height=\"214\" \/><\/a><\/div><\/td><td>Come curare la depressione<\/td><td>Blumfield H.H.,  McWilliams P.<\/td><td>AMA Milano Monza  Brianza<\/td><\/tr><tr id=\"post-row-7112\" class=\"post-row post-type-biblioteca biblioteca-7112 publish\"><td><div style=\"width:70px;\" data-thumb=\"https:\/\/www.cptf.it\/it\/wp-content\/uploads\/Bogliolo_dalla-scultura-alla-rappresentazione-150x150.jpg\" class=\"posts-table-image-wrapper posts-table-gallery__image\"><a href=\"https:\/\/www.cptf.it\/it\/wp-content\/uploads\/Bogliolo_dalla-scultura-alla-rappresentazione.jpg\"><img loading=\"lazy\" decoding=\"async\" width=\"70\" height=\"70\" src=\"https:\/\/www.cptf.it\/it\/wp-content\/uploads\/Bogliolo_dalla-scultura-alla-rappresentazione-150x150.jpg\" class=\"\" alt=\"Dalla scultura alla rappresentazione spaziale della famiglia\" title=\"Bogliolo_dalla scultura alla rappresentazione\" data-caption=\"Dalla scultura alla rappresentazione spaziale della famiglia\" data-src=\"https:\/\/www.cptf.it\/it\/wp-content\/uploads\/Bogliolo_dalla-scultura-alla-rappresentazione.jpg\" data-large_image=\"https:\/\/www.cptf.it\/it\/wp-content\/uploads\/Bogliolo_dalla-scultura-alla-rappresentazione.jpg\" data-large_image_width=\"150\" data-large_image_height=\"222\" \/><\/a><\/div><\/td><td>Dalla scultura alla rappresentazione spaziale della famiglia<\/td><td>Bogliolo C.<\/td><td>Armando Editore<\/td><\/tr><tr id=\"post-row-7114\" class=\"post-row post-type-biblioteca biblioteca-7114 publish\"><td><div style=\"width:70px;\" data-thumb=\"https:\/\/www.cptf.it\/it\/wp-content\/uploads\/bonetti-il-dolore-narrato-150x150.jpg\" class=\"posts-table-image-wrapper posts-table-gallery__image\"><a href=\"https:\/\/www.cptf.it\/it\/wp-content\/uploads\/bonetti-il-dolore-narrato.jpg\"><img loading=\"lazy\" decoding=\"async\" width=\"70\" height=\"70\" src=\"https:\/\/www.cptf.it\/it\/wp-content\/uploads\/bonetti-il-dolore-narrato-150x150.jpg\" class=\"\" alt=\"Il dolore narrato. La comunicazione con  il malato neoplastico grave.\" title=\"bonetti - il dolore narrato\" data-caption=\"Il dolore narrato. La comunicazione con  il malato neoplastico grave.\" data-src=\"https:\/\/www.cptf.it\/it\/wp-content\/uploads\/bonetti-il-dolore-narrato.jpg\" data-large_image=\"https:\/\/www.cptf.it\/it\/wp-content\/uploads\/bonetti-il-dolore-narrato.jpg\" data-large_image_width=\"170\" data-large_image_height=\"240\" \/><\/a><\/div><\/td><td>Il dolore narrato. La comunicazione con  il malato neoplastico grave.<\/td><td>Bonetti M., Ruffatto M.T.<\/td><td>Centro Scientifico  Editore<\/td><\/tr><tr id=\"post-row-7154\" class=\"post-row post-type-biblioteca biblioteca-7154 publish\"><td><div style=\"width:70px;\" data-thumb=\"https:\/\/www.cptf.it\/it\/wp-content\/uploads\/Borgato_unaranciaperdue-1-150x150.jpg\" class=\"posts-table-image-wrapper posts-table-gallery__image\"><a href=\"https:\/\/www.cptf.it\/it\/wp-content\/uploads\/Borgato_unaranciaperdue-1.jpg\"><img loading=\"lazy\" decoding=\"async\" width=\"70\" height=\"70\" src=\"https:\/\/www.cptf.it\/it\/wp-content\/uploads\/Borgato_unaranciaperdue-1-150x150.jpg\" class=\"\" alt=\"Un&#039;arancia per due\" title=\"Borgato_unaranciaperdue\" data-caption=\"Un&#039;arancia per due\" data-src=\"https:\/\/www.cptf.it\/it\/wp-content\/uploads\/Borgato_unaranciaperdue-1.jpg\" data-large_image=\"https:\/\/www.cptf.it\/it\/wp-content\/uploads\/Borgato_unaranciaperdue-1.jpg\" data-large_image_width=\"164\" data-large_image_height=\"244\" \/><\/a><\/div><\/td><td>Un&#8217;arancia per due<\/td><td>Borgato R.<\/td><td>FrancoAngeli<\/td><\/tr><tr id=\"post-row-7205\" class=\"post-row post-type-biblioteca biblioteca-7205 publish\"><td><div style=\"width:70px;\" data-thumb=\"https:\/\/www.cptf.it\/it\/wp-content\/uploads\/dizionario-clinico-di-psicoterapia-150x150.jpg\" class=\"posts-table-image-wrapper posts-table-gallery__image\"><a href=\"https:\/\/www.cptf.it\/it\/wp-content\/uploads\/dizionario-clinico-di-psicoterapia.jpg\"><img loading=\"lazy\" decoding=\"async\" width=\"70\" height=\"70\" src=\"https:\/\/www.cptf.it\/it\/wp-content\/uploads\/dizionario-clinico-di-psicoterapia-150x150.jpg\" class=\"\" alt=\"Dizionario Clinico di Psicoterapia. Una lingua comune\" title=\"dizionario clinico di psicoterapia\" data-caption=\"Dizionario Clinico di Psicoterapia. Una lingua comune\" data-src=\"https:\/\/www.cptf.it\/it\/wp-content\/uploads\/dizionario-clinico-di-psicoterapia.jpg\" data-large_image=\"https:\/\/www.cptf.it\/it\/wp-content\/uploads\/dizionario-clinico-di-psicoterapia.jpg\" data-large_image_width=\"167\" data-large_image_height=\"240\" \/><\/a><\/div><\/td><td>Dizionario Clinico di Psicoterapia. Una lingua comune<\/td><td>Borgo S., Sibilia L., Marks I.<\/td><td>Alpes<\/td><\/tr><tr id=\"post-row-7207\" class=\"post-row post-type-biblioteca biblioteca-7207 publish\"><td><div style=\"width:70px;\" data-thumb=\"https:\/\/www.cptf.it\/it\/wp-content\/uploads\/boscolo-i-tempi-del-tempo-150x150.jpg\" class=\"posts-table-image-wrapper posts-table-gallery__image\"><a href=\"https:\/\/www.cptf.it\/it\/wp-content\/uploads\/boscolo-i-tempi-del-tempo.jpg\"><img loading=\"lazy\" decoding=\"async\" width=\"70\" height=\"70\" src=\"https:\/\/www.cptf.it\/it\/wp-content\/uploads\/boscolo-i-tempi-del-tempo-150x150.jpg\" class=\"\" alt=\"I tempi del tempo. Una nuova prospettiva per la consulenza e la terapia  sistemica.\" title=\"boscolo -i tempi del tempo\" data-caption=\"I tempi del tempo. Una nuova prospettiva per la consulenza e la terapia  sistemica.\" data-src=\"https:\/\/www.cptf.it\/it\/wp-content\/uploads\/boscolo-i-tempi-del-tempo.jpg\" data-large_image=\"https:\/\/www.cptf.it\/it\/wp-content\/uploads\/boscolo-i-tempi-del-tempo.jpg\" data-large_image_width=\"190\" data-large_image_height=\"190\" srcset=\"https:\/\/www.cptf.it\/it\/wp-content\/uploads\/boscolo-i-tempi-del-tempo-150x150.jpg 150w, https:\/\/www.cptf.it\/it\/wp-content\/uploads\/boscolo-i-tempi-del-tempo.jpg 190w\" sizes=\"(max-width: 70px) 100vw, 70px\" \/><\/a><\/div><\/td><td>I tempi del tempo. Una nuova prospettiva per la consulenza e la terapia  sistemica.<\/td><td>Boscolo L., Bertrando P.<\/td><td>Bollati Boringhieri<\/td><\/tr><tr id=\"post-row-7209\" class=\"post-row post-type-biblioteca biblioteca-7209 publish\"><td><div style=\"width:70px;\" data-thumb=\"https:\/\/www.cptf.it\/it\/wp-content\/uploads\/Boscolo_Caill\u00e8_La-terapia-sistemica-132x150.jpg\" class=\"posts-table-image-wrapper posts-table-gallery__image\"><a href=\"https:\/\/www.cptf.it\/it\/wp-content\/uploads\/Boscolo_Caill\u00e8_La-terapia-sistemica.jpg\"><img loading=\"lazy\" decoding=\"async\" width=\"70\" height=\"80\" src=\"https:\/\/www.cptf.it\/it\/wp-content\/uploads\/Boscolo_Caill\u00e8_La-terapia-sistemica-132x150.jpg\" class=\"\" alt=\"La terapia sistemica. Nuove tendenze in terapia della famiglia\" title=\"Boscolo_Caill\u00e8_La terapia sistemica\" data-caption=\"La terapia sistemica. Nuove tendenze in terapia della famiglia\" data-src=\"https:\/\/www.cptf.it\/it\/wp-content\/uploads\/Boscolo_Caill\u00e8_La-terapia-sistemica.jpg\" data-large_image=\"https:\/\/www.cptf.it\/it\/wp-content\/uploads\/Boscolo_Caill\u00e8_La-terapia-sistemica.jpg\" data-large_image_width=\"132\" data-large_image_height=\"200\" \/><\/a><\/div><\/td><td>La terapia sistemica. Nuove tendenze in terapia della famiglia<\/td><td>Boscolo L., Caill\u00e9 P., Cecchin G., Hoffman L., Keeney B., Malagoli Togliatti M., Selvini Palazzoli M., Telfener U.<\/td><td>Astrolabio<\/td><\/tr><tr id=\"post-row-7211\" class=\"post-row post-type-biblioteca biblioteca-7211 publish\"><td><div style=\"width:70px;\" data-thumb=\"https:\/\/www.cptf.it\/it\/wp-content\/uploads\/boscolo-clinica-sistemicajpg-132x150.jpg\" class=\"posts-table-image-wrapper posts-table-gallery__image\"><a href=\"https:\/\/www.cptf.it\/it\/wp-content\/uploads\/boscolo-clinica-sistemicajpg.jpg\"><img loading=\"lazy\" decoding=\"async\" width=\"70\" height=\"80\" src=\"https:\/\/www.cptf.it\/it\/wp-content\/uploads\/boscolo-clinica-sistemicajpg-132x150.jpg\" class=\"\" alt=\"Clinica sistemica. Dialoghi a quattro  sull\u2019evoluzione del modello di Milano.\" title=\"boscolo - clinica sistemicajpg\" data-caption=\"Clinica sistemica. Dialoghi a quattro  sull\u2019evoluzione del modello di Milano.\" data-src=\"https:\/\/www.cptf.it\/it\/wp-content\/uploads\/boscolo-clinica-sistemicajpg.jpg\" data-large_image=\"https:\/\/www.cptf.it\/it\/wp-content\/uploads\/boscolo-clinica-sistemicajpg.jpg\" data-large_image_width=\"132\" data-large_image_height=\"200\" \/><\/a><\/div><\/td><td>Clinica sistemica. Dialoghi a quattro  sull\u2019evoluzione del modello di Milano.<\/td><td>Boscolo L., Cecchin G.,  Hoffman L.,  Penn P<\/td><td>Bollati Boringhieri<\/td><\/tr><tr id=\"post-row-7213\" class=\"post-row post-type-biblioteca biblioteca-7213 publish\"><td><div style=\"width:70px;\" data-thumb=\"https:\/\/www.cptf.it\/it\/wp-content\/uploads\/gurman-manuale-di-terapia-della-famiglia-150x150.jpg\" class=\"posts-table-image-wrapper posts-table-gallery__image\"><a href=\"https:\/\/www.cptf.it\/it\/wp-content\/uploads\/gurman-manuale-di-terapia-della-famiglia.jpg\"><img loading=\"lazy\" decoding=\"async\" width=\"70\" height=\"70\" src=\"https:\/\/www.cptf.it\/it\/wp-content\/uploads\/gurman-manuale-di-terapia-della-famiglia-150x150.jpg\" class=\"\" alt=\"Psicoterapia intensiva della famiglia\" title=\"gurman - manuale di terapia della famiglia\" data-caption=\"Psicoterapia intensiva della famiglia\" data-src=\"https:\/\/www.cptf.it\/it\/wp-content\/uploads\/gurman-manuale-di-terapia-della-famiglia.jpg\" data-large_image=\"https:\/\/www.cptf.it\/it\/wp-content\/uploads\/gurman-manuale-di-terapia-della-famiglia.jpg\" data-large_image_width=\"200\" data-large_image_height=\"277\" srcset=\"https:\/\/www.cptf.it\/it\/wp-content\/uploads\/gurman-manuale-di-terapia-della-famiglia-150x150.jpg 150w, https:\/\/www.cptf.it\/it\/wp-content\/uploads\/gurman-manuale-di-terapia-della-famiglia-200x198.jpg 200w\" sizes=\"(max-width: 70px) 100vw, 70px\" \/><\/a><\/div><\/td><td>Psicoterapia intensiva della famiglia<\/td><td>Boszormenyu-Nagy I., Framo J. L.<\/td><td>Bollati Boringhieri<\/td><\/tr><tr id=\"post-row-7215\" class=\"post-row post-type-biblioteca biblioteca-7215 publish\"><td><div style=\"width:70px;\" data-thumb=\"https:\/\/www.cptf.it\/it\/wp-content\/uploads\/bowen-dalla-famiglia-allindividuo-150x150.jpg\" class=\"posts-table-image-wrapper posts-table-gallery__image\"><a href=\"https:\/\/www.cptf.it\/it\/wp-content\/uploads\/bowen-dalla-famiglia-allindividuo.jpg\"><img loading=\"lazy\" decoding=\"async\" width=\"70\" height=\"70\" src=\"https:\/\/www.cptf.it\/it\/wp-content\/uploads\/bowen-dalla-famiglia-allindividuo-150x150.jpg\" class=\"\" alt=\"Dalla famiglia all\u2019individuo\" title=\"bowen - dalla famiglia all&#039;individuo\" data-caption=\"Dalla famiglia all\u2019individuo\" data-src=\"https:\/\/www.cptf.it\/it\/wp-content\/uploads\/bowen-dalla-famiglia-allindividuo.jpg\" data-large_image=\"https:\/\/www.cptf.it\/it\/wp-content\/uploads\/bowen-dalla-famiglia-allindividuo.jpg\" data-large_image_width=\"240\" data-large_image_height=\"240\" srcset=\"https:\/\/www.cptf.it\/it\/wp-content\/uploads\/bowen-dalla-famiglia-allindividuo-150x150.jpg 150w, https:\/\/www.cptf.it\/it\/wp-content\/uploads\/bowen-dalla-famiglia-allindividuo.jpg 240w\" sizes=\"(max-width: 70px) 100vw, 70px\" \/><\/a><\/div><\/td><td>Dalla famiglia all\u2019individuo<\/td><td>Bowen M<\/td><td>Astrolabio<\/td><\/tr><tr id=\"post-row-7217\" class=\"post-row post-type-biblioteca biblioteca-7217 publish\"><td><div style=\"width:70px;\" data-thumb=\"https:\/\/www.cptf.it\/it\/wp-content\/uploads\/Una-base-sicura.jpg\" class=\"posts-table-image-wrapper posts-table-gallery__image\"><a href=\"https:\/\/www.cptf.it\/it\/wp-content\/uploads\/Una-base-sicura.jpg\"><img loading=\"lazy\" decoding=\"async\" width=\"63\" height=\"100\" src=\"https:\/\/www.cptf.it\/it\/wp-content\/uploads\/Una-base-sicura.jpg\" class=\"\" alt=\"Una base sicura. Applicazioni cliniche della teoria dell&#039;attaccamento\" title=\"Una-base-sicura\" data-caption=\"Una base sicura. Applicazioni cliniche della teoria dell&#039;attaccamento\" data-src=\"https:\/\/www.cptf.it\/it\/wp-content\/uploads\/Una-base-sicura.jpg\" data-large_image=\"https:\/\/www.cptf.it\/it\/wp-content\/uploads\/Una-base-sicura.jpg\" data-large_image_width=\"63\" data-large_image_height=\"100\" \/><\/a><\/div><\/td><td>Una base sicura. Applicazioni cliniche della teoria dell&#8217;attaccamento<\/td><td>Bowlby J.<\/td><td>Raffaello Cortina Editore<\/td><\/tr><tr id=\"post-row-7219\" class=\"post-row post-type-biblioteca biblioteca-7219 publish\"><td><div style=\"width:70px;\" data-thumb=\"https:\/\/www.cptf.it\/it\/wp-content\/uploads\/bozzetto-sawbonajpg-136x150.jpg\" class=\"posts-table-image-wrapper posts-table-gallery__image\"><a href=\"https:\/\/www.cptf.it\/it\/wp-content\/uploads\/bozzetto-sawbonajpg.jpg\"><img loading=\"lazy\" decoding=\"async\" width=\"70\" height=\"77\" src=\"https:\/\/www.cptf.it\/it\/wp-content\/uploads\/bozzetto-sawbonajpg-136x150.jpg\" class=\"\" alt=\"Sawbona \u201cti vedo\u201d\" title=\"bozzetto sawbonajpg\" data-caption=\"Sawbona \u201cti vedo\u201d\" data-src=\"https:\/\/www.cptf.it\/it\/wp-content\/uploads\/bozzetto-sawbonajpg.jpg\" data-large_image=\"https:\/\/www.cptf.it\/it\/wp-content\/uploads\/bozzetto-sawbonajpg.jpg\" data-large_image_width=\"136\" data-large_image_height=\"192\" \/><\/a><\/div><\/td><td>Sawbona \u201cti vedo\u201d<\/td><td>Bozzetto I<\/td><td>Unipress<\/td><\/tr><tr id=\"post-row-7222\" class=\"post-row post-type-biblioteca biblioteca-7222 publish\"><td><div style=\"width:70px;\" data-thumb=\"https:\/\/www.cptf.it\/it\/wp-content\/uploads\/La-teoria-provocativa.jpg\" class=\"posts-table-image-wrapper posts-table-gallery__image\"><a href=\"https:\/\/www.cptf.it\/it\/wp-content\/uploads\/La-teoria-provocativa.jpg\"><img loading=\"lazy\" decoding=\"async\" width=\"70\" height=\"99\" src=\"https:\/\/www.cptf.it\/it\/wp-content\/uploads\/La-teoria-provocativa.jpg\" class=\"\" alt=\"La teoria provocativa\" title=\"La-teoria-provocativa\" data-caption=\"La teoria provocativa\" data-src=\"https:\/\/www.cptf.it\/it\/wp-content\/uploads\/La-teoria-provocativa.jpg\" data-large_image=\"https:\/\/www.cptf.it\/it\/wp-content\/uploads\/La-teoria-provocativa.jpg\" data-large_image_width=\"71\" data-large_image_height=\"100\" \/><\/a><\/div><\/td><td>La teoria provocativa<\/td><td>Brandsma J., Farrelly F.<\/td><td>Astrolabio<\/td><\/tr><tr id=\"post-row-7291\" class=\"post-row post-type-biblioteca biblioteca-7291 publish\"><td><div style=\"width:70px;\" data-thumb=\"https:\/\/www.cptf.it\/it\/wp-content\/uploads\/Cancrini-la-cura-delle-infanzie-infelici-150x150.jpg\" class=\"posts-table-image-wrapper posts-table-gallery__image\"><a href=\"https:\/\/www.cptf.it\/it\/wp-content\/uploads\/Cancrini-la-cura-delle-infanzie-infelici.jpg\"><img loading=\"lazy\" decoding=\"async\" width=\"70\" height=\"70\" src=\"https:\/\/www.cptf.it\/it\/wp-content\/uploads\/Cancrini-la-cura-delle-infanzie-infelici-150x150.jpg\" class=\"\" alt=\"La cura delle infanzie infelici\" title=\"Cancrini-la cura delle infanzie infelici\" data-caption=\"La cura delle infanzie infelici\" data-src=\"https:\/\/www.cptf.it\/it\/wp-content\/uploads\/Cancrini-la-cura-delle-infanzie-infelici.jpg\" data-large_image=\"https:\/\/www.cptf.it\/it\/wp-content\/uploads\/Cancrini-la-cura-delle-infanzie-infelici.jpg\" data-large_image_width=\"246\" data-large_image_height=\"335\" \/><\/a><\/div><\/td><td>La cura delle infanzie infelici<\/td><td>Cancrini L.<\/td><td>Raffaello Cortina Editore<\/td><\/tr><tr id=\"post-row-7293\" class=\"post-row post-type-biblioteca biblioteca-7293 publish\"><td><div style=\"width:70px;\" data-thumb=\"https:\/\/www.cptf.it\/it\/wp-content\/uploads\/Cancrini-date-parole-al-dolore-150x150.jpg\" class=\"posts-table-image-wrapper posts-table-gallery__image\"><a href=\"https:\/\/www.cptf.it\/it\/wp-content\/uploads\/Cancrini-date-parole-al-dolore.jpg\"><img loading=\"lazy\" decoding=\"async\" width=\"70\" height=\"70\" src=\"https:\/\/www.cptf.it\/it\/wp-content\/uploads\/Cancrini-date-parole-al-dolore-150x150.jpg\" class=\"\" alt=\"Date Parole al Dolore\" title=\"Cancrini-date parole al dolore\" data-caption=\"Date Parole al Dolore\" data-src=\"https:\/\/www.cptf.it\/it\/wp-content\/uploads\/Cancrini-date-parole-al-dolore.jpg\" data-large_image=\"https:\/\/www.cptf.it\/it\/wp-content\/uploads\/Cancrini-date-parole-al-dolore.jpg\" data-large_image_width=\"200\" data-large_image_height=\"326\" srcset=\"https:\/\/www.cptf.it\/it\/wp-content\/uploads\/Cancrini-date-parole-al-dolore-150x150.jpg 150w, https:\/\/www.cptf.it\/it\/wp-content\/uploads\/Cancrini-date-parole-al-dolore-200x198.jpg 200w\" sizes=\"(max-width: 70px) 100vw, 70px\" \/><\/a><\/div><\/td><td>Date Parole al Dolore<\/td><td>Cancrini L.<\/td><td>Frassinelli<\/td><\/tr><tr id=\"post-row-7295\" class=\"post-row post-type-biblioteca biblioteca-7295 publish\"><td><div style=\"width:70px;\" data-thumb=\"https:\/\/www.cptf.it\/it\/wp-content\/uploads\/Cancrini_Vinci_Conversazioni.jpg\" class=\"posts-table-image-wrapper posts-table-gallery__image\"><a href=\"https:\/\/www.cptf.it\/it\/wp-content\/uploads\/Cancrini_Vinci_Conversazioni.jpg\"><img loading=\"lazy\" decoding=\"async\" width=\"67\" height=\"100\" src=\"https:\/\/www.cptf.it\/it\/wp-content\/uploads\/Cancrini_Vinci_Conversazioni.jpg\" class=\"\" alt=\"Conversazioni sulla psicoterapia\" title=\"Cancrini_Vinci_Conversazioni\" data-caption=\"Conversazioni sulla psicoterapia\" data-src=\"https:\/\/www.cptf.it\/it\/wp-content\/uploads\/Cancrini_Vinci_Conversazioni.jpg\" data-large_image=\"https:\/\/www.cptf.it\/it\/wp-content\/uploads\/Cancrini_Vinci_Conversazioni.jpg\" data-large_image_width=\"67\" data-large_image_height=\"100\" \/><\/a><\/div><\/td><td>Conversazioni sulla psicoterapia<\/td><td>Cancrini L., Vinci G.<\/td><td>Alpes<\/td><\/tr><tr id=\"post-row-7297\" class=\"post-row post-type-biblioteca biblioteca-7297 publish\"><td><div style=\"width:70px;\" data-thumb=\"https:\/\/www.cptf.it\/it\/wp-content\/uploads\/canevaro-quando-volano-i-cormorani-150x150.jpg\" class=\"posts-table-image-wrapper posts-table-gallery__image\"><a href=\"https:\/\/www.cptf.it\/it\/wp-content\/uploads\/canevaro-quando-volano-i-cormorani.jpg\"><img loading=\"lazy\" decoding=\"async\" width=\"70\" height=\"70\" src=\"https:\/\/www.cptf.it\/it\/wp-content\/uploads\/canevaro-quando-volano-i-cormorani-150x150.jpg\" class=\"\" alt=\"Quando volano i cormorani\" title=\"canevaro - quando volano i cormorani\" data-caption=\"Quando volano i cormorani\" data-src=\"https:\/\/www.cptf.it\/it\/wp-content\/uploads\/canevaro-quando-volano-i-cormorani.jpg\" data-large_image=\"https:\/\/www.cptf.it\/it\/wp-content\/uploads\/canevaro-quando-volano-i-cormorani.jpg\" data-large_image_width=\"200\" data-large_image_height=\"337\" srcset=\"https:\/\/www.cptf.it\/it\/wp-content\/uploads\/canevaro-quando-volano-i-cormorani-150x150.jpg 150w, https:\/\/www.cptf.it\/it\/wp-content\/uploads\/canevaro-quando-volano-i-cormorani-200x198.jpg 200w\" sizes=\"(max-width: 70px) 100vw, 70px\" \/><\/a><\/div><\/td><td>Quando volano i cormorani<\/td><td>Canevaro A<\/td><td>Borla<\/td><\/tr><tr id=\"post-row-7299\" class=\"post-row post-type-biblioteca biblioteca-7299 publish\"><td><div style=\"width:70px;\" data-thumb=\"https:\/\/www.cptf.it\/it\/wp-content\/uploads\/Canevaro_la-nascita-di-un-terapeuta-150x150.jpg\" class=\"posts-table-image-wrapper posts-table-gallery__image\"><a href=\"https:\/\/www.cptf.it\/it\/wp-content\/uploads\/Canevaro_la-nascita-di-un-terapeuta-e1580808524678.jpg\"><img loading=\"lazy\" decoding=\"async\" width=\"70\" height=\"70\" src=\"https:\/\/www.cptf.it\/it\/wp-content\/uploads\/Canevaro_la-nascita-di-un-terapeuta-150x150.jpg\" class=\"\" alt=\"La nascita di un terapeuta sistemico\" title=\"Canevaro_la nascita di un terapeuta\" data-caption=\"La nascita di un terapeuta sistemico\" data-src=\"https:\/\/www.cptf.it\/it\/wp-content\/uploads\/Canevaro_la-nascita-di-un-terapeuta-e1580808524678.jpg\" data-large_image=\"https:\/\/www.cptf.it\/it\/wp-content\/uploads\/Canevaro_la-nascita-di-un-terapeuta-e1580808524678.jpg\" data-large_image_width=\"400\" data-large_image_height=\"649\" srcset=\"https:\/\/www.cptf.it\/it\/wp-content\/uploads\/Canevaro_la-nascita-di-un-terapeuta-150x150.jpg 150w, https:\/\/www.cptf.it\/it\/wp-content\/uploads\/Canevaro_la-nascita-di-un-terapeuta-570x570.jpg 570w, https:\/\/www.cptf.it\/it\/wp-content\/uploads\/Canevaro_la-nascita-di-un-terapeuta-600x600.jpg 600w, https:\/\/www.cptf.it\/it\/wp-content\/uploads\/Canevaro_la-nascita-di-un-terapeuta-500x500.jpg 500w\" sizes=\"(max-width: 70px) 100vw, 70px\" \/><\/a><\/div><\/td><td>La nascita di un terapeuta sistemico<\/td><td>Canevaro A., Ackermans A.<\/td><td>Borla<\/td><\/tr><tr id=\"post-row-7301\" class=\"post-row post-type-biblioteca biblioteca-7301 publish\"><td><div style=\"width:70px;\" data-thumb=\"https:\/\/www.cptf.it\/it\/wp-content\/uploads\/Canevaro_il-gruppo-multifamiliare-136x150.jpg\" class=\"posts-table-image-wrapper posts-table-gallery__image\"><a href=\"https:\/\/www.cptf.it\/it\/wp-content\/uploads\/Canevaro_il-gruppo-multifamiliare.jpg\"><img loading=\"lazy\" decoding=\"async\" width=\"70\" height=\"77\" src=\"https:\/\/www.cptf.it\/it\/wp-content\/uploads\/Canevaro_il-gruppo-multifamiliare-136x150.jpg\" class=\"\" alt=\"Il gruppo multifamiliare\" title=\"Canevaro_il gruppo multifamiliare\" data-caption=\"Il gruppo multifamiliare\" data-src=\"https:\/\/www.cptf.it\/it\/wp-content\/uploads\/Canevaro_il-gruppo-multifamiliare.jpg\" data-large_image=\"https:\/\/www.cptf.it\/it\/wp-content\/uploads\/Canevaro_il-gruppo-multifamiliare.jpg\" data-large_image_width=\"136\" data-large_image_height=\"195\" \/><\/a><\/div><\/td><td>Il gruppo multifamiliare<\/td><td>Canevaro A., Bonifazi S.<\/td><td>Armando Editore<\/td><\/tr><tr id=\"post-row-7303\" class=\"post-row post-type-biblioteca biblioteca-7303 publish\"><td><div style=\"width:70px;\" data-thumb=\"https:\/\/www.cptf.it\/it\/wp-content\/uploads\/La-psicoanalisi-nelle-terre-di-confine.-Tra-psiche-e-cervello-150x150.jpg\" class=\"posts-table-image-wrapper posts-table-gallery__image\"><a href=\"https:\/\/www.cptf.it\/it\/wp-content\/uploads\/La-psicoanalisi-nelle-terre-di-confine.-Tra-psiche-e-cervello.jpg\"><img loading=\"lazy\" decoding=\"async\" width=\"70\" height=\"70\" src=\"https:\/\/www.cptf.it\/it\/wp-content\/uploads\/La-psicoanalisi-nelle-terre-di-confine.-Tra-psiche-e-cervello-150x150.jpg\" class=\"\" alt=\"La psicoanalisi nelle terre di confine. Tra psiche e cervello\" title=\"La psicoanalisi nelle terre di confine. Tra psiche e cervello\" data-caption=\"La psicoanalisi nelle terre di confine. Tra psiche e cervello\" data-src=\"https:\/\/www.cptf.it\/it\/wp-content\/uploads\/La-psicoanalisi-nelle-terre-di-confine.-Tra-psiche-e-cervello.jpg\" data-large_image=\"https:\/\/www.cptf.it\/it\/wp-content\/uploads\/La-psicoanalisi-nelle-terre-di-confine.-Tra-psiche-e-cervello.jpg\" data-large_image_width=\"300\" data-large_image_height=\"443\" srcset=\"https:\/\/www.cptf.it\/it\/wp-content\/uploads\/La-psicoanalisi-nelle-terre-di-confine.-Tra-psiche-e-cervello-150x150.jpg 150w, https:\/\/www.cptf.it\/it\/wp-content\/uploads\/La-psicoanalisi-nelle-terre-di-confine.-Tra-psiche-e-cervello-300x303.jpg 300w\" sizes=\"(max-width: 70px) 100vw, 70px\" \/><\/a><\/div><\/td><td>La psicoanalisi nelle terre di confine. Tra psiche e cervello<\/td><td>Cannella B., Merciai S. A.<\/td><td>Raffaello Cortina Editore<\/td><\/tr><tr id=\"post-row-7305\" class=\"post-row post-type-biblioteca biblioteca-7305 publish\"><td><div style=\"width:70px;\" data-thumb=\"https:\/\/www.cptf.it\/it\/wp-content\/uploads\/Carli_attaccamento.jpg\" class=\"posts-table-image-wrapper posts-table-gallery__image\"><a href=\"https:\/\/www.cptf.it\/it\/wp-content\/uploads\/Carli_attaccamento.jpg\"><img loading=\"lazy\" decoding=\"async\" width=\"70\" height=\"111\" src=\"https:\/\/www.cptf.it\/it\/wp-content\/uploads\/Carli_attaccamento.jpg\" class=\"\" alt=\"Attaccamento e rapporto di coppia\" title=\"Carli_attaccamento\" data-caption=\"Attaccamento e rapporto di coppia\" data-src=\"https:\/\/www.cptf.it\/it\/wp-content\/uploads\/Carli_attaccamento.jpg\" data-large_image=\"https:\/\/www.cptf.it\/it\/wp-content\/uploads\/Carli_attaccamento.jpg\" data-large_image_width=\"114\" data-large_image_height=\"180\" \/><\/a><\/div><\/td><td>Attaccamento e rapporto di coppia<\/td><td>Carli L.<\/td><td>Raffaello Cortina Editore<\/td><\/tr><tr id=\"post-row-7307\" class=\"post-row post-type-biblioteca biblioteca-7307 publish\"><td><div style=\"width:70px;\" data-thumb=\"https:\/\/www.cptf.it\/it\/wp-content\/uploads\/Carli_dalladiadeallafamiglia-140x150.jpg\" class=\"posts-table-image-wrapper posts-table-gallery__image\"><a href=\"https:\/\/www.cptf.it\/it\/wp-content\/uploads\/Carli_dalladiadeallafamiglia.jpg\"><img loading=\"lazy\" decoding=\"async\" width=\"70\" height=\"75\" src=\"https:\/\/www.cptf.it\/it\/wp-content\/uploads\/Carli_dalladiadeallafamiglia-140x150.jpg\" class=\"\" alt=\"Dalla diade alla famiglia. I legami di attaccamento nella rete familiare\" title=\"Carli_dalladiadeallafamiglia\" data-caption=\"Dalla diade alla famiglia. I legami di attaccamento nella rete familiare\" data-src=\"https:\/\/www.cptf.it\/it\/wp-content\/uploads\/Carli_dalladiadeallafamiglia.jpg\" data-large_image=\"https:\/\/www.cptf.it\/it\/wp-content\/uploads\/Carli_dalladiadeallafamiglia.jpg\" data-large_image_width=\"140\" data-large_image_height=\"219\" \/><\/a><\/div><\/td><td>Dalla diade alla famiglia. I legami di attaccamento nella rete familiare<\/td><td>Carli L.<\/td><td>Raffaello Cortina Editore<\/td><\/tr><tr id=\"post-row-7309\" class=\"post-row post-type-biblioteca biblioteca-7309 publish\"><td><div style=\"width:70px;\" data-thumb=\"https:\/\/www.cptf.it\/it\/wp-content\/uploads\/frontiere-psiche-caruso-sesso-terapia-1_2-150x150.jpg\" class=\"posts-table-image-wrapper posts-table-gallery__image\"><a href=\"https:\/\/www.cptf.it\/it\/wp-content\/uploads\/frontiere-psiche-caruso-sesso-terapia-1_2.jpg\"><img loading=\"lazy\" decoding=\"async\" width=\"70\" height=\"70\" src=\"https:\/\/www.cptf.it\/it\/wp-content\/uploads\/frontiere-psiche-caruso-sesso-terapia-1_2-150x150.jpg\" class=\"\" alt=\"Il sesso in terapia: teoria e tecnica di terapia sessuale\" title=\"frontiere-psiche-caruso-sesso-terapia-1_2\" data-caption=\"Il sesso in terapia: teoria e tecnica di terapia sessuale\" data-src=\"https:\/\/www.cptf.it\/it\/wp-content\/uploads\/frontiere-psiche-caruso-sesso-terapia-1_2.jpg\" data-large_image=\"https:\/\/www.cptf.it\/it\/wp-content\/uploads\/frontiere-psiche-caruso-sesso-terapia-1_2.jpg\" data-large_image_width=\"500\" data-large_image_height=\"750\" srcset=\"https:\/\/www.cptf.it\/it\/wp-content\/uploads\/frontiere-psiche-caruso-sesso-terapia-1_2-150x150.jpg 150w, https:\/\/www.cptf.it\/it\/wp-content\/uploads\/frontiere-psiche-caruso-sesso-terapia-1_2-500x500.jpg 500w\" sizes=\"(max-width: 70px) 100vw, 70px\" \/><\/a><\/div><\/td><td>Il sesso in terapia: teoria e tecnica di terapia sessuale<\/td><td>Caruso A.<\/td><td>Mimesis<\/td><\/tr><tr id=\"post-row-7312\" class=\"post-row post-type-biblioteca biblioteca-7312 publish\"><td><div style=\"width:70px;\" data-thumb=\"https:\/\/www.cptf.it\/it\/wp-content\/uploads\/Castellazzi_il-test-150x150.jpg\" class=\"posts-table-image-wrapper posts-table-gallery__image\"><a href=\"https:\/\/www.cptf.it\/it\/wp-content\/uploads\/Castellazzi_il-test.jpg\"><img loading=\"lazy\" decoding=\"async\" width=\"70\" height=\"70\" src=\"https:\/\/www.cptf.it\/it\/wp-content\/uploads\/Castellazzi_il-test-150x150.jpg\" class=\"\" alt=\"il test del disegno della famiglia\" title=\"Castellazzi_il test\" data-caption=\"il test del disegno della famiglia\" data-src=\"https:\/\/www.cptf.it\/it\/wp-content\/uploads\/Castellazzi_il-test.jpg\" data-large_image=\"https:\/\/www.cptf.it\/it\/wp-content\/uploads\/Castellazzi_il-test.jpg\" data-large_image_width=\"170\" data-large_image_height=\"241\" \/><\/a><\/div><\/td><td>il test del disegno della famiglia<\/td><td>Castellazzi V. L.<\/td><td>Las - Roma<\/td><\/tr><tr id=\"post-row-7341\" class=\"post-row post-type-biblioteca biblioteca-7341 publish\"><td><\/td><td>Il tempo del cambiamento. Approccio  sistemico alla terapia familiare: modelli  di intervento in una comunit\u00e0 di  lungodegenti<\/td><td>Castellucci A., Fruggeri L.,  Marzari M.<\/td><td>Franco Angeli<\/td><\/tr><tr id=\"post-row-7343\" class=\"post-row post-type-biblioteca biblioteca-7343 publish\"><td><div style=\"width:70px;\" data-thumb=\"https:\/\/www.cptf.it\/it\/wp-content\/uploads\/cavedon-dalla-separazione-allalienazione-parentale-150x150.jpg\" class=\"posts-table-image-wrapper posts-table-gallery__image\"><a href=\"https:\/\/www.cptf.it\/it\/wp-content\/uploads\/cavedon-dalla-separazione-allalienazione-parentale.jpg\"><img loading=\"lazy\" decoding=\"async\" width=\"70\" height=\"70\" src=\"https:\/\/www.cptf.it\/it\/wp-content\/uploads\/cavedon-dalla-separazione-allalienazione-parentale-150x150.jpg\" class=\"\" alt=\"Dalla separazione all\u2019alienazione parentale\" title=\"cavedon - dalla separazione all&#039;alienazione parentale\" data-caption=\"Dalla separazione all\u2019alienazione parentale\" data-src=\"https:\/\/www.cptf.it\/it\/wp-content\/uploads\/cavedon-dalla-separazione-allalienazione-parentale.jpg\" data-large_image=\"https:\/\/www.cptf.it\/it\/wp-content\/uploads\/cavedon-dalla-separazione-allalienazione-parentale.jpg\" data-large_image_width=\"186\" data-large_image_height=\"271\" \/><\/a><\/div><\/td><td>Dalla separazione all\u2019alienazione parentale<\/td><td>Cavedon A., Magro T.<\/td><td>Franco Angeli<\/td><\/tr><tr id=\"post-row-7345\" class=\"post-row post-type-biblioteca biblioteca-7345 publish\"><td><div style=\"width:70px;\" data-thumb=\"https:\/\/www.cptf.it\/it\/wp-content\/uploads\/Il-Lutto_Cazzaniga-150x150.jpg\" class=\"posts-table-image-wrapper posts-table-gallery__image\"><a href=\"https:\/\/www.cptf.it\/it\/wp-content\/uploads\/Il-Lutto_Cazzaniga.jpg\"><img loading=\"lazy\" decoding=\"async\" width=\"70\" height=\"70\" src=\"https:\/\/www.cptf.it\/it\/wp-content\/uploads\/Il-Lutto_Cazzaniga-150x150.jpg\" class=\"\" alt=\"Il Lutto\" title=\"Il Lutto_Cazzaniga\" data-caption=\"Il Lutto\" data-src=\"https:\/\/www.cptf.it\/it\/wp-content\/uploads\/Il-Lutto_Cazzaniga.jpg\" data-large_image=\"https:\/\/www.cptf.it\/it\/wp-content\/uploads\/Il-Lutto_Cazzaniga.jpg\" data-large_image_width=\"370\" data-large_image_height=\"493\" \/><\/a><\/div><\/td><td>Il Lutto<\/td><td>Cazzaniga E.<\/td><td>Outis<\/td><\/tr><tr id=\"post-row-7346\" class=\"post-row post-type-biblioteca biblioteca-7346 publish\"><td><div style=\"width:70px;\" data-thumb=\"https:\/\/www.cptf.it\/it\/wp-content\/uploads\/cazzaniga-manuale-dellauto-mutuo-soccorso-150x150.jpg\" class=\"posts-table-image-wrapper posts-table-gallery__image\"><a href=\"https:\/\/www.cptf.it\/it\/wp-content\/uploads\/cazzaniga-manuale-dellauto-mutuo-soccorso.jpg\"><img loading=\"lazy\" decoding=\"async\" width=\"70\" height=\"70\" src=\"https:\/\/www.cptf.it\/it\/wp-content\/uploads\/cazzaniga-manuale-dellauto-mutuo-soccorso-150x150.jpg\" class=\"\" alt=\"Manuale dell&#039;Auto Mutuo Aiuto\" title=\"cazzaniga - manuale dell&#039;auto mutuo soccorso\" data-caption=\"Manuale dell&#039;Auto Mutuo Aiuto\" data-src=\"https:\/\/www.cptf.it\/it\/wp-content\/uploads\/cazzaniga-manuale-dellauto-mutuo-soccorso.jpg\" data-large_image=\"https:\/\/www.cptf.it\/it\/wp-content\/uploads\/cazzaniga-manuale-dellauto-mutuo-soccorso.jpg\" data-large_image_width=\"2448\" data-large_image_height=\"3264\" srcset=\"https:\/\/www.cptf.it\/it\/wp-content\/uploads\/cazzaniga-manuale-dellauto-mutuo-soccorso-150x150.jpg 150w, https:\/\/www.cptf.it\/it\/wp-content\/uploads\/cazzaniga-manuale-dellauto-mutuo-soccorso-570x570.jpg 570w, https:\/\/www.cptf.it\/it\/wp-content\/uploads\/cazzaniga-manuale-dellauto-mutuo-soccorso-500x500.jpg 500w, https:\/\/www.cptf.it\/it\/wp-content\/uploads\/cazzaniga-manuale-dellauto-mutuo-soccorso-1000x1000.jpg 1000w\" sizes=\"(max-width: 70px) 100vw, 70px\" \/><\/a><\/div><\/td><td>Manuale dell&#8217;Auto Mutuo Aiuto<\/td><td>Cazzaniga E.<\/td><td>Edizioni AMA MilanoMonza Brianza<\/td><\/tr><tr id=\"post-row-7347\" class=\"post-row post-type-biblioteca biblioteca-7347 publish\"><td><div style=\"width:70px;\" data-thumb=\"https:\/\/www.cptf.it\/it\/wp-content\/uploads\/cazzaniga-IsoleDifferenza-150x150.jpg\" class=\"posts-table-image-wrapper posts-table-gallery__image\"><a href=\"https:\/\/www.cptf.it\/it\/wp-content\/uploads\/cazzaniga-IsoleDifferenza.jpg\"><img loading=\"lazy\" decoding=\"async\" width=\"70\" height=\"70\" src=\"https:\/\/www.cptf.it\/it\/wp-content\/uploads\/cazzaniga-IsoleDifferenza-150x150.jpg\" class=\"\" alt=\"EPSON scanner Image\" title=\"EPSON scanner Image\" data-caption=\"EPSON scanner Image\" data-src=\"https:\/\/www.cptf.it\/it\/wp-content\/uploads\/cazzaniga-IsoleDifferenza.jpg\" data-large_image=\"https:\/\/www.cptf.it\/it\/wp-content\/uploads\/cazzaniga-IsoleDifferenza.jpg\" data-large_image_width=\"151\" data-large_image_height=\"214\" \/><\/a><\/div><\/td><td>Isole di differenza. Le dimensioni del  lutto<\/td><td>Cazzaniga E., Marchesi  G.C.<\/td><td>A.M.A. Lombardia<\/td><\/tr><tr id=\"post-row-7348\" class=\"post-row post-type-biblioteca biblioteca-7348 publish\"><td><div style=\"width:70px;\" data-thumb=\"https:\/\/www.cptf.it\/it\/wp-content\/uploads\/cecchin-verita-e-pregiudizi-132x150.jpg\" class=\"posts-table-image-wrapper posts-table-gallery__image\"><a href=\"https:\/\/www.cptf.it\/it\/wp-content\/uploads\/cecchin-verita-e-pregiudizi.jpg\"><img loading=\"lazy\" decoding=\"async\" width=\"70\" height=\"80\" src=\"https:\/\/www.cptf.it\/it\/wp-content\/uploads\/cecchin-verita-e-pregiudizi-132x150.jpg\" class=\"\" alt=\"Verit\u00e0 e pregiudizi. Un\u2019 approccio  sistemico alla psicoterapia.\" title=\"cecchin - verita-e-pregiudizi\" data-caption=\"Verit\u00e0 e pregiudizi. Un\u2019 approccio  sistemico alla psicoterapia.\" data-src=\"https:\/\/www.cptf.it\/it\/wp-content\/uploads\/cecchin-verita-e-pregiudizi.jpg\" data-large_image=\"https:\/\/www.cptf.it\/it\/wp-content\/uploads\/cecchin-verita-e-pregiudizi.jpg\" data-large_image_width=\"132\" data-large_image_height=\"200\" \/><\/a><\/div><\/td><td>Verit\u00e0 e pregiudizi. Un\u2019 approccio  sistemico alla psicoterapia.<\/td><td>Cecchin G.,  Lane G., Ray W.A<\/td><td>Raffaello Cortina Editore<\/td><\/tr><tr id=\"post-row-7349\" class=\"post-row post-type-biblioteca biblioteca-7349 publish\"><td><div style=\"width:70px;\" data-thumb=\"https:\/\/www.cptf.it\/it\/wp-content\/uploads\/cecchin-irriverenzajpg-150x150.jpg\" class=\"posts-table-image-wrapper posts-table-gallery__image\"><a href=\"https:\/\/www.cptf.it\/it\/wp-content\/uploads\/cecchin-irriverenzajpg.jpg\"><img loading=\"lazy\" decoding=\"async\" width=\"70\" height=\"70\" src=\"https:\/\/www.cptf.it\/it\/wp-content\/uploads\/cecchin-irriverenzajpg-150x150.jpg\" class=\"\" alt=\"Irriverenza. Una strategia di  sopravvivenza per i terapeuti.\" title=\"cecchin - irriverenzajpg\" data-caption=\"Irriverenza. Una strategia di  sopravvivenza per i terapeuti.\" data-src=\"https:\/\/www.cptf.it\/it\/wp-content\/uploads\/cecchin-irriverenzajpg.jpg\" data-large_image=\"https:\/\/www.cptf.it\/it\/wp-content\/uploads\/cecchin-irriverenzajpg.jpg\" data-large_image_width=\"170\" data-large_image_height=\"268\" \/><\/a><\/div><\/td><td>Irriverenza. Una strategia di  sopravvivenza per i terapeuti.<\/td><td>Cecchin G.,  Lane G., Ray W.A.<\/td><td>Franco Angeli<\/td><\/tr><tr id=\"post-row-7350\" class=\"post-row post-type-biblioteca biblioteca-7350 publish\"><td><div style=\"width:70px;\" data-thumb=\"https:\/\/www.cptf.it\/it\/wp-content\/uploads\/cecchin-idee-perfettejpg-150x150.jpg\" class=\"posts-table-image-wrapper posts-table-gallery__image\"><a href=\"https:\/\/www.cptf.it\/it\/wp-content\/uploads\/cecchin-idee-perfettejpg.jpg\"><img loading=\"lazy\" decoding=\"async\" width=\"70\" height=\"70\" src=\"https:\/\/www.cptf.it\/it\/wp-content\/uploads\/cecchin-idee-perfettejpg-150x150.jpg\" class=\"\" alt=\"Idee perfette. Hybris delle prigioni della mente.\" title=\"cecchin - idee perfettejpg\" data-caption=\"Idee perfette. Hybris delle prigioni della mente.\" data-src=\"https:\/\/www.cptf.it\/it\/wp-content\/uploads\/cecchin-idee-perfettejpg.jpg\" data-large_image=\"https:\/\/www.cptf.it\/it\/wp-content\/uploads\/cecchin-idee-perfettejpg.jpg\" data-large_image_width=\"161\" data-large_image_height=\"240\" \/><\/a><\/div><\/td><td>Idee perfette. Hybris delle prigioni della mente.<\/td><td>Cecchin G., Apolloni T.<\/td><td>Franco Angeli<\/td><\/tr><tr id=\"post-row-7351\" class=\"post-row post-type-biblioteca biblioteca-7351 publish\"><td><div style=\"width:70px;\" data-thumb=\"https:\/\/www.cptf.it\/it\/wp-content\/uploads\/CMTF-Atti-del-Convegno-150x150.jpg\" class=\"posts-table-image-wrapper posts-table-gallery__image\"><a href=\"https:\/\/www.cptf.it\/it\/wp-content\/uploads\/CMTF-Atti-del-Convegno.jpg\"><img loading=\"lazy\" decoding=\"async\" width=\"70\" height=\"70\" src=\"https:\/\/www.cptf.it\/it\/wp-content\/uploads\/CMTF-Atti-del-Convegno-150x150.jpg\" class=\"\" alt=\"Atti del X Convegno residenziale:  Conflitti e dialoghi: l&#039;enigma del  cambiamento\" title=\"CMTF - Atti del Convegno\" data-caption=\"Atti del X Convegno residenziale:  Conflitti e dialoghi: l&#039;enigma del  cambiamento\" data-src=\"https:\/\/www.cptf.it\/it\/wp-content\/uploads\/CMTF-Atti-del-Convegno.jpg\" data-large_image=\"https:\/\/www.cptf.it\/it\/wp-content\/uploads\/CMTF-Atti-del-Convegno.jpg\" data-large_image_width=\"640\" data-large_image_height=\"480\" \/><\/a><\/div><\/td><td>Atti del X Convegno residenziale:  Conflitti e dialoghi: l&#8217;enigma del  cambiamento<\/td><td>Centro Milanese di Terapia della Famiglia<\/td><td><\/td><\/tr><tr id=\"post-row-7352\" class=\"post-row post-type-biblioteca biblioteca-7352 publish\"><td><div style=\"width:70px;\" data-thumb=\"https:\/\/www.cptf.it\/it\/wp-content\/uploads\/ceruti-il-vincolo-e-le-possibilit\u00e0-150x150.jpg\" class=\"posts-table-image-wrapper posts-table-gallery__image\"><a href=\"https:\/\/www.cptf.it\/it\/wp-content\/uploads\/ceruti-il-vincolo-e-le-possibilit\u00e0.jpg\"><img loading=\"lazy\" decoding=\"async\" width=\"70\" height=\"70\" src=\"https:\/\/www.cptf.it\/it\/wp-content\/uploads\/ceruti-il-vincolo-e-le-possibilit\u00e0-150x150.jpg\" class=\"\" alt=\"Il vincolo e la possibilit\u00e0\" title=\"ceruti - il vincolo e le possibilit\u00e0\" data-caption=\"Il vincolo e la possibilit\u00e0\" data-src=\"https:\/\/www.cptf.it\/it\/wp-content\/uploads\/ceruti-il-vincolo-e-le-possibilit\u00e0.jpg\" data-large_image=\"https:\/\/www.cptf.it\/it\/wp-content\/uploads\/ceruti-il-vincolo-e-le-possibilit\u00e0.jpg\" data-large_image_width=\"170\" data-large_image_height=\"276\" \/><\/a><\/div><\/td><td>Il vincolo e la possibilit\u00e0<\/td><td>Ceruti M.<\/td><td>Feltrinelli<\/td><\/tr><tr id=\"post-row-7353\" class=\"post-row post-type-biblioteca biblioteca-7353 publish\"><td><div style=\"width:70px;\" data-thumb=\"https:\/\/www.cptf.it\/it\/wp-content\/uploads\/chianura-manuale-clinico-vol.II_-150x150.jpg\" class=\"posts-table-image-wrapper posts-table-gallery__image\"><a href=\"https:\/\/www.cptf.it\/it\/wp-content\/uploads\/chianura-manuale-clinico-vol.II_.jpg\"><img loading=\"lazy\" decoding=\"async\" width=\"70\" height=\"70\" src=\"https:\/\/www.cptf.it\/it\/wp-content\/uploads\/chianura-manuale-clinico-vol.II_-150x150.jpg\" class=\"\" alt=\"Manuale clinico di terapia familiare  Volume II: Le buone prassi nella terapia  sistemico \u2013 relazionale\" title=\"chianura - manuale clinico vol.II\" data-caption=\"Manuale clinico di terapia familiare  Volume II: Le buone prassi nella terapia  sistemico \u2013 relazionale\" data-src=\"https:\/\/www.cptf.it\/it\/wp-content\/uploads\/chianura-manuale-clinico-vol.II_.jpg\" data-large_image=\"https:\/\/www.cptf.it\/it\/wp-content\/uploads\/chianura-manuale-clinico-vol.II_.jpg\" data-large_image_width=\"150\" data-large_image_height=\"218\" \/><\/a><\/div><\/td><td>Manuale clinico di terapia familiare  Volume II: Le buone prassi nella terapia  sistemico \u2013 relazionale<\/td><td>Chianura P., Chianura L.,  Fuxa E., Mazzoni S.<\/td><td>Franco Angeli<\/td><\/tr><tr id=\"post-row-7354\" class=\"post-row post-type-biblioteca biblioteca-7354 publish\"><td><div style=\"width:70px;\" data-thumb=\"https:\/\/www.cptf.it\/it\/wp-content\/uploads\/chianura-munuale-clinico-vol.IIIjpg-150x150.jpg\" class=\"posts-table-image-wrapper posts-table-gallery__image\"><a href=\"https:\/\/www.cptf.it\/it\/wp-content\/uploads\/chianura-munuale-clinico-vol.IIIjpg.jpg\"><img loading=\"lazy\" decoding=\"async\" width=\"70\" height=\"70\" src=\"https:\/\/www.cptf.it\/it\/wp-content\/uploads\/chianura-munuale-clinico-vol.IIIjpg-150x150.jpg\" class=\"\" alt=\"Manuale clinico di terapia familiare  Volume III: Metodi e strumenti per la  valutazione dei processi relazionali\" title=\"chianura - munuale clinico vol.IIIjpg\" data-caption=\"Manuale clinico di terapia familiare  Volume III: Metodi e strumenti per la  valutazione dei processi relazionali\" data-src=\"https:\/\/www.cptf.it\/it\/wp-content\/uploads\/chianura-munuale-clinico-vol.IIIjpg.jpg\" data-large_image=\"https:\/\/www.cptf.it\/it\/wp-content\/uploads\/chianura-munuale-clinico-vol.IIIjpg.jpg\" data-large_image_width=\"150\" data-large_image_height=\"220\" \/><\/a><\/div><\/td><td>Manuale clinico di terapia familiare  Volume III: Metodi e strumenti per la  valutazione dei processi relazionali<\/td><td>Chianura P., Chianura L.,  Fuxa E., Mazzoni S.<\/td><td>Franco Angeli<\/td><\/tr><tr id=\"post-row-7355\" class=\"post-row post-type-biblioteca biblioteca-7355 publish\"><td><div style=\"width:70px;\" data-thumb=\"https:\/\/www.cptf.it\/it\/wp-content\/uploads\/Manuale-clinico-Vol.1-150x150.jpg\" class=\"posts-table-image-wrapper posts-table-gallery__image\"><a href=\"https:\/\/www.cptf.it\/it\/wp-content\/uploads\/Manuale-clinico-Vol.1.jpg\"><img loading=\"lazy\" decoding=\"async\" width=\"70\" height=\"70\" src=\"https:\/\/www.cptf.it\/it\/wp-content\/uploads\/Manuale-clinico-Vol.1-150x150.jpg\" class=\"\" alt=\"Manuale Clinico di terapia familiare Volume I: Processi relazionali e psicopatologia\" title=\"Manuale clinico Vol.1\" data-caption=\"Manuale Clinico di terapia familiare Volume I: Processi relazionali e psicopatologia\" data-src=\"https:\/\/www.cptf.it\/it\/wp-content\/uploads\/Manuale-clinico-Vol.1.jpg\" data-large_image=\"https:\/\/www.cptf.it\/it\/wp-content\/uploads\/Manuale-clinico-Vol.1.jpg\" data-large_image_width=\"202\" data-large_image_height=\"295\" srcset=\"https:\/\/www.cptf.it\/it\/wp-content\/uploads\/Manuale-clinico-Vol.1-150x150.jpg 150w, https:\/\/www.cptf.it\/it\/wp-content\/uploads\/Manuale-clinico-Vol.1-202x198.jpg 202w\" sizes=\"(max-width: 70px) 100vw, 70px\" \/><\/a><\/div><\/td><td>Manuale Clinico di terapia familiare Volume I: Processi relazionali e psicopatologia<\/td><td>Chianura P., Chianura L., Fuxa E., Mazzoni S.<\/td><td>Franco Angeli<\/td><\/tr><tr id=\"post-row-7408\" class=\"post-row post-type-biblioteca biblioteca-7408 publish\"><td><div style=\"width:70px;\" data-thumb=\"https:\/\/www.cptf.it\/it\/wp-content\/uploads\/chianura-le-relazioni-e-la-cura-viaggio-nel-mondo-della-psicoterapia-relazionale-9788846495068-150x150.jpg\" class=\"posts-table-image-wrapper posts-table-gallery__image\"><a href=\"https:\/\/www.cptf.it\/it\/wp-content\/uploads\/chianura-le-relazioni-e-la-cura-viaggio-nel-mondo-della-psicoterapia-relazionale-9788846495068.jpg\"><img loading=\"lazy\" decoding=\"async\" width=\"70\" height=\"70\" src=\"https:\/\/www.cptf.it\/it\/wp-content\/uploads\/chianura-le-relazioni-e-la-cura-viaggio-nel-mondo-della-psicoterapia-relazionale-9788846495068-150x150.jpg\" class=\"\" alt=\"Le relazioni e la cura. Viaggio nel  mondo della psicoterapia.\" title=\"chianura -le-relazioni-e-la-cura-viaggio-nel-mondo-della-psicoterapia-relazionale-9788846495068\" data-caption=\"Le relazioni e la cura. Viaggio nel  mondo della psicoterapia.\" data-src=\"https:\/\/www.cptf.it\/it\/wp-content\/uploads\/chianura-le-relazioni-e-la-cura-viaggio-nel-mondo-della-psicoterapia-relazionale-9788846495068.jpg\" data-large_image=\"https:\/\/www.cptf.it\/it\/wp-content\/uploads\/chianura-le-relazioni-e-la-cura-viaggio-nel-mondo-della-psicoterapia-relazionale-9788846495068.jpg\" data-large_image_width=\"200\" data-large_image_height=\"297\" srcset=\"https:\/\/www.cptf.it\/it\/wp-content\/uploads\/chianura-le-relazioni-e-la-cura-viaggio-nel-mondo-della-psicoterapia-relazionale-9788846495068-150x150.jpg 150w, https:\/\/www.cptf.it\/it\/wp-content\/uploads\/chianura-le-relazioni-e-la-cura-viaggio-nel-mondo-della-psicoterapia-relazionale-9788846495068-200x198.jpg 200w\" sizes=\"(max-width: 70px) 100vw, 70px\" \/><\/a><\/div><\/td><td>Le relazioni e la cura. Viaggio nel  mondo della psicoterapia.<\/td><td>Chianura P., Schepisi L.,  Dellarosa A.C., Menafro  M., Peruzzi P.<\/td><td>Franco Angeli<\/td><\/tr><tr id=\"post-row-7409\" class=\"post-row post-type-biblioteca biblioteca-7409 publish\"><td><div style=\"width:70px;\" data-thumb=\"https:\/\/www.cptf.it\/it\/wp-content\/uploads\/Cigoli_psicologia-della-separazione-150x150.jpg\" class=\"posts-table-image-wrapper posts-table-gallery__image\"><a href=\"https:\/\/www.cptf.it\/it\/wp-content\/uploads\/Cigoli_psicologia-della-separazione.jpg\"><img loading=\"lazy\" decoding=\"async\" width=\"70\" height=\"70\" src=\"https:\/\/www.cptf.it\/it\/wp-content\/uploads\/Cigoli_psicologia-della-separazione-150x150.jpg\" class=\"\" alt=\"Psicologia della separazione e del divorzio\" title=\"Cigoli_psicologia della separazione\" data-caption=\"Psicologia della separazione e del divorzio\" data-src=\"https:\/\/www.cptf.it\/it\/wp-content\/uploads\/Cigoli_psicologia-della-separazione.jpg\" data-large_image=\"https:\/\/www.cptf.it\/it\/wp-content\/uploads\/Cigoli_psicologia-della-separazione.jpg\" data-large_image_width=\"300\" data-large_image_height=\"300\" srcset=\"https:\/\/www.cptf.it\/it\/wp-content\/uploads\/Cigoli_psicologia-della-separazione-150x150.jpg 150w, https:\/\/www.cptf.it\/it\/wp-content\/uploads\/Cigoli_psicologia-della-separazione.jpg 300w\" sizes=\"(max-width: 70px) 100vw, 70px\" \/><\/a><\/div><\/td><td>Psicologia della separazione e del divorzio<\/td><td>Cigoli V.<\/td><td>Mulino<\/td><\/tr><tr id=\"post-row-7410\" class=\"post-row post-type-biblioteca biblioteca-7410 publish\"><td><div style=\"width:70px;\" data-thumb=\"https:\/\/www.cptf.it\/it\/wp-content\/uploads\/cigoli-il-legame-disperantejpg-136x150.jpg\" class=\"posts-table-image-wrapper posts-table-gallery__image\"><a href=\"https:\/\/www.cptf.it\/it\/wp-content\/uploads\/cigoli-il-legame-disperantejpg.jpg\"><img loading=\"lazy\" decoding=\"async\" width=\"70\" height=\"77\" src=\"https:\/\/www.cptf.it\/it\/wp-content\/uploads\/cigoli-il-legame-disperantejpg-136x150.jpg\" class=\"\" alt=\"Il legame disperante\" title=\"cigoli - il legame disperantejpg\" data-caption=\"Il legame disperante\" data-src=\"https:\/\/www.cptf.it\/it\/wp-content\/uploads\/cigoli-il-legame-disperantejpg.jpg\" data-large_image=\"https:\/\/www.cptf.it\/it\/wp-content\/uploads\/cigoli-il-legame-disperantejpg.jpg\" data-large_image_width=\"136\" data-large_image_height=\"216\" \/><\/a><\/div><\/td><td>Il legame disperante<\/td><td>Cigoli V., Galimberti M.,  Monelli<\/td><td>Raffaello Cortina<\/td><\/tr><tr id=\"post-row-7411\" class=\"post-row post-type-biblioteca biblioteca-7411 publish\"><td><div style=\"width:70px;\" data-thumb=\"https:\/\/www.cptf.it\/it\/wp-content\/uploads\/cigoli-separazione-divorzio-150x150.jpg\" class=\"posts-table-image-wrapper posts-table-gallery__image\"><a href=\"https:\/\/www.cptf.it\/it\/wp-content\/uploads\/cigoli-separazione-divorzio.jpg\"><img loading=\"lazy\" decoding=\"async\" width=\"70\" height=\"70\" src=\"https:\/\/www.cptf.it\/it\/wp-content\/uploads\/cigoli-separazione-divorzio-150x150.jpg\" class=\"\" alt=\"Separazione, divorzio e affidamento dei figli\" title=\"cigoli - separazione divorzio\" data-caption=\"Separazione, divorzio e affidamento dei figli\" data-src=\"https:\/\/www.cptf.it\/it\/wp-content\/uploads\/cigoli-separazione-divorzio.jpg\" data-large_image=\"https:\/\/www.cptf.it\/it\/wp-content\/uploads\/cigoli-separazione-divorzio.jpg\" data-large_image_width=\"200\" data-large_image_height=\"300\" srcset=\"https:\/\/www.cptf.it\/it\/wp-content\/uploads\/cigoli-separazione-divorzio-150x150.jpg 150w, https:\/\/www.cptf.it\/it\/wp-content\/uploads\/cigoli-separazione-divorzio-200x198.jpg 200w\" sizes=\"(max-width: 70px) 100vw, 70px\" \/><\/a><\/div><\/td><td>Separazione, divorzio e affidamento dei figli<\/td><td>Cigoli V., Gulotta G., Santi  G.<\/td><td>Giuffr\u00e8 Editore<\/td><\/tr><tr id=\"post-row-7412\" class=\"post-row post-type-biblioteca biblioteca-7412 publish\"><td><div style=\"width:70px;\" data-thumb=\"https:\/\/www.cptf.it\/it\/wp-content\/uploads\/Cigoli_Scabini_Alla-ricerca-150x150.jpg\" class=\"posts-table-image-wrapper posts-table-gallery__image\"><a href=\"https:\/\/www.cptf.it\/it\/wp-content\/uploads\/Cigoli_Scabini_Alla-ricerca.jpg\"><img loading=\"lazy\" decoding=\"async\" width=\"70\" height=\"70\" src=\"https:\/\/www.cptf.it\/it\/wp-content\/uploads\/Cigoli_Scabini_Alla-ricerca-150x150.jpg\" class=\"\" alt=\"Alla ricerca del famigliare. Il modello relazionale simbolico\" title=\"Cigoli_Scabini_Alla ricerca\" data-caption=\"Alla ricerca del famigliare. Il modello relazionale simbolico\" data-src=\"https:\/\/www.cptf.it\/it\/wp-content\/uploads\/Cigoli_Scabini_Alla-ricerca.jpg\" data-large_image=\"https:\/\/www.cptf.it\/it\/wp-content\/uploads\/Cigoli_Scabini_Alla-ricerca.jpg\" data-large_image_width=\"800\" data-large_image_height=\"800\" srcset=\"https:\/\/www.cptf.it\/it\/wp-content\/uploads\/Cigoli_Scabini_Alla-ricerca-150x150.jpg 150w, https:\/\/www.cptf.it\/it\/wp-content\/uploads\/Cigoli_Scabini_Alla-ricerca-300x300.jpg 300w, https:\/\/www.cptf.it\/it\/wp-content\/uploads\/Cigoli_Scabini_Alla-ricerca-768x768.jpg 768w, https:\/\/www.cptf.it\/it\/wp-content\/uploads\/Cigoli_Scabini_Alla-ricerca-570x570.jpg 570w, https:\/\/www.cptf.it\/it\/wp-content\/uploads\/Cigoli_Scabini_Alla-ricerca-500x500.jpg 500w, https:\/\/www.cptf.it\/it\/wp-content\/uploads\/Cigoli_Scabini_Alla-ricerca-700x700.jpg 700w, https:\/\/www.cptf.it\/it\/wp-content\/uploads\/Cigoli_Scabini_Alla-ricerca.jpg 800w\" sizes=\"(max-width: 70px) 100vw, 70px\" \/><\/a><\/div><\/td><td>Alla ricerca del famigliare. Il modello relazionale simbolico<\/td><td>Cigoli V., Scabini E.<\/td><td>Raffaello Cortina Editore<\/td><\/tr><tr id=\"post-row-7413\" class=\"post-row post-type-biblioteca biblioteca-7413 publish\"><td><div style=\"width:70px;\" data-thumb=\"https:\/\/www.cptf.it\/it\/wp-content\/uploads\/cirillo-il-cambiamento-nei-contesti-non-terapeutici-150x150.jpg\" class=\"posts-table-image-wrapper posts-table-gallery__image\"><a href=\"https:\/\/www.cptf.it\/it\/wp-content\/uploads\/cirillo-il-cambiamento-nei-contesti-non-terapeutici.jpg\"><img loading=\"lazy\" decoding=\"async\" width=\"70\" height=\"70\" src=\"https:\/\/www.cptf.it\/it\/wp-content\/uploads\/cirillo-il-cambiamento-nei-contesti-non-terapeutici-150x150.jpg\" class=\"\" alt=\"Il cambiamento nei contesti non  terapeutici\" title=\"cirillo - il cambiamento nei contesti non terapeutici\" data-caption=\"Il cambiamento nei contesti non  terapeutici\" data-src=\"https:\/\/www.cptf.it\/it\/wp-content\/uploads\/cirillo-il-cambiamento-nei-contesti-non-terapeutici.jpg\" data-large_image=\"https:\/\/www.cptf.it\/it\/wp-content\/uploads\/cirillo-il-cambiamento-nei-contesti-non-terapeutici.jpg\" data-large_image_width=\"201\" data-large_image_height=\"320\" srcset=\"https:\/\/www.cptf.it\/it\/wp-content\/uploads\/cirillo-il-cambiamento-nei-contesti-non-terapeutici-150x150.jpg 150w, https:\/\/www.cptf.it\/it\/wp-content\/uploads\/cirillo-il-cambiamento-nei-contesti-non-terapeutici-201x198.jpg 201w\" sizes=\"(max-width: 70px) 100vw, 70px\" \/><\/a><\/div><\/td><td>Il cambiamento nei contesti non  terapeutici<\/td><td>Cirillo S.<\/td><td>Raffaello Cortina Editore<\/td><\/tr><tr id=\"post-row-7414\" class=\"post-row post-type-biblioteca biblioteca-7414 publish\"><td><div style=\"width:70px;\" data-thumb=\"https:\/\/www.cptf.it\/it\/wp-content\/uploads\/Cirillo_Cattivi-genitori-150x150.jpg\" class=\"posts-table-image-wrapper posts-table-gallery__image\"><a href=\"https:\/\/www.cptf.it\/it\/wp-content\/uploads\/Cirillo_Cattivi-genitori.jpg\"><img loading=\"lazy\" decoding=\"async\" width=\"70\" height=\"70\" src=\"https:\/\/www.cptf.it\/it\/wp-content\/uploads\/Cirillo_Cattivi-genitori-150x150.jpg\" class=\"\" alt=\"Cattivi Genitori\" title=\"Cirillo_Cattivi genitori\" data-caption=\"Cattivi Genitori\" data-src=\"https:\/\/www.cptf.it\/it\/wp-content\/uploads\/Cirillo_Cattivi-genitori.jpg\" data-large_image=\"https:\/\/www.cptf.it\/it\/wp-content\/uploads\/Cirillo_Cattivi-genitori.jpg\" data-large_image_width=\"400\" data-large_image_height=\"400\" srcset=\"https:\/\/www.cptf.it\/it\/wp-content\/uploads\/Cirillo_Cattivi-genitori-150x150.jpg 150w, https:\/\/www.cptf.it\/it\/wp-content\/uploads\/Cirillo_Cattivi-genitori-300x300.jpg 300w, https:\/\/www.cptf.it\/it\/wp-content\/uploads\/Cirillo_Cattivi-genitori.jpg 400w\" sizes=\"(max-width: 70px) 100vw, 70px\" \/><\/a><\/div><\/td><td>Cattivi Genitori<\/td><td>Cirillo S.<\/td><td>Raffaello Cortina Editore<\/td><\/tr><tr id=\"post-row-7415\" class=\"post-row post-type-biblioteca biblioteca-7415 publish\"><td><\/td><td>Famiglie in crisi e affido familiare. Guida per gli operatori<\/td><td>Cirillo S.<\/td><td>NIS<\/td><\/tr><tr id=\"post-row-7416\" class=\"post-row post-type-biblioteca biblioteca-7416 publish\"><td><div style=\"width:70px;\" data-thumb=\"https:\/\/www.cptf.it\/it\/wp-content\/uploads\/Clement_Terapia-sessuale-sistemica-150x150.jpg\" class=\"posts-table-image-wrapper posts-table-gallery__image\"><a href=\"https:\/\/www.cptf.it\/it\/wp-content\/uploads\/Clement_Terapia-sessuale-sistemica.jpg\"><img loading=\"lazy\" decoding=\"async\" width=\"70\" height=\"70\" src=\"https:\/\/www.cptf.it\/it\/wp-content\/uploads\/Clement_Terapia-sessuale-sistemica-150x150.jpg\" class=\"\" alt=\"Terapia Sessuale Sistemica\" title=\"Clement_Terapia sessuale sistemica\" data-caption=\"Terapia Sessuale Sistemica\" data-src=\"https:\/\/www.cptf.it\/it\/wp-content\/uploads\/Clement_Terapia-sessuale-sistemica.jpg\" data-large_image=\"https:\/\/www.cptf.it\/it\/wp-content\/uploads\/Clement_Terapia-sessuale-sistemica.jpg\" data-large_image_width=\"800\" data-large_image_height=\"800\" srcset=\"https:\/\/www.cptf.it\/it\/wp-content\/uploads\/Clement_Terapia-sessuale-sistemica-150x150.jpg 150w, https:\/\/www.cptf.it\/it\/wp-content\/uploads\/Clement_Terapia-sessuale-sistemica-300x300.jpg 300w, https:\/\/www.cptf.it\/it\/wp-content\/uploads\/Clement_Terapia-sessuale-sistemica-768x768.jpg 768w, https:\/\/www.cptf.it\/it\/wp-content\/uploads\/Clement_Terapia-sessuale-sistemica-570x570.jpg 570w, https:\/\/www.cptf.it\/it\/wp-content\/uploads\/Clement_Terapia-sessuale-sistemica-500x500.jpg 500w, https:\/\/www.cptf.it\/it\/wp-content\/uploads\/Clement_Terapia-sessuale-sistemica-700x700.jpg 700w, https:\/\/www.cptf.it\/it\/wp-content\/uploads\/Clement_Terapia-sessuale-sistemica.jpg 800w\" sizes=\"(max-width: 70px) 100vw, 70px\" \/><\/a><\/div><\/td><td>Terapia Sessuale Sistemica<\/td><td>Clement U.<\/td><td>Raffaello Cortina Editore<\/td><\/tr><tr id=\"post-row-7417\" class=\"post-row post-type-biblioteca biblioteca-7417 publish\"><td><div style=\"width:70px;\" data-thumb=\"https:\/\/www.cptf.it\/it\/wp-content\/uploads\/codispoti-narrazione-150x150.jpg\" class=\"posts-table-image-wrapper posts-table-gallery__image\"><a href=\"https:\/\/www.cptf.it\/it\/wp-content\/uploads\/codispoti-narrazione.jpg\"><img loading=\"lazy\" decoding=\"async\" width=\"70\" height=\"70\" src=\"https:\/\/www.cptf.it\/it\/wp-content\/uploads\/codispoti-narrazione-150x150.jpg\" class=\"\" alt=\"Narrazione e attaccamento nelle patologie alimentari\" title=\"codispoti - narrazione\" data-caption=\"Narrazione e attaccamento nelle patologie alimentari\" data-src=\"https:\/\/www.cptf.it\/it\/wp-content\/uploads\/codispoti-narrazione.jpg\" data-large_image=\"https:\/\/www.cptf.it\/it\/wp-content\/uploads\/codispoti-narrazione.jpg\" data-large_image_width=\"225\" data-large_image_height=\"225\" srcset=\"https:\/\/www.cptf.it\/it\/wp-content\/uploads\/codispoti-narrazione-150x150.jpg 150w, https:\/\/www.cptf.it\/it\/wp-content\/uploads\/codispoti-narrazione.jpg 225w\" sizes=\"(max-width: 70px) 100vw, 70px\" \/><\/a><\/div><\/td><td>Narrazione e attaccamento nelle patologie alimentari<\/td><td>Codispoti O., Simonelli A<\/td><td>Raffaello Cortina Editore<\/td><\/tr><tr id=\"post-row-7418\" class=\"post-row post-type-biblioteca biblioteca-7418 publish\"><td><div style=\"width:70px;\" data-thumb=\"https:\/\/www.cptf.it\/it\/wp-content\/uploads\/download-7-150x150.jpg\" class=\"posts-table-image-wrapper posts-table-gallery__image\"><a href=\"https:\/\/www.cptf.it\/it\/wp-content\/uploads\/download-7.jpg\"><img loading=\"lazy\" decoding=\"async\" width=\"70\" height=\"70\" src=\"https:\/\/www.cptf.it\/it\/wp-content\/uploads\/download-7-150x150.jpg\" class=\"\" alt=\"La mappa del terapeuta\" title=\"download (7)\" data-caption=\"La mappa del terapeuta\" data-src=\"https:\/\/www.cptf.it\/it\/wp-content\/uploads\/download-7.jpg\" data-large_image=\"https:\/\/www.cptf.it\/it\/wp-content\/uploads\/download-7.jpg\" data-large_image_width=\"272\" data-large_image_height=\"185\" \/><\/a><\/div><\/td><td>La mappa del terapeuta<\/td><td>Colacicco F.<\/td><td>Scione Editore Roma<\/td><\/tr><tr id=\"post-row-7419\" class=\"post-row post-type-biblioteca biblioteca-7419 publish\"><td><\/td><td>Ogni psicopatologia \u00e8 un dono d&#8217;amore<\/td><td>Colacicco F.<\/td><td>Scione Editore Roma<\/td><\/tr><tr id=\"post-row-7420\" class=\"post-row post-type-biblioteca biblioteca-7420 publish\"><td><div style=\"width:70px;\" data-thumb=\"https:\/\/www.cptf.it\/it\/wp-content\/uploads\/conte-la-consulenza-tecnicajpg-150x150.jpg\" class=\"posts-table-image-wrapper posts-table-gallery__image\"><a href=\"https:\/\/www.cptf.it\/it\/wp-content\/uploads\/conte-la-consulenza-tecnicajpg.jpg\"><img loading=\"lazy\" decoding=\"async\" width=\"70\" height=\"70\" src=\"https:\/\/www.cptf.it\/it\/wp-content\/uploads\/conte-la-consulenza-tecnicajpg-150x150.jpg\" class=\"\" alt=\"La consulenza tecnica\" title=\"conte - la consulenza tecnicajpg\" data-caption=\"La consulenza tecnica\" data-src=\"https:\/\/www.cptf.it\/it\/wp-content\/uploads\/conte-la-consulenza-tecnicajpg.jpg\" data-large_image=\"https:\/\/www.cptf.it\/it\/wp-content\/uploads\/conte-la-consulenza-tecnicajpg.jpg\" data-large_image_width=\"200\" data-large_image_height=\"150\" \/><\/a><\/div><\/td><td>La consulenza tecnica<\/td><td>Conte M.<\/td><td>Giuffr\u00e8 Editore<\/td><\/tr><tr id=\"post-row-7422\" class=\"post-row post-type-biblioteca biblioteca-7422 publish\"><td><\/td><td>Terapia Familiare per Tossicodipendenze<\/td><td>Cooperativa sociale sanitaria \u201cAlbedo\u201d<\/td><td>NIS<\/td><\/tr><tr id=\"post-row-7424\" class=\"post-row post-type-biblioteca biblioteca-7424 publish\"><td><div style=\"width:70px;\" data-thumb=\"https:\/\/www.cptf.it\/it\/wp-content\/uploads\/covini-alla-conquista-del-territorio-150x150.jpg\" class=\"posts-table-image-wrapper posts-table-gallery__image\"><a href=\"https:\/\/www.cptf.it\/it\/wp-content\/uploads\/covini-alla-conquista-del-territorio.jpg\"><img loading=\"lazy\" decoding=\"async\" width=\"70\" height=\"70\" src=\"https:\/\/www.cptf.it\/it\/wp-content\/uploads\/covini-alla-conquista-del-territorio-150x150.jpg\" class=\"\" alt=\"Alla conquista del territorio. Processo di  trasformazione sistemica di un centro  psichiatrico.\" title=\"covini - alla conquista del territorio\" data-caption=\"Alla conquista del territorio. Processo di  trasformazione sistemica di un centro  psichiatrico.\" data-src=\"https:\/\/www.cptf.it\/it\/wp-content\/uploads\/covini-alla-conquista-del-territorio.jpg\" data-large_image=\"https:\/\/www.cptf.it\/it\/wp-content\/uploads\/covini-alla-conquista-del-territorio.jpg\" data-large_image_width=\"228\" data-large_image_height=\"321\" \/><\/a><\/div><\/td><td>Alla conquista del territorio. Processo di  trasformazione sistemica di un centro  psichiatrico.<\/td><td>Covini A., Fiocchi E.,  Pascuino R., Selvini M.<\/td><td>NIS<\/td><\/tr><tr id=\"post-row-7425\" class=\"post-row post-type-biblioteca biblioteca-7425 publish\"><td><div style=\"width:70px;\" data-thumb=\"https:\/\/www.cptf.it\/it\/wp-content\/uploads\/Cowan_dallalcova-150x150.jpg\" class=\"posts-table-image-wrapper posts-table-gallery__image\"><a href=\"https:\/\/www.cptf.it\/it\/wp-content\/uploads\/Cowan_dallalcova.jpg\"><img loading=\"lazy\" decoding=\"async\" width=\"70\" height=\"70\" src=\"https:\/\/www.cptf.it\/it\/wp-content\/uploads\/Cowan_dallalcova-150x150.jpg\" class=\"\" alt=\"Dall&#039;alcova al nido. La crisi della coppia alla nascita di un figlio\" title=\"Cowan_dall&#039;alcova\" data-caption=\"Dall&#039;alcova al nido. La crisi della coppia alla nascita di un figlio\" data-src=\"https:\/\/www.cptf.it\/it\/wp-content\/uploads\/Cowan_dallalcova.jpg\" data-large_image=\"https:\/\/www.cptf.it\/it\/wp-content\/uploads\/Cowan_dallalcova.jpg\" data-large_image_width=\"170\" data-large_image_height=\"277\" \/><\/a><\/div><\/td><td>Dall&#8217;alcova al nido. La crisi della coppia alla nascita di un figlio<\/td><td>Cowan C. P., Cowan P. A.<\/td><td>Raffaello Cortina Editore<\/td><\/tr><tr id=\"post-row-7446\" class=\"post-row post-type-biblioteca biblioteca-7446 publish\"><td><div style=\"width:70px;\" data-thumb=\"https:\/\/www.cptf.it\/it\/wp-content\/uploads\/Sbloccare-il-cervello-emotivo-150x150.jpg\" class=\"posts-table-image-wrapper posts-table-gallery__image\"><a href=\"https:\/\/www.cptf.it\/it\/wp-content\/uploads\/Sbloccare-il-cervello-emotivo.jpg\"><img loading=\"lazy\" decoding=\"async\" width=\"70\" height=\"70\" src=\"https:\/\/www.cptf.it\/it\/wp-content\/uploads\/Sbloccare-il-cervello-emotivo-150x150.jpg\" class=\"\" alt=\"Sbloccare il cervello emotivo\" title=\"Sbloccare il cervello emotivo\" data-caption=\"Sbloccare il cervello emotivo\" data-src=\"https:\/\/www.cptf.it\/it\/wp-content\/uploads\/Sbloccare-il-cervello-emotivo.jpg\" data-large_image=\"https:\/\/www.cptf.it\/it\/wp-content\/uploads\/Sbloccare-il-cervello-emotivo.jpg\" data-large_image_width=\"337\" data-large_image_height=\"500\" \/><\/a><\/div><\/td><td>Sbloccare il cervello emotivo<\/td><td>B. Ecker, R. Ticic, L. Hulley<\/td><td>Franco Angeli<\/td><\/tr><tr id=\"post-row-7447\" class=\"post-row post-type-biblioteca biblioteca-7447 publish\"><td><div style=\"width:70px;\" data-thumb=\"https:\/\/www.cptf.it\/it\/wp-content\/uploads\/bateson-verso-unecologia-della-mente-1-150x150.jpg\" class=\"posts-table-image-wrapper posts-table-gallery__image\"><a href=\"https:\/\/www.cptf.it\/it\/wp-content\/uploads\/bateson-verso-unecologia-della-mente-1.jpg\"><img loading=\"lazy\" decoding=\"async\" width=\"70\" height=\"70\" src=\"https:\/\/www.cptf.it\/it\/wp-content\/uploads\/bateson-verso-unecologia-della-mente-1-150x150.jpg\" class=\"\" alt=\"Verso un\u2019ecologia della mente\" title=\"bateson -verso un&#039;ecologia della mente\" data-caption=\"Verso un\u2019ecologia della mente\" data-src=\"https:\/\/www.cptf.it\/it\/wp-content\/uploads\/bateson-verso-unecologia-della-mente-1.jpg\" data-large_image=\"https:\/\/www.cptf.it\/it\/wp-content\/uploads\/bateson-verso-unecologia-della-mente-1.jpg\" data-large_image_width=\"649\" data-large_image_height=\"1004\" srcset=\"https:\/\/www.cptf.it\/it\/wp-content\/uploads\/bateson-verso-unecologia-della-mente-1-150x150.jpg 150w, https:\/\/www.cptf.it\/it\/wp-content\/uploads\/bateson-verso-unecologia-della-mente-1-570x570.jpg 570w, https:\/\/www.cptf.it\/it\/wp-content\/uploads\/bateson-verso-unecologia-della-mente-1-500x500.jpg 500w\" sizes=\"(max-width: 70px) 100vw, 70px\" \/><\/a><\/div><\/td><td>Verso un\u2019ecologia della mente<\/td><td>Bateson G<\/td><td>Adelphi<\/td><\/tr><tr id=\"post-row-7448\" class=\"post-row post-type-biblioteca biblioteca-7448 publish\"><td><div style=\"width:70px;\" data-thumb=\"https:\/\/www.cptf.it\/it\/wp-content\/uploads\/bateson-una-sacra-unit\u00e0jpg-150x150.jpg\" class=\"posts-table-image-wrapper posts-table-gallery__image\"><a href=\"https:\/\/www.cptf.it\/it\/wp-content\/uploads\/bateson-una-sacra-unit\u00e0jpg.jpg\"><img loading=\"lazy\" decoding=\"async\" width=\"70\" height=\"70\" src=\"https:\/\/www.cptf.it\/it\/wp-content\/uploads\/bateson-una-sacra-unit\u00e0jpg-150x150.jpg\" class=\"\" alt=\"Una sacra unit\u00e0. Altri passi verso un\u2019ecologia della mente.\" title=\"bateson - una sacra unit\u00e0jpg\" data-caption=\"Una sacra unit\u00e0. Altri passi verso un\u2019ecologia della mente.\" data-src=\"https:\/\/www.cptf.it\/it\/wp-content\/uploads\/bateson-una-sacra-unit\u00e0jpg.jpg\" data-large_image=\"https:\/\/www.cptf.it\/it\/wp-content\/uploads\/bateson-una-sacra-unit\u00e0jpg.jpg\" data-large_image_width=\"180\" data-large_image_height=\"279\" \/><\/a><\/div><\/td><td>Una sacra unit\u00e0. Altri passi verso un\u2019ecologia della mente.<\/td><td>Bateson G<\/td><td>Adelphi<\/td><\/tr><tr id=\"post-row-7449\" class=\"post-row post-type-biblioteca biblioteca-7449 publish\"><td><div style=\"width:70px;\" data-thumb=\"https:\/\/www.cptf.it\/it\/wp-content\/uploads\/Biancardi-Psicoterapia-come-etica.jpg\" class=\"posts-table-image-wrapper posts-table-gallery__image\"><a href=\"https:\/\/www.cptf.it\/it\/wp-content\/uploads\/Biancardi-Psicoterapia-come-etica.jpg\"><img loading=\"lazy\" decoding=\"async\" width=\"70\" height=\"99\" src=\"https:\/\/www.cptf.it\/it\/wp-content\/uploads\/Biancardi-Psicoterapia-come-etica.jpg\" class=\"\" alt=\"Psicoterapia come etica\" title=\"Biancardi- Psicoterapia come etica\" data-caption=\"Psicoterapia come etica\" data-src=\"https:\/\/www.cptf.it\/it\/wp-content\/uploads\/Biancardi-Psicoterapia-come-etica.jpg\" data-large_image=\"https:\/\/www.cptf.it\/it\/wp-content\/uploads\/Biancardi-Psicoterapia-come-etica.jpg\" data-large_image_width=\"119\" data-large_image_height=\"168\" \/><\/a><\/div><\/td><td>Psicoterapia come etica<\/td><td>Biancardi M., Galvez Sanchez F<\/td><td>Antigone Edizioni<\/td><\/tr><tr id=\"post-row-7450\" class=\"post-row post-type-biblioteca biblioteca-7450 publish\"><td><div style=\"width:70px;\" data-thumb=\"https:\/\/www.cptf.it\/it\/wp-content\/uploads\/Lealt\u00e0-invisibili-1-129x150.jpg\" class=\"posts-table-image-wrapper posts-table-gallery__image\"><a href=\"https:\/\/www.cptf.it\/it\/wp-content\/uploads\/Lealt\u00e0-invisibili-1.jpg\"><img loading=\"lazy\" decoding=\"async\" width=\"70\" height=\"81\" src=\"https:\/\/www.cptf.it\/it\/wp-content\/uploads\/Lealt\u00e0-invisibili-1-129x150.jpg\" class=\"\" alt=\"Lealt\u00e0 invisibili. La reciprocit\u00e0 nella terapia famigliare intergene\" title=\"Lealt\u00e0 invisibili\" data-caption=\"Lealt\u00e0 invisibili. La reciprocit\u00e0 nella terapia famigliare intergene\" data-src=\"https:\/\/www.cptf.it\/it\/wp-content\/uploads\/Lealt\u00e0-invisibili-1.jpg\" data-large_image=\"https:\/\/www.cptf.it\/it\/wp-content\/uploads\/Lealt\u00e0-invisibili-1.jpg\" data-large_image_width=\"129\" data-large_image_height=\"180\" \/><\/a><\/div><\/td><td>Lealt\u00e0 invisibili. La reciprocit\u00e0 nella terapia famigliare intergene<\/td><td>Bszormenyi-Nagi I., Spark G. M.<\/td><td>Astrolabio<\/td><\/tr><tr id=\"post-row-7452\" class=\"post-row post-type-biblioteca biblioteca-7452 publish\"><td><div style=\"width:70px;\" data-thumb=\"https:\/\/www.cptf.it\/it\/wp-content\/uploads\/Byng-Hall_letramedellafamiglia-1-150x150.jpg\" class=\"posts-table-image-wrapper posts-table-gallery__image\"><a href=\"https:\/\/www.cptf.it\/it\/wp-content\/uploads\/Byng-Hall_letramedellafamiglia-1.jpg\"><img loading=\"lazy\" decoding=\"async\" width=\"70\" height=\"70\" src=\"https:\/\/www.cptf.it\/it\/wp-content\/uploads\/Byng-Hall_letramedellafamiglia-1-150x150.jpg\" class=\"\" alt=\"Le trame della famiglia\" title=\"Byng-Hall_letramedellafamiglia\" data-caption=\"Le trame della famiglia\" data-src=\"https:\/\/www.cptf.it\/it\/wp-content\/uploads\/Byng-Hall_letramedellafamiglia-1.jpg\" data-large_image=\"https:\/\/www.cptf.it\/it\/wp-content\/uploads\/Byng-Hall_letramedellafamiglia-1.jpg\" data-large_image_width=\"170\" data-large_image_height=\"277\" \/><\/a><\/div><\/td><td>Le trame della famiglia<\/td><td>Byng-Hall J.<\/td><td>Raffaello Cortina Editore<\/td><\/tr><tr id=\"post-row-7453\" class=\"post-row post-type-biblioteca biblioteca-7453 publish\"><td><\/td><td>Costruire, raccontare e connettere<\/td><td>C. Parmentola<\/td><td>Ordine degli Psicologi<\/td><\/tr><tr id=\"post-row-7454\" class=\"post-row post-type-biblioteca biblioteca-7454 publish\"><td><div style=\"width:70px;\" data-thumb=\"https:\/\/www.cptf.it\/it\/wp-content\/uploads\/Cirillo_lafamigliamaltrattante-150x150.jpg\" class=\"posts-table-image-wrapper posts-table-gallery__image\"><a href=\"https:\/\/www.cptf.it\/it\/wp-content\/uploads\/Cirillo_lafamigliamaltrattante.jpg\"><img loading=\"lazy\" decoding=\"async\" width=\"70\" height=\"70\" src=\"https:\/\/www.cptf.it\/it\/wp-content\/uploads\/Cirillo_lafamigliamaltrattante-150x150.jpg\" class=\"\" alt=\"La famiglia maltrattante\" title=\"Cirillo_lafamigliamaltrattante\" data-caption=\"La famiglia maltrattante\" data-src=\"https:\/\/www.cptf.it\/it\/wp-content\/uploads\/Cirillo_lafamigliamaltrattante.jpg\" data-large_image=\"https:\/\/www.cptf.it\/it\/wp-content\/uploads\/Cirillo_lafamigliamaltrattante.jpg\" data-large_image_width=\"800\" data-large_image_height=\"800\" srcset=\"https:\/\/www.cptf.it\/it\/wp-content\/uploads\/Cirillo_lafamigliamaltrattante-150x150.jpg 150w, https:\/\/www.cptf.it\/it\/wp-content\/uploads\/Cirillo_lafamigliamaltrattante-300x300.jpg 300w, https:\/\/www.cptf.it\/it\/wp-content\/uploads\/Cirillo_lafamigliamaltrattante-768x768.jpg 768w, https:\/\/www.cptf.it\/it\/wp-content\/uploads\/Cirillo_lafamigliamaltrattante-570x570.jpg 570w, https:\/\/www.cptf.it\/it\/wp-content\/uploads\/Cirillo_lafamigliamaltrattante-500x500.jpg 500w, https:\/\/www.cptf.it\/it\/wp-content\/uploads\/Cirillo_lafamigliamaltrattante-700x700.jpg 700w, https:\/\/www.cptf.it\/it\/wp-content\/uploads\/Cirillo_lafamigliamaltrattante.jpg 800w\" sizes=\"(max-width: 70px) 100vw, 70px\" \/><\/a><\/div><\/td><td>La famiglia maltrattante<\/td><td>Cirillo S., Di Blasio P.<\/td><td>Raffaello Cortina Editore<\/td><\/tr><tr id=\"post-row-7455\" class=\"post-row post-type-biblioteca biblioteca-7455 publish\"><td><div style=\"width:70px;\" data-thumb=\"https:\/\/www.cptf.it\/it\/wp-content\/uploads\/download-9-150x150.jpg\" class=\"posts-table-image-wrapper posts-table-gallery__image\"><a href=\"https:\/\/www.cptf.it\/it\/wp-content\/uploads\/download-9.jpg\"><img loading=\"lazy\" decoding=\"async\" width=\"70\" height=\"70\" src=\"https:\/\/www.cptf.it\/it\/wp-content\/uploads\/download-9-150x150.jpg\" class=\"\" alt=\"Entrare in terapia\" title=\"download (9)\" data-caption=\"Entrare in terapia\" data-src=\"https:\/\/www.cptf.it\/it\/wp-content\/uploads\/download-9.jpg\" data-large_image=\"https:\/\/www.cptf.it\/it\/wp-content\/uploads\/download-9.jpg\" data-large_image_width=\"178\" data-large_image_height=\"283\" \/><\/a><\/div><\/td><td>Entrare in terapia<\/td><td>Cirillo S., Selvini M., Sorrentino A. M.<\/td><td>Raffaello Cortina Editore<\/td><\/tr><tr id=\"post-row-7456\" class=\"post-row post-type-biblioteca biblioteca-7456 publish\"><td><div style=\"width:70px;\" data-thumb=\"https:\/\/www.cptf.it\/it\/wp-content\/uploads\/terapia-d-impatto-150x150.jpg\" class=\"posts-table-image-wrapper posts-table-gallery__image\"><a href=\"https:\/\/www.cptf.it\/it\/wp-content\/uploads\/terapia-d-impatto.jpg\"><img loading=\"lazy\" decoding=\"async\" width=\"70\" height=\"70\" src=\"https:\/\/www.cptf.it\/it\/wp-content\/uploads\/terapia-d-impatto-150x150.jpg\" class=\"\" alt=\"Terapia d&#039;impatto\" title=\"terapia-d-impatto\" data-caption=\"Terapia d&#039;impatto\" data-src=\"https:\/\/www.cptf.it\/it\/wp-content\/uploads\/terapia-d-impatto.jpg\" data-large_image=\"https:\/\/www.cptf.it\/it\/wp-content\/uploads\/terapia-d-impatto.jpg\" data-large_image_width=\"250\" data-large_image_height=\"363\" \/><\/a><\/div><\/td><td>Terapia d&#8217;impatto<\/td><td>D. Beaulieu<\/td><td>Franco Angeli<\/td><\/tr><tr id=\"post-row-7457\" class=\"post-row post-type-biblioteca biblioteca-7457 publish\"><td><div style=\"width:70px;\" data-thumb=\"https:\/\/www.cptf.it\/it\/wp-content\/uploads\/damasio-emozione-e-coscienza-150x150.jpg\" class=\"posts-table-image-wrapper posts-table-gallery__image\"><a href=\"https:\/\/www.cptf.it\/it\/wp-content\/uploads\/damasio-emozione-e-coscienza.jpg\"><img loading=\"lazy\" decoding=\"async\" width=\"70\" height=\"70\" src=\"https:\/\/www.cptf.it\/it\/wp-content\/uploads\/damasio-emozione-e-coscienza-150x150.jpg\" class=\"\" alt=\"Emozione e coscienza\" title=\"damasio - emozione e coscienza\" data-caption=\"Emozione e coscienza\" data-src=\"https:\/\/www.cptf.it\/it\/wp-content\/uploads\/damasio-emozione-e-coscienza.jpg\" data-large_image=\"https:\/\/www.cptf.it\/it\/wp-content\/uploads\/damasio-emozione-e-coscienza.jpg\" data-large_image_width=\"152\" data-large_image_height=\"234\" \/><\/a><\/div><\/td><td>Emozione e coscienza<\/td><td>Damasio A. R<\/td><td>Adelphi<\/td><\/tr><tr id=\"post-row-7458\" class=\"post-row post-type-biblioteca biblioteca-7458 publish\"><td><div style=\"width:70px;\" data-thumb=\"https:\/\/www.cptf.it\/it\/wp-content\/uploads\/de-bernard-cinema-e-terapia-familiare-136x150.jpg\" class=\"posts-table-image-wrapper posts-table-gallery__image\"><a href=\"https:\/\/www.cptf.it\/it\/wp-content\/uploads\/de-bernard-cinema-e-terapia-familiare.jpg\"><img loading=\"lazy\" decoding=\"async\" width=\"70\" height=\"77\" src=\"https:\/\/www.cptf.it\/it\/wp-content\/uploads\/de-bernard-cinema-e-terapia-familiare-136x150.jpg\" class=\"\" alt=\"Cinema e Terapia Familiare. Il ciclo di  vita della famiglia attraverso la cinepresa\" title=\"de bernard - cinema e terapia familiare\" data-caption=\"Cinema e Terapia Familiare. Il ciclo di  vita della famiglia attraverso la cinepresa\" data-src=\"https:\/\/www.cptf.it\/it\/wp-content\/uploads\/de-bernard-cinema-e-terapia-familiare.jpg\" data-large_image=\"https:\/\/www.cptf.it\/it\/wp-content\/uploads\/de-bernard-cinema-e-terapia-familiare.jpg\" data-large_image_width=\"136\" data-large_image_height=\"196\" \/><\/a><\/div><\/td><td>Cinema e Terapia Familiare. Il ciclo di  vita della famiglia attraverso la cinepresa<\/td><td>De Bernard R., Senatore I.<\/td><td>Franco Angeli<\/td><\/tr><tr id=\"post-row-7459\" class=\"post-row post-type-biblioteca biblioteca-7459 publish\"><td><div style=\"width:70px;\" data-thumb=\"https:\/\/www.cptf.it\/it\/wp-content\/uploads\/de-danieli-un-ponte-per-oltrepassare-il-confine-150x150.jpg\" class=\"posts-table-image-wrapper posts-table-gallery__image\"><a href=\"https:\/\/www.cptf.it\/it\/wp-content\/uploads\/de-danieli-un-ponte-per-oltrepassare-il-confine.jpg\"><img loading=\"lazy\" decoding=\"async\" width=\"70\" height=\"70\" src=\"https:\/\/www.cptf.it\/it\/wp-content\/uploads\/de-danieli-un-ponte-per-oltrepassare-il-confine-150x150.jpg\" class=\"\" alt=\"Un ponte per oltrepassare il confine\" title=\"de danieli - un ponte per oltrepassare il confine\" data-caption=\"Un ponte per oltrepassare il confine\" data-src=\"https:\/\/www.cptf.it\/it\/wp-content\/uploads\/de-danieli-un-ponte-per-oltrepassare-il-confine.jpg\" data-large_image=\"https:\/\/www.cptf.it\/it\/wp-content\/uploads\/de-danieli-un-ponte-per-oltrepassare-il-confine.jpg\" data-large_image_width=\"295\" data-large_image_height=\"425\" \/><\/a><\/div><\/td><td>Un ponte per oltrepassare il confine<\/td><td>De Danieli M., Miola C<\/td><td>Imprimitur<\/td><\/tr><tr id=\"post-row-7460\" class=\"post-row post-type-biblioteca biblioteca-7460 publish\"><td><div style=\"width:70px;\" data-thumb=\"https:\/\/www.cptf.it\/it\/wp-content\/uploads\/de-vanna-ci-separiamo-150x150.jpg\" class=\"posts-table-image-wrapper posts-table-gallery__image\"><a href=\"https:\/\/www.cptf.it\/it\/wp-content\/uploads\/de-vanna-ci-separiamo.jpg\"><img loading=\"lazy\" decoding=\"async\" width=\"70\" height=\"70\" src=\"https:\/\/www.cptf.it\/it\/wp-content\/uploads\/de-vanna-ci-separiamo-150x150.jpg\" class=\"\" alt=\"Ci separiamo. Come dirlo ai nostri figli?\" title=\"de vanna - ci separiamo\" data-caption=\"Ci separiamo. Come dirlo ai nostri figli?\" data-src=\"https:\/\/www.cptf.it\/it\/wp-content\/uploads\/de-vanna-ci-separiamo.jpg\" data-large_image=\"https:\/\/www.cptf.it\/it\/wp-content\/uploads\/de-vanna-ci-separiamo.jpg\" data-large_image_width=\"170\" data-large_image_height=\"207\" \/><\/a><\/div><\/td><td>Ci separiamo. Come dirlo ai nostri figli?<\/td><td>De Vanna Coppola A., De Vanna I.<\/td><td>Edizione La Meridiana<\/td><\/tr><tr id=\"post-row-7461\" class=\"post-row post-type-biblioteca biblioteca-7461 publish\"><td><\/td><td>Il ruolo della famiglia nel lavoro con  persone affette da disturbo mentale grave  (ATTO)<\/td><td>Dell\u2019Acqua G., Cannalire M.<\/td><td><\/td><\/tr><tr id=\"post-row-7462\" class=\"post-row post-type-biblioteca biblioteca-7462 publish\"><td><div style=\"width:70px;\" data-thumb=\"https:\/\/www.cptf.it\/it\/wp-content\/uploads\/Dilts-I-livelli-di-pensiero-150x150.jpg\" class=\"posts-table-image-wrapper posts-table-gallery__image\"><a href=\"https:\/\/www.cptf.it\/it\/wp-content\/uploads\/Dilts-I-livelli-di-pensiero.jpg\"><img loading=\"lazy\" decoding=\"async\" width=\"70\" height=\"70\" src=\"https:\/\/www.cptf.it\/it\/wp-content\/uploads\/Dilts-I-livelli-di-pensiero-150x150.jpg\" class=\"\" alt=\"I livelli di pensiero\" title=\"Dilts-I livelli di pensiero\" data-caption=\"I livelli di pensiero\" data-src=\"https:\/\/www.cptf.it\/it\/wp-content\/uploads\/Dilts-I-livelli-di-pensiero.jpg\" data-large_image=\"https:\/\/www.cptf.it\/it\/wp-content\/uploads\/Dilts-I-livelli-di-pensiero.jpg\" data-large_image_width=\"172\" data-large_image_height=\"269\" \/><\/a><\/div><\/td><td>I livelli di pensiero<\/td><td>Dilts Robert<\/td><td>NLP Italy<\/td><\/tr><tr id=\"post-row-7463\" class=\"post-row post-type-biblioteca biblioteca-7463 publish\"><td><div style=\"width:70px;\" data-thumb=\"https:\/\/www.cptf.it\/it\/wp-content\/uploads\/doglio-parlare-per-tutti-150x150.jpg\" class=\"posts-table-image-wrapper posts-table-gallery__image\"><a href=\"https:\/\/www.cptf.it\/it\/wp-content\/uploads\/doglio-parlare-per-tutti.jpg\"><img loading=\"lazy\" decoding=\"async\" width=\"70\" height=\"70\" src=\"https:\/\/www.cptf.it\/it\/wp-content\/uploads\/doglio-parlare-per-tutti-150x150.jpg\" class=\"\" alt=\"Parlare per tutti\" title=\"doglio parlare per tutti\" data-caption=\"Parlare per tutti\" data-src=\"https:\/\/www.cptf.it\/it\/wp-content\/uploads\/doglio-parlare-per-tutti.jpg\" data-large_image=\"https:\/\/www.cptf.it\/it\/wp-content\/uploads\/doglio-parlare-per-tutti.jpg\" data-large_image_width=\"170\" data-large_image_height=\"252\" \/><\/a><\/div><\/td><td>Parlare per tutti<\/td><td>Doglio M<\/td><td>Lupetti<\/td><\/tr><tr id=\"post-row-7464\" class=\"post-row post-type-biblioteca biblioteca-7464 publish\"><td><div style=\"width:70px;\" data-thumb=\"https:\/\/www.cptf.it\/it\/wp-content\/uploads\/doglio-imparare-per-ridere-150x150.jpg\" class=\"posts-table-image-wrapper posts-table-gallery__image\"><a href=\"https:\/\/www.cptf.it\/it\/wp-content\/uploads\/doglio-imparare-per-ridere.jpg\"><img loading=\"lazy\" decoding=\"async\" width=\"70\" height=\"70\" src=\"https:\/\/www.cptf.it\/it\/wp-content\/uploads\/doglio-imparare-per-ridere-150x150.jpg\" class=\"\" alt=\"Imparare per ridere. Note in margine al pensiero di G. Bateson\" title=\"doglio - imparare per ridere\" data-caption=\"Imparare per ridere. Note in margine al pensiero di G. Bateson\" data-src=\"https:\/\/www.cptf.it\/it\/wp-content\/uploads\/doglio-imparare-per-ridere.jpg\" data-large_image=\"https:\/\/www.cptf.it\/it\/wp-content\/uploads\/doglio-imparare-per-ridere.jpg\" data-large_image_width=\"2448\" data-large_image_height=\"3264\" srcset=\"https:\/\/www.cptf.it\/it\/wp-content\/uploads\/doglio-imparare-per-ridere-150x150.jpg 150w, https:\/\/www.cptf.it\/it\/wp-content\/uploads\/doglio-imparare-per-ridere-570x570.jpg 570w, https:\/\/www.cptf.it\/it\/wp-content\/uploads\/doglio-imparare-per-ridere-500x500.jpg 500w, https:\/\/www.cptf.it\/it\/wp-content\/uploads\/doglio-imparare-per-ridere-1000x1000.jpg 1000w\" sizes=\"(max-width: 70px) 100vw, 70px\" \/><\/a><\/div><\/td><td>Imparare per ridere. Note in margine al pensiero di G. Bateson<\/td><td>Doglio M.<\/td><td>Change<\/td><\/tr><tr id=\"post-row-7465\" class=\"post-row post-type-biblioteca biblioteca-7465 publish\"><td><div style=\"width:70px;\" data-thumb=\"https:\/\/www.cptf.it\/it\/wp-content\/uploads\/lavorare-con-i-bambini-e-i-genitori-nel-processo-di-separazione-e-divorzio-173x300.jpg\" class=\"posts-table-image-wrapper posts-table-gallery__image\"><a href=\"https:\/\/www.cptf.it\/it\/wp-content\/uploads\/lavorare-con-i-bambini-e-i-genitori-nel-processo-di-separazione-e-divorzio.jpg\"><img loading=\"lazy\" decoding=\"async\" width=\"70\" height=\"120\" src=\"https:\/\/www.cptf.it\/it\/wp-content\/uploads\/lavorare-con-i-bambini-e-i-genitori-nel-processo-di-separazione-e-divorzio-173x300.jpg\" class=\"\" alt=\"Lavorare con i bambini e i genitori nel processo di separazione e divorzio\" title=\"lavorare-con-i-bambini-e-i-genitori-nel-processo-di-separazione-e-divorzio\" data-caption=\"Lavorare con i bambini e i genitori nel processo di separazione e divorzio\" data-src=\"https:\/\/www.cptf.it\/it\/wp-content\/uploads\/lavorare-con-i-bambini-e-i-genitori-nel-processo-di-separazione-e-divorzio.jpg\" data-large_image=\"https:\/\/www.cptf.it\/it\/wp-content\/uploads\/lavorare-con-i-bambini-e-i-genitori-nel-processo-di-separazione-e-divorzio.jpg\" data-large_image_width=\"250\" data-large_image_height=\"433\" srcset=\"https:\/\/www.cptf.it\/it\/wp-content\/uploads\/lavorare-con-i-bambini-e-i-genitori-nel-processo-di-separazione-e-divorzio-173x300.jpg 173w, https:\/\/www.cptf.it\/it\/wp-content\/uploads\/lavorare-con-i-bambini-e-i-genitori-nel-processo-di-separazione-e-divorzio.jpg 250w\" sizes=\"(max-width: 70px) 100vw, 70px\" \/><\/a><\/div><\/td><td>Lavorare con i bambini e i genitori nel processo di separazione e divorzio<\/td><td>Dowling E., Gorell Barnes G.<\/td><td>FrancoAngeli<\/td><\/tr><tr id=\"post-row-7466\" class=\"post-row post-type-biblioteca biblioteca-7466 publish\"><td><div style=\"width:70px;\" data-thumb=\"https:\/\/www.cptf.it\/it\/wp-content\/uploads\/Le-nuove-famiglie.-Teoria-ricerca-e-interventi-clinici-150x150.jpg\" class=\"posts-table-image-wrapper posts-table-gallery__image\"><a href=\"https:\/\/www.cptf.it\/it\/wp-content\/uploads\/Le-nuove-famiglie.-Teoria-ricerca-e-interventi-clinici.jpg\"><img loading=\"lazy\" decoding=\"async\" width=\"70\" height=\"70\" src=\"https:\/\/www.cptf.it\/it\/wp-content\/uploads\/Le-nuove-famiglie.-Teoria-ricerca-e-interventi-clinici-150x150.jpg\" class=\"\" alt=\"Le nuove famiglie. Teoria, ricerca e interventi clinici\" title=\"Le nuove famiglie. Teoria, ricerca e interventi clinici\" data-caption=\"Le nuove famiglie. Teoria, ricerca e interventi clinici\" data-src=\"https:\/\/www.cptf.it\/it\/wp-content\/uploads\/Le-nuove-famiglie.-Teoria-ricerca-e-interventi-clinici.jpg\" data-large_image=\"https:\/\/www.cptf.it\/it\/wp-content\/uploads\/Le-nuove-famiglie.-Teoria-ricerca-e-interventi-clinici.jpg\" data-large_image_width=\"170\" data-large_image_height=\"252\" \/><\/a><\/div><\/td><td>Le nuove famiglie. Teoria, ricerca e interventi clinici<\/td><td>D\u2019Amore S.<\/td><td>Francoangeli<\/td><\/tr><tr id=\"post-row-7467\" class=\"post-row post-type-biblioteca biblioteca-7467 publish\"><td><div style=\"width:70px;\" data-thumb=\"https:\/\/www.cptf.it\/it\/wp-content\/uploads\/fiabe-per-autostima-150x150.jpg\" class=\"posts-table-image-wrapper posts-table-gallery__image\"><a href=\"https:\/\/www.cptf.it\/it\/wp-content\/uploads\/fiabe-per-autostima.jpg\"><img loading=\"lazy\" decoding=\"async\" width=\"70\" height=\"70\" src=\"https:\/\/www.cptf.it\/it\/wp-content\/uploads\/fiabe-per-autostima-150x150.jpg\" class=\"\" alt=\"Le fiabe per... sviluppare l&#039;autostima\" title=\"fiabe-per-autostima\" data-caption=\"Le fiabe per... sviluppare l&#039;autostima\" data-src=\"https:\/\/www.cptf.it\/it\/wp-content\/uploads\/fiabe-per-autostima.jpg\" data-large_image=\"https:\/\/www.cptf.it\/it\/wp-content\/uploads\/fiabe-per-autostima.jpg\" data-large_image_width=\"301\" data-large_image_height=\"450\" srcset=\"https:\/\/www.cptf.it\/it\/wp-content\/uploads\/fiabe-per-autostima-150x150.jpg 150w, https:\/\/www.cptf.it\/it\/wp-content\/uploads\/fiabe-per-autostima-301x303.jpg 301w\" sizes=\"(max-width: 70px) 100vw, 70px\" \/><\/a><\/div><\/td><td>Le fiabe per&#8230; sviluppare l&#8217;autostima<\/td><td>E. Benini, G. Malombra<\/td><td>Franco Angeli<\/td><\/tr><tr id=\"post-row-7468\" class=\"post-row post-type-biblioteca biblioteca-7468 publish\"><td><div style=\"width:70px;\" data-thumb=\"https:\/\/www.cptf.it\/it\/wp-content\/uploads\/fiabe-per-paura-150x150.jpg\" class=\"posts-table-image-wrapper posts-table-gallery__image\"><a href=\"https:\/\/www.cptf.it\/it\/wp-content\/uploads\/fiabe-per-paura.jpg\"><img loading=\"lazy\" decoding=\"async\" width=\"70\" height=\"70\" src=\"https:\/\/www.cptf.it\/it\/wp-content\/uploads\/fiabe-per-paura-150x150.jpg\" class=\"\" alt=\"Le fiabe per... vincere la paura\" title=\"fiabe-per-paura\" data-caption=\"Le fiabe per... vincere la paura\" data-src=\"https:\/\/www.cptf.it\/it\/wp-content\/uploads\/fiabe-per-paura.jpg\" data-large_image=\"https:\/\/www.cptf.it\/it\/wp-content\/uploads\/fiabe-per-paura.jpg\" data-large_image_width=\"403\" data-large_image_height=\"600\" \/><\/a><\/div><\/td><td>Le fiabe per&#8230; vincere la paura<\/td><td>E. Benini, G. Malombra<\/td><td>Franco Angeli<\/td><\/tr><tr id=\"post-row-7469\" class=\"post-row post-type-biblioteca biblioteca-7469 publish\"><td><div style=\"width:70px;\" data-thumb=\"https:\/\/www.cptf.it\/it\/wp-content\/uploads\/fiabe-affrontare-gelosia-e-invidia-150x150.jpg\" class=\"posts-table-image-wrapper posts-table-gallery__image\"><a href=\"https:\/\/www.cptf.it\/it\/wp-content\/uploads\/fiabe-affrontare-gelosia-e-invidia.jpg\"><img loading=\"lazy\" decoding=\"async\" width=\"70\" height=\"70\" src=\"https:\/\/www.cptf.it\/it\/wp-content\/uploads\/fiabe-affrontare-gelosia-e-invidia-150x150.jpg\" class=\"\" alt=\"Le fiabe per... affrontare gelosia e invidia\" title=\"fiabe-affrontare-gelosia-e-invidia\" data-caption=\"Le fiabe per... affrontare gelosia e invidia\" data-src=\"https:\/\/www.cptf.it\/it\/wp-content\/uploads\/fiabe-affrontare-gelosia-e-invidia.jpg\" data-large_image=\"https:\/\/www.cptf.it\/it\/wp-content\/uploads\/fiabe-affrontare-gelosia-e-invidia.jpg\" data-large_image_width=\"315\" data-large_image_height=\"500\" \/><\/a><\/div><\/td><td>Le fiabe per&#8230; affrontare gelosia e invidia<\/td><td>E. Benini, G. Malombra<\/td><td>Le Comete Franco Angeli<\/td><\/tr><tr id=\"post-row-7470\" class=\"post-row post-type-biblioteca biblioteca-7470 publish\"><td><div style=\"width:70px;\" data-thumb=\"https:\/\/www.cptf.it\/it\/wp-content\/uploads\/enigma-della-coscienza-150x150.jpg\" class=\"posts-table-image-wrapper posts-table-gallery__image\"><a href=\"https:\/\/www.cptf.it\/it\/wp-content\/uploads\/enigma-della-coscienza.jpg\"><img loading=\"lazy\" decoding=\"async\" width=\"70\" height=\"70\" src=\"https:\/\/www.cptf.it\/it\/wp-content\/uploads\/enigma-della-coscienza-150x150.jpg\" class=\"\" alt=\"L&#039;enigma della coscienza\" title=\"enigma-della-coscienza\" data-caption=\"L&#039;enigma della coscienza\" data-src=\"https:\/\/www.cptf.it\/it\/wp-content\/uploads\/enigma-della-coscienza.jpg\" data-large_image=\"https:\/\/www.cptf.it\/it\/wp-content\/uploads\/enigma-della-coscienza.jpg\" data-large_image_width=\"390\" data-large_image_height=\"551\" \/><\/a><\/div><\/td><td>L&#8217;enigma della coscienza<\/td><td>E. Facco<\/td><td>Mondadori Universit\u00e0<\/td><\/tr><tr id=\"post-row-7471\" class=\"post-row post-type-biblioteca biblioteca-7471 publish\"><td><div style=\"width:70px;\" data-thumb=\"https:\/\/www.cptf.it\/it\/wp-content\/uploads\/edelstein-il-counseling-sistemico-pluralista\u00f9-150x150.jpg\" class=\"posts-table-image-wrapper posts-table-gallery__image\"><a href=\"https:\/\/www.cptf.it\/it\/wp-content\/uploads\/edelstein-il-counseling-sistemico-pluralista\u00f9.jpg\"><img loading=\"lazy\" decoding=\"async\" width=\"70\" height=\"70\" src=\"https:\/\/www.cptf.it\/it\/wp-content\/uploads\/edelstein-il-counseling-sistemico-pluralista\u00f9-150x150.jpg\" class=\"\" alt=\"Il counseling sistemico pluralista. Dalla teoria alla pratica\" title=\"edelstein - il counseling sistemico pluralista\u00f9\" data-caption=\"Il counseling sistemico pluralista. Dalla teoria alla pratica\" data-src=\"https:\/\/www.cptf.it\/it\/wp-content\/uploads\/edelstein-il-counseling-sistemico-pluralista\u00f9.jpg\" data-large_image=\"https:\/\/www.cptf.it\/it\/wp-content\/uploads\/edelstein-il-counseling-sistemico-pluralista\u00f9.jpg\" data-large_image_width=\"300\" data-large_image_height=\"300\" srcset=\"https:\/\/www.cptf.it\/it\/wp-content\/uploads\/edelstein-il-counseling-sistemico-pluralista\u00f9-150x150.jpg 150w, https:\/\/www.cptf.it\/it\/wp-content\/uploads\/edelstein-il-counseling-sistemico-pluralista\u00f9.jpg 300w\" sizes=\"(max-width: 70px) 100vw, 70px\" \/><\/a><\/div><\/td><td>Il counseling sistemico pluralista. Dalla teoria alla pratica<\/td><td>Edelstein C.<\/td><td>Erickson<\/td><\/tr><tr id=\"post-row-7473\" class=\"post-row post-type-biblioteca biblioteca-7473 publish\"><td><div style=\"width:70px;\" data-thumb=\"https:\/\/www.cptf.it\/it\/wp-content\/uploads\/elkaim-se-mi-ami-non-amarmi-136x150.jpg\" class=\"posts-table-image-wrapper posts-table-gallery__image\"><a href=\"https:\/\/www.cptf.it\/it\/wp-content\/uploads\/elkaim-se-mi-ami-non-amarmi.jpg\"><img loading=\"lazy\" decoding=\"async\" width=\"70\" height=\"77\" src=\"https:\/\/www.cptf.it\/it\/wp-content\/uploads\/elkaim-se-mi-ami-non-amarmi-136x150.jpg\" class=\"\" alt=\"Se mi ami non amarmi\" title=\"elkaim - se mi ami non amarmi\" data-caption=\"Se mi ami non amarmi\" data-src=\"https:\/\/www.cptf.it\/it\/wp-content\/uploads\/elkaim-se-mi-ami-non-amarmi.jpg\" data-large_image=\"https:\/\/www.cptf.it\/it\/wp-content\/uploads\/elkaim-se-mi-ami-non-amarmi.jpg\" data-large_image_width=\"136\" data-large_image_height=\"210\" \/><\/a><\/div><\/td><td>Se mi ami non amarmi<\/td><td>Elkaim M.<\/td><td>Bollati Boringhieri<\/td><\/tr><tr id=\"post-row-7475\" class=\"post-row post-type-biblioteca biblioteca-7475 publish\"><td><div style=\"width:70px;\" data-thumb=\"https:\/\/www.cptf.it\/it\/wp-content\/uploads\/Emery_laverit\u00e0suifiglieildivorzio-150x150.jpg\" class=\"posts-table-image-wrapper posts-table-gallery__image\"><a href=\"https:\/\/www.cptf.it\/it\/wp-content\/uploads\/Emery_laverit\u00e0suifiglieildivorzio.jpg\"><img loading=\"lazy\" decoding=\"async\" width=\"70\" height=\"70\" src=\"https:\/\/www.cptf.it\/it\/wp-content\/uploads\/Emery_laverit\u00e0suifiglieildivorzio-150x150.jpg\" class=\"\" alt=\"La verit\u00e0 sui figli e il divorzio\" title=\"Emery_laverit\u00e0suifiglieildivorzio\" data-caption=\"La verit\u00e0 sui figli e il divorzio\" data-src=\"https:\/\/www.cptf.it\/it\/wp-content\/uploads\/Emery_laverit\u00e0suifiglieildivorzio.jpg\" data-large_image=\"https:\/\/www.cptf.it\/it\/wp-content\/uploads\/Emery_laverit\u00e0suifiglieildivorzio.jpg\" data-large_image_width=\"164\" data-large_image_height=\"237\" \/><\/a><\/div><\/td><td>La verit\u00e0 sui figli e il divorzio<\/td><td>Emery E. R.<\/td><td>FrancoAngeli<\/td><\/tr><tr id=\"post-row-7476\" class=\"post-row post-type-biblioteca biblioteca-7476 publish\"><td><div style=\"width:70px;\" data-thumb=\"https:\/\/www.cptf.it\/it\/wp-content\/uploads\/emery-il-divorzio-136x150.jpg\" class=\"posts-table-image-wrapper posts-table-gallery__image\"><a href=\"https:\/\/www.cptf.it\/it\/wp-content\/uploads\/emery-il-divorzio.jpg\"><img loading=\"lazy\" decoding=\"async\" width=\"70\" height=\"77\" src=\"https:\/\/www.cptf.it\/it\/wp-content\/uploads\/emery-il-divorzio-136x150.jpg\" class=\"\" alt=\"Il divorzio. Rinegoziare le relazioni familiari\" title=\"emery - il divorzio\" data-caption=\"Il divorzio. Rinegoziare le relazioni familiari\" data-src=\"https:\/\/www.cptf.it\/it\/wp-content\/uploads\/emery-il-divorzio.jpg\" data-large_image=\"https:\/\/www.cptf.it\/it\/wp-content\/uploads\/emery-il-divorzio.jpg\" data-large_image_width=\"136\" data-large_image_height=\"224\" \/><\/a><\/div><\/td><td>Il divorzio. Rinegoziare le relazioni familiari<\/td><td>Emery R<\/td><td>Franco Angeli<\/td><\/tr><tr id=\"post-row-7478\" class=\"post-row post-type-biblioteca biblioteca-7478 publish\"><td><div style=\"width:70px;\" data-thumb=\"https:\/\/www.cptf.it\/it\/wp-content\/uploads\/Epting_psicoterapiadeicostruttipersonali-150x150.jpg\" class=\"posts-table-image-wrapper posts-table-gallery__image\"><a href=\"https:\/\/www.cptf.it\/it\/wp-content\/uploads\/Epting_psicoterapiadeicostruttipersonali.jpg\"><img loading=\"lazy\" decoding=\"async\" width=\"70\" height=\"70\" src=\"https:\/\/www.cptf.it\/it\/wp-content\/uploads\/Epting_psicoterapiadeicostruttipersonali-150x150.jpg\" class=\"\" alt=\"Psicoterapia dei costrutti personali\" title=\"Epting_psicoterapiadeicostruttipersonali\" data-caption=\"Psicoterapia dei costrutti personali\" data-src=\"https:\/\/www.cptf.it\/it\/wp-content\/uploads\/Epting_psicoterapiadeicostruttipersonali.jpg\" data-large_image=\"https:\/\/www.cptf.it\/it\/wp-content\/uploads\/Epting_psicoterapiadeicostruttipersonali.jpg\" data-large_image_width=\"200\" data-large_image_height=\"150\" \/><\/a><\/div><\/td><td>Psicoterapia dei costrutti personali<\/td><td>Epting F. R.<\/td><td>Psycho<\/td><\/tr><tr id=\"post-row-7479\" class=\"post-row post-type-biblioteca biblioteca-7479 publish\"><td><div style=\"width:70px;\" data-thumb=\"https:\/\/www.cptf.it\/it\/wp-content\/uploads\/Andolfi_La-terapia-di-coppia-in-una-prospettiva-130x150.jpg\" class=\"posts-table-image-wrapper posts-table-gallery__image\"><a href=\"https:\/\/www.cptf.it\/it\/wp-content\/uploads\/Andolfi_La-terapia-di-coppia-in-una-prospettiva.jpg\"><img loading=\"lazy\" decoding=\"async\" width=\"70\" height=\"81\" src=\"https:\/\/www.cptf.it\/it\/wp-content\/uploads\/Andolfi_La-terapia-di-coppia-in-una-prospettiva-130x150.jpg\" class=\"\" alt=\"La terapia di coppia in una prospettiva trigenerazionale. I seminari di Maurizio Andolfi\" title=\"Andolfi_La terapia di coppia in una prospettiva\" data-caption=\"La terapia di coppia in una prospettiva trigenerazionale. I seminari di Maurizio Andolfi\" data-src=\"https:\/\/www.cptf.it\/it\/wp-content\/uploads\/Andolfi_La-terapia-di-coppia-in-una-prospettiva.jpg\" data-large_image=\"https:\/\/www.cptf.it\/it\/wp-content\/uploads\/Andolfi_La-terapia-di-coppia-in-una-prospettiva.jpg\" data-large_image_width=\"130\" data-large_image_height=\"193\" \/><\/a><\/div><\/td><td>La terapia di coppia in una prospettiva trigenerazionale. I seminari di Maurizio Andolfi<\/td><td>Falcucci M., Mascellani A., Santona A., Sciamplicotti F.<\/td><td>Accademia di Psicoterapia della Famiglia<\/td><\/tr><tr id=\"post-row-7480\" class=\"post-row post-type-biblioteca biblioteca-7480 publish\"><td><div style=\"width:70px;\" data-thumb=\"https:\/\/www.cptf.it\/it\/wp-content\/uploads\/fiocco-la-disabilit\u00e0-150x150.jpg\" class=\"posts-table-image-wrapper posts-table-gallery__image\"><a href=\"https:\/\/www.cptf.it\/it\/wp-content\/uploads\/fiocco-la-disabilit\u00e0.jpg\"><img loading=\"lazy\" decoding=\"async\" width=\"70\" height=\"70\" src=\"https:\/\/www.cptf.it\/it\/wp-content\/uploads\/fiocco-la-disabilit\u00e0-150x150.jpg\" class=\"\" alt=\"La disabilit\u00e0 tra costruzione dell\u2019identit\u00e0 e cittadinanza\" title=\"fiocco - la disabilit\u00e0\" data-caption=\"La disabilit\u00e0 tra costruzione dell\u2019identit\u00e0 e cittadinanza\" data-src=\"https:\/\/www.cptf.it\/it\/wp-content\/uploads\/fiocco-la-disabilit\u00e0.jpg\" data-large_image=\"https:\/\/www.cptf.it\/it\/wp-content\/uploads\/fiocco-la-disabilit\u00e0.jpg\" data-large_image_width=\"170\" data-large_image_height=\"252\" \/><\/a><\/div><\/td><td>La disabilit\u00e0 tra costruzione dell\u2019identit\u00e0 e cittadinanza<\/td><td>Fiocco P. M, Mori L.<\/td><td>Franco Angeli<\/td><\/tr><tr id=\"post-row-7481\" class=\"post-row post-type-biblioteca biblioteca-7481 publish\"><td><div style=\"width:70px;\" data-thumb=\"https:\/\/www.cptf.it\/it\/wp-content\/uploads\/fivaz-il-triangolo-primario-le-prime-interazioni-triadiche-tra-padre-madre-e-bambino-150x150.jpg\" class=\"posts-table-image-wrapper posts-table-gallery__image\"><a href=\"https:\/\/www.cptf.it\/it\/wp-content\/uploads\/fivaz-il-triangolo-primario-le-prime-interazioni-triadiche-tra-padre-madre-e-bambino.jpg\"><img loading=\"lazy\" decoding=\"async\" width=\"70\" height=\"70\" src=\"https:\/\/www.cptf.it\/it\/wp-content\/uploads\/fivaz-il-triangolo-primario-le-prime-interazioni-triadiche-tra-padre-madre-e-bambino-150x150.jpg\" class=\"\" alt=\"Il triangolo primario\" title=\"fivaz il-triangolo-primario-le-prime-interazioni-triadiche-tra-padre-madre-e-bambino\" data-caption=\"Il triangolo primario\" data-src=\"https:\/\/www.cptf.it\/it\/wp-content\/uploads\/fivaz-il-triangolo-primario-le-prime-interazioni-triadiche-tra-padre-madre-e-bambino.jpg\" data-large_image=\"https:\/\/www.cptf.it\/it\/wp-content\/uploads\/fivaz-il-triangolo-primario-le-prime-interazioni-triadiche-tra-padre-madre-e-bambino.jpg\" data-large_image_width=\"300\" data-large_image_height=\"300\" srcset=\"https:\/\/www.cptf.it\/it\/wp-content\/uploads\/fivaz-il-triangolo-primario-le-prime-interazioni-triadiche-tra-padre-madre-e-bambino-150x150.jpg 150w, https:\/\/www.cptf.it\/it\/wp-content\/uploads\/fivaz-il-triangolo-primario-le-prime-interazioni-triadiche-tra-padre-madre-e-bambino.jpg 300w\" sizes=\"(max-width: 70px) 100vw, 70px\" \/><\/a><\/div><\/td><td>Il triangolo primario<\/td><td>Fivaz-Depeursinge E., Corboz-Warnery A<\/td><td>Raffaello Cortina Editore<\/td><\/tr><tr id=\"post-row-7482\" class=\"post-row post-type-biblioteca biblioteca-7482 publish\"><td><div style=\"width:70px;\" data-thumb=\"https:\/\/www.cptf.it\/it\/wp-content\/uploads\/Foerster_Sistemi-che-osservano-132x150.jpg\" class=\"posts-table-image-wrapper posts-table-gallery__image\"><a href=\"https:\/\/www.cptf.it\/it\/wp-content\/uploads\/Foerster_Sistemi-che-osservano.jpg\"><img loading=\"lazy\" decoding=\"async\" width=\"70\" height=\"80\" src=\"https:\/\/www.cptf.it\/it\/wp-content\/uploads\/Foerster_Sistemi-che-osservano-132x150.jpg\" class=\"\" alt=\"Sistemi che osservano\" title=\"Foerster_Sistemi che osservano\" data-caption=\"Sistemi che osservano\" data-src=\"https:\/\/www.cptf.it\/it\/wp-content\/uploads\/Foerster_Sistemi-che-osservano.jpg\" data-large_image=\"https:\/\/www.cptf.it\/it\/wp-content\/uploads\/Foerster_Sistemi-che-osservano.jpg\" data-large_image_width=\"132\" data-large_image_height=\"200\" \/><\/a><\/div><\/td><td>Sistemi che osservano<\/td><td>Foerster Von H.<\/td><td>Astrolabio<\/td><\/tr><tr id=\"post-row-7483\" class=\"post-row post-type-biblioteca biblioteca-7483 publish\"><td><div style=\"width:70px;\" data-thumb=\"https:\/\/www.cptf.it\/it\/wp-content\/uploads\/attaccamento-e-funzione-riflessiva-150x150.jpg\" class=\"posts-table-image-wrapper posts-table-gallery__image\"><a href=\"https:\/\/www.cptf.it\/it\/wp-content\/uploads\/attaccamento-e-funzione-riflessiva.jpg\"><img loading=\"lazy\" decoding=\"async\" width=\"70\" height=\"70\" src=\"https:\/\/www.cptf.it\/it\/wp-content\/uploads\/attaccamento-e-funzione-riflessiva-150x150.jpg\" class=\"\" alt=\"Attaccamento e Funzione Riflessiva\" title=\"attaccamento-e-funzione-riflessiva\" data-caption=\"Attaccamento e Funzione Riflessiva\" data-src=\"https:\/\/www.cptf.it\/it\/wp-content\/uploads\/attaccamento-e-funzione-riflessiva.jpg\" data-large_image=\"https:\/\/www.cptf.it\/it\/wp-content\/uploads\/attaccamento-e-funzione-riflessiva.jpg\" data-large_image_width=\"250\" data-large_image_height=\"399\" \/><\/a><\/div><\/td><td>Attaccamento e Funzione Riflessiva<\/td><td>Fonagy P., Target M.<\/td><td>Raffaello Cortina Editore<\/td><\/tr><tr id=\"post-row-7484\" class=\"post-row post-type-biblioteca biblioteca-7484 publish\"><td><div style=\"width:70px;\" data-thumb=\"https:\/\/www.cptf.it\/it\/wp-content\/uploads\/freud-opere-I-150x150.jpg\" class=\"posts-table-image-wrapper posts-table-gallery__image\"><a href=\"https:\/\/www.cptf.it\/it\/wp-content\/uploads\/freud-opere-I.jpg\"><img loading=\"lazy\" decoding=\"async\" width=\"70\" height=\"70\" src=\"https:\/\/www.cptf.it\/it\/wp-content\/uploads\/freud-opere-I-150x150.jpg\" class=\"\" alt=\"Opere (parte I e parte II)\" title=\"freud - opere I\" data-caption=\"Opere (parte I e parte II)\" data-src=\"https:\/\/www.cptf.it\/it\/wp-content\/uploads\/freud-opere-I.jpg\" data-large_image=\"https:\/\/www.cptf.it\/it\/wp-content\/uploads\/freud-opere-I.jpg\" data-large_image_width=\"2448\" data-large_image_height=\"3264\" srcset=\"https:\/\/www.cptf.it\/it\/wp-content\/uploads\/freud-opere-I-150x150.jpg 150w, https:\/\/www.cptf.it\/it\/wp-content\/uploads\/freud-opere-I-570x570.jpg 570w, https:\/\/www.cptf.it\/it\/wp-content\/uploads\/freud-opere-I-500x500.jpg 500w, https:\/\/www.cptf.it\/it\/wp-content\/uploads\/freud-opere-I-1000x1000.jpg 1000w\" sizes=\"(max-width: 70px) 100vw, 70px\" \/><\/a><\/div><\/td><td>Opere (parte I e parte II)<\/td><td>Freud S.<\/td><td>Gruppo Editoriale l'Espresso<\/td><\/tr><tr id=\"post-row-7485\" class=\"post-row post-type-biblioteca biblioteca-7485 publish\"><td><div style=\"width:70px;\" data-thumb=\"https:\/\/www.cptf.it\/it\/wp-content\/uploads\/Friedlander_Alleanze-Terapeutiche-150x150.jpg\" class=\"posts-table-image-wrapper posts-table-gallery__image\"><a href=\"https:\/\/www.cptf.it\/it\/wp-content\/uploads\/Friedlander_Alleanze-Terapeutiche.jpg\"><img loading=\"lazy\" decoding=\"async\" width=\"70\" height=\"70\" src=\"https:\/\/www.cptf.it\/it\/wp-content\/uploads\/Friedlander_Alleanze-Terapeutiche-150x150.jpg\" class=\"\" alt=\"Alleanze Terapeutiche nella Terapia di Coppia e della Famiglia\" title=\"Friedlander_Alleanze Terapeutiche\" data-caption=\"Alleanze Terapeutiche nella Terapia di Coppia e della Famiglia\" data-src=\"https:\/\/www.cptf.it\/it\/wp-content\/uploads\/Friedlander_Alleanze-Terapeutiche.jpg\" data-large_image=\"https:\/\/www.cptf.it\/it\/wp-content\/uploads\/Friedlander_Alleanze-Terapeutiche.jpg\" data-large_image_width=\"170\" data-large_image_height=\"242\" \/><\/a><\/div><\/td><td>Alleanze Terapeutiche nella Terapia di Coppia e della Famiglia<\/td><td>Friedlander M.L., Escudero V., Heatherington L.<\/td><td>Firera & Liuzzo Publishing<\/td><\/tr><tr id=\"post-row-7486\" class=\"post-row post-type-biblioteca biblioteca-7486 publish\"><td><div style=\"width:70px;\" data-thumb=\"https:\/\/www.cptf.it\/it\/wp-content\/uploads\/frison-master-planning-150x150.jpg\" class=\"posts-table-image-wrapper posts-table-gallery__image\"><a href=\"https:\/\/www.cptf.it\/it\/wp-content\/uploads\/frison-master-planning.jpg\"><img loading=\"lazy\" decoding=\"async\" width=\"70\" height=\"70\" src=\"https:\/\/www.cptf.it\/it\/wp-content\/uploads\/frison-master-planning-150x150.jpg\" class=\"\" alt=\"Master Planning. Una metodologia di lavoro\" title=\"frison master planning\" data-caption=\"Master Planning. Una metodologia di lavoro\" data-src=\"https:\/\/www.cptf.it\/it\/wp-content\/uploads\/frison-master-planning.jpg\" data-large_image=\"https:\/\/www.cptf.it\/it\/wp-content\/uploads\/frison-master-planning.jpg\" data-large_image_width=\"185\" data-large_image_height=\"272\" \/><\/a><\/div><\/td><td>Master Planning. Una metodologia di lavoro<\/td><td>Frison R., Salati R<\/td><td>Edizioni Sapere<\/td><\/tr><tr id=\"post-row-7487\" class=\"post-row post-type-biblioteca biblioteca-7487 publish\"><td><div style=\"width:70px;\" data-thumb=\"https:\/\/www.cptf.it\/it\/wp-content\/uploads\/fruggeri-famiglie-150x150.jpg\" class=\"posts-table-image-wrapper posts-table-gallery__image\"><a href=\"https:\/\/www.cptf.it\/it\/wp-content\/uploads\/fruggeri-famiglie.jpg\"><img loading=\"lazy\" decoding=\"async\" width=\"70\" height=\"70\" src=\"https:\/\/www.cptf.it\/it\/wp-content\/uploads\/fruggeri-famiglie-150x150.jpg\" class=\"\" alt=\"Famiglie\" title=\"fruggeri - famiglie\" data-caption=\"Famiglie\" data-src=\"https:\/\/www.cptf.it\/it\/wp-content\/uploads\/fruggeri-famiglie.jpg\" data-large_image=\"https:\/\/www.cptf.it\/it\/wp-content\/uploads\/fruggeri-famiglie.jpg\" data-large_image_width=\"205\" data-large_image_height=\"300\" \/><\/a><\/div><\/td><td>Famiglie<\/td><td>Fruggeri L.<\/td><td>Carocci<\/td><\/tr><tr id=\"post-row-7488\" class=\"post-row post-type-biblioteca biblioteca-7488 publish\"><td><div style=\"width:70px;\" data-thumb=\"https:\/\/www.cptf.it\/it\/wp-content\/uploads\/Fruggeri_osservare-le-famiglie-150x150.jpg\" class=\"posts-table-image-wrapper posts-table-gallery__image\"><a href=\"https:\/\/www.cptf.it\/it\/wp-content\/uploads\/Fruggeri_osservare-le-famiglie.jpg\"><img loading=\"lazy\" decoding=\"async\" width=\"70\" height=\"70\" src=\"https:\/\/www.cptf.it\/it\/wp-content\/uploads\/Fruggeri_osservare-le-famiglie-150x150.jpg\" class=\"\" alt=\"Osservare le Famiglie. Metodi e Tecniche\" title=\"Fruggeri_osservare le famiglie\" data-caption=\"Osservare le Famiglie. Metodi e Tecniche\" data-src=\"https:\/\/www.cptf.it\/it\/wp-content\/uploads\/Fruggeri_osservare-le-famiglie.jpg\" data-large_image=\"https:\/\/www.cptf.it\/it\/wp-content\/uploads\/Fruggeri_osservare-le-famiglie.jpg\" data-large_image_width=\"186\" data-large_image_height=\"271\" \/><\/a><\/div><\/td><td>Osservare le Famiglie. Metodi e Tecniche<\/td><td>Fruggeri L.<\/td><td>Carocci<\/td><\/tr><tr id=\"post-row-7489\" class=\"post-row post-type-biblioteca biblioteca-7489 publish\"><td><div style=\"width:70px;\" data-thumb=\"https:\/\/www.cptf.it\/it\/wp-content\/uploads\/fumagalli-la-promozione-della-cittadinanza-150x150.jpg\" class=\"posts-table-image-wrapper posts-table-gallery__image\"><a href=\"https:\/\/www.cptf.it\/it\/wp-content\/uploads\/fumagalli-la-promozione-della-cittadinanza.jpg\"><img loading=\"lazy\" decoding=\"async\" width=\"70\" height=\"70\" src=\"https:\/\/www.cptf.it\/it\/wp-content\/uploads\/fumagalli-la-promozione-della-cittadinanza-150x150.jpg\" class=\"\" alt=\"La promozione della cittadinanza come  responsabilit\u00e0 condivisa. L\u2019esperienza  pilota di mediazione civica sul territorio  della valle del Chiampo\" title=\"fumagalli - la promozione della cittadinanza\" data-caption=\"La promozione della cittadinanza come  responsabilit\u00e0 condivisa. L\u2019esperienza  pilota di mediazione civica sul territorio  della valle del Chiampo\" data-src=\"https:\/\/www.cptf.it\/it\/wp-content\/uploads\/fumagalli-la-promozione-della-cittadinanza.jpg\" data-large_image=\"https:\/\/www.cptf.it\/it\/wp-content\/uploads\/fumagalli-la-promozione-della-cittadinanza.jpg\" data-large_image_width=\"250\" data-large_image_height=\"371\" \/><\/a><\/div><\/td><td>La promozione della cittadinanza come  responsabilit\u00e0 condivisa. L\u2019esperienza  pilota di mediazione civica sul territorio  della valle del Chiampo<\/td><td>Fumagalli R., Paita M., Turchi G.P.<\/td><td>Domeneghini Editore<\/td><\/tr><tr id=\"post-row-7490\" class=\"post-row post-type-biblioteca biblioteca-7490 publish\"><td><\/td><td>Faces III. Uno strumento per la ricerca e  l\u2019osservazione clinica della famiglia<\/td><td>Galimberti C., Farina M<\/td><td>Edizioni Vita e Pensiero (Univ. Cattolica)<\/td><\/tr><tr id=\"post-row-7491\" class=\"post-row post-type-biblioteca biblioteca-7491 publish\"><td><div style=\"width:70px;\" data-thumb=\"https:\/\/www.cptf.it\/it\/wp-content\/uploads\/galli-miracoli-cicogne-provette-150x150.jpg\" class=\"posts-table-image-wrapper posts-table-gallery__image\"><a href=\"https:\/\/www.cptf.it\/it\/wp-content\/uploads\/galli-miracoli-cicogne-provette.jpg\"><img loading=\"lazy\" decoding=\"async\" width=\"70\" height=\"70\" src=\"https:\/\/www.cptf.it\/it\/wp-content\/uploads\/galli-miracoli-cicogne-provette-150x150.jpg\" class=\"\" alt=\"Miracoli Cicogne Provette. Riflessioni  cliniche: dalla procreazione  medicalmente assistita all\u2019adozione\" title=\"galli - miracoli cicogne provette\" data-caption=\"Miracoli Cicogne Provette. Riflessioni  cliniche: dalla procreazione  medicalmente assistita all\u2019adozione\" data-src=\"https:\/\/www.cptf.it\/it\/wp-content\/uploads\/galli-miracoli-cicogne-provette.jpg\" data-large_image=\"https:\/\/www.cptf.it\/it\/wp-content\/uploads\/galli-miracoli-cicogne-provette.jpg\" data-large_image_width=\"300\" data-large_image_height=\"300\" srcset=\"https:\/\/www.cptf.it\/it\/wp-content\/uploads\/galli-miracoli-cicogne-provette-150x150.jpg 150w, https:\/\/www.cptf.it\/it\/wp-content\/uploads\/galli-miracoli-cicogne-provette.jpg 300w\" sizes=\"(max-width: 70px) 100vw, 70px\" \/><\/a><\/div><\/td><td>Miracoli Cicogne Provette. Riflessioni  cliniche: dalla procreazione  medicalmente assistita all\u2019adozione<\/td><td>Galli J., Moro A<\/td><td>Armando Editore<\/td><\/tr><tr id=\"post-row-7492\" class=\"post-row post-type-biblioteca biblioteca-7492 publish\"><td><div style=\"width:70px;\" data-thumb=\"https:\/\/www.cptf.it\/it\/wp-content\/uploads\/La-consulenza-tecnica-fam-Gennari-150x150.jpg\" class=\"posts-table-image-wrapper posts-table-gallery__image\"><a href=\"https:\/\/www.cptf.it\/it\/wp-content\/uploads\/La-consulenza-tecnica-fam-Gennari.jpg\"><img loading=\"lazy\" decoding=\"async\" width=\"70\" height=\"70\" src=\"https:\/\/www.cptf.it\/it\/wp-content\/uploads\/La-consulenza-tecnica-fam-Gennari-150x150.jpg\" class=\"\" alt=\"La consulenza tecnica familiare nei procedimenti di separazione e divorzio\" title=\"La-consulenza-tecnica-fam-Gennari\" data-caption=\"La consulenza tecnica familiare nei procedimenti di separazione e divorzio\" data-src=\"https:\/\/www.cptf.it\/it\/wp-content\/uploads\/La-consulenza-tecnica-fam-Gennari.jpg\" data-large_image=\"https:\/\/www.cptf.it\/it\/wp-content\/uploads\/La-consulenza-tecnica-fam-Gennari.jpg\" data-large_image_width=\"200\" data-large_image_height=\"299\" srcset=\"https:\/\/www.cptf.it\/it\/wp-content\/uploads\/La-consulenza-tecnica-fam-Gennari-150x150.jpg 150w, https:\/\/www.cptf.it\/it\/wp-content\/uploads\/La-consulenza-tecnica-fam-Gennari-200x198.jpg 200w\" sizes=\"(max-width: 70px) 100vw, 70px\" \/><\/a><\/div><\/td><td>La consulenza tecnica familiare nei procedimenti di separazione e divorzio<\/td><td>Gennari M., Mombelli M., Pappalardo L., Tamanza G., Tonellato L.<\/td><td>Francoangeli<\/td><\/tr><tr id=\"post-row-7493\" class=\"post-row post-type-biblioteca biblioteca-7493 publish\"><td><div style=\"width:70px;\" data-thumb=\"https:\/\/www.cptf.it\/it\/wp-content\/uploads\/Gennari_Tamanza_il-disegno-congiunto-150x150.jpg\" class=\"posts-table-image-wrapper posts-table-gallery__image\"><a href=\"https:\/\/www.cptf.it\/it\/wp-content\/uploads\/Gennari_Tamanza_il-disegno-congiunto.jpg\"><img loading=\"lazy\" decoding=\"async\" width=\"70\" height=\"70\" src=\"https:\/\/www.cptf.it\/it\/wp-content\/uploads\/Gennari_Tamanza_il-disegno-congiunto-150x150.jpg\" class=\"\" alt=\"Il disegno congiunto della famiglia. Uno strumento per l&#039;analisi delle relazioni familiari\" title=\"Gennari_Tamanza_il disegno congiunto\" data-caption=\"Il disegno congiunto della famiglia. Uno strumento per l&#039;analisi delle relazioni familiari\" data-src=\"https:\/\/www.cptf.it\/it\/wp-content\/uploads\/Gennari_Tamanza_il-disegno-congiunto.jpg\" data-large_image=\"https:\/\/www.cptf.it\/it\/wp-content\/uploads\/Gennari_Tamanza_il-disegno-congiunto.jpg\" data-large_image_width=\"150\" data-large_image_height=\"222\" \/><\/a><\/div><\/td><td>Il disegno congiunto della famiglia. Uno strumento per l&#8217;analisi delle relazioni familiari<\/td><td>Gennari M., Tamanza G.<\/td><td>FrancoAngeli<\/td><\/tr><tr id=\"post-row-7494\" class=\"post-row post-type-biblioteca biblioteca-7494 publish\"><td><div style=\"width:70px;\" data-thumb=\"https:\/\/www.cptf.it\/it\/wp-content\/uploads\/images-7-150x150.jpg\" class=\"posts-table-image-wrapper posts-table-gallery__image\"><a href=\"https:\/\/www.cptf.it\/it\/wp-content\/uploads\/images-7.jpg\"><img loading=\"lazy\" decoding=\"async\" width=\"70\" height=\"70\" src=\"https:\/\/www.cptf.it\/it\/wp-content\/uploads\/images-7-150x150.jpg\" class=\"\" alt=\"EMDR e dissociazione: l&#039;approccio progressivo\" title=\"images (7)\" data-caption=\"EMDR e dissociazione: l&#039;approccio progressivo\" data-src=\"https:\/\/www.cptf.it\/it\/wp-content\/uploads\/images-7.jpg\" data-large_image=\"https:\/\/www.cptf.it\/it\/wp-content\/uploads\/images-7.jpg\" data-large_image_width=\"161\" data-large_image_height=\"215\" \/><\/a><\/div><\/td><td>EMDR e dissociazione: l&#8217;approccio progressivo<\/td><td>Gonz\u00e0lez A., Mosquera D.<\/td><td>Giovanni Fioriti Editore<\/td><\/tr><tr id=\"post-row-7495\" class=\"post-row post-type-biblioteca biblioteca-7495 publish\"><td><div style=\"width:70px;\" data-thumb=\"https:\/\/www.cptf.it\/it\/wp-content\/uploads\/gonzo-lintervista-nei-servizi-150x150.jpg\" class=\"posts-table-image-wrapper posts-table-gallery__image\"><a href=\"https:\/\/www.cptf.it\/it\/wp-content\/uploads\/gonzo-lintervista-nei-servizi.jpg\"><img loading=\"lazy\" decoding=\"async\" width=\"70\" height=\"70\" src=\"https:\/\/www.cptf.it\/it\/wp-content\/uploads\/gonzo-lintervista-nei-servizi-150x150.jpg\" class=\"\" alt=\"L\u2019intervista nei servizi sociosanitari\" title=\"gonzo - l&#039;intervista nei servizi\" data-caption=\"L\u2019intervista nei servizi sociosanitari\" data-src=\"https:\/\/www.cptf.it\/it\/wp-content\/uploads\/gonzo-lintervista-nei-servizi.jpg\" data-large_image=\"https:\/\/www.cptf.it\/it\/wp-content\/uploads\/gonzo-lintervista-nei-servizi.jpg\" data-large_image_width=\"300\" data-large_image_height=\"300\" srcset=\"https:\/\/www.cptf.it\/it\/wp-content\/uploads\/gonzo-lintervista-nei-servizi-150x150.jpg 150w, https:\/\/www.cptf.it\/it\/wp-content\/uploads\/gonzo-lintervista-nei-servizi.jpg 300w\" sizes=\"(max-width: 70px) 100vw, 70px\" \/><\/a><\/div><\/td><td>L\u2019intervista nei servizi sociosanitari<\/td><td>Gonzo M., Mosconi A., Tirelli M<\/td><td>Raffaello Cortina Editore<\/td><\/tr><tr id=\"post-row-7496\" class=\"post-row post-type-biblioteca biblioteca-7496 publish\"><td><div style=\"width:70px;\" data-thumb=\"https:\/\/www.cptf.it\/it\/wp-content\/uploads\/gordon-metaforejpg-150x150.jpg\" class=\"posts-table-image-wrapper posts-table-gallery__image\"><a href=\"https:\/\/www.cptf.it\/it\/wp-content\/uploads\/gordon-metaforejpg.jpg\"><img loading=\"lazy\" decoding=\"async\" width=\"70\" height=\"70\" src=\"https:\/\/www.cptf.it\/it\/wp-content\/uploads\/gordon-metaforejpg-150x150.jpg\" class=\"\" alt=\"Metafore terapeutiche\" title=\"gordon - metaforejpg\" data-caption=\"Metafore terapeutiche\" data-src=\"https:\/\/www.cptf.it\/it\/wp-content\/uploads\/gordon-metaforejpg.jpg\" data-large_image=\"https:\/\/www.cptf.it\/it\/wp-content\/uploads\/gordon-metaforejpg.jpg\" data-large_image_width=\"172\" data-large_image_height=\"240\" \/><\/a><\/div><\/td><td>Metafore terapeutiche<\/td><td>Gordon D<\/td><td>Astrolabio<\/td><\/tr><tr id=\"post-row-7497\" class=\"post-row post-type-biblioteca biblioteca-7497 publish\"><td><div style=\"width:70px;\" data-thumb=\"https:\/\/www.cptf.it\/it\/wp-content\/uploads\/gulotta-elementi-di-psicologia-giuridicajpg-150x150.jpg\" class=\"posts-table-image-wrapper posts-table-gallery__image\"><a href=\"https:\/\/www.cptf.it\/it\/wp-content\/uploads\/gulotta-elementi-di-psicologia-giuridicajpg.jpg\"><img loading=\"lazy\" decoding=\"async\" width=\"70\" height=\"70\" src=\"https:\/\/www.cptf.it\/it\/wp-content\/uploads\/gulotta-elementi-di-psicologia-giuridicajpg-150x150.jpg\" class=\"\" alt=\"Elementi di psicologia giuridica e di diritto psicologico\" title=\"gulotta elementi di psicologia giuridicajpg\" data-caption=\"Elementi di psicologia giuridica e di diritto psicologico\" data-src=\"https:\/\/www.cptf.it\/it\/wp-content\/uploads\/gulotta-elementi-di-psicologia-giuridicajpg.jpg\" data-large_image=\"https:\/\/www.cptf.it\/it\/wp-content\/uploads\/gulotta-elementi-di-psicologia-giuridicajpg.jpg\" data-large_image_width=\"170\" data-large_image_height=\"259\" \/><\/a><\/div><\/td><td>Elementi di psicologia giuridica e di diritto psicologico<\/td><td>Gulotta G.<\/td><td>Giuffr\u00e8 Editore<\/td><\/tr><tr id=\"post-row-7498\" class=\"post-row post-type-biblioteca biblioteca-7498 publish\"><td><div style=\"width:70px;\" data-thumb=\"https:\/\/www.cptf.it\/it\/wp-content\/uploads\/gulotta-commedie-e-drammi-nel-matrimonio-150x150.jpg\" class=\"posts-table-image-wrapper posts-table-gallery__image\"><a href=\"https:\/\/www.cptf.it\/it\/wp-content\/uploads\/gulotta-commedie-e-drammi-nel-matrimonio.jpg\"><img loading=\"lazy\" decoding=\"async\" width=\"70\" height=\"70\" src=\"https:\/\/www.cptf.it\/it\/wp-content\/uploads\/gulotta-commedie-e-drammi-nel-matrimonio-150x150.jpg\" class=\"\" alt=\"Commedie e drammi nel matrimonio\" title=\"gulotta -commedie e drammi nel matrimonio\" data-caption=\"Commedie e drammi nel matrimonio\" data-src=\"https:\/\/www.cptf.it\/it\/wp-content\/uploads\/gulotta-commedie-e-drammi-nel-matrimonio.jpg\" data-large_image=\"https:\/\/www.cptf.it\/it\/wp-content\/uploads\/gulotta-commedie-e-drammi-nel-matrimonio.jpg\" data-large_image_width=\"300\" data-large_image_height=\"468\" srcset=\"https:\/\/www.cptf.it\/it\/wp-content\/uploads\/gulotta-commedie-e-drammi-nel-matrimonio-150x150.jpg 150w, https:\/\/www.cptf.it\/it\/wp-content\/uploads\/gulotta-commedie-e-drammi-nel-matrimonio-300x303.jpg 300w\" sizes=\"(max-width: 70px) 100vw, 70px\" \/><\/a><\/div><\/td><td>Commedie e drammi nel matrimonio<\/td><td>Gulotta G.<\/td><td>Feltrinelli<\/td><\/tr><tr id=\"post-row-7499\" class=\"post-row post-type-biblioteca biblioteca-7499 publish\"><td><div style=\"width:70px;\" data-thumb=\"https:\/\/www.cptf.it\/it\/wp-content\/uploads\/gurman-manuale-di-terapia-della-famiglia-1-150x150.jpg\" class=\"posts-table-image-wrapper posts-table-gallery__image\"><a href=\"https:\/\/www.cptf.it\/it\/wp-content\/uploads\/gurman-manuale-di-terapia-della-famiglia-1.jpg\"><img loading=\"lazy\" decoding=\"async\" width=\"70\" height=\"70\" src=\"https:\/\/www.cptf.it\/it\/wp-content\/uploads\/gurman-manuale-di-terapia-della-famiglia-1-150x150.jpg\" class=\"\" alt=\"Manuale di Terapia della Famiglia\" title=\"gurman - manuale di terapia della famiglia\" data-caption=\"Manuale di Terapia della Famiglia\" data-src=\"https:\/\/www.cptf.it\/it\/wp-content\/uploads\/gurman-manuale-di-terapia-della-famiglia-1.jpg\" data-large_image=\"https:\/\/www.cptf.it\/it\/wp-content\/uploads\/gurman-manuale-di-terapia-della-famiglia-1.jpg\" data-large_image_width=\"200\" data-large_image_height=\"277\" srcset=\"https:\/\/www.cptf.it\/it\/wp-content\/uploads\/gurman-manuale-di-terapia-della-famiglia-1-150x150.jpg 150w, https:\/\/www.cptf.it\/it\/wp-content\/uploads\/gurman-manuale-di-terapia-della-famiglia-1-200x198.jpg 200w\" sizes=\"(max-width: 70px) 100vw, 70px\" \/><\/a><\/div><\/td><td>Manuale di Terapia della Famiglia<\/td><td>Gurman S., David P., Knistern<\/td><td>Bollati Boringhieri<\/td><\/tr><tr id=\"post-row-7500\" class=\"post-row post-type-biblioteca biblioteca-7500 publish\"><td><\/td><td>Fondamenti di Terapia della Famiglia<\/td><td>Haley J.<\/td><td>Feltrinelli<\/td><\/tr><tr id=\"post-row-7501\" class=\"post-row post-type-biblioteca biblioteca-7501 publish\"><td><div style=\"width:70px;\" data-thumb=\"https:\/\/www.cptf.it\/it\/wp-content\/uploads\/haley-formazione-e-supervisione-150x150.jpg\" class=\"posts-table-image-wrapper posts-table-gallery__image\"><a href=\"https:\/\/www.cptf.it\/it\/wp-content\/uploads\/haley-formazione-e-supervisione.jpg\"><img loading=\"lazy\" decoding=\"async\" width=\"70\" height=\"70\" src=\"https:\/\/www.cptf.it\/it\/wp-content\/uploads\/haley-formazione-e-supervisione-150x150.jpg\" class=\"\" alt=\"Formazione e supervisione in psicoterapia\" title=\"haley formazione e supervisione\" data-caption=\"Formazione e supervisione in psicoterapia\" data-src=\"https:\/\/www.cptf.it\/it\/wp-content\/uploads\/haley-formazione-e-supervisione.jpg\" data-large_image=\"https:\/\/www.cptf.it\/it\/wp-content\/uploads\/haley-formazione-e-supervisione.jpg\" data-large_image_width=\"544\" data-large_image_height=\"787\" srcset=\"https:\/\/www.cptf.it\/it\/wp-content\/uploads\/haley-formazione-e-supervisione-150x150.jpg 150w, https:\/\/www.cptf.it\/it\/wp-content\/uploads\/haley-formazione-e-supervisione-500x500.jpg 500w\" sizes=\"(max-width: 70px) 100vw, 70px\" \/><\/a><\/div><\/td><td>Formazione e supervisione in psicoterapia<\/td><td>Haley J.<\/td><td>Edizioni Erickson<\/td><\/tr><tr id=\"post-row-7502\" class=\"post-row post-type-biblioteca biblioteca-7502 publish\"><td><div style=\"width:70px;\" data-thumb=\"https:\/\/www.cptf.it\/it\/wp-content\/uploads\/haley-strateghi-del-potere-150x150.jpg\" class=\"posts-table-image-wrapper posts-table-gallery__image\"><a href=\"https:\/\/www.cptf.it\/it\/wp-content\/uploads\/haley-strateghi-del-potere.jpg\"><img loading=\"lazy\" decoding=\"async\" width=\"70\" height=\"70\" src=\"https:\/\/www.cptf.it\/it\/wp-content\/uploads\/haley-strateghi-del-potere-150x150.jpg\" class=\"\" alt=\"Strateghi del potere. Ges\u00f9 Cristo, lo  psicanalista, lo schizofrenico e altri  ancora\" title=\"haley strateghi del potere\" data-caption=\"Strateghi del potere. Ges\u00f9 Cristo, lo  psicanalista, lo schizofrenico e altri  ancora\" data-src=\"https:\/\/www.cptf.it\/it\/wp-content\/uploads\/haley-strateghi-del-potere.jpg\" data-large_image=\"https:\/\/www.cptf.it\/it\/wp-content\/uploads\/haley-strateghi-del-potere.jpg\" data-large_image_width=\"800\" data-large_image_height=\"800\" srcset=\"https:\/\/www.cptf.it\/it\/wp-content\/uploads\/haley-strateghi-del-potere-150x150.jpg 150w, https:\/\/www.cptf.it\/it\/wp-content\/uploads\/haley-strateghi-del-potere-300x300.jpg 300w, https:\/\/www.cptf.it\/it\/wp-content\/uploads\/haley-strateghi-del-potere-768x768.jpg 768w, https:\/\/www.cptf.it\/it\/wp-content\/uploads\/haley-strateghi-del-potere-570x570.jpg 570w, https:\/\/www.cptf.it\/it\/wp-content\/uploads\/haley-strateghi-del-potere-500x500.jpg 500w, https:\/\/www.cptf.it\/it\/wp-content\/uploads\/haley-strateghi-del-potere-700x700.jpg 700w, https:\/\/www.cptf.it\/it\/wp-content\/uploads\/haley-strateghi-del-potere.jpg 800w\" sizes=\"(max-width: 70px) 100vw, 70px\" \/><\/a><\/div><\/td><td>Strateghi del potere. Ges\u00f9 Cristo, lo  psicanalista, lo schizofrenico e altri  ancora<\/td><td>Haley J.<\/td><td>Raffaello Cortina Editore<\/td><\/tr><tr id=\"post-row-7503\" class=\"post-row post-type-biblioteca biblioteca-7503 publish\"><td><div style=\"width:70px;\" data-thumb=\"https:\/\/www.cptf.it\/it\/wp-content\/uploads\/Haley_cambiare-le-coppie-129x150.jpg\" class=\"posts-table-image-wrapper posts-table-gallery__image\"><a href=\"https:\/\/www.cptf.it\/it\/wp-content\/uploads\/Haley_cambiare-le-coppie.jpg\"><img loading=\"lazy\" decoding=\"async\" width=\"70\" height=\"81\" src=\"https:\/\/www.cptf.it\/it\/wp-content\/uploads\/Haley_cambiare-le-coppie-129x150.jpg\" class=\"\" alt=\"Cambiare le coppie. Conversazioni con Milton H. Erickson\" title=\"Haley_cambiare le coppie\" data-caption=\"Cambiare le coppie. Conversazioni con Milton H. Erickson\" data-src=\"https:\/\/www.cptf.it\/it\/wp-content\/uploads\/Haley_cambiare-le-coppie.jpg\" data-large_image=\"https:\/\/www.cptf.it\/it\/wp-content\/uploads\/Haley_cambiare-le-coppie.jpg\" data-large_image_width=\"129\" data-large_image_height=\"180\" \/><\/a><\/div><\/td><td>Cambiare le coppie. Conversazioni con Milton H. Erickson<\/td><td>Haley J.<\/td><td>Astrolabio<\/td><\/tr><tr id=\"post-row-7504\" class=\"post-row post-type-biblioteca biblioteca-7504 publish\"><td><div style=\"width:70px;\" data-thumb=\"https:\/\/www.cptf.it\/it\/wp-content\/uploads\/Haley_cambiare-gli-individui-150x150.jpg\" class=\"posts-table-image-wrapper posts-table-gallery__image\"><a href=\"https:\/\/www.cptf.it\/it\/wp-content\/uploads\/Haley_cambiare-gli-individui.jpg\"><img loading=\"lazy\" decoding=\"async\" width=\"70\" height=\"70\" src=\"https:\/\/www.cptf.it\/it\/wp-content\/uploads\/Haley_cambiare-gli-individui-150x150.jpg\" class=\"\" alt=\"Cambiare gli individui\" title=\"Haley_cambiare gli individui\" data-caption=\"Cambiare gli individui\" data-src=\"https:\/\/www.cptf.it\/it\/wp-content\/uploads\/Haley_cambiare-gli-individui.jpg\" data-large_image=\"https:\/\/www.cptf.it\/it\/wp-content\/uploads\/Haley_cambiare-gli-individui.jpg\" data-large_image_width=\"246\" data-large_image_height=\"346\" \/><\/a><\/div><\/td><td>Cambiare gli individui<\/td><td>Haley J.<\/td><td>Astrolabio<\/td><\/tr><tr id=\"post-row-7505\" class=\"post-row post-type-biblioteca biblioteca-7505 publish\"><td><div style=\"width:70px;\" data-thumb=\"https:\/\/www.cptf.it\/it\/wp-content\/uploads\/Haley_cambiare-i-bambini-e-le-famiglie-150x150.jpg\" class=\"posts-table-image-wrapper posts-table-gallery__image\"><a href=\"https:\/\/www.cptf.it\/it\/wp-content\/uploads\/Haley_cambiare-i-bambini-e-le-famiglie.jpg\"><img loading=\"lazy\" decoding=\"async\" width=\"70\" height=\"70\" src=\"https:\/\/www.cptf.it\/it\/wp-content\/uploads\/Haley_cambiare-i-bambini-e-le-famiglie-150x150.jpg\" class=\"\" alt=\"Cambiare i bambini e le famiglie. Conversazioni con Milton H. Erickson\" title=\"Haley_cambiare i bambini e le famiglie\" data-caption=\"Cambiare i bambini e le famiglie. Conversazioni con Milton H. Erickson\" data-src=\"https:\/\/www.cptf.it\/it\/wp-content\/uploads\/Haley_cambiare-i-bambini-e-le-famiglie.jpg\" data-large_image=\"https:\/\/www.cptf.it\/it\/wp-content\/uploads\/Haley_cambiare-i-bambini-e-le-famiglie.jpg\" data-large_image_width=\"180\" data-large_image_height=\"250\" \/><\/a><\/div><\/td><td>Cambiare i bambini e le famiglie. Conversazioni con Milton H. Erickson<\/td><td>Haley J.<\/td><td>Astrolabio<\/td><\/tr><tr id=\"post-row-7506\" class=\"post-row post-type-biblioteca biblioteca-7506 publish\"><td><div style=\"width:70px;\" data-thumb=\"https:\/\/www.cptf.it\/it\/wp-content\/uploads\/Haley_terapeuta-e-vittima-150x150.jpg\" class=\"posts-table-image-wrapper posts-table-gallery__image\"><a href=\"https:\/\/www.cptf.it\/it\/wp-content\/uploads\/Haley_terapeuta-e-vittima.jpg\"><img loading=\"lazy\" decoding=\"async\" width=\"70\" height=\"70\" src=\"https:\/\/www.cptf.it\/it\/wp-content\/uploads\/Haley_terapeuta-e-vittima-150x150.jpg\" class=\"\" alt=\"Il terapeuta e la sua vittima\" title=\"Haley_terapeuta e vittima\" data-caption=\"Il terapeuta e la sua vittima\" data-src=\"https:\/\/www.cptf.it\/it\/wp-content\/uploads\/Haley_terapeuta-e-vittima.jpg\" data-large_image=\"https:\/\/www.cptf.it\/it\/wp-content\/uploads\/Haley_terapeuta-e-vittima.jpg\" data-large_image_width=\"170\" data-large_image_height=\"240\" \/><\/a><\/div><\/td><td>Il terapeuta e la sua vittima<\/td><td>Haley J.<\/td><td>Astrolabio<\/td><\/tr><tr id=\"post-row-7507\" class=\"post-row post-type-biblioteca biblioteca-7507 publish\"><td><div style=\"width:70px;\" data-thumb=\"https:\/\/www.cptf.it\/it\/wp-content\/uploads\/Haley_terapie-non-comuni-150x150.jpg\" class=\"posts-table-image-wrapper posts-table-gallery__image\"><a href=\"https:\/\/www.cptf.it\/it\/wp-content\/uploads\/Haley_terapie-non-comuni.jpg\"><img loading=\"lazy\" decoding=\"async\" width=\"70\" height=\"70\" src=\"https:\/\/www.cptf.it\/it\/wp-content\/uploads\/Haley_terapie-non-comuni-150x150.jpg\" class=\"\" alt=\"Terapie non comuni. Tecniche ipnotiche e terapia della famiglia\" title=\"Haley_terapie non comuni\" data-caption=\"Terapie non comuni. Tecniche ipnotiche e terapia della famiglia\" data-src=\"https:\/\/www.cptf.it\/it\/wp-content\/uploads\/Haley_terapie-non-comuni.jpg\" data-large_image=\"https:\/\/www.cptf.it\/it\/wp-content\/uploads\/Haley_terapie-non-comuni.jpg\" data-large_image_width=\"164\" data-large_image_height=\"230\" \/><\/a><\/div><\/td><td>Terapie non comuni. Tecniche ipnotiche e terapia della famiglia<\/td><td>Haley J.<\/td><td>Astrolabio<\/td><\/tr><tr id=\"post-row-7508\" class=\"post-row post-type-biblioteca biblioteca-7508 publish\"><td><\/td><td>L&#8217;uso dell&#8217;ordalia per cambiare il comportamento<\/td><td>Haley J.<\/td><td>Astrolabio<\/td><\/tr><tr id=\"post-row-7509\" class=\"post-row post-type-biblioteca biblioteca-7509 publish\"><td><div style=\"width:70px;\" data-thumb=\"https:\/\/www.cptf.it\/it\/wp-content\/uploads\/Haley_laterapiadelproblemsolving-150x150.jpg\" class=\"posts-table-image-wrapper posts-table-gallery__image\"><a href=\"https:\/\/www.cptf.it\/it\/wp-content\/uploads\/Haley_laterapiadelproblemsolving.jpg\"><img loading=\"lazy\" decoding=\"async\" width=\"70\" height=\"70\" src=\"https:\/\/www.cptf.it\/it\/wp-content\/uploads\/Haley_laterapiadelproblemsolving-150x150.jpg\" class=\"\" alt=\"La terapia del problem solving\" title=\"Haley_laterapiadelproblemsolving\" data-caption=\"La terapia del problem solving\" data-src=\"https:\/\/www.cptf.it\/it\/wp-content\/uploads\/Haley_laterapiadelproblemsolving.jpg\" data-large_image=\"https:\/\/www.cptf.it\/it\/wp-content\/uploads\/Haley_laterapiadelproblemsolving.jpg\" data-large_image_width=\"170\" data-large_image_height=\"248\" \/><\/a><\/div><\/td><td>La terapia del problem solving<\/td><td>Haley J.<\/td><td>Franco Angeli<\/td><\/tr><tr id=\"post-row-7510\" class=\"post-row post-type-biblioteca biblioteca-7510 publish\"><td><div style=\"width:70px;\" data-thumb=\"https:\/\/www.cptf.it\/it\/wp-content\/uploads\/haley-tecniche-di-terapia-della-famiglia--132x150.jpg\" class=\"posts-table-image-wrapper posts-table-gallery__image\"><a href=\"https:\/\/www.cptf.it\/it\/wp-content\/uploads\/haley-tecniche-di-terapia-della-famiglia-.jpg\"><img loading=\"lazy\" decoding=\"async\" width=\"70\" height=\"80\" src=\"https:\/\/www.cptf.it\/it\/wp-content\/uploads\/haley-tecniche-di-terapia-della-famiglia--132x150.jpg\" class=\"\" alt=\"Tecniche di terapia della famiglia\" title=\"haley - tecniche-di-terapia-della-famiglia-\" data-caption=\"Tecniche di terapia della famiglia\" data-src=\"https:\/\/www.cptf.it\/it\/wp-content\/uploads\/haley-tecniche-di-terapia-della-famiglia-.jpg\" data-large_image=\"https:\/\/www.cptf.it\/it\/wp-content\/uploads\/haley-tecniche-di-terapia-della-famiglia-.jpg\" data-large_image_width=\"132\" data-large_image_height=\"200\" \/><\/a><\/div><\/td><td>Tecniche di terapia della famiglia<\/td><td>Haley J., Hoffman L<\/td><td>Astrolabio<\/td><\/tr><tr id=\"post-row-7511\" class=\"post-row post-type-biblioteca biblioteca-7511 publish\"><td><div style=\"width:70px;\" data-thumb=\"https:\/\/www.cptf.it\/it\/wp-content\/uploads\/hillman-il.potere-150x150.jpg\" class=\"posts-table-image-wrapper posts-table-gallery__image\"><a href=\"https:\/\/www.cptf.it\/it\/wp-content\/uploads\/hillman-il.potere.jpg\"><img loading=\"lazy\" decoding=\"async\" width=\"70\" height=\"70\" src=\"https:\/\/www.cptf.it\/it\/wp-content\/uploads\/hillman-il.potere-150x150.jpg\" class=\"\" alt=\"Il potere. Come usarlo con intelligenza\" title=\"hillman - il.potere\" data-caption=\"Il potere. Come usarlo con intelligenza\" data-src=\"https:\/\/www.cptf.it\/it\/wp-content\/uploads\/hillman-il.potere.jpg\" data-large_image=\"https:\/\/www.cptf.it\/it\/wp-content\/uploads\/hillman-il.potere.jpg\" data-large_image_width=\"907\" data-large_image_height=\"1419\" srcset=\"https:\/\/www.cptf.it\/it\/wp-content\/uploads\/hillman-il.potere-150x150.jpg 150w, https:\/\/www.cptf.it\/it\/wp-content\/uploads\/hillman-il.potere-570x570.jpg 570w, https:\/\/www.cptf.it\/it\/wp-content\/uploads\/hillman-il.potere-500x500.jpg 500w\" sizes=\"(max-width: 70px) 100vw, 70px\" \/><\/a><\/div><\/td><td>Il potere. Come usarlo con intelligenza<\/td><td>Hillman J<\/td><td>Bur<\/td><\/tr><tr id=\"post-row-7512\" class=\"post-row post-type-biblioteca biblioteca-7512 publish\"><td><div style=\"width:70px;\" data-thumb=\"https:\/\/www.cptf.it\/it\/wp-content\/uploads\/hoffman-principi-terapia-famiglia-130x150.jpg\" class=\"posts-table-image-wrapper posts-table-gallery__image\"><a href=\"https:\/\/www.cptf.it\/it\/wp-content\/uploads\/hoffman-principi-terapia-famiglia.jpg\"><img loading=\"lazy\" decoding=\"async\" width=\"70\" height=\"81\" src=\"https:\/\/www.cptf.it\/it\/wp-content\/uploads\/hoffman-principi-terapia-famiglia-130x150.jpg\" class=\"\" alt=\"Principi di terapia della famiglia\" title=\"hoffman -principi-terapia-famiglia\" data-caption=\"Principi di terapia della famiglia\" data-src=\"https:\/\/www.cptf.it\/it\/wp-content\/uploads\/hoffman-principi-terapia-famiglia.jpg\" data-large_image=\"https:\/\/www.cptf.it\/it\/wp-content\/uploads\/hoffman-principi-terapia-famiglia.jpg\" data-large_image_width=\"130\" data-large_image_height=\"180\" \/><\/a><\/div><\/td><td>Principi di terapia della famiglia<\/td><td>Hoffman L<\/td><td>Astrolabio<\/td><\/tr><tr id=\"post-row-7538\" class=\"post-row post-type-biblioteca biblioteca-7538 publish\"><td><div style=\"width:70px;\" data-thumb=\"https:\/\/www.cptf.it\/it\/wp-content\/uploads\/hoffman-family-therapy-144x150.jpg\" class=\"posts-table-image-wrapper posts-table-gallery__image\"><a href=\"https:\/\/www.cptf.it\/it\/wp-content\/uploads\/hoffman-family-therapy.jpg\"><img loading=\"lazy\" decoding=\"async\" width=\"70\" height=\"73\" src=\"https:\/\/www.cptf.it\/it\/wp-content\/uploads\/hoffman-family-therapy-144x150.jpg\" class=\"\" alt=\"Family Therapy\" title=\"hoffman - family therapy\" data-caption=\"Family Therapy\" data-src=\"https:\/\/www.cptf.it\/it\/wp-content\/uploads\/hoffman-family-therapy.jpg\" data-large_image=\"https:\/\/www.cptf.it\/it\/wp-content\/uploads\/hoffman-family-therapy.jpg\" data-large_image_width=\"144\" data-large_image_height=\"203\" \/><\/a><\/div><\/td><td>Family Therapy<\/td><td>Hoffman L<\/td><td>Norton<\/td><\/tr><tr id=\"post-row-7539\" class=\"post-row post-type-biblioteca biblioteca-7539 publish\"><td><div style=\"width:70px;\" data-thumb=\"https:\/\/www.cptf.it\/it\/wp-content\/uploads\/images-8-132x150.jpg\" class=\"posts-table-image-wrapper posts-table-gallery__image\"><a href=\"https:\/\/www.cptf.it\/it\/wp-content\/uploads\/images-8.jpg\"><img loading=\"lazy\" decoding=\"async\" width=\"70\" height=\"80\" src=\"https:\/\/www.cptf.it\/it\/wp-content\/uploads\/images-8-132x150.jpg\" class=\"\" alt=\"Adult Attachment Interview. Applicazioni Cliniche\" title=\"images (8)\" data-caption=\"Adult Attachment Interview. Applicazioni Cliniche\" data-src=\"https:\/\/www.cptf.it\/it\/wp-content\/uploads\/images-8.jpg\" data-large_image=\"https:\/\/www.cptf.it\/it\/wp-content\/uploads\/images-8.jpg\" data-large_image_width=\"132\" data-large_image_height=\"215\" \/><\/a><\/div><\/td><td>Adult Attachment Interview. Applicazioni Cliniche<\/td><td>Howard Steele Miriam Steele<\/td><td>Cortina Raffaello<\/td><\/tr><tr id=\"post-row-7540\" class=\"post-row post-type-biblioteca biblioteca-7540 publish\"><td><div style=\"width:70px;\" data-thumb=\"https:\/\/www.cptf.it\/it\/wp-content\/uploads\/fiabe-per-affrontare-rabbia-150x150.jpg\" class=\"posts-table-image-wrapper posts-table-gallery__image\"><a href=\"https:\/\/www.cptf.it\/it\/wp-content\/uploads\/fiabe-per-affrontare-rabbia.jpg\"><img loading=\"lazy\" decoding=\"async\" width=\"70\" height=\"70\" src=\"https:\/\/www.cptf.it\/it\/wp-content\/uploads\/fiabe-per-affrontare-rabbia-150x150.jpg\" class=\"\" alt=\"Le fiabe per... affrontare la rabbia\" title=\"fiabe-per-affrontare-rabbia\" data-caption=\"Le fiabe per... affrontare la rabbia\" data-src=\"https:\/\/www.cptf.it\/it\/wp-content\/uploads\/fiabe-per-affrontare-rabbia.jpg\" data-large_image=\"https:\/\/www.cptf.it\/it\/wp-content\/uploads\/fiabe-per-affrontare-rabbia.jpg\" data-large_image_width=\"200\" data-large_image_height=\"312\" srcset=\"https:\/\/www.cptf.it\/it\/wp-content\/uploads\/fiabe-per-affrontare-rabbia-150x150.jpg 150w, https:\/\/www.cptf.it\/it\/wp-content\/uploads\/fiabe-per-affrontare-rabbia-200x198.jpg 200w\" sizes=\"(max-width: 70px) 100vw, 70px\" \/><\/a><\/div><\/td><td>Le fiabe per&#8230; affrontare la rabbia<\/td><td>K. Aringolo, L. Corelli, I. Monaldo<\/td><td>Le Comete Franco Angeli<\/td><\/tr><tr id=\"post-row-7541\" class=\"post-row post-type-biblioteca biblioteca-7541 publish\"><td><div style=\"width:70px;\" data-thumb=\"https:\/\/www.cptf.it\/it\/wp-content\/uploads\/fratelli-in-terapia-233-150x150.jpg\" class=\"posts-table-image-wrapper posts-table-gallery__image\"><a href=\"https:\/\/www.cptf.it\/it\/wp-content\/uploads\/fratelli-in-terapia-233.jpg\"><img loading=\"lazy\" decoding=\"async\" width=\"70\" height=\"70\" src=\"https:\/\/www.cptf.it\/it\/wp-content\/uploads\/fratelli-in-terapia-233-150x150.jpg\" class=\"\" alt=\"Fratelli in Terapia\" title=\"fratelli-in-terapia-233\" data-caption=\"Fratelli in Terapia\" data-src=\"https:\/\/www.cptf.it\/it\/wp-content\/uploads\/fratelli-in-terapia-233.jpg\" data-large_image=\"https:\/\/www.cptf.it\/it\/wp-content\/uploads\/fratelli-in-terapia-233.jpg\" data-large_image_width=\"247\" data-large_image_height=\"416\" \/><\/a><\/div><\/td><td>Fratelli in Terapia<\/td><td>Kahn, M. D.; Lewis K. G.<\/td><td>Raffaello Cortina Editore<\/td><\/tr><tr id=\"post-row-7542\" class=\"post-row post-type-biblioteca biblioteca-7542 publish\"><td><div style=\"width:70px;\" data-thumb=\"https:\/\/www.cptf.it\/it\/wp-content\/uploads\/estetica-del-cambiamento-129x150.jpg\" class=\"posts-table-image-wrapper posts-table-gallery__image\"><a href=\"https:\/\/www.cptf.it\/it\/wp-content\/uploads\/estetica-del-cambiamento.jpg\"><img loading=\"lazy\" decoding=\"async\" width=\"70\" height=\"81\" src=\"https:\/\/www.cptf.it\/it\/wp-content\/uploads\/estetica-del-cambiamento-129x150.jpg\" class=\"\" alt=\"L&#039;estetica del Cambiamento\" title=\"estetica-del-cambiamento\" data-caption=\"L&#039;estetica del Cambiamento\" data-src=\"https:\/\/www.cptf.it\/it\/wp-content\/uploads\/estetica-del-cambiamento.jpg\" data-large_image=\"https:\/\/www.cptf.it\/it\/wp-content\/uploads\/estetica-del-cambiamento.jpg\" data-large_image_width=\"129\" data-large_image_height=\"180\" \/><\/a><\/div><\/td><td>L&#8217;estetica del Cambiamento<\/td><td>Keeney P. B.<\/td><td>Astrolabio<\/td><\/tr><tr id=\"post-row-7543\" class=\"post-row post-type-biblioteca biblioteca-7543 publish\"><td><div style=\"width:70px;\" data-thumb=\"https:\/\/www.cptf.it\/it\/wp-content\/uploads\/81bPzGCR1wL-150x150.jpg\" class=\"posts-table-image-wrapper posts-table-gallery__image\"><a href=\"https:\/\/www.cptf.it\/it\/wp-content\/uploads\/81bPzGCR1wL.jpg\"><img loading=\"lazy\" decoding=\"async\" width=\"70\" height=\"70\" src=\"https:\/\/www.cptf.it\/it\/wp-content\/uploads\/81bPzGCR1wL-150x150.jpg\" class=\"\" alt=\"L&#039;impatto del trauma infantile sulla salute e sulla malattia\" title=\"81bPzGCR1wL\" data-caption=\"L&#039;impatto del trauma infantile sulla salute e sulla malattia\" data-src=\"https:\/\/www.cptf.it\/it\/wp-content\/uploads\/81bPzGCR1wL.jpg\" data-large_image=\"https:\/\/www.cptf.it\/it\/wp-content\/uploads\/81bPzGCR1wL.jpg\" data-large_image_width=\"992\" data-large_image_height=\"1478\" srcset=\"https:\/\/www.cptf.it\/it\/wp-content\/uploads\/81bPzGCR1wL-150x150.jpg 150w, https:\/\/www.cptf.it\/it\/wp-content\/uploads\/81bPzGCR1wL-570x570.jpg 570w, https:\/\/www.cptf.it\/it\/wp-content\/uploads\/81bPzGCR1wL-500x500.jpg 500w, https:\/\/www.cptf.it\/it\/wp-content\/uploads\/81bPzGCR1wL-992x1000.jpg 992w\" sizes=\"(max-width: 70px) 100vw, 70px\" \/><\/a><\/div><\/td><td>L&#8217;impatto del trauma infantile sulla salute e sulla malattia<\/td><td>Lanius R. A., Vermetten E., Pain C.<\/td><td>Giovanni Fioriti Editore<\/td><\/tr><tr id=\"post-row-7544\" class=\"post-row post-type-biblioteca biblioteca-7544 publish\"><td><div style=\"width:70px;\" data-thumb=\"https:\/\/www.cptf.it\/it\/wp-content\/uploads\/leonardi-viaro-conversazione-e-terapia-1-150x150.jpg\" class=\"posts-table-image-wrapper posts-table-gallery__image\"><a href=\"https:\/\/www.cptf.it\/it\/wp-content\/uploads\/leonardi-viaro-conversazione-e-terapia-1.jpg\"><img loading=\"lazy\" decoding=\"async\" width=\"70\" height=\"70\" src=\"https:\/\/www.cptf.it\/it\/wp-content\/uploads\/leonardi-viaro-conversazione-e-terapia-1-150x150.jpg\" class=\"\" alt=\"Conversazione e terapia\" title=\"leonardi,-viaro---conversazione-e-terapia\" data-caption=\"Conversazione e terapia\" data-src=\"https:\/\/www.cptf.it\/it\/wp-content\/uploads\/leonardi-viaro-conversazione-e-terapia-1.jpg\" data-large_image=\"https:\/\/www.cptf.it\/it\/wp-content\/uploads\/leonardi-viaro-conversazione-e-terapia-1.jpg\" data-large_image_width=\"450\" data-large_image_height=\"600\" \/><\/a><\/div><\/td><td>Conversazione e terapia<\/td><td>Leopardi P., Viaro M<\/td><td>Raffaello Cortina Editore<\/td><\/tr><tr id=\"post-row-7545\" class=\"post-row post-type-biblioteca biblioteca-7545 publish\"><td><div style=\"width:70px;\" data-thumb=\"https:\/\/www.cptf.it\/it\/wp-content\/uploads\/lerma-metodo-e-tecniche-del-processo-di-aiuto.jpg\" class=\"posts-table-image-wrapper posts-table-gallery__image\"><a href=\"https:\/\/www.cptf.it\/it\/wp-content\/uploads\/lerma-metodo-e-tecniche-del-processo-di-aiuto.jpg\"><img loading=\"lazy\" decoding=\"async\" width=\"70\" height=\"97\" src=\"https:\/\/www.cptf.it\/it\/wp-content\/uploads\/lerma-metodo-e-tecniche-del-processo-di-aiuto.jpg\" class=\"\" alt=\"Metodo e tecniche del processo di aiuto.\" title=\"lerma - metodo e tecniche del processo-di-aiuto\" data-caption=\"Metodo e tecniche del processo di aiuto.\" data-src=\"https:\/\/www.cptf.it\/it\/wp-content\/uploads\/lerma-metodo-e-tecniche-del-processo-di-aiuto.jpg\" data-large_image=\"https:\/\/www.cptf.it\/it\/wp-content\/uploads\/lerma-metodo-e-tecniche-del-processo-di-aiuto.jpg\" data-large_image_width=\"101\" data-large_image_height=\"140\" \/><\/a><\/div><\/td><td>Metodo e tecniche del processo di aiuto.<\/td><td>Lerma M<\/td><td>Astrolabio<\/td><\/tr><tr id=\"post-row-7546\" class=\"post-row post-type-biblioteca biblioteca-7546 publish\"><td><\/td><td>I protocolli terapeutici dell&#8217;EMDR<\/td><td>Luber M.<\/td><td>Giovanni Fioriti Editore<\/td><\/tr><tr id=\"post-row-7547\" class=\"post-row post-type-biblioteca biblioteca-7547 publish\"><td><div style=\"width:70px;\" data-thumb=\"https:\/\/www.cptf.it\/it\/wp-content\/uploads\/LAbate_Weeks_psicoterapia-paradossale-150x150.jpg\" class=\"posts-table-image-wrapper posts-table-gallery__image\"><a href=\"https:\/\/www.cptf.it\/it\/wp-content\/uploads\/LAbate_Weeks_psicoterapia-paradossale.jpg\"><img loading=\"lazy\" decoding=\"async\" width=\"70\" height=\"70\" src=\"https:\/\/www.cptf.it\/it\/wp-content\/uploads\/LAbate_Weeks_psicoterapia-paradossale-150x150.jpg\" class=\"\" alt=\"Psicoterapia Paradossale\" title=\"L&#039;Abate_Weeks_psicoterapia paradossale\" data-caption=\"Psicoterapia Paradossale\" data-src=\"https:\/\/www.cptf.it\/it\/wp-content\/uploads\/LAbate_Weeks_psicoterapia-paradossale.jpg\" data-large_image=\"https:\/\/www.cptf.it\/it\/wp-content\/uploads\/LAbate_Weeks_psicoterapia-paradossale.jpg\" data-large_image_width=\"218\" data-large_image_height=\"300\" \/><\/a><\/div><\/td><td>Psicoterapia Paradossale<\/td><td>L'Abate L., Weeks G.<\/td><td>Astrolabio<\/td><\/tr><tr id=\"post-row-7548\" class=\"post-row post-type-biblioteca biblioteca-7548 publish\"><td><div style=\"width:70px;\" data-thumb=\"https:\/\/www.cptf.it\/it\/wp-content\/uploads\/lavorare-con-ipnosi-150x150.jpg\" class=\"posts-table-image-wrapper posts-table-gallery__image\"><a href=\"https:\/\/www.cptf.it\/it\/wp-content\/uploads\/lavorare-con-ipnosi.jpg\"><img loading=\"lazy\" decoding=\"async\" width=\"70\" height=\"70\" src=\"https:\/\/www.cptf.it\/it\/wp-content\/uploads\/lavorare-con-ipnosi-150x150.jpg\" class=\"\" alt=\"Lavorare con L&#039;Ipnosi\" title=\"lavorare-con-ipnosi\" data-caption=\"Lavorare con L&#039;Ipnosi\" data-src=\"https:\/\/www.cptf.it\/it\/wp-content\/uploads\/lavorare-con-ipnosi.jpg\" data-large_image=\"https:\/\/www.cptf.it\/it\/wp-content\/uploads\/lavorare-con-ipnosi.jpg\" data-large_image_width=\"170\" data-large_image_height=\"249\" \/><\/a><\/div><\/td><td>Lavorare con L&#8217;Ipnosi<\/td><td>M. D. Yapko<\/td><td>Franco Angeli<\/td><\/tr><tr id=\"post-row-7549\" class=\"post-row post-type-biblioteca biblioteca-7549 publish\"><td><div style=\"width:70px;\" data-thumb=\"https:\/\/www.cptf.it\/it\/wp-content\/uploads\/DBT-skills-training-il-manuale-di-Marsha-Linhean-150x150.jpg\" class=\"posts-table-image-wrapper posts-table-gallery__image\"><a href=\"https:\/\/www.cptf.it\/it\/wp-content\/uploads\/DBT-skills-training-il-manuale-di-Marsha-Linhean.jpg\"><img loading=\"lazy\" decoding=\"async\" width=\"70\" height=\"70\" src=\"https:\/\/www.cptf.it\/it\/wp-content\/uploads\/DBT-skills-training-il-manuale-di-Marsha-Linhean-150x150.jpg\" class=\"\" alt=\"DBT Skills Training\" title=\"DBT-skills-training-il-manuale-di-Marsha-Linhean\" data-caption=\"DBT Skills Training\" data-src=\"https:\/\/www.cptf.it\/it\/wp-content\/uploads\/DBT-skills-training-il-manuale-di-Marsha-Linhean.jpg\" data-large_image=\"https:\/\/www.cptf.it\/it\/wp-content\/uploads\/DBT-skills-training-il-manuale-di-Marsha-Linhean.jpg\" data-large_image_width=\"915\" data-large_image_height=\"1200\" srcset=\"https:\/\/www.cptf.it\/it\/wp-content\/uploads\/DBT-skills-training-il-manuale-di-Marsha-Linhean-150x150.jpg 150w, https:\/\/www.cptf.it\/it\/wp-content\/uploads\/DBT-skills-training-il-manuale-di-Marsha-Linhean-570x570.jpg 570w, https:\/\/www.cptf.it\/it\/wp-content\/uploads\/DBT-skills-training-il-manuale-di-Marsha-Linhean-500x500.jpg 500w\" sizes=\"(max-width: 70px) 100vw, 70px\" \/><\/a><\/div><\/td><td>DBT Skills Training<\/td><td>M. Marsha Linehan<\/td><td>Raffaello Cortina<\/td><\/tr><tr id=\"post-row-7550\" class=\"post-row post-type-biblioteca biblioteca-7550 publish\"><td><\/td><td>100 Domande e Risposte sul Codice Deontologico<\/td><td>M. Pingitore; A. Mirabelli<\/td><td>Ordine degli Psicologi<\/td><\/tr><tr id=\"post-row-7551\" class=\"post-row post-type-biblioteca biblioteca-7551 publish\"><td><div style=\"width:70px;\" data-thumb=\"https:\/\/www.cptf.it\/it\/wp-content\/uploads\/Manuale-di-psicotrapia-sistemica-di-gruppo-150x150.jpg\" class=\"posts-table-image-wrapper posts-table-gallery__image\"><a href=\"https:\/\/www.cptf.it\/it\/wp-content\/uploads\/Manuale-di-psicotrapia-sistemica-di-gruppo.jpg\"><img loading=\"lazy\" decoding=\"async\" width=\"70\" height=\"70\" src=\"https:\/\/www.cptf.it\/it\/wp-content\/uploads\/Manuale-di-psicotrapia-sistemica-di-gruppo-150x150.jpg\" class=\"\" alt=\"Manuale di psicoterapia sistemica di gruppo\" title=\"Manuale di psicotrapia sistemica di gruppo\" data-caption=\"Manuale di psicoterapia sistemica di gruppo\" data-src=\"https:\/\/www.cptf.it\/it\/wp-content\/uploads\/Manuale-di-psicotrapia-sistemica-di-gruppo.jpg\" data-large_image=\"https:\/\/www.cptf.it\/it\/wp-content\/uploads\/Manuale-di-psicotrapia-sistemica-di-gruppo.jpg\" data-large_image_width=\"160\" data-large_image_height=\"240\" \/><\/a><\/div><\/td><td>Manuale di psicoterapia sistemica di gruppo<\/td><td>M. Tirelli, A. Mosconi, M. Gonzo<\/td><td>FrancoAngeli<\/td><\/tr><tr id=\"post-row-7552\" class=\"post-row post-type-biblioteca biblioteca-7552 publish\"><td><div style=\"width:70px;\" data-thumb=\"https:\/\/www.cptf.it\/it\/wp-content\/uploads\/La-sfida-delle-Famiglie-ricomposte-150x150.jpg\" class=\"posts-table-image-wrapper posts-table-gallery__image\"><a href=\"https:\/\/www.cptf.it\/it\/wp-content\/uploads\/La-sfida-delle-Famiglie-ricomposte.jpg\"><img loading=\"lazy\" decoding=\"async\" width=\"70\" height=\"70\" src=\"https:\/\/www.cptf.it\/it\/wp-content\/uploads\/La-sfida-delle-Famiglie-ricomposte-150x150.jpg\" class=\"\" alt=\"La sfida delle Famiglie ricomposte\" title=\"La sfida delle Famiglie ricomposte\" data-caption=\"La sfida delle Famiglie ricomposte\" data-src=\"https:\/\/www.cptf.it\/it\/wp-content\/uploads\/La-sfida-delle-Famiglie-ricomposte.jpg\" data-large_image=\"https:\/\/www.cptf.it\/it\/wp-content\/uploads\/La-sfida-delle-Famiglie-ricomposte.jpg\" data-large_image_width=\"234\" data-large_image_height=\"317\" \/><\/a><\/div><\/td><td>La sfida delle Famiglie ricomposte<\/td><td>M. Vetere<\/td><td>Alpes<\/td><\/tr><tr id=\"post-row-7553\" class=\"post-row post-type-biblioteca biblioteca-7553 publish\"><td><div style=\"width:70px;\" data-thumb=\"https:\/\/www.cptf.it\/it\/wp-content\/uploads\/magrin-guida-al-lavoro-peritale-1-150x150.jpg\" class=\"posts-table-image-wrapper posts-table-gallery__image\"><a href=\"https:\/\/www.cptf.it\/it\/wp-content\/uploads\/magrin-guida-al-lavoro-peritale-1.jpg\"><img loading=\"lazy\" decoding=\"async\" width=\"70\" height=\"70\" src=\"https:\/\/www.cptf.it\/it\/wp-content\/uploads\/magrin-guida-al-lavoro-peritale-1-150x150.jpg\" class=\"\" alt=\"Guida al lavoro perinatale\" title=\"magrin---guida-al-lavoro-peritale\" data-caption=\"Guida al lavoro perinatale\" data-src=\"https:\/\/www.cptf.it\/it\/wp-content\/uploads\/magrin-guida-al-lavoro-peritale-1.jpg\" data-large_image=\"https:\/\/www.cptf.it\/it\/wp-content\/uploads\/magrin-guida-al-lavoro-peritale-1.jpg\" data-large_image_width=\"450\" data-large_image_height=\"600\" \/><\/a><\/div><\/td><td>Guida al lavoro perinatale<\/td><td>Magrin M. E.<\/td><td>Giuffr\u00e8 Editore<\/td><\/tr><tr id=\"post-row-7554\" class=\"post-row post-type-biblioteca biblioteca-7554 publish\"><td><div style=\"width:70px;\" data-thumb=\"https:\/\/www.cptf.it\/it\/wp-content\/uploads\/Malagoli_Togliatti_Mazzoni_osservare-150x150.jpg\" class=\"posts-table-image-wrapper posts-table-gallery__image\"><a href=\"https:\/\/www.cptf.it\/it\/wp-content\/uploads\/Malagoli_Togliatti_Mazzoni_osservare.jpg\"><img loading=\"lazy\" decoding=\"async\" width=\"70\" height=\"70\" src=\"https:\/\/www.cptf.it\/it\/wp-content\/uploads\/Malagoli_Togliatti_Mazzoni_osservare-150x150.jpg\" class=\"\" alt=\"Osservare, valutare e sostenere le relazioni genitori-figli. Il Lausanne Trilogue Play clinico\" title=\"Malagoli_Togliatti_Mazzoni_osservare\" data-caption=\"Osservare, valutare e sostenere le relazioni genitori-figli. Il Lausanne Trilogue Play clinico\" data-src=\"https:\/\/www.cptf.it\/it\/wp-content\/uploads\/Malagoli_Togliatti_Mazzoni_osservare.jpg\" data-large_image=\"https:\/\/www.cptf.it\/it\/wp-content\/uploads\/Malagoli_Togliatti_Mazzoni_osservare.jpg\" data-large_image_width=\"500\" data-large_image_height=\"500\" srcset=\"https:\/\/www.cptf.it\/it\/wp-content\/uploads\/Malagoli_Togliatti_Mazzoni_osservare-150x150.jpg 150w, https:\/\/www.cptf.it\/it\/wp-content\/uploads\/Malagoli_Togliatti_Mazzoni_osservare-300x300.jpg 300w, https:\/\/www.cptf.it\/it\/wp-content\/uploads\/Malagoli_Togliatti_Mazzoni_osservare.jpg 500w\" sizes=\"(max-width: 70px) 100vw, 70px\" \/><\/a><\/div><\/td><td>Osservare, valutare e sostenere le relazioni genitori-figli. Il Lausanne Trilogue Play clinico<\/td><td>Malagoli Togliatti M., Mazzoni S.<\/td><td>Raffaello Cortina Editore<\/td><\/tr><tr id=\"post-row-7555\" class=\"post-row post-type-biblioteca biblioteca-7555 publish\"><td><div style=\"width:70px;\" data-thumb=\"https:\/\/www.cptf.it\/it\/wp-content\/uploads\/unnamed-132x150.jpg\" class=\"posts-table-image-wrapper posts-table-gallery__image\"><a href=\"https:\/\/www.cptf.it\/it\/wp-content\/uploads\/unnamed.jpg\"><img loading=\"lazy\" decoding=\"async\" width=\"70\" height=\"80\" src=\"https:\/\/www.cptf.it\/it\/wp-content\/uploads\/unnamed-132x150.jpg\" class=\"\" alt=\"Dall&#039;individuo al sistema\" title=\"unnamed\" data-caption=\"Dall&#039;individuo al sistema\" data-src=\"https:\/\/www.cptf.it\/it\/wp-content\/uploads\/unnamed.jpg\" data-large_image=\"https:\/\/www.cptf.it\/it\/wp-content\/uploads\/unnamed.jpg\" data-large_image_width=\"132\" data-large_image_height=\"200\" \/><\/a><\/div><\/td><td>Dall&#8217;individuo al sistema<\/td><td>Malagoli Togliatti M., Telfener U.<\/td><td>Bollati Boringhieri<\/td><\/tr><tr id=\"post-row-7556\" class=\"post-row post-type-biblioteca biblioteca-7556 publish\"><td><div style=\"width:70px;\" data-thumb=\"https:\/\/www.cptf.it\/it\/wp-content\/uploads\/manfrida-la-narrazione-psicoterapeutica_-150x150.jpg\" class=\"posts-table-image-wrapper posts-table-gallery__image\"><a href=\"https:\/\/www.cptf.it\/it\/wp-content\/uploads\/manfrida-la-narrazione-psicoterapeutica_.jpg\"><img loading=\"lazy\" decoding=\"async\" width=\"70\" height=\"70\" src=\"https:\/\/www.cptf.it\/it\/wp-content\/uploads\/manfrida-la-narrazione-psicoterapeutica_-150x150.jpg\" class=\"\" alt=\"La narrazione psicoterapeutica.  Invenzione, persuasione e tecniche  retoriche in terapia relazionale.\" title=\"manfrida - la narrazione psicoterapeutica_\" data-caption=\"La narrazione psicoterapeutica.  Invenzione, persuasione e tecniche  retoriche in terapia relazionale.\" data-src=\"https:\/\/www.cptf.it\/it\/wp-content\/uploads\/manfrida-la-narrazione-psicoterapeutica_.jpg\" data-large_image=\"https:\/\/www.cptf.it\/it\/wp-content\/uploads\/manfrida-la-narrazione-psicoterapeutica_.jpg\" data-large_image_width=\"300\" data-large_image_height=\"300\" srcset=\"https:\/\/www.cptf.it\/it\/wp-content\/uploads\/manfrida-la-narrazione-psicoterapeutica_-150x150.jpg 150w, https:\/\/www.cptf.it\/it\/wp-content\/uploads\/manfrida-la-narrazione-psicoterapeutica_.jpg 300w\" sizes=\"(max-width: 70px) 100vw, 70px\" \/><\/a><\/div><\/td><td>La narrazione psicoterapeutica.  Invenzione, persuasione e tecniche  retoriche in terapia relazionale.<\/td><td>Manfrida G<\/td><td>Franco Angeli<\/td><\/tr><tr id=\"post-row-7557\" class=\"post-row post-type-biblioteca biblioteca-7557 publish\"><td><div style=\"width:70px;\" data-thumb=\"https:\/\/www.cptf.it\/it\/wp-content\/uploads\/manfrida-gli-sms-150x150.jpg\" class=\"posts-table-image-wrapper posts-table-gallery__image\"><a href=\"https:\/\/www.cptf.it\/it\/wp-content\/uploads\/manfrida-gli-sms.jpg\"><img loading=\"lazy\" decoding=\"async\" width=\"70\" height=\"70\" src=\"https:\/\/www.cptf.it\/it\/wp-content\/uploads\/manfrida-gli-sms-150x150.jpg\" class=\"\" alt=\"Gli sms in psicoterapia\" title=\"manfrida -gli sms\" data-caption=\"Gli sms in psicoterapia\" data-src=\"https:\/\/www.cptf.it\/it\/wp-content\/uploads\/manfrida-gli-sms.jpg\" data-large_image=\"https:\/\/www.cptf.it\/it\/wp-content\/uploads\/manfrida-gli-sms.jpg\" data-large_image_width=\"364\" data-large_image_height=\"499\" \/><\/a><\/div><\/td><td>Gli sms in psicoterapia<\/td><td>Manfrida G<\/td><td>Antigone Edizioni<\/td><\/tr><tr id=\"post-row-7558\" class=\"post-row post-type-biblioteca biblioteca-7558 publish\"><td><div style=\"width:70px;\" data-thumb=\"https:\/\/www.cptf.it\/it\/wp-content\/uploads\/marcolongo-cosa-fa-volare-i-palloncini-150x150.jpg\" class=\"posts-table-image-wrapper posts-table-gallery__image\"><a href=\"https:\/\/www.cptf.it\/it\/wp-content\/uploads\/marcolongo-cosa-fa-volare-i-palloncini.jpg\"><img loading=\"lazy\" decoding=\"async\" width=\"70\" height=\"70\" src=\"https:\/\/www.cptf.it\/it\/wp-content\/uploads\/marcolongo-cosa-fa-volare-i-palloncini-150x150.jpg\" class=\"\" alt=\"Cosa fa volare i palloncini?\" title=\"marcolongo - cosa fa volare i palloncini\" data-caption=\"Cosa fa volare i palloncini?\" data-src=\"https:\/\/www.cptf.it\/it\/wp-content\/uploads\/marcolongo-cosa-fa-volare-i-palloncini.jpg\" data-large_image=\"https:\/\/www.cptf.it\/it\/wp-content\/uploads\/marcolongo-cosa-fa-volare-i-palloncini.jpg\" data-large_image_width=\"604\" data-large_image_height=\"838\" srcset=\"https:\/\/www.cptf.it\/it\/wp-content\/uploads\/marcolongo-cosa-fa-volare-i-palloncini-150x150.jpg 150w, https:\/\/www.cptf.it\/it\/wp-content\/uploads\/marcolongo-cosa-fa-volare-i-palloncini-570x570.jpg 570w, https:\/\/www.cptf.it\/it\/wp-content\/uploads\/marcolongo-cosa-fa-volare-i-palloncini-604x600.jpg 604w, https:\/\/www.cptf.it\/it\/wp-content\/uploads\/marcolongo-cosa-fa-volare-i-palloncini-500x500.jpg 500w\" sizes=\"(max-width: 70px) 100vw, 70px\" \/><\/a><\/div><\/td><td>Cosa fa volare i palloncini?<\/td><td>Marcolongo E.<\/td><td>Daigo Press<\/td><\/tr><tr id=\"post-row-7559\" class=\"post-row post-type-biblioteca biblioteca-7559 publish\"><td><div style=\"width:70px;\" data-thumb=\"https:\/\/www.cptf.it\/it\/wp-content\/uploads\/mchale-la-sfida-dellla-cogenitorialit\u00e0-150x150.jpg\" class=\"posts-table-image-wrapper posts-table-gallery__image\"><a href=\"https:\/\/www.cptf.it\/it\/wp-content\/uploads\/mchale-la-sfida-dellla-cogenitorialit\u00e0.jpg\"><img loading=\"lazy\" decoding=\"async\" width=\"70\" height=\"70\" src=\"https:\/\/www.cptf.it\/it\/wp-content\/uploads\/mchale-la-sfida-dellla-cogenitorialit\u00e0-150x150.jpg\" class=\"\" alt=\"La sfida della cogenitorialit\u00e0\" title=\"mchale -la sfida dellla cogenitorialit\u00e0\" data-caption=\"La sfida della cogenitorialit\u00e0\" data-src=\"https:\/\/www.cptf.it\/it\/wp-content\/uploads\/mchale-la-sfida-dellla-cogenitorialit\u00e0.jpg\" data-large_image=\"https:\/\/www.cptf.it\/it\/wp-content\/uploads\/mchale-la-sfida-dellla-cogenitorialit\u00e0.jpg\" data-large_image_width=\"200\" data-large_image_height=\"150\" \/><\/a><\/div><\/td><td>La sfida della cogenitorialit\u00e0<\/td><td>McHale J.<\/td><td>Raffaello Cortina Editore<\/td><\/tr><tr id=\"post-row-7560\" class=\"post-row post-type-biblioteca biblioteca-7560 publish\"><td><div style=\"width:70px;\" data-thumb=\"https:\/\/www.cptf.it\/it\/wp-content\/uploads\/miermont-dizionario-150x150.jpg\" class=\"posts-table-image-wrapper posts-table-gallery__image\"><a href=\"https:\/\/www.cptf.it\/it\/wp-content\/uploads\/miermont-dizionario.jpg\"><img loading=\"lazy\" decoding=\"async\" width=\"70\" height=\"70\" src=\"https:\/\/www.cptf.it\/it\/wp-content\/uploads\/miermont-dizionario-150x150.jpg\" class=\"\" alt=\"Dizionario delle terapie familiari\" title=\"miermont - dizionario\" data-caption=\"Dizionario delle terapie familiari\" data-src=\"https:\/\/www.cptf.it\/it\/wp-content\/uploads\/miermont-dizionario.jpg\" data-large_image=\"https:\/\/www.cptf.it\/it\/wp-content\/uploads\/miermont-dizionario.jpg\" data-large_image_width=\"336\" data-large_image_height=\"500\" \/><\/a><\/div><\/td><td>Dizionario delle terapie familiari<\/td><td>Miermont J.<\/td><td>Borla<\/td><\/tr><tr id=\"post-row-7561\" class=\"post-row post-type-biblioteca biblioteca-7561 publish\"><td><div style=\"width:70px;\" data-thumb=\"https:\/\/www.cptf.it\/it\/wp-content\/uploads\/minuchin-famiglia-e-terapia-della-famiglia-150x150.jpg\" class=\"posts-table-image-wrapper posts-table-gallery__image\"><a href=\"https:\/\/www.cptf.it\/it\/wp-content\/uploads\/minuchin-famiglia-e-terapia-della-famiglia.jpg\"><img loading=\"lazy\" decoding=\"async\" width=\"70\" height=\"70\" src=\"https:\/\/www.cptf.it\/it\/wp-content\/uploads\/minuchin-famiglia-e-terapia-della-famiglia-150x150.jpg\" class=\"\" alt=\"Famiglia e terapia della famiglia\" title=\"minuchin - famiglia e terapia della famiglia\" data-caption=\"Famiglia e terapia della famiglia\" data-src=\"https:\/\/www.cptf.it\/it\/wp-content\/uploads\/minuchin-famiglia-e-terapia-della-famiglia.jpg\" data-large_image=\"https:\/\/www.cptf.it\/it\/wp-content\/uploads\/minuchin-famiglia-e-terapia-della-famiglia.jpg\" data-large_image_width=\"172\" data-large_image_height=\"240\" \/><\/a><\/div><\/td><td>Famiglia e terapia della famiglia<\/td><td>Minuchin S.<\/td><td>Astrolabio<\/td><\/tr><tr id=\"post-row-7562\" class=\"post-row post-type-biblioteca biblioteca-7562 publish\"><td><div style=\"width:70px;\" data-thumb=\"https:\/\/www.cptf.it\/it\/wp-content\/uploads\/minuchin-guida-alle-tecniche-150x150.jpg\" class=\"posts-table-image-wrapper posts-table-gallery__image\"><a href=\"https:\/\/www.cptf.it\/it\/wp-content\/uploads\/minuchin-guida-alle-tecniche.jpg\"><img loading=\"lazy\" decoding=\"async\" width=\"70\" height=\"70\" src=\"https:\/\/www.cptf.it\/it\/wp-content\/uploads\/minuchin-guida-alle-tecniche-150x150.jpg\" class=\"\" alt=\"Guida alle tecniche di terapia della famiglia\" title=\"minuchin - guida alle tecniche\" data-caption=\"Guida alle tecniche di terapia della famiglia\" data-src=\"https:\/\/www.cptf.it\/it\/wp-content\/uploads\/minuchin-guida-alle-tecniche.jpg\" data-large_image=\"https:\/\/www.cptf.it\/it\/wp-content\/uploads\/minuchin-guida-alle-tecniche.jpg\" data-large_image_width=\"212\" data-large_image_height=\"300\" \/><\/a><\/div><\/td><td>Guida alle tecniche di terapia della famiglia<\/td><td>Minuchin S., Fishman C. H.<\/td><td>Astrolabio<\/td><\/tr><tr id=\"post-row-7563\" class=\"post-row post-type-biblioteca biblioteca-7563 publish\"><td><div style=\"width:70px;\" data-thumb=\"https:\/\/www.cptf.it\/it\/wp-content\/uploads\/miodini-il-colloquio-di-aiuto-150x150.jpg\" class=\"posts-table-image-wrapper posts-table-gallery__image\"><a href=\"https:\/\/www.cptf.it\/it\/wp-content\/uploads\/miodini-il-colloquio-di-aiuto.jpg\"><img loading=\"lazy\" decoding=\"async\" width=\"70\" height=\"70\" src=\"https:\/\/www.cptf.it\/it\/wp-content\/uploads\/miodini-il-colloquio-di-aiuto-150x150.jpg\" class=\"\" alt=\"Il colloquio di aiuto. Teoria e pratica nel servizio sociale\" title=\"miodini - il colloquio di aiuto\" data-caption=\"Il colloquio di aiuto. Teoria e pratica nel servizio sociale\" data-src=\"https:\/\/www.cptf.it\/it\/wp-content\/uploads\/miodini-il-colloquio-di-aiuto.jpg\" data-large_image=\"https:\/\/www.cptf.it\/it\/wp-content\/uploads\/miodini-il-colloquio-di-aiuto.jpg\" data-large_image_width=\"200\" data-large_image_height=\"293\" srcset=\"https:\/\/www.cptf.it\/it\/wp-content\/uploads\/miodini-il-colloquio-di-aiuto-150x150.jpg 150w, https:\/\/www.cptf.it\/it\/wp-content\/uploads\/miodini-il-colloquio-di-aiuto-200x198.jpg 200w\" sizes=\"(max-width: 70px) 100vw, 70px\" \/><\/a><\/div><\/td><td>Il colloquio di aiuto. Teoria e pratica nel servizio sociale<\/td><td>Miodini S., Zini M.T<\/td><td>La Nuova Italia Scientifica<\/td><\/tr><tr id=\"post-row-7564\" class=\"post-row post-type-biblioteca biblioteca-7564 publish\"><td><div style=\"width:70px;\" data-thumb=\"https:\/\/www.cptf.it\/it\/wp-content\/uploads\/molinari-mosconi-il-processo-terapeutico-nellapproccio-sistemico-1-150x150.jpg\" class=\"posts-table-image-wrapper posts-table-gallery__image\"><a href=\"https:\/\/www.cptf.it\/it\/wp-content\/uploads\/molinari-mosconi-il-processo-terapeutico-nellapproccio-sistemico-1.jpg\"><img loading=\"lazy\" decoding=\"async\" width=\"70\" height=\"70\" src=\"https:\/\/www.cptf.it\/it\/wp-content\/uploads\/molinari-mosconi-il-processo-terapeutico-nellapproccio-sistemico-1-150x150.jpg\" class=\"\" alt=\"Il processo terapeutico nell&#039;approccio sistemico: l&#039;interazione tra sistema osservato e sistema osservatore\" title=\"molinari,-mosconi---il-processo-terapeutico-nell&#039;approccio-sistemico\" data-caption=\"Il processo terapeutico nell&#039;approccio sistemico: l&#039;interazione tra sistema osservato e sistema osservatore\" data-src=\"https:\/\/www.cptf.it\/it\/wp-content\/uploads\/molinari-mosconi-il-processo-terapeutico-nellapproccio-sistemico-1.jpg\" data-large_image=\"https:\/\/www.cptf.it\/it\/wp-content\/uploads\/molinari-mosconi-il-processo-terapeutico-nellapproccio-sistemico-1.jpg\" data-large_image_width=\"450\" data-large_image_height=\"600\" \/><\/a><\/div><\/td><td>Il processo terapeutico nell&#8217;approccio sistemico: l&#8217;interazione tra sistema osservato e sistema osservatore<\/td><td>Molinari E., Mosconi A<\/td><td>Unicopli<\/td><\/tr><tr id=\"post-row-7565\" class=\"post-row post-type-biblioteca biblioteca-7565 publish\"><td><div style=\"width:70px;\" data-thumb=\"https:\/\/www.cptf.it\/it\/wp-content\/uploads\/Morin_La-testa-ben-fatta-128x150.jpg\" class=\"posts-table-image-wrapper posts-table-gallery__image\"><a href=\"https:\/\/www.cptf.it\/it\/wp-content\/uploads\/Morin_La-testa-ben-fatta.jpg\"><img loading=\"lazy\" decoding=\"async\" width=\"70\" height=\"82\" src=\"https:\/\/www.cptf.it\/it\/wp-content\/uploads\/Morin_La-testa-ben-fatta-128x150.jpg\" class=\"\" alt=\"la testa ben fatta. Riforma dell&#039;insegnamento, riforma del pensiero\" title=\"Morin_La testa ben fatta\" data-caption=\"la testa ben fatta. Riforma dell&#039;insegnamento, riforma del pensiero\" data-src=\"https:\/\/www.cptf.it\/it\/wp-content\/uploads\/Morin_La-testa-ben-fatta.jpg\" data-large_image=\"https:\/\/www.cptf.it\/it\/wp-content\/uploads\/Morin_La-testa-ben-fatta.jpg\" data-large_image_width=\"128\" data-large_image_height=\"214\" \/><\/a><\/div><\/td><td>la testa ben fatta. Riforma dell&#8217;insegnamento, riforma del pensiero<\/td><td>Morin E.<\/td><td>Raffaello Cortina Editore<\/td><\/tr><tr id=\"post-row-7566\" class=\"post-row post-type-biblioteca biblioteca-7566 publish\"><td><div style=\"width:70px;\" data-thumb=\"https:\/\/www.cptf.it\/it\/wp-content\/uploads\/Morin_La-vita-della-vita-150x150.jpg\" class=\"posts-table-image-wrapper posts-table-gallery__image\"><a href=\"https:\/\/www.cptf.it\/it\/wp-content\/uploads\/Morin_La-vita-della-vita.jpg\"><img loading=\"lazy\" decoding=\"async\" width=\"70\" height=\"70\" src=\"https:\/\/www.cptf.it\/it\/wp-content\/uploads\/Morin_La-vita-della-vita-150x150.jpg\" class=\"\" alt=\"La vita della vita\" title=\"Morin_La vita della vita\" data-caption=\"La vita della vita\" data-src=\"https:\/\/www.cptf.it\/it\/wp-content\/uploads\/Morin_La-vita-della-vita.jpg\" data-large_image=\"https:\/\/www.cptf.it\/it\/wp-content\/uploads\/Morin_La-vita-della-vita.jpg\" data-large_image_width=\"170\" data-large_image_height=\"273\" \/><\/a><\/div><\/td><td>La vita della vita<\/td><td>Morin E.<\/td><td>Raffaello Cortina Editore<\/td><\/tr><tr id=\"post-row-7567\" class=\"post-row post-type-biblioteca biblioteca-7567 publish\"><td><div style=\"width:70px;\" data-thumb=\"https:\/\/www.cptf.it\/it\/wp-content\/uploads\/Morin_Etica-150x150.jpg\" class=\"posts-table-image-wrapper posts-table-gallery__image\"><a href=\"https:\/\/www.cptf.it\/it\/wp-content\/uploads\/Morin_Etica.jpg\"><img loading=\"lazy\" decoding=\"async\" width=\"70\" height=\"70\" src=\"https:\/\/www.cptf.it\/it\/wp-content\/uploads\/Morin_Etica-150x150.jpg\" class=\"\" alt=\"Etica\" title=\"Morin_Etica\" data-caption=\"Etica\" data-src=\"https:\/\/www.cptf.it\/it\/wp-content\/uploads\/Morin_Etica.jpg\" data-large_image=\"https:\/\/www.cptf.it\/it\/wp-content\/uploads\/Morin_Etica.jpg\" data-large_image_width=\"170\" data-large_image_height=\"275\" \/><\/a><\/div><\/td><td>Etica<\/td><td>Morin E.<\/td><td>Raffaello Cortina Editore<\/td><\/tr><tr id=\"post-row-7568\" class=\"post-row post-type-biblioteca biblioteca-7568 publish\"><td><div style=\"width:70px;\" data-thumb=\"https:\/\/www.cptf.it\/it\/wp-content\/uploads\/morineau-lo-spirito-della-mediazione-150x150.jpg\" class=\"posts-table-image-wrapper posts-table-gallery__image\"><a href=\"https:\/\/www.cptf.it\/it\/wp-content\/uploads\/morineau-lo-spirito-della-mediazione.jpg\"><img loading=\"lazy\" decoding=\"async\" width=\"70\" height=\"70\" src=\"https:\/\/www.cptf.it\/it\/wp-content\/uploads\/morineau-lo-spirito-della-mediazione-150x150.jpg\" class=\"\" alt=\"Lo spirito della mediazione\" title=\"morineau - lo spirito della mediazione\" data-caption=\"Lo spirito della mediazione\" data-src=\"https:\/\/www.cptf.it\/it\/wp-content\/uploads\/morineau-lo-spirito-della-mediazione.jpg\" data-large_image=\"https:\/\/www.cptf.it\/it\/wp-content\/uploads\/morineau-lo-spirito-della-mediazione.jpg\" data-large_image_width=\"172\" data-large_image_height=\"267\" \/><\/a><\/div><\/td><td>Lo spirito della mediazione<\/td><td>Morineau J.<\/td><td>Franco Angeli<\/td><\/tr><tr id=\"post-row-7569\" class=\"post-row post-type-biblioteca biblioteca-7569 publish\"><td><div style=\"width:70px;\" data-thumb=\"https:\/\/www.cptf.it\/it\/wp-content\/uploads\/Larte-della-terapia-della-famiglia-140x150.jpg\" class=\"posts-table-image-wrapper posts-table-gallery__image\"><a href=\"https:\/\/www.cptf.it\/it\/wp-content\/uploads\/Larte-della-terapia-della-famiglia.jpg\"><img loading=\"lazy\" decoding=\"async\" width=\"70\" height=\"75\" src=\"https:\/\/www.cptf.it\/it\/wp-content\/uploads\/Larte-della-terapia-della-famiglia-140x150.jpg\" class=\"\" alt=\"L\u2019arte della Terapia della Famiglia\" title=\"Larte-della-terapia-della-famiglia\" data-caption=\"L\u2019arte della Terapia della Famiglia\" data-src=\"https:\/\/www.cptf.it\/it\/wp-content\/uploads\/Larte-della-terapia-della-famiglia.jpg\" data-large_image=\"https:\/\/www.cptf.it\/it\/wp-content\/uploads\/Larte-della-terapia-della-famiglia.jpg\" data-large_image_width=\"140\" data-large_image_height=\"197\" \/><\/a><\/div><\/td><td>L\u2019arte della Terapia della Famiglia<\/td><td>Minuchin S., Reiter M.D., Borda C.<\/td><td>Astrolabio<\/td><\/tr><tr id=\"post-row-7570\" class=\"post-row post-type-biblioteca biblioteca-7570 publish\"><td><div style=\"width:70px;\" data-thumb=\"https:\/\/www.cptf.it\/it\/wp-content\/uploads\/neuburger-la-coppia-il-suo-mito-il-suo-terapeuta.jpg\" class=\"posts-table-image-wrapper posts-table-gallery__image\"><a href=\"https:\/\/www.cptf.it\/it\/wp-content\/uploads\/neuburger-la-coppia-il-suo-mito-il-suo-terapeuta.jpg\"><img loading=\"lazy\" decoding=\"async\" width=\"70\" height=\"53\" src=\"https:\/\/www.cptf.it\/it\/wp-content\/uploads\/neuburger-la-coppia-il-suo-mito-il-suo-terapeuta.jpg\" class=\"\" alt=\"La coppia: il suo mito, il suo terapeuta F\" title=\"neuburger - la coppia il suo mito il suo terapeuta\" data-caption=\"La coppia: il suo mito, il suo terapeuta F\" data-src=\"https:\/\/www.cptf.it\/it\/wp-content\/uploads\/neuburger-la-coppia-il-suo-mito-il-suo-terapeuta.jpg\" data-large_image=\"https:\/\/www.cptf.it\/it\/wp-content\/uploads\/neuburger-la-coppia-il-suo-mito-il-suo-terapeuta.jpg\" data-large_image_width=\"80\" data-large_image_height=\"60\" \/><\/a><\/div><\/td><td>La coppia: il suo mito, il suo terapeuta F<\/td><td>Neuburger R.<\/td><td>Franco Angeli<\/td><\/tr><tr id=\"post-row-7571\" class=\"post-row post-type-biblioteca biblioteca-7571 publish\"><td><div style=\"width:70px;\" data-thumb=\"https:\/\/www.cptf.it\/it\/wp-content\/uploads\/nicol\u00f2-la-terapia-familiare-150x150.jpg\" class=\"posts-table-image-wrapper posts-table-gallery__image\"><a href=\"https:\/\/www.cptf.it\/it\/wp-content\/uploads\/nicol\u00f2-la-terapia-familiare.jpg\"><img loading=\"lazy\" decoding=\"async\" width=\"70\" height=\"70\" src=\"https:\/\/www.cptf.it\/it\/wp-content\/uploads\/nicol\u00f2-la-terapia-familiare-150x150.jpg\" class=\"\" alt=\"La terapia familiare e di coppia:  traversare le origini. Interazioni: clinica e ricerca psicanalitica  su individuo coppia famiglia 2-1999\/14\" title=\"nicol\u00f2 - la terapia familiare\" data-caption=\"La terapia familiare e di coppia:  traversare le origini. Interazioni: clinica e ricerca psicanalitica  su individuo coppia famiglia 2-1999\/14\" data-src=\"https:\/\/www.cptf.it\/it\/wp-content\/uploads\/nicol\u00f2-la-terapia-familiare.jpg\" data-large_image=\"https:\/\/www.cptf.it\/it\/wp-content\/uploads\/nicol\u00f2-la-terapia-familiare.jpg\" data-large_image_width=\"200\" data-large_image_height=\"293\" srcset=\"https:\/\/www.cptf.it\/it\/wp-content\/uploads\/nicol\u00f2-la-terapia-familiare-150x150.jpg 150w, https:\/\/www.cptf.it\/it\/wp-content\/uploads\/nicol\u00f2-la-terapia-familiare-200x198.jpg 200w\" sizes=\"(max-width: 70px) 100vw, 70px\" \/><\/a><\/div><\/td><td>La terapia familiare e di coppia:  traversare le origini. Interazioni: clinica e ricerca psicanalitica  su individuo coppia famiglia 2-1999\/14<\/td><td>Nicol\u00f2 A.M.,  Taccani S.<\/td><td>Franco Angeli<\/td><\/tr><tr id=\"post-row-7572\" class=\"post-row post-type-biblioteca biblioteca-7572 publish\"><td><div style=\"width:70px;\" data-thumb=\"https:\/\/www.cptf.it\/it\/wp-content\/uploads\/nicol\u00f2-quale-psicoanalisi-150x150.jpg\" class=\"posts-table-image-wrapper posts-table-gallery__image\"><a href=\"https:\/\/www.cptf.it\/it\/wp-content\/uploads\/nicol\u00f2-quale-psicoanalisi.jpg\"><img loading=\"lazy\" decoding=\"async\" width=\"70\" height=\"70\" src=\"https:\/\/www.cptf.it\/it\/wp-content\/uploads\/nicol\u00f2-quale-psicoanalisi-150x150.jpg\" class=\"\" alt=\"Quale psicoanalisi per la famiglia?\" title=\"nicol\u00f2 - quale psicoanalisi\" data-caption=\"Quale psicoanalisi per la famiglia?\" data-src=\"https:\/\/www.cptf.it\/it\/wp-content\/uploads\/nicol\u00f2-quale-psicoanalisi.jpg\" data-large_image=\"https:\/\/www.cptf.it\/it\/wp-content\/uploads\/nicol\u00f2-quale-psicoanalisi.jpg\" data-large_image_width=\"200\" data-large_image_height=\"150\" \/><\/a><\/div><\/td><td>Quale psicoanalisi per la famiglia?<\/td><td>Nicol\u00f2 A.M., Trapanese G<\/td><td>Franco Angeli<\/td><\/tr><tr id=\"post-row-7573\" class=\"post-row post-type-biblioteca biblioteca-7573 publish\"><td><div style=\"width:70px;\" data-thumb=\"https:\/\/www.cptf.it\/it\/wp-content\/uploads\/occhiogrosso-manifesto-per-una-giustizia-150x150.jpg\" class=\"posts-table-image-wrapper posts-table-gallery__image\"><a href=\"https:\/\/www.cptf.it\/it\/wp-content\/uploads\/occhiogrosso-manifesto-per-una-giustizia.jpg\"><img loading=\"lazy\" decoding=\"async\" width=\"70\" height=\"70\" src=\"https:\/\/www.cptf.it\/it\/wp-content\/uploads\/occhiogrosso-manifesto-per-una-giustizia-150x150.jpg\" class=\"\" alt=\"Manifesto per una giustizia minorile mite\" title=\"occhiogrosso - manifesto per una giustizia\" data-caption=\"Manifesto per una giustizia minorile mite\" data-src=\"https:\/\/www.cptf.it\/it\/wp-content\/uploads\/occhiogrosso-manifesto-per-una-giustizia.jpg\" data-large_image=\"https:\/\/www.cptf.it\/it\/wp-content\/uploads\/occhiogrosso-manifesto-per-una-giustizia.jpg\" data-large_image_width=\"250\" data-large_image_height=\"365\" \/><\/a><\/div><\/td><td>Manifesto per una giustizia minorile mite<\/td><td>Occhiogrosso F.<\/td><td>DUER Franco Angeli<\/td><\/tr><tr id=\"post-row-7574\" class=\"post-row post-type-biblioteca biblioteca-7574 publish\"><td><div style=\"width:70px;\" data-thumb=\"https:\/\/www.cptf.it\/it\/wp-content\/uploads\/ostuzzi-figlie-in-lotta-150x150.jpg\" class=\"posts-table-image-wrapper posts-table-gallery__image\"><a href=\"https:\/\/www.cptf.it\/it\/wp-content\/uploads\/ostuzzi-figlie-in-lotta.jpg\"><img loading=\"lazy\" decoding=\"async\" width=\"70\" height=\"70\" src=\"https:\/\/www.cptf.it\/it\/wp-content\/uploads\/ostuzzi-figlie-in-lotta-150x150.jpg\" class=\"\" alt=\"Figlie in lotta con il cibo. Un aiuto per i  genitori, le ragazze, gli insegnanti e gli  amici.\" title=\"ostuzzi - figlie in lotta\" data-caption=\"Figlie in lotta con il cibo. Un aiuto per i  genitori, le ragazze, gli insegnanti e gli  amici.\" data-src=\"https:\/\/www.cptf.it\/it\/wp-content\/uploads\/ostuzzi-figlie-in-lotta.jpg\" data-large_image=\"https:\/\/www.cptf.it\/it\/wp-content\/uploads\/ostuzzi-figlie-in-lotta.jpg\" data-large_image_width=\"150\" data-large_image_height=\"224\" \/><\/a><\/div><\/td><td>Figlie in lotta con il cibo. Un aiuto per i  genitori, le ragazze, gli insegnanti e gli  amici.<\/td><td>Ostuzzi R.,  Luxardi G.L<\/td><td>Baldini e Castoldi<\/td><\/tr><tr id=\"post-row-7575\" class=\"post-row post-type-biblioteca biblioteca-7575 publish\"><td><div style=\"width:70px;\" data-thumb=\"https:\/\/www.cptf.it\/it\/wp-content\/uploads\/ostuzzi-un-boccone-dopo-laltro-143x150.jpg\" class=\"posts-table-image-wrapper posts-table-gallery__image\"><a href=\"https:\/\/www.cptf.it\/it\/wp-content\/uploads\/ostuzzi-un-boccone-dopo-laltro.jpg\"><img loading=\"lazy\" decoding=\"async\" width=\"70\" height=\"73\" src=\"https:\/\/www.cptf.it\/it\/wp-content\/uploads\/ostuzzi-un-boccone-dopo-laltro-143x150.jpg\" class=\"\" alt=\"Un boccone dopo l\u2019altro. Come aiutare i nostri ragazzi con problemi\" title=\"ostuzzi - un boccone dopo l&#039;altro\" data-caption=\"Un boccone dopo l\u2019altro. Come aiutare i nostri ragazzi con problemi\" data-src=\"https:\/\/www.cptf.it\/it\/wp-content\/uploads\/ostuzzi-un-boccone-dopo-laltro.jpg\" data-large_image=\"https:\/\/www.cptf.it\/it\/wp-content\/uploads\/ostuzzi-un-boccone-dopo-laltro.jpg\" data-large_image_width=\"143\" data-large_image_height=\"204\" \/><\/a><\/div><\/td><td>Un boccone dopo l\u2019altro. Come aiutare i nostri ragazzi con problemi<\/td><td>Ostuzzi R., Luxardi G.L.<\/td><td>Baldini e Castoldi<\/td><\/tr><tr id=\"post-row-7576\" class=\"post-row post-type-biblioteca biblioteca-7576 publish\"><td><div style=\"width:70px;\" data-thumb=\"https:\/\/www.cptf.it\/it\/wp-content\/uploads\/parkinson-separazione-divorzio-e-mediazione-150x150.jpg\" class=\"posts-table-image-wrapper posts-table-gallery__image\"><a href=\"https:\/\/www.cptf.it\/it\/wp-content\/uploads\/parkinson-separazione-divorzio-e-mediazione.jpg\"><img loading=\"lazy\" decoding=\"async\" width=\"70\" height=\"70\" src=\"https:\/\/www.cptf.it\/it\/wp-content\/uploads\/parkinson-separazione-divorzio-e-mediazione-150x150.jpg\" class=\"\" alt=\"Separazione, divorzio e mediazione familiare\" title=\"parkinson separazione divorzio e mediazione\" data-caption=\"Separazione, divorzio e mediazione familiare\" data-src=\"https:\/\/www.cptf.it\/it\/wp-content\/uploads\/parkinson-separazione-divorzio-e-mediazione.jpg\" data-large_image=\"https:\/\/www.cptf.it\/it\/wp-content\/uploads\/parkinson-separazione-divorzio-e-mediazione.jpg\" data-large_image_width=\"170\" data-large_image_height=\"240\" \/><\/a><\/div><\/td><td>Separazione, divorzio e mediazione familiare<\/td><td>Parkinson L.<\/td><td>Erickson<\/td><\/tr><tr id=\"post-row-7577\" class=\"post-row post-type-biblioteca biblioteca-7577 publish\"><td><div style=\"width:70px;\" data-thumb=\"https:\/\/www.cptf.it\/it\/wp-content\/uploads\/p\u00e8-il-giusto-processo-150x150.jpg\" class=\"posts-table-image-wrapper posts-table-gallery__image\"><a href=\"https:\/\/www.cptf.it\/it\/wp-content\/uploads\/p\u00e8-il-giusto-processo.jpg\"><img loading=\"lazy\" decoding=\"async\" width=\"70\" height=\"70\" src=\"https:\/\/www.cptf.it\/it\/wp-content\/uploads\/p\u00e8-il-giusto-processo-150x150.jpg\" class=\"\" alt=\"Il giusto processo e la protezione del minore\" title=\"p\u00e8 - il giusto processo\" data-caption=\"Il giusto processo e la protezione del minore\" data-src=\"https:\/\/www.cptf.it\/it\/wp-content\/uploads\/p\u00e8-il-giusto-processo.jpg\" data-large_image=\"https:\/\/www.cptf.it\/it\/wp-content\/uploads\/p\u00e8-il-giusto-processo.jpg\" data-large_image_width=\"150\" data-large_image_height=\"223\" \/><\/a><\/div><\/td><td>Il giusto processo e la protezione del minore<\/td><td>P\u00e9 A., Ruggiu A.<\/td><td>Franco Angeli<\/td><\/tr><tr id=\"post-row-7578\" class=\"post-row post-type-biblioteca biblioteca-7578 publish\"><td><div style=\"width:70px;\" data-thumb=\"https:\/\/www.cptf.it\/it\/wp-content\/uploads\/piroli-counseling-sistemico-145x150.jpg\" class=\"posts-table-image-wrapper posts-table-gallery__image\"><a href=\"https:\/\/www.cptf.it\/it\/wp-content\/uploads\/piroli-counseling-sistemico.jpg\"><img loading=\"lazy\" decoding=\"async\" width=\"70\" height=\"72\" src=\"https:\/\/www.cptf.it\/it\/wp-content\/uploads\/piroli-counseling-sistemico-145x150.jpg\" class=\"\" alt=\"Counseling Sistemico. Ascoltare, domandare, coinvolgere\" title=\"piroli - counseling sistemico\" data-caption=\"Counseling Sistemico. Ascoltare, domandare, coinvolgere\" data-src=\"https:\/\/www.cptf.it\/it\/wp-content\/uploads\/piroli-counseling-sistemico.jpg\" data-large_image=\"https:\/\/www.cptf.it\/it\/wp-content\/uploads\/piroli-counseling-sistemico.jpg\" data-large_image_width=\"145\" data-large_image_height=\"200\" \/><\/a><\/div><\/td><td>Counseling Sistemico. Ascoltare, domandare, coinvolgere<\/td><td>Piroli S.<\/td><td>Psicologia Uni.Nova<\/td><\/tr><tr id=\"post-row-7579\" class=\"post-row post-type-biblioteca biblioteca-7579 publish\"><td><div style=\"width:70px;\" data-thumb=\"https:\/\/www.cptf.it\/it\/wp-content\/uploads\/Prigogine_le-leggi-del-caos-150x150.jpg\" class=\"posts-table-image-wrapper posts-table-gallery__image\"><a href=\"https:\/\/www.cptf.it\/it\/wp-content\/uploads\/Prigogine_le-leggi-del-caos.jpg\"><img loading=\"lazy\" decoding=\"async\" width=\"70\" height=\"70\" src=\"https:\/\/www.cptf.it\/it\/wp-content\/uploads\/Prigogine_le-leggi-del-caos-150x150.jpg\" class=\"\" alt=\"Le leggi del caos\" title=\"Prigogine_le leggi del caos\" data-caption=\"Le leggi del caos\" data-src=\"https:\/\/www.cptf.it\/it\/wp-content\/uploads\/Prigogine_le-leggi-del-caos.jpg\" data-large_image=\"https:\/\/www.cptf.it\/it\/wp-content\/uploads\/Prigogine_le-leggi-del-caos.jpg\" data-large_image_width=\"170\" data-large_image_height=\"256\" \/><\/a><\/div><\/td><td>Le leggi del caos<\/td><td>Prigogine I.<\/td><td>Editore Laterza<\/td><\/tr><tr id=\"post-row-7580\" class=\"post-row post-type-biblioteca biblioteca-7580 publish\"><td><div style=\"width:70px;\" data-thumb=\"https:\/\/www.cptf.it\/it\/wp-content\/uploads\/protetti-la-consulenza-tecnica-nel-processo-civile.jpg\" class=\"posts-table-image-wrapper posts-table-gallery__image\"><a href=\"https:\/\/www.cptf.it\/it\/wp-content\/uploads\/protetti-la-consulenza-tecnica-nel-processo-civile.jpg\"><img loading=\"lazy\" decoding=\"async\" width=\"70\" height=\"99\" src=\"https:\/\/www.cptf.it\/it\/wp-content\/uploads\/protetti-la-consulenza-tecnica-nel-processo-civile.jpg\" class=\"\" alt=\"La consulenza tecnica nel processo civile\" title=\"protetti - la consulenza tecnica nel processo civile\" data-caption=\"La consulenza tecnica nel processo civile\" data-src=\"https:\/\/www.cptf.it\/it\/wp-content\/uploads\/protetti-la-consulenza-tecnica-nel-processo-civile.jpg\" data-large_image=\"https:\/\/www.cptf.it\/it\/wp-content\/uploads\/protetti-la-consulenza-tecnica-nel-processo-civile.jpg\" data-large_image_width=\"99\" data-large_image_height=\"140\" \/><\/a><\/div><\/td><td>La consulenza tecnica nel processo civile<\/td><td>Protetti E., Protetti M.<\/td><td>Giuffr\u00e8 Editore<\/td><\/tr><tr id=\"post-row-7581\" class=\"post-row post-type-biblioteca biblioteca-7581 publish\"><td><div style=\"width:70px;\" data-thumb=\"https:\/\/www.cptf.it\/it\/wp-content\/uploads\/puviani-le-storie-belle-si-raccontano-da-sole-136x150.jpg\" class=\"posts-table-image-wrapper posts-table-gallery__image\"><a href=\"https:\/\/www.cptf.it\/it\/wp-content\/uploads\/puviani-le-storie-belle-si-raccontano-da-sole.jpg\"><img loading=\"lazy\" decoding=\"async\" width=\"70\" height=\"77\" src=\"https:\/\/www.cptf.it\/it\/wp-content\/uploads\/puviani-le-storie-belle-si-raccontano-da-sole-136x150.jpg\" class=\"\" alt=\"Le storie belle si raccontano da sole. Il  disegno per comunicare con il bambino\" title=\"puviani - le storie belle si raccontano da sole\" data-caption=\"Le storie belle si raccontano da sole. Il  disegno per comunicare con il bambino\" data-src=\"https:\/\/www.cptf.it\/it\/wp-content\/uploads\/puviani-le-storie-belle-si-raccontano-da-sole.jpg\" data-large_image=\"https:\/\/www.cptf.it\/it\/wp-content\/uploads\/puviani-le-storie-belle-si-raccontano-da-sole.jpg\" data-large_image_width=\"136\" data-large_image_height=\"196\" \/><\/a><\/div><\/td><td>Le storie belle si raccontano da sole. Il  disegno per comunicare con il bambino<\/td><td>Puviani V.<\/td><td>Edizioni Junior<\/td><\/tr><tr id=\"post-row-7582\" class=\"post-row post-type-biblioteca biblioteca-7582 publish\"><td><div style=\"width:70px;\" data-thumb=\"https:\/\/www.cptf.it\/it\/wp-content\/uploads\/Regioni-Veneto-Contributi-teorici-ed-operativi-150x150.jpg\" class=\"posts-table-image-wrapper posts-table-gallery__image\"><a href=\"https:\/\/www.cptf.it\/it\/wp-content\/uploads\/Regioni-Veneto-Contributi-teorici-ed-operativi.jpg\"><img loading=\"lazy\" decoding=\"async\" width=\"70\" height=\"70\" src=\"https:\/\/www.cptf.it\/it\/wp-content\/uploads\/Regioni-Veneto-Contributi-teorici-ed-operativi-150x150.jpg\" class=\"\" alt=\"Contributi teorici ed operativi per una prevenzione delle dipendenze\" title=\"Regioni Veneto - Contributi teorici ed operativi\" data-caption=\"Contributi teorici ed operativi per una prevenzione delle dipendenze\" data-src=\"https:\/\/www.cptf.it\/it\/wp-content\/uploads\/Regioni-Veneto-Contributi-teorici-ed-operativi.jpg\" data-large_image=\"https:\/\/www.cptf.it\/it\/wp-content\/uploads\/Regioni-Veneto-Contributi-teorici-ed-operativi.jpg\" data-large_image_width=\"640\" data-large_image_height=\"480\" \/><\/a><\/div><\/td><td>Contributi teorici ed operativi per una prevenzione delle dipendenze<\/td><td>Regione Veneto, VenetoSociale<\/td><td><\/td><\/tr><tr id=\"post-row-7583\" class=\"post-row post-type-biblioteca biblioteca-7583 publish\"><td><div style=\"width:70px;\" data-thumb=\"https:\/\/www.cptf.it\/it\/wp-content\/uploads\/Regione-Veneto-Buona-prassi-per-gli-operatori-150x150.jpg\" class=\"posts-table-image-wrapper posts-table-gallery__image\"><a href=\"https:\/\/www.cptf.it\/it\/wp-content\/uploads\/Regione-Veneto-Buona-prassi-per-gli-operatori.jpg\"><img loading=\"lazy\" decoding=\"async\" width=\"70\" height=\"70\" src=\"https:\/\/www.cptf.it\/it\/wp-content\/uploads\/Regione-Veneto-Buona-prassi-per-gli-operatori-150x150.jpg\" class=\"\" alt=\"Buone Prassi per gli operatori che  devono affrontare situazioni di abuso e  maltrattamento.\" title=\"Regione Veneto - Buona prassi per gli operatori\" data-caption=\"Buone Prassi per gli operatori che  devono affrontare situazioni di abuso e  maltrattamento.\" data-src=\"https:\/\/www.cptf.it\/it\/wp-content\/uploads\/Regione-Veneto-Buona-prassi-per-gli-operatori.jpg\" data-large_image=\"https:\/\/www.cptf.it\/it\/wp-content\/uploads\/Regione-Veneto-Buona-prassi-per-gli-operatori.jpg\" data-large_image_width=\"640\" data-large_image_height=\"480\" \/><\/a><\/div><\/td><td>Buone Prassi per gli operatori che  devono affrontare situazioni di abuso e  maltrattamento.<\/td><td>Regione Veneto, I sassolini  di Pollicino<\/td><td>Collana dell'Osservatorio Regionale per l'infanzia e l'adolescenza<\/td><\/tr><tr id=\"post-row-7584\" class=\"post-row post-type-biblioteca biblioteca-7584 publish\"><td><div style=\"width:70px;\" data-thumb=\"https:\/\/www.cptf.it\/it\/wp-content\/uploads\/Regione-Veneto-La-presa-in-carico-150x150.jpg\" class=\"posts-table-image-wrapper posts-table-gallery__image\"><a href=\"https:\/\/www.cptf.it\/it\/wp-content\/uploads\/Regione-Veneto-La-presa-in-carico.jpg\"><img loading=\"lazy\" decoding=\"async\" width=\"70\" height=\"70\" src=\"https:\/\/www.cptf.it\/it\/wp-content\/uploads\/Regione-Veneto-La-presa-in-carico-150x150.jpg\" class=\"\" alt=\"La presa in carico, la segnalazione e la vigilanza. Linee guida 2005\" title=\"Regione Veneto - La presa in carico\" data-caption=\"La presa in carico, la segnalazione e la vigilanza. Linee guida 2005\" data-src=\"https:\/\/www.cptf.it\/it\/wp-content\/uploads\/Regione-Veneto-La-presa-in-carico.jpg\" data-large_image=\"https:\/\/www.cptf.it\/it\/wp-content\/uploads\/Regione-Veneto-La-presa-in-carico.jpg\" data-large_image_width=\"640\" data-large_image_height=\"480\" \/><\/a><\/div><\/td><td>La presa in carico, la segnalazione e la vigilanza. Linee guida 2005<\/td><td>Regione Veneto, Ufficio Pubblico Tutore dei Minori<\/td><td><\/td><\/tr><tr id=\"post-row-7585\" class=\"post-row post-type-biblioteca biblioteca-7585 publish\"><td><\/td><td>Relazioni Ferite<\/td><td>Verlato M. L., Anfossi M<\/td><td>Edizioni la Meridiana<\/td><\/tr><tr id=\"post-row-7586\" class=\"post-row post-type-biblioteca biblioteca-7586 publish\"><td><div style=\"width:70px;\" data-thumb=\"https:\/\/www.cptf.it\/it\/wp-content\/uploads\/rondot-larte-di-inventare-fiabe-150x150.jpg\" class=\"posts-table-image-wrapper posts-table-gallery__image\"><a href=\"https:\/\/www.cptf.it\/it\/wp-content\/uploads\/rondot-larte-di-inventare-fiabe.jpg\"><img loading=\"lazy\" decoding=\"async\" width=\"70\" height=\"70\" src=\"https:\/\/www.cptf.it\/it\/wp-content\/uploads\/rondot-larte-di-inventare-fiabe-150x150.jpg\" class=\"\" alt=\"L\u2019arte di inventare fiabe\" title=\"rondot - l&#039;arte di inventare fiabe\" data-caption=\"L\u2019arte di inventare fiabe\" data-src=\"https:\/\/www.cptf.it\/it\/wp-content\/uploads\/rondot-larte-di-inventare-fiabe.jpg\" data-large_image=\"https:\/\/www.cptf.it\/it\/wp-content\/uploads\/rondot-larte-di-inventare-fiabe.jpg\" data-large_image_width=\"200\" data-large_image_height=\"150\" \/><\/a><\/div><\/td><td>L\u2019arte di inventare fiabe<\/td><td>Rondot F., Varano M<\/td><td>Sonda<\/td><\/tr><tr id=\"post-row-7587\" class=\"post-row post-type-biblioteca biblioteca-7587 publish\"><td><div style=\"width:70px;\" data-thumb=\"https:\/\/www.cptf.it\/it\/wp-content\/uploads\/Psicologi-e-operai-150x150.jpg\" class=\"posts-table-image-wrapper posts-table-gallery__image\"><a href=\"https:\/\/www.cptf.it\/it\/wp-content\/uploads\/Psicologi-e-operai.jpg\"><img loading=\"lazy\" decoding=\"async\" width=\"70\" height=\"70\" src=\"https:\/\/www.cptf.it\/it\/wp-content\/uploads\/Psicologi-e-operai-150x150.jpg\" class=\"\" alt=\"Psicologi e operai\" title=\"Psicologi e operai\" data-caption=\"Psicologi e operai\" data-src=\"https:\/\/www.cptf.it\/it\/wp-content\/uploads\/Psicologi-e-operai.jpg\" data-large_image=\"https:\/\/www.cptf.it\/it\/wp-content\/uploads\/Psicologi-e-operai.jpg\" data-large_image_width=\"225\" data-large_image_height=\"300\" \/><\/a><\/div><\/td><td>Psicologi e operai<\/td><td>Rozzi R.A.<\/td><td>Feltrinelli<\/td><\/tr><tr id=\"post-row-7588\" class=\"post-row post-type-biblioteca biblioteca-7588 publish\"><td><div style=\"width:70px;\" data-thumb=\"https:\/\/www.cptf.it\/it\/wp-content\/uploads\/sandrini-necro-logiche-150x150.jpg\" class=\"posts-table-image-wrapper posts-table-gallery__image\"><a href=\"https:\/\/www.cptf.it\/it\/wp-content\/uploads\/sandrini-necro-logiche.jpg\"><img loading=\"lazy\" decoding=\"async\" width=\"70\" height=\"70\" src=\"https:\/\/www.cptf.it\/it\/wp-content\/uploads\/sandrini-necro-logiche-150x150.jpg\" class=\"\" alt=\"Necro-logiche. Istantanee di vita non vissuta\" title=\"sandrini - necro-logiche\" data-caption=\"Necro-logiche. Istantanee di vita non vissuta\" data-src=\"https:\/\/www.cptf.it\/it\/wp-content\/uploads\/sandrini-necro-logiche.jpg\" data-large_image=\"https:\/\/www.cptf.it\/it\/wp-content\/uploads\/sandrini-necro-logiche.jpg\" data-large_image_width=\"180\" data-large_image_height=\"260\" \/><\/a><\/div><\/td><td>Necro-logiche. Istantanee di vita non vissuta<\/td><td>Sandrini F.<\/td><td>OSA<\/td><\/tr><tr id=\"post-row-7589\" class=\"post-row post-type-biblioteca biblioteca-7589 publish\"><td><div style=\"width:70px;\" data-thumb=\"https:\/\/www.cptf.it\/it\/wp-content\/uploads\/Santi-Adozione-e-Terapia-Familiare-150x150.jpg\" class=\"posts-table-image-wrapper posts-table-gallery__image\"><a href=\"https:\/\/www.cptf.it\/it\/wp-content\/uploads\/Santi-Adozione-e-Terapia-Familiare.jpg\"><img loading=\"lazy\" decoding=\"async\" width=\"70\" height=\"70\" src=\"https:\/\/www.cptf.it\/it\/wp-content\/uploads\/Santi-Adozione-e-Terapia-Familiare-150x150.jpg\" class=\"\" alt=\"Adozione e sistema familiare\" title=\"Santi - Adozione e Terapia Familiare\" data-caption=\"Adozione e sistema familiare\" data-src=\"https:\/\/www.cptf.it\/it\/wp-content\/uploads\/Santi-Adozione-e-Terapia-Familiare.jpg\" data-large_image=\"https:\/\/www.cptf.it\/it\/wp-content\/uploads\/Santi-Adozione-e-Terapia-Familiare.jpg\" data-large_image_width=\"640\" data-large_image_height=\"480\" \/><\/a><\/div><\/td><td>Adozione e sistema familiare<\/td><td>Santi G<\/td><td>Giuffr\u00e8 Editore<\/td><\/tr><tr id=\"post-row-7590\" class=\"post-row post-type-biblioteca biblioteca-7590 publish\"><td><div style=\"width:70px;\" data-thumb=\"https:\/\/www.cptf.it\/it\/wp-content\/uploads\/satir-in-famiglia-come-va-150x150.jpg\" class=\"posts-table-image-wrapper posts-table-gallery__image\"><a href=\"https:\/\/www.cptf.it\/it\/wp-content\/uploads\/satir-in-famiglia-come-va.jpg\"><img loading=\"lazy\" decoding=\"async\" width=\"70\" height=\"70\" src=\"https:\/\/www.cptf.it\/it\/wp-content\/uploads\/satir-in-famiglia-come-va-150x150.jpg\" class=\"\" alt=\"In famiglia come v\u00e0?....Vivere le relazioni in modo significativo\" title=\"satir - in famiglia come va\" data-caption=\"In famiglia come v\u00e0?....Vivere le relazioni in modo significativo\" data-src=\"https:\/\/www.cptf.it\/it\/wp-content\/uploads\/satir-in-famiglia-come-va.jpg\" data-large_image=\"https:\/\/www.cptf.it\/it\/wp-content\/uploads\/satir-in-famiglia-come-va.jpg\" data-large_image_width=\"170\" data-large_image_height=\"268\" \/><\/a><\/div><\/td><td>In famiglia come v\u00e0?&#8230;.Vivere le relazioni in modo significativo<\/td><td>Satir V<\/td><td>Editrice Impressioni Grafiche<\/td><\/tr><tr id=\"post-row-7591\" class=\"post-row post-type-biblioteca biblioteca-7591 publish\"><td><\/td><td>Making Contact<\/td><td>Satir V.<\/td><td>inmind<\/td><\/tr><tr id=\"post-row-7592\" class=\"post-row post-type-biblioteca biblioteca-7592 publish\"><td><div style=\"width:70px;\" data-thumb=\"https:\/\/www.cptf.it\/it\/wp-content\/uploads\/scheflen-il-linguaggio-del-comportamento-136x150.jpg\" class=\"posts-table-image-wrapper posts-table-gallery__image\"><a href=\"https:\/\/www.cptf.it\/it\/wp-content\/uploads\/scheflen-il-linguaggio-del-comportamento.jpg\"><img loading=\"lazy\" decoding=\"async\" width=\"70\" height=\"77\" src=\"https:\/\/www.cptf.it\/it\/wp-content\/uploads\/scheflen-il-linguaggio-del-comportamento-136x150.jpg\" class=\"\" alt=\"Il linguaggio del comportamento\" title=\"scheflen - il linguaggio del comportamento\" data-caption=\"Il linguaggio del comportamento\" data-src=\"https:\/\/www.cptf.it\/it\/wp-content\/uploads\/scheflen-il-linguaggio-del-comportamento.jpg\" data-large_image=\"https:\/\/www.cptf.it\/it\/wp-content\/uploads\/scheflen-il-linguaggio-del-comportamento.jpg\" data-large_image_width=\"136\" data-large_image_height=\"192\" \/><\/a><\/div><\/td><td>Il linguaggio del comportamento<\/td><td>Scheflen A. E<\/td><td>Astrolabio<\/td><\/tr><tr id=\"post-row-7593\" class=\"post-row post-type-biblioteca biblioteca-7593 publish\"><td><div style=\"width:70px;\" data-thumb=\"https:\/\/www.cptf.it\/it\/wp-content\/uploads\/selekman-working-with-self-harming--150x150.jpg\" class=\"posts-table-image-wrapper posts-table-gallery__image\"><a href=\"https:\/\/www.cptf.it\/it\/wp-content\/uploads\/selekman-working-with-self-harming-.jpg\"><img loading=\"lazy\" decoding=\"async\" width=\"70\" height=\"70\" src=\"https:\/\/www.cptf.it\/it\/wp-content\/uploads\/selekman-working-with-self-harming--150x150.jpg\" class=\"\" alt=\"Working with self harming adolescents\" title=\"selekman - working with self harming\" data-caption=\"Working with self harming adolescents\" data-src=\"https:\/\/www.cptf.it\/it\/wp-content\/uploads\/selekman-working-with-self-harming-.jpg\" data-large_image=\"https:\/\/www.cptf.it\/it\/wp-content\/uploads\/selekman-working-with-self-harming-.jpg\" data-large_image_width=\"182\" data-large_image_height=\"277\" \/><\/a><\/div><\/td><td>Working with self harming adolescents<\/td><td>Selekman M.D.<\/td><td>W.W. Norton e Company<\/td><\/tr><tr id=\"post-row-7594\" class=\"post-row post-type-biblioteca biblioteca-7594 publish\"><td><\/td><td>Cronaca di una ricerca. L\u2019evoluzione della terapia familiare nelle opere di  Mara Selvini Palazzoli<\/td><td>Selvini M.<\/td><td>NIS<\/td><\/tr><tr id=\"post-row-7595\" class=\"post-row post-type-biblioteca biblioteca-7595 publish\"><td><div style=\"width:70px;\" data-thumb=\"https:\/\/www.cptf.it\/it\/wp-content\/uploads\/selvini-lanoressia-mentale-dalla-terapia-individuale-alla-terapia-familiare-150x150.jpg\" class=\"posts-table-image-wrapper posts-table-gallery__image\"><a href=\"https:\/\/www.cptf.it\/it\/wp-content\/uploads\/selvini-lanoressia-mentale-dalla-terapia-individuale-alla-terapia-familiare.jpg\"><img loading=\"lazy\" decoding=\"async\" width=\"70\" height=\"70\" src=\"https:\/\/www.cptf.it\/it\/wp-content\/uploads\/selvini-lanoressia-mentale-dalla-terapia-individuale-alla-terapia-familiare-150x150.jpg\" class=\"\" alt=\"L\u2019anoressia Mentale\" title=\"selvini -lanoressia-mentale-dalla-terapia-individuale-alla-terapia-familiare\" data-caption=\"L\u2019anoressia Mentale\" data-src=\"https:\/\/www.cptf.it\/it\/wp-content\/uploads\/selvini-lanoressia-mentale-dalla-terapia-individuale-alla-terapia-familiare.jpg\" data-large_image=\"https:\/\/www.cptf.it\/it\/wp-content\/uploads\/selvini-lanoressia-mentale-dalla-terapia-individuale-alla-terapia-familiare.jpg\" data-large_image_width=\"300\" data-large_image_height=\"300\" srcset=\"https:\/\/www.cptf.it\/it\/wp-content\/uploads\/selvini-lanoressia-mentale-dalla-terapia-individuale-alla-terapia-familiare-150x150.jpg 150w, https:\/\/www.cptf.it\/it\/wp-content\/uploads\/selvini-lanoressia-mentale-dalla-terapia-individuale-alla-terapia-familiare.jpg 300w\" sizes=\"(max-width: 70px) 100vw, 70px\" \/><\/a><\/div><\/td><td>L\u2019anoressia Mentale<\/td><td>Selvini Palazzoli M<\/td><td>Raffaello Cortina Editore<\/td><\/tr><tr id=\"post-row-7596\" class=\"post-row post-type-biblioteca biblioteca-7596 publish\"><td><div style=\"width:70px;\" data-thumb=\"https:\/\/www.cptf.it\/it\/wp-content\/uploads\/selvini-giochi-psicotici.gif\" class=\"posts-table-image-wrapper posts-table-gallery__image\"><a href=\"https:\/\/www.cptf.it\/it\/wp-content\/uploads\/selvini-giochi-psicotici.gif\"><img loading=\"lazy\" decoding=\"async\" width=\"70\" height=\"110\" src=\"https:\/\/www.cptf.it\/it\/wp-content\/uploads\/selvini-giochi-psicotici.gif\" class=\"\" alt=\"I giochi psicotici nella famiglia\" title=\"selvini - giochi psicotici\" data-caption=\"I giochi psicotici nella famiglia\" data-src=\"https:\/\/www.cptf.it\/it\/wp-content\/uploads\/selvini-giochi-psicotici.gif\" data-large_image=\"https:\/\/www.cptf.it\/it\/wp-content\/uploads\/selvini-giochi-psicotici.gif\" data-large_image_width=\"100\" data-large_image_height=\"157\" \/><\/a><\/div><\/td><td>I giochi psicotici nella famiglia<\/td><td>Selvini Palazzoli M., Cirillo, Selvini, Sorrentino<\/td><td>Raffaello Cortina Editore<\/td><\/tr><tr id=\"post-row-7597\" class=\"post-row post-type-biblioteca biblioteca-7597 publish\"><td><div style=\"width:70px;\" data-thumb=\"https:\/\/www.cptf.it\/it\/wp-content\/uploads\/selvini-sul-fronte-dellorganizzazione-150x150.jpg\" class=\"posts-table-image-wrapper posts-table-gallery__image\"><a href=\"https:\/\/www.cptf.it\/it\/wp-content\/uploads\/selvini-sul-fronte-dellorganizzazione.jpg\"><img loading=\"lazy\" decoding=\"async\" width=\"70\" height=\"70\" src=\"https:\/\/www.cptf.it\/it\/wp-content\/uploads\/selvini-sul-fronte-dellorganizzazione-150x150.jpg\" class=\"\" alt=\"Sul fronte dell\u2019organizzazione. Strategie e Tattiche\" title=\"selvini - sul fronte dell&#039;organizzazione\" data-caption=\"Sul fronte dell\u2019organizzazione. Strategie e Tattiche\" data-src=\"https:\/\/www.cptf.it\/it\/wp-content\/uploads\/selvini-sul-fronte-dellorganizzazione.jpg\" data-large_image=\"https:\/\/www.cptf.it\/it\/wp-content\/uploads\/selvini-sul-fronte-dellorganizzazione.jpg\" data-large_image_width=\"200\" data-large_image_height=\"306\" srcset=\"https:\/\/www.cptf.it\/it\/wp-content\/uploads\/selvini-sul-fronte-dellorganizzazione-150x150.jpg 150w, https:\/\/www.cptf.it\/it\/wp-content\/uploads\/selvini-sul-fronte-dellorganizzazione-200x198.jpg 200w\" sizes=\"(max-width: 70px) 100vw, 70px\" \/><\/a><\/div><\/td><td>Sul fronte dell\u2019organizzazione. Strategie e Tattiche<\/td><td>Selvini Palazzoli M., Anolli L., Di Blasio P., Giossi L., Pisano I., Ricci C., Sacchi M., Ugazio V.<\/td><td>Feltrinelli<\/td><\/tr><tr id=\"post-row-7598\" class=\"post-row post-type-biblioteca biblioteca-7598 publish\"><td><div style=\"width:70px;\" data-thumb=\"https:\/\/www.cptf.it\/it\/wp-content\/uploads\/images-9-150x150.jpg\" class=\"posts-table-image-wrapper posts-table-gallery__image\"><a href=\"https:\/\/www.cptf.it\/it\/wp-content\/uploads\/images-9.jpg\"><img loading=\"lazy\" decoding=\"async\" width=\"70\" height=\"70\" src=\"https:\/\/www.cptf.it\/it\/wp-content\/uploads\/images-9-150x150.jpg\" class=\"\" alt=\"Paradosso e Controparadosso\" title=\"images (9)\" data-caption=\"Paradosso e Controparadosso\" data-src=\"https:\/\/www.cptf.it\/it\/wp-content\/uploads\/images-9.jpg\" data-large_image=\"https:\/\/www.cptf.it\/it\/wp-content\/uploads\/images-9.jpg\" data-large_image_width=\"152\" data-large_image_height=\"215\" \/><\/a><\/div><\/td><td>Paradosso e Controparadosso<\/td><td>Selvini Palazzoli M., Boscolo L., Cecchin G., Prata G.<\/td><td>Raffaello Cortina Editore<\/td><\/tr><tr id=\"post-row-7599\" class=\"post-row post-type-biblioteca biblioteca-7599 publish\"><td><div style=\"width:70px;\" data-thumb=\"https:\/\/www.cptf.it\/it\/wp-content\/uploads\/Selvini-Palazzoli_Ragazze-anoressiche-132x150.jpg\" class=\"posts-table-image-wrapper posts-table-gallery__image\"><a href=\"https:\/\/www.cptf.it\/it\/wp-content\/uploads\/Selvini-Palazzoli_Ragazze-anoressiche.jpg\"><img loading=\"lazy\" decoding=\"async\" width=\"70\" height=\"80\" src=\"https:\/\/www.cptf.it\/it\/wp-content\/uploads\/Selvini-Palazzoli_Ragazze-anoressiche-132x150.jpg\" class=\"\" alt=\"Ragazze anoressiche e bulimiche. La terapia familiare\" title=\"Selvini Palazzoli_Ragazze anoressiche\" data-caption=\"Ragazze anoressiche e bulimiche. La terapia familiare\" data-src=\"https:\/\/www.cptf.it\/it\/wp-content\/uploads\/Selvini-Palazzoli_Ragazze-anoressiche.jpg\" data-large_image=\"https:\/\/www.cptf.it\/it\/wp-content\/uploads\/Selvini-Palazzoli_Ragazze-anoressiche.jpg\" data-large_image_width=\"132\" data-large_image_height=\"200\" \/><\/a><\/div><\/td><td>Ragazze anoressiche e bulimiche. La terapia familiare<\/td><td>Selvini Palazzoli M., Cirillo S., Selvini M., Sorrentino A. M.<\/td><td>Raffaello Cortina Editore<\/td><\/tr><tr id=\"post-row-7600\" class=\"post-row post-type-biblioteca biblioteca-7600 publish\"><td><\/td><td>Il terapeuta consapevole<\/td><td>Siegel D.<\/td><td>Istituto di Scienze Cognitive<\/td><\/tr><tr id=\"post-row-7601\" class=\"post-row post-type-biblioteca biblioteca-7601 publish\"><td><div style=\"width:70px;\" data-thumb=\"https:\/\/www.cptf.it\/it\/wp-content\/uploads\/siegel-la-mente-relazionale-150x150.jpg\" class=\"posts-table-image-wrapper posts-table-gallery__image\"><a href=\"https:\/\/www.cptf.it\/it\/wp-content\/uploads\/siegel-la-mente-relazionale.jpg\"><img loading=\"lazy\" decoding=\"async\" width=\"70\" height=\"70\" src=\"https:\/\/www.cptf.it\/it\/wp-content\/uploads\/siegel-la-mente-relazionale-150x150.jpg\" class=\"\" alt=\"La mente relazionale\" title=\"siegel - la mente relazionale\" data-caption=\"La mente relazionale\" data-src=\"https:\/\/www.cptf.it\/it\/wp-content\/uploads\/siegel-la-mente-relazionale.jpg\" data-large_image=\"https:\/\/www.cptf.it\/it\/wp-content\/uploads\/siegel-la-mente-relazionale.jpg\" data-large_image_width=\"300\" data-large_image_height=\"300\" srcset=\"https:\/\/www.cptf.it\/it\/wp-content\/uploads\/siegel-la-mente-relazionale-150x150.jpg 150w, https:\/\/www.cptf.it\/it\/wp-content\/uploads\/siegel-la-mente-relazionale.jpg 300w\" sizes=\"(max-width: 70px) 100vw, 70px\" \/><\/a><\/div><\/td><td>La mente relazionale<\/td><td>Siegel D. J.<\/td><td>Raffaello Cortina Editore<\/td><\/tr><tr id=\"post-row-7602\" class=\"post-row post-type-biblioteca biblioteca-7602 publish\"><td><div style=\"width:70px;\" data-thumb=\"https:\/\/www.cptf.it\/it\/wp-content\/uploads\/sluzki-doppio-legame-132x150.jpg\" class=\"posts-table-image-wrapper posts-table-gallery__image\"><a href=\"https:\/\/www.cptf.it\/it\/wp-content\/uploads\/sluzki-doppio-legame.jpg\"><img loading=\"lazy\" decoding=\"async\" width=\"70\" height=\"80\" src=\"https:\/\/www.cptf.it\/it\/wp-content\/uploads\/sluzki-doppio-legame-132x150.jpg\" class=\"\" alt=\"Il doppio legame. La genesi  dell\u2019approccio relazionale allo studio  della famiglia\" title=\"sluzki - doppio legame\" data-caption=\"Il doppio legame. La genesi  dell\u2019approccio relazionale allo studio  della famiglia\" data-src=\"https:\/\/www.cptf.it\/it\/wp-content\/uploads\/sluzki-doppio-legame.jpg\" data-large_image=\"https:\/\/www.cptf.it\/it\/wp-content\/uploads\/sluzki-doppio-legame.jpg\" data-large_image_width=\"132\" data-large_image_height=\"200\" \/><\/a><\/div><\/td><td>Il doppio legame. La genesi  dell\u2019approccio relazionale allo studio  della famiglia<\/td><td>Sluzki C.E., Ransom D.C.<\/td><td>Astrolabio<\/td><\/tr><tr id=\"post-row-7603\" class=\"post-row post-type-biblioteca biblioteca-7603 publish\"><td><div style=\"width:70px;\" data-thumb=\"https:\/\/www.cptf.it\/it\/wp-content\/uploads\/SmithBenjamin_terapiaricostruttiva-150x150.jpg\" class=\"posts-table-image-wrapper posts-table-gallery__image\"><a href=\"https:\/\/www.cptf.it\/it\/wp-content\/uploads\/SmithBenjamin_terapiaricostruttiva.jpg\"><img loading=\"lazy\" decoding=\"async\" width=\"70\" height=\"70\" src=\"https:\/\/www.cptf.it\/it\/wp-content\/uploads\/SmithBenjamin_terapiaricostruttiva-150x150.jpg\" class=\"\" alt=\"Terapia ricostruttiva interpersonale\" title=\"SmithBenjamin_terapiaricostruttiva\" data-caption=\"Terapia ricostruttiva interpersonale\" data-src=\"https:\/\/www.cptf.it\/it\/wp-content\/uploads\/SmithBenjamin_terapiaricostruttiva.jpg\" data-large_image=\"https:\/\/www.cptf.it\/it\/wp-content\/uploads\/SmithBenjamin_terapiaricostruttiva.jpg\" data-large_image_width=\"170\" data-large_image_height=\"260\" \/><\/a><\/div><\/td><td>Terapia ricostruttiva interpersonale<\/td><td>Smith Benjamin L.<\/td><td>Las-Roma<\/td><\/tr><tr id=\"post-row-7604\" class=\"post-row post-type-biblioteca biblioteca-7604 publish\"><td><\/td><td>Diagnosi interpersonale e trattamento dei disturbi di personalit\u00e0<\/td><td>Smith Benjamin L.<\/td><td>Las-Roma<\/td><\/tr><tr id=\"post-row-7605\" class=\"post-row post-type-biblioteca biblioteca-7605 publish\"><td><div style=\"width:70px;\" data-thumb=\"https:\/\/www.cptf.it\/it\/wp-content\/uploads\/Identit\u00e0-e-relazione-150x150.jpg\" class=\"posts-table-image-wrapper posts-table-gallery__image\"><a href=\"https:\/\/www.cptf.it\/it\/wp-content\/uploads\/Identit\u00e0-e-relazione.jpg\"><img loading=\"lazy\" decoding=\"async\" width=\"70\" height=\"70\" src=\"https:\/\/www.cptf.it\/it\/wp-content\/uploads\/Identit\u00e0-e-relazione-150x150.jpg\" class=\"\" alt=\"Identit\u00e0 e relazione\" title=\"Identit\u00e0 e relazione\" data-caption=\"Identit\u00e0 e relazione\" data-src=\"https:\/\/www.cptf.it\/it\/wp-content\/uploads\/Identit\u00e0-e-relazione.jpg\" data-large_image=\"https:\/\/www.cptf.it\/it\/wp-content\/uploads\/Identit\u00e0-e-relazione.jpg\" data-large_image_width=\"157\" data-large_image_height=\"240\" \/><\/a><\/div><\/td><td>Identit\u00e0 e relazione<\/td><td>Solfaroli Camillocci D., Visani E.<\/td><td>Franco Angeli<\/td><\/tr><tr id=\"post-row-7606\" class=\"post-row post-type-biblioteca biblioteca-7606 publish\"><td><div style=\"width:70px;\" data-thumb=\"https:\/\/www.cptf.it\/it\/wp-content\/uploads\/sorrentino-figli-disabili-150x150.jpg\" class=\"posts-table-image-wrapper posts-table-gallery__image\"><a href=\"https:\/\/www.cptf.it\/it\/wp-content\/uploads\/sorrentino-figli-disabili.jpg\"><img loading=\"lazy\" decoding=\"async\" width=\"70\" height=\"70\" src=\"https:\/\/www.cptf.it\/it\/wp-content\/uploads\/sorrentino-figli-disabili-150x150.jpg\" class=\"\" alt=\"Figli Disabili. La famiglia di fronte all\u2019handicap\" title=\"sorrentino - figli disabili\" data-caption=\"Figli Disabili. La famiglia di fronte all\u2019handicap\" data-src=\"https:\/\/www.cptf.it\/it\/wp-content\/uploads\/sorrentino-figli-disabili.jpg\" data-large_image=\"https:\/\/www.cptf.it\/it\/wp-content\/uploads\/sorrentino-figli-disabili.jpg\" data-large_image_width=\"170\" data-large_image_height=\"275\" \/><\/a><\/div><\/td><td>Figli Disabili. La famiglia di fronte all\u2019handicap<\/td><td>Sorrentino A.M.<\/td><td>Raffaello Cortina Editore<\/td><\/tr><tr id=\"post-row-7607\" class=\"post-row post-type-biblioteca biblioteca-7607 publish\"><td><\/td><td>I principi della DBT in azione<\/td><td>Swenson C.R.<\/td><td>Raffaello Cortina Editore<\/td><\/tr><tr id=\"post-row-7608\" class=\"post-row post-type-biblioteca biblioteca-7608 publish\"><td><div style=\"width:70px;\" data-thumb=\"https:\/\/www.cptf.it\/it\/wp-content\/uploads\/telfener-apprendere-i-contesti-150x150.jpg\" class=\"posts-table-image-wrapper posts-table-gallery__image\"><a href=\"https:\/\/www.cptf.it\/it\/wp-content\/uploads\/telfener-apprendere-i-contesti.jpg\"><img loading=\"lazy\" decoding=\"async\" width=\"70\" height=\"70\" src=\"https:\/\/www.cptf.it\/it\/wp-content\/uploads\/telfener-apprendere-i-contesti-150x150.jpg\" class=\"\" alt=\"Apprendere i contesti\" title=\"telfener - apprendere i contesti\" data-caption=\"Apprendere i contesti\" data-src=\"https:\/\/www.cptf.it\/it\/wp-content\/uploads\/telfener-apprendere-i-contesti.jpg\" data-large_image=\"https:\/\/www.cptf.it\/it\/wp-content\/uploads\/telfener-apprendere-i-contesti.jpg\" data-large_image_width=\"170\" data-large_image_height=\"272\" \/><\/a><\/div><\/td><td>Apprendere i contesti<\/td><td>Telfener U<\/td><td>Raffaello Cortina Editore<\/td><\/tr><tr id=\"post-row-7609\" class=\"post-row post-type-biblioteca biblioteca-7609 publish\"><td><div style=\"width:70px;\" data-thumb=\"https:\/\/www.cptf.it\/it\/wp-content\/uploads\/Copertina_Letti-Sfatti-150x150.jpg\" class=\"posts-table-image-wrapper posts-table-gallery__image\"><a href=\"https:\/\/www.cptf.it\/it\/wp-content\/uploads\/Copertina_Letti-Sfatti.jpg\"><img loading=\"lazy\" decoding=\"async\" width=\"70\" height=\"70\" src=\"https:\/\/www.cptf.it\/it\/wp-content\/uploads\/Copertina_Letti-Sfatti-150x150.jpg\" class=\"\" alt=\"Letti Sfatti\" title=\"Copertina_Letti Sfatti\" data-caption=\"Letti Sfatti\" data-src=\"https:\/\/www.cptf.it\/it\/wp-content\/uploads\/Copertina_Letti-Sfatti.jpg\" data-large_image=\"https:\/\/www.cptf.it\/it\/wp-content\/uploads\/Copertina_Letti-Sfatti.jpg\" data-large_image_width=\"500\" data-large_image_height=\"500\" srcset=\"https:\/\/www.cptf.it\/it\/wp-content\/uploads\/Copertina_Letti-Sfatti-150x150.jpg 150w, https:\/\/www.cptf.it\/it\/wp-content\/uploads\/Copertina_Letti-Sfatti-300x300.jpg 300w, https:\/\/www.cptf.it\/it\/wp-content\/uploads\/Copertina_Letti-Sfatti.jpg 500w\" sizes=\"(max-width: 70px) 100vw, 70px\" \/><\/a><\/div><\/td><td>Letti Sfatti<\/td><td>U. Telfener<\/td><td>Giunti<\/td><\/tr><tr id=\"post-row-7610\" class=\"post-row post-type-biblioteca biblioteca-7610 publish\"><td><div style=\"width:70px;\" data-thumb=\"https:\/\/www.cptf.it\/it\/wp-content\/uploads\/ugazio-storie-permesse-storie-proibite-150x150.jpg\" class=\"posts-table-image-wrapper posts-table-gallery__image\"><a href=\"https:\/\/www.cptf.it\/it\/wp-content\/uploads\/ugazio-storie-permesse-storie-proibite.jpg\"><img loading=\"lazy\" decoding=\"async\" width=\"70\" height=\"70\" src=\"https:\/\/www.cptf.it\/it\/wp-content\/uploads\/ugazio-storie-permesse-storie-proibite-150x150.jpg\" class=\"\" alt=\"Storie permesse. Storie proibite. Polarit\u00e0  semantiche familiari e psicopatologie\" title=\"Ugazio - Storie cop. ok_Ugazio\" data-caption=\"Storie permesse. Storie proibite. Polarit\u00e0  semantiche familiari e psicopatologie\" data-src=\"https:\/\/www.cptf.it\/it\/wp-content\/uploads\/ugazio-storie-permesse-storie-proibite.jpg\" data-large_image=\"https:\/\/www.cptf.it\/it\/wp-content\/uploads\/ugazio-storie-permesse-storie-proibite.jpg\" data-large_image_width=\"200\" data-large_image_height=\"304\" srcset=\"https:\/\/www.cptf.it\/it\/wp-content\/uploads\/ugazio-storie-permesse-storie-proibite-150x150.jpg 150w, https:\/\/www.cptf.it\/it\/wp-content\/uploads\/ugazio-storie-permesse-storie-proibite-200x198.jpg 200w\" sizes=\"(max-width: 70px) 100vw, 70px\" \/><\/a><\/div><\/td><td>Storie permesse. Storie proibite. Polarit\u00e0  semantiche familiari e psicopatologie<\/td><td>Ugazio V.<\/td><td>Bollati Boringhieri<\/td><\/tr><tr id=\"post-row-7611\" class=\"post-row post-type-biblioteca biblioteca-7611 publish\"><td><div style=\"width:70px;\" data-thumb=\"https:\/\/www.cptf.it\/it\/wp-content\/uploads\/ugazio-famiglie-gruppi-e-individui-134x150.jpg\" class=\"posts-table-image-wrapper posts-table-gallery__image\"><a href=\"https:\/\/www.cptf.it\/it\/wp-content\/uploads\/ugazio-famiglie-gruppi-e-individui.jpg\"><img loading=\"lazy\" decoding=\"async\" width=\"70\" height=\"78\" src=\"https:\/\/www.cptf.it\/it\/wp-content\/uploads\/ugazio-famiglie-gruppi-e-individui-134x150.jpg\" class=\"\" alt=\"Famiglie, gruppi e individui. Le molteplici forme della psicoterapia\" title=\"ugazio - famiglie gruppi e individui\" data-caption=\"Famiglie, gruppi e individui. Le molteplici forme della psicoterapia\" data-src=\"https:\/\/www.cptf.it\/it\/wp-content\/uploads\/ugazio-famiglie-gruppi-e-individui.jpg\" data-large_image=\"https:\/\/www.cptf.it\/it\/wp-content\/uploads\/ugazio-famiglie-gruppi-e-individui.jpg\" data-large_image_width=\"134\" data-large_image_height=\"200\" \/><\/a><\/div><\/td><td>Famiglie, gruppi e individui. Le molteplici forme della psicoterapia<\/td><td>Ugazio V., De Filippi P.G., Schepisi L., Solfaroli Camillocci D.<\/td><td>Franco Angeli<\/td><\/tr><tr id=\"post-row-7612\" class=\"post-row post-type-biblioteca biblioteca-7612 publish\"><td><div style=\"width:70px;\" data-thumb=\"https:\/\/www.cptf.it\/it\/wp-content\/uploads\/ulisamer-il-grande-manuale-delle-costellazioni-familiari-150x150.jpg\" class=\"posts-table-image-wrapper posts-table-gallery__image\"><a href=\"https:\/\/www.cptf.it\/it\/wp-content\/uploads\/ulisamer-il-grande-manuale-delle-costellazioni-familiari.jpg\"><img loading=\"lazy\" decoding=\"async\" width=\"70\" height=\"70\" src=\"https:\/\/www.cptf.it\/it\/wp-content\/uploads\/ulisamer-il-grande-manuale-delle-costellazioni-familiari-150x150.jpg\" class=\"\" alt=\"Il grande manuale delle costellazioni  familiari. Come praticare la terapia  sistemica di Bert Hellinger.\" title=\"ulisamer - il grande manuale delle costellazioni familiari\" data-caption=\"Il grande manuale delle costellazioni  familiari. Come praticare la terapia  sistemica di Bert Hellinger.\" data-src=\"https:\/\/www.cptf.it\/it\/wp-content\/uploads\/ulisamer-il-grande-manuale-delle-costellazioni-familiari.jpg\" data-large_image=\"https:\/\/www.cptf.it\/it\/wp-content\/uploads\/ulisamer-il-grande-manuale-delle-costellazioni-familiari.jpg\" data-large_image_width=\"170\" data-large_image_height=\"252\" \/><\/a><\/div><\/td><td>Il grande manuale delle costellazioni  familiari. Come praticare la terapia  sistemica di Bert Hellinger.<\/td><td>Ulisamer B.<\/td><td>Edizioni L\u2019et\u00e0 dell\u2019acquario<\/td><\/tr><tr id=\"post-row-7613\" class=\"post-row post-type-biblioteca biblioteca-7613 publish\"><td><div style=\"width:70px;\" data-thumb=\"https:\/\/www.cptf.it\/it\/wp-content\/uploads\/ulisamer-genitori_e_figli_le_regole_del_gioco_secondo_la_teoria_delle_costellazioni_familiari-150x150.jpg\" class=\"posts-table-image-wrapper posts-table-gallery__image\"><a href=\"https:\/\/www.cptf.it\/it\/wp-content\/uploads\/ulisamer-genitori_e_figli_le_regole_del_gioco_secondo_la_teoria_delle_costellazioni_familiari.jpg\"><img loading=\"lazy\" decoding=\"async\" width=\"70\" height=\"70\" src=\"https:\/\/www.cptf.it\/it\/wp-content\/uploads\/ulisamer-genitori_e_figli_le_regole_del_gioco_secondo_la_teoria_delle_costellazioni_familiari-150x150.jpg\" class=\"\" alt=\"Genitori e Figli: le regole del gioco,  secondo la teoria delle costellazioni  familiari.\" title=\"ulisamer - genitori_e_figli_le_regole_del_gioco_secondo_la_teoria_delle_costellazioni_familiari\" data-caption=\"Genitori e Figli: le regole del gioco,  secondo la teoria delle costellazioni  familiari.\" data-src=\"https:\/\/www.cptf.it\/it\/wp-content\/uploads\/ulisamer-genitori_e_figli_le_regole_del_gioco_secondo_la_teoria_delle_costellazioni_familiari.jpg\" data-large_image=\"https:\/\/www.cptf.it\/it\/wp-content\/uploads\/ulisamer-genitori_e_figli_le_regole_del_gioco_secondo_la_teoria_delle_costellazioni_familiari.jpg\" data-large_image_width=\"175\" data-large_image_height=\"244\" \/><\/a><\/div><\/td><td>Genitori e Figli: le regole del gioco,  secondo la teoria delle costellazioni  familiari.<\/td><td>Ulisamer B., Ulisamer G.<\/td><td>Edizioni L\u2019et\u00e0 dell\u2019acquario<\/td><\/tr><tr id=\"post-row-7614\" class=\"post-row post-type-biblioteca biblioteca-7614 publish\"><td><div style=\"width:70px;\" data-thumb=\"https:\/\/www.cptf.it\/it\/wp-content\/uploads\/Telfener_Gli-amori-briciola-150x150.jpg\" class=\"posts-table-image-wrapper posts-table-gallery__image\"><a href=\"https:\/\/www.cptf.it\/it\/wp-content\/uploads\/Telfener_Gli-amori-briciola.jpg\"><img loading=\"lazy\" decoding=\"async\" width=\"70\" height=\"70\" src=\"https:\/\/www.cptf.it\/it\/wp-content\/uploads\/Telfener_Gli-amori-briciola-150x150.jpg\" class=\"\" alt=\"Gli amori briciola\" title=\"Telfener_Gli amori briciola\" data-caption=\"Gli amori briciola\" data-src=\"https:\/\/www.cptf.it\/it\/wp-content\/uploads\/Telfener_Gli-amori-briciola.jpg\" data-large_image=\"https:\/\/www.cptf.it\/it\/wp-content\/uploads\/Telfener_Gli-amori-briciola.jpg\" data-large_image_width=\"172\" data-large_image_height=\"280\" \/><\/a><\/div><\/td><td>Gli amori briciola<\/td><td>Umberta Telfener<\/td><td>Edizioni Magi<\/td><\/tr><tr id=\"post-row-7615\" class=\"post-row post-type-biblioteca biblioteca-7615 publish\"><td><div style=\"width:70px;\" data-thumb=\"https:\/\/www.cptf.it\/it\/wp-content\/uploads\/vadilonga-curare-ladozione.jpg\" class=\"posts-table-image-wrapper posts-table-gallery__image\"><a href=\"https:\/\/www.cptf.it\/it\/wp-content\/uploads\/vadilonga-curare-ladozione.jpg\"><img loading=\"lazy\" decoding=\"async\" width=\"70\" height=\"111\" src=\"https:\/\/www.cptf.it\/it\/wp-content\/uploads\/vadilonga-curare-ladozione.jpg\" class=\"\" alt=\"Curare l\u2019adozione\" title=\"vadilonga - curare l&#039;adozione\" data-caption=\"Curare l\u2019adozione\" data-src=\"https:\/\/www.cptf.it\/it\/wp-content\/uploads\/vadilonga-curare-ladozione.jpg\" data-large_image=\"https:\/\/www.cptf.it\/it\/wp-content\/uploads\/vadilonga-curare-ladozione.jpg\" data-large_image_width=\"112\" data-large_image_height=\"177\" \/><\/a><\/div><\/td><td>Curare l\u2019adozione<\/td><td>Vadilonga Francesco<\/td><td>Raffaello Cortina Editore<\/td><\/tr><tr id=\"post-row-7616\" class=\"post-row post-type-biblioteca biblioteca-7616 publish\"><td><div style=\"width:70px;\" data-thumb=\"https:\/\/www.cptf.it\/it\/wp-content\/uploads\/Vallario_lasculturadellafamiglia-150x150.jpg\" class=\"posts-table-image-wrapper posts-table-gallery__image\"><a href=\"https:\/\/www.cptf.it\/it\/wp-content\/uploads\/Vallario_lasculturadellafamiglia.jpg\"><img loading=\"lazy\" decoding=\"async\" width=\"70\" height=\"70\" src=\"https:\/\/www.cptf.it\/it\/wp-content\/uploads\/Vallario_lasculturadellafamiglia-150x150.jpg\" class=\"\" alt=\"La scultura della famiglia\" title=\"Vallario_lasculturadellafamiglia\" data-caption=\"La scultura della famiglia\" data-src=\"https:\/\/www.cptf.it\/it\/wp-content\/uploads\/Vallario_lasculturadellafamiglia.jpg\" data-large_image=\"https:\/\/www.cptf.it\/it\/wp-content\/uploads\/Vallario_lasculturadellafamiglia.jpg\" data-large_image_width=\"200\" data-large_image_height=\"305\" srcset=\"https:\/\/www.cptf.it\/it\/wp-content\/uploads\/Vallario_lasculturadellafamiglia-150x150.jpg 150w, https:\/\/www.cptf.it\/it\/wp-content\/uploads\/Vallario_lasculturadellafamiglia-200x198.jpg 200w\" sizes=\"(max-width: 70px) 100vw, 70px\" \/><\/a><\/div><\/td><td>La scultura della famiglia<\/td><td>Vallario L.<\/td><td>Franco Angeli<\/td><\/tr><tr id=\"post-row-7617\" class=\"post-row post-type-biblioteca biblioteca-7617 publish\"><td><div style=\"width:70px;\" data-thumb=\"https:\/\/www.cptf.it\/it\/wp-content\/uploads\/van-cutsem-le-famiglie-ricomposte-150x150.jpg\" class=\"posts-table-image-wrapper posts-table-gallery__image\"><a href=\"https:\/\/www.cptf.it\/it\/wp-content\/uploads\/van-cutsem-le-famiglie-ricomposte.jpg\"><img loading=\"lazy\" decoding=\"async\" width=\"70\" height=\"70\" src=\"https:\/\/www.cptf.it\/it\/wp-content\/uploads\/van-cutsem-le-famiglie-ricomposte-150x150.jpg\" class=\"\" alt=\"Le famiglie ricomposte. Presa in carico e  consulenza.Le famiglie ricomposte. Presa in carico e  consulenza.Le famiglie ricomposte. Presa in carico e  consulenza.Le famiglie ricomposte. Presa in carico e  consulenza.\" title=\"van cutsem - le famiglie ricomposte\" data-caption=\"Le famiglie ricomposte. Presa in carico e  consulenza.Le famiglie ricomposte. Presa in carico e  consulenza.Le famiglie ricomposte. Presa in carico e  consulenza.Le famiglie ricomposte. Presa in carico e  consulenza.\" data-src=\"https:\/\/www.cptf.it\/it\/wp-content\/uploads\/van-cutsem-le-famiglie-ricomposte.jpg\" data-large_image=\"https:\/\/www.cptf.it\/it\/wp-content\/uploads\/van-cutsem-le-famiglie-ricomposte.jpg\" data-large_image_width=\"844\" data-large_image_height=\"1344\" srcset=\"https:\/\/www.cptf.it\/it\/wp-content\/uploads\/van-cutsem-le-famiglie-ricomposte-150x150.jpg 150w, https:\/\/www.cptf.it\/it\/wp-content\/uploads\/van-cutsem-le-famiglie-ricomposte-570x570.jpg 570w, https:\/\/www.cptf.it\/it\/wp-content\/uploads\/van-cutsem-le-famiglie-ricomposte-500x500.jpg 500w\" sizes=\"(max-width: 70px) 100vw, 70px\" \/><\/a><\/div><\/td><td>Le famiglie ricomposte. Presa in carico e  consulenza.Le famiglie ricomposte. Presa in carico e  consulenza.Le famiglie ricomposte. Presa in carico e  consulenza.Le famiglie ricomposte. Presa in carico e  consulenza.<\/td><td>Van Cutsem C.<\/td><td>Raffaello Cortina Editore<\/td><\/tr><tr id=\"post-row-7618\" class=\"post-row post-type-biblioteca biblioteca-7618 publish\"><td><div style=\"width:70px;\" data-thumb=\"https:\/\/www.cptf.it\/it\/wp-content\/uploads\/vercellone-bambini-ragazzi-e-giudici-150x150.jpg\" class=\"posts-table-image-wrapper posts-table-gallery__image\"><a href=\"https:\/\/www.cptf.it\/it\/wp-content\/uploads\/vercellone-bambini-ragazzi-e-giudici.jpg\"><img loading=\"lazy\" decoding=\"async\" width=\"70\" height=\"70\" src=\"https:\/\/www.cptf.it\/it\/wp-content\/uploads\/vercellone-bambini-ragazzi-e-giudici-150x150.jpg\" class=\"\" alt=\"Bambini, ragazzi e giudici\" title=\"vercellone bambini ragazzi e giudici\" data-caption=\"Bambini, ragazzi e giudici\" data-src=\"https:\/\/www.cptf.it\/it\/wp-content\/uploads\/vercellone-bambini-ragazzi-e-giudici.jpg\" data-large_image=\"https:\/\/www.cptf.it\/it\/wp-content\/uploads\/vercellone-bambini-ragazzi-e-giudici.jpg\" data-large_image_width=\"172\" data-large_image_height=\"258\" \/><\/a><\/div><\/td><td>Bambini, ragazzi e giudici<\/td><td>Vercellone P<\/td><td>DUER Franco Angeli<\/td><\/tr><tr id=\"post-row-7619\" class=\"post-row post-type-biblioteca biblioteca-7619 publish\"><td><div style=\"width:70px;\" data-thumb=\"https:\/\/www.cptf.it\/it\/wp-content\/uploads\/il-Faces-IV-1-150x150.jpg\" class=\"posts-table-image-wrapper posts-table-gallery__image\"><a href=\"https:\/\/www.cptf.it\/it\/wp-content\/uploads\/il-Faces-IV-1.jpg\"><img loading=\"lazy\" decoding=\"async\" width=\"70\" height=\"70\" src=\"https:\/\/www.cptf.it\/it\/wp-content\/uploads\/il-Faces-IV-1-150x150.jpg\" class=\"\" alt=\"Il Faces IV\" title=\"il-Faces-IV\" data-caption=\"Il Faces IV\" data-src=\"https:\/\/www.cptf.it\/it\/wp-content\/uploads\/il-Faces-IV-1.jpg\" data-large_image=\"https:\/\/www.cptf.it\/it\/wp-content\/uploads\/il-Faces-IV-1.jpg\" data-large_image_width=\"397\" data-large_image_height=\"600\" \/><\/a><\/div><\/td><td>Il Faces IV<\/td><td>Visani E., Di Nuovo S., Loriedo C.<\/td><td>FrancoAngeli<\/td><\/tr><tr id=\"post-row-7620\" class=\"post-row post-type-biblioteca biblioteca-7620 publish\"><td><div style=\"width:70px;\" data-thumb=\"https:\/\/www.cptf.it\/it\/wp-content\/uploads\/Vito_La-perizia-nelle-separazioni-150x150.jpg\" class=\"posts-table-image-wrapper posts-table-gallery__image\"><a href=\"https:\/\/www.cptf.it\/it\/wp-content\/uploads\/Vito_La-perizia-nelle-separazioni.jpg\"><img loading=\"lazy\" decoding=\"async\" width=\"70\" height=\"70\" src=\"https:\/\/www.cptf.it\/it\/wp-content\/uploads\/Vito_La-perizia-nelle-separazioni-150x150.jpg\" class=\"\" alt=\"La perizia nelle separazioni\" title=\"Vito_La perizia nelle separazioni\" data-caption=\"La perizia nelle separazioni\" data-src=\"https:\/\/www.cptf.it\/it\/wp-content\/uploads\/Vito_La-perizia-nelle-separazioni.jpg\" data-large_image=\"https:\/\/www.cptf.it\/it\/wp-content\/uploads\/Vito_La-perizia-nelle-separazioni.jpg\" data-large_image_width=\"170\" data-large_image_height=\"251\" \/><\/a><\/div><\/td><td>La perizia nelle separazioni<\/td><td>Vito A.<\/td><td>FrancoAngeli<\/td><\/tr><tr id=\"post-row-7621\" class=\"post-row post-type-biblioteca biblioteca-7621 publish\"><td><\/td><td>La resilienza familiare<\/td><td>Walsch F.<\/td><td>Raffaello Cortina Editore<\/td><\/tr><tr id=\"post-row-7622\" class=\"post-row post-type-biblioteca biblioteca-7622 publish\"><td><div style=\"width:70px;\" data-thumb=\"https:\/\/www.cptf.it\/it\/wp-content\/uploads\/Watzlawick-pragmatica_comunicazione_luoghi_anima_LRG-150x150.jpg\" class=\"posts-table-image-wrapper posts-table-gallery__image\"><a href=\"https:\/\/www.cptf.it\/it\/wp-content\/uploads\/Watzlawick-pragmatica_comunicazione_luoghi_anima_LRG.jpg\"><img loading=\"lazy\" decoding=\"async\" width=\"70\" height=\"70\" src=\"https:\/\/www.cptf.it\/it\/wp-content\/uploads\/Watzlawick-pragmatica_comunicazione_luoghi_anima_LRG-150x150.jpg\" class=\"\" alt=\"Pragmatica della comunicazione umana. Studio dei modelli interattivi\" title=\"Watzlawick - pragmatica_comunicazione_luoghi_anima_LRG\" data-caption=\"Pragmatica della comunicazione umana. Studio dei modelli interattivi\" data-src=\"https:\/\/www.cptf.it\/it\/wp-content\/uploads\/Watzlawick-pragmatica_comunicazione_luoghi_anima_LRG.jpg\" data-large_image=\"https:\/\/www.cptf.it\/it\/wp-content\/uploads\/Watzlawick-pragmatica_comunicazione_luoghi_anima_LRG.jpg\" data-large_image_width=\"435\" data-large_image_height=\"600\" \/><\/a><\/div><\/td><td>Pragmatica della comunicazione umana. Studio dei modelli interattivi<\/td><td>Watzlawick P., Helmick Beavin J.H., Jackson D.D<\/td><td>Astrolabio<\/td><\/tr><tr id=\"post-row-7623\" class=\"post-row post-type-biblioteca biblioteca-7623 publish\"><td><div style=\"width:70px;\" data-thumb=\"https:\/\/www.cptf.it\/it\/wp-content\/uploads\/watzlawick-change-150x150.jpg\" class=\"posts-table-image-wrapper posts-table-gallery__image\"><a href=\"https:\/\/www.cptf.it\/it\/wp-content\/uploads\/watzlawick-change.jpg\"><img loading=\"lazy\" decoding=\"async\" width=\"70\" height=\"70\" src=\"https:\/\/www.cptf.it\/it\/wp-content\/uploads\/watzlawick-change-150x150.jpg\" class=\"\" alt=\"Change. Sulla formazione e la soluzione dei problemi\" title=\"watzlawick - change\" data-caption=\"Change. Sulla formazione e la soluzione dei problemi\" data-src=\"https:\/\/www.cptf.it\/it\/wp-content\/uploads\/watzlawick-change.jpg\" data-large_image=\"https:\/\/www.cptf.it\/it\/wp-content\/uploads\/watzlawick-change.jpg\" data-large_image_width=\"150\" data-large_image_height=\"216\" \/><\/a><\/div><\/td><td>Change. Sulla formazione e la soluzione dei problemi<\/td><td>Watzlawick P., Weakland J.H. Fish R<\/td><td>Astrolabio<\/td><\/tr><tr id=\"post-row-7624\" class=\"post-row post-type-biblioteca biblioteca-7624 publish\"><td><div style=\"width:70px;\" data-thumb=\"https:\/\/www.cptf.it\/it\/wp-content\/uploads\/il-gioco-e-l-assurdo-120x150.jpg\" class=\"posts-table-image-wrapper posts-table-gallery__image\"><a href=\"https:\/\/www.cptf.it\/it\/wp-content\/uploads\/il-gioco-e-l-assurdo.jpg\"><img loading=\"lazy\" decoding=\"async\" width=\"70\" height=\"88\" src=\"https:\/\/www.cptf.it\/it\/wp-content\/uploads\/il-gioco-e-l-assurdo-120x150.jpg\" class=\"\" alt=\"Il gioco e l&#039;assurdo\" title=\"il-gioco-e-l-assurdo\" data-caption=\"Il gioco e l&#039;assurdo\" data-src=\"https:\/\/www.cptf.it\/it\/wp-content\/uploads\/il-gioco-e-l-assurdo.jpg\" data-large_image=\"https:\/\/www.cptf.it\/it\/wp-content\/uploads\/il-gioco-e-l-assurdo.jpg\" data-large_image_width=\"120\" data-large_image_height=\"180\" \/><\/a><\/div><\/td><td>Il gioco e l&#8217;assurdo<\/td><td>Whitaker C. A.<\/td><td>Astrolabio<\/td><\/tr><tr id=\"post-row-7625\" class=\"post-row post-type-biblioteca biblioteca-7625 publish\"><td><div style=\"width:70px;\" data-thumb=\"https:\/\/www.cptf.it\/it\/wp-content\/uploads\/white-la-terapia-come-narrazione-136x150.jpg\" class=\"posts-table-image-wrapper posts-table-gallery__image\"><a href=\"https:\/\/www.cptf.it\/it\/wp-content\/uploads\/white-la-terapia-come-narrazione.jpg\"><img loading=\"lazy\" decoding=\"async\" width=\"70\" height=\"77\" src=\"https:\/\/www.cptf.it\/it\/wp-content\/uploads\/white-la-terapia-come-narrazione-136x150.jpg\" class=\"\" alt=\"La terapia come narrazione. Proposte cliniche\" title=\"white - la terapia come narrazione\" data-caption=\"La terapia come narrazione. Proposte cliniche\" data-src=\"https:\/\/www.cptf.it\/it\/wp-content\/uploads\/white-la-terapia-come-narrazione.jpg\" data-large_image=\"https:\/\/www.cptf.it\/it\/wp-content\/uploads\/white-la-terapia-come-narrazione.jpg\" data-large_image_width=\"136\" data-large_image_height=\"190\" \/><\/a><\/div><\/td><td>La terapia come narrazione. Proposte cliniche<\/td><td>White M.<\/td><td>Astrolabio<\/td><\/tr><tr id=\"post-row-7626\" class=\"post-row post-type-biblioteca biblioteca-7626 publish\"><td><div style=\"width:70px;\" data-thumb=\"https:\/\/www.cptf.it\/it\/wp-content\/uploads\/wiener-introduzione-alla-cibernetica-150x150.jpg\" class=\"posts-table-image-wrapper posts-table-gallery__image\"><a href=\"https:\/\/www.cptf.it\/it\/wp-content\/uploads\/wiener-introduzione-alla-cibernetica.jpg\"><img loading=\"lazy\" decoding=\"async\" width=\"70\" height=\"70\" src=\"https:\/\/www.cptf.it\/it\/wp-content\/uploads\/wiener-introduzione-alla-cibernetica-150x150.jpg\" class=\"\" alt=\"Introduzione alla cibernetica. L\u2019uso  umano degli esseri umani.\" title=\"wiener - introduzione alla cibernetica\" data-caption=\"Introduzione alla cibernetica. L\u2019uso  umano degli esseri umani.\" data-src=\"https:\/\/www.cptf.it\/it\/wp-content\/uploads\/wiener-introduzione-alla-cibernetica.jpg\" data-large_image=\"https:\/\/www.cptf.it\/it\/wp-content\/uploads\/wiener-introduzione-alla-cibernetica.jpg\" data-large_image_width=\"364\" data-large_image_height=\"531\" \/><\/a><\/div><\/td><td>Introduzione alla cibernetica. L\u2019uso  umano degli esseri umani.<\/td><td>Wiener N.<\/td><td>Bollati Boringhieri<\/td><\/tr><tr id=\"post-row-9127\" class=\"post-row post-type-biblioteca biblioteca-9127 publish\"><td><div style=\"width:70px;\" data-thumb=\"https:\/\/www.cptf.it\/it\/wp-content\/uploads\/Terapia-EMDR-150x150.jpg\" class=\"posts-table-image-wrapper posts-table-gallery__image\"><a href=\"https:\/\/www.cptf.it\/it\/wp-content\/uploads\/Terapia-EMDR.jpg\"><img loading=\"lazy\" decoding=\"async\" width=\"70\" height=\"70\" src=\"https:\/\/www.cptf.it\/it\/wp-content\/uploads\/Terapia-EMDR-150x150.jpg\" class=\"\" alt=\"Terapia EMDR\" title=\"Terapia EMDR\" data-caption=\"Terapia EMDR\" data-src=\"https:\/\/www.cptf.it\/it\/wp-content\/uploads\/Terapia-EMDR.jpg\" data-large_image=\"https:\/\/www.cptf.it\/it\/wp-content\/uploads\/Terapia-EMDR.jpg\" data-large_image_width=\"340\" data-large_image_height=\"499\" \/><\/a><\/div><\/td><td>Terapia EMDR<\/td><td>Gomez Ana M.<\/td><td>Mimesis<\/td><\/tr><tr id=\"post-row-9129\" class=\"post-row post-type-biblioteca biblioteca-9129 publish\"><td><div style=\"width:70px;\" data-thumb=\"https:\/\/www.cptf.it\/it\/wp-content\/uploads\/Lanalisi-delle-catene-comportamentali-150x150.jpg\" class=\"posts-table-image-wrapper posts-table-gallery__image\"><a href=\"https:\/\/www.cptf.it\/it\/wp-content\/uploads\/Lanalisi-delle-catene-comportamentali.jpg\"><img loading=\"lazy\" decoding=\"async\" width=\"70\" height=\"70\" src=\"https:\/\/www.cptf.it\/it\/wp-content\/uploads\/Lanalisi-delle-catene-comportamentali-150x150.jpg\" class=\"\" alt=\"L&#039;analisi delle catene comportamentali nella DBT\" title=\"L&#039;analisi delle catene comportamentali\" data-caption=\"L&#039;analisi delle catene comportamentali nella DBT\" data-src=\"https:\/\/www.cptf.it\/it\/wp-content\/uploads\/Lanalisi-delle-catene-comportamentali.jpg\" data-large_image=\"https:\/\/www.cptf.it\/it\/wp-content\/uploads\/Lanalisi-delle-catene-comportamentali.jpg\" data-large_image_width=\"315\" data-large_image_height=\"499\" \/><\/a><\/div><\/td><td>L&#8217;analisi delle catene comportamentali nella DBT<\/td><td>Rizvi Shireen L.<\/td><td>Mimesis<\/td><\/tr><tr id=\"post-row-9131\" class=\"post-row post-type-biblioteca biblioteca-9131 publish\"><td><div style=\"width:70px;\" data-thumb=\"https:\/\/www.cptf.it\/it\/wp-content\/uploads\/Orientamenti-in-psicoterapia-150x150.jpg\" class=\"posts-table-image-wrapper posts-table-gallery__image\"><a href=\"https:\/\/www.cptf.it\/it\/wp-content\/uploads\/Orientamenti-in-psicoterapia.jpg\"><img loading=\"lazy\" decoding=\"async\" width=\"70\" height=\"70\" src=\"https:\/\/www.cptf.it\/it\/wp-content\/uploads\/Orientamenti-in-psicoterapia-150x150.jpg\" class=\"\" alt=\"Orientamenti in psicoterapia cognitivo-comportamentale\" title=\"Orientamenti in psicoterapia\" data-caption=\"Orientamenti in psicoterapia cognitivo-comportamentale\" data-src=\"https:\/\/www.cptf.it\/it\/wp-content\/uploads\/Orientamenti-in-psicoterapia.jpg\" data-large_image=\"https:\/\/www.cptf.it\/it\/wp-content\/uploads\/Orientamenti-in-psicoterapia.jpg\" data-large_image_width=\"336\" data-large_image_height=\"500\" \/><\/a><\/div><\/td><td>Orientamenti in psicoterapia cognitivo-comportamentale<\/td><td>Scarinci A., Lorenzini R., Mezzaluna C.<\/td><td>FrancoAngeli<\/td><\/tr><tr id=\"post-row-9133\" class=\"post-row post-type-biblioteca biblioteca-9133 publish\"><td><div style=\"width:70px;\" data-thumb=\"https:\/\/www.cptf.it\/it\/wp-content\/uploads\/Test-grafici-150x150.jpg\" class=\"posts-table-image-wrapper posts-table-gallery__image\"><a href=\"https:\/\/www.cptf.it\/it\/wp-content\/uploads\/Test-grafici.jpg\"><img loading=\"lazy\" decoding=\"async\" width=\"70\" height=\"70\" src=\"https:\/\/www.cptf.it\/it\/wp-content\/uploads\/Test-grafici-150x150.jpg\" class=\"\" alt=\"Test grafici in ambito clinico e forense\" title=\"Test grafici\" data-caption=\"Test grafici in ambito clinico e forense\" data-src=\"https:\/\/www.cptf.it\/it\/wp-content\/uploads\/Test-grafici.jpg\" data-large_image=\"https:\/\/www.cptf.it\/it\/wp-content\/uploads\/Test-grafici.jpg\" data-large_image_width=\"190\" data-large_image_height=\"266\" \/><\/a><\/div><\/td><td>Test grafici in ambito clinico e forense<\/td><td>Abazia L.<\/td><td>FrancoAngeli<\/td><\/tr><tr id=\"post-row-9256\" class=\"post-row post-type-biblioteca biblioteca-9256 publish\"><td><div style=\"width:70px;\" data-thumb=\"https:\/\/www.cptf.it\/it\/wp-content\/uploads\/La-psicoterapia-del-distacco-150x150.jpg\" class=\"posts-table-image-wrapper posts-table-gallery__image\"><a href=\"https:\/\/www.cptf.it\/it\/wp-content\/uploads\/La-psicoterapia-del-distacco.jpg\"><img loading=\"lazy\" decoding=\"async\" width=\"70\" height=\"70\" src=\"https:\/\/www.cptf.it\/it\/wp-content\/uploads\/La-psicoterapia-del-distacco-150x150.jpg\" class=\"\" alt=\"La psicoterapia del distacco\" title=\"La psicoterapia del distacco\" data-caption=\"La psicoterapia del distacco\" data-src=\"https:\/\/www.cptf.it\/it\/wp-content\/uploads\/La-psicoterapia-del-distacco.jpg\" data-large_image=\"https:\/\/www.cptf.it\/it\/wp-content\/uploads\/La-psicoterapia-del-distacco.jpg\" data-large_image_width=\"354\" data-large_image_height=\"499\" \/><\/a><\/div><\/td><td>La psicoterapia del distacco<\/td><td>Di Caro S.<\/td><td>Alpes<\/td><\/tr><tr id=\"post-row-9258\" class=\"post-row post-type-biblioteca biblioteca-9258 publish\"><td><div style=\"width:70px;\" data-thumb=\"https:\/\/www.cptf.it\/it\/wp-content\/uploads\/Storie-di-Adolescenza-150x150.jpg\" class=\"posts-table-image-wrapper posts-table-gallery__image\"><a href=\"https:\/\/www.cptf.it\/it\/wp-content\/uploads\/Storie-di-Adolescenza.jpg\"><img loading=\"lazy\" decoding=\"async\" width=\"70\" height=\"70\" src=\"https:\/\/www.cptf.it\/it\/wp-content\/uploads\/Storie-di-Adolescenza-150x150.jpg\" class=\"\" alt=\"Storie di Adolescenza. Esperienze di terapia familiare\" title=\"Storie di Adolescenza\" data-caption=\"Storie di Adolescenza. Esperienze di terapia familiare\" data-src=\"https:\/\/www.cptf.it\/it\/wp-content\/uploads\/Storie-di-Adolescenza.jpg\" data-large_image=\"https:\/\/www.cptf.it\/it\/wp-content\/uploads\/Storie-di-Adolescenza.jpg\" data-large_image_width=\"297\" data-large_image_height=\"472\" srcset=\"https:\/\/www.cptf.it\/it\/wp-content\/uploads\/Storie-di-Adolescenza-150x150.jpg 150w, https:\/\/www.cptf.it\/it\/wp-content\/uploads\/Storie-di-Adolescenza-297x303.jpg 297w\" sizes=\"(max-width: 70px) 100vw, 70px\" \/><\/a><\/div><\/td><td>Storie di Adolescenza. Esperienze di terapia familiare<\/td><td>Andolfi M.; Mascellani A.<\/td><td>Raffaello Cortina Editore<\/td><\/tr><tr id=\"post-row-9401\" class=\"post-row post-type-biblioteca biblioteca-9401 publish\"><td><div style=\"width:70px;\" data-thumb=\"https:\/\/www.cptf.it\/it\/wp-content\/uploads\/Le-competenze-psicoterapeutiche-150x150.jpg\" class=\"posts-table-image-wrapper posts-table-gallery__image\"><a href=\"https:\/\/www.cptf.it\/it\/wp-content\/uploads\/Le-competenze-psicoterapeutiche.jpg\"><img loading=\"lazy\" decoding=\"async\" width=\"70\" height=\"70\" src=\"https:\/\/www.cptf.it\/it\/wp-content\/uploads\/Le-competenze-psicoterapeutiche-150x150.jpg\" class=\"\" alt=\"Le competenze psicoterapeutiche\" title=\"Le competenze psicoterapeutiche\" data-caption=\"Le competenze psicoterapeutiche\" data-src=\"https:\/\/www.cptf.it\/it\/wp-content\/uploads\/Le-competenze-psicoterapeutiche.jpg\" data-large_image=\"https:\/\/www.cptf.it\/it\/wp-content\/uploads\/Le-competenze-psicoterapeutiche.jpg\" data-large_image_width=\"424\" data-large_image_height=\"626\" \/><\/a><\/div><\/td><td>Le competenze psicoterapeutiche<\/td><td>Fruggeri L., Balestra F., Venturelli E.<\/td><td>Il Mulino<\/td><\/tr><tr id=\"post-row-9542\" class=\"post-row post-type-biblioteca biblioteca-9542 publish\"><td><div style=\"width:70px;\" data-thumb=\"https:\/\/www.cptf.it\/it\/wp-content\/uploads\/EMDR-di-gruppo-150x150.jpg\" class=\"posts-table-image-wrapper posts-table-gallery__image\"><a href=\"https:\/\/www.cptf.it\/it\/wp-content\/uploads\/EMDR-di-gruppo.jpg\"><img loading=\"lazy\" decoding=\"async\" width=\"70\" height=\"70\" src=\"https:\/\/www.cptf.it\/it\/wp-content\/uploads\/EMDR-di-gruppo-150x150.jpg\" class=\"\" alt=\"EMDR di gruppo. Insieme verso il BenEssere\" title=\"EMDR di gruppo\" data-caption=\"EMDR di gruppo. Insieme verso il BenEssere\" data-src=\"https:\/\/www.cptf.it\/it\/wp-content\/uploads\/EMDR-di-gruppo.jpg\" data-large_image=\"https:\/\/www.cptf.it\/it\/wp-content\/uploads\/EMDR-di-gruppo.jpg\" data-large_image_width=\"500\" data-large_image_height=\"667\" srcset=\"https:\/\/www.cptf.it\/it\/wp-content\/uploads\/EMDR-di-gruppo-150x150.jpg 150w, https:\/\/www.cptf.it\/it\/wp-content\/uploads\/EMDR-di-gruppo-500x500.jpg 500w\" sizes=\"(max-width: 70px) 100vw, 70px\" \/><\/a><\/div><\/td><td>EMDR di gruppo. Insieme verso il BenEssere<\/td><td>Fruggeri L., Balestra F., Venturelli E.<\/td><td>Il Mulino<\/td><\/tr><tr id=\"post-row-9544\" class=\"post-row post-type-biblioteca biblioteca-9544 publish\"><td><div style=\"width:70px;\" data-thumb=\"https:\/\/www.cptf.it\/it\/wp-content\/uploads\/Il-dialogo-clinico-150x150.jpg\" class=\"posts-table-image-wrapper posts-table-gallery__image\"><a href=\"https:\/\/www.cptf.it\/it\/wp-content\/uploads\/Il-dialogo-clinico.jpg\"><img loading=\"lazy\" decoding=\"async\" width=\"70\" height=\"70\" src=\"https:\/\/www.cptf.it\/it\/wp-content\/uploads\/Il-dialogo-clinico-150x150.jpg\" class=\"\" alt=\"Il dialogo clinico\" title=\"Il dialogo clinico\" data-caption=\"Il dialogo clinico\" data-src=\"https:\/\/www.cptf.it\/it\/wp-content\/uploads\/Il-dialogo-clinico.jpg\" data-large_image=\"https:\/\/www.cptf.it\/it\/wp-content\/uploads\/Il-dialogo-clinico.jpg\" data-large_image_width=\"332\" data-large_image_height=\"494\" \/><\/a><\/div><\/td><td>Il dialogo clinico<\/td><td>Villate M., Villate J.L., Hayes S.C.<\/td><td>FrancoAngeli<\/td><\/tr><tr id=\"post-row-9851\" class=\"post-row post-type-biblioteca biblioteca-9851 publish\"><td><div style=\"width:70px;\" data-thumb=\"https:\/\/www.cptf.it\/it\/wp-content\/uploads\/Sul-bordo-del-caos-150x150.jpg\" class=\"posts-table-image-wrapper posts-table-gallery__image\"><a href=\"https:\/\/www.cptf.it\/it\/wp-content\/uploads\/Sul-bordo-del-caos.jpg\"><img loading=\"lazy\" decoding=\"async\" width=\"70\" height=\"70\" src=\"https:\/\/www.cptf.it\/it\/wp-content\/uploads\/Sul-bordo-del-caos-150x150.jpg\" class=\"\" alt=\"Sul bordo del caos\" title=\"Sul bordo del caos\" data-caption=\"Sul bordo del caos\" data-src=\"https:\/\/www.cptf.it\/it\/wp-content\/uploads\/Sul-bordo-del-caos.jpg\" data-large_image=\"https:\/\/www.cptf.it\/it\/wp-content\/uploads\/Sul-bordo-del-caos.jpg\" data-large_image_width=\"410\" data-large_image_height=\"626\" \/><\/a><\/div><\/td><td>Sul bordo del caos<\/td><td>Frisina M.<\/td><td>Mimesis<\/td><\/tr><tr id=\"post-row-9855\" class=\"post-row post-type-biblioteca biblioteca-9855 publish\"><td><div style=\"width:70px;\" data-thumb=\"https:\/\/www.cptf.it\/it\/wp-content\/uploads\/Neurobiologia-e-trattamento-della-dissociazione-traumatica-150x150.jpg\" class=\"posts-table-image-wrapper posts-table-gallery__image\"><a href=\"https:\/\/www.cptf.it\/it\/wp-content\/uploads\/Neurobiologia-e-trattamento-della-dissociazione-traumatica.jpg\"><img loading=\"lazy\" decoding=\"async\" width=\"70\" height=\"70\" src=\"https:\/\/www.cptf.it\/it\/wp-content\/uploads\/Neurobiologia-e-trattamento-della-dissociazione-traumatica-150x150.jpg\" class=\"\" alt=\"Neurobiologia e trattamento della dissociazione traumatica\" title=\"Neurobiologia e trattamento della dissociazione traumatica\" data-caption=\"Neurobiologia e trattamento della dissociazione traumatica\" data-src=\"https:\/\/www.cptf.it\/it\/wp-content\/uploads\/Neurobiologia-e-trattamento-della-dissociazione-traumatica.jpg\" data-large_image=\"https:\/\/www.cptf.it\/it\/wp-content\/uploads\/Neurobiologia-e-trattamento-della-dissociazione-traumatica.jpg\" data-large_image_width=\"422\" data-large_image_height=\"626\" \/><\/a><\/div><\/td><td>Neurobiologia e trattamento della dissociazione traumatica<\/td><td>Ulrich F. L., Sandra L. P., Frank M. C.<\/td><td>FrancoAngeli<\/td><\/tr><tr id=\"post-row-9856\" class=\"post-row post-type-biblioteca biblioteca-9856 publish\"><td><div style=\"width:70px;\" data-thumb=\"https:\/\/www.cptf.it\/it\/wp-content\/uploads\/Affrontare-il-trauma-150x150.jpg\" class=\"posts-table-image-wrapper posts-table-gallery__image\"><a href=\"https:\/\/www.cptf.it\/it\/wp-content\/uploads\/Affrontare-il-trauma.jpg\"><img loading=\"lazy\" decoding=\"async\" width=\"70\" height=\"70\" src=\"https:\/\/www.cptf.it\/it\/wp-content\/uploads\/Affrontare-il-trauma-150x150.jpg\" class=\"\" alt=\"Affrontare il trauma. Verso una psicoterapia integrata\" title=\"Affrontare il trauma\" data-caption=\"Affrontare il trauma. Verso una psicoterapia integrata\" data-src=\"https:\/\/www.cptf.it\/it\/wp-content\/uploads\/Affrontare-il-trauma.jpg\" data-large_image=\"https:\/\/www.cptf.it\/it\/wp-content\/uploads\/Affrontare-il-trauma.jpg\" data-large_image_width=\"364\" data-large_image_height=\"546\" \/><\/a><\/div><\/td><td>Affrontare il trauma. Verso una psicoterapia integrata<\/td><td>Dimaggio G.<\/td><td>ApertaMenteWeb<\/td><\/tr><tr id=\"post-row-9888\" class=\"post-row post-type-biblioteca biblioteca-9888 publish\"><td><div style=\"width:70px;\" data-thumb=\"https:\/\/www.cptf.it\/it\/wp-content\/uploads\/Attaccamento-e-terapia-familiare-150x150.jpg\" class=\"posts-table-image-wrapper posts-table-gallery__image\"><a href=\"https:\/\/www.cptf.it\/it\/wp-content\/uploads\/Attaccamento-e-terapia-familiare.jpg\"><img loading=\"lazy\" decoding=\"async\" width=\"70\" height=\"70\" src=\"https:\/\/www.cptf.it\/it\/wp-content\/uploads\/Attaccamento-e-terapia-familiare-150x150.jpg\" class=\"\" alt=\"Attaccamento e terapia familiare\" title=\"Attaccamento e terapia familiare\" data-caption=\"Attaccamento e terapia familiare\" data-src=\"https:\/\/www.cptf.it\/it\/wp-content\/uploads\/Attaccamento-e-terapia-familiare.jpg\" data-large_image=\"https:\/\/www.cptf.it\/it\/wp-content\/uploads\/Attaccamento-e-terapia-familiare.jpg\" data-large_image_width=\"422\" data-large_image_height=\"626\" \/><\/a><\/div><\/td><td>Attaccamento e terapia familiare<\/td><td>Crittenden P.; Dallos R.; Landini A.; Kozlowska K.<\/td><td>FrancoAngeli<\/td><\/tr><tr id=\"post-row-9938\" class=\"post-row post-type-biblioteca biblioteca-9938 publish\"><td><div style=\"width:70px;\" data-thumb=\"https:\/\/www.cptf.it\/it\/wp-content\/uploads\/I-bambini-vittime-di-abuso-150x150.jpg\" class=\"posts-table-image-wrapper posts-table-gallery__image\"><a href=\"https:\/\/www.cptf.it\/it\/wp-content\/uploads\/I-bambini-vittime-di-abuso.jpg\"><img loading=\"lazy\" decoding=\"async\" width=\"70\" height=\"70\" src=\"https:\/\/www.cptf.it\/it\/wp-content\/uploads\/I-bambini-vittime-di-abuso-150x150.jpg\" class=\"\" alt=\"I bambini vittime di abuso\" title=\"I bambini vittime di abuso\" data-caption=\"I bambini vittime di abuso\" data-src=\"https:\/\/www.cptf.it\/it\/wp-content\/uploads\/I-bambini-vittime-di-abuso.jpg\" data-large_image=\"https:\/\/www.cptf.it\/it\/wp-content\/uploads\/I-bambini-vittime-di-abuso.jpg\" data-large_image_width=\"349\" data-large_image_height=\"499\" \/><\/a><\/div><\/td><td>I bambini vittime di abuso<\/td><td>Crisma M.<\/td><td>Carocci Faber<\/td><\/tr><tr id=\"post-row-9941\" class=\"post-row post-type-biblioteca biblioteca-9941 publish\"><td><div style=\"width:70px;\" data-thumb=\"https:\/\/www.cptf.it\/it\/wp-content\/uploads\/La-violenza-di-genere-in-adolescenza-150x150.jpg\" class=\"posts-table-image-wrapper posts-table-gallery__image\"><a href=\"https:\/\/www.cptf.it\/it\/wp-content\/uploads\/La-violenza-di-genere-in-adolescenza.jpg\"><img loading=\"lazy\" decoding=\"async\" width=\"70\" height=\"70\" src=\"https:\/\/www.cptf.it\/it\/wp-content\/uploads\/La-violenza-di-genere-in-adolescenza-150x150.jpg\" class=\"\" alt=\"La violenza di genere in adolescenza\" title=\"La violenza di genere in adolescenza\" data-caption=\"La violenza di genere in adolescenza\" data-src=\"https:\/\/www.cptf.it\/it\/wp-content\/uploads\/La-violenza-di-genere-in-adolescenza.jpg\" data-large_image=\"https:\/\/www.cptf.it\/it\/wp-content\/uploads\/La-violenza-di-genere-in-adolescenza.jpg\" data-large_image_width=\"1000\" data-large_image_height=\"1427\" srcset=\"https:\/\/www.cptf.it\/it\/wp-content\/uploads\/La-violenza-di-genere-in-adolescenza-150x150.jpg 150w, https:\/\/www.cptf.it\/it\/wp-content\/uploads\/La-violenza-di-genere-in-adolescenza-570x570.jpg 570w, https:\/\/www.cptf.it\/it\/wp-content\/uploads\/La-violenza-di-genere-in-adolescenza-500x500.jpg 500w, https:\/\/www.cptf.it\/it\/wp-content\/uploads\/La-violenza-di-genere-in-adolescenza-1000x1000.jpg 1000w\" sizes=\"(max-width: 70px) 100vw, 70px\" \/><\/a><\/div><\/td><td>La violenza di genere in adolescenza<\/td><td>Beltramini L.<\/td><td>Carocci Faber<\/td><\/tr><tr id=\"post-row-10050\" class=\"post-row post-type-biblioteca biblioteca-10050 publish\"><td><div style=\"width:70px;\" data-thumb=\"https:\/\/www.cptf.it\/it\/wp-content\/uploads\/SETTE-SAPERI-131x150.jpg\" class=\"posts-table-image-wrapper posts-table-gallery__image\"><a href=\"https:\/\/www.cptf.it\/it\/wp-content\/uploads\/SETTE-SAPERI.jpg\"><img loading=\"lazy\" decoding=\"async\" width=\"70\" height=\"80\" src=\"https:\/\/www.cptf.it\/it\/wp-content\/uploads\/SETTE-SAPERI-131x150.jpg\" class=\"\" alt=\"I sette saperi necessari all&#039;educazione del futuro\" title=\"SETTE SAPERI\" data-caption=\"I sette saperi necessari all&#039;educazione del futuro\" data-src=\"https:\/\/www.cptf.it\/it\/wp-content\/uploads\/SETTE-SAPERI.jpg\" data-large_image=\"https:\/\/www.cptf.it\/it\/wp-content\/uploads\/SETTE-SAPERI.jpg\" data-large_image_width=\"131\" data-large_image_height=\"215\" \/><\/a><\/div><\/td><td>I sette saperi necessari all&#8217;educazione del futuro<\/td><td>Morin E.<\/td><td>RaffaelloCortina Editore<\/td><\/tr><tr id=\"post-row-10051\" class=\"post-row post-type-biblioteca biblioteca-10051 publish\"><td><div style=\"width:70px;\" data-thumb=\"https:\/\/www.cptf.it\/it\/wp-content\/uploads\/LE-IDEE-132x150.jpg\" class=\"posts-table-image-wrapper posts-table-gallery__image\"><a href=\"https:\/\/www.cptf.it\/it\/wp-content\/uploads\/LE-IDEE.jpg\"><img loading=\"lazy\" decoding=\"async\" width=\"70\" height=\"80\" src=\"https:\/\/www.cptf.it\/it\/wp-content\/uploads\/LE-IDEE-132x150.jpg\" class=\"\" alt=\"Le idee: habitat, vita, organizzazione, usi e costumi.\" title=\"LE IDEE\" data-caption=\"Le idee: habitat, vita, organizzazione, usi e costumi.\" data-src=\"https:\/\/www.cptf.it\/it\/wp-content\/uploads\/LE-IDEE.jpg\" data-large_image=\"https:\/\/www.cptf.it\/it\/wp-content\/uploads\/LE-IDEE.jpg\" data-large_image_width=\"132\" data-large_image_height=\"215\" \/><\/a><\/div><\/td><td>Le idee: habitat, vita, organizzazione, usi e costumi.<\/td><td>Morin E.<\/td><td>RaffaelloCortina Editore<\/td><\/tr><tr id=\"post-row-10054\" class=\"post-row post-type-biblioteca biblioteca-10054 publish\"><td><div style=\"width:70px;\" data-thumb=\"https:\/\/www.cptf.it\/it\/wp-content\/uploads\/IL-GIOCO-150x150.jpg\" class=\"posts-table-image-wrapper posts-table-gallery__image\"><a href=\"https:\/\/www.cptf.it\/it\/wp-content\/uploads\/IL-GIOCO.jpg\"><img loading=\"lazy\" decoding=\"async\" width=\"70\" height=\"70\" src=\"https:\/\/www.cptf.it\/it\/wp-content\/uploads\/IL-GIOCO-150x150.jpg\" class=\"\" alt=\"Il gioco della verit\u00e0 e dell&#039;errore\" title=\"IL GIOCO\" data-caption=\"Il gioco della verit\u00e0 e dell&#039;errore\" data-src=\"https:\/\/www.cptf.it\/it\/wp-content\/uploads\/IL-GIOCO.jpg\" data-large_image=\"https:\/\/www.cptf.it\/it\/wp-content\/uploads\/IL-GIOCO.jpg\" data-large_image_width=\"190\" data-large_image_height=\"265\" \/><\/a><\/div><\/td><td>Il gioco della verit\u00e0 e dell&#8217;errore<\/td><td>Morin E.<\/td><td>Erickson<\/td><\/tr><tr id=\"post-row-10056\" class=\"post-row post-type-biblioteca biblioteca-10056 publish\"><td><div style=\"width:70px;\" data-thumb=\"https:\/\/www.cptf.it\/it\/wp-content\/uploads\/download.jpg\" class=\"posts-table-image-wrapper posts-table-gallery__image\"><a href=\"https:\/\/www.cptf.it\/it\/wp-content\/uploads\/download.jpg\"><img loading=\"lazy\" decoding=\"async\" width=\"70\" height=\"106\" src=\"https:\/\/www.cptf.it\/it\/wp-content\/uploads\/download.jpg\" class=\"\" alt=\"La sfida della complessit\u00e0  Le d\u00e9fi de la complexit\u00e9\" title=\"download\" data-caption=\"La sfida della complessit\u00e0  Le d\u00e9fi de la complexit\u00e9\" data-src=\"https:\/\/www.cptf.it\/it\/wp-content\/uploads\/download.jpg\" data-large_image=\"https:\/\/www.cptf.it\/it\/wp-content\/uploads\/download.jpg\" data-large_image_width=\"117\" data-large_image_height=\"177\" \/><\/a><\/div><\/td><td>La sfida della complessit\u00e0  Le d\u00e9fi de la complexit\u00e9<\/td><td>Morin E.<\/td><td>Le Lettere<\/td><\/tr><tr id=\"post-row-10058\" class=\"post-row post-type-biblioteca biblioteca-10058 publish\"><td><div style=\"width:70px;\" data-thumb=\"https:\/\/www.cptf.it\/it\/wp-content\/uploads\/9788834000946_0_221_0_75-150x150.jpg\" class=\"posts-table-image-wrapper posts-table-gallery__image\"><a href=\"https:\/\/www.cptf.it\/it\/wp-content\/uploads\/9788834000946_0_221_0_75.jpg\"><img loading=\"lazy\" decoding=\"async\" width=\"70\" height=\"70\" src=\"https:\/\/www.cptf.it\/it\/wp-content\/uploads\/9788834000946_0_221_0_75-150x150.jpg\" class=\"\" alt=\"Famiglie e terapia della famiglia\" title=\"9788834000946_0_221_0_75\" data-caption=\"Famiglie e terapia della famiglia\" data-src=\"https:\/\/www.cptf.it\/it\/wp-content\/uploads\/9788834000946_0_221_0_75.jpg\" data-large_image=\"https:\/\/www.cptf.it\/it\/wp-content\/uploads\/9788834000946_0_221_0_75.jpg\" data-large_image_width=\"221\" data-large_image_height=\"304\" \/><\/a><\/div><\/td><td>Famiglie e terapia della famiglia<\/td><td>Minuchin S.<\/td><td>Astrolabio<\/td><\/tr><tr id=\"post-row-10061\" class=\"post-row post-type-biblioteca biblioteca-10061 publish\"><td><div style=\"width:70px;\" data-thumb=\"https:\/\/www.cptf.it\/it\/wp-content\/uploads\/images-134x150.jpg\" class=\"posts-table-image-wrapper posts-table-gallery__image\"><a href=\"https:\/\/www.cptf.it\/it\/wp-content\/uploads\/images.jpg\"><img loading=\"lazy\" decoding=\"async\" width=\"70\" height=\"78\" src=\"https:\/\/www.cptf.it\/it\/wp-content\/uploads\/images-134x150.jpg\" class=\"\" alt=\"La via\" title=\"images\" data-caption=\"La via\" data-src=\"https:\/\/www.cptf.it\/it\/wp-content\/uploads\/images.jpg\" data-large_image=\"https:\/\/www.cptf.it\/it\/wp-content\/uploads\/images.jpg\" data-large_image_width=\"134\" data-large_image_height=\"215\" \/><\/a><\/div><\/td><td>La via<\/td><td>Morin E.<\/td><td>RaffaelloCortina Editore<\/td><\/tr><tr id=\"post-row-10063\" class=\"post-row post-type-biblioteca biblioteca-10063 publish\"><td><div style=\"width:70px;\" data-thumb=\"https:\/\/www.cptf.it\/it\/wp-content\/uploads\/download-1-150x150.jpg\" class=\"posts-table-image-wrapper posts-table-gallery__image\"><a href=\"https:\/\/www.cptf.it\/it\/wp-content\/uploads\/download-1.jpg\"><img loading=\"lazy\" decoding=\"async\" width=\"70\" height=\"70\" src=\"https:\/\/www.cptf.it\/it\/wp-content\/uploads\/download-1-150x150.jpg\" class=\"\" alt=\"La clinica e il web\" title=\"download (1)\" data-caption=\"La clinica e il web\" data-src=\"https:\/\/www.cptf.it\/it\/wp-content\/uploads\/download-1.jpg\" data-large_image=\"https:\/\/www.cptf.it\/it\/wp-content\/uploads\/download-1.jpg\" data-large_image_width=\"184\" data-large_image_height=\"274\" \/><\/a><\/div><\/td><td>La clinica e il web<\/td><td>Manfrida G., Albertini V., Eisenberg E.<\/td><td>FrancoAngeli<\/td><\/tr><tr id=\"post-row-10065\" class=\"post-row post-type-biblioteca biblioteca-10065 publish\"><td><div style=\"width:70px;\" data-thumb=\"https:\/\/www.cptf.it\/it\/wp-content\/uploads\/31SKLRgTfL._BO1204203200_-150x150.jpg\" class=\"posts-table-image-wrapper posts-table-gallery__image\"><a href=\"https:\/\/www.cptf.it\/it\/wp-content\/uploads\/31SKLRgTfL._BO1204203200_.jpg\"><img loading=\"lazy\" decoding=\"async\" width=\"70\" height=\"70\" src=\"https:\/\/www.cptf.it\/it\/wp-content\/uploads\/31SKLRgTfL._BO1204203200_-150x150.jpg\" class=\"\" alt=\"Il bambino nella terapia\" title=\"31S+KLRgTfL._BO1,204,203,200_\" data-caption=\"Il bambino nella terapia\" data-src=\"https:\/\/www.cptf.it\/it\/wp-content\/uploads\/31SKLRgTfL._BO1204203200_.jpg\" data-large_image=\"https:\/\/www.cptf.it\/it\/wp-content\/uploads\/31SKLRgTfL._BO1204203200_.jpg\" data-large_image_width=\"202\" data-large_image_height=\"283\" srcset=\"https:\/\/www.cptf.it\/it\/wp-content\/uploads\/31SKLRgTfL._BO1204203200_-150x150.jpg 150w, https:\/\/www.cptf.it\/it\/wp-content\/uploads\/31SKLRgTfL._BO1204203200_-202x198.jpg 202w\" sizes=\"(max-width: 70px) 100vw, 70px\" \/><\/a><\/div><\/td><td>Il bambino nella terapia<\/td><td>Gandolfi M. , Martinelli F.<\/td><td>Erickson<\/td><\/tr><tr id=\"post-row-10067\" class=\"post-row post-type-biblioteca biblioteca-10067 publish\"><td><div style=\"width:70px;\" data-thumb=\"https:\/\/www.cptf.it\/it\/wp-content\/uploads\/9788891779298_0_221_0_75-150x150.jpg\" class=\"posts-table-image-wrapper posts-table-gallery__image\"><a href=\"https:\/\/www.cptf.it\/it\/wp-content\/uploads\/9788891779298_0_221_0_75.jpg\"><img loading=\"lazy\" decoding=\"async\" width=\"70\" height=\"70\" src=\"https:\/\/www.cptf.it\/it\/wp-content\/uploads\/9788891779298_0_221_0_75-150x150.jpg\" class=\"\" alt=\"Costruzione sociale e pratiche terapeutiche\" title=\"9788891779298_0_221_0_75\" data-caption=\"Costruzione sociale e pratiche terapeutiche\" data-src=\"https:\/\/www.cptf.it\/it\/wp-content\/uploads\/9788891779298_0_221_0_75.jpg\" data-large_image=\"https:\/\/www.cptf.it\/it\/wp-content\/uploads\/9788891779298_0_221_0_75.jpg\" data-large_image_width=\"221\" data-large_image_height=\"329\" \/><\/a><\/div><\/td><td>Costruzione sociale e pratiche terapeutiche<\/td><td>Gergen K. J.<\/td><td>FrancoAngeli<\/td><\/tr><tr id=\"post-row-10069\" class=\"post-row post-type-biblioteca biblioteca-10069 publish\"><td><div style=\"width:70px;\" data-thumb=\"https:\/\/www.cptf.it\/it\/wp-content\/uploads\/98_15-150x150.jpg\" class=\"posts-table-image-wrapper posts-table-gallery__image\"><a href=\"https:\/\/www.cptf.it\/it\/wp-content\/uploads\/98_15.jpg\"><img loading=\"lazy\" decoding=\"async\" width=\"70\" height=\"70\" src=\"https:\/\/www.cptf.it\/it\/wp-content\/uploads\/98_15-150x150.jpg\" class=\"\" alt=\"Minori in giudizio. La convenzione di Strasburgo.\" title=\"98_15\" data-caption=\"Minori in giudizio. La convenzione di Strasburgo.\" data-src=\"https:\/\/www.cptf.it\/it\/wp-content\/uploads\/98_15.jpg\" data-large_image=\"https:\/\/www.cptf.it\/it\/wp-content\/uploads\/98_15.jpg\" data-large_image_width=\"400\" data-large_image_height=\"595\" \/><\/a><\/div><\/td><td>Minori in giudizio. La convenzione di Strasburgo.<\/td><td>Contri G.<\/td><td>FrancoAngeli<\/td><\/tr><tr id=\"post-row-10071\" class=\"post-row post-type-biblioteca biblioteca-10071 publish\"><td><div style=\"width:70px;\" data-thumb=\"https:\/\/www.cptf.it\/it\/wp-content\/uploads\/9788865311226_0_0_494_75-150x150.jpg\" class=\"posts-table-image-wrapper posts-table-gallery__image\"><a href=\"https:\/\/www.cptf.it\/it\/wp-content\/uploads\/9788865311226_0_0_494_75.jpg\"><img loading=\"lazy\" decoding=\"async\" width=\"70\" height=\"70\" src=\"https:\/\/www.cptf.it\/it\/wp-content\/uploads\/9788865311226_0_0_494_75-150x150.jpg\" class=\"\" alt=\"Terapia sistemica di gruppo\" title=\"9788865311226_0_0_494_75\" data-caption=\"Terapia sistemica di gruppo\" data-src=\"https:\/\/www.cptf.it\/it\/wp-content\/uploads\/9788865311226_0_0_494_75.jpg\" data-large_image=\"https:\/\/www.cptf.it\/it\/wp-content\/uploads\/9788865311226_0_0_494_75.jpg\" data-large_image_width=\"349\" data-large_image_height=\"494\" \/><\/a><\/div><\/td><td>Terapia sistemica di gruppo<\/td><td>Giordano C. , Curino M. G.<\/td><td>Alpes<\/td><\/tr><tr id=\"post-row-10073\" class=\"post-row post-type-biblioteca biblioteca-10073 publish\"><td><div style=\"width:70px;\" data-thumb=\"https:\/\/www.cptf.it\/it\/wp-content\/uploads\/41YoabmhIsL._BO1204203200_-150x150.jpg\" class=\"posts-table-image-wrapper posts-table-gallery__image\"><a href=\"https:\/\/www.cptf.it\/it\/wp-content\/uploads\/41YoabmhIsL._BO1204203200_.jpg\"><img loading=\"lazy\" decoding=\"async\" width=\"70\" height=\"70\" src=\"https:\/\/www.cptf.it\/it\/wp-content\/uploads\/41YoabmhIsL._BO1204203200_-150x150.jpg\" class=\"\" alt=\"&quot;Sistemiamoci&quot;\" title=\"41YoabmhIsL._BO1,204,203,200_\" data-caption=\"&quot;Sistemiamoci&quot;\" data-src=\"https:\/\/www.cptf.it\/it\/wp-content\/uploads\/41YoabmhIsL._BO1204203200_.jpg\" data-large_image=\"https:\/\/www.cptf.it\/it\/wp-content\/uploads\/41YoabmhIsL._BO1204203200_.jpg\" data-large_image_width=\"202\" data-large_image_height=\"293\" srcset=\"https:\/\/www.cptf.it\/it\/wp-content\/uploads\/41YoabmhIsL._BO1204203200_-150x150.jpg 150w, https:\/\/www.cptf.it\/it\/wp-content\/uploads\/41YoabmhIsL._BO1204203200_-202x198.jpg 202w\" sizes=\"(max-width: 70px) 100vw, 70px\" \/><\/a><\/div><\/td><td>&#8220;Sistemiamoci&#8221;<\/td><td>Recanatini L.<\/td><td>Alpes<\/td><\/tr><tr id=\"post-row-10075\" class=\"post-row post-type-biblioteca biblioteca-10075 publish\"><td><div style=\"width:70px;\" data-thumb=\"https:\/\/www.cptf.it\/it\/wp-content\/uploads\/9788846445292_0_0_190_75-128x150.jpg\" class=\"posts-table-image-wrapper posts-table-gallery__image\"><a href=\"https:\/\/www.cptf.it\/it\/wp-content\/uploads\/9788846445292_0_0_190_75.jpg\"><img loading=\"lazy\" decoding=\"async\" width=\"70\" height=\"82\" src=\"https:\/\/www.cptf.it\/it\/wp-content\/uploads\/9788846445292_0_0_190_75-128x150.jpg\" class=\"\" alt=\"Dietro le rispettabili apparenze\" title=\"9788846445292_0_0_190_75\" data-caption=\"Dietro le rispettabili apparenze\" data-src=\"https:\/\/www.cptf.it\/it\/wp-content\/uploads\/9788846445292_0_0_190_75.jpg\" data-large_image=\"https:\/\/www.cptf.it\/it\/wp-content\/uploads\/9788846445292_0_0_190_75.jpg\" data-large_image_width=\"128\" data-large_image_height=\"190\" \/><\/a><\/div><\/td><td>Dietro le rispettabili apparenze<\/td><td>Linares J.L, Campo C.<\/td><td>FrancoAngeli<\/td><\/tr><tr id=\"post-row-10077\" class=\"post-row post-type-biblioteca biblioteca-10077 publish\"><td><div style=\"width:70px;\" data-thumb=\"https:\/\/www.cptf.it\/it\/wp-content\/uploads\/9788860307897_0_221_0_75-150x150.jpg\" class=\"posts-table-image-wrapper posts-table-gallery__image\"><a href=\"https:\/\/www.cptf.it\/it\/wp-content\/uploads\/9788860307897_0_221_0_75.jpg\"><img loading=\"lazy\" decoding=\"async\" width=\"70\" height=\"70\" src=\"https:\/\/www.cptf.it\/it\/wp-content\/uploads\/9788860307897_0_221_0_75-150x150.jpg\" class=\"\" alt=\"Terapia intergenerazionale\" title=\"9788860307897_0_221_0_75\" data-caption=\"Terapia intergenerazionale\" data-src=\"https:\/\/www.cptf.it\/it\/wp-content\/uploads\/9788860307897_0_221_0_75.jpg\" data-large_image=\"https:\/\/www.cptf.it\/it\/wp-content\/uploads\/9788860307897_0_221_0_75.jpg\" data-large_image_width=\"221\" data-large_image_height=\"360\" \/><\/a><\/div><\/td><td>Terapia intergenerazionale<\/td><td>Framo J.L.<\/td><td>RaffaelloCortina Editore<\/td><\/tr><tr id=\"post-row-10079\" class=\"post-row post-type-biblioteca biblioteca-10079 publish\"><td><div style=\"width:70px;\" data-thumb=\"https:\/\/www.cptf.it\/it\/wp-content\/uploads\/images-1.jpg\" class=\"posts-table-image-wrapper posts-table-gallery__image\"><a href=\"https:\/\/www.cptf.it\/it\/wp-content\/uploads\/images-1.jpg\"><img loading=\"lazy\" decoding=\"async\" width=\"70\" height=\"96\" src=\"https:\/\/www.cptf.it\/it\/wp-content\/uploads\/images-1.jpg\" class=\"\" alt=\"Le psicosi schizofreniche\" title=\"images (1)\" data-caption=\"Le psicosi schizofreniche\" data-src=\"https:\/\/www.cptf.it\/it\/wp-content\/uploads\/images-1.jpg\" data-large_image=\"https:\/\/www.cptf.it\/it\/wp-content\/uploads\/images-1.jpg\" data-large_image_width=\"109\" data-large_image_height=\"150\" \/><\/a><\/div><\/td><td>Le psicosi schizofreniche<\/td><td>Faccincani C., Fiorio R., Mignolli G, Tansella M.<\/td><td><\/td><\/tr><tr id=\"post-row-10081\" class=\"post-row post-type-biblioteca biblioteca-10081 publish\"><td><div style=\"width:70px;\" data-thumb=\"https:\/\/www.cptf.it\/it\/wp-content\/uploads\/9788860309099_0_221_0_75-150x150.jpg\" class=\"posts-table-image-wrapper posts-table-gallery__image\"><a href=\"https:\/\/www.cptf.it\/it\/wp-content\/uploads\/9788860309099_0_221_0_75.jpg\"><img loading=\"lazy\" decoding=\"async\" width=\"70\" height=\"70\" src=\"https:\/\/www.cptf.it\/it\/wp-content\/uploads\/9788860309099_0_221_0_75-150x150.jpg\" class=\"\" alt=\"La mediazione familiare\" title=\"9788860309099_0_221_0_75\" data-caption=\"La mediazione familiare\" data-src=\"https:\/\/www.cptf.it\/it\/wp-content\/uploads\/9788860309099_0_221_0_75.jpg\" data-large_image=\"https:\/\/www.cptf.it\/it\/wp-content\/uploads\/9788860309099_0_221_0_75.jpg\" data-large_image_width=\"221\" data-large_image_height=\"351\" \/><\/a><\/div><\/td><td>La mediazione familiare<\/td><td>Mazzei D., Neri V.<\/td><td>RaffaelloCortina Editore<\/td><\/tr><tr id=\"post-row-10083\" class=\"post-row post-type-biblioteca biblioteca-10083 publish\"><td><div style=\"width:70px;\" data-thumb=\"https:\/\/www.cptf.it\/it\/wp-content\/uploads\/download-2.jpg\" class=\"posts-table-image-wrapper posts-table-gallery__image\"><a href=\"https:\/\/www.cptf.it\/it\/wp-content\/uploads\/download-2.jpg\"><img loading=\"lazy\" decoding=\"async\" width=\"70\" height=\"109\" src=\"https:\/\/www.cptf.it\/it\/wp-content\/uploads\/download-2.jpg\" class=\"\" alt=\"Costruzione e rottura dei legami affettivi\" title=\"download (2)\" data-caption=\"Costruzione e rottura dei legami affettivi\" data-src=\"https:\/\/www.cptf.it\/it\/wp-content\/uploads\/download-2.jpg\" data-large_image=\"https:\/\/www.cptf.it\/it\/wp-content\/uploads\/download-2.jpg\" data-large_image_width=\"114\" data-large_image_height=\"177\" \/><\/a><\/div><\/td><td>Costruzione e rottura dei legami affettivi<\/td><td>Bowlby J.<\/td><td>RaffaelloCortina Editore<\/td><\/tr><tr id=\"post-row-10085\" class=\"post-row post-type-biblioteca biblioteca-10085 publish\"><td><div style=\"width:70px;\" data-thumb=\"https:\/\/www.cptf.it\/it\/wp-content\/uploads\/9788883589768_0_221_0_75-150x150.jpg\" class=\"posts-table-image-wrapper posts-table-gallery__image\"><a href=\"https:\/\/www.cptf.it\/it\/wp-content\/uploads\/9788883589768_0_221_0_75.jpg\"><img loading=\"lazy\" decoding=\"async\" width=\"70\" height=\"70\" src=\"https:\/\/www.cptf.it\/it\/wp-content\/uploads\/9788883589768_0_221_0_75-150x150.jpg\" class=\"\" alt=\"Gli oggetti fluttuanti\" title=\"9788883589768_0_221_0_75\" data-caption=\"Gli oggetti fluttuanti\" data-src=\"https:\/\/www.cptf.it\/it\/wp-content\/uploads\/9788883589768_0_221_0_75.jpg\" data-large_image=\"https:\/\/www.cptf.it\/it\/wp-content\/uploads\/9788883589768_0_221_0_75.jpg\" data-large_image_width=\"221\" data-large_image_height=\"336\" \/><\/a><\/div><\/td><td>Gli oggetti fluttuanti<\/td><td>Caill\u00e9 P., Rey Y.<\/td><td>Armando Editore<\/td><\/tr><tr id=\"post-row-10087\" class=\"post-row post-type-biblioteca biblioteca-10087 publish\"><td><div style=\"width:70px;\" data-thumb=\"https:\/\/www.cptf.it\/it\/wp-content\/uploads\/uno-e-uno-fanno-tre-150x150.jpg\" class=\"posts-table-image-wrapper posts-table-gallery__image\"><a href=\"https:\/\/www.cptf.it\/it\/wp-content\/uploads\/uno-e-uno-fanno-tre.jpg\"><img loading=\"lazy\" decoding=\"async\" width=\"70\" height=\"70\" src=\"https:\/\/www.cptf.it\/it\/wp-content\/uploads\/uno-e-uno-fanno-tre-150x150.jpg\" class=\"\" alt=\"Uno e uno fanno tre\" title=\"uno-e-uno-fanno-tre\" data-caption=\"Uno e uno fanno tre\" data-src=\"https:\/\/www.cptf.it\/it\/wp-content\/uploads\/uno-e-uno-fanno-tre.jpg\" data-large_image=\"https:\/\/www.cptf.it\/it\/wp-content\/uploads\/uno-e-uno-fanno-tre.jpg\" data-large_image_width=\"170\" data-large_image_height=\"258\" \/><\/a><\/div><\/td><td>Uno e uno fanno tre<\/td><td>Caill\u00e9 P.<\/td><td>Armando Editore<\/td><\/tr><tr id=\"post-row-10089\" class=\"post-row post-type-biblioteca biblioteca-10089 publish\"><td><div style=\"width:70px;\" data-thumb=\"https:\/\/www.cptf.it\/it\/wp-content\/uploads\/9788860300706_0_221_0_75-150x150.jpg\" class=\"posts-table-image-wrapper posts-table-gallery__image\"><a href=\"https:\/\/www.cptf.it\/it\/wp-content\/uploads\/9788860300706_0_221_0_75.jpg\"><img loading=\"lazy\" decoding=\"async\" width=\"70\" height=\"70\" src=\"https:\/\/www.cptf.it\/it\/wp-content\/uploads\/9788860300706_0_221_0_75-150x150.jpg\" class=\"\" alt=\"L&#039;oceano borderline\" title=\"9788860300706_0_221_0_75\" data-caption=\"L&#039;oceano borderline\" data-src=\"https:\/\/www.cptf.it\/it\/wp-content\/uploads\/9788860300706_0_221_0_75.jpg\" data-large_image=\"https:\/\/www.cptf.it\/it\/wp-content\/uploads\/9788860300706_0_221_0_75.jpg\" data-large_image_width=\"221\" data-large_image_height=\"352\" \/><\/a><\/div><\/td><td>L&#8217;oceano borderline<\/td><td>Cancrini L.<\/td><td>RaffaelloCortina Editore<\/td><\/tr><tr id=\"post-row-10091\" class=\"post-row post-type-biblioteca biblioteca-10091 publish\"><td><div style=\"width:70px;\" data-thumb=\"https:\/\/www.cptf.it\/it\/wp-content\/uploads\/9788838243196_0_221_0_75-150x150.jpg\" class=\"posts-table-image-wrapper posts-table-gallery__image\"><a href=\"https:\/\/www.cptf.it\/it\/wp-content\/uploads\/9788838243196_0_221_0_75.jpg\"><img loading=\"lazy\" decoding=\"async\" width=\"70\" height=\"70\" src=\"https:\/\/www.cptf.it\/it\/wp-content\/uploads\/9788838243196_0_221_0_75-150x150.jpg\" class=\"\" alt=\"La fine dell&#039;onniscienza\" title=\"9788838243196_0_221_0_75\" data-caption=\"La fine dell&#039;onniscienza\" data-src=\"https:\/\/www.cptf.it\/it\/wp-content\/uploads\/9788838243196_0_221_0_75.jpg\" data-large_image=\"https:\/\/www.cptf.it\/it\/wp-content\/uploads\/9788838243196_0_221_0_75.jpg\" data-large_image_width=\"221\" data-large_image_height=\"300\" \/><\/a><\/div><\/td><td>La fine dell&#8217;onniscienza<\/td><td>Ceruti M.<\/td><td>Studium<\/td><\/tr><tr id=\"post-row-10093\" class=\"post-row post-type-biblioteca biblioteca-10093 publish\"><td><div style=\"width:70px;\" data-thumb=\"https:\/\/www.cptf.it\/it\/wp-content\/uploads\/images-5-135x150.jpg\" class=\"posts-table-image-wrapper posts-table-gallery__image\"><a href=\"https:\/\/www.cptf.it\/it\/wp-content\/uploads\/images-5.jpg\"><img loading=\"lazy\" decoding=\"async\" width=\"70\" height=\"78\" src=\"https:\/\/www.cptf.it\/it\/wp-content\/uploads\/images-5-135x150.jpg\" class=\"\" alt=\"L&#039;intervista  clinica generazionale\" title=\"images (5)\" data-caption=\"L&#039;intervista  clinica generazionale\" data-src=\"https:\/\/www.cptf.it\/it\/wp-content\/uploads\/images-5.jpg\" data-large_image=\"https:\/\/www.cptf.it\/it\/wp-content\/uploads\/images-5.jpg\" data-large_image_width=\"135\" data-large_image_height=\"215\" \/><\/a><\/div><\/td><td>L&#8217;intervista  clinica generazionale<\/td><td>Cigoli V., Tamanza G.<\/td><td>RaffaelloCortina Editore<\/td><\/tr><tr id=\"post-row-10095\" class=\"post-row post-type-biblioteca biblioteca-10095 publish\"><td><div style=\"width:70px;\" data-thumb=\"https:\/\/www.cptf.it\/it\/wp-content\/uploads\/71zx2W8eYxL-150x150.jpg\" class=\"posts-table-image-wrapper posts-table-gallery__image\"><a href=\"https:\/\/www.cptf.it\/it\/wp-content\/uploads\/71zx2W8eYxL.jpg\"><img loading=\"lazy\" decoding=\"async\" width=\"70\" height=\"70\" src=\"https:\/\/www.cptf.it\/it\/wp-content\/uploads\/71zx2W8eYxL-150x150.jpg\" class=\"\" alt=\"La famiglia del tossicodipendente\" title=\"71zx2W8eYxL\" data-caption=\"La famiglia del tossicodipendente\" data-src=\"https:\/\/www.cptf.it\/it\/wp-content\/uploads\/71zx2W8eYxL.jpg\" data-large_image=\"https:\/\/www.cptf.it\/it\/wp-content\/uploads\/71zx2W8eYxL.jpg\" data-large_image_width=\"912\" data-large_image_height=\"1516\" srcset=\"https:\/\/www.cptf.it\/it\/wp-content\/uploads\/71zx2W8eYxL-150x150.jpg 150w, https:\/\/www.cptf.it\/it\/wp-content\/uploads\/71zx2W8eYxL-570x570.jpg 570w, https:\/\/www.cptf.it\/it\/wp-content\/uploads\/71zx2W8eYxL-500x500.jpg 500w\" sizes=\"(max-width: 70px) 100vw, 70px\" \/><\/a><\/div><\/td><td>La famiglia del tossicodipendente<\/td><td>Cirillo S., Berrini R., Cambiaso G. , Mazza R.<\/td><td>RaffaelloCortina Editore<\/td><\/tr><tr id=\"post-row-10097\" class=\"post-row post-type-biblioteca biblioteca-10097 publish\"><td><div style=\"width:70px;\" data-thumb=\"https:\/\/www.cptf.it\/it\/wp-content\/uploads\/download-6-126x150.jpg\" class=\"posts-table-image-wrapper posts-table-gallery__image\"><a href=\"https:\/\/www.cptf.it\/it\/wp-content\/uploads\/download-6.jpg\"><img loading=\"lazy\" decoding=\"async\" width=\"70\" height=\"83\" src=\"https:\/\/www.cptf.it\/it\/wp-content\/uploads\/download-6-126x150.jpg\" class=\"\" alt=\"Complessit\u00e0 e psicoterapia\" title=\"download (6)\" data-caption=\"Complessit\u00e0 e psicoterapia\" data-src=\"https:\/\/www.cptf.it\/it\/wp-content\/uploads\/download-6.jpg\" data-large_image=\"https:\/\/www.cptf.it\/it\/wp-content\/uploads\/download-6.jpg\" data-large_image_width=\"126\" data-large_image_height=\"177\" \/><\/a><\/div><\/td><td>Complessit\u00e0 e psicoterapia<\/td><td>Barbetta P., Telfener U.<\/td><td>RaffaelloCortina Editore<\/td><\/tr><tr id=\"post-row-10099\" class=\"post-row post-type-biblioteca biblioteca-10099 publish\"><td><div style=\"width:70px;\" data-thumb=\"https:\/\/www.cptf.it\/it\/wp-content\/uploads\/download-5-150x150.jpg\" class=\"posts-table-image-wrapper posts-table-gallery__image\"><a href=\"https:\/\/www.cptf.it\/it\/wp-content\/uploads\/download-5.jpg\"><img loading=\"lazy\" decoding=\"async\" width=\"70\" height=\"70\" src=\"https:\/\/www.cptf.it\/it\/wp-content\/uploads\/download-5-150x150.jpg\" class=\"\" alt=\"Il s\u00e9 viene alla mente\" title=\"download (5)\" data-caption=\"Il s\u00e9 viene alla mente\" data-src=\"https:\/\/www.cptf.it\/it\/wp-content\/uploads\/download-5.jpg\" data-large_image=\"https:\/\/www.cptf.it\/it\/wp-content\/uploads\/download-5.jpg\" data-large_image_width=\"179\" data-large_image_height=\"281\" \/><\/a><\/div><\/td><td>Il s\u00e9 viene alla mente<\/td><td>Damasio A.<\/td><td>Adelphi<\/td><\/tr><tr id=\"post-row-10101\" class=\"post-row post-type-biblioteca biblioteca-10101 publish\"><td><div style=\"width:70px;\" data-thumb=\"https:\/\/www.cptf.it\/it\/wp-content\/uploads\/download-4.jpg\" class=\"posts-table-image-wrapper posts-table-gallery__image\"><a href=\"https:\/\/www.cptf.it\/it\/wp-content\/uploads\/download-4.jpg\"><img loading=\"lazy\" decoding=\"async\" width=\"70\" height=\"106\" src=\"https:\/\/www.cptf.it\/it\/wp-content\/uploads\/download-4.jpg\" class=\"\" alt=\"Come sopravvivere alla propria famiglia\" title=\"download (4)\" data-caption=\"Come sopravvivere alla propria famiglia\" data-src=\"https:\/\/www.cptf.it\/it\/wp-content\/uploads\/download-4.jpg\" data-large_image=\"https:\/\/www.cptf.it\/it\/wp-content\/uploads\/download-4.jpg\" data-large_image_width=\"117\" data-large_image_height=\"177\" \/><\/a><\/div><\/td><td>Come sopravvivere alla propria famiglia<\/td><td>Elkaim M.<\/td><td>FrancoAngeli<\/td><\/tr><tr id=\"post-row-10103\" class=\"post-row post-type-biblioteca biblioteca-10103 publish\"><td><div style=\"width:70px;\" data-thumb=\"https:\/\/www.cptf.it\/it\/wp-content\/uploads\/images-3-150x150.jpg\" class=\"posts-table-image-wrapper posts-table-gallery__image\"><a href=\"https:\/\/www.cptf.it\/it\/wp-content\/uploads\/images-3.jpg\"><img loading=\"lazy\" decoding=\"async\" width=\"70\" height=\"70\" src=\"https:\/\/www.cptf.it\/it\/wp-content\/uploads\/images-3-150x150.jpg\" class=\"\" alt=\"Interventi assistiti con l&#039;animale nei disturbi dell&#039;alimentazione\" title=\"images (3)\" data-caption=\"Interventi assistiti con l&#039;animale nei disturbi dell&#039;alimentazione\" data-src=\"https:\/\/www.cptf.it\/it\/wp-content\/uploads\/images-3.jpg\" data-large_image=\"https:\/\/www.cptf.it\/it\/wp-content\/uploads\/images-3.jpg\" data-large_image_width=\"152\" data-large_image_height=\"215\" \/><\/a><\/div><\/td><td>Interventi assistiti con l&#8217;animale nei disturbi dell&#8217;alimentazione<\/td><td>Scorzato I., Romano M., Ionata C., Bigarella A.<\/td><td>Erickson<\/td><\/tr><tr id=\"post-row-10105\" class=\"post-row post-type-biblioteca biblioteca-10105 publish\"><td><div style=\"width:70px;\" data-thumb=\"https:\/\/www.cptf.it\/it\/wp-content\/uploads\/download-3.jpg\" class=\"posts-table-image-wrapper posts-table-gallery__image\"><a href=\"https:\/\/www.cptf.it\/it\/wp-content\/uploads\/download-3.jpg\"><img loading=\"lazy\" decoding=\"async\" width=\"70\" height=\"105\" src=\"https:\/\/www.cptf.it\/it\/wp-content\/uploads\/download-3.jpg\" class=\"\" alt=\"Psicologia, etica,  diritto\" title=\"download (3)\" data-caption=\"Psicologia, etica,  diritto\" data-src=\"https:\/\/www.cptf.it\/it\/wp-content\/uploads\/download-3.jpg\" data-large_image=\"https:\/\/www.cptf.it\/it\/wp-content\/uploads\/download-3.jpg\" data-large_image_width=\"118\" data-large_image_height=\"177\" \/><\/a><\/div><\/td><td>Psicologia, etica,  diritto<\/td><td>Stampa P., Giannini A.M.<\/td><td>FrancoAngeli<\/td><\/tr><tr id=\"post-row-10107\" class=\"post-row post-type-biblioteca biblioteca-10107 publish\"><td><div style=\"width:70px;\" data-thumb=\"https:\/\/www.cptf.it\/it\/wp-content\/uploads\/images-2-149x150.jpg\" class=\"posts-table-image-wrapper posts-table-gallery__image\"><a href=\"https:\/\/www.cptf.it\/it\/wp-content\/uploads\/images-2.jpg\"><img loading=\"lazy\" decoding=\"async\" width=\"70\" height=\"70\" src=\"https:\/\/www.cptf.it\/it\/wp-content\/uploads\/images-2-149x150.jpg\" class=\"\" alt=\"Affetti Speciali\" title=\"images (2)\" data-caption=\"Affetti Speciali\" data-src=\"https:\/\/www.cptf.it\/it\/wp-content\/uploads\/images-2.jpg\" data-large_image=\"https:\/\/www.cptf.it\/it\/wp-content\/uploads\/images-2.jpg\" data-large_image_width=\"149\" data-large_image_height=\"215\" \/><\/a><\/div><\/td><td>Affetti Speciali<\/td><td>Vito A.<\/td><td>Edizioni Psiconline<\/td><\/tr><tr id=\"post-row-10109\" class=\"post-row post-type-biblioteca biblioteca-10109 publish\"><td><div style=\"width:70px;\" data-thumb=\"https:\/\/www.cptf.it\/it\/wp-content\/uploads\/la-formazione-in-psicoterapia-150x150.jpg\" class=\"posts-table-image-wrapper posts-table-gallery__image\"><a href=\"https:\/\/www.cptf.it\/it\/wp-content\/uploads\/la-formazione-in-psicoterapia.jpg\"><img loading=\"lazy\" decoding=\"async\" width=\"70\" height=\"70\" src=\"https:\/\/www.cptf.it\/it\/wp-content\/uploads\/la-formazione-in-psicoterapia-150x150.jpg\" class=\"\" alt=\"La formazione in psicoterapia\" title=\"la-formazione-in-psicoterapia\" data-caption=\"La formazione in psicoterapia\" data-src=\"https:\/\/www.cptf.it\/it\/wp-content\/uploads\/la-formazione-in-psicoterapia.jpg\" data-large_image=\"https:\/\/www.cptf.it\/it\/wp-content\/uploads\/la-formazione-in-psicoterapia.jpg\" data-large_image_width=\"200\" data-large_image_height=\"283\" srcset=\"https:\/\/www.cptf.it\/it\/wp-content\/uploads\/la-formazione-in-psicoterapia-150x150.jpg 150w, https:\/\/www.cptf.it\/it\/wp-content\/uploads\/la-formazione-in-psicoterapia-200x198.jpg 200w\" sizes=\"(max-width: 70px) 100vw, 70px\" \/><\/a><\/div><\/td><td>La formazione in psicoterapia<\/td><td>Zucconi A.<\/td><td>Alpes<\/td><\/tr><tr id=\"post-row-10111\" class=\"post-row post-type-biblioteca biblioteca-10111 publish\"><td><\/td><td>L&#8217;interazione madre-bambino nel primo anno di vita<\/td><td>Panzeri M.<\/td><td>Carrocci editore<\/td><\/tr><tr id=\"post-row-10112\" class=\"post-row post-type-biblioteca biblioteca-10112 publish\"><td><\/td><td>Psicodinamica dello sviluppo e delle relazioni familiari<\/td><td>Mosconi A.<\/td><td>Cleup<\/td><\/tr><tr id=\"post-row-10113\" class=\"post-row post-type-biblioteca biblioteca-10113 publish\"><td><\/td><td>Il mago sgamato<\/td><td>Selvini Palazzoli M., Cirill S., D'Ettore L., Garbellini M., Ghezzi D., Lerma M., Lucchini M., Martino C., Mazzoni G., Mazzucchelli F., Nichele M.<\/td><td>Feltrinelli Economica<\/td><\/tr><tr id=\"post-row-10114\" class=\"post-row post-type-biblioteca biblioteca-10114 publish\"><td><\/td><td>La famiglia<\/td><td>Zuk G.H., Boszormenyi-Nagy<\/td><td>Armando Editore<\/td><\/tr><tr id=\"post-row-11276\" class=\"post-row post-type-biblioteca biblioteca-11276 publish\"><td><div style=\"width:70px;\" data-thumb=\"https:\/\/www.cptf.it\/it\/wp-content\/uploads\/forza-vulnerabilita-150x150.jpg\" class=\"posts-table-image-wrapper posts-table-gallery__image\"><a href=\"https:\/\/www.cptf.it\/it\/wp-content\/uploads\/forza-vulnerabilita.jpg\"><img loading=\"lazy\" decoding=\"async\" width=\"70\" height=\"70\" src=\"https:\/\/www.cptf.it\/it\/wp-content\/uploads\/forza-vulnerabilita-150x150.jpg\" class=\"\" alt=\"La forza della vulnerabilit\u00e0\" title=\"forza-vulnerabilita\" data-caption=\"La forza della vulnerabilit\u00e0\" data-src=\"https:\/\/www.cptf.it\/it\/wp-content\/uploads\/forza-vulnerabilita.jpg\" data-large_image=\"https:\/\/www.cptf.it\/it\/wp-content\/uploads\/forza-vulnerabilita.jpg\" data-large_image_width=\"200\" data-large_image_height=\"292\" srcset=\"https:\/\/www.cptf.it\/it\/wp-content\/uploads\/forza-vulnerabilita-150x150.jpg 150w, https:\/\/www.cptf.it\/it\/wp-content\/uploads\/forza-vulnerabilita-200x198.jpg 200w\" sizes=\"(max-width: 70px) 100vw, 70px\" \/><\/a><\/div><\/td><td>La forza della vulnerabilit\u00e0<\/td><td>Casula C. C.<\/td><td>Le Comete FrancoAngeli<\/td><\/tr><tr id=\"post-row-11346\" class=\"post-row post-type-biblioteca biblioteca-11346 publish\"><td><div style=\"width:70px;\" data-thumb=\"https:\/\/www.cptf.it\/it\/wp-content\/uploads\/Ritorno-ad-Ippocrate-150x150.jpg\" class=\"posts-table-image-wrapper posts-table-gallery__image\"><a href=\"https:\/\/www.cptf.it\/it\/wp-content\/uploads\/Ritorno-ad-Ippocrate.jpg\"><img loading=\"lazy\" decoding=\"async\" width=\"70\" height=\"70\" src=\"https:\/\/www.cptf.it\/it\/wp-content\/uploads\/Ritorno-ad-Ippocrate-150x150.jpg\" class=\"\" alt=\"Ritorno ad Ippocrate. Riflessioni sulla medicina oggi\" title=\"Ritorno ad Ippocrate\" data-caption=\"Ritorno ad Ippocrate. Riflessioni sulla medicina oggi\" data-src=\"https:\/\/www.cptf.it\/it\/wp-content\/uploads\/Ritorno-ad-Ippocrate.jpg\" data-large_image=\"https:\/\/www.cptf.it\/it\/wp-content\/uploads\/Ritorno-ad-Ippocrate.jpg\" data-large_image_width=\"355\" data-large_image_height=\"500\" \/><\/a><\/div><\/td><td>Ritorno ad Ippocrate. Riflessioni sulla medicina oggi<\/td><td>Facco E.; Tagliagambe S.<\/td><td>Mondadori Universit\u00e0<\/td><\/tr><tr id=\"post-row-11350\" class=\"post-row post-type-biblioteca biblioteca-11350 publish\"><td><div style=\"width:70px;\" data-thumb=\"https:\/\/www.cptf.it\/it\/wp-content\/uploads\/Manuale-duso.-I-colori-della-luce-150x150.jpg\" class=\"posts-table-image-wrapper posts-table-gallery__image\"><a href=\"https:\/\/www.cptf.it\/it\/wp-content\/uploads\/Manuale-duso.-I-colori-della-luce.jpg\"><img loading=\"lazy\" decoding=\"async\" width=\"70\" height=\"70\" src=\"https:\/\/www.cptf.it\/it\/wp-content\/uploads\/Manuale-duso.-I-colori-della-luce-150x150.jpg\" class=\"\" alt=\"Manuale d&#039;Uso I colori della luce\" title=\"Manuale d&#039;uso. I colori della luce\" data-caption=\"Manuale d&#039;Uso I colori della luce\" data-src=\"https:\/\/www.cptf.it\/it\/wp-content\/uploads\/Manuale-duso.-I-colori-della-luce.jpg\" data-large_image=\"https:\/\/www.cptf.it\/it\/wp-content\/uploads\/Manuale-duso.-I-colori-della-luce.jpg\" data-large_image_width=\"536\" data-large_image_height=\"777\" srcset=\"https:\/\/www.cptf.it\/it\/wp-content\/uploads\/Manuale-duso.-I-colori-della-luce-150x150.jpg 150w, https:\/\/www.cptf.it\/it\/wp-content\/uploads\/Manuale-duso.-I-colori-della-luce-500x500.jpg 500w\" sizes=\"(max-width: 70px) 100vw, 70px\" \/><\/a><\/div><\/td><td>Manuale d&#8217;Uso I colori della luce<\/td><td>Leporatti C.<\/td><td>In riga Edizioni<\/td><\/tr><tr id=\"post-row-11351\" class=\"post-row post-type-biblioteca biblioteca-11351 publish\"><td><div style=\"width:70px;\" data-thumb=\"https:\/\/www.cptf.it\/it\/wp-content\/uploads\/Cronogramma-2.0-150x150.jpg\" class=\"posts-table-image-wrapper posts-table-gallery__image\"><a href=\"https:\/\/www.cptf.it\/it\/wp-content\/uploads\/Cronogramma-2.0.jpg\"><img loading=\"lazy\" decoding=\"async\" width=\"70\" height=\"70\" src=\"https:\/\/www.cptf.it\/it\/wp-content\/uploads\/Cronogramma-2.0-150x150.jpg\" class=\"\" alt=\"Cronogramma 2.0\" title=\"Cronogramma 2.0\" data-caption=\"Cronogramma 2.0\" data-src=\"https:\/\/www.cptf.it\/it\/wp-content\/uploads\/Cronogramma-2.0.jpg\" data-large_image=\"https:\/\/www.cptf.it\/it\/wp-content\/uploads\/Cronogramma-2.0.jpg\" data-large_image_width=\"536\" data-large_image_height=\"786\" srcset=\"https:\/\/www.cptf.it\/it\/wp-content\/uploads\/Cronogramma-2.0-150x150.jpg 150w, https:\/\/www.cptf.it\/it\/wp-content\/uploads\/Cronogramma-2.0-500x500.jpg 500w\" sizes=\"(max-width: 70px) 100vw, 70px\" \/><\/a><\/div><\/td><td>Cronogramma 2.0<\/td><td>Vallario L.<\/td><td>Luigi Guerriero Editore<\/td><\/tr><tr id=\"post-row-11623\" class=\"post-row post-type-biblioteca biblioteca-11623 publish\"><td><div style=\"width:70px;\" data-thumb=\"https:\/\/www.cptf.it\/it\/wp-content\/uploads\/il-genogramma-nella-pratica-sistemica-150x150.jpg\" class=\"posts-table-image-wrapper posts-table-gallery__image\"><a href=\"https:\/\/www.cptf.it\/it\/wp-content\/uploads\/il-genogramma-nella-pratica-sistemica.jpg\"><img loading=\"lazy\" decoding=\"async\" width=\"70\" height=\"70\" src=\"https:\/\/www.cptf.it\/it\/wp-content\/uploads\/il-genogramma-nella-pratica-sistemica-150x150.jpg\" class=\"\" alt=\"Il Genogramma nella pratica contemporanea\" title=\"il genogramma nella pratica sistemica\" data-caption=\"Il Genogramma nella pratica contemporanea\" data-src=\"https:\/\/www.cptf.it\/it\/wp-content\/uploads\/il-genogramma-nella-pratica-sistemica.jpg\" data-large_image=\"https:\/\/www.cptf.it\/it\/wp-content\/uploads\/il-genogramma-nella-pratica-sistemica.jpg\" data-large_image_width=\"600\" data-large_image_height=\"400\" \/><\/a><\/div><\/td><td>Il Genogramma nella pratica contemporanea<\/td><td>Daure I., Borcsa M.<\/td><td>FrancoAngeli<\/td><\/tr><tr id=\"post-row-11667\" class=\"post-row post-type-biblioteca biblioteca-11667 publish\"><td><div style=\"width:70px;\" data-thumb=\"https:\/\/www.cptf.it\/it\/wp-content\/uploads\/la-terapia-cognitivo-comportamentale-150x150.jpg\" class=\"posts-table-image-wrapper posts-table-gallery__image\"><a href=\"https:\/\/www.cptf.it\/it\/wp-content\/uploads\/la-terapia-cognitivo-comportamentale.jpg\"><img loading=\"lazy\" decoding=\"async\" width=\"70\" height=\"70\" src=\"https:\/\/www.cptf.it\/it\/wp-content\/uploads\/la-terapia-cognitivo-comportamentale-150x150.jpg\" class=\"\" alt=\"La Terapia Cognitivo-Comportamentale\" title=\"la terapia cognitivo comportamentale\" data-caption=\"La Terapia Cognitivo-Comportamentale\" data-src=\"https:\/\/www.cptf.it\/it\/wp-content\/uploads\/la-terapia-cognitivo-comportamentale.jpg\" data-large_image=\"https:\/\/www.cptf.it\/it\/wp-content\/uploads\/la-terapia-cognitivo-comportamentale.jpg\" data-large_image_width=\"345\" data-large_image_height=\"499\" \/><\/a><\/div><\/td><td>La Terapia Cognitivo-Comportamentale<\/td><td>Beck J.S.<\/td><td>Astrolabio<\/td><\/tr><tr id=\"post-row-11671\" class=\"post-row post-type-biblioteca biblioteca-11671 publish\"><td><div style=\"width:70px;\" data-thumb=\"https:\/\/www.cptf.it\/it\/wp-content\/uploads\/le-sei-fasi-della-resilienza-3838-150x150.jpg\" class=\"posts-table-image-wrapper posts-table-gallery__image\"><a href=\"https:\/\/www.cptf.it\/it\/wp-content\/uploads\/le-sei-fasi-della-resilienza-3838.jpg\"><img loading=\"lazy\" decoding=\"async\" width=\"70\" height=\"70\" src=\"https:\/\/www.cptf.it\/it\/wp-content\/uploads\/le-sei-fasi-della-resilienza-3838-150x150.jpg\" class=\"\" alt=\"Le Sei Fasi della Resilienza\" title=\"le-sei-fasi-della-resilienza-3838\" data-caption=\"Le Sei Fasi della Resilienza\" data-src=\"https:\/\/www.cptf.it\/it\/wp-content\/uploads\/le-sei-fasi-della-resilienza-3838.jpg\" data-large_image=\"https:\/\/www.cptf.it\/it\/wp-content\/uploads\/le-sei-fasi-della-resilienza-3838.jpg\" data-large_image_width=\"497\" data-large_image_height=\"800\" srcset=\"https:\/\/www.cptf.it\/it\/wp-content\/uploads\/le-sei-fasi-della-resilienza-3838-150x150.jpg 150w, https:\/\/www.cptf.it\/it\/wp-content\/uploads\/le-sei-fasi-della-resilienza-3838-497x500.jpg 497w\" sizes=\"(max-width: 70px) 100vw, 70px\" \/><\/a><\/div><\/td><td>Le Sei Fasi della Resilienza<\/td><td>Selvini M.; Fino L.; Redaelli L.; Senatore A.<\/td><td>libreria Cortina Milano<\/td><\/tr><tr id=\"post-row-11672\" class=\"post-row post-type-biblioteca biblioteca-11672 publish\"><td><div style=\"width:70px;\" data-thumb=\"https:\/\/www.cptf.it\/it\/wp-content\/uploads\/metodi-creativi-nella-schema-150x150.jpg\" class=\"posts-table-image-wrapper posts-table-gallery__image\"><a href=\"https:\/\/www.cptf.it\/it\/wp-content\/uploads\/metodi-creativi-nella-schema.jpg\"><img loading=\"lazy\" decoding=\"async\" width=\"70\" height=\"70\" src=\"https:\/\/www.cptf.it\/it\/wp-content\/uploads\/metodi-creativi-nella-schema-150x150.jpg\" class=\"\" alt=\"Metodi creativi nella Schema Therapy\" title=\"metodi creativi nella schema\" data-caption=\"Metodi creativi nella Schema Therapy\" data-src=\"https:\/\/www.cptf.it\/it\/wp-content\/uploads\/metodi-creativi-nella-schema.jpg\" data-large_image=\"https:\/\/www.cptf.it\/it\/wp-content\/uploads\/metodi-creativi-nella-schema.jpg\" data-large_image_width=\"228\" data-large_image_height=\"340\" \/><\/a><\/div><\/td><td>Metodi creativi nella Schema Therapy<\/td><td>Heath G.; Startup H.<\/td><td>Giovanni Fioriti Editore<\/td><\/tr><tr id=\"post-row-11673\" class=\"post-row post-type-biblioteca biblioteca-11673 publish\"><td><div style=\"width:70px;\" data-thumb=\"https:\/\/www.cptf.it\/it\/wp-content\/uploads\/Handbook-150x150.jpg\" class=\"posts-table-image-wrapper posts-table-gallery__image\"><a href=\"https:\/\/www.cptf.it\/it\/wp-content\/uploads\/Handbook.jpg\"><img loading=\"lazy\" decoding=\"async\" width=\"70\" height=\"70\" src=\"https:\/\/www.cptf.it\/it\/wp-content\/uploads\/Handbook-150x150.jpg\" class=\"\" alt=\"Handbook of Systemic Approaches to Psychotherapy Manuals\" title=\"Handbook\" data-caption=\"Handbook of Systemic Approaches to Psychotherapy Manuals\" data-src=\"https:\/\/www.cptf.it\/it\/wp-content\/uploads\/Handbook.jpg\" data-large_image=\"https:\/\/www.cptf.it\/it\/wp-content\/uploads\/Handbook.jpg\" data-large_image_width=\"330\" data-large_image_height=\"499\" \/><\/a><\/div><\/td><td>Handbook of Systemic Approaches to Psychotherapy Manuals<\/td><td>Mariotti M., Saba G., Stratton P.<\/td><td>Springer<\/td><\/tr><tr id=\"post-row-11759\" class=\"post-row post-type-biblioteca biblioteca-11759 publish\"><td><div style=\"width:70px;\" data-thumb=\"https:\/\/www.cptf.it\/it\/wp-content\/uploads\/abuso-sessuale-famiglia-e1675352173900-129x150.jpg\" class=\"posts-table-image-wrapper posts-table-gallery__image\"><a href=\"https:\/\/www.cptf.it\/it\/wp-content\/uploads\/abuso-sessuale-famiglia-e1675352173900.jpg\"><img loading=\"lazy\" decoding=\"async\" width=\"70\" height=\"81\" src=\"https:\/\/www.cptf.it\/it\/wp-content\/uploads\/abuso-sessuale-famiglia-e1675352173900-129x150.jpg\" class=\"\" alt=\"L&#039;Abuso sessuale in famiglia\" title=\"abuso sessuale famiglia\" data-caption=\"L&#039;Abuso sessuale in famiglia\" data-src=\"https:\/\/www.cptf.it\/it\/wp-content\/uploads\/abuso-sessuale-famiglia-e1675352173900.jpg\" data-large_image=\"https:\/\/www.cptf.it\/it\/wp-content\/uploads\/abuso-sessuale-famiglia-e1675352173900.jpg\" data-large_image_width=\"129\" data-large_image_height=\"195\" \/><\/a><\/div><\/td><td>L&#8217;Abuso sessuale in famiglia<\/td><td>Mugnier J.<\/td><td>Raffaello Cortina Editore<\/td><\/tr><tr id=\"post-row-11761\" class=\"post-row post-type-biblioteca biblioteca-11761 publish\"><td><div style=\"width:70px;\" data-thumb=\"https:\/\/www.cptf.it\/it\/wp-content\/uploads\/terapia-dei-sistemi-familiari-interni-3879-150x150.jpg\" class=\"posts-table-image-wrapper posts-table-gallery__image\"><a href=\"https:\/\/www.cptf.it\/it\/wp-content\/uploads\/terapia-dei-sistemi-familiari-interni-3879.jpg\"><img loading=\"lazy\" decoding=\"async\" width=\"70\" height=\"70\" src=\"https:\/\/www.cptf.it\/it\/wp-content\/uploads\/terapia-dei-sistemi-familiari-interni-3879-150x150.jpg\" class=\"\" alt=\"Terapia dei sistemi familiari interni\" title=\"terapia-dei-sistemi-familiari-interni-3879\" data-caption=\"Terapia dei sistemi familiari interni\" data-src=\"https:\/\/www.cptf.it\/it\/wp-content\/uploads\/terapia-dei-sistemi-familiari-interni-3879.jpg\" data-large_image=\"https:\/\/www.cptf.it\/it\/wp-content\/uploads\/terapia-dei-sistemi-familiari-interni-3879.jpg\" data-large_image_width=\"505\" data-large_image_height=\"800\" srcset=\"https:\/\/www.cptf.it\/it\/wp-content\/uploads\/terapia-dei-sistemi-familiari-interni-3879-150x150.jpg 150w, https:\/\/www.cptf.it\/it\/wp-content\/uploads\/terapia-dei-sistemi-familiari-interni-3879-500x500.jpg 500w, https:\/\/www.cptf.it\/it\/wp-content\/uploads\/terapia-dei-sistemi-familiari-interni-3879-505x500.jpg 505w\" sizes=\"(max-width: 70px) 100vw, 70px\" \/><\/a><\/div><\/td><td>Terapia dei sistemi familiari interni<\/td><td>Schwartz R. C.; Sweezy M.<\/td><td>Raffaello Cortina Editore<\/td><\/tr><tr id=\"post-row-11772\" class=\"post-row post-type-biblioteca biblioteca-11772 publish\"><td><div style=\"width:70px;\" data-thumb=\"https:\/\/www.cptf.it\/it\/wp-content\/uploads\/istruzioni_infelici-150x150.jpg\" class=\"posts-table-image-wrapper posts-table-gallery__image\"><a href=\"https:\/\/www.cptf.it\/it\/wp-content\/uploads\/istruzioni_infelici.jpg\"><img loading=\"lazy\" decoding=\"async\" width=\"70\" height=\"70\" src=\"https:\/\/www.cptf.it\/it\/wp-content\/uploads\/istruzioni_infelici-150x150.jpg\" class=\"\" alt=\"Istruzioni per rendersi infelici\" title=\"istruzioni_infelici\" data-caption=\"Istruzioni per rendersi infelici\" data-src=\"https:\/\/www.cptf.it\/it\/wp-content\/uploads\/istruzioni_infelici.jpg\" data-large_image=\"https:\/\/www.cptf.it\/it\/wp-content\/uploads\/istruzioni_infelici.jpg\" data-large_image_width=\"321\" data-large_image_height=\"500\" \/><\/a><\/div><\/td><td>Istruzioni per rendersi infelici<\/td><td>Watzlawick P.<\/td><td>Universale Economica Feltrinelli<\/td><\/tr><tr id=\"post-row-11997\" class=\"post-row post-type-biblioteca biblioteca-11997 publish\"><td><div style=\"width:70px;\" data-thumb=\"https:\/\/www.cptf.it\/it\/wp-content\/uploads\/Copertina_Al-di-la-delle-parole-150x150.jpg\" class=\"posts-table-image-wrapper posts-table-gallery__image\"><a href=\"https:\/\/www.cptf.it\/it\/wp-content\/uploads\/Copertina_Al-di-la-delle-parole.jpg\"><img loading=\"lazy\" decoding=\"async\" width=\"70\" height=\"70\" src=\"https:\/\/www.cptf.it\/it\/wp-content\/uploads\/Copertina_Al-di-la-delle-parole-150x150.jpg\" class=\"\" alt=\"Al di l\u00e0 delle parole. Un modello di terapia di coppia basato sulla Connessione Interpersonale\" title=\"Copertina_Al di l\u00e0 delle parole\" data-caption=\"Al di l\u00e0 delle parole. Un modello di terapia di coppia basato sulla Connessione Interpersonale\" data-src=\"https:\/\/www.cptf.it\/it\/wp-content\/uploads\/Copertina_Al-di-la-delle-parole.jpg\" data-large_image=\"https:\/\/www.cptf.it\/it\/wp-content\/uploads\/Copertina_Al-di-la-delle-parole.jpg\" data-large_image_width=\"600\" data-large_image_height=\"900\" srcset=\"https:\/\/www.cptf.it\/it\/wp-content\/uploads\/Copertina_Al-di-la-delle-parole-150x150.jpg 150w, https:\/\/www.cptf.it\/it\/wp-content\/uploads\/Copertina_Al-di-la-delle-parole-570x570.jpg 570w, https:\/\/www.cptf.it\/it\/wp-content\/uploads\/Copertina_Al-di-la-delle-parole-600x600.jpg 600w, https:\/\/www.cptf.it\/it\/wp-content\/uploads\/Copertina_Al-di-la-delle-parole-500x500.jpg 500w\" sizes=\"(max-width: 70px) 100vw, 70px\" \/><\/a><\/div><\/td><td>Al di l\u00e0 delle parole. Un modello di terapia di coppia basato sulla Connessione Interpersonale<\/td><td>Fino L., Penna A.<\/td><td>Mimesis \/ Frontiere della psiche<\/td><\/tr><tr id=\"post-row-12240\" class=\"post-row post-type-biblioteca biblioteca-12240 publish\"><td><div style=\"width:70px;\" data-thumb=\"https:\/\/www.cptf.it\/it\/wp-content\/uploads\/Vallario-150x150.jpg\" class=\"posts-table-image-wrapper posts-table-gallery__image\"><a href=\"https:\/\/www.cptf.it\/it\/wp-content\/uploads\/Vallario.jpg\"><img loading=\"lazy\" decoding=\"async\" width=\"70\" height=\"70\" src=\"https:\/\/www.cptf.it\/it\/wp-content\/uploads\/Vallario-150x150.jpg\" class=\"\" alt=\"Il viaggio della psicoterapia. I riti del contratto e della conclusione del trattamento\" title=\"Vallario\" data-caption=\"Il viaggio della psicoterapia. I riti del contratto e della conclusione del trattamento\" data-src=\"https:\/\/www.cptf.it\/it\/wp-content\/uploads\/Vallario.jpg\" data-large_image=\"https:\/\/www.cptf.it\/it\/wp-content\/uploads\/Vallario.jpg\" data-large_image_width=\"400\" data-large_image_height=\"592\" \/><\/a><\/div><\/td><td>Il viaggio della psicoterapia. I riti del contratto e della conclusione del trattamento<\/td><td>Vallario, L.<\/td><td>FrancoAngeli<\/td><\/tr><tr id=\"post-row-12242\" class=\"post-row post-type-biblioteca biblioteca-12242 publish\"><td><div style=\"width:70px;\" data-thumb=\"https:\/\/www.cptf.it\/it\/wp-content\/uploads\/Libro-Messicano-1-e1705934337783-150x150.jpg\" class=\"posts-table-image-wrapper posts-table-gallery__image\"><a href=\"https:\/\/www.cptf.it\/it\/wp-content\/uploads\/Libro-Messicano-1-e1705934337783.jpg\"><img loading=\"lazy\" decoding=\"async\" width=\"70\" height=\"70\" src=\"https:\/\/www.cptf.it\/it\/wp-content\/uploads\/Libro-Messicano-1-e1705934337783-150x150.jpg\" class=\"\" alt=\"Psicoterapia sist\u00e9mico-relacional. Voces y pr\u00e1cticas contempor\u00e1neas\" title=\"Libro-Messicano\" data-caption=\"Psicoterapia sist\u00e9mico-relacional. Voces y pr\u00e1cticas contempor\u00e1neas\" data-src=\"https:\/\/www.cptf.it\/it\/wp-content\/uploads\/Libro-Messicano-1-e1705934337783.jpg\" data-large_image=\"https:\/\/www.cptf.it\/it\/wp-content\/uploads\/Libro-Messicano-1-e1705934337783.jpg\" data-large_image_width=\"258\" data-large_image_height=\"406\" srcset=\"https:\/\/www.cptf.it\/it\/wp-content\/uploads\/Libro-Messicano-1-e1705934337783-150x150.jpg 150w, https:\/\/www.cptf.it\/it\/wp-content\/uploads\/Libro-Messicano-1-e1705934337783-258x260.jpg 258w\" sizes=\"(max-width: 70px) 100vw, 70px\" \/><\/a><\/div><\/td><td>Psicoterapia sist\u00e9mico-relacional. Voces y pr\u00e1cticas contempor\u00e1neas<\/td><td>Ju\u00e1rez, G. R.<\/td><td>Gedisa<\/td><\/tr><\/tbody><\/table>[\/vc_column_text][\/vc_column][\/vc_row][vc_row css_animation=&#8221;&#8221; row_type=&#8221;row&#8221; use_row_as_full_screen_section=&#8221;no&#8221; type=&#8221;full_width&#8221; angled_section=&#8221;no&#8221; text_align=&#8221;left&#8221; background_image_as_pattern=&#8221;without_pattern&#8221;][vc_column][vc_empty_space][\/vc_column][\/vc_row]<\/p>\n<\/div>","protected":false},"excerpt":{"rendered":"<p>[vc_row row_type=&#8221;parallax&#8221; parallax_content_width=&#8221;in_grid&#8221; text_align=&#8221;left&#8221; full_screen_section_height=&#8221;no&#8221; background_image=&#8221;6982&#8243; section_height=&#8221;600&#8243;][vc_column][\/vc_column][\/vc_row][vc_row css_animation=&#8221;&#8221; row_type=&#8221;row&#8221; use_row_as_full_screen_section=&#8221;no&#8221; type=&#8221;grid&#8221; angled_section=&#8221;no&#8221; text_align=&#8221;left&#8221; background_image_as_pattern=&#8221;without_pattern&#8221; z_index=&#8221;&#8221; padding_top=&#8221;30&#8243;][vc_column][vc_column_text] Benvenuto nella sezione Elenco libri della Biblioteca CPTF [\/vc_column_text][vc_empty_space][\/vc_column][\/vc_row][vc_row css_animation=&#8221;&#8221; row_type=&#8221;row&#8221; use_row_as_full_screen_section=&#8221;no&#8221; type=&#8221;grid&#8221; angled_section=&#8221;no&#8221; text_align=&#8221;left&#8221; background_image_as_pattern=&#8221;without_pattern&#8221; z_index=&#8221;&#8221; padding_top=&#8221;20&#8243; padding_bottom=&#8221;30&#8243;][vc_column][vc_column_text][\/vc_column_text][\/vc_column][\/vc_row][vc_row css_animation=&#8221;&#8221; row_type=&#8221;row&#8221; use_row_as_full_screen_section=&#8221;no&#8221; type=&#8221;full_width&#8221; angled_section=&#8221;no&#8221; text_align=&#8221;left&#8221; background_image_as_pattern=&#8221;without_pattern&#8221;][vc_column][vc_empty_space][\/vc_column][\/vc_row]<\/p>\n","protected":false},"author":1,"featured_media":0,"parent":0,"menu_order":0,"comment_status":"closed","ping_status":"closed","template":"full_width.php","meta":{"footnotes":""},"class_list":["post-6554","page","type-page","status-publish","hentry"],"yoast_head":"<!-- This site is optimized with the Yoast SEO plugin v27.3 - https:\/\/yoast.com\/product\/yoast-seo-wordpress\/ -->\n<title>Elenco Libri - CPTF<\/title>\n<meta name=\"robots\" content=\"index, follow, max-snippet:-1, max-image-preview:large, max-video-preview:-1\" \/>\n<link rel=\"canonical\" href=\"https:\/\/www.cptf.it\/it\/elenco-libri\/\" \/>\n<meta property=\"og:locale\" content=\"it_IT\" \/>\n<meta property=\"og:type\" content=\"article\" \/>\n<meta property=\"og:title\" content=\"Elenco Libri - CPTF\" \/>\n<meta property=\"og:description\" content=\"[vc_row row_type=&#8221;parallax&#8221; parallax_content_width=&#8221;in_grid&#8221; text_align=&#8221;left&#8221; full_screen_section_height=&#8221;no&#8221; background_image=&#8221;6982&#8243; section_height=&#8221;600&#8243;][vc_column][\/vc_column][\/vc_row][vc_row css_animation=&#8221;&#8221; row_type=&#8221;row&#8221; use_row_as_full_screen_section=&#8221;no&#8221; type=&#8221;grid&#8221; angled_section=&#8221;no&#8221; text_align=&#8221;left&#8221; background_image_as_pattern=&#8221;without_pattern&#8221; z_index=&#8221;&#8221; padding_top=&#8221;30&#8243;][vc_column][vc_column_text] Benvenuto nella sezione Elenco libri della Biblioteca CPTF [\/vc_column_text][vc_empty_space][\/vc_column][\/vc_row][vc_row css_animation=&#8221;&#8221; row_type=&#8221;row&#8221; use_row_as_full_screen_section=&#8221;no&#8221; type=&#8221;grid&#8221; angled_section=&#8221;no&#8221; text_align=&#8221;left&#8221; background_image_as_pattern=&#8221;without_pattern&#8221; z_index=&#8221;&#8221; padding_top=&#8221;20&#8243; padding_bottom=&#8221;30&#8243;][vc_column][vc_column_text][\/vc_column_text][\/vc_column][\/vc_row][vc_row css_animation=&#8221;&#8221; row_type=&#8221;row&#8221; use_row_as_full_screen_section=&#8221;no&#8221; type=&#8221;full_width&#8221; angled_section=&#8221;no&#8221; text_align=&#8221;left&#8221; background_image_as_pattern=&#8221;without_pattern&#8221;][vc_column][vc_empty_space][\/vc_column][\/vc_row]\" \/>\n<meta property=\"og:url\" content=\"https:\/\/www.cptf.it\/it\/elenco-libri\/\" \/>\n<meta property=\"og:site_name\" content=\"CPTF\" \/>\n<meta property=\"article:modified_time\" content=\"2020-02-25T15:54:45+00:00\" \/>\n<meta name=\"twitter:card\" content=\"summary_large_image\" \/>\n<meta name=\"twitter:label1\" content=\"Tempo di lettura stimato\" \/>\n\t<meta name=\"twitter:data1\" content=\"1 minuto\" \/>\n<script type=\"application\/ld+json\" class=\"yoast-schema-graph\">{\"@context\":\"https:\\\/\\\/schema.org\",\"@graph\":[{\"@type\":\"WebPage\",\"@id\":\"https:\\\/\\\/www.cptf.it\\\/it\\\/elenco-libri\\\/\",\"url\":\"https:\\\/\\\/www.cptf.it\\\/it\\\/elenco-libri\\\/\",\"name\":\"Elenco Libri - CPTF\",\"isPartOf\":{\"@id\":\"https:\\\/\\\/www.cptf.it\\\/it\\\/#website\"},\"datePublished\":\"2019-06-05T14:15:09+00:00\",\"dateModified\":\"2020-02-25T15:54:45+00:00\",\"breadcrumb\":{\"@id\":\"https:\\\/\\\/www.cptf.it\\\/it\\\/elenco-libri\\\/#breadcrumb\"},\"inLanguage\":\"it-IT\",\"potentialAction\":[{\"@type\":\"ReadAction\",\"target\":[\"https:\\\/\\\/www.cptf.it\\\/it\\\/elenco-libri\\\/\"]}]},{\"@type\":\"BreadcrumbList\",\"@id\":\"https:\\\/\\\/www.cptf.it\\\/it\\\/elenco-libri\\\/#breadcrumb\",\"itemListElement\":[{\"@type\":\"ListItem\",\"position\":1,\"name\":\"Home\",\"item\":\"https:\\\/\\\/www.cptf.it\\\/it\\\/\"},{\"@type\":\"ListItem\",\"position\":2,\"name\":\"Elenco Libri\"}]},{\"@type\":\"WebSite\",\"@id\":\"https:\\\/\\\/www.cptf.it\\\/it\\\/#website\",\"url\":\"https:\\\/\\\/www.cptf.it\\\/it\\\/\",\"name\":\"CPTF\",\"description\":\"Centro Padovano di Terapia della famiglia\",\"potentialAction\":[{\"@type\":\"SearchAction\",\"target\":{\"@type\":\"EntryPoint\",\"urlTemplate\":\"https:\\\/\\\/www.cptf.it\\\/it\\\/?s={search_term_string}\"},\"query-input\":{\"@type\":\"PropertyValueSpecification\",\"valueRequired\":true,\"valueName\":\"search_term_string\"}}],\"inLanguage\":\"it-IT\"}]}<\/script>\n<!-- \/ Yoast SEO plugin. -->","yoast_head_json":{"title":"Elenco Libri - CPTF","robots":{"index":"index","follow":"follow","max-snippet":"max-snippet:-1","max-image-preview":"max-image-preview:large","max-video-preview":"max-video-preview:-1"},"canonical":"https:\/\/www.cptf.it\/it\/elenco-libri\/","og_locale":"it_IT","og_type":"article","og_title":"Elenco Libri - CPTF","og_description":"[vc_row row_type=&#8221;parallax&#8221; parallax_content_width=&#8221;in_grid&#8221; text_align=&#8221;left&#8221; full_screen_section_height=&#8221;no&#8221; background_image=&#8221;6982&#8243; section_height=&#8221;600&#8243;][vc_column][\/vc_column][\/vc_row][vc_row css_animation=&#8221;&#8221; row_type=&#8221;row&#8221; use_row_as_full_screen_section=&#8221;no&#8221; type=&#8221;grid&#8221; angled_section=&#8221;no&#8221; text_align=&#8221;left&#8221; background_image_as_pattern=&#8221;without_pattern&#8221; z_index=&#8221;&#8221; padding_top=&#8221;30&#8243;][vc_column][vc_column_text] Benvenuto nella sezione Elenco libri della Biblioteca CPTF [\/vc_column_text][vc_empty_space][\/vc_column][\/vc_row][vc_row css_animation=&#8221;&#8221; row_type=&#8221;row&#8221; use_row_as_full_screen_section=&#8221;no&#8221; type=&#8221;grid&#8221; angled_section=&#8221;no&#8221; text_align=&#8221;left&#8221; background_image_as_pattern=&#8221;without_pattern&#8221; z_index=&#8221;&#8221; padding_top=&#8221;20&#8243; padding_bottom=&#8221;30&#8243;][vc_column][vc_column_text][\/vc_column_text][\/vc_column][\/vc_row][vc_row css_animation=&#8221;&#8221; row_type=&#8221;row&#8221; use_row_as_full_screen_section=&#8221;no&#8221; type=&#8221;full_width&#8221; angled_section=&#8221;no&#8221; text_align=&#8221;left&#8221; background_image_as_pattern=&#8221;without_pattern&#8221;][vc_column][vc_empty_space][\/vc_column][\/vc_row]","og_url":"https:\/\/www.cptf.it\/it\/elenco-libri\/","og_site_name":"CPTF","article_modified_time":"2020-02-25T15:54:45+00:00","twitter_card":"summary_large_image","twitter_misc":{"Tempo di lettura stimato":"1 minuto"},"schema":{"@context":"https:\/\/schema.org","@graph":[{"@type":"WebPage","@id":"https:\/\/www.cptf.it\/it\/elenco-libri\/","url":"https:\/\/www.cptf.it\/it\/elenco-libri\/","name":"Elenco Libri - CPTF","isPartOf":{"@id":"https:\/\/www.cptf.it\/it\/#website"},"datePublished":"2019-06-05T14:15:09+00:00","dateModified":"2020-02-25T15:54:45+00:00","breadcrumb":{"@id":"https:\/\/www.cptf.it\/it\/elenco-libri\/#breadcrumb"},"inLanguage":"it-IT","potentialAction":[{"@type":"ReadAction","target":["https:\/\/www.cptf.it\/it\/elenco-libri\/"]}]},{"@type":"BreadcrumbList","@id":"https:\/\/www.cptf.it\/it\/elenco-libri\/#breadcrumb","itemListElement":[{"@type":"ListItem","position":1,"name":"Home","item":"https:\/\/www.cptf.it\/it\/"},{"@type":"ListItem","position":2,"name":"Elenco Libri"}]},{"@type":"WebSite","@id":"https:\/\/www.cptf.it\/it\/#website","url":"https:\/\/www.cptf.it\/it\/","name":"CPTF","description":"Centro Padovano di Terapia della famiglia","potentialAction":[{"@type":"SearchAction","target":{"@type":"EntryPoint","urlTemplate":"https:\/\/www.cptf.it\/it\/?s={search_term_string}"},"query-input":{"@type":"PropertyValueSpecification","valueRequired":true,"valueName":"search_term_string"}}],"inLanguage":"it-IT"}]}},"_links":{"self":[{"href":"https:\/\/www.cptf.it\/it\/wp-json\/wp\/v2\/pages\/6554","targetHints":{"allow":["GET"]}}],"collection":[{"href":"https:\/\/www.cptf.it\/it\/wp-json\/wp\/v2\/pages"}],"about":[{"href":"https:\/\/www.cptf.it\/it\/wp-json\/wp\/v2\/types\/page"}],"author":[{"embeddable":true,"href":"https:\/\/www.cptf.it\/it\/wp-json\/wp\/v2\/users\/1"}],"replies":[{"embeddable":true,"href":"https:\/\/www.cptf.it\/it\/wp-json\/wp\/v2\/comments?post=6554"}],"version-history":[{"count":42,"href":"https:\/\/www.cptf.it\/it\/wp-json\/wp\/v2\/pages\/6554\/revisions"}],"predecessor-version":[{"id":8286,"href":"https:\/\/www.cptf.it\/it\/wp-json\/wp\/v2\/pages\/6554\/revisions\/8286"}],"wp:attachment":[{"href":"https:\/\/www.cptf.it\/it\/wp-json\/wp\/v2\/media?parent=6554"}],"curies":[{"name":"wp","href":"https:\/\/api.w.org\/{rel}","templated":true}]}}