{"id":6873,"date":"2019-06-12T22:52:48","date_gmt":"2019-06-12T21:52:48","guid":{"rendered":"https:\/\/www.cptf.it\/it\/?page_id=6873"},"modified":"2020-02-14T18:52:59","modified_gmt":"2020-02-14T17:52:59","slug":"faq-area-formativa","status":"publish","type":"page","link":"https:\/\/www.cptf.it\/it\/faq-area-formativa\/","title":{"rendered":"FAQ Area Formativa"},"content":{"rendered":"<div class=\"wpb-content-wrapper\"><p>[vc_row row_type=&#8221;parallax&#8221; parallax_content_width=&#8221;in_grid&#8221; text_align=&#8221;left&#8221; full_screen_section_height=&#8221;no&#8221; background_image=&#8221;6977&#8243; section_height=&#8221;500&#8243;][vc_column][\/vc_column][\/vc_row][vc_row css_animation=&#8221;&#8221; row_type=&#8221;row&#8221; use_row_as_full_screen_section=&#8221;no&#8221; type=&#8221;grid&#8221; angled_section=&#8221;no&#8221; text_align=&#8221;left&#8221; background_image_as_pattern=&#8221;without_pattern&#8221; z_index=&#8221;&#8221; background_color=&#8221;#1e73be&#8221; padding_top=&#8221;10&#8243; padding_bottom=&#8221;10&#8243;][vc_column][vc_column_text]<\/p>\n<h2><span style=\"color: #ffffff;\">FAQ Area Formativa<\/span><\/h2>\n<p>[\/vc_column_text][\/vc_column][\/vc_row][vc_row css_animation=&#8221;&#8221; row_type=&#8221;row&#8221; use_row_as_full_screen_section=&#8221;no&#8221; type=&#8221;grid&#8221; angled_section=&#8221;no&#8221; text_align=&#8221;left&#8221; background_image_as_pattern=&#8221;without_pattern&#8221; z_index=&#8221;&#8221; padding_top=&#8221;30&#8243; padding_bottom=&#8221;50&#8243;][vc_column width=&#8221;2\/3&#8243;]<div class=\"qode-accordion-holder clearfix qode-accordion qode-initial \">\n\t<h4 class=\"clearfix qode-title-holder\">\n<span class=\"qode-tab-title\">\n\t\t\t<span class=\"qode-tab-title-icon\">\n\t\t\t<i class=\"qode_icon_font_awesome fa fa-angle-down \" ><\/i>\t\t<\/span>\n\t    <span class=\"qode-tab-title-inner\">\n        Perch\u00e8 iscriversi ad una Scuola di Psicoterapia ad indirizzo Sistemico Relazionale?    <\/span>\n<\/span>\n<span class=\"qode-accordion-mark\">\n    <span class=\"qode-accordion-mark-icon\">\n        <span class=\"icon_plus\"><\/span>\n        <span class=\"icon_minus-06\"><\/span>\n    <\/span>\n<\/span>\n<\/h4>\n<div  class=\"qode-accordion-content qode-acc-title-with-icon\" >\n    <div class=\"qode-accordion-content-inner\">\n        [vc_column_text]L\u2019approccio Sistemico Relazionale parte dal presupposto che le relazioni interpersonali influenzano lo stato di benessere o malessere che l\u2019individuo sperimenta in un suo particolare momento della vita di relazione.<\/p>\n<p>L\u2019Ottica Sistemica offre una metodologia ed un contesto privilegiato per affrontare le problematiche personali e interpersonali che interessano, non solo l\u2019individuo, ma anche la coppia e la famiglia.<\/p>\n<p>Si tratta, dunque, di un intervento mirato a:<\/p>\n<p>elenco2 comprendere i modelli relazionali di interazione e gestirli in modo funzionale<br \/>\nelenco2 rafforzare le risorse personali ed interpersonali per gestire il rapporto con l\u2019altro<br \/>\nelenco2 operare in contesti relazionali anche non clinici (scuola, lavoro, gruppi sociali &#8230; )[\/vc_column_text]    <\/div>\n<\/div><h4 class=\"clearfix qode-title-holder\">\n<span class=\"qode-tab-title\">\n\t\t\t<span class=\"qode-tab-title-icon\">\n\t\t\t<i class=\"qode_icon_font_awesome fa fa-angle-down \" ><\/i>\t\t<\/span>\n\t    <span class=\"qode-tab-title-inner\">\n        Perch\u00e8 scegliere il Centro Padovano di Terapia della Famiglia?    <\/span>\n<\/span>\n<span class=\"qode-accordion-mark\">\n    <span class=\"qode-accordion-mark-icon\">\n        <span class=\"icon_plus\"><\/span>\n        <span class=\"icon_minus-06\"><\/span>\n    <\/span>\n<\/span>\n<\/h4>\n<div  class=\"qode-accordion-content qode-acc-title-with-icon\" >\n    <div class=\"qode-accordion-content-inner\">\n        [vc_column_text]Per formarsi all\u2019utilizzo del modello sistemico del Milan Approach, modello sviluppato in Italia ma diffuso a livello internazionale.<\/p>\n<p>Per apprendere una metodologia comprensiva, con la possibilit\u00e0 di connessione ad altri modelli di intervento offerti (EMDR, Ipnosi, TFT)<\/p>\n<p>Per partecipare a seminari che vedono la presenza di terapeuti e professionisti di rilievo nazionale ed internazionale che continuano a sviluppare il modello sistemico.<\/p>\n<p>Per la strategia formativa interattiva, che d\u00e0 la possibilit\u00e0 di partecipare fin dal primo anno a sedute di terapia familiare.<\/p>\n<p>Per l\u2019impegno della scuola a sviluppare nell\u2019allievo, oltre che una serie di conoscenze teoriche, anche una competenza spendibile al di fuori del contesto prettamente clinico (contesto scolastico, contesto lavorativo, contesto sanitario \u2026 ).[\/vc_column_text]    <\/div>\n<\/div><h4 class=\"clearfix qode-title-holder\">\n<span class=\"qode-tab-title\">\n\t\t\t<span class=\"qode-tab-title-icon\">\n\t\t\t<i class=\"qode_icon_font_awesome fa fa-angle-down \" ><\/i>\t\t<\/span>\n\t    <span class=\"qode-tab-title-inner\">\n        La vostra Scuola di Specializzazione \u00e8 riconosciuta a livello nazionale?    <\/span>\n<\/span>\n<span class=\"qode-accordion-mark\">\n    <span class=\"qode-accordion-mark-icon\">\n        <span class=\"icon_plus\"><\/span>\n        <span class=\"icon_minus-06\"><\/span>\n    <\/span>\n<\/span>\n<\/h4>\n<div  class=\"qode-accordion-content qode-acc-title-with-icon\" >\n    <div class=\"qode-accordion-content-inner\">\n        [vc_column_text]Il Centro Padovano di Terapia della Famiglia \u00e8 sede di Padova e di Trieste della Scuola Quadriennale di Specializzazione in Psicoterapia Sistemico Relazionale del Centro Milanese di Terapia della Famiglia, diretta dal dott. Luigi Boscolo.<\/p>\n<p>La Scuola Quadriennale di Formazione in Psicoterapia Sistemico Relazionale \u00e8 riconosciuta ai sensi dell&#8217;art. 3 della legge n. 56 del 18\/2\/1989.<\/p>\n<p>Nella sede di Padova \u00e8 stata riconosciuta dal Ministero dell&#8217;Universit\u00e0 e della Ricerca Scientifica e Tecnologica con DM 24\/10\/1994, pubblicato nella Gazzetta Ufficiale n. 263 del 10\/11\/1994.<\/p>\n<p>Nella sede di Trieste \u00e8 stata riconosciuta dal Ministero dell&#8217;Istruzione, dell&#8217;Universit\u00e0 e della Ricerca con DM 23\/7\/2004, pubblicato nella Gazzetta Ufficiale n. 180 del 3\/8\/2004.<\/p>\n<p>Questa Scuola relaziona annualmente sull\u2019attivit\u00e0 svolta alla Commissione istituita dal Ministero per le Scuole di Psicoterapia, seguendo parametri ben definiti.[\/vc_column_text]    <\/div>\n<\/div><h4 class=\"clearfix qode-title-holder\">\n<span class=\"qode-tab-title\">\n\t\t\t<span class=\"qode-tab-title-icon\">\n\t\t\t<i class=\"qode_icon_font_awesome fa fa-angle-down \" ><\/i>\t\t<\/span>\n\t    <span class=\"qode-tab-title-inner\">\n        Ed a livello europeo?    <\/span>\n<\/span>\n<span class=\"qode-accordion-mark\">\n    <span class=\"qode-accordion-mark-icon\">\n        <span class=\"icon_plus\"><\/span>\n        <span class=\"icon_minus-06\"><\/span>\n    <\/span>\n<\/span>\n<\/h4>\n<div  class=\"qode-accordion-content qode-acc-title-with-icon\" >\n    <div class=\"qode-accordion-content-inner\">\n        [vc_column_text]Il titolo di studio pu\u00f2 essere riconosciuto anche a livello europeo, ma non in modo automatico, bens\u00ec seguendo le procedure chieste da ciascuno stato.[\/vc_column_text]    <\/div>\n<\/div><h4 class=\"clearfix qode-title-holder\">\n<span class=\"qode-tab-title\">\n\t\t\t<span class=\"qode-tab-title-icon\">\n\t\t\t<i class=\"qode_icon_font_awesome fa fa-angle-down \" ><\/i>\t\t<\/span>\n\t    <span class=\"qode-tab-title-inner\">\n        Posso iscrivermi alla Scuola di Specializzazione in Psicoterapia anche se non ho ancora effettuato l&#039;Esame di Stato?    <\/span>\n<\/span>\n<span class=\"qode-accordion-mark\">\n    <span class=\"qode-accordion-mark-icon\">\n        <span class=\"icon_plus\"><\/span>\n        <span class=\"icon_minus-06\"><\/span>\n    <\/span>\n<\/span>\n<\/h4>\n<div  class=\"qode-accordion-content qode-acc-title-with-icon\" >\n    <div class=\"qode-accordion-content-inner\">\n        [vc_column_text]L\u2019iscrizione al primo anno della Scuola di specializzazione in psicoterapia \u00e8 possibile a condizione che l\u2019Esame di Stato venga superato entro la prima sessione utile successiva all&#8217;effettivo inizio dei corsi (DM n. 509 del 11\/12\/1998 Art. 7 comma 2) e conseguente iscrizione al proprio Albo professionale entro 30 giorni (OM 10\/12\/2004 &#8220;Modificazione ed integrazioni alle ordinanze ministeriali 30\/12\/1999 e 16\/7\/2004) e comunque entro e non oltre il primo anno di corso.<\/p>\n<p>In caso contrario l\u2019iscrizione e la frequenza ai corsi viene sospesa, mantenendo valida la formazione svolta, fino al superamento dell\u2019Esame ed all\u2019iscrizione al proprio Albo Professionale.[\/vc_column_text]    <\/div>\n<\/div><h4 class=\"clearfix qode-title-holder\">\n<span class=\"qode-tab-title\">\n\t\t\t<span class=\"qode-tab-title-icon\">\n\t\t\t<i class=\"qode_icon_font_awesome fa fa-angle-down \" ><\/i>\t\t<\/span>\n\t    <span class=\"qode-tab-title-inner\">\n        In cosa consiste il colloquio di Ammissione?    <\/span>\n<\/span>\n<span class=\"qode-accordion-mark\">\n    <span class=\"qode-accordion-mark-icon\">\n        <span class=\"icon_plus\"><\/span>\n        <span class=\"icon_minus-06\"><\/span>\n    <\/span>\n<\/span>\n<\/h4>\n<div  class=\"qode-accordion-content qode-acc-title-with-icon\" >\n    <div class=\"qode-accordion-content-inner\">\n        [vc_column_text]Il colloquio di ammissione alla Scuola in Psicoterapia pu\u00f2 essere individuale o di gruppo ed \u00e8 mirato a valutare le motivazioni personali e professionali dell&#8217;allievo, le caratteristiche di equilibrio personale e l&#8217;attitudine specifica rispetto all&#8217;indirizzo sistemico relazionale.[\/vc_column_text]    <\/div>\n<\/div><h4 class=\"clearfix qode-title-holder\">\n<span class=\"qode-tab-title\">\n\t\t\t<span class=\"qode-tab-title-icon\">\n\t\t\t<i class=\"qode_icon_font_awesome fa fa-angle-down \" ><\/i>\t\t<\/span>\n\t    <span class=\"qode-tab-title-inner\">\n        Dove posso svolgere l&#039;attivit\u00e0 di tirocinio prevista nel Corso di Specializzazione in Psicoterapia?    <\/span>\n<\/span>\n<span class=\"qode-accordion-mark\">\n    <span class=\"qode-accordion-mark-icon\">\n        <span class=\"icon_plus\"><\/span>\n        <span class=\"icon_minus-06\"><\/span>\n    <\/span>\n<\/span>\n<\/h4>\n<div  class=\"qode-accordion-content qode-acc-title-with-icon\" >\n    <div class=\"qode-accordion-content-inner\">\n        [vc_column_text]L\u2019attivit\u00e0 di tirocinio pratico in psicoterapia equivalente a n. 150 ore annue pu\u00f2 essere svolta presso strutture pubbliche o private accreditate.<\/p>\n<p>Esiste gi\u00e0 una lista di strutture convenzionate con la sede di Padova e di Trieste, indicata sul sito e che \u00e8 possibile richiedere alla Segreteria.<\/p>\n<p>Nel caso si decida di svolgere il tirocinio presso una struttura che ne possieda i requisiti, ma non ancora convenzionata, \u00e8 possibile richiedere una convenzione attraverso la Scuola.[\/vc_column_text]    <\/div>\n<\/div><h4 class=\"clearfix qode-title-holder\">\n<span class=\"qode-tab-title\">\n\t\t\t<span class=\"qode-tab-title-icon\">\n\t\t\t<i class=\"qode_icon_font_awesome fa fa-angle-down \" ><\/i>\t\t<\/span>\n\t    <span class=\"qode-tab-title-inner\">\n        Quante ore di frequenza sono previste annualmente nel Corso di Specializzazione in Psicoterapia?    <\/span>\n<\/span>\n<span class=\"qode-accordion-mark\">\n    <span class=\"qode-accordion-mark-icon\">\n        <span class=\"icon_plus\"><\/span>\n        <span class=\"icon_minus-06\"><\/span>\n    <\/span>\n<\/span>\n<\/h4>\n<div  class=\"qode-accordion-content qode-acc-title-with-icon\" >\n    <div class=\"qode-accordion-content-inner\">\n        [vc_column_text]A partire dall\u2019anno accademico 1999\/2000, in ottemperanza al Regolamento per il riconoscimento delle Scuole di Formazione in Psicoterapia emanato dal MURST con DM n. 509 del 11\/12\/1998 (Approvazione adeguamento DM 25\/5\/2001, G.U. n. 160 del 12\/7\/2001), il Corso, che inizia a gennaio di ogni anno, \u00e8 quadriennale e prevede 500 ore di formazione annuale.<\/p>\n<p>La formazione \u00e8 suddivisa in aree formative: 230 ore di formazione teorico pratica nell\u2019indirizzo specifico sistemico relazione, 80 ore di insegnamento teorico generale, 40 ore di approfondimento seminariale e 150 ore di tirocinio pratico.[\/vc_column_text]    <\/div>\n<\/div><h4 class=\"clearfix qode-title-holder\">\n<span class=\"qode-tab-title\">\n\t\t\t<span class=\"qode-tab-title-icon\">\n\t\t\t<i class=\"qode_icon_font_awesome fa fa-angle-down \" ><\/i>\t\t<\/span>\n\t    <span class=\"qode-tab-title-inner\">\n        Dovendo lavorare, non riesco a partecipare a tutte le lezioni previste dal Corso di Specializzazione in Psicoterapia. Come posso fare?    <\/span>\n<\/span>\n<span class=\"qode-accordion-mark\">\n    <span class=\"qode-accordion-mark-icon\">\n        <span class=\"icon_plus\"><\/span>\n        <span class=\"icon_minus-06\"><\/span>\n    <\/span>\n<\/span>\n<\/h4>\n<div  class=\"qode-accordion-content qode-acc-title-with-icon\" >\n    <div class=\"qode-accordion-content-inner\">\n        [vc_column_text]Le assenze sono ammesse, se giustificate, per ogni anno di corso, ma non devono superare il 20% per ciascuna area formativa.<\/p>\n<p>Nel caso si superi tale quota e solo per situazioni adeguatamente giustificate, \u00e8 possibile concordare con la direzione dei recuperi distinti per area formativa.<\/p>\n<p>Non sono previste assenze per il tirocinio.[\/vc_column_text]    <\/div>\n<\/div><h4 class=\"clearfix qode-title-holder\">\n<span class=\"qode-tab-title\">\n\t\t\t<span class=\"qode-tab-title-icon\">\n\t\t\t<i class=\"qode_icon_font_awesome fa fa-angle-down \" ><\/i>\t\t<\/span>\n\t    <span class=\"qode-tab-title-inner\">\n        Quando viene rilasciato il Diploma di Specializzazione in Psicoterapia Sistemico Relazionale?    <\/span>\n<\/span>\n<span class=\"qode-accordion-mark\">\n    <span class=\"qode-accordion-mark-icon\">\n        <span class=\"icon_plus\"><\/span>\n        <span class=\"icon_minus-06\"><\/span>\n    <\/span>\n<\/span>\n<\/h4>\n<div  class=\"qode-accordion-content qode-acc-title-with-icon\" >\n    <div class=\"qode-accordion-content-inner\">\n        [vc_column_text]Completato l\u2019iter formativo, il tirocinio ed i pagamenti previsti, l\u2019allievo dovr\u00e0 presentare la tesi di specialit\u00e0 davanti ad una commissione nominata dal CMTF che si riunir\u00e0 in una data convenzionalmente indicata.<\/p>\n<p>Trascorsi quattro anni dall&#8217;iscrizione al proprio Albo Professionale, la Scuola rilascia all\u2019allievo il \u201cDiploma di Specializzazione in Psicoterapia ad indirizzo Sistemico Relazionale\u201d.<\/p>\n<p>Il Diploma, \u201cequipollente al diploma rilasciato dalle corrispondenti scuole di specializzazione universitarie, deve intendersi valido anche ai fini dell\u2019inquadramento nei posti organici di psicologo per la disciplina di psicologia e di medico o psicologo per la disciplina di psicoterapia\u201d (art. 2, comma 3, della Legge n. 401 del 29\/12\/2000).[\/vc_column_text]    <\/div>\n<\/div><h4 class=\"clearfix qode-title-holder\">\n<span class=\"qode-tab-title\">\n\t\t\t<span class=\"qode-tab-title-icon\">\n\t\t\t<i class=\"qode_icon_font_awesome fa fa-angle-down \" ><\/i>\t\t<\/span>\n\t    <span class=\"qode-tab-title-inner\">\n        La Scuola di Specializzazione in Psicoterapia e il Corso di Mediazione Sistemica possono essere svolti assieme?    <\/span>\n<\/span>\n<span class=\"qode-accordion-mark\">\n    <span class=\"qode-accordion-mark-icon\">\n        <span class=\"icon_plus\"><\/span>\n        <span class=\"icon_minus-06\"><\/span>\n    <\/span>\n<\/span>\n<\/h4>\n<div  class=\"qode-accordion-content qode-acc-title-with-icon\" >\n    <div class=\"qode-accordion-content-inner\">\n        [vc_column_text]\u00c8 possibile frequentare contemporaneamente la Scuola di Specializzazione in Psicoterapia e il Corso di Mediazione Sistemica.<\/p>\n<p>Sono previste agevolazioni economiche per allievi ed ex-allievi che intendono iscriversi al Corso di Mediazione Sistemica.<\/p>\n<p>Gli allievi della Scuola di Psicoterapia che abbiano frequentato il primo biennio e che intendono iscriversi al Corso di Mediazione Sistemica, avranno delle agevolazioni formative.[\/vc_column_text]    <\/div>\n<\/div><h4 class=\"clearfix qode-title-holder\">\n<span class=\"qode-tab-title\">\n\t\t\t<span class=\"qode-tab-title-icon\">\n\t\t\t<i class=\"qode_icon_font_awesome fa fa-angle-down \" ><\/i>\t\t<\/span>\n\t    <span class=\"qode-tab-title-inner\">\n        Che differenza c&#039;\u00e8 tra il Corso di Mediazione Sistemica e il Corso di Psicologia Giuridica?     <\/span>\n<\/span>\n<span class=\"qode-accordion-mark\">\n    <span class=\"qode-accordion-mark-icon\">\n        <span class=\"icon_plus\"><\/span>\n        <span class=\"icon_minus-06\"><\/span>\n    <\/span>\n<\/span>\n<\/h4>\n<div  class=\"qode-accordion-content qode-acc-title-with-icon\" >\n    <div class=\"qode-accordion-content-inner\">\n        [vc_column_text]Il corso di Mediazione Sistemica fornisce allo psicologo gli strumenti per gestire un percorso dedicato prevalentemente alle coppie in fase di separazione o divorzio negoziando tra gli aspetti relazionali per giungere ad elaborare degli accordi nell\u2019interesse dei figli.<\/p>\n<p>Il Corso di Psicologia Giuridica si propone di fornire le conoscenze e competenze tecniche per muoversi all\u2019interno degli ambiti penale, civile e minorile; dalla conduzione dei colloqui clinici e delle indagini psicodiagnostiche, alla redazione di una relazione peritale con linguaggio comprensibile e coerente con gli attori ed il contesto giuridico.[\/vc_column_text]    <\/div>\n<\/div><h4 class=\"clearfix qode-title-holder\">\n<span class=\"qode-tab-title\">\n\t\t\t<span class=\"qode-tab-title-icon\">\n\t\t\t<i class=\"qode_icon_font_awesome fa fa-angle-down \" ><\/i>\t\t<\/span>\n\t    <span class=\"qode-tab-title-inner\">\n        Ho una laurea triennale in Psicologia, posso iscrivermi al Corso di Psicologia Giuridica?    <\/span>\n<\/span>\n<span class=\"qode-accordion-mark\">\n    <span class=\"qode-accordion-mark-icon\">\n        <span class=\"icon_plus\"><\/span>\n        <span class=\"icon_minus-06\"><\/span>\n    <\/span>\n<\/span>\n<\/h4>\n<div  class=\"qode-accordion-content qode-acc-title-with-icon\" >\n    <div class=\"qode-accordion-content-inner\">\n        [vc_column_text]Per iscriversi al Corso di Psicologia Giuridica \u00e8 richiesta la laurea in Psicologia vecchio ordinamento o specialistica.[\/vc_column_text]    <\/div>\n<\/div><h4 class=\"clearfix qode-title-holder\">\n<span class=\"qode-tab-title\">\n\t\t\t<span class=\"qode-tab-title-icon\">\n\t\t\t<i class=\"qode_icon_font_awesome fa fa-angle-down \" ><\/i>\t\t<\/span>\n\t    <span class=\"qode-tab-title-inner\">\n        Che titolo rilascia il Corso di Psicologia Giuridica?    <\/span>\n<\/span>\n<span class=\"qode-accordion-mark\">\n    <span class=\"qode-accordion-mark-icon\">\n        <span class=\"icon_plus\"><\/span>\n        <span class=\"icon_minus-06\"><\/span>\n    <\/span>\n<\/span>\n<\/h4>\n<div  class=\"qode-accordion-content qode-acc-title-with-icon\" >\n    <div class=\"qode-accordion-content-inner\">\n        [vc_column_text]Con il Corso di Psicologia Giuridica non si consegue un &#8220;titolo&#8221; che preveda automaticamente la possibilit\u00e0 di iscriversi ad un albo. E&#8217; possibile indicare &#8220;CTU&#8221; solo dopo l&#8217;iscrizione agli elenchi degli esperti ed ausiliari dei Giudici presso i Tribunali.[\/vc_column_text]    <\/div>\n<\/div><h4 class=\"clearfix qode-title-holder\">\n<span class=\"qode-tab-title\">\n\t\t\t<span class=\"qode-tab-title-icon\">\n\t\t\t<i class=\"qode_icon_font_awesome fa fa-angle-down \" ><\/i>\t\t<\/span>\n\t    <span class=\"qode-tab-title-inner\">\n        Che requisiti devo avere per iscrivermi alle liste dei Periti del Tribunale?    <\/span>\n<\/span>\n<span class=\"qode-accordion-mark\">\n    <span class=\"qode-accordion-mark-icon\">\n        <span class=\"icon_plus\"><\/span>\n        <span class=\"icon_minus-06\"><\/span>\n    <\/span>\n<\/span>\n<\/h4>\n<div  class=\"qode-accordion-content qode-acc-title-with-icon\" >\n    <div class=\"qode-accordion-content-inner\">\n        [vc_column_text]Per iscriversi alle liste dei Periti del Tribunale sono richiesti: iscrizione da almeno tre anni all&#8217;albo degli psicologi sezione &#8220;A&#8221;, aver frequentato un corso di formazione in psicologia giuridica e forense presso una scuola che abbia i requisiti per rilasciare l&#8217;attestato finale e aver svolto 150 ore di tirocinio.[\/vc_column_text]    <\/div>\n<\/div><h4 class=\"clearfix qode-title-holder\">\n<span class=\"qode-tab-title\">\n\t\t\t<span class=\"qode-tab-title-icon\">\n\t\t\t<i class=\"qode_icon_font_awesome fa fa-angle-down \" ><\/i>\t\t<\/span>\n\t    <span class=\"qode-tab-title-inner\">\n        Come posso acquisire crediti CNCP da Counsellor gi\u00e0 formato?    <\/span>\n<\/span>\n<span class=\"qode-accordion-mark\">\n    <span class=\"qode-accordion-mark-icon\">\n        <span class=\"icon_plus\"><\/span>\n        <span class=\"icon_minus-06\"><\/span>\n    <\/span>\n<\/span>\n<\/h4>\n<div  class=\"qode-accordion-content qode-acc-title-with-icon\" >\n    <div class=\"qode-accordion-content-inner\">\n        [vc_column_text]Gli incontri di supervisione per Counsellor organizzati ogni anno dal CPTF, socio fondatore del CNCP, sono condotti da formatori e supervisori del CNCP, pertanto la partecipazione all&#8217;intero ciclo di incontri d\u00e0 diritto a 15 crediti formativi; la partecipazione al singolo incontro d\u00e0 diritto a 3 crediti formativi.[\/vc_column_text]    <\/div>\n<\/div><h4 class=\"clearfix qode-title-holder\">\n<span class=\"qode-tab-title\">\n\t\t\t<span class=\"qode-tab-title-icon\">\n\t\t\t<i class=\"qode_icon_font_awesome fa fa-angle-down \" ><\/i>\t\t<\/span>\n\t    <span class=\"qode-tab-title-inner\">\n        In qualit\u00e0 di ex-allievo della Scuola vorrei partecipare ad alcuni seminari della Scuola di Specializzazione, come posso fare?    <\/span>\n<\/span>\n<span class=\"qode-accordion-mark\">\n    <span class=\"qode-accordion-mark-icon\">\n        <span class=\"icon_plus\"><\/span>\n        <span class=\"icon_minus-06\"><\/span>\n    <\/span>\n<\/span>\n<\/h4>\n<div  class=\"qode-accordion-content qode-acc-title-with-icon\" >\n    <div class=\"qode-accordion-content-inner\">\n        [vc_column_text]<strong>FORMAZIONE PERMANENTE:<\/strong> dal 2014 il CPTF organizza incontri formativi gratuiti in Ottica Sistemica su argomenti specifici.<br \/>\nSar\u00e0 possibile partecipare gratuitamente ai Dialoghi Sistemici del CPTF a Padova e a Trieste.<br \/>\n<strong><em>La partecipazione va comunicata alla Segreteria, previa disponibilit\u00e0 dei posti.<\/em><\/strong>[\/vc_column_text]    <\/div>\n<\/div><\/div>[\/vc_column][vc_column width=&#8221;1\/3&#8243;][vc_column_text]<\/p>\n<h3>Per maggiori informazioni compilare il seguente form<\/h3>\n<p>[\/vc_column_text][vc_empty_space height=&#8221;20px&#8221;]\n<div class=\"wpcf7 no-js\" id=\"wpcf7-f78-o1\" lang=\"it-IT\" dir=\"ltr\" data-wpcf7-id=\"78\">\n<div class=\"screen-reader-response\"><p role=\"status\" aria-live=\"polite\" aria-atomic=\"true\"><\/p> <ul><\/ul><\/div>\n<form action=\"\/it\/wp-json\/wp\/v2\/pages\/6873#wpcf7-f78-o1\" method=\"post\" class=\"wpcf7-form init default\" aria-label=\"Modulo di contatto\" novalidate=\"novalidate\" data-status=\"init\">\n<fieldset class=\"hidden-fields-container\"><input type=\"hidden\" name=\"_wpcf7\" value=\"78\" \/><input type=\"hidden\" name=\"_wpcf7_version\" value=\"6.1.5\" \/><input type=\"hidden\" name=\"_wpcf7_locale\" value=\"it_IT\" \/><input type=\"hidden\" name=\"_wpcf7_unit_tag\" value=\"wpcf7-f78-o1\" \/><input type=\"hidden\" name=\"_wpcf7_container_post\" value=\"0\" \/><input type=\"hidden\" name=\"_wpcf7_posted_data_hash\" value=\"\" \/><input type=\"hidden\" name=\"_wpcf7_recaptcha_response\" value=\"\" \/>\n<\/fieldset>\n<p><label> Nome e Cognome (richiesto)<br \/>\n<span class=\"wpcf7-form-control-wrap\" data-name=\"your-name\"><input size=\"40\" maxlength=\"400\" class=\"wpcf7-form-control wpcf7-text wpcf7-validates-as-required\" aria-required=\"true\" aria-invalid=\"false\" value=\"\" type=\"text\" name=\"your-name\" \/><\/span> <\/label>\n<\/p>\n<p><label> Email (richiesto)<br \/>\n<span class=\"wpcf7-form-control-wrap\" data-name=\"your-email\"><input size=\"40\" maxlength=\"400\" class=\"wpcf7-form-control wpcf7-email wpcf7-validates-as-required wpcf7-text wpcf7-validates-as-email\" aria-required=\"true\" aria-invalid=\"false\" value=\"\" type=\"email\" name=\"your-email\" \/><\/span> <\/label><br \/>\n<label> Telefono<br \/>\n<span class=\"wpcf7-form-control-wrap\" data-name=\"tel-620\"><input size=\"40\" maxlength=\"400\" class=\"wpcf7-form-control wpcf7-tel wpcf7-text wpcf7-validates-as-tel\" aria-invalid=\"false\" value=\"\" type=\"tel\" name=\"tel-620\" \/><\/span> <\/label>\n<\/p>\n<p><label> Oggetto<br \/>\n<span class=\"wpcf7-form-control-wrap\" data-name=\"your-subject\"><input size=\"40\" maxlength=\"400\" class=\"wpcf7-form-control wpcf7-text\" aria-invalid=\"false\" value=\"\" type=\"text\" name=\"your-subject\" \/><\/span> <\/label>\n<\/p>\n<p><label> Messaggio<br \/>\n<span class=\"wpcf7-form-control-wrap\" data-name=\"your-message\"><textarea cols=\"40\" rows=\"10\" maxlength=\"2000\" class=\"wpcf7-form-control wpcf7-textarea\" aria-invalid=\"false\" name=\"your-message\"><\/textarea><\/span> <\/label><br \/>\nDichiaro di aver letto <a href=\"https:\/\/www.cptf.it\/it\/privacy-policy-cptf\/\" target=\"_blank\">l'Informativa privacy<\/a> ed esprimo il mio consenso al trattamento dei dati per le finalit\u00e0 indicate.<br \/>\n<span class=\"wpcf7-form-control-wrap\" data-name=\"acceptance-604\"><span class=\"wpcf7-form-control wpcf7-acceptance\"><span class=\"wpcf7-list-item\"><label><input type=\"checkbox\" name=\"acceptance-604\" value=\"1\" aria-invalid=\"false\" \/><span class=\"wpcf7-list-item-label\">Accetto<\/span><\/label><\/span><\/span><\/span>\n<\/p>\n<p><input class=\"wpcf7-form-control wpcf7-submit has-spinner\" type=\"submit\" value=\"Invia\" \/>\n<\/p><div class=\"wpcf7-response-output\" aria-hidden=\"true\"><\/div>\n<\/form>\n<\/div>\n[\/vc_column][\/vc_row]<\/p>\n<\/div>","protected":false},"excerpt":{"rendered":"<p>[vc_row row_type=&#8221;parallax&#8221; parallax_content_width=&#8221;in_grid&#8221; text_align=&#8221;left&#8221; full_screen_section_height=&#8221;no&#8221; background_image=&#8221;6977&#8243; section_height=&#8221;500&#8243;][vc_column][\/vc_column][\/vc_row][vc_row css_animation=&#8221;&#8221; row_type=&#8221;row&#8221; use_row_as_full_screen_section=&#8221;no&#8221; type=&#8221;grid&#8221; angled_section=&#8221;no&#8221; text_align=&#8221;left&#8221; background_image_as_pattern=&#8221;without_pattern&#8221; z_index=&#8221;&#8221; background_color=&#8221;#1e73be&#8221; padding_top=&#8221;10&#8243; padding_bottom=&#8221;10&#8243;][vc_column][vc_column_text] FAQ Area Formativa [\/vc_column_text][\/vc_column][\/vc_row][vc_row css_animation=&#8221;&#8221; row_type=&#8221;row&#8221; use_row_as_full_screen_section=&#8221;no&#8221; type=&#8221;grid&#8221; angled_section=&#8221;no&#8221; text_align=&#8221;left&#8221; background_image_as_pattern=&#8221;without_pattern&#8221; z_index=&#8221;&#8221; padding_top=&#8221;30&#8243; padding_bottom=&#8221;50&#8243;][vc_column width=&#8221;2\/3&#8243;][\/vc_column][vc_column width=&#8221;1\/3&#8243;][vc_column_text] Per maggiori informazioni compilare il seguente form [\/vc_column_text][vc_empty_space height=&#8221;20px&#8221;][\/vc_column][\/vc_row]<\/p>\n","protected":false},"author":1,"featured_media":0,"parent":0,"menu_order":0,"comment_status":"closed","ping_status":"closed","template":"full_width.php","meta":{"footnotes":""},"class_list":["post-6873","page","type-page","status-publish","hentry"],"yoast_head":"<!-- This site is optimized with the Yoast SEO plugin v27.3 - https:\/\/yoast.com\/product\/yoast-seo-wordpress\/ -->\n<title>FAQ Area Formativa - CPTF<\/title>\n<meta name=\"robots\" content=\"index, follow, max-snippet:-1, max-image-preview:large, max-video-preview:-1\" \/>\n<link rel=\"canonical\" href=\"https:\/\/www.cptf.it\/it\/faq-area-formativa\/\" \/>\n<meta property=\"og:locale\" content=\"it_IT\" \/>\n<meta property=\"og:type\" content=\"article\" \/>\n<meta property=\"og:title\" content=\"FAQ Area Formativa - CPTF\" \/>\n<meta property=\"og:description\" content=\"[vc_row row_type=&#8221;parallax&#8221; parallax_content_width=&#8221;in_grid&#8221; text_align=&#8221;left&#8221; full_screen_section_height=&#8221;no&#8221; background_image=&#8221;6977&#8243; section_height=&#8221;500&#8243;][vc_column][\/vc_column][\/vc_row][vc_row css_animation=&#8221;&#8221; row_type=&#8221;row&#8221; use_row_as_full_screen_section=&#8221;no&#8221; type=&#8221;grid&#8221; angled_section=&#8221;no&#8221; text_align=&#8221;left&#8221; background_image_as_pattern=&#8221;without_pattern&#8221; z_index=&#8221;&#8221; background_color=&#8221;#1e73be&#8221; padding_top=&#8221;10&#8243; padding_bottom=&#8221;10&#8243;][vc_column][vc_column_text] FAQ Area Formativa [\/vc_column_text][\/vc_column][\/vc_row][vc_row css_animation=&#8221;&#8221; row_type=&#8221;row&#8221; use_row_as_full_screen_section=&#8221;no&#8221; type=&#8221;grid&#8221; angled_section=&#8221;no&#8221; text_align=&#8221;left&#8221; background_image_as_pattern=&#8221;without_pattern&#8221; z_index=&#8221;&#8221; padding_top=&#8221;30&#8243; padding_bottom=&#8221;50&#8243;][vc_column width=&#8221;2\/3&#8243;][\/vc_column][vc_column width=&#8221;1\/3&#8243;][vc_column_text] Per maggiori informazioni compilare il seguente form [\/vc_column_text][vc_empty_space height=&#8221;20px&#8221;][\/vc_column][\/vc_row]\" \/>\n<meta property=\"og:url\" content=\"https:\/\/www.cptf.it\/it\/faq-area-formativa\/\" \/>\n<meta property=\"og:site_name\" content=\"CPTF\" \/>\n<meta property=\"article:modified_time\" content=\"2020-02-14T17:52:59+00:00\" \/>\n<meta name=\"twitter:card\" content=\"summary_large_image\" \/>\n<meta name=\"twitter:label1\" content=\"Tempo di lettura stimato\" \/>\n\t<meta name=\"twitter:data1\" content=\"9 minuti\" \/>\n<script type=\"application\/ld+json\" class=\"yoast-schema-graph\">{\"@context\":\"https:\\\/\\\/schema.org\",\"@graph\":[{\"@type\":\"WebPage\",\"@id\":\"https:\\\/\\\/www.cptf.it\\\/it\\\/faq-area-formativa\\\/\",\"url\":\"https:\\\/\\\/www.cptf.it\\\/it\\\/faq-area-formativa\\\/\",\"name\":\"FAQ Area Formativa - CPTF\",\"isPartOf\":{\"@id\":\"https:\\\/\\\/www.cptf.it\\\/it\\\/#website\"},\"datePublished\":\"2019-06-12T21:52:48+00:00\",\"dateModified\":\"2020-02-14T17:52:59+00:00\",\"breadcrumb\":{\"@id\":\"https:\\\/\\\/www.cptf.it\\\/it\\\/faq-area-formativa\\\/#breadcrumb\"},\"inLanguage\":\"it-IT\",\"potentialAction\":[{\"@type\":\"ReadAction\",\"target\":[\"https:\\\/\\\/www.cptf.it\\\/it\\\/faq-area-formativa\\\/\"]}]},{\"@type\":\"BreadcrumbList\",\"@id\":\"https:\\\/\\\/www.cptf.it\\\/it\\\/faq-area-formativa\\\/#breadcrumb\",\"itemListElement\":[{\"@type\":\"ListItem\",\"position\":1,\"name\":\"Home\",\"item\":\"https:\\\/\\\/www.cptf.it\\\/it\\\/\"},{\"@type\":\"ListItem\",\"position\":2,\"name\":\"FAQ Area Formativa\"}]},{\"@type\":\"WebSite\",\"@id\":\"https:\\\/\\\/www.cptf.it\\\/it\\\/#website\",\"url\":\"https:\\\/\\\/www.cptf.it\\\/it\\\/\",\"name\":\"CPTF\",\"description\":\"Centro Padovano di Terapia della famiglia\",\"potentialAction\":[{\"@type\":\"SearchAction\",\"target\":{\"@type\":\"EntryPoint\",\"urlTemplate\":\"https:\\\/\\\/www.cptf.it\\\/it\\\/?s={search_term_string}\"},\"query-input\":{\"@type\":\"PropertyValueSpecification\",\"valueRequired\":true,\"valueName\":\"search_term_string\"}}],\"inLanguage\":\"it-IT\"}]}<\/script>\n<!-- \/ Yoast SEO plugin. -->","yoast_head_json":{"title":"FAQ Area Formativa - CPTF","robots":{"index":"index","follow":"follow","max-snippet":"max-snippet:-1","max-image-preview":"max-image-preview:large","max-video-preview":"max-video-preview:-1"},"canonical":"https:\/\/www.cptf.it\/it\/faq-area-formativa\/","og_locale":"it_IT","og_type":"article","og_title":"FAQ Area Formativa - CPTF","og_description":"[vc_row row_type=&#8221;parallax&#8221; parallax_content_width=&#8221;in_grid&#8221; text_align=&#8221;left&#8221; full_screen_section_height=&#8221;no&#8221; background_image=&#8221;6977&#8243; section_height=&#8221;500&#8243;][vc_column][\/vc_column][\/vc_row][vc_row css_animation=&#8221;&#8221; row_type=&#8221;row&#8221; use_row_as_full_screen_section=&#8221;no&#8221; type=&#8221;grid&#8221; angled_section=&#8221;no&#8221; text_align=&#8221;left&#8221; background_image_as_pattern=&#8221;without_pattern&#8221; z_index=&#8221;&#8221; background_color=&#8221;#1e73be&#8221; padding_top=&#8221;10&#8243; padding_bottom=&#8221;10&#8243;][vc_column][vc_column_text] FAQ Area Formativa [\/vc_column_text][\/vc_column][\/vc_row][vc_row css_animation=&#8221;&#8221; row_type=&#8221;row&#8221; use_row_as_full_screen_section=&#8221;no&#8221; type=&#8221;grid&#8221; angled_section=&#8221;no&#8221; text_align=&#8221;left&#8221; background_image_as_pattern=&#8221;without_pattern&#8221; z_index=&#8221;&#8221; padding_top=&#8221;30&#8243; padding_bottom=&#8221;50&#8243;][vc_column width=&#8221;2\/3&#8243;][\/vc_column][vc_column width=&#8221;1\/3&#8243;][vc_column_text] Per maggiori informazioni compilare il seguente form [\/vc_column_text][vc_empty_space height=&#8221;20px&#8221;][\/vc_column][\/vc_row]","og_url":"https:\/\/www.cptf.it\/it\/faq-area-formativa\/","og_site_name":"CPTF","article_modified_time":"2020-02-14T17:52:59+00:00","twitter_card":"summary_large_image","twitter_misc":{"Tempo di lettura stimato":"9 minuti"},"schema":{"@context":"https:\/\/schema.org","@graph":[{"@type":"WebPage","@id":"https:\/\/www.cptf.it\/it\/faq-area-formativa\/","url":"https:\/\/www.cptf.it\/it\/faq-area-formativa\/","name":"FAQ Area Formativa - CPTF","isPartOf":{"@id":"https:\/\/www.cptf.it\/it\/#website"},"datePublished":"2019-06-12T21:52:48+00:00","dateModified":"2020-02-14T17:52:59+00:00","breadcrumb":{"@id":"https:\/\/www.cptf.it\/it\/faq-area-formativa\/#breadcrumb"},"inLanguage":"it-IT","potentialAction":[{"@type":"ReadAction","target":["https:\/\/www.cptf.it\/it\/faq-area-formativa\/"]}]},{"@type":"BreadcrumbList","@id":"https:\/\/www.cptf.it\/it\/faq-area-formativa\/#breadcrumb","itemListElement":[{"@type":"ListItem","position":1,"name":"Home","item":"https:\/\/www.cptf.it\/it\/"},{"@type":"ListItem","position":2,"name":"FAQ Area Formativa"}]},{"@type":"WebSite","@id":"https:\/\/www.cptf.it\/it\/#website","url":"https:\/\/www.cptf.it\/it\/","name":"CPTF","description":"Centro Padovano di Terapia della famiglia","potentialAction":[{"@type":"SearchAction","target":{"@type":"EntryPoint","urlTemplate":"https:\/\/www.cptf.it\/it\/?s={search_term_string}"},"query-input":{"@type":"PropertyValueSpecification","valueRequired":true,"valueName":"search_term_string"}}],"inLanguage":"it-IT"}]}},"_links":{"self":[{"href":"https:\/\/www.cptf.it\/it\/wp-json\/wp\/v2\/pages\/6873","targetHints":{"allow":["GET"]}}],"collection":[{"href":"https:\/\/www.cptf.it\/it\/wp-json\/wp\/v2\/pages"}],"about":[{"href":"https:\/\/www.cptf.it\/it\/wp-json\/wp\/v2\/types\/page"}],"author":[{"embeddable":true,"href":"https:\/\/www.cptf.it\/it\/wp-json\/wp\/v2\/users\/1"}],"replies":[{"embeddable":true,"href":"https:\/\/www.cptf.it\/it\/wp-json\/wp\/v2\/comments?post=6873"}],"version-history":[{"count":17,"href":"https:\/\/www.cptf.it\/it\/wp-json\/wp\/v2\/pages\/6873\/revisions"}],"predecessor-version":[{"id":8042,"href":"https:\/\/www.cptf.it\/it\/wp-json\/wp\/v2\/pages\/6873\/revisions\/8042"}],"wp:attachment":[{"href":"https:\/\/www.cptf.it\/it\/wp-json\/wp\/v2\/media?parent=6873"}],"curies":[{"name":"wp","href":"https:\/\/api.w.org\/{rel}","templated":true}]}}