{"id":8073,"date":"2020-02-17T16:52:21","date_gmt":"2020-02-17T15:52:21","guid":{"rendered":"https:\/\/www.cptf.it\/it\/?page_id=8073"},"modified":"2020-04-15T18:15:27","modified_gmt":"2020-04-15T17:15:27","slug":"psicologia-giuridica","status":"publish","type":"page","link":"https:\/\/www.cptf.it\/it\/psicologia-giuridica\/","title":{"rendered":"PSICOLOGIA GIURIDICA"},"content":{"rendered":"<div class=\"wpb-content-wrapper\"><p>[vc_row css_animation=&#8221;&#8221; row_type=&#8221;row&#8221; use_row_as_full_screen_section=&#8221;no&#8221; type=&#8221;full_width&#8221; angled_section=&#8221;no&#8221; text_align=&#8221;left&#8221; background_image_as_pattern=&#8221;without_pattern&#8221; z_index=&#8221;&#8221;][vc_column][vc_single_image image=&#8221;7314&#8243; img_size=&#8221;full&#8221; qode_css_animation=&#8221;&#8221;][\/vc_column][\/vc_row][vc_row css_animation=&#8221;&#8221; row_type=&#8221;row&#8221; use_row_as_full_screen_section=&#8221;no&#8221; type=&#8221;grid&#8221; angled_section=&#8221;no&#8221; text_align=&#8221;left&#8221; background_image_as_pattern=&#8221;without_pattern&#8221; z_index=&#8221;&#8221; background_color=&#8221;#1e73be&#8221; padding_top=&#8221;10&#8243; padding_bottom=&#8221;10&#8243;][vc_column][vc_column_text]<\/p>\n<h2><span style=\"color: #ffffff;\">PSICOLOGIA GIURIDICA<\/span><\/h2>\n<p>[\/vc_column_text][\/vc_column][\/vc_row][vc_row css_animation=&#8221;&#8221; row_type=&#8221;row&#8221; use_row_as_full_screen_section=&#8221;no&#8221; type=&#8221;grid&#8221; angled_section=&#8221;no&#8221; text_align=&#8221;left&#8221; background_image_as_pattern=&#8221;without_pattern&#8221; z_index=&#8221;&#8221; padding_top=&#8221;30&#8243; padding_bottom=&#8221;50&#8243;][vc_column width=&#8221;2\/3&#8243;][vc_empty_space height=&#8221;20px&#8221;][vc_column_text]<\/p>\n<h4>Il Corso di Formazione in Psicologia Giuridica segue i criteri dell&#8217;Ordine Nazionale degli Psicologi<\/h4>\n<p>[\/vc_column_text][vc_empty_space height=&#8221;20px&#8221;][vc_column_text]<\/p>\n<h3>Dettagli del corso<\/h3>\n<p>[\/vc_column_text][vc_empty_space height=&#8221;30px&#8221;]<div class=\"qode-accordion-holder clearfix qode-accordion qode-initial \">\n\t<h4 class=\"clearfix qode-title-holder\">\n<span class=\"qode-tab-title\">\n\t\t\t<span class=\"qode-tab-title-icon\">\n\t\t\t<i class=\"qode_icon_font_awesome fa fa-angle-down \" ><\/i>\t\t<\/span>\n\t    <span class=\"qode-tab-title-inner\">\n        Perch\u00e9 un Corso di Psicologia Giuridica in ottica Sistemico Relazionale?    <\/span>\n<\/span>\n<span class=\"qode-accordion-mark\">\n    <span class=\"qode-accordion-mark-icon\">\n        <span class=\"icon_plus\"><\/span>\n        <span class=\"icon_minus-06\"><\/span>\n    <\/span>\n<\/span>\n<\/h4>\n<div  class=\"qode-accordion-content qode-acc-title-with-icon\" >\n    <div class=\"qode-accordion-content-inner\">\n        [vc_column_text]La psicologia giuridica \u00e8 in continuo sviluppo, sia a livello di elaborazione teorica che di applicazione nella pratica forense. Psicologi e operatori del diritto si trovano a dialogare e relazionarsi nell\u2019ambito di contesti specifici ed in continuo mutamento. E\u2019 necessario che tutti gli attori coinvolti acquisiscano conoscenze e competenze tecniche specifiche, ma anche la capacit\u00e0 di interfacciarsi e relazionarsi con problematiche complesse e professionalit\u00e0 diverse dalla propria. In questo senso, l\u2019ottica sistemica offre strumenti di lettura e di guida che facilitano l\u2019intervento ed il movimento all\u2019interno di un ambito complesso e affascinante come quello giuridico forense.[\/vc_column_text]    <\/div>\n<\/div><h4 class=\"clearfix qode-title-holder\">\n<span class=\"qode-tab-title\">\n\t\t\t<span class=\"qode-tab-title-icon\">\n\t\t\t<i class=\"qode_icon_font_awesome fa fa-angle-down \" ><\/i>\t\t<\/span>\n\t    <span class=\"qode-tab-title-inner\">\n        Che requisiti sono richiesti per iscriversi all&#039;Albo dei Periti del Tribunale?    <\/span>\n<\/span>\n<span class=\"qode-accordion-mark\">\n    <span class=\"qode-accordion-mark-icon\">\n        <span class=\"icon_plus\"><\/span>\n        <span class=\"icon_minus-06\"><\/span>\n    <\/span>\n<\/span>\n<\/h4>\n<div  class=\"qode-accordion-content qode-acc-title-with-icon\" >\n    <div class=\"qode-accordion-content-inner\">\n        [vc_column_text]Per iscriversi alle liste dei Periti del Tribunale sono richiesti: iscrizione da almeno tre anni al proprio albo professionale, aver frequentato un corso di formazione in psicologia giuridica e forense presso una scuola che abbia i requisiti per rilasciare l&#8217;attestato finale.[\/vc_column_text]    <\/div>\n<\/div><h4 class=\"clearfix qode-title-holder\">\n<span class=\"qode-tab-title\">\n\t\t\t<span class=\"qode-tab-title-icon\">\n\t\t\t<i class=\"qode_icon_font_awesome fa fa-angle-down \" ><\/i>\t\t<\/span>\n\t    <span class=\"qode-tab-title-inner\">\n        Che agevolazioni per gli allievi iscritti alla Scuola di Psicoterapia del CPTF?    <\/span>\n<\/span>\n<span class=\"qode-accordion-mark\">\n    <span class=\"qode-accordion-mark-icon\">\n        <span class=\"icon_plus\"><\/span>\n        <span class=\"icon_minus-06\"><\/span>\n    <\/span>\n<\/span>\n<\/h4>\n<div  class=\"qode-accordion-content qode-acc-title-with-icon\" >\n    <div class=\"qode-accordion-content-inner\">\n        [vc_column_text]Nel primo biennio della Scuola Quadriennale di Formazione in Psicoterapia Sistemico Relazionale, \u00e8 attualmente previsto il conseguimento di\u00a0<strong>crediti formativi\u00a0<\/strong>validi per l&#8217;iscrizione al Corso di Psicologia Giuridica. Per l&#8217;anno 2017 i crediti previsti sono 16.[\/vc_column_text]    <\/div>\n<\/div><h4 class=\"clearfix qode-title-holder\">\n<span class=\"qode-tab-title\">\n\t\t\t<span class=\"qode-tab-title-icon\">\n\t\t\t<i class=\"qode_icon_font_awesome fa fa-angle-down \" ><\/i>\t\t<\/span>\n\t    <span class=\"qode-tab-title-inner\">\n        DESTINATARI    <\/span>\n<\/span>\n<span class=\"qode-accordion-mark\">\n    <span class=\"qode-accordion-mark-icon\">\n        <span class=\"icon_plus\"><\/span>\n        <span class=\"icon_minus-06\"><\/span>\n    <\/span>\n<\/span>\n<\/h4>\n<div  class=\"qode-accordion-content qode-acc-title-with-icon\" >\n    <div class=\"qode-accordion-content-inner\">\n        [vc_column_text]Il Corso di Formazione in Psicologia Giuridica in Ottica Sistemico Relazionale risponde ai criteri di formazione richiesti dalle nuove disposizioni previste dall\u2019Ordine Nazionale degli Psicologi per iscriversi agli elenchi degli esperti ed ausiliari dei Giudici presso i Tribunali.<br \/>\nLo scopo di frequentare il corso da parte di laureati in altri ambiti rispetto a quello psicologico, \u00e8 di acquisire conoscenze sul sistema peritale e la consulenza tecnica che permetta di indirizzare al meglio i propri clienti.<\/p>\n<p>&nbsp;<\/p>\n<p>Il Corso \u00e8 rivolto ai laureati &#8211; vecchio ordinamento o specialistica &#8211; nei seguenti ambiti:<\/p>\n<ul>\n<li>psicologico<\/li>\n<li>medico<\/li>\n<li>giuridico<\/li>\n<li>sociale<\/li>\n<li>educativo<\/li>\n<\/ul>\n<p>[\/vc_column_text]    <\/div>\n<\/div><h4 class=\"clearfix qode-title-holder\">\n<span class=\"qode-tab-title\">\n\t\t\t<span class=\"qode-tab-title-icon\">\n\t\t\t<i class=\"qode_icon_font_awesome fa fa-angle-down \" ><\/i>\t\t<\/span>\n\t    <span class=\"qode-tab-title-inner\">\n        OBIETTIVI    <\/span>\n<\/span>\n<span class=\"qode-accordion-mark\">\n    <span class=\"qode-accordion-mark-icon\">\n        <span class=\"icon_plus\"><\/span>\n        <span class=\"icon_minus-06\"><\/span>\n    <\/span>\n<\/span>\n<\/h4>\n<div  class=\"qode-accordion-content qode-acc-title-with-icon\" >\n    <div class=\"qode-accordion-content-inner\">\n        [vc_column_text]La formazione si propone di far acquisire agli allievi una competenza specifica nell\u2019ambito della Psicologia Forense, con particolare riferimento ad una rilettura secondo le premesse dell\u2019Ottica Sistemico Relazionale attraverso:<\/p>\n<ul>\n<li>la conoscenza dei fondamenti teorici della Psicologia Giuridica e dell\u2019Ottica Sistemico Relazionale;<\/li>\n<li>l\u2019apprendimento degli strumenti metodologici e tecnici coerenti;<\/li>\n<li>la capacit\u00e0 di analisi e di intervento nei diversi contesti peritali: civile, penale e minorile;<\/li>\n<li>l&#8217;apprendimento di un linguaggio condiviso tra diverse professionalit\u00e0 in un&#8217;ottica di integrazione e circolarit\u00e0.<\/li>\n<\/ul>\n<p>[\/vc_column_text]    <\/div>\n<\/div><h4 class=\"clearfix qode-title-holder\">\n<span class=\"qode-tab-title\">\n\t\t\t<span class=\"qode-tab-title-icon\">\n\t\t\t<i class=\"qode_icon_font_awesome fa fa-angle-down \" ><\/i>\t\t<\/span>\n\t    <span class=\"qode-tab-title-inner\">\n        Obiettivi    <\/span>\n<\/span>\n<span class=\"qode-accordion-mark\">\n    <span class=\"qode-accordion-mark-icon\">\n        <span class=\"icon_plus\"><\/span>\n        <span class=\"icon_minus-06\"><\/span>\n    <\/span>\n<\/span>\n<\/h4>\n<div  class=\"qode-accordion-content qode-acc-title-with-icon\" >\n    <div class=\"qode-accordion-content-inner\">\n        [vc_column_text]Il programma prevede momenti di conoscenza ed approfondimento teorico ed esercitazioni pratiche; la metodologia applicata ha come riferimento la Teoria Sistemica che amplia il campo di osservazione a tutti i sistemi coinvolti in una dialettica di scambio tra le diverse professionalit\u00e0 operanti nell\u2019ambito psicologico e giuridico.[\/vc_column_text]    <\/div>\n<\/div><h4 class=\"clearfix qode-title-holder\">\n<span class=\"qode-tab-title\">\n\t\t\t<span class=\"qode-tab-title-icon\">\n\t\t\t<i class=\"qode_icon_font_awesome fa fa-angle-down \" ><\/i>\t\t<\/span>\n\t    <span class=\"qode-tab-title-inner\">\n        Metodologia    <\/span>\n<\/span>\n<span class=\"qode-accordion-mark\">\n    <span class=\"qode-accordion-mark-icon\">\n        <span class=\"icon_plus\"><\/span>\n        <span class=\"icon_minus-06\"><\/span>\n    <\/span>\n<\/span>\n<\/h4>\n<div  class=\"qode-accordion-content qode-acc-title-with-icon\" >\n    <div class=\"qode-accordion-content-inner\">\n        [vc_column_text]Il corso \u00e8 suddiviso in momenti teorici e esercitazioni pratiche ed utilizza metodologie di apprendimento attivo.[\/vc_column_text]    <\/div>\n<\/div><h4 class=\"clearfix qode-title-holder\">\n<span class=\"qode-tab-title\">\n\t\t\t<span class=\"qode-tab-title-icon\">\n\t\t\t<i class=\"qode_icon_font_awesome fa fa-angle-down \" ><\/i>\t\t<\/span>\n\t    <span class=\"qode-tab-title-inner\">\n        Struttura del corso    <\/span>\n<\/span>\n<span class=\"qode-accordion-mark\">\n    <span class=\"qode-accordion-mark-icon\">\n        <span class=\"icon_plus\"><\/span>\n        <span class=\"icon_minus-06\"><\/span>\n    <\/span>\n<\/span>\n<\/h4>\n<div  class=\"qode-accordion-content qode-acc-title-with-icon\" >\n    <div class=\"qode-accordion-content-inner\">\n        [vc_column_text]Il Corso prevede 160 ore di formazione, articolate in 3 moduli didattici strutturati e suddivisi in 20 incontri annui.<\/p>\n<p>Sono ammesse assenze che non superino il 20% delle ore di lezione; le assenze possono essere comunque recuperate durante il Corso successivo.[\/vc_column_text]    <\/div>\n<\/div><h4 class=\"clearfix qode-title-holder\">\n<span class=\"qode-tab-title\">\n\t\t\t<span class=\"qode-tab-title-icon\">\n\t\t\t<i class=\"qode_icon_font_awesome fa fa-angle-down \" ><\/i>\t\t<\/span>\n\t    <span class=\"qode-tab-title-inner\">\n        Articolazione delle attivit\u00e0 didattiche del primo modulo    <\/span>\n<\/span>\n<span class=\"qode-accordion-mark\">\n    <span class=\"qode-accordion-mark-icon\">\n        <span class=\"icon_plus\"><\/span>\n        <span class=\"icon_minus-06\"><\/span>\n    <\/span>\n<\/span>\n<\/h4>\n<div  class=\"qode-accordion-content qode-acc-title-with-icon\" >\n    <div class=\"qode-accordion-content-inner\">\n        [vc_column_text]<strong>Primo Modulo:\u00a032 ore (4 incontri)<\/strong><\/p>\n<p><strong>\u201cPremesse Sistemiche, il Contesto, i Ruoli e gli Strumenti\u201d<\/strong><\/p>\n<p>Gli argomenti verteranno sulla conoscenza del contesto giuridico e psicologico, partendo dalle premesse dell\u2019ottica sistemica, andando ad integrare la conoscenza sul funzionamento generale dei sistemi con quella specifica del sistema peritale. Ampio spazio verr\u00e0 dedicato alla conoscenza del sistema giudiziario, alle competenze e ruoli che le diverse figure professionali rivestono, o possono rivestire, in tale ambito, non tralasciando gli approfondimenti in materia di etica e di deontologia professionale.<\/p>\n<ul>\n<li>\u00a0Introduzione al corso e all\u2019ottica sistemica. Gli assiomi della comunicazione umana.<\/li>\n<li>\u00a0Il concetto di sistema. La famiglia come sistema. Il ciclo vitale del sistema familiare.<\/li>\n<li>\u00a0Struttura e costruzione dell&#8217;ipotesi e suo utilizzo in CTU. Le tecniche di intervista.<\/li>\n<li>\u00a0Test e Minori<\/li>\n<\/ul>\n<p>[\/vc_column_text]    <\/div>\n<\/div><h4 class=\"clearfix qode-title-holder\">\n<span class=\"qode-tab-title\">\n\t\t\t<span class=\"qode-tab-title-icon\">\n\t\t\t<i class=\"qode_icon_font_awesome fa fa-angle-down \" ><\/i>\t\t<\/span>\n\t    <span class=\"qode-tab-title-inner\">\n        Articolazione delle attivit\u00e0 didattiche del secondo modulo    <\/span>\n<\/span>\n<span class=\"qode-accordion-mark\">\n    <span class=\"qode-accordion-mark-icon\">\n        <span class=\"icon_plus\"><\/span>\n        <span class=\"icon_minus-06\"><\/span>\n    <\/span>\n<\/span>\n<\/h4>\n<div  class=\"qode-accordion-content qode-acc-title-with-icon\" >\n    <div class=\"qode-accordion-content-inner\">\n        [vc_column_text]Secondo Modulo: 72 ore (9 incontri)<\/p>\n<p>\u201cLa Consulenza Tecnica in Ambito Civile. Separazione, Divorzio ed Affidamento dei figli\u201d<\/p>\n<p>Partendo dall\u2019approfondimento legislativo in materia di separazione, divorzio ed affidamento dei figli, verranno affrontate tematiche quali: il conflitto di coppia, le famiglie e la genitorialit\u00e0, la mediazione familiare, le questioni attinenti l\u2019affidamento dei figli e la tutela del minore, l\u2019adozione nazionale ed internazionale. La presentazione e la discussione di casi permetteranno di acquisire competenze in merito alla costruzione della consulenza tecnica, al rapporto tra CTU e CTP e altre figure professionali coinvolti nella delicata materia del diritto di famiglia e minorile.<\/p>\n<ul>\n<li>L&#8217;organizzazione del sistema giudiziario: i Tribunali e le loro competenze. \/ Aspetti etici e deontologici della consulenza tecnica.<\/li>\n<li>Aspetti legislativi della consulenza tecnica in ambito civile.<\/li>\n<li>Dinamiche della relazione di coppia: dall\u2019innamoramento al conflitto.<\/li>\n<li>I Bambini nel conflitto.<\/li>\n<li>CTU, CTP e relazioni di aiuto secondo l&#8217;Ottica Sistemica.<\/li>\n<li>La costruzione della consulenza tecnica CTU e CTP secondo l\u2019ottica sistemica in ambito civile.<\/li>\n<li>La valutazione psicodiagnostica individuale e relazionale in ambito civile e penale.<\/li>\n<li>L\u2019affido eterofamiliare. L\u2019adozione nazionale ed internazionale.<\/li>\n<li>La somministrazione dei Test sia ad adulti che a minori in ambito civile e penale, attraverso una rilettura sistemica.<\/li>\n<\/ul>\n<p>[\/vc_column_text]    <\/div>\n<\/div><h4 class=\"clearfix qode-title-holder\">\n<span class=\"qode-tab-title\">\n\t\t\t<span class=\"qode-tab-title-icon\">\n\t\t\t<i class=\"qode_icon_font_awesome fa fa-angle-down \" ><\/i>\t\t<\/span>\n\t    <span class=\"qode-tab-title-inner\">\n        Articolazione delle attivit\u00e0 didattiche del terzo modulo    <\/span>\n<\/span>\n<span class=\"qode-accordion-mark\">\n    <span class=\"qode-accordion-mark-icon\">\n        <span class=\"icon_plus\"><\/span>\n        <span class=\"icon_minus-06\"><\/span>\n    <\/span>\n<\/span>\n<\/h4>\n<div  class=\"qode-accordion-content qode-acc-title-with-icon\" >\n    <div class=\"qode-accordion-content-inner\">\n        [vc_column_text]<\/p>\n<h3>Terzo Modulo: 56 ore (7 incontri)<\/h3>\n<p>\u201cLa Consulenza Tecnica in Ambito Penale. Connessione con l&#8217;Ottica Sistemica\u201d<\/p>\n<p>Successivamente all\u2019approfondimento legislativo in materia di diritto penale, verranno affrontati argomenti quali l\u2019imputabilit\u00e0, la capacit\u00e0 di intendere e di volere, la pericolosit\u00e0 sociale nell\u2019adulto; una parte verr\u00e0 dedicata al minore vittima e autore di reato. La presentazione e la discussione di casi permetteranno di acquisire competenze in merito alla costruzione della consulenza tecnica, al rapporto tra Perito e CTP e alle altre figure professionali coinvolte nel processo penale. Una parte del modulo \u00e8 dedicato ad alcuni approfondimenti tematici complessi, in continua evoluzione e trasformazione.<\/p>\n<ul>\n<li>Aspetti legislativi della consulenza tecnica in ambito penale. \/ Approfondimento sugli aspetti etici e deontologici della consulenza tecnica.<\/li>\n<li>Maltrattamento, abuso e violenza sui minori. L\u2019ascolto e la testimonianza del minore.<\/li>\n<li>Imputabilit\u00e0, capacit\u00e0 di intendere e di volere, pericolosit\u00e0 sociale nell\u2019adulto. \/ Il minore autore di reato, il processo penale minorile.<\/li>\n<li>Costruzione della consulenza tecnica CTU e CTP secondo l\u2019ottica sistemica in ambito penale.<\/li>\n<li>La valutazione del danno di natura psichica. \/ Approfondimenti tematici: il mobbing e lo stalking.<\/li>\n<li>Costruzione di un contesto collaborativo tra figure operanti in ambito giuridico e psicologico. \/ Connessione con l&#8217;Ottica Sistemica.<\/li>\n<li>Discussione, chiusura del corso ed esame.<\/li>\n<\/ul>\n<p>[\/vc_column_text]    <\/div>\n<\/div><h4 class=\"clearfix qode-title-holder\">\n<span class=\"qode-tab-title\">\n\t\t\t<span class=\"qode-tab-title-icon\">\n\t\t\t<i class=\"qode_icon_font_awesome fa fa-angle-down \" ><\/i>\t\t<\/span>\n\t    <span class=\"qode-tab-title-inner\">\n        RESPONSABILE DELLA SEZIONE DI PSICOLOGIA GIURIDICA    <\/span>\n<\/span>\n<span class=\"qode-accordion-mark\">\n    <span class=\"qode-accordion-mark-icon\">\n        <span class=\"icon_plus\"><\/span>\n        <span class=\"icon_minus-06\"><\/span>\n    <\/span>\n<\/span>\n<\/h4>\n<div  class=\"qode-accordion-content qode-acc-title-with-icon\" >\n    <div class=\"qode-accordion-content-inner\">\n        [vc_column_text]<strong>Andrea Mosconi:<\/strong> psichiatra, psicoterapeuta, didatta del Centro Milanese di Terapia della Famiglia, co-fondatore e direttore del Centro Padovano di Terapia della Famiglia, socio didatta e membro del Consiglio Direttivo della Societ\u00e0 Italiana di Psicologia e Psicoterapia Relazionale (SIPPR), didatta della Societ\u00e0 Italiana di Ricerca e Terapia Sistemica (SIRTS), socio formatore della Associazione Internazionale Mediatori Sistemici (AIMS), socio formatore del Coordinamento Nazionale Counselor Professionisti (CNCP), master in Ipnosi, Practioner EMDR.[\/vc_column_text]    <\/div>\n<\/div><h4 class=\"clearfix qode-title-holder\">\n<span class=\"qode-tab-title\">\n\t\t\t<span class=\"qode-tab-title-icon\">\n\t\t\t<i class=\"qode_icon_font_awesome fa fa-angle-down \" ><\/i>\t\t<\/span>\n\t    <span class=\"qode-tab-title-inner\">\n        Coordinatore del corso di Psicologia Giuridica della sede di Trieste    <\/span>\n<\/span>\n<span class=\"qode-accordion-mark\">\n    <span class=\"qode-accordion-mark-icon\">\n        <span class=\"icon_plus\"><\/span>\n        <span class=\"icon_minus-06\"><\/span>\n    <\/span>\n<\/span>\n<\/h4>\n<div  class=\"qode-accordion-content qode-acc-title-with-icon\" >\n    <div class=\"qode-accordion-content-inner\">\n        [vc_column_text]<strong>Laura Cerone: <\/strong>psicologa, psicoterapeuta, esperta in ambito giuridico e peritale, gi\u00e0 ausiliario di P.G., perito per il Tribunale di Udine a richiesta e CTP, terapeuta EMDR.[\/vc_column_text]    <\/div>\n<\/div><h4 class=\"clearfix qode-title-holder\">\n<span class=\"qode-tab-title\">\n\t\t\t<span class=\"qode-tab-title-icon\">\n\t\t\t<i class=\"qode_icon_font_awesome fa fa-angle-down \" ><\/i>\t\t<\/span>\n\t    <span class=\"qode-tab-title-inner\">\n        Coordinatore del corso di Psicologia Giuridica della sede di Padova    <\/span>\n<\/span>\n<span class=\"qode-accordion-mark\">\n    <span class=\"qode-accordion-mark-icon\">\n        <span class=\"icon_plus\"><\/span>\n        <span class=\"icon_minus-06\"><\/span>\n    <\/span>\n<\/span>\n<\/h4>\n<div  class=\"qode-accordion-content qode-acc-title-with-icon\" >\n    <div class=\"qode-accordion-content-inner\">\n        [vc_column_text]<strong>Susanna Boni: <\/strong>psicologa, psicoterapeuta, mediatore familiare AIMS, iscritta all&#8217;Albo dei consulenti tecnici del Tribunale civile di Padova, collabora con il CPTF nella sezione peritale<strong>.<\/strong><\/p>\n<p><strong>Silvia Silvestri:<\/strong> psicologa, psicoterapeuta, mediatore familiare AIMS, Giudice Onorario presso il Tribunale per i Minorenni di Venezia, psicologa esperta nell&#8217;ambito familiare, minorile e delle adozioni, consulente in ambito giuridico, collabora con il CPTF nella sezione peritale.[\/vc_column_text]    <\/div>\n<\/div><h4 class=\"clearfix qode-title-holder\">\n<span class=\"qode-tab-title\">\n\t\t\t<span class=\"qode-tab-title-icon\">\n\t\t\t<i class=\"qode_icon_font_awesome fa fa-angle-down \" ><\/i>\t\t<\/span>\n\t    <span class=\"qode-tab-title-inner\">\n        Team didattico della sede di Trieste    <\/span>\n<\/span>\n<span class=\"qode-accordion-mark\">\n    <span class=\"qode-accordion-mark-icon\">\n        <span class=\"icon_plus\"><\/span>\n        <span class=\"icon_minus-06\"><\/span>\n    <\/span>\n<\/span>\n<\/h4>\n<div  class=\"qode-accordion-content qode-acc-title-with-icon\" >\n    <div class=\"qode-accordion-content-inner\">\n        [vc_column_text]<strong>Susanna Boni:<\/strong> psicologa, psicoterapeuta, mediatore familiare AIMS, iscritta all&#8217;Albo dei consulenti tecnici del Tribunale civile di Padova, collabora con il CPTF nella sezione peritale.<\/p>\n<p><strong>Igino Bozzetto:<\/strong> psicologo, psicoterapeuta, didatta del CMTF, docente presso le sedi di Padova, Trieste, Palermo della Scuola di Psicoterapia, counsellor professionista, consulente supervisore di equipes psico-socio-educative per minori, socio formatore CNCP, socioformatore SICIS, socio didatta SIPPR.<\/p>\n<p><strong>Laura Cerone:<\/strong> psicologa, psicoterapeuta, esperta in ambito giuridico e peritale, gi\u00e0 ausiliario di P.G., perito per il Tribunale di Udine a richiesta e CTP, terapeuta EMDR.<\/p>\n<p><strong>Rubens De Nicola:<\/strong> psichiatra, psicoterapeuta, esperto di problematiche peritali in ambito civile, penale e minorile.<\/p>\n<p><strong>Paolo Di Nisio:<\/strong> psicologo, psicoterapeuta, allievo didatta del Centro Milanese di Terapia della Famiglia, co-fondatore del Centro Interpares per uomini maltrattati, membro del Team Multidisciplinare della chirurgia Bariatrica dell\u2019Ospedale Cattinara di Trieste, mediatore familiare AIMS, socio ordinario della Societ\u00e0 Italiana di Psicologia e Psicoterapia Relazionale (SIPPR).<\/p>\n<p><strong>Mariagrazia Giachin:<\/strong> psicologa, psicoterapeuta, gi\u00e0 docente di psicologia clinica e di psicologia dello sviluppo presso la Facolt\u00e0 di Medicina di Trieste, gi\u00e0 consulente presso il gruppo affidi del Comune di Trieste e operatrice dei consultori familiari dell\u2019A.S.S. n. 1 Triestina, svolge attivit\u00e0 di coordinamento del Gruppo Interventi \u201cMal.Ab\u201d di Trieste, contro l\u2019abuso ed l maltrattamento all\u2019infanzia.<\/p>\n<p><strong>Tiziana Magro:<\/strong> psicologa, psicoterapeuta, professore a contratto presso l\u2019Universit\u00e0 degli Studi di Padova, Consulente Tecnico d\u2019Ufficio presso Tribunali Regionali.<\/p>\n<p><strong>Roberta Marchiori:<\/strong> psicologa, psicoterapeuta, didatta del Centro Milanese di Terapia della Famiglia, docente presso le sedi di Padova e di Trieste della Scuola di Psicoterapia, mediatore familiare AIMS, mediatore civile, coordinatore della Sezione di Mediazione Sistemica del CPTF, socio formatore della Associazione Internazionale Mediatori Sistemici (AIMS), socio didatta della Societ\u00e0 Italiana di Psicologia e Psicoterapia Relazionale (SIPPR).<\/p>\n<p><strong>Simona Mreule:<\/strong> psicologa, psicoterapeuta, didatta del Centro Milanese di Terapia della Famiglia, docente presso la sede di Trieste della Scuola di Psicoterapia, consigliere dell\u2019Ordine degli Psicologi del FVG, socio didatta della Societ\u00e0 Italiana di Psicologia e Psicoterapia Relazionale (SIPPR).<\/p>\n<p><strong>Renzo Mosanghini:<\/strong> psicologo psicoterapeuta, gi\u00e0 Consigliere dell&#8217;Ordine degli Psicologi del FVG, coordinatore della commissione deontologica.<\/p>\n<p><strong>Andrea Mosconi:<\/strong> psichiatra, psicoterapeuta, didatta del Centro Milanese di Terapia della Famiglia, co-fondatore e direttore del Centro Padovano di Terapia della Famiglia, socio didatta e membro del Consiglio Direttivo della Societ\u00e0 Italiana di Psicologia e Psicoterapia Relazionale (SIPPR), didatta della Societ\u00e0 Italiana di Ricerca e Terapia Sistemica (SIRTS), socio formatore della Associazione Internazionale Mediatori Sistemici (AIMS), socio formatore del Coordinamento Nazionale Counselor Professionisti (CNCP), master in Ipnosi, Practioner EMDR.<\/p>\n<p><strong>Denisa Pitton:<\/strong> avvocato del Foro di Udine, esperta in diritto civile, penale, minorile.<\/p>\n<p><strong>Silvia Silvestri:<\/strong> psicologa, psicoterapeuta, mediatore familiare AIMS, Giudice Onorario presso il Tribunale per i Minorenni di Venezia, psicologa esperta nell&#8217;ambito familiare, minorile e delle adozioni, consulente in ambito giuridico, collabora con il CPTF nella sezione peritale.<\/p>\n<p><strong>Raffaella Snaidero: <\/strong>psicologa, psicoterapeuta, mediatore familiare, criminologa, ausiliario di P.G. con esperienza tecnica di parte, assistente alla didattica del Corso di Formazione in Psicologia Giuridica &#8211; sede di Trieste del CPTF<\/p>\n<p><strong>Manuela Tirelli:<\/strong> psicologa, psicoterapeuta, gi\u00e0 responsabile del Day Hospital territoriale in cui si pratica la psicoterapia di gruppo ad orientamento sistemico, attualmente ha un incarico di Alta Specializzazione in Psicoterapia della Famiglia presso il Dipartimento di Salute Mentale DSM dell\u2019ULSS 16 di Padova. Docente in diversi corsi di formazione per operatori sanitari.[\/vc_column_text]    <\/div>\n<\/div><h4 class=\"clearfix qode-title-holder\">\n<span class=\"qode-tab-title\">\n\t\t\t<span class=\"qode-tab-title-icon\">\n\t\t\t<i class=\"qode_icon_font_awesome fa fa-angle-down \" ><\/i>\t\t<\/span>\n\t    <span class=\"qode-tab-title-inner\">\n        Team didattico della sede di Padova    <\/span>\n<\/span>\n<span class=\"qode-accordion-mark\">\n    <span class=\"qode-accordion-mark-icon\">\n        <span class=\"icon_plus\"><\/span>\n        <span class=\"icon_minus-06\"><\/span>\n    <\/span>\n<\/span>\n<\/h4>\n<div  class=\"qode-accordion-content qode-acc-title-with-icon\" >\n    <div class=\"qode-accordion-content-inner\">\n        [vc_column_text]elenco2 Susanna Boni: psicologa, psicoterapeuta, mediatore familiare AIMS, iscritta all&#8217;Albo dei consulenti tecnici del Tribunale civile di Padova, collabora con il CPTF nella sezione peritale.<br \/>\nelenco2 Igino Bozzetto: psicologo, psicoterapeuta, didatta del CMTF, docente presso le sedi di Padova, Trieste, Palermo della Scuola di Psicoterapia, counsellor professionista, consulente supervisore di equipes psico-socio-educative per minori, socio formatore CNCP, socioformatore SICIS, socio didatta SIPPR.<br \/>\nelenco2 Laura Cerone: psicologa, psicoterapeuta, esperta in ambito giuridico e peritale, gi\u00e0 ausiliario di P.G., perito per il Tribunale di Udine a richiesta e CTP, terapeuta EMDR.<br \/>\nelenco2 Rubens De Nicola: psichiatra, psicoterapeuta, esperto di problematiche peritali in ambito civile, penale e minorile.<br \/>\nelenco2 Tiziana Magro: psicologa, psicoterapeuta, professore a contratto presso l\u2019Universit\u00e0 degli Studi di Padova, Consulente Tecnico d\u2019Ufficio presso Tribunali Regionali.<br \/>\nelenco2 Roberta Marchiori: psicologa, psicoterapeuta, didatta del Centro Milanese di Terapia della Famiglia, docente presso le sedi di Padova e di Trieste della Scuola di Psicoterapia, mediatore familiare AIMS, mediatore civile, coordinatore della Sezione di Mediazione Sistemica del CPTF, socio formatore della Associazione Internazionale Mediatori Sistemici (AIMS), socio didatta della Societ\u00e0 Italiana di Psicologia e Psicoterapia Relazionale (SIPPR).<br \/>\nelenco2 Carmen Muraro: psicologa, psicoterapeuta, gi\u00e0 vicepresidente dell&#8217;Ordine Psicologi del Veneto, referente Regione Veneto dell&#8217;Associazione Italiana di Psicologia Giuridica (AIPG), coordinatore dei Gruppi di Lavoro OPV &#8220;Valorizzazione dello psicologo in ambito forense&#8221; e &#8220;La valutazione psicologia del danno non patrimoniale alla persona&#8221;, cultore della materia di etica e deontologia presso l&#8217;Universit\u00e0 degli Studi di Padova.<br \/>\nelenco2 Monica Pezzolo: psicologa, psicoterapeuta, didatta del Centro Milanese di Terapia della Famiglia, docente del CPTF, lavora presso il Centro Interprovinciale Specialistico per le provincie di Padova e Rovigo per la cura e protezione dei bambini, dei ragazzi e delle loro famiglie \u201cI Girasoli\u201d dell\u2019Azienda ULSS n. 16 di Padova \u2013 Regione Veneto, socio didatta della Societ\u00e0 Italiana di Psicologia e Psicoterapia Relazionale (SIPPR).<br \/>\nelenco2 Paola Porzio: avvocato penalista<br \/>\nelenco2 Andrea Mosconi: psichiatra, psicoterapeuta, didatta del Centro Milanese di Terapia della Famiglia, co-fondatore e direttore del Centro Padovano di Terapia della Famiglia, socio didatta e membro del Consiglio Direttivo della Societ\u00e0 Italiana di Psicologia e Psicoterapia Relazionale (SIPPR), didatta della Societ\u00e0 Italiana di Ricerca e Terapia Sistemica (SIRTS), socio formatore della Associazione Internazionale Mediatori Sistemici (AIMS), socio formatore del Coordinamento Nazionale Counselor Professionisti (CNCP), master in Ipnosi, Practioner EMDR.<br \/>\nelenco2 Luciana Sergiacomi: avvocato matrimonialista, mediatore sistemico AIMS, socio dell\u2019Associazione Italiana dei Magistrati per i minorenni e per la famiglia, giudice onorario presso il Tribunale di Venezia, consulente legale ULSS 16 di Padova.<br \/>\nelenco2 Silvia Silvestri: psicologa, psicoterapeuta, mediatore familiare AIMS, Giudice Onorario presso il Tribunale per i Minorenni di Venezia, psicologa esperta nell&#8217;ambito familiare, minorile e delle adozioni, consulente in ambito giuridico, collabora con il CPTF nella sezione peritale.<br \/>\nelenco2 Manuela Tirelli: psicologa, psicoterapeuta, gi\u00e0 responsabile del Day Hospital territoriale in cui si pratica la psicoterapia di gruppo ad orientamento sistemico, attualmente ha un incarico di Alta Specializzazione in Psicoterapia della Famiglia presso il Dipartimento di Salute Mentale DSM dell\u2019ULSS 16 di Padova. Docente in diversi corsi di formazione per operatori sanitari.<br \/>\nelenco2 Barbara Trotta: psicologa, psicoterapeuta, didatta del Centro Milanese di Terapia della Famiglia, docente del CPTF, mediatore familiare AIMS, terapeuta EMDR, docente a contratto presso l&#8217;Universit\u00e0 degli Studi di Padova per i seguenti insegnamenti: Seminario: assistenza alla famiglia (casistica), Psicologia dello sviluppo e dell\u2019educazione e Psicologia della Salute, socio formatore della Associazione Internazionale Mediatori Sistemici (AIMS), socio didatta della Societ\u00e0 Italiana di Psicologia e Psicoterapia Relazionale (SIPPR).[\/vc_column_text]    <\/div>\n<\/div><h4 class=\"clearfix qode-title-holder\">\n<span class=\"qode-tab-title\">\n\t\t\t<span class=\"qode-tab-title-icon\">\n\t\t\t<i class=\"qode_icon_font_awesome fa fa-angle-down \" ><\/i>\t\t<\/span>\n\t    <span class=\"qode-tab-title-inner\">\n        Sedi del corso    <\/span>\n<\/span>\n<span class=\"qode-accordion-mark\">\n    <span class=\"qode-accordion-mark-icon\">\n        <span class=\"icon_plus\"><\/span>\n        <span class=\"icon_minus-06\"><\/span>\n    <\/span>\n<\/span>\n<\/h4>\n<div  class=\"qode-accordion-content qode-acc-title-with-icon\" >\n    <div class=\"qode-accordion-content-inner\">\n        [vc_column_text]<strong>Centro Padovano di Terapia della Famiglia<\/strong><\/p>\n<p>&nbsp;<\/p>\n<p><strong>Sede di Padova<\/strong><br \/>\nVia Martiri della Libert\u00e0, 1 &#8211; 35137 Padova<br \/>\nTel.\/Fax: 049 8763778 &#8211; e.mail info@cptf.org \u2013 sito web: www.cptf.org<\/p>\n<p>&nbsp;<\/p>\n<p><strong>Sede di Trieste<\/strong><br \/>\nViale XX Settembre, 37 &#8211; 34126 Trieste<br \/>\nTel.\/Fax: +39 040 3498348[\/vc_column_text]    <\/div>\n<\/div><h4 class=\"clearfix qode-title-holder\">\n<span class=\"qode-tab-title\">\n\t\t\t<span class=\"qode-tab-title-icon\">\n\t\t\t<i class=\"qode_icon_font_awesome fa fa-angle-down \" ><\/i>\t\t<\/span>\n\t    <span class=\"qode-tab-title-inner\">\n        Iscrizioni    <\/span>\n<\/span>\n<span class=\"qode-accordion-mark\">\n    <span class=\"qode-accordion-mark-icon\">\n        <span class=\"icon_plus\"><\/span>\n        <span class=\"icon_minus-06\"><\/span>\n    <\/span>\n<\/span>\n<\/h4>\n<div  class=\"qode-accordion-content qode-acc-title-with-icon\" >\n    <div class=\"qode-accordion-content-inner\">\n        [vc_column_text]La scheda di iscrizione (scaricabile dai documenti disponibili) dovr\u00e0 pervenire sia per la sede di Padova che per la sede di Trieste alla Segreteria del Centro Padovano di Terapia della Famiglia in via Martiri della Libert\u00e0 1 \u2013 35137 Padova corredata da:<\/p>\n<ul>\n<li>curriculum di studi e professionale<\/li>\n<li>copia del titolo di studio<\/li>\n<li>una fotografia formato tessera<\/li>\n<li>copia del codice fiscale<\/li>\n<\/ul>\n<p>[\/vc_column_text]    <\/div>\n<\/div><h4 class=\"clearfix qode-title-holder\">\n<span class=\"qode-tab-title\">\n\t\t\t<span class=\"qode-tab-title-icon\">\n\t\t\t<i class=\"qode_icon_font_awesome fa fa-angle-down \" ><\/i>\t\t<\/span>\n\t    <span class=\"qode-tab-title-inner\">\n        Costi    <\/span>\n<\/span>\n<span class=\"qode-accordion-mark\">\n    <span class=\"qode-accordion-mark-icon\">\n        <span class=\"icon_plus\"><\/span>\n        <span class=\"icon_minus-06\"><\/span>\n    <\/span>\n<\/span>\n<\/h4>\n<div  class=\"qode-accordion-content qode-acc-title-with-icon\" >\n    <div class=\"qode-accordion-content-inner\">\n        [vc_column_text]<strong>Il costo del corso, \u00e8 di \u20ac. 1.750,00 pi\u00f9 IVA*.<\/strong><\/p>\n<p>*Gli importi saranno corrispondentemente adeguati in base alla variazione della misura dell&#8217;Iva.<\/p>\n<p>&nbsp;<\/p>\n<p>Sono previste agevolazioni per allievi ed ex-allievi di altri corsi del CPTF e per gruppi di persone appartenenti alla stessa struttura.<\/p>\n<ul>\n<li>L\u2019importo pu\u00f2 essere suddiviso in due o quattro rate.<\/li>\n<li>L\u2019eventuale recesso durante l\u2019anno di formazione non comporta la restituzione di quanto versato e non esime dall\u2019obbligo del pagamento di quanto ancora dovuto, sino all\u2019ammontare dell\u2019intera quota annua complessiva.<\/li>\n<li>Nel caso di pagamento da parte di un Ente Pubblico, quest\u2019ultimo deve comunicare l\u2019intestazione per la fattura e l\u2019eventuale attestazione di esenzione dall\u2019imposta IVA.<\/li>\n<\/ul>\n<p>[\/vc_column_text]    <\/div>\n<\/div><\/div>[\/vc_column][vc_column width=&#8221;1\/3&#8243; css=&#8221;.vc_custom_1580480191136{background-color: #ffffff !important;}&#8221;][vc_column_text]<\/p>\n<h2><strong>Documenti scaricabili<\/strong><\/h2>\n<p>[\/vc_column_text][vc_column_text]\n<a  data-e-Disable-Page-Transition=\"true\" class=\"download-link download-button aligncenter\" title=\"\" href=\"https:\/\/www.cptf.it\/it\/download\/8185\/?tmstv=1777431403\" rel=\"nofollow\" id=\"download-link-8185\" data-redirect=\"false\" >\n\tDownload &ldquo;Locandina corso&rdquo;\t<small>CORSO-DI-GIURIDICA-2017_A5_PD.pdf\t\t&ndash; Scaricato 1463 volte\t\t&ndash; 158,62 KB<\/small>\n<\/a>\n \n<a  data-e-Disable-Page-Transition=\"true\" class=\"download-link download-button aligncenter\" title=\"\" href=\"https:\/\/www.cptf.it\/it\/download\/7168\/?tmstv=1777431403\" rel=\"nofollow\" id=\"download-link-7168\" data-redirect=\"false\" >\n\tDownload &ldquo;Scheda Iscrizione&rdquo;\t<small>Scheda-Iscrizione-Scuola-PD-e-TS.pdf\t\t&ndash; Scaricato 3195 volte\t\t&ndash; 181,49 KB<\/small>\n<\/a>\n[\/vc_column_text][vc_empty_space height=&#8221;30px&#8221;][vc_column_text]<\/p>\n<h2>Date del corso 2020 Padova<\/h2>\n<p>(in aggiornamento)[\/vc_column_text][vc_empty_space height=&#8221;30px&#8221;][\/vc_column][\/vc_row][vc_row css_animation=&#8221;&#8221; row_type=&#8221;row&#8221; use_row_as_full_screen_section=&#8221;no&#8221; type=&#8221;grid&#8221; angled_section=&#8221;no&#8221; text_align=&#8221;left&#8221; background_image_as_pattern=&#8221;without_pattern&#8221; z_index=&#8221;&#8221; padding_top=&#8221;20&#8243; padding_bottom=&#8221;30&#8243;][vc_column width=&#8221;1\/2&#8243;][vc_column_text]<\/p>\n<h2>Per informazioni compilare il seguente form. Sarete ricontattati al pi\u00f9 presto.<\/h2>\n<p>[\/vc_column_text][vc_empty_space height=&#8221;18&#8243;]\n<div class=\"wpcf7 no-js\" id=\"wpcf7-f78-o1\" lang=\"it-IT\" dir=\"ltr\" data-wpcf7-id=\"78\">\n<div class=\"screen-reader-response\"><p role=\"status\" aria-live=\"polite\" aria-atomic=\"true\"><\/p> <ul><\/ul><\/div>\n<form action=\"\/it\/wp-json\/wp\/v2\/pages\/8073#wpcf7-f78-o1\" method=\"post\" class=\"wpcf7-form init cf7_custom_style_1\" aria-label=\"Modulo di contatto\" novalidate=\"novalidate\" data-status=\"init\">\n<fieldset class=\"hidden-fields-container\"><input type=\"hidden\" name=\"_wpcf7\" value=\"78\" \/><input type=\"hidden\" name=\"_wpcf7_version\" value=\"6.1.5\" \/><input type=\"hidden\" name=\"_wpcf7_locale\" value=\"it_IT\" \/><input type=\"hidden\" name=\"_wpcf7_unit_tag\" value=\"wpcf7-f78-o1\" \/><input type=\"hidden\" name=\"_wpcf7_container_post\" value=\"0\" \/><input type=\"hidden\" name=\"_wpcf7_posted_data_hash\" value=\"\" \/><input type=\"hidden\" name=\"_wpcf7_recaptcha_response\" value=\"\" \/>\n<\/fieldset>\n<p><label> Nome e Cognome (richiesto)<br \/>\n<span class=\"wpcf7-form-control-wrap\" data-name=\"your-name\"><input size=\"40\" maxlength=\"400\" class=\"wpcf7-form-control wpcf7-text wpcf7-validates-as-required\" aria-required=\"true\" aria-invalid=\"false\" value=\"\" type=\"text\" name=\"your-name\" \/><\/span> <\/label>\n<\/p>\n<p><label> Email (richiesto)<br \/>\n<span class=\"wpcf7-form-control-wrap\" data-name=\"your-email\"><input size=\"40\" maxlength=\"400\" class=\"wpcf7-form-control wpcf7-email wpcf7-validates-as-required wpcf7-text wpcf7-validates-as-email\" aria-required=\"true\" aria-invalid=\"false\" value=\"\" type=\"email\" name=\"your-email\" \/><\/span> <\/label><br \/>\n<label> Telefono<br \/>\n<span class=\"wpcf7-form-control-wrap\" data-name=\"tel-620\"><input size=\"40\" maxlength=\"400\" class=\"wpcf7-form-control wpcf7-tel wpcf7-text wpcf7-validates-as-tel\" aria-invalid=\"false\" value=\"\" type=\"tel\" name=\"tel-620\" \/><\/span> <\/label>\n<\/p>\n<p><label> Oggetto<br \/>\n<span class=\"wpcf7-form-control-wrap\" data-name=\"your-subject\"><input size=\"40\" maxlength=\"400\" class=\"wpcf7-form-control wpcf7-text\" aria-invalid=\"false\" value=\"\" type=\"text\" name=\"your-subject\" \/><\/span> <\/label>\n<\/p>\n<p><label> Messaggio<br \/>\n<span class=\"wpcf7-form-control-wrap\" data-name=\"your-message\"><textarea cols=\"40\" rows=\"10\" maxlength=\"2000\" class=\"wpcf7-form-control wpcf7-textarea\" aria-invalid=\"false\" name=\"your-message\"><\/textarea><\/span> <\/label><br \/>\nDichiaro di aver letto <a href=\"https:\/\/www.cptf.it\/it\/privacy-policy-cptf\/\" target=\"_blank\">l'Informativa privacy<\/a> ed esprimo il mio consenso al trattamento dei dati per le finalit\u00e0 indicate.<br \/>\n<span class=\"wpcf7-form-control-wrap\" data-name=\"acceptance-604\"><span class=\"wpcf7-form-control wpcf7-acceptance\"><span class=\"wpcf7-list-item\"><label><input type=\"checkbox\" name=\"acceptance-604\" value=\"1\" aria-invalid=\"false\" \/><span class=\"wpcf7-list-item-label\">Accetto<\/span><\/label><\/span><\/span><\/span>\n<\/p>\n<p><input class=\"wpcf7-form-control wpcf7-submit has-spinner\" type=\"submit\" value=\"Invia\" \/>\n<\/p><div class=\"wpcf7-response-output\" aria-hidden=\"true\"><\/div>\n<\/form>\n<\/div>\n[\/vc_column][vc_column width=&#8221;1\/2&#8243;][\/vc_column][\/vc_row]<\/p>\n<\/div>","protected":false},"excerpt":{"rendered":"<p>[vc_row css_animation=&#8221;&#8221; row_type=&#8221;row&#8221; use_row_as_full_screen_section=&#8221;no&#8221; type=&#8221;full_width&#8221; angled_section=&#8221;no&#8221; text_align=&#8221;left&#8221; background_image_as_pattern=&#8221;without_pattern&#8221; z_index=&#8221;&#8221;][vc_column][vc_single_image image=&#8221;7314&#8243; img_size=&#8221;full&#8221; qode_css_animation=&#8221;&#8221;][\/vc_column][\/vc_row][vc_row css_animation=&#8221;&#8221; row_type=&#8221;row&#8221; use_row_as_full_screen_section=&#8221;no&#8221; type=&#8221;grid&#8221; angled_section=&#8221;no&#8221; text_align=&#8221;left&#8221; background_image_as_pattern=&#8221;without_pattern&#8221; z_index=&#8221;&#8221; background_color=&#8221;#1e73be&#8221; padding_top=&#8221;10&#8243; padding_bottom=&#8221;10&#8243;][vc_column][vc_column_text] PSICOLOGIA GIURIDICA [\/vc_column_text][\/vc_column][\/vc_row][vc_row css_animation=&#8221;&#8221; row_type=&#8221;row&#8221; use_row_as_full_screen_section=&#8221;no&#8221; type=&#8221;grid&#8221; angled_section=&#8221;no&#8221; text_align=&#8221;left&#8221; background_image_as_pattern=&#8221;without_pattern&#8221; z_index=&#8221;&#8221; padding_top=&#8221;30&#8243; padding_bottom=&#8221;50&#8243;][vc_column width=&#8221;2\/3&#8243;][vc_empty_space height=&#8221;20px&#8221;][vc_column_text] Il Corso di Formazione in Psicologia Giuridica segue i criteri dell&#8217;Ordine Nazionale&#8230;<\/p>\n","protected":false},"author":1,"featured_media":0,"parent":0,"menu_order":0,"comment_status":"closed","ping_status":"closed","template":"full_width.php","meta":{"footnotes":""},"class_list":["post-8073","page","type-page","status-publish","hentry"],"yoast_head":"<!-- This site is optimized with the Yoast SEO plugin v27.3 - https:\/\/yoast.com\/product\/yoast-seo-wordpress\/ -->\n<title>PSICOLOGIA GIURIDICA - CPTF<\/title>\n<meta name=\"robots\" content=\"index, follow, max-snippet:-1, max-image-preview:large, max-video-preview:-1\" \/>\n<link rel=\"canonical\" href=\"https:\/\/www.cptf.it\/it\/psicologia-giuridica\/\" \/>\n<meta property=\"og:locale\" content=\"it_IT\" \/>\n<meta property=\"og:type\" content=\"article\" \/>\n<meta property=\"og:title\" content=\"PSICOLOGIA GIURIDICA - CPTF\" \/>\n<meta property=\"og:description\" content=\"[vc_row css_animation=&#8221;&#8221; row_type=&#8221;row&#8221; use_row_as_full_screen_section=&#8221;no&#8221; type=&#8221;full_width&#8221; angled_section=&#8221;no&#8221; text_align=&#8221;left&#8221; background_image_as_pattern=&#8221;without_pattern&#8221; z_index=&#8221;&#8221;][vc_column][vc_single_image image=&#8221;7314&#8243; img_size=&#8221;full&#8221; qode_css_animation=&#8221;&#8221;][\/vc_column][\/vc_row][vc_row css_animation=&#8221;&#8221; row_type=&#8221;row&#8221; use_row_as_full_screen_section=&#8221;no&#8221; type=&#8221;grid&#8221; angled_section=&#8221;no&#8221; text_align=&#8221;left&#8221; background_image_as_pattern=&#8221;without_pattern&#8221; z_index=&#8221;&#8221; background_color=&#8221;#1e73be&#8221; padding_top=&#8221;10&#8243; padding_bottom=&#8221;10&#8243;][vc_column][vc_column_text] PSICOLOGIA GIURIDICA [\/vc_column_text][\/vc_column][\/vc_row][vc_row css_animation=&#8221;&#8221; row_type=&#8221;row&#8221; use_row_as_full_screen_section=&#8221;no&#8221; type=&#8221;grid&#8221; angled_section=&#8221;no&#8221; text_align=&#8221;left&#8221; background_image_as_pattern=&#8221;without_pattern&#8221; z_index=&#8221;&#8221; padding_top=&#8221;30&#8243; padding_bottom=&#8221;50&#8243;][vc_column width=&#8221;2\/3&#8243;][vc_empty_space height=&#8221;20px&#8221;][vc_column_text] Il Corso di Formazione in Psicologia Giuridica segue i criteri dell&#8217;Ordine Nazionale...\" \/>\n<meta property=\"og:url\" content=\"https:\/\/www.cptf.it\/it\/psicologia-giuridica\/\" \/>\n<meta property=\"og:site_name\" content=\"CPTF\" \/>\n<meta property=\"article:modified_time\" content=\"2020-04-15T17:15:27+00:00\" \/>\n<meta name=\"twitter:card\" content=\"summary_large_image\" \/>\n<meta name=\"twitter:label1\" content=\"Tempo di lettura stimato\" \/>\n\t<meta name=\"twitter:data1\" content=\"16 minuti\" \/>\n<script type=\"application\/ld+json\" class=\"yoast-schema-graph\">{\"@context\":\"https:\\\/\\\/schema.org\",\"@graph\":[{\"@type\":\"WebPage\",\"@id\":\"https:\\\/\\\/www.cptf.it\\\/it\\\/psicologia-giuridica\\\/\",\"url\":\"https:\\\/\\\/www.cptf.it\\\/it\\\/psicologia-giuridica\\\/\",\"name\":\"PSICOLOGIA GIURIDICA - CPTF\",\"isPartOf\":{\"@id\":\"https:\\\/\\\/www.cptf.it\\\/it\\\/#website\"},\"datePublished\":\"2020-02-17T15:52:21+00:00\",\"dateModified\":\"2020-04-15T17:15:27+00:00\",\"breadcrumb\":{\"@id\":\"https:\\\/\\\/www.cptf.it\\\/it\\\/psicologia-giuridica\\\/#breadcrumb\"},\"inLanguage\":\"it-IT\",\"potentialAction\":[{\"@type\":\"ReadAction\",\"target\":[\"https:\\\/\\\/www.cptf.it\\\/it\\\/psicologia-giuridica\\\/\"]}]},{\"@type\":\"BreadcrumbList\",\"@id\":\"https:\\\/\\\/www.cptf.it\\\/it\\\/psicologia-giuridica\\\/#breadcrumb\",\"itemListElement\":[{\"@type\":\"ListItem\",\"position\":1,\"name\":\"Home\",\"item\":\"https:\\\/\\\/www.cptf.it\\\/it\\\/\"},{\"@type\":\"ListItem\",\"position\":2,\"name\":\"PSICOLOGIA GIURIDICA\"}]},{\"@type\":\"WebSite\",\"@id\":\"https:\\\/\\\/www.cptf.it\\\/it\\\/#website\",\"url\":\"https:\\\/\\\/www.cptf.it\\\/it\\\/\",\"name\":\"CPTF\",\"description\":\"Centro Padovano di Terapia della famiglia\",\"potentialAction\":[{\"@type\":\"SearchAction\",\"target\":{\"@type\":\"EntryPoint\",\"urlTemplate\":\"https:\\\/\\\/www.cptf.it\\\/it\\\/?s={search_term_string}\"},\"query-input\":{\"@type\":\"PropertyValueSpecification\",\"valueRequired\":true,\"valueName\":\"search_term_string\"}}],\"inLanguage\":\"it-IT\"}]}<\/script>\n<!-- \/ Yoast SEO plugin. -->","yoast_head_json":{"title":"PSICOLOGIA GIURIDICA - CPTF","robots":{"index":"index","follow":"follow","max-snippet":"max-snippet:-1","max-image-preview":"max-image-preview:large","max-video-preview":"max-video-preview:-1"},"canonical":"https:\/\/www.cptf.it\/it\/psicologia-giuridica\/","og_locale":"it_IT","og_type":"article","og_title":"PSICOLOGIA GIURIDICA - CPTF","og_description":"[vc_row css_animation=&#8221;&#8221; row_type=&#8221;row&#8221; use_row_as_full_screen_section=&#8221;no&#8221; type=&#8221;full_width&#8221; angled_section=&#8221;no&#8221; text_align=&#8221;left&#8221; background_image_as_pattern=&#8221;without_pattern&#8221; z_index=&#8221;&#8221;][vc_column][vc_single_image image=&#8221;7314&#8243; img_size=&#8221;full&#8221; qode_css_animation=&#8221;&#8221;][\/vc_column][\/vc_row][vc_row css_animation=&#8221;&#8221; row_type=&#8221;row&#8221; use_row_as_full_screen_section=&#8221;no&#8221; type=&#8221;grid&#8221; angled_section=&#8221;no&#8221; text_align=&#8221;left&#8221; background_image_as_pattern=&#8221;without_pattern&#8221; z_index=&#8221;&#8221; background_color=&#8221;#1e73be&#8221; padding_top=&#8221;10&#8243; padding_bottom=&#8221;10&#8243;][vc_column][vc_column_text] PSICOLOGIA GIURIDICA [\/vc_column_text][\/vc_column][\/vc_row][vc_row css_animation=&#8221;&#8221; row_type=&#8221;row&#8221; use_row_as_full_screen_section=&#8221;no&#8221; type=&#8221;grid&#8221; angled_section=&#8221;no&#8221; text_align=&#8221;left&#8221; background_image_as_pattern=&#8221;without_pattern&#8221; z_index=&#8221;&#8221; padding_top=&#8221;30&#8243; padding_bottom=&#8221;50&#8243;][vc_column width=&#8221;2\/3&#8243;][vc_empty_space height=&#8221;20px&#8221;][vc_column_text] Il Corso di Formazione in Psicologia Giuridica segue i criteri dell&#8217;Ordine Nazionale...","og_url":"https:\/\/www.cptf.it\/it\/psicologia-giuridica\/","og_site_name":"CPTF","article_modified_time":"2020-04-15T17:15:27+00:00","twitter_card":"summary_large_image","twitter_misc":{"Tempo di lettura stimato":"16 minuti"},"schema":{"@context":"https:\/\/schema.org","@graph":[{"@type":"WebPage","@id":"https:\/\/www.cptf.it\/it\/psicologia-giuridica\/","url":"https:\/\/www.cptf.it\/it\/psicologia-giuridica\/","name":"PSICOLOGIA GIURIDICA - CPTF","isPartOf":{"@id":"https:\/\/www.cptf.it\/it\/#website"},"datePublished":"2020-02-17T15:52:21+00:00","dateModified":"2020-04-15T17:15:27+00:00","breadcrumb":{"@id":"https:\/\/www.cptf.it\/it\/psicologia-giuridica\/#breadcrumb"},"inLanguage":"it-IT","potentialAction":[{"@type":"ReadAction","target":["https:\/\/www.cptf.it\/it\/psicologia-giuridica\/"]}]},{"@type":"BreadcrumbList","@id":"https:\/\/www.cptf.it\/it\/psicologia-giuridica\/#breadcrumb","itemListElement":[{"@type":"ListItem","position":1,"name":"Home","item":"https:\/\/www.cptf.it\/it\/"},{"@type":"ListItem","position":2,"name":"PSICOLOGIA GIURIDICA"}]},{"@type":"WebSite","@id":"https:\/\/www.cptf.it\/it\/#website","url":"https:\/\/www.cptf.it\/it\/","name":"CPTF","description":"Centro Padovano di Terapia della famiglia","potentialAction":[{"@type":"SearchAction","target":{"@type":"EntryPoint","urlTemplate":"https:\/\/www.cptf.it\/it\/?s={search_term_string}"},"query-input":{"@type":"PropertyValueSpecification","valueRequired":true,"valueName":"search_term_string"}}],"inLanguage":"it-IT"}]}},"_links":{"self":[{"href":"https:\/\/www.cptf.it\/it\/wp-json\/wp\/v2\/pages\/8073","targetHints":{"allow":["GET"]}}],"collection":[{"href":"https:\/\/www.cptf.it\/it\/wp-json\/wp\/v2\/pages"}],"about":[{"href":"https:\/\/www.cptf.it\/it\/wp-json\/wp\/v2\/types\/page"}],"author":[{"embeddable":true,"href":"https:\/\/www.cptf.it\/it\/wp-json\/wp\/v2\/users\/1"}],"replies":[{"embeddable":true,"href":"https:\/\/www.cptf.it\/it\/wp-json\/wp\/v2\/comments?post=8073"}],"version-history":[{"count":20,"href":"https:\/\/www.cptf.it\/it\/wp-json\/wp\/v2\/pages\/8073\/revisions"}],"predecessor-version":[{"id":8757,"href":"https:\/\/www.cptf.it\/it\/wp-json\/wp\/v2\/pages\/8073\/revisions\/8757"}],"wp:attachment":[{"href":"https:\/\/www.cptf.it\/it\/wp-json\/wp\/v2\/media?parent=8073"}],"curies":[{"name":"wp","href":"https:\/\/api.w.org\/{rel}","templated":true}]}}